{"id":130544,"date":"2023-03-30T14:50:38","date_gmt":"2023-03-30T12:50:38","guid":{"rendered":"https:\/\/www.horendgoed.nl\/shop\/unkategorisiert\/alecto-ohrenschuetzer-kinder-gruen\/"},"modified":"2025-10-31T17:36:55","modified_gmt":"2025-10-31T16:36:55","slug":"alecto-ohrenschuetzer-kinder-gruen","status":"publish","type":"product","link":"https:\/\/www.horendgoed.nl\/de\/shop\/gehorschutz\/gehorschutzer-fur-kinder\/alecto-ohrenschuetzer-kinder-gruen\/","title":{"rendered":"Alecto Ohrensch\u00fctzer Kinder gr\u00fcn"},"content":{"rendered":"<h3>Alecto BV-71 Kapselgeh\u00f6rschutz f\u00fcr Kinder ab 18 Monaten<\/h3>\n<h4>Sch\u00fctzen Sie das Geh\u00f6r Ihres Kindes vor sch\u00e4dlichen Ger\u00e4uschen<\/h4>\n<p>Kleine Kinder sind t\u00e4glich verschiedenen lauten Ger\u00e4uschen ausgesetzt. Denken Sie an das Spielen mit anderen Kindern auf dem Schulhof, den L\u00e4rm in einem \u00fcberf\u00fcllten Klassenzimmer, hupende Autos im Stra\u00dfenverkehr oder Spielzeug, das L\u00e4rm macht. Wussten Sie, dass der L\u00e4rm auf einem belebten Schulhof oft 85 Dezibel oder mehr erreichen kann? Ger\u00e4usche von 80 Dezibel und mehr k\u00f6nnen bereits sch\u00e4dlich f\u00fcr das Geh\u00f6r sein, besonders bei kleinen Kindern.<\/p>\n<p>Da sich das Geh\u00f6r bei kleinen Kindern noch entwickelt, ist es besonders anf\u00e4llig. Das Ohr eines Kindes vertr\u00e4gt weniger Schall als das eines Erwachsenen, so dass laute Ger\u00e4usche schneller zu Sch\u00e4den f\u00fchren k\u00f6nnen. Tats\u00e4chlich zeigen Untersuchungen, dass 1 von 8 Kindern bleibende H\u00f6rsch\u00e4den erleidet. Dies kann zu langfristigen Problemen wie Konzentrationsst\u00f6rungen, Schlafproblemen, Stress und sogar Verz\u00f6gerungen in der Sprachentwicklung f\u00fchren. Als Eltern m\u00f6chten Sie nat\u00fcrlich alles tun, um diese Sch\u00e4den zu verhindern und das Geh\u00f6r Ihres Kindes zu sch\u00fctzen.<\/p>\n<h4>Alecto BV-71 Kapselgeh\u00f6rschutz: Der ideale Geh\u00f6rschutz f\u00fcr Kinder<\/h4>\n<p>Der <strong>Alecto BV-71 Kapselgeh\u00f6rschutz<\/strong> wurde speziell entwickelt, um das Geh\u00f6r von Kindern ab 18 Monaten vor sch\u00e4dlichen Ger\u00e4uschen zu sch\u00fctzen. Diese Kapselgeh\u00f6rsch\u00fctzer sind ideal f\u00fcr den Einsatz in lauten Umgebungen, wie z.B. bei Partys, Paraden, Feuerwerken, Konzerten und Auto- und Motorradrennen. Der Alecto-Geh\u00f6rschutz kann sch\u00e4dliche und laute Ger\u00e4usche bis zu 29 Dezibel d\u00e4mpfen, w\u00e4hrend das Kind weiterhin in Kontakt mit der Umwelt bleibt. Das bedeutet, dass Ihr Kind sicher ist, ohne v\u00f6llig von der Au\u00dfenwelt abgeschnitten zu sein.<\/p>\n<p>Was diese Kapselgeh\u00f6rsch\u00fctzer so geeignet f\u00fcr Kinder macht, ist nicht nur ihre effektive L\u00e4rmd\u00e4mmung, sondern auch ihr Komfort und ihre Benutzerfreundlichkeit. Die Alecto BV-71 Kapselgeh\u00f6rsch\u00fctzer sind in verschiedenen trendigen Farben erh\u00e4ltlich, so dass sie auch f\u00fcr Kinder attraktiv zu tragen sind. Au\u00dferdem sind sie zusammenklappbar, so dass Sie sie leicht in einer Tasche transportieren k\u00f6nnen, ideal f\u00fcr Reisen oder den Urlaub.<\/p>\n<h4>Komfort und Langlebigkeit in einem Produkt<\/h4>\n<p>Der <strong>Alecto BV-71 Kapselgeh\u00f6rschutz<\/strong> ist nicht nur praktisch, sondern auch sehr bequem. Der verstellbare Kopfb\u00fcgel sorgt daf\u00fcr, dass der Kapselgeh\u00f6rschutz mit Ihrem Kind mitw\u00e4chst, so dass er jahrelang verwendet werden kann. Der Kopfb\u00fcgel ist weich gef\u00fcttert, so dass die Ohrensch\u00fctzer auch bei l\u00e4ngerem Gebrauch angenehm zu tragen sind. Dies ist besonders wichtig f\u00fcr kleine Kinder, die sich beim Tragen von weniger gut gestalteten Ohrensch\u00fctzern schnell unwohl f\u00fchlen k\u00f6nnen.   <\/p>\n<p>Dank des verstellbaren Kopfb\u00fcgels und des geringen Gewichts der Kapselgeh\u00f6rsch\u00fctzer wird Ihr Kind kaum merken, dass sie auf dem Kopf sind. Das macht sie ideal f\u00fcr den langfristigen Gebrauch in Situationen, in denen Geh\u00f6rschutz unerl\u00e4sslich ist. <\/p>\n<h4>Hilft bei Konzentrationsproblemen<\/h4>\n<p>Der <strong>Alecto BV-71 Kapselgeh\u00f6rschutz<\/strong> sch\u00fctzt nicht nur vor lauten Ger\u00e4uschen, sondern kann auch bei Konzentrationsproblemen helfen. In einer lauten Umgebung, wie z.B. einem Klassenzimmer oder einem belebten Raum, k\u00f6nnen Kinder schnell von den Umgebungsger\u00e4uschen \u00fcberfordert werden. Dies kann es ihnen erschweren, sich auf ihre Schularbeiten oder beim Lesen zu konzentrieren.  <\/p>\n<p>Die Alecto-Ohrsch\u00fctzer helfen Ihrem Kind, sich zu konzentrieren, indem sie ablenkende Ger\u00e4usche d\u00e4mpfen, ohne es vollst\u00e4ndig von seiner Umgebung abzuschneiden. Dies erleichtert es ihm, sich auf seine Aufgaben zu konzentrieren und kann zu einer besseren Lernleistung beitragen. <\/p>\n<h4>Fazit: W\u00e4hlen Sie einen zuverl\u00e4ssigen Geh\u00f6rschutz<\/h4>\n<p>Als Eltern wollen Sie das Beste f\u00fcr Ihr Kind, und dazu geh\u00f6rt auch der Schutz seines Geh\u00f6rs vor sch\u00e4dlichen Einfl\u00fcssen. Der <strong>Alecto BV-71 Kapselgeh\u00f6rschutz<\/strong> bietet eine effektive und komfortable L\u00f6sung f\u00fcr Kinder ab 18 Monaten. Ob Sie einen Geh\u00f6rschutz f\u00fcr eine Veranstaltung suchen oder einfach nur, um Ihrem Kind zu helfen, sich besser zu konzentrieren, der Alecto BV-71 ist eine zuverl\u00e4ssige Wahl. Sch\u00fctzen Sie das Geh\u00f6r Ihres Kindes noch heute mit dem Alecto BV-71 Kapselgeh\u00f6rschutz und beugen Sie langfristigen H\u00f6rsch\u00e4den vor.<\/p>\n","protected":false},"excerpt":{"rendered":"<p>Alecto BV-71 Kapselgeh\u00f6rschutz f\u00fcr Kinder ab 18 Monaten Sch\u00fctzen Sie das Geh\u00f6r Ihres Kindes vor sch\u00e4dlichen Ger\u00e4uschen Kleine Kinder sind t\u00e4glich verschiedenen lauten Ger\u00e4uschen ausgesetzt. Denken Sie an das Spielen mit anderen Kindern auf dem Schulhof, den L\u00e4rm in einem \u00fcberf\u00fcllten Klassenzimmer, hupende Autos im Stra\u00dfenverkehr oder Spielzeug, das L\u00e4rm macht. Wussten Sie, dass der &hellip; <\/p>\n","protected":false},"featured_media":117968,"template":"","meta":{"_acf_changed":false},"product_brand":[],"product_cat":[4959,4609,4958,4751],"product_tag":[],"class_list":["post-130544","product","type-product","status-publish","has-post-thumbnail","product_cat-gehorschutz-de","product_cat-gehorschutz","product_cat-gehorschutzer-fur-kinder","product_cat-verkauf","grid-sizer","latest_post","first","outofstock","sale","taxable","shipping-taxable","purchasable","product-type-simple"],"acf":[],"yoast_head":"<!-- This site is optimized with the Yoast SEO Premium plugin v27.4 (Yoast SEO v28.3) - https:\/\/yoast.com\/product\/yoast-seo-premium-wordpress\/ -->\n<title>Alecto Ohrensch\u00fctzer Kinder gr\u00fcn | Horend Goed Audiciens<\/title>\n<meta name=\"robots\" content=\"index, follow, max-snippet:-1, max-image-preview:large, max-video-preview:-1\" \/>\n<link rel=\"canonical\" href=\"https:\/\/www.horendgoed.nl\/de\/shop\/gehorschutz\/gehorschutzer-fur-kinder\/alecto-ohrenschuetzer-kinder-gruen\/\" \/>\n<meta property=\"og:locale\" content=\"de_DE\" \/>\n<meta property=\"og:type\" content=\"article\" \/>\n<meta property=\"og:title\" content=\"Alecto Ohrensch\u00fctzer Kinder gr\u00fcn\" \/>\n<meta property=\"og:description\" content=\"Alecto BV-71 Kapselgeh\u00f6rschutz f\u00fcr Kinder ab 18 Monaten Sch\u00fctzen Sie das Geh\u00f6r Ihres Kindes vor sch\u00e4dlichen Ger\u00e4uschen Kleine Kinder sind t\u00e4glich verschiedenen lauten Ger\u00e4uschen ausgesetzt. Denken Sie an das Spielen mit anderen Kindern auf dem Schulhof, den L\u00e4rm in einem \u00fcberf\u00fcllten Klassenzimmer, hupende Autos im Stra\u00dfenverkehr oder Spielzeug, das L\u00e4rm macht. Wussten Sie, dass der &hellip;\" \/>\n<meta property=\"og:url\" content=\"https:\/\/www.horendgoed.nl\/de\/shop\/gehorschutz\/gehorschutzer-fur-kinder\/alecto-ohrenschuetzer-kinder-gruen\/\" \/>\n<meta property=\"og:site_name\" content=\"Horend Goed Audiciens\" \/>\n<meta property=\"article:publisher\" content=\"https:\/\/www.facebook.com\/horendgoed\" \/>\n<meta property=\"article:modified_time\" content=\"2025-10-31T16:36:55+00:00\" \/>\n<meta property=\"og:image\" content=\"https:\/\/www.horendgoed.nl\/wp-content\/uploads\/2023\/03\/b4d2-0f06-4d73-82a2-800d6b53f8f3.png\" \/>\n\t<meta property=\"og:image:width\" content=\"1200\" \/>\n\t<meta property=\"og:image:height\" content=\"1200\" \/>\n\t<meta property=\"og:image:type\" content=\"image\/png\" \/>\n<script type=\"application\/ld+json\" class=\"yoast-schema-graph\">{\"@context\":\"https:\\\/\\\/schema.org\",\"@graph\":[{\"@type\":\"WebPage\",\"@id\":\"https:\\\/\\\/www.horendgoed.nl\\\/de\\\/shop\\\/gehorschutz\\\/gehorschutzer-fur-kinder\\\/alecto-ohrenschuetzer-kinder-gruen\\\/\",\"url\":\"https:\\\/\\\/www.horendgoed.nl\\\/de\\\/shop\\\/gehorschutz\\\/gehorschutzer-fur-kinder\\\/alecto-ohrenschuetzer-kinder-gruen\\\/\",\"name\":\"Alecto Ohrensch\u00fctzer Kinder gr\u00fcn | Horend Goed Audiciens\",\"isPartOf\":{\"@id\":\"https:\\\/\\\/www.horendgoed.nl\\\/de\\\/#website\"},\"primaryImageOfPage\":{\"@id\":\"https:\\\/\\\/www.horendgoed.nl\\\/de\\\/shop\\\/gehorschutz\\\/gehorschutzer-fur-kinder\\\/alecto-ohrenschuetzer-kinder-gruen\\\/#primaryimage\"},\"image\":{\"@id\":\"https:\\\/\\\/www.horendgoed.nl\\\/de\\\/shop\\\/gehorschutz\\\/gehorschutzer-fur-kinder\\\/alecto-ohrenschuetzer-kinder-gruen\\\/#primaryimage\"},\"thumbnailUrl\":\"https:\\\/\\\/www.horendgoed.nl\\\/wp-content\\\/uploads\\\/2023\\\/03\\\/b4d2-0f06-4d73-82a2-800d6b53f8f3.png\",\"datePublished\":\"2023-03-30T12:50:38+00:00\",\"dateModified\":\"2025-10-31T16:36:55+00:00\",\"breadcrumb\":{\"@id\":\"https:\\\/\\\/www.horendgoed.nl\\\/de\\\/shop\\\/gehorschutz\\\/gehorschutzer-fur-kinder\\\/alecto-ohrenschuetzer-kinder-gruen\\\/#breadcrumb\"},\"inLanguage\":\"de\",\"potentialAction\":[{\"@type\":\"ReadAction\",\"target\":[\"https:\\\/\\\/www.horendgoed.nl\\\/de\\\/shop\\\/gehorschutz\\\/gehorschutzer-fur-kinder\\\/alecto-ohrenschuetzer-kinder-gruen\\\/\"]}]},{\"@type\":\"ImageObject\",\"inLanguage\":\"de\",\"@id\":\"https:\\\/\\\/www.horendgoed.nl\\\/de\\\/shop\\\/gehorschutz\\\/gehorschutzer-fur-kinder\\\/alecto-ohrenschuetzer-kinder-gruen\\\/#primaryimage\",\"url\":\"https:\\\/\\\/www.horendgoed.nl\\\/wp-content\\\/uploads\\\/2023\\\/03\\\/b4d2-0f06-4d73-82a2-800d6b53f8f3.png\",\"contentUrl\":\"https:\\\/\\\/www.horendgoed.nl\\\/wp-content\\\/uploads\\\/2023\\\/03\\\/b4d2-0f06-4d73-82a2-800d6b53f8f3.png\",\"width\":1200,\"height\":1200},{\"@type\":\"BreadcrumbList\",\"@id\":\"https:\\\/\\\/www.horendgoed.nl\\\/de\\\/shop\\\/gehorschutz\\\/gehorschutzer-fur-kinder\\\/alecto-ohrenschuetzer-kinder-gruen\\\/#breadcrumb\",\"itemListElement\":[{\"@type\":\"ListItem\",\"position\":1,\"name\":\"Startseite\",\"item\":\"https:\\\/\\\/www.horendgoed.nl\\\/de\\\/\"},{\"@type\":\"ListItem\",\"position\":2,\"name\":\"Produkte\",\"item\":\"https:\\\/\\\/www.horendgoed.nl\\\/de\\\/shop-2\\\/produkte\\\/\"},{\"@type\":\"ListItem\",\"position\":3,\"name\":\"Alecto Ohrensch\u00fctzer Kinder gr\u00fcn\"}]},{\"@type\":\"WebSite\",\"@id\":\"https:\\\/\\\/www.horendgoed.nl\\\/de\\\/#website\",\"url\":\"https:\\\/\\\/www.horendgoed.nl\\\/de\\\/\",\"name\":\"Horend Goed Audiciens\",\"description\":\"Luistert Beter\",\"publisher\":{\"@id\":\"https:\\\/\\\/www.horendgoed.nl\\\/de\\\/#organization\"},\"potentialAction\":[{\"@type\":\"SearchAction\",\"target\":{\"@type\":\"EntryPoint\",\"urlTemplate\":\"https:\\\/\\\/www.horendgoed.nl\\\/de\\\/?s={search_term_string}\"},\"query-input\":{\"@type\":\"PropertyValueSpecification\",\"valueRequired\":true,\"valueName\":\"search_term_string\"}}],\"inLanguage\":\"de\"},{\"@type\":\"Organization\",\"@id\":\"https:\\\/\\\/www.horendgoed.nl\\\/de\\\/#organization\",\"name\":\"Horend Goed\",\"url\":\"https:\\\/\\\/www.horendgoed.nl\\\/de\\\/\",\"logo\":{\"@type\":\"ImageObject\",\"inLanguage\":\"de\",\"@id\":\"https:\\\/\\\/www.horendgoed.nl\\\/de\\\/#\\\/schema\\\/logo\\\/image\\\/\",\"url\":\"https:\\\/\\\/www.horendgoed.nl\\\/wp-content\\\/uploads\\\/2021\\\/05\\\/Logo-groot-e1621862526979.png\",\"contentUrl\":\"https:\\\/\\\/www.horendgoed.nl\\\/wp-content\\\/uploads\\\/2021\\\/05\\\/Logo-groot-e1621862526979.png\",\"width\":509,\"height\":100,\"caption\":\"Horend Goed\"},\"image\":{\"@id\":\"https:\\\/\\\/www.horendgoed.nl\\\/de\\\/#\\\/schema\\\/logo\\\/image\\\/\"},\"sameAs\":[\"https:\\\/\\\/www.facebook.com\\\/horendgoed\",\"https:\\\/\\\/www.instagram.com\\\/horendgoed\\\/\",\"https:\\\/\\\/www.linkedin.com\\\/company\\\/horend-goed\\\/\",\"https:\\\/\\\/www.youtube.com\\\/@horendgoed\"],\"email\":\"info@horendgoed.nl\",\"telephone\":\"075 20 25 203\",\"vatID\":\"NL 853 756 193 B01\"}]}<\/script>\n<!-- \/ Yoast SEO Premium plugin. -->","yoast_head_json":{"title":"Alecto Ohrensch\u00fctzer Kinder gr\u00fcn | Horend Goed Audiciens","robots":{"index":"index","follow":"follow","max-snippet":"max-snippet:-1","max-image-preview":"max-image-preview:large","max-video-preview":"max-video-preview:-1"},"canonical":"https:\/\/www.horendgoed.nl\/de\/shop\/gehorschutz\/gehorschutzer-fur-kinder\/alecto-ohrenschuetzer-kinder-gruen\/","og_locale":"de_DE","og_type":"article","og_title":"Alecto Ohrensch\u00fctzer Kinder gr\u00fcn","og_description":"Alecto BV-71 Kapselgeh\u00f6rschutz f\u00fcr Kinder ab 18 Monaten Sch\u00fctzen Sie das Geh\u00f6r Ihres Kindes vor sch\u00e4dlichen Ger\u00e4uschen Kleine Kinder sind t\u00e4glich verschiedenen lauten Ger\u00e4uschen ausgesetzt. Denken Sie an das Spielen mit anderen Kindern auf dem Schulhof, den L\u00e4rm in einem \u00fcberf\u00fcllten Klassenzimmer, hupende Autos im Stra\u00dfenverkehr oder Spielzeug, das L\u00e4rm macht. Wussten Sie, dass der &hellip;","og_url":"https:\/\/www.horendgoed.nl\/de\/shop\/gehorschutz\/gehorschutzer-fur-kinder\/alecto-ohrenschuetzer-kinder-gruen\/","og_site_name":"Horend Goed Audiciens","article_publisher":"https:\/\/www.facebook.com\/horendgoed","article_modified_time":"2025-10-31T16:36:55+00:00","og_image":[{"width":1200,"height":1200,"url":"https:\/\/www.horendgoed.nl\/wp-content\/uploads\/2023\/03\/b4d2-0f06-4d73-82a2-800d6b53f8f3.png","type":"image\/png"}],"schema":{"@context":"https:\/\/schema.org","@graph":[{"@type":"WebPage","@id":"https:\/\/www.horendgoed.nl\/de\/shop\/gehorschutz\/gehorschutzer-fur-kinder\/alecto-ohrenschuetzer-kinder-gruen\/","url":"https:\/\/www.horendgoed.nl\/de\/shop\/gehorschutz\/gehorschutzer-fur-kinder\/alecto-ohrenschuetzer-kinder-gruen\/","name":"Alecto Ohrensch\u00fctzer Kinder gr\u00fcn | Horend Goed Audiciens","isPartOf":{"@id":"https:\/\/www.horendgoed.nl\/de\/#website"},"primaryImageOfPage":{"@id":"https:\/\/www.horendgoed.nl\/de\/shop\/gehorschutz\/gehorschutzer-fur-kinder\/alecto-ohrenschuetzer-kinder-gruen\/#primaryimage"},"image":{"@id":"https:\/\/www.horendgoed.nl\/de\/shop\/gehorschutz\/gehorschutzer-fur-kinder\/alecto-ohrenschuetzer-kinder-gruen\/#primaryimage"},"thumbnailUrl":"https:\/\/www.horendgoed.nl\/wp-content\/uploads\/2023\/03\/b4d2-0f06-4d73-82a2-800d6b53f8f3.png","datePublished":"2023-03-30T12:50:38+00:00","dateModified":"2025-10-31T16:36:55+00:00","breadcrumb":{"@id":"https:\/\/www.horendgoed.nl\/de\/shop\/gehorschutz\/gehorschutzer-fur-kinder\/alecto-ohrenschuetzer-kinder-gruen\/#breadcrumb"},"inLanguage":"de","potentialAction":[{"@type":"ReadAction","target":["https:\/\/www.horendgoed.nl\/de\/shop\/gehorschutz\/gehorschutzer-fur-kinder\/alecto-ohrenschuetzer-kinder-gruen\/"]}]},{"@type":"ImageObject","inLanguage":"de","@id":"https:\/\/www.horendgoed.nl\/de\/shop\/gehorschutz\/gehorschutzer-fur-kinder\/alecto-ohrenschuetzer-kinder-gruen\/#primaryimage","url":"https:\/\/www.horendgoed.nl\/wp-content\/uploads\/2023\/03\/b4d2-0f06-4d73-82a2-800d6b53f8f3.png","contentUrl":"https:\/\/www.horendgoed.nl\/wp-content\/uploads\/2023\/03\/b4d2-0f06-4d73-82a2-800d6b53f8f3.png","width":1200,"height":1200},{"@type":"BreadcrumbList","@id":"https:\/\/www.horendgoed.nl\/de\/shop\/gehorschutz\/gehorschutzer-fur-kinder\/alecto-ohrenschuetzer-kinder-gruen\/#breadcrumb","itemListElement":[{"@type":"ListItem","position":1,"name":"Startseite","item":"https:\/\/www.horendgoed.nl\/de\/"},{"@type":"ListItem","position":2,"name":"Produkte","item":"https:\/\/www.horendgoed.nl\/de\/shop-2\/produkte\/"},{"@type":"ListItem","position":3,"name":"Alecto Ohrensch\u00fctzer Kinder gr\u00fcn"}]},{"@type":"WebSite","@id":"https:\/\/www.horendgoed.nl\/de\/#website","url":"https:\/\/www.horendgoed.nl\/de\/","name":"Horend Goed Audiciens","description":"Luistert Beter","publisher":{"@id":"https:\/\/www.horendgoed.nl\/de\/#organization"},"potentialAction":[{"@type":"SearchAction","target":{"@type":"EntryPoint","urlTemplate":"https:\/\/www.horendgoed.nl\/de\/?s={search_term_string}"},"query-input":{"@type":"PropertyValueSpecification","valueRequired":true,"valueName":"search_term_string"}}],"inLanguage":"de"},{"@type":"Organization","@id":"https:\/\/www.horendgoed.nl\/de\/#organization","name":"Horend Goed","url":"https:\/\/www.horendgoed.nl\/de\/","logo":{"@type":"ImageObject","inLanguage":"de","@id":"https:\/\/www.horendgoed.nl\/de\/#\/schema\/logo\/image\/","url":"https:\/\/www.horendgoed.nl\/wp-content\/uploads\/2021\/05\/Logo-groot-e1621862526979.png","contentUrl":"https:\/\/www.horendgoed.nl\/wp-content\/uploads\/2021\/05\/Logo-groot-e1621862526979.png","width":509,"height":100,"caption":"Horend Goed"},"image":{"@id":"https:\/\/www.horendgoed.nl\/de\/#\/schema\/logo\/image\/"},"sameAs":["https:\/\/www.facebook.com\/horendgoed","https:\/\/www.instagram.com\/horendgoed\/","https:\/\/www.linkedin.com\/company\/horend-goed\/","https:\/\/www.youtube.com\/@horendgoed"],"email":"info@horendgoed.nl","telephone":"075 20 25 203","vatID":"NL 853 756 193 B01"}]}},"jetpack_sharing_enabled":true,"_links":{"self":[{"href":"https:\/\/www.horendgoed.nl\/de\/wp-json\/wp\/v2\/product\/130544","targetHints":{"allow":["GET"]}}],"collection":[{"href":"https:\/\/www.horendgoed.nl\/de\/wp-json\/wp\/v2\/product"}],"about":[{"href":"https:\/\/www.horendgoed.nl\/de\/wp-json\/wp\/v2\/types\/product"}],"wp:featuredmedia":[{"embeddable":true,"href":"https:\/\/www.horendgoed.nl\/de\/wp-json\/wp\/v2\/media\/117968"}],"wp:attachment":[{"href":"https:\/\/www.horendgoed.nl\/de\/wp-json\/wp\/v2\/media?parent=130544"}],"wp:term":[{"taxonomy":"product_brand","embeddable":true,"href":"https:\/\/www.horendgoed.nl\/de\/wp-json\/wp\/v2\/product_brand?post=130544"},{"taxonomy":"product_cat","embeddable":true,"href":"https:\/\/www.horendgoed.nl\/de\/wp-json\/wp\/v2\/product_cat?post=130544"},{"taxonomy":"product_tag","embeddable":true,"href":"https:\/\/www.horendgoed.nl\/de\/wp-json\/wp\/v2\/product_tag?post=130544"}],"curies":[{"name":"wp","href":"https:\/\/api.w.org\/{rel}","templated":true}]}}