{"id":130580,"date":"2023-03-10T11:17:21","date_gmt":"2023-03-10T11:17:21","guid":{"rendered":"https:\/\/www.horendgoed.nl\/shop\/unkategorisiert\/connexx-ladestation\/"},"modified":"2025-07-07T17:00:33","modified_gmt":"2025-07-07T15:00:33","slug":"connexx-ladestation","status":"publish","type":"product","link":"https:\/\/www.horendgoed.nl\/de\/shop\/akkus-und-ladegerate\/horgerate-ladegerate\/connexx-ladestation\/","title":{"rendered":"Connexx Ladestation"},"content":{"rendered":"<p>Die Connex Ladestation f\u00fcr H\u00f6rger\u00e4te ist f\u00fcr Signia und Audio Service H\u00f6rger\u00e4te geeignet. Sie ist nicht nur einfach zu bedienen, sondern auch gut f\u00fcr die Umwelt. Eine volle Ladung reicht problemlos f\u00fcr den ganzen Tag, selbst beim Musikstreaming. Und - falls erforderlich - bietet eine Schnellladeoption zus\u00e4tzliche Stunden an Funktionalit\u00e4t - mit einer Ladezeit von nur 30 Minuten.   <\/p>\n<p>Dieses Induktionsladeger\u00e4t ist f\u00fcr HdO-H\u00f6rger\u00e4te und Liho-H\u00f6rger\u00e4te geeignet.<\/p>\n","protected":false},"excerpt":{"rendered":"<p>Die Connex Ladestation f\u00fcr H\u00f6rger\u00e4te ist f\u00fcr Signia und Audio Service H\u00f6rger\u00e4te geeignet. Sie ist nicht nur einfach zu bedienen, sondern auch gut f\u00fcr die Umwelt. Eine volle Ladung reicht problemlos f\u00fcr den ganzen Tag, selbst beim Musikstreaming. Und - falls erforderlich - bietet eine Schnellladeoption zus\u00e4tzliche Stunden an Funktionalit\u00e4t - mit einer Ladezeit von &hellip; <\/p>\n","protected":false},"featured_media":117458,"template":"","meta":{"_acf_changed":false},"product_brand":[],"product_cat":[4840,4841],"product_tag":[13945],"class_list":["post-130580","product","type-product","status-publish","has-post-thumbnail","product_cat-akkus-und-ladegerate","product_cat-horgerate-ladegerate","product_tag-signia-de","grid-sizer","latest_post","first","instock","taxable","shipping-taxable","purchasable","product-type-simple"],"acf":[],"yoast_head":"<!-- This site is optimized with the Yoast SEO Premium plugin v27.4 (Yoast SEO v28.3) - https:\/\/yoast.com\/product\/yoast-seo-premium-wordpress\/ -->\n<title>Connexx Ladestation | Horend Goed Audiciens<\/title>\n<meta name=\"robots\" content=\"index, follow, max-snippet:-1, max-image-preview:large, max-video-preview:-1\" \/>\n<link rel=\"canonical\" href=\"https:\/\/www.horendgoed.nl\/de\/shop\/akkus-und-ladegerate\/horgerate-ladegerate\/connexx-ladestation\/\" \/>\n<meta property=\"og:locale\" content=\"de_DE\" \/>\n<meta property=\"og:type\" content=\"article\" \/>\n<meta property=\"og:title\" content=\"Connexx Ladestation\" \/>\n<meta property=\"og:description\" content=\"Die Connex Ladestation f\u00fcr H\u00f6rger\u00e4te ist f\u00fcr Signia und Audio Service H\u00f6rger\u00e4te geeignet. Sie ist nicht nur einfach zu bedienen, sondern auch gut f\u00fcr die Umwelt. Eine volle Ladung reicht problemlos f\u00fcr den ganzen Tag, selbst beim Musikstreaming. Und - falls erforderlich - bietet eine Schnellladeoption zus\u00e4tzliche Stunden an Funktionalit\u00e4t - mit einer Ladezeit von &hellip;\" \/>\n<meta property=\"og:url\" content=\"https:\/\/www.horendgoed.nl\/de\/shop\/akkus-und-ladegerate\/horgerate-ladegerate\/connexx-ladestation\/\" \/>\n<meta property=\"og:site_name\" content=\"Horend Goed Audiciens\" \/>\n<meta property=\"article:publisher\" content=\"https:\/\/www.facebook.com\/horendgoed\" \/>\n<meta property=\"article:modified_time\" content=\"2025-07-07T15:00:33+00:00\" \/>\n<meta property=\"og:image\" content=\"https:\/\/www.horendgoed.nl\/wp-content\/uploads\/2023\/03\/b7c3-5533-4355-8426-70fbb0ffe463.png\" \/>\n\t<meta property=\"og:image:width\" content=\"1900\" \/>\n\t<meta property=\"og:image:height\" content=\"1267\" \/>\n\t<meta property=\"og:image:type\" content=\"image\/png\" \/>\n<script type=\"application\/ld+json\" class=\"yoast-schema-graph\">{\"@context\":\"https:\\\/\\\/schema.org\",\"@graph\":[{\"@type\":\"WebPage\",\"@id\":\"https:\\\/\\\/www.horendgoed.nl\\\/de\\\/shop\\\/akkus-und-ladegerate\\\/horgerate-ladegerate\\\/connexx-ladestation\\\/\",\"url\":\"https:\\\/\\\/www.horendgoed.nl\\\/de\\\/shop\\\/akkus-und-ladegerate\\\/horgerate-ladegerate\\\/connexx-ladestation\\\/\",\"name\":\"Connexx Ladestation | Horend Goed Audiciens\",\"isPartOf\":{\"@id\":\"https:\\\/\\\/www.horendgoed.nl\\\/de\\\/#website\"},\"primaryImageOfPage\":{\"@id\":\"https:\\\/\\\/www.horendgoed.nl\\\/de\\\/shop\\\/akkus-und-ladegerate\\\/horgerate-ladegerate\\\/connexx-ladestation\\\/#primaryimage\"},\"image\":{\"@id\":\"https:\\\/\\\/www.horendgoed.nl\\\/de\\\/shop\\\/akkus-und-ladegerate\\\/horgerate-ladegerate\\\/connexx-ladestation\\\/#primaryimage\"},\"thumbnailUrl\":\"https:\\\/\\\/www.horendgoed.nl\\\/wp-content\\\/uploads\\\/2023\\\/03\\\/b7c3-5533-4355-8426-70fbb0ffe463.png\",\"datePublished\":\"2023-03-10T11:17:21+00:00\",\"dateModified\":\"2025-07-07T15:00:33+00:00\",\"breadcrumb\":{\"@id\":\"https:\\\/\\\/www.horendgoed.nl\\\/de\\\/shop\\\/akkus-und-ladegerate\\\/horgerate-ladegerate\\\/connexx-ladestation\\\/#breadcrumb\"},\"inLanguage\":\"de\",\"potentialAction\":[{\"@type\":\"ReadAction\",\"target\":[\"https:\\\/\\\/www.horendgoed.nl\\\/de\\\/shop\\\/akkus-und-ladegerate\\\/horgerate-ladegerate\\\/connexx-ladestation\\\/\"]}]},{\"@type\":\"ImageObject\",\"inLanguage\":\"de\",\"@id\":\"https:\\\/\\\/www.horendgoed.nl\\\/de\\\/shop\\\/akkus-und-ladegerate\\\/horgerate-ladegerate\\\/connexx-ladestation\\\/#primaryimage\",\"url\":\"https:\\\/\\\/www.horendgoed.nl\\\/wp-content\\\/uploads\\\/2023\\\/03\\\/b7c3-5533-4355-8426-70fbb0ffe463.png\",\"contentUrl\":\"https:\\\/\\\/www.horendgoed.nl\\\/wp-content\\\/uploads\\\/2023\\\/03\\\/b7c3-5533-4355-8426-70fbb0ffe463.png\",\"width\":1900,\"height\":1267},{\"@type\":\"BreadcrumbList\",\"@id\":\"https:\\\/\\\/www.horendgoed.nl\\\/de\\\/shop\\\/akkus-und-ladegerate\\\/horgerate-ladegerate\\\/connexx-ladestation\\\/#breadcrumb\",\"itemListElement\":[{\"@type\":\"ListItem\",\"position\":1,\"name\":\"Startseite\",\"item\":\"https:\\\/\\\/www.horendgoed.nl\\\/de\\\/\"},{\"@type\":\"ListItem\",\"position\":2,\"name\":\"Produkte\",\"item\":\"https:\\\/\\\/www.horendgoed.nl\\\/de\\\/shop-2\\\/produkte\\\/\"},{\"@type\":\"ListItem\",\"position\":3,\"name\":\"Connexx Ladestation\"}]},{\"@type\":\"WebSite\",\"@id\":\"https:\\\/\\\/www.horendgoed.nl\\\/de\\\/#website\",\"url\":\"https:\\\/\\\/www.horendgoed.nl\\\/de\\\/\",\"name\":\"Horend Goed Audiciens\",\"description\":\"Luistert Beter\",\"publisher\":{\"@id\":\"https:\\\/\\\/www.horendgoed.nl\\\/de\\\/#organization\"},\"potentialAction\":[{\"@type\":\"SearchAction\",\"target\":{\"@type\":\"EntryPoint\",\"urlTemplate\":\"https:\\\/\\\/www.horendgoed.nl\\\/de\\\/?s={search_term_string}\"},\"query-input\":{\"@type\":\"PropertyValueSpecification\",\"valueRequired\":true,\"valueName\":\"search_term_string\"}}],\"inLanguage\":\"de\"},{\"@type\":\"Organization\",\"@id\":\"https:\\\/\\\/www.horendgoed.nl\\\/de\\\/#organization\",\"name\":\"Horend Goed\",\"url\":\"https:\\\/\\\/www.horendgoed.nl\\\/de\\\/\",\"logo\":{\"@type\":\"ImageObject\",\"inLanguage\":\"de\",\"@id\":\"https:\\\/\\\/www.horendgoed.nl\\\/de\\\/#\\\/schema\\\/logo\\\/image\\\/\",\"url\":\"https:\\\/\\\/www.horendgoed.nl\\\/wp-content\\\/uploads\\\/2021\\\/05\\\/Logo-groot-e1621862526979.png\",\"contentUrl\":\"https:\\\/\\\/www.horendgoed.nl\\\/wp-content\\\/uploads\\\/2021\\\/05\\\/Logo-groot-e1621862526979.png\",\"width\":509,\"height\":100,\"caption\":\"Horend Goed\"},\"image\":{\"@id\":\"https:\\\/\\\/www.horendgoed.nl\\\/de\\\/#\\\/schema\\\/logo\\\/image\\\/\"},\"sameAs\":[\"https:\\\/\\\/www.facebook.com\\\/horendgoed\",\"https:\\\/\\\/www.instagram.com\\\/horendgoed\\\/\",\"https:\\\/\\\/www.linkedin.com\\\/company\\\/horend-goed\\\/\",\"https:\\\/\\\/www.youtube.com\\\/@horendgoed\"],\"email\":\"info@horendgoed.nl\",\"telephone\":\"075 20 25 203\",\"vatID\":\"NL 853 756 193 B01\"}]}<\/script>\n<!-- \/ Yoast SEO Premium plugin. -->","yoast_head_json":{"title":"Connexx Ladestation | Horend Goed Audiciens","robots":{"index":"index","follow":"follow","max-snippet":"max-snippet:-1","max-image-preview":"max-image-preview:large","max-video-preview":"max-video-preview:-1"},"canonical":"https:\/\/www.horendgoed.nl\/de\/shop\/akkus-und-ladegerate\/horgerate-ladegerate\/connexx-ladestation\/","og_locale":"de_DE","og_type":"article","og_title":"Connexx Ladestation","og_description":"Die Connex Ladestation f\u00fcr H\u00f6rger\u00e4te ist f\u00fcr Signia und Audio Service H\u00f6rger\u00e4te geeignet. Sie ist nicht nur einfach zu bedienen, sondern auch gut f\u00fcr die Umwelt. Eine volle Ladung reicht problemlos f\u00fcr den ganzen Tag, selbst beim Musikstreaming. Und - falls erforderlich - bietet eine Schnellladeoption zus\u00e4tzliche Stunden an Funktionalit\u00e4t - mit einer Ladezeit von &hellip;","og_url":"https:\/\/www.horendgoed.nl\/de\/shop\/akkus-und-ladegerate\/horgerate-ladegerate\/connexx-ladestation\/","og_site_name":"Horend Goed Audiciens","article_publisher":"https:\/\/www.facebook.com\/horendgoed","article_modified_time":"2025-07-07T15:00:33+00:00","og_image":[{"width":1900,"height":1267,"url":"https:\/\/www.horendgoed.nl\/wp-content\/uploads\/2023\/03\/b7c3-5533-4355-8426-70fbb0ffe463.png","type":"image\/png"}],"schema":{"@context":"https:\/\/schema.org","@graph":[{"@type":"WebPage","@id":"https:\/\/www.horendgoed.nl\/de\/shop\/akkus-und-ladegerate\/horgerate-ladegerate\/connexx-ladestation\/","url":"https:\/\/www.horendgoed.nl\/de\/shop\/akkus-und-ladegerate\/horgerate-ladegerate\/connexx-ladestation\/","name":"Connexx Ladestation | Horend Goed Audiciens","isPartOf":{"@id":"https:\/\/www.horendgoed.nl\/de\/#website"},"primaryImageOfPage":{"@id":"https:\/\/www.horendgoed.nl\/de\/shop\/akkus-und-ladegerate\/horgerate-ladegerate\/connexx-ladestation\/#primaryimage"},"image":{"@id":"https:\/\/www.horendgoed.nl\/de\/shop\/akkus-und-ladegerate\/horgerate-ladegerate\/connexx-ladestation\/#primaryimage"},"thumbnailUrl":"https:\/\/www.horendgoed.nl\/wp-content\/uploads\/2023\/03\/b7c3-5533-4355-8426-70fbb0ffe463.png","datePublished":"2023-03-10T11:17:21+00:00","dateModified":"2025-07-07T15:00:33+00:00","breadcrumb":{"@id":"https:\/\/www.horendgoed.nl\/de\/shop\/akkus-und-ladegerate\/horgerate-ladegerate\/connexx-ladestation\/#breadcrumb"},"inLanguage":"de","potentialAction":[{"@type":"ReadAction","target":["https:\/\/www.horendgoed.nl\/de\/shop\/akkus-und-ladegerate\/horgerate-ladegerate\/connexx-ladestation\/"]}]},{"@type":"ImageObject","inLanguage":"de","@id":"https:\/\/www.horendgoed.nl\/de\/shop\/akkus-und-ladegerate\/horgerate-ladegerate\/connexx-ladestation\/#primaryimage","url":"https:\/\/www.horendgoed.nl\/wp-content\/uploads\/2023\/03\/b7c3-5533-4355-8426-70fbb0ffe463.png","contentUrl":"https:\/\/www.horendgoed.nl\/wp-content\/uploads\/2023\/03\/b7c3-5533-4355-8426-70fbb0ffe463.png","width":1900,"height":1267},{"@type":"BreadcrumbList","@id":"https:\/\/www.horendgoed.nl\/de\/shop\/akkus-und-ladegerate\/horgerate-ladegerate\/connexx-ladestation\/#breadcrumb","itemListElement":[{"@type":"ListItem","position":1,"name":"Startseite","item":"https:\/\/www.horendgoed.nl\/de\/"},{"@type":"ListItem","position":2,"name":"Produkte","item":"https:\/\/www.horendgoed.nl\/de\/shop-2\/produkte\/"},{"@type":"ListItem","position":3,"name":"Connexx Ladestation"}]},{"@type":"WebSite","@id":"https:\/\/www.horendgoed.nl\/de\/#website","url":"https:\/\/www.horendgoed.nl\/de\/","name":"Horend Goed Audiciens","description":"Luistert Beter","publisher":{"@id":"https:\/\/www.horendgoed.nl\/de\/#organization"},"potentialAction":[{"@type":"SearchAction","target":{"@type":"EntryPoint","urlTemplate":"https:\/\/www.horendgoed.nl\/de\/?s={search_term_string}"},"query-input":{"@type":"PropertyValueSpecification","valueRequired":true,"valueName":"search_term_string"}}],"inLanguage":"de"},{"@type":"Organization","@id":"https:\/\/www.horendgoed.nl\/de\/#organization","name":"Horend Goed","url":"https:\/\/www.horendgoed.nl\/de\/","logo":{"@type":"ImageObject","inLanguage":"de","@id":"https:\/\/www.horendgoed.nl\/de\/#\/schema\/logo\/image\/","url":"https:\/\/www.horendgoed.nl\/wp-content\/uploads\/2021\/05\/Logo-groot-e1621862526979.png","contentUrl":"https:\/\/www.horendgoed.nl\/wp-content\/uploads\/2021\/05\/Logo-groot-e1621862526979.png","width":509,"height":100,"caption":"Horend Goed"},"image":{"@id":"https:\/\/www.horendgoed.nl\/de\/#\/schema\/logo\/image\/"},"sameAs":["https:\/\/www.facebook.com\/horendgoed","https:\/\/www.instagram.com\/horendgoed\/","https:\/\/www.linkedin.com\/company\/horend-goed\/","https:\/\/www.youtube.com\/@horendgoed"],"email":"info@horendgoed.nl","telephone":"075 20 25 203","vatID":"NL 853 756 193 B01"}]}},"jetpack_sharing_enabled":true,"_links":{"self":[{"href":"https:\/\/www.horendgoed.nl\/de\/wp-json\/wp\/v2\/product\/130580","targetHints":{"allow":["GET"]}}],"collection":[{"href":"https:\/\/www.horendgoed.nl\/de\/wp-json\/wp\/v2\/product"}],"about":[{"href":"https:\/\/www.horendgoed.nl\/de\/wp-json\/wp\/v2\/types\/product"}],"wp:featuredmedia":[{"embeddable":true,"href":"https:\/\/www.horendgoed.nl\/de\/wp-json\/wp\/v2\/media\/117458"}],"wp:attachment":[{"href":"https:\/\/www.horendgoed.nl\/de\/wp-json\/wp\/v2\/media?parent=130580"}],"wp:term":[{"taxonomy":"product_brand","embeddable":true,"href":"https:\/\/www.horendgoed.nl\/de\/wp-json\/wp\/v2\/product_brand?post=130580"},{"taxonomy":"product_cat","embeddable":true,"href":"https:\/\/www.horendgoed.nl\/de\/wp-json\/wp\/v2\/product_cat?post=130580"},{"taxonomy":"product_tag","embeddable":true,"href":"https:\/\/www.horendgoed.nl\/de\/wp-json\/wp\/v2\/product_tag?post=130580"}],"curies":[{"name":"wp","href":"https:\/\/api.w.org\/{rel}","templated":true}]}}