{"id":131122,"date":"2023-04-01T13:30:52","date_gmt":"2023-04-01T13:30:52","guid":{"rendered":"https:\/\/www.horendgoed.nl\/shop\/unkategorisiert\/phonak-mylink-kopfhoerer\/"},"modified":"2025-09-15T09:53:31","modified_gmt":"2025-09-15T07:53:31","slug":"phonak-mylink-kopfhoerer","status":"publish","type":"product","link":"https:\/\/www.horendgoed.nl\/de\/shop\/elektronik\/kopfhorer\/on-over-ear-kopfhorer\/phonak-mylink-kopfhoerer\/","title":{"rendered":"Phonak MyLink Kopfh\u00f6rer"},"content":{"rendered":"<div>Wenn Sie keine H\u00f6rger\u00e4te haben oder nur gelegentlich Ihre H\u00f6rger\u00e4te nicht tragen m\u00f6chten, sind die Phonak MyLink Kopfh\u00f6rer eine gro\u00dfartige Erg\u00e4nzung zu Ihrem H\u00f6rsystem.<\/div>\n<div><\/div>\n<div>Verbinden Sie sich mit Ihrem Phonak Roger MyLink Empf\u00e4nger (separat erh\u00e4ltlich) und der Ton wird direkt von Ihrem MyLink Empf\u00e4nger und dem gekoppelten Sender an den Kopfh\u00f6rer \u00fcbertragen.<\/div>\n","protected":false},"excerpt":{"rendered":"<p>Wenn Sie keine H\u00f6rger\u00e4te haben oder nur gelegentlich Ihre H\u00f6rger\u00e4te nicht tragen m\u00f6chten, sind die Phonak MyLink Kopfh\u00f6rer eine gro\u00dfartige Erg\u00e4nzung zu Ihrem H\u00f6rsystem. Verbinden Sie sich mit Ihrem Phonak Roger MyLink Empf\u00e4nger (separat erh\u00e4ltlich) und der Ton wird direkt von Ihrem MyLink Empf\u00e4nger und dem gekoppelten Sender an den Kopfh\u00f6rer \u00fcbertragen.<\/p>\n","protected":false},"featured_media":118070,"template":"","meta":{"_acf_changed":false},"product_brand":[],"product_cat":[4900,4964],"product_tag":[13935],"class_list":["post-131122","product","type-product","status-publish","has-post-thumbnail","product_cat-kopfhorer","product_cat-on-over-ear-kopfhorer","product_tag-phonak-de","grid-sizer","latest_post","first","instock","taxable","shipping-taxable","purchasable","product-type-simple"],"acf":[],"yoast_head":"<!-- This site is optimized with the Yoast SEO Premium plugin v27.4 (Yoast SEO v28.3) - https:\/\/yoast.com\/product\/yoast-seo-premium-wordpress\/ -->\n<title>Phonak MyLink Kopfh\u00f6rer | Horend Goed Audiciens<\/title>\n<meta name=\"robots\" content=\"index, follow, max-snippet:-1, max-image-preview:large, max-video-preview:-1\" \/>\n<link rel=\"canonical\" href=\"https:\/\/www.horendgoed.nl\/de\/shop\/elektronik\/kopfhorer\/on-over-ear-kopfhorer\/phonak-mylink-kopfhoerer\/\" \/>\n<meta property=\"og:locale\" content=\"de_DE\" \/>\n<meta property=\"og:type\" content=\"article\" \/>\n<meta property=\"og:title\" content=\"Phonak MyLink Kopfh\u00f6rer\" \/>\n<meta property=\"og:description\" content=\"Wenn Sie keine H\u00f6rger\u00e4te haben oder nur gelegentlich Ihre H\u00f6rger\u00e4te nicht tragen m\u00f6chten, sind die Phonak MyLink Kopfh\u00f6rer eine gro\u00dfartige Erg\u00e4nzung zu Ihrem H\u00f6rsystem. Verbinden Sie sich mit Ihrem Phonak Roger MyLink Empf\u00e4nger (separat erh\u00e4ltlich) und der Ton wird direkt von Ihrem MyLink Empf\u00e4nger und dem gekoppelten Sender an den Kopfh\u00f6rer \u00fcbertragen.\" \/>\n<meta property=\"og:url\" content=\"https:\/\/www.horendgoed.nl\/de\/shop\/elektronik\/kopfhorer\/on-over-ear-kopfhorer\/phonak-mylink-kopfhoerer\/\" \/>\n<meta property=\"og:site_name\" content=\"Horend Goed Audiciens\" \/>\n<meta property=\"article:publisher\" content=\"https:\/\/www.facebook.com\/horendgoed\" \/>\n<meta property=\"article:modified_time\" content=\"2025-09-15T07:53:31+00:00\" \/>\n<meta property=\"og:image\" content=\"https:\/\/www.horendgoed.nl\/wp-content\/uploads\/2023\/04\/c510-d852-4904-80b6-7477fb03c1de.png\" \/>\n\t<meta property=\"og:image:width\" content=\"600\" \/>\n\t<meta property=\"og:image:height\" content=\"600\" \/>\n\t<meta property=\"og:image:type\" content=\"image\/png\" \/>\n<script type=\"application\/ld+json\" class=\"yoast-schema-graph\">{\"@context\":\"https:\\\/\\\/schema.org\",\"@graph\":[{\"@type\":\"WebPage\",\"@id\":\"https:\\\/\\\/www.horendgoed.nl\\\/de\\\/shop\\\/elektronik\\\/kopfhorer\\\/on-over-ear-kopfhorer\\\/phonak-mylink-kopfhoerer\\\/\",\"url\":\"https:\\\/\\\/www.horendgoed.nl\\\/de\\\/shop\\\/elektronik\\\/kopfhorer\\\/on-over-ear-kopfhorer\\\/phonak-mylink-kopfhoerer\\\/\",\"name\":\"Phonak MyLink Kopfh\u00f6rer | Horend Goed Audiciens\",\"isPartOf\":{\"@id\":\"https:\\\/\\\/www.horendgoed.nl\\\/de\\\/#website\"},\"primaryImageOfPage\":{\"@id\":\"https:\\\/\\\/www.horendgoed.nl\\\/de\\\/shop\\\/elektronik\\\/kopfhorer\\\/on-over-ear-kopfhorer\\\/phonak-mylink-kopfhoerer\\\/#primaryimage\"},\"image\":{\"@id\":\"https:\\\/\\\/www.horendgoed.nl\\\/de\\\/shop\\\/elektronik\\\/kopfhorer\\\/on-over-ear-kopfhorer\\\/phonak-mylink-kopfhoerer\\\/#primaryimage\"},\"thumbnailUrl\":\"https:\\\/\\\/www.horendgoed.nl\\\/wp-content\\\/uploads\\\/2023\\\/04\\\/c510-d852-4904-80b6-7477fb03c1de.png\",\"datePublished\":\"2023-04-01T13:30:52+00:00\",\"dateModified\":\"2025-09-15T07:53:31+00:00\",\"breadcrumb\":{\"@id\":\"https:\\\/\\\/www.horendgoed.nl\\\/de\\\/shop\\\/elektronik\\\/kopfhorer\\\/on-over-ear-kopfhorer\\\/phonak-mylink-kopfhoerer\\\/#breadcrumb\"},\"inLanguage\":\"de\",\"potentialAction\":[{\"@type\":\"ReadAction\",\"target\":[\"https:\\\/\\\/www.horendgoed.nl\\\/de\\\/shop\\\/elektronik\\\/kopfhorer\\\/on-over-ear-kopfhorer\\\/phonak-mylink-kopfhoerer\\\/\"]}]},{\"@type\":\"ImageObject\",\"inLanguage\":\"de\",\"@id\":\"https:\\\/\\\/www.horendgoed.nl\\\/de\\\/shop\\\/elektronik\\\/kopfhorer\\\/on-over-ear-kopfhorer\\\/phonak-mylink-kopfhoerer\\\/#primaryimage\",\"url\":\"https:\\\/\\\/www.horendgoed.nl\\\/wp-content\\\/uploads\\\/2023\\\/04\\\/c510-d852-4904-80b6-7477fb03c1de.png\",\"contentUrl\":\"https:\\\/\\\/www.horendgoed.nl\\\/wp-content\\\/uploads\\\/2023\\\/04\\\/c510-d852-4904-80b6-7477fb03c1de.png\",\"width\":600,\"height\":600},{\"@type\":\"BreadcrumbList\",\"@id\":\"https:\\\/\\\/www.horendgoed.nl\\\/de\\\/shop\\\/elektronik\\\/kopfhorer\\\/on-over-ear-kopfhorer\\\/phonak-mylink-kopfhoerer\\\/#breadcrumb\",\"itemListElement\":[{\"@type\":\"ListItem\",\"position\":1,\"name\":\"Startseite\",\"item\":\"https:\\\/\\\/www.horendgoed.nl\\\/de\\\/\"},{\"@type\":\"ListItem\",\"position\":2,\"name\":\"Produkte\",\"item\":\"https:\\\/\\\/www.horendgoed.nl\\\/de\\\/shop-2\\\/produkte\\\/\"},{\"@type\":\"ListItem\",\"position\":3,\"name\":\"Phonak MyLink Kopfh\u00f6rer\"}]},{\"@type\":\"WebSite\",\"@id\":\"https:\\\/\\\/www.horendgoed.nl\\\/de\\\/#website\",\"url\":\"https:\\\/\\\/www.horendgoed.nl\\\/de\\\/\",\"name\":\"Horend Goed Audiciens\",\"description\":\"Luistert Beter\",\"publisher\":{\"@id\":\"https:\\\/\\\/www.horendgoed.nl\\\/de\\\/#organization\"},\"potentialAction\":[{\"@type\":\"SearchAction\",\"target\":{\"@type\":\"EntryPoint\",\"urlTemplate\":\"https:\\\/\\\/www.horendgoed.nl\\\/de\\\/?s={search_term_string}\"},\"query-input\":{\"@type\":\"PropertyValueSpecification\",\"valueRequired\":true,\"valueName\":\"search_term_string\"}}],\"inLanguage\":\"de\"},{\"@type\":\"Organization\",\"@id\":\"https:\\\/\\\/www.horendgoed.nl\\\/de\\\/#organization\",\"name\":\"Horend Goed\",\"url\":\"https:\\\/\\\/www.horendgoed.nl\\\/de\\\/\",\"logo\":{\"@type\":\"ImageObject\",\"inLanguage\":\"de\",\"@id\":\"https:\\\/\\\/www.horendgoed.nl\\\/de\\\/#\\\/schema\\\/logo\\\/image\\\/\",\"url\":\"https:\\\/\\\/www.horendgoed.nl\\\/wp-content\\\/uploads\\\/2021\\\/05\\\/Logo-groot-e1621862526979.png\",\"contentUrl\":\"https:\\\/\\\/www.horendgoed.nl\\\/wp-content\\\/uploads\\\/2021\\\/05\\\/Logo-groot-e1621862526979.png\",\"width\":509,\"height\":100,\"caption\":\"Horend Goed\"},\"image\":{\"@id\":\"https:\\\/\\\/www.horendgoed.nl\\\/de\\\/#\\\/schema\\\/logo\\\/image\\\/\"},\"sameAs\":[\"https:\\\/\\\/www.facebook.com\\\/horendgoed\",\"https:\\\/\\\/www.instagram.com\\\/horendgoed\\\/\",\"https:\\\/\\\/www.linkedin.com\\\/company\\\/horend-goed\\\/\",\"https:\\\/\\\/www.youtube.com\\\/@horendgoed\"],\"email\":\"info@horendgoed.nl\",\"telephone\":\"075 20 25 203\",\"vatID\":\"NL 853 756 193 B01\"}]}<\/script>\n<!-- \/ Yoast SEO Premium plugin. -->","yoast_head_json":{"title":"Phonak MyLink Kopfh\u00f6rer | Horend Goed Audiciens","robots":{"index":"index","follow":"follow","max-snippet":"max-snippet:-1","max-image-preview":"max-image-preview:large","max-video-preview":"max-video-preview:-1"},"canonical":"https:\/\/www.horendgoed.nl\/de\/shop\/elektronik\/kopfhorer\/on-over-ear-kopfhorer\/phonak-mylink-kopfhoerer\/","og_locale":"de_DE","og_type":"article","og_title":"Phonak MyLink Kopfh\u00f6rer","og_description":"Wenn Sie keine H\u00f6rger\u00e4te haben oder nur gelegentlich Ihre H\u00f6rger\u00e4te nicht tragen m\u00f6chten, sind die Phonak MyLink Kopfh\u00f6rer eine gro\u00dfartige Erg\u00e4nzung zu Ihrem H\u00f6rsystem. Verbinden Sie sich mit Ihrem Phonak Roger MyLink Empf\u00e4nger (separat erh\u00e4ltlich) und der Ton wird direkt von Ihrem MyLink Empf\u00e4nger und dem gekoppelten Sender an den Kopfh\u00f6rer \u00fcbertragen.","og_url":"https:\/\/www.horendgoed.nl\/de\/shop\/elektronik\/kopfhorer\/on-over-ear-kopfhorer\/phonak-mylink-kopfhoerer\/","og_site_name":"Horend Goed Audiciens","article_publisher":"https:\/\/www.facebook.com\/horendgoed","article_modified_time":"2025-09-15T07:53:31+00:00","og_image":[{"width":600,"height":600,"url":"https:\/\/www.horendgoed.nl\/wp-content\/uploads\/2023\/04\/c510-d852-4904-80b6-7477fb03c1de.png","type":"image\/png"}],"schema":{"@context":"https:\/\/schema.org","@graph":[{"@type":"WebPage","@id":"https:\/\/www.horendgoed.nl\/de\/shop\/elektronik\/kopfhorer\/on-over-ear-kopfhorer\/phonak-mylink-kopfhoerer\/","url":"https:\/\/www.horendgoed.nl\/de\/shop\/elektronik\/kopfhorer\/on-over-ear-kopfhorer\/phonak-mylink-kopfhoerer\/","name":"Phonak MyLink Kopfh\u00f6rer | Horend Goed Audiciens","isPartOf":{"@id":"https:\/\/www.horendgoed.nl\/de\/#website"},"primaryImageOfPage":{"@id":"https:\/\/www.horendgoed.nl\/de\/shop\/elektronik\/kopfhorer\/on-over-ear-kopfhorer\/phonak-mylink-kopfhoerer\/#primaryimage"},"image":{"@id":"https:\/\/www.horendgoed.nl\/de\/shop\/elektronik\/kopfhorer\/on-over-ear-kopfhorer\/phonak-mylink-kopfhoerer\/#primaryimage"},"thumbnailUrl":"https:\/\/www.horendgoed.nl\/wp-content\/uploads\/2023\/04\/c510-d852-4904-80b6-7477fb03c1de.png","datePublished":"2023-04-01T13:30:52+00:00","dateModified":"2025-09-15T07:53:31+00:00","breadcrumb":{"@id":"https:\/\/www.horendgoed.nl\/de\/shop\/elektronik\/kopfhorer\/on-over-ear-kopfhorer\/phonak-mylink-kopfhoerer\/#breadcrumb"},"inLanguage":"de","potentialAction":[{"@type":"ReadAction","target":["https:\/\/www.horendgoed.nl\/de\/shop\/elektronik\/kopfhorer\/on-over-ear-kopfhorer\/phonak-mylink-kopfhoerer\/"]}]},{"@type":"ImageObject","inLanguage":"de","@id":"https:\/\/www.horendgoed.nl\/de\/shop\/elektronik\/kopfhorer\/on-over-ear-kopfhorer\/phonak-mylink-kopfhoerer\/#primaryimage","url":"https:\/\/www.horendgoed.nl\/wp-content\/uploads\/2023\/04\/c510-d852-4904-80b6-7477fb03c1de.png","contentUrl":"https:\/\/www.horendgoed.nl\/wp-content\/uploads\/2023\/04\/c510-d852-4904-80b6-7477fb03c1de.png","width":600,"height":600},{"@type":"BreadcrumbList","@id":"https:\/\/www.horendgoed.nl\/de\/shop\/elektronik\/kopfhorer\/on-over-ear-kopfhorer\/phonak-mylink-kopfhoerer\/#breadcrumb","itemListElement":[{"@type":"ListItem","position":1,"name":"Startseite","item":"https:\/\/www.horendgoed.nl\/de\/"},{"@type":"ListItem","position":2,"name":"Produkte","item":"https:\/\/www.horendgoed.nl\/de\/shop-2\/produkte\/"},{"@type":"ListItem","position":3,"name":"Phonak MyLink Kopfh\u00f6rer"}]},{"@type":"WebSite","@id":"https:\/\/www.horendgoed.nl\/de\/#website","url":"https:\/\/www.horendgoed.nl\/de\/","name":"Horend Goed Audiciens","description":"Luistert Beter","publisher":{"@id":"https:\/\/www.horendgoed.nl\/de\/#organization"},"potentialAction":[{"@type":"SearchAction","target":{"@type":"EntryPoint","urlTemplate":"https:\/\/www.horendgoed.nl\/de\/?s={search_term_string}"},"query-input":{"@type":"PropertyValueSpecification","valueRequired":true,"valueName":"search_term_string"}}],"inLanguage":"de"},{"@type":"Organization","@id":"https:\/\/www.horendgoed.nl\/de\/#organization","name":"Horend Goed","url":"https:\/\/www.horendgoed.nl\/de\/","logo":{"@type":"ImageObject","inLanguage":"de","@id":"https:\/\/www.horendgoed.nl\/de\/#\/schema\/logo\/image\/","url":"https:\/\/www.horendgoed.nl\/wp-content\/uploads\/2021\/05\/Logo-groot-e1621862526979.png","contentUrl":"https:\/\/www.horendgoed.nl\/wp-content\/uploads\/2021\/05\/Logo-groot-e1621862526979.png","width":509,"height":100,"caption":"Horend Goed"},"image":{"@id":"https:\/\/www.horendgoed.nl\/de\/#\/schema\/logo\/image\/"},"sameAs":["https:\/\/www.facebook.com\/horendgoed","https:\/\/www.instagram.com\/horendgoed\/","https:\/\/www.linkedin.com\/company\/horend-goed\/","https:\/\/www.youtube.com\/@horendgoed"],"email":"info@horendgoed.nl","telephone":"075 20 25 203","vatID":"NL 853 756 193 B01"}]}},"jetpack_sharing_enabled":true,"_links":{"self":[{"href":"https:\/\/www.horendgoed.nl\/de\/wp-json\/wp\/v2\/product\/131122","targetHints":{"allow":["GET"]}}],"collection":[{"href":"https:\/\/www.horendgoed.nl\/de\/wp-json\/wp\/v2\/product"}],"about":[{"href":"https:\/\/www.horendgoed.nl\/de\/wp-json\/wp\/v2\/types\/product"}],"wp:featuredmedia":[{"embeddable":true,"href":"https:\/\/www.horendgoed.nl\/de\/wp-json\/wp\/v2\/media\/118070"}],"wp:attachment":[{"href":"https:\/\/www.horendgoed.nl\/de\/wp-json\/wp\/v2\/media?parent=131122"}],"wp:term":[{"taxonomy":"product_brand","embeddable":true,"href":"https:\/\/www.horendgoed.nl\/de\/wp-json\/wp\/v2\/product_brand?post=131122"},{"taxonomy":"product_cat","embeddable":true,"href":"https:\/\/www.horendgoed.nl\/de\/wp-json\/wp\/v2\/product_cat?post=131122"},{"taxonomy":"product_tag","embeddable":true,"href":"https:\/\/www.horendgoed.nl\/de\/wp-json\/wp\/v2\/product_tag?post=131122"}],"curies":[{"name":"wp","href":"https:\/\/api.w.org\/{rel}","templated":true}]}}