{"id":131125,"date":"2023-03-30T15:50:48","date_gmt":"2023-03-30T13:50:48","guid":{"rendered":"https:\/\/www.horendgoed.nl\/shop\/unkategorisiert\/alecto-ohrenschuetzer-kinder-orange\/"},"modified":"2025-03-24T12:56:39","modified_gmt":"2025-03-24T11:56:39","slug":"alecto-ohrenschuetzer-kinder-orange","status":"publish","type":"product","link":"https:\/\/www.horendgoed.nl\/de\/shop\/gehorschutz\/gehorschutzer-fur-kinder\/alecto-ohrenschuetzer-kinder-orange\/","title":{"rendered":"Alecto Ohrensch\u00fctzer Kinder orange"},"content":{"rendered":"<p><strong>Geh\u00f6rschutz f\u00fcr Ihr Kind: Warum genau?<\/strong><\/p>\n<p>Viele Kinder leiden unter einer H\u00f6rbehinderung. Und leider wird diese Gruppe immer gr\u00f6\u00dfer. Das haben mehrere Studien gezeigt. Und auch die Ursache ist klar: Das Geh\u00f6r eines Kindes befindet sich noch in der Entwicklung und ist daher weniger widerstandsf\u00e4hig gegen\u00fcber lautem L\u00e4rm. Hinzu kommt, dass wir in einer Gesellschaft leben, in der man manchmal mit vielen Dezibel konfrontiert wird, wie z.B. beim Feuerwerk zu Silvester oder bei den Beschallungsanlagen auf Festivals, Messen und anderen Veranstaltungen.    <\/p>\n<p><strong>Zu einem Festival mit Ihrem Kind: Nehmen Sie einen Geh\u00f6rschutz mit!<\/strong><\/p>\n<p>Einer der Orte, an denen Kinder zunehmend \u00fcberm\u00e4\u00dfig lautem L\u00e4rm ausgesetzt sind, sind Festivals. In den letzten Jahren wurden immer mehr Festivals veranstaltet, und die Besucherzielgruppe ist breiter denn je. Wo fr\u00fcher vor allem junge Leute die Festivalpl\u00e4tze bev\u00f6lkerten, ist das heute nicht mehr der Fall. Sie sind zu Veranstaltungen geworden, zu denen jeder kommt, um Musik und Kultur zu genie\u00dfen. Sogar Eltern mit (kleinen) Kindern machen aus einem Festival einen unterhaltsamen Tagesausflug. Und das ist nat\u00fcrlich ein gro\u00dfer Spa\u00df, f\u00fcr alle zusammen. Aber wenn Sie Ihr Kind zu einem Musikfestival mitnehmen, ist es ratsam, einen guten Geh\u00f6rschutz mitzunehmen. Der BV-71 Geh\u00f6rschutz f\u00fcr Kinder von Alecto ist in dieser Hinsicht eine gute Wahl:       <\/p>\n<ul>\n<li>Der Geh\u00f6rschutz d\u00e4mpft sch\u00e4dliche und laute Ger\u00e4usche, schirmt Ihr Kind aber nicht vom Umgebungsl\u00e4rm ab (D\u00e4mpfung 29dB SNR).<\/li>\n<li>Der Geh\u00f6rschutz ist leicht und faltbar, so dass er einfach zu tragen ist (ideal f\u00fcr Veranstaltungen und Festivals).<\/li>\n<li>Dank seiner universellen Passform ist dieser L\u00e4rmschutz f\u00fcr Kinder ab 18 Monaten geeignet.<\/li>\n<li>Komfortabel dank des weichen Kopfbandes<\/li>\n<li>Ausgef\u00fchrt in einer frischen Farbe<\/li>\n<li>Alecto: Produkte, die das Leben der Eltern erleichtern<\/li>\n<\/ul>\n<p>Alecto ist bekannt f\u00fcr Produkte, die modernen jungen Eltern das Leben leichter machen. Sie kennen uns vielleicht von unseren preisgekr\u00f6nten Babyphones, aber unser Sortiment ist viel breiter als nur das. Der BV-71 Geh\u00f6rschutz f\u00fcr Kinder wurde in unseren eigenen F&amp;E-Einrichtungen an unserem Hauptsitz in Den Bosch, Niederlande, entwickelt. Wir haben umfangreiche Tests durchgef\u00fchrt und uns getraut, um zu garantieren, dass dies ein Spitzenprodukt zum Schutz des Geh\u00f6rs Ihres Kindes ist. Mit Alecto entscheiden Sie sich f\u00fcr ein gut durchdachtes und benutzerfreundliches Produkt von hoher Qualit\u00e4t.    <\/p>\n<p><strong>Was ist in der Box?<\/strong><\/p>\n<ul>\n<li>Geh\u00f6rsch\u00fctzer<\/li>\n<li>Handbuch EN \/ DE \/ FR<\/li>\n<li>Universal-Handbuch<\/li>\n<\/ul>\n","protected":false},"excerpt":{"rendered":"<p>Geh\u00f6rschutz f\u00fcr Ihr Kind: Warum genau? Viele Kinder leiden unter einer H\u00f6rbehinderung. Und leider wird diese Gruppe immer gr\u00f6\u00dfer. Das haben mehrere Studien gezeigt. Und auch die Ursache ist klar: Das Geh\u00f6r eines Kindes befindet sich noch in der Entwicklung und ist daher weniger widerstandsf\u00e4hig gegen\u00fcber lautem L\u00e4rm. Hinzu kommt, dass wir in einer Gesellschaft &hellip; <\/p>\n","protected":false},"featured_media":0,"template":"","meta":{"_acf_changed":false},"product_brand":[],"product_cat":[4609,4959,4958],"product_tag":[],"class_list":["post-131125","product","type-product","status-publish","product_cat-gehorschutz","product_cat-gehorschutz-de","product_cat-gehorschutzer-fur-kinder","grid-sizer","latest_post","first","outofstock","taxable","shipping-taxable","purchasable","product-type-simple"],"acf":[],"yoast_head":"<!-- This site is optimized with the Yoast SEO Premium plugin v27.4 (Yoast SEO v28.3) - https:\/\/yoast.com\/product\/yoast-seo-premium-wordpress\/ -->\n<title>Alecto Ohrensch\u00fctzer Kinder orange | Horend Goed Audiciens<\/title>\n<meta name=\"robots\" content=\"index, follow, max-snippet:-1, max-image-preview:large, max-video-preview:-1\" \/>\n<link rel=\"canonical\" href=\"https:\/\/www.horendgoed.nl\/de\/shop\/gehorschutz\/gehorschutzer-fur-kinder\/alecto-ohrenschuetzer-kinder-orange\/\" \/>\n<meta property=\"og:locale\" content=\"de_DE\" \/>\n<meta property=\"og:type\" content=\"article\" \/>\n<meta property=\"og:title\" content=\"Alecto Ohrensch\u00fctzer Kinder orange\" \/>\n<meta property=\"og:description\" content=\"Geh\u00f6rschutz f\u00fcr Ihr Kind: Warum genau? Viele Kinder leiden unter einer H\u00f6rbehinderung. Und leider wird diese Gruppe immer gr\u00f6\u00dfer. Das haben mehrere Studien gezeigt. Und auch die Ursache ist klar: Das Geh\u00f6r eines Kindes befindet sich noch in der Entwicklung und ist daher weniger widerstandsf\u00e4hig gegen\u00fcber lautem L\u00e4rm. Hinzu kommt, dass wir in einer Gesellschaft &hellip;\" \/>\n<meta property=\"og:url\" content=\"https:\/\/www.horendgoed.nl\/de\/shop\/gehorschutz\/gehorschutzer-fur-kinder\/alecto-ohrenschuetzer-kinder-orange\/\" \/>\n<meta property=\"og:site_name\" content=\"Horend Goed Audiciens\" \/>\n<meta property=\"article:publisher\" content=\"https:\/\/www.facebook.com\/horendgoed\" \/>\n<meta property=\"article:modified_time\" content=\"2025-03-24T11:56:39+00:00\" \/>\n<meta property=\"og:image\" content=\"https:\/\/www.horendgoed.nl\/wp-content\/uploads\/2023\/10\/Horend-Goed-Yoast.jpg\" \/>\n\t<meta property=\"og:image:width\" content=\"1200\" \/>\n\t<meta property=\"og:image:height\" content=\"675\" \/>\n\t<meta property=\"og:image:type\" content=\"image\/jpeg\" \/>\n<script type=\"application\/ld+json\" class=\"yoast-schema-graph\">{\"@context\":\"https:\\\/\\\/schema.org\",\"@graph\":[{\"@type\":\"WebPage\",\"@id\":\"https:\\\/\\\/www.horendgoed.nl\\\/de\\\/shop\\\/gehorschutz\\\/gehorschutzer-fur-kinder\\\/alecto-ohrenschuetzer-kinder-orange\\\/\",\"url\":\"https:\\\/\\\/www.horendgoed.nl\\\/de\\\/shop\\\/gehorschutz\\\/gehorschutzer-fur-kinder\\\/alecto-ohrenschuetzer-kinder-orange\\\/\",\"name\":\"Alecto Ohrensch\u00fctzer Kinder orange | Horend Goed Audiciens\",\"isPartOf\":{\"@id\":\"https:\\\/\\\/www.horendgoed.nl\\\/de\\\/#website\"},\"datePublished\":\"2023-03-30T13:50:48+00:00\",\"dateModified\":\"2025-03-24T11:56:39+00:00\",\"breadcrumb\":{\"@id\":\"https:\\\/\\\/www.horendgoed.nl\\\/de\\\/shop\\\/gehorschutz\\\/gehorschutzer-fur-kinder\\\/alecto-ohrenschuetzer-kinder-orange\\\/#breadcrumb\"},\"inLanguage\":\"de\",\"potentialAction\":[{\"@type\":\"ReadAction\",\"target\":[\"https:\\\/\\\/www.horendgoed.nl\\\/de\\\/shop\\\/gehorschutz\\\/gehorschutzer-fur-kinder\\\/alecto-ohrenschuetzer-kinder-orange\\\/\"]}]},{\"@type\":\"BreadcrumbList\",\"@id\":\"https:\\\/\\\/www.horendgoed.nl\\\/de\\\/shop\\\/gehorschutz\\\/gehorschutzer-fur-kinder\\\/alecto-ohrenschuetzer-kinder-orange\\\/#breadcrumb\",\"itemListElement\":[{\"@type\":\"ListItem\",\"position\":1,\"name\":\"Startseite\",\"item\":\"https:\\\/\\\/www.horendgoed.nl\\\/de\\\/\"},{\"@type\":\"ListItem\",\"position\":2,\"name\":\"Produkte\",\"item\":\"https:\\\/\\\/www.horendgoed.nl\\\/de\\\/shop-2\\\/produkte\\\/\"},{\"@type\":\"ListItem\",\"position\":3,\"name\":\"Alecto Ohrensch\u00fctzer Kinder orange\"}]},{\"@type\":\"WebSite\",\"@id\":\"https:\\\/\\\/www.horendgoed.nl\\\/de\\\/#website\",\"url\":\"https:\\\/\\\/www.horendgoed.nl\\\/de\\\/\",\"name\":\"Horend Goed Audiciens\",\"description\":\"Luistert Beter\",\"publisher\":{\"@id\":\"https:\\\/\\\/www.horendgoed.nl\\\/de\\\/#organization\"},\"potentialAction\":[{\"@type\":\"SearchAction\",\"target\":{\"@type\":\"EntryPoint\",\"urlTemplate\":\"https:\\\/\\\/www.horendgoed.nl\\\/de\\\/?s={search_term_string}\"},\"query-input\":{\"@type\":\"PropertyValueSpecification\",\"valueRequired\":true,\"valueName\":\"search_term_string\"}}],\"inLanguage\":\"de\"},{\"@type\":\"Organization\",\"@id\":\"https:\\\/\\\/www.horendgoed.nl\\\/de\\\/#organization\",\"name\":\"Horend Goed\",\"url\":\"https:\\\/\\\/www.horendgoed.nl\\\/de\\\/\",\"logo\":{\"@type\":\"ImageObject\",\"inLanguage\":\"de\",\"@id\":\"https:\\\/\\\/www.horendgoed.nl\\\/de\\\/#\\\/schema\\\/logo\\\/image\\\/\",\"url\":\"https:\\\/\\\/www.horendgoed.nl\\\/wp-content\\\/uploads\\\/2021\\\/05\\\/Logo-groot-e1621862526979.png\",\"contentUrl\":\"https:\\\/\\\/www.horendgoed.nl\\\/wp-content\\\/uploads\\\/2021\\\/05\\\/Logo-groot-e1621862526979.png\",\"width\":509,\"height\":100,\"caption\":\"Horend Goed\"},\"image\":{\"@id\":\"https:\\\/\\\/www.horendgoed.nl\\\/de\\\/#\\\/schema\\\/logo\\\/image\\\/\"},\"sameAs\":[\"https:\\\/\\\/www.facebook.com\\\/horendgoed\",\"https:\\\/\\\/www.instagram.com\\\/horendgoed\\\/\",\"https:\\\/\\\/www.linkedin.com\\\/company\\\/horend-goed\\\/\",\"https:\\\/\\\/www.youtube.com\\\/@horendgoed\"],\"email\":\"info@horendgoed.nl\",\"telephone\":\"075 20 25 203\",\"vatID\":\"NL 853 756 193 B01\"}]}<\/script>\n<!-- \/ Yoast SEO Premium plugin. -->","yoast_head_json":{"title":"Alecto Ohrensch\u00fctzer Kinder orange | Horend Goed Audiciens","robots":{"index":"index","follow":"follow","max-snippet":"max-snippet:-1","max-image-preview":"max-image-preview:large","max-video-preview":"max-video-preview:-1"},"canonical":"https:\/\/www.horendgoed.nl\/de\/shop\/gehorschutz\/gehorschutzer-fur-kinder\/alecto-ohrenschuetzer-kinder-orange\/","og_locale":"de_DE","og_type":"article","og_title":"Alecto Ohrensch\u00fctzer Kinder orange","og_description":"Geh\u00f6rschutz f\u00fcr Ihr Kind: Warum genau? Viele Kinder leiden unter einer H\u00f6rbehinderung. Und leider wird diese Gruppe immer gr\u00f6\u00dfer. Das haben mehrere Studien gezeigt. Und auch die Ursache ist klar: Das Geh\u00f6r eines Kindes befindet sich noch in der Entwicklung und ist daher weniger widerstandsf\u00e4hig gegen\u00fcber lautem L\u00e4rm. Hinzu kommt, dass wir in einer Gesellschaft &hellip;","og_url":"https:\/\/www.horendgoed.nl\/de\/shop\/gehorschutz\/gehorschutzer-fur-kinder\/alecto-ohrenschuetzer-kinder-orange\/","og_site_name":"Horend Goed Audiciens","article_publisher":"https:\/\/www.facebook.com\/horendgoed","article_modified_time":"2025-03-24T11:56:39+00:00","og_image":[{"width":1200,"height":675,"url":"https:\/\/www.horendgoed.nl\/wp-content\/uploads\/2023\/10\/Horend-Goed-Yoast.jpg","type":"image\/jpeg"}],"schema":{"@context":"https:\/\/schema.org","@graph":[{"@type":"WebPage","@id":"https:\/\/www.horendgoed.nl\/de\/shop\/gehorschutz\/gehorschutzer-fur-kinder\/alecto-ohrenschuetzer-kinder-orange\/","url":"https:\/\/www.horendgoed.nl\/de\/shop\/gehorschutz\/gehorschutzer-fur-kinder\/alecto-ohrenschuetzer-kinder-orange\/","name":"Alecto Ohrensch\u00fctzer Kinder orange | Horend Goed Audiciens","isPartOf":{"@id":"https:\/\/www.horendgoed.nl\/de\/#website"},"datePublished":"2023-03-30T13:50:48+00:00","dateModified":"2025-03-24T11:56:39+00:00","breadcrumb":{"@id":"https:\/\/www.horendgoed.nl\/de\/shop\/gehorschutz\/gehorschutzer-fur-kinder\/alecto-ohrenschuetzer-kinder-orange\/#breadcrumb"},"inLanguage":"de","potentialAction":[{"@type":"ReadAction","target":["https:\/\/www.horendgoed.nl\/de\/shop\/gehorschutz\/gehorschutzer-fur-kinder\/alecto-ohrenschuetzer-kinder-orange\/"]}]},{"@type":"BreadcrumbList","@id":"https:\/\/www.horendgoed.nl\/de\/shop\/gehorschutz\/gehorschutzer-fur-kinder\/alecto-ohrenschuetzer-kinder-orange\/#breadcrumb","itemListElement":[{"@type":"ListItem","position":1,"name":"Startseite","item":"https:\/\/www.horendgoed.nl\/de\/"},{"@type":"ListItem","position":2,"name":"Produkte","item":"https:\/\/www.horendgoed.nl\/de\/shop-2\/produkte\/"},{"@type":"ListItem","position":3,"name":"Alecto Ohrensch\u00fctzer Kinder orange"}]},{"@type":"WebSite","@id":"https:\/\/www.horendgoed.nl\/de\/#website","url":"https:\/\/www.horendgoed.nl\/de\/","name":"Horend Goed Audiciens","description":"Luistert Beter","publisher":{"@id":"https:\/\/www.horendgoed.nl\/de\/#organization"},"potentialAction":[{"@type":"SearchAction","target":{"@type":"EntryPoint","urlTemplate":"https:\/\/www.horendgoed.nl\/de\/?s={search_term_string}"},"query-input":{"@type":"PropertyValueSpecification","valueRequired":true,"valueName":"search_term_string"}}],"inLanguage":"de"},{"@type":"Organization","@id":"https:\/\/www.horendgoed.nl\/de\/#organization","name":"Horend Goed","url":"https:\/\/www.horendgoed.nl\/de\/","logo":{"@type":"ImageObject","inLanguage":"de","@id":"https:\/\/www.horendgoed.nl\/de\/#\/schema\/logo\/image\/","url":"https:\/\/www.horendgoed.nl\/wp-content\/uploads\/2021\/05\/Logo-groot-e1621862526979.png","contentUrl":"https:\/\/www.horendgoed.nl\/wp-content\/uploads\/2021\/05\/Logo-groot-e1621862526979.png","width":509,"height":100,"caption":"Horend Goed"},"image":{"@id":"https:\/\/www.horendgoed.nl\/de\/#\/schema\/logo\/image\/"},"sameAs":["https:\/\/www.facebook.com\/horendgoed","https:\/\/www.instagram.com\/horendgoed\/","https:\/\/www.linkedin.com\/company\/horend-goed\/","https:\/\/www.youtube.com\/@horendgoed"],"email":"info@horendgoed.nl","telephone":"075 20 25 203","vatID":"NL 853 756 193 B01"}]}},"jetpack_sharing_enabled":true,"_links":{"self":[{"href":"https:\/\/www.horendgoed.nl\/de\/wp-json\/wp\/v2\/product\/131125","targetHints":{"allow":["GET"]}}],"collection":[{"href":"https:\/\/www.horendgoed.nl\/de\/wp-json\/wp\/v2\/product"}],"about":[{"href":"https:\/\/www.horendgoed.nl\/de\/wp-json\/wp\/v2\/types\/product"}],"wp:attachment":[{"href":"https:\/\/www.horendgoed.nl\/de\/wp-json\/wp\/v2\/media?parent=131125"}],"wp:term":[{"taxonomy":"product_brand","embeddable":true,"href":"https:\/\/www.horendgoed.nl\/de\/wp-json\/wp\/v2\/product_brand?post=131125"},{"taxonomy":"product_cat","embeddable":true,"href":"https:\/\/www.horendgoed.nl\/de\/wp-json\/wp\/v2\/product_cat?post=131125"},{"taxonomy":"product_tag","embeddable":true,"href":"https:\/\/www.horendgoed.nl\/de\/wp-json\/wp\/v2\/product_tag?post=131125"}],"curies":[{"name":"wp","href":"https:\/\/api.w.org\/{rel}","templated":true}]}}