{"id":172703,"date":"2023-03-30T15:50:48","date_gmt":"2023-03-30T13:50:48","guid":{"rendered":"https:\/\/www.horendgoed.nl\/shop\/sin%20categor\u00eda\/orejeras-alecto-ninos-naranja\/"},"modified":"2025-03-24T10:09:35","modified_gmt":"2025-03-24T09:09:35","slug":"orejeras-alecto-ninos-naranja","status":"publish","type":"product","link":"https:\/\/www.horendgoed.nl\/es\/shop\/proteccion-auditiva\/protectores-auditivos-para-ninos\/orejeras-alecto-ninos-naranja\/","title":{"rendered":"Orejeras Alecto ni\u00f1os naranja"},"content":{"rendered":"<p><strong>Protecci\u00f3n auditiva para tu hijo: \u00bfpor qu\u00e9 exactamente?<\/strong><\/p>\n<p>Muchos ni\u00f1os padecen deficiencias auditivas debidas a hipoacusia. Y, por desgracia, ese grupo no deja de aumentar. Varios estudios lo han demostrado. Y la causa tambi\u00e9n est\u00e1 clara: el o\u00eddo de un ni\u00f1o todav\u00eda se est\u00e1 desarrollando y, por tanto, es menos resistente a los ruidos fuertes. A esto hay que a\u00f1adir que vivimos en una sociedad en la que a veces hay que enfrentarse a muchos decibelios, como los fuegos artificiales de Nochevieja o los equipos de sonido de festivales, ferias y otros eventos.    <\/p>\n<p><strong>Si vas a un festival con tu hijo: \u00a1lleva protecci\u00f3n auditiva!<\/strong><\/p>\n<p>Uno de los lugares donde los ni\u00f1os est\u00e1n cada vez m\u00e1s expuestos a ruidos excesivos son los festivales. En los \u00faltimos a\u00f1os, se han organizado cada vez m\u00e1s festivales, y el grupo objetivo de visitantes es m\u00e1s amplio que nunca. Si antes los festivales estaban poblados principalmente por j\u00f3venes, ahora ya no es as\u00ed. Se han convertido en acontecimientos a los que acude todo el mundo para disfrutar de la m\u00fasica y la cultura. Incluso los padres con hijos (peque\u00f1os) convierten un festival en un d\u00eda de diversi\u00f3n. Y eso, por supuesto, es muy divertido, todo junto. Pero si llevas a tu hijo a un festival de m\u00fasica, conviene que lleve una buena protecci\u00f3n auditiva. La protecci\u00f3n auditiva BV-71 de Alecto para ni\u00f1os es una gran elecci\u00f3n en este sentido:       <\/p>\n<ul>\n<li>El protector auditivo aten\u00faa los sonidos nocivos y fuertes, pero no a\u00edsla a tu hijo del ruido ambiental (atenuaci\u00f3n 29 dB SNR).<\/li>\n<li>La protecci\u00f3n auditiva es ligera y plegable, por lo que es f\u00e1cil de transportar (ideal para eventos y festivales).<\/li>\n<li>Gracias a su ajuste universal, este antirruido es adecuado para ni\u00f1os a partir de 18 meses.<\/li>\n<li>C\u00f3modo gracias a la suave diadema<\/li>\n<li>Ejecutado en un color fresco<\/li>\n<li>Alecto: productos que facilitan la vida de los padres<\/li>\n<\/ul>\n<p>Alecto es conocida por sus productos que facilitan la vida a los j\u00f3venes padres modernos. Puede que nos conozcas por nuestros galardonados vigilabeb\u00e9s, pero nuestra gama es mucho m\u00e1s amplia que eso. El protector auditivo BV-71 para ni\u00f1os se ha desarrollado en nuestras propias instalaciones de I+D, en nuestra sede de Den Bosch (Pa\u00edses Bajos). Hemos realizado pruebas exhaustivas y nos atrevemos a garantizar que se trata de un producto de primera para proteger la audici\u00f3n de tu hijo. Con Alecto, eliges un producto de alta calidad, bien pensado y f\u00e1cil de usar.    <\/p>\n<p><strong>\u00bfQu\u00e9 hay en la caja?<\/strong><\/p>\n<ul>\n<li>Protector auditivo<\/li>\n<li>Manual EN \/ DE \/ FR<\/li>\n<li>Manual universal<\/li>\n<\/ul>\n","protected":false},"excerpt":{"rendered":"<p>Protecci\u00f3n auditiva para tu hijo: \u00bfpor qu\u00e9 exactamente? Muchos ni\u00f1os padecen deficiencias auditivas debidas a hipoacusia. Y, por desgracia, ese grupo no deja de aumentar. Varios estudios lo han demostrado. Y la causa tambi\u00e9n est\u00e1 clara: el o\u00eddo de un ni\u00f1o todav\u00eda se est\u00e1 desarrollando y, por tanto, es menos resistente a los ruidos fuertes. &hellip; <\/p>\n","protected":false},"featured_media":0,"template":"","meta":{"_acf_changed":false},"product_brand":[],"product_cat":[12401,12381,12400],"product_tag":[],"class_list":["post-172703","product","type-product","status-publish","product_cat-orejeras","product_cat-proteccion-auditiva","product_cat-protectores-auditivos-para-ninos","grid-sizer","latest_post","first","outofstock","taxable","shipping-taxable","purchasable","product-type-simple"],"acf":[],"yoast_head":"<!-- This site is optimized with the Yoast SEO Premium plugin v27.4 (Yoast SEO v28.3) - https:\/\/yoast.com\/product\/yoast-seo-premium-wordpress\/ -->\n<title>Orejeras Alecto ni\u00f1os naranja | Horend Goed Audiciens<\/title>\n<meta name=\"robots\" content=\"index, follow, max-snippet:-1, max-image-preview:large, max-video-preview:-1\" \/>\n<link rel=\"canonical\" href=\"https:\/\/www.horendgoed.nl\/es\/shop\/proteccion-auditiva\/protectores-auditivos-para-ninos\/orejeras-alecto-ninos-naranja\/\" \/>\n<meta property=\"og:locale\" content=\"es_ES\" \/>\n<meta property=\"og:type\" content=\"article\" \/>\n<meta property=\"og:title\" content=\"Orejeras Alecto ni\u00f1os naranja\" \/>\n<meta property=\"og:description\" content=\"Protecci\u00f3n auditiva para tu hijo: \u00bfpor qu\u00e9 exactamente? Muchos ni\u00f1os padecen deficiencias auditivas debidas a hipoacusia. Y, por desgracia, ese grupo no deja de aumentar. Varios estudios lo han demostrado. Y la causa tambi\u00e9n est\u00e1 clara: el o\u00eddo de un ni\u00f1o todav\u00eda se est\u00e1 desarrollando y, por tanto, es menos resistente a los ruidos fuertes. &hellip;\" \/>\n<meta property=\"og:url\" content=\"https:\/\/www.horendgoed.nl\/es\/shop\/proteccion-auditiva\/protectores-auditivos-para-ninos\/orejeras-alecto-ninos-naranja\/\" \/>\n<meta property=\"og:site_name\" content=\"Horend Goed Audiciens\" \/>\n<meta property=\"article:publisher\" content=\"https:\/\/www.facebook.com\/horendgoed\" \/>\n<meta property=\"article:modified_time\" content=\"2025-03-24T09:09:35+00:00\" \/>\n<meta property=\"og:image\" content=\"https:\/\/www.horendgoed.nl\/wp-content\/uploads\/2023\/10\/Horend-Goed-Yoast.jpg\" \/>\n\t<meta property=\"og:image:width\" content=\"1200\" \/>\n\t<meta property=\"og:image:height\" content=\"675\" \/>\n\t<meta property=\"og:image:type\" content=\"image\/jpeg\" \/>\n<script type=\"application\/ld+json\" class=\"yoast-schema-graph\">{\"@context\":\"https:\\\/\\\/schema.org\",\"@graph\":[{\"@type\":\"WebPage\",\"@id\":\"https:\\\/\\\/www.horendgoed.nl\\\/es\\\/shop\\\/proteccion-auditiva\\\/protectores-auditivos-para-ninos\\\/orejeras-alecto-ninos-naranja\\\/\",\"url\":\"https:\\\/\\\/www.horendgoed.nl\\\/es\\\/shop\\\/proteccion-auditiva\\\/protectores-auditivos-para-ninos\\\/orejeras-alecto-ninos-naranja\\\/\",\"name\":\"Orejeras Alecto ni\u00f1os naranja | Horend Goed Audiciens\",\"isPartOf\":{\"@id\":\"https:\\\/\\\/www.horendgoed.nl\\\/es\\\/#website\"},\"datePublished\":\"2023-03-30T13:50:48+00:00\",\"dateModified\":\"2025-03-24T09:09:35+00:00\",\"breadcrumb\":{\"@id\":\"https:\\\/\\\/www.horendgoed.nl\\\/es\\\/shop\\\/proteccion-auditiva\\\/protectores-auditivos-para-ninos\\\/orejeras-alecto-ninos-naranja\\\/#breadcrumb\"},\"inLanguage\":\"es\",\"potentialAction\":[{\"@type\":\"ReadAction\",\"target\":[\"https:\\\/\\\/www.horendgoed.nl\\\/es\\\/shop\\\/proteccion-auditiva\\\/protectores-auditivos-para-ninos\\\/orejeras-alecto-ninos-naranja\\\/\"]}]},{\"@type\":\"BreadcrumbList\",\"@id\":\"https:\\\/\\\/www.horendgoed.nl\\\/es\\\/shop\\\/proteccion-auditiva\\\/protectores-auditivos-para-ninos\\\/orejeras-alecto-ninos-naranja\\\/#breadcrumb\",\"itemListElement\":[{\"@type\":\"ListItem\",\"position\":1,\"name\":\"Inicio\",\"item\":\"https:\\\/\\\/www.horendgoed.nl\\\/es\\\/\"},{\"@type\":\"ListItem\",\"position\":2,\"name\":\"Productos\",\"item\":\"https:\\\/\\\/www.horendgoed.nl\\\/es\\\/tienda\\\/productos\\\/\"},{\"@type\":\"ListItem\",\"position\":3,\"name\":\"Orejeras Alecto ni\u00f1os naranja\"}]},{\"@type\":\"WebSite\",\"@id\":\"https:\\\/\\\/www.horendgoed.nl\\\/es\\\/#website\",\"url\":\"https:\\\/\\\/www.horendgoed.nl\\\/es\\\/\",\"name\":\"Horend Goed Audiciens\",\"description\":\"Luistert Beter\",\"publisher\":{\"@id\":\"https:\\\/\\\/www.horendgoed.nl\\\/es\\\/#organization\"},\"potentialAction\":[{\"@type\":\"SearchAction\",\"target\":{\"@type\":\"EntryPoint\",\"urlTemplate\":\"https:\\\/\\\/www.horendgoed.nl\\\/es\\\/?s={search_term_string}\"},\"query-input\":{\"@type\":\"PropertyValueSpecification\",\"valueRequired\":true,\"valueName\":\"search_term_string\"}}],\"inLanguage\":\"es\"},{\"@type\":\"Organization\",\"@id\":\"https:\\\/\\\/www.horendgoed.nl\\\/es\\\/#organization\",\"name\":\"Horend Goed\",\"url\":\"https:\\\/\\\/www.horendgoed.nl\\\/es\\\/\",\"logo\":{\"@type\":\"ImageObject\",\"inLanguage\":\"es\",\"@id\":\"https:\\\/\\\/www.horendgoed.nl\\\/es\\\/#\\\/schema\\\/logo\\\/image\\\/\",\"url\":\"https:\\\/\\\/www.horendgoed.nl\\\/wp-content\\\/uploads\\\/2021\\\/05\\\/Logo-groot-e1621862526979.png\",\"contentUrl\":\"https:\\\/\\\/www.horendgoed.nl\\\/wp-content\\\/uploads\\\/2021\\\/05\\\/Logo-groot-e1621862526979.png\",\"width\":509,\"height\":100,\"caption\":\"Horend Goed\"},\"image\":{\"@id\":\"https:\\\/\\\/www.horendgoed.nl\\\/es\\\/#\\\/schema\\\/logo\\\/image\\\/\"},\"sameAs\":[\"https:\\\/\\\/www.facebook.com\\\/horendgoed\",\"https:\\\/\\\/www.instagram.com\\\/horendgoed\\\/\",\"https:\\\/\\\/www.linkedin.com\\\/company\\\/horend-goed\\\/\",\"https:\\\/\\\/www.youtube.com\\\/@horendgoed\"],\"email\":\"info@horendgoed.nl\",\"telephone\":\"075 20 25 203\",\"vatID\":\"NL 853 756 193 B01\"}]}<\/script>\n<!-- \/ Yoast SEO Premium plugin. -->","yoast_head_json":{"title":"Orejeras Alecto ni\u00f1os naranja | Horend Goed Audiciens","robots":{"index":"index","follow":"follow","max-snippet":"max-snippet:-1","max-image-preview":"max-image-preview:large","max-video-preview":"max-video-preview:-1"},"canonical":"https:\/\/www.horendgoed.nl\/es\/shop\/proteccion-auditiva\/protectores-auditivos-para-ninos\/orejeras-alecto-ninos-naranja\/","og_locale":"es_ES","og_type":"article","og_title":"Orejeras Alecto ni\u00f1os naranja","og_description":"Protecci\u00f3n auditiva para tu hijo: \u00bfpor qu\u00e9 exactamente? Muchos ni\u00f1os padecen deficiencias auditivas debidas a hipoacusia. Y, por desgracia, ese grupo no deja de aumentar. Varios estudios lo han demostrado. Y la causa tambi\u00e9n est\u00e1 clara: el o\u00eddo de un ni\u00f1o todav\u00eda se est\u00e1 desarrollando y, por tanto, es menos resistente a los ruidos fuertes. &hellip;","og_url":"https:\/\/www.horendgoed.nl\/es\/shop\/proteccion-auditiva\/protectores-auditivos-para-ninos\/orejeras-alecto-ninos-naranja\/","og_site_name":"Horend Goed Audiciens","article_publisher":"https:\/\/www.facebook.com\/horendgoed","article_modified_time":"2025-03-24T09:09:35+00:00","og_image":[{"width":1200,"height":675,"url":"https:\/\/www.horendgoed.nl\/wp-content\/uploads\/2023\/10\/Horend-Goed-Yoast.jpg","type":"image\/jpeg"}],"schema":{"@context":"https:\/\/schema.org","@graph":[{"@type":"WebPage","@id":"https:\/\/www.horendgoed.nl\/es\/shop\/proteccion-auditiva\/protectores-auditivos-para-ninos\/orejeras-alecto-ninos-naranja\/","url":"https:\/\/www.horendgoed.nl\/es\/shop\/proteccion-auditiva\/protectores-auditivos-para-ninos\/orejeras-alecto-ninos-naranja\/","name":"Orejeras Alecto ni\u00f1os naranja | Horend Goed Audiciens","isPartOf":{"@id":"https:\/\/www.horendgoed.nl\/es\/#website"},"datePublished":"2023-03-30T13:50:48+00:00","dateModified":"2025-03-24T09:09:35+00:00","breadcrumb":{"@id":"https:\/\/www.horendgoed.nl\/es\/shop\/proteccion-auditiva\/protectores-auditivos-para-ninos\/orejeras-alecto-ninos-naranja\/#breadcrumb"},"inLanguage":"es","potentialAction":[{"@type":"ReadAction","target":["https:\/\/www.horendgoed.nl\/es\/shop\/proteccion-auditiva\/protectores-auditivos-para-ninos\/orejeras-alecto-ninos-naranja\/"]}]},{"@type":"BreadcrumbList","@id":"https:\/\/www.horendgoed.nl\/es\/shop\/proteccion-auditiva\/protectores-auditivos-para-ninos\/orejeras-alecto-ninos-naranja\/#breadcrumb","itemListElement":[{"@type":"ListItem","position":1,"name":"Inicio","item":"https:\/\/www.horendgoed.nl\/es\/"},{"@type":"ListItem","position":2,"name":"Productos","item":"https:\/\/www.horendgoed.nl\/es\/tienda\/productos\/"},{"@type":"ListItem","position":3,"name":"Orejeras Alecto ni\u00f1os naranja"}]},{"@type":"WebSite","@id":"https:\/\/www.horendgoed.nl\/es\/#website","url":"https:\/\/www.horendgoed.nl\/es\/","name":"Horend Goed Audiciens","description":"Luistert Beter","publisher":{"@id":"https:\/\/www.horendgoed.nl\/es\/#organization"},"potentialAction":[{"@type":"SearchAction","target":{"@type":"EntryPoint","urlTemplate":"https:\/\/www.horendgoed.nl\/es\/?s={search_term_string}"},"query-input":{"@type":"PropertyValueSpecification","valueRequired":true,"valueName":"search_term_string"}}],"inLanguage":"es"},{"@type":"Organization","@id":"https:\/\/www.horendgoed.nl\/es\/#organization","name":"Horend Goed","url":"https:\/\/www.horendgoed.nl\/es\/","logo":{"@type":"ImageObject","inLanguage":"es","@id":"https:\/\/www.horendgoed.nl\/es\/#\/schema\/logo\/image\/","url":"https:\/\/www.horendgoed.nl\/wp-content\/uploads\/2021\/05\/Logo-groot-e1621862526979.png","contentUrl":"https:\/\/www.horendgoed.nl\/wp-content\/uploads\/2021\/05\/Logo-groot-e1621862526979.png","width":509,"height":100,"caption":"Horend Goed"},"image":{"@id":"https:\/\/www.horendgoed.nl\/es\/#\/schema\/logo\/image\/"},"sameAs":["https:\/\/www.facebook.com\/horendgoed","https:\/\/www.instagram.com\/horendgoed\/","https:\/\/www.linkedin.com\/company\/horend-goed\/","https:\/\/www.youtube.com\/@horendgoed"],"email":"info@horendgoed.nl","telephone":"075 20 25 203","vatID":"NL 853 756 193 B01"}]}},"jetpack_sharing_enabled":true,"_links":{"self":[{"href":"https:\/\/www.horendgoed.nl\/es\/wp-json\/wp\/v2\/product\/172703","targetHints":{"allow":["GET"]}}],"collection":[{"href":"https:\/\/www.horendgoed.nl\/es\/wp-json\/wp\/v2\/product"}],"about":[{"href":"https:\/\/www.horendgoed.nl\/es\/wp-json\/wp\/v2\/types\/product"}],"wp:attachment":[{"href":"https:\/\/www.horendgoed.nl\/es\/wp-json\/wp\/v2\/media?parent=172703"}],"wp:term":[{"taxonomy":"product_brand","embeddable":true,"href":"https:\/\/www.horendgoed.nl\/es\/wp-json\/wp\/v2\/product_brand?post=172703"},{"taxonomy":"product_cat","embeddable":true,"href":"https:\/\/www.horendgoed.nl\/es\/wp-json\/wp\/v2\/product_cat?post=172703"},{"taxonomy":"product_tag","embeddable":true,"href":"https:\/\/www.horendgoed.nl\/es\/wp-json\/wp\/v2\/product_tag?post=172703"}],"curies":[{"name":"wp","href":"https:\/\/api.w.org\/{rel}","templated":true}]}}