{"id":172736,"date":"2023-03-30T14:50:38","date_gmt":"2023-03-30T12:50:38","guid":{"rendered":"https:\/\/www.horendgoed.nl\/shop\/sin%20categor\u00eda\/orejeras-alecto-ninos-verde\/"},"modified":"2025-10-31T17:37:00","modified_gmt":"2025-10-31T16:37:00","slug":"orejeras-alecto-ninos-verde","status":"publish","type":"product","link":"https:\/\/www.horendgoed.nl\/es\/shop\/proteccion-auditiva\/protectores-auditivos-para-ninos\/orejeras-alecto-ninos-verde\/","title":{"rendered":"Orejeras Alecto ni\u00f1os verde"},"content":{"rendered":"<h3>Orejeras Alecto BV-71 para ni\u00f1os a partir de 18 meses<\/h3>\n<h4>Protege la audici\u00f3n de tu hijo de los sonidos nocivos<\/h4>\n<p>Los ni\u00f1os peque\u00f1os est\u00e1n expuestos diariamente a diversos ruidos fuertes. Piensa en jugar con otros ni\u00f1os en el patio del colegio, en el ruido de una clase abarrotada, en el claxon de los coches en el tr\u00e1fico o en los juguetes que hacen ruido. \u00bfSab\u00edas que el ruido en un patio de colegio muy concurrido puede alcanzar a menudo los 85 decibelios o m\u00e1s? Los sonidos de 80 decibelios o m\u00e1s ya pueden ser perjudiciales para la audici\u00f3n, sobre todo en los ni\u00f1os peque\u00f1os.<\/p>\n<p>Como la audici\u00f3n a\u00fan se est\u00e1 desarrollando en los ni\u00f1os peque\u00f1os, es especialmente vulnerable. El o\u00eddo de un ni\u00f1o tolera menos sonidos que el de un adulto, por lo que los ruidos fuertes pueden da\u00f1arlo m\u00e1s r\u00e1pidamente. De hecho, las investigaciones demuestran que 1 de cada 8 ni\u00f1os sufre da\u00f1os auditivos permanentes. Esto puede provocar problemas a largo plazo, como trastornos de concentraci\u00f3n, problemas de sue\u00f1o, estr\u00e9s e incluso retrasos en el desarrollo del lenguaje. Como padre, naturalmente quieres hacer todo lo posible para evitar este da\u00f1o y proteger la audici\u00f3n de tu hijo.<\/p>\n<h4>Orejeras Alecto BV-71: La protecci\u00f3n auditiva ideal para los ni\u00f1os<\/h4>\n<p>Las <strong>orejeras Alecto BV-71<\/strong> est\u00e1n especialmente dise\u00f1adas para proteger el o\u00eddo de los ni\u00f1os a partir de 18 meses de edad frente a ruidos perjudiciales. Estas orejeras son ideales para su uso en entornos ruidosos, como fiestas, desfiles, espect\u00e1culos pirot\u00e9cnicos, conciertos y carreras de coches y motos. El protector auditivo Alecto puede atenuar los sonidos nocivos y fuertes hasta 29 decibelios, mientras el ni\u00f1o sigue en contacto con el entorno. Esto significa que tu hijo est\u00e1 seguro, sin estar completamente aislado del mundo exterior.<\/p>\n<p>Lo que hace que estas orejeras sean tan adecuadas para los ni\u00f1os no es s\u00f3lo la eficaz atenuaci\u00f3n del ruido, sino tambi\u00e9n la comodidad y facilidad de uso. Las orejeras Alecto BV-71 est\u00e1n disponibles en varios colores de moda, lo que las hace atractivas para que las lleven los ni\u00f1os. Adem\u00e1s, son plegables para que puedas llevarlas f\u00e1cilmente en una bolsa, ideal para viajes o vacaciones.<\/p>\n<h4>Comodidad y durabilidad en un solo producto<\/h4>\n<p>Las orejeras <strong>Alecto BV-71<\/strong> no s\u00f3lo son pr\u00e1cticas, sino tambi\u00e9n muy c\u00f3modas. La diadema ajustable garantiza que las orejeras crezcan con tu hijo, lo que significa que pueden utilizarse durante a\u00f1os. La diadema tiene un forro suave, que hace que las orejeras sean c\u00f3modas de llevar incluso durante un uso prolongado. Esto es especialmente importante para los ni\u00f1os peque\u00f1os, que pueden experimentar r\u00e1pidamente molestias cuando llevan orejeras peor dise\u00f1adas.   <\/p>\n<p>Gracias a la diadema ajustable y al ligero peso de las orejeras, tu hijo apenas notar\u00e1 que las lleva en la cabeza. Esto las hace ideales para un uso prolongado en situaciones en las que la protecci\u00f3n auditiva es esencial. <\/p>\n<h4>Ayuda con los problemas de concentraci\u00f3n<\/h4>\n<p>Adem\u00e1s de proteger contra los ruidos fuertes, las <strong>Orejeras Alecto BV-71<\/strong> tambi\u00e9n pueden ayudar con los problemas de concentraci\u00f3n. En un entorno ruidoso, como un aula o una habitaci\u00f3n concurrida, los ni\u00f1os pueden verse r\u00e1pidamente sobrecargados por el ruido ambiental. Esto puede dificultar que se concentren en sus tareas escolares o mientras leen.  <\/p>\n<p>Las orejeras Alecto ayudan a tu hijo a concentrarse amortiguando los sonidos que le distraen sin aislarle completamente de su entorno. Esto les facilita la concentraci\u00f3n en sus tareas y puede contribuir a un mejor rendimiento en el aprendizaje. <\/p>\n<h4>Conclusi\u00f3n: Elige una protecci\u00f3n auditiva fiable<\/h4>\n<p>Como padre, quieres lo mejor para tu hijo, y eso incluye proteger su audici\u00f3n de influencias perjudiciales. Las <strong>orejeras Alecto BV-71<\/strong> ofrecen una soluci\u00f3n eficaz y c\u00f3moda para ni\u00f1os a partir de 18 meses. Si buscas protecci\u00f3n auditiva para durante un evento o simplemente para ayudar a tu hijo a concentrarse mejor, el Alecto BV-71 es una elecci\u00f3n fiable. Protege hoy la audici\u00f3n de tu hijo con las orejeras Alecto BV-71 y evita da\u00f1os auditivos a largo plazo.<\/p>\n","protected":false},"excerpt":{"rendered":"<p>Orejeras Alecto BV-71 para ni\u00f1os a partir de 18 meses Protege la audici\u00f3n de tu hijo de los sonidos nocivos Los ni\u00f1os peque\u00f1os est\u00e1n expuestos diariamente a diversos ruidos fuertes. Piensa en jugar con otros ni\u00f1os en el patio del colegio, en el ruido de una clase abarrotada, en el claxon de los coches en &hellip; <\/p>\n","protected":false},"featured_media":172741,"template":"","meta":{"_acf_changed":false},"product_brand":[],"product_cat":[12401,12381,12400,12567],"product_tag":[],"class_list":["post-172736","product","type-product","status-publish","has-post-thumbnail","product_cat-orejeras","product_cat-proteccion-auditiva","product_cat-protectores-auditivos-para-ninos","product_cat-venta","grid-sizer","latest_post","first","outofstock","sale","taxable","shipping-taxable","purchasable","product-type-simple"],"acf":[],"yoast_head":"<!-- This site is optimized with the Yoast SEO Premium plugin v27.4 (Yoast SEO v28.3) - https:\/\/yoast.com\/product\/yoast-seo-premium-wordpress\/ -->\n<title>Orejeras Alecto ni\u00f1os verde | Horend Goed Audiciens<\/title>\n<meta name=\"robots\" content=\"index, follow, max-snippet:-1, max-image-preview:large, max-video-preview:-1\" \/>\n<link rel=\"canonical\" href=\"https:\/\/www.horendgoed.nl\/es\/shop\/proteccion-auditiva\/protectores-auditivos-para-ninos\/orejeras-alecto-ninos-verde\/\" \/>\n<meta property=\"og:locale\" content=\"es_ES\" \/>\n<meta property=\"og:type\" content=\"article\" \/>\n<meta property=\"og:title\" content=\"Orejeras Alecto ni\u00f1os verde\" \/>\n<meta property=\"og:description\" content=\"Orejeras Alecto BV-71 para ni\u00f1os a partir de 18 meses Protege la audici\u00f3n de tu hijo de los sonidos nocivos Los ni\u00f1os peque\u00f1os est\u00e1n expuestos diariamente a diversos ruidos fuertes. Piensa en jugar con otros ni\u00f1os en el patio del colegio, en el ruido de una clase abarrotada, en el claxon de los coches en &hellip;\" \/>\n<meta property=\"og:url\" content=\"https:\/\/www.horendgoed.nl\/es\/shop\/proteccion-auditiva\/protectores-auditivos-para-ninos\/orejeras-alecto-ninos-verde\/\" \/>\n<meta property=\"og:site_name\" content=\"Horend Goed Audiciens\" \/>\n<meta property=\"article:publisher\" content=\"https:\/\/www.facebook.com\/horendgoed\" \/>\n<meta property=\"article:modified_time\" content=\"2025-10-31T16:37:00+00:00\" \/>\n<meta property=\"og:image\" content=\"https:\/\/www.horendgoed.nl\/wp-content\/uploads\/2023\/03\/b4d2-0f06-4d73-82a2-800d6b53f8f3.png\" \/>\n\t<meta property=\"og:image:width\" content=\"1200\" \/>\n\t<meta property=\"og:image:height\" content=\"1200\" \/>\n\t<meta property=\"og:image:type\" content=\"image\/png\" \/>\n<script type=\"application\/ld+json\" class=\"yoast-schema-graph\">{\"@context\":\"https:\\\/\\\/schema.org\",\"@graph\":[{\"@type\":\"WebPage\",\"@id\":\"https:\\\/\\\/www.horendgoed.nl\\\/es\\\/shop\\\/proteccion-auditiva\\\/protectores-auditivos-para-ninos\\\/orejeras-alecto-ninos-verde\\\/\",\"url\":\"https:\\\/\\\/www.horendgoed.nl\\\/es\\\/shop\\\/proteccion-auditiva\\\/protectores-auditivos-para-ninos\\\/orejeras-alecto-ninos-verde\\\/\",\"name\":\"Orejeras Alecto ni\u00f1os verde | Horend Goed Audiciens\",\"isPartOf\":{\"@id\":\"https:\\\/\\\/www.horendgoed.nl\\\/es\\\/#website\"},\"primaryImageOfPage\":{\"@id\":\"https:\\\/\\\/www.horendgoed.nl\\\/es\\\/shop\\\/proteccion-auditiva\\\/protectores-auditivos-para-ninos\\\/orejeras-alecto-ninos-verde\\\/#primaryimage\"},\"image\":{\"@id\":\"https:\\\/\\\/www.horendgoed.nl\\\/es\\\/shop\\\/proteccion-auditiva\\\/protectores-auditivos-para-ninos\\\/orejeras-alecto-ninos-verde\\\/#primaryimage\"},\"thumbnailUrl\":\"https:\\\/\\\/www.horendgoed.nl\\\/wp-content\\\/uploads\\\/2023\\\/03\\\/b4d2-0f06-4d73-82a2-800d6b53f8f3.png\",\"datePublished\":\"2023-03-30T12:50:38+00:00\",\"dateModified\":\"2025-10-31T16:37:00+00:00\",\"breadcrumb\":{\"@id\":\"https:\\\/\\\/www.horendgoed.nl\\\/es\\\/shop\\\/proteccion-auditiva\\\/protectores-auditivos-para-ninos\\\/orejeras-alecto-ninos-verde\\\/#breadcrumb\"},\"inLanguage\":\"es\",\"potentialAction\":[{\"@type\":\"ReadAction\",\"target\":[\"https:\\\/\\\/www.horendgoed.nl\\\/es\\\/shop\\\/proteccion-auditiva\\\/protectores-auditivos-para-ninos\\\/orejeras-alecto-ninos-verde\\\/\"]}]},{\"@type\":\"ImageObject\",\"inLanguage\":\"es\",\"@id\":\"https:\\\/\\\/www.horendgoed.nl\\\/es\\\/shop\\\/proteccion-auditiva\\\/protectores-auditivos-para-ninos\\\/orejeras-alecto-ninos-verde\\\/#primaryimage\",\"url\":\"https:\\\/\\\/www.horendgoed.nl\\\/wp-content\\\/uploads\\\/2023\\\/03\\\/b4d2-0f06-4d73-82a2-800d6b53f8f3.png\",\"contentUrl\":\"https:\\\/\\\/www.horendgoed.nl\\\/wp-content\\\/uploads\\\/2023\\\/03\\\/b4d2-0f06-4d73-82a2-800d6b53f8f3.png\",\"width\":1200,\"height\":1200},{\"@type\":\"BreadcrumbList\",\"@id\":\"https:\\\/\\\/www.horendgoed.nl\\\/es\\\/shop\\\/proteccion-auditiva\\\/protectores-auditivos-para-ninos\\\/orejeras-alecto-ninos-verde\\\/#breadcrumb\",\"itemListElement\":[{\"@type\":\"ListItem\",\"position\":1,\"name\":\"Inicio\",\"item\":\"https:\\\/\\\/www.horendgoed.nl\\\/es\\\/\"},{\"@type\":\"ListItem\",\"position\":2,\"name\":\"Productos\",\"item\":\"https:\\\/\\\/www.horendgoed.nl\\\/es\\\/tienda\\\/productos\\\/\"},{\"@type\":\"ListItem\",\"position\":3,\"name\":\"Orejeras Alecto ni\u00f1os verde\"}]},{\"@type\":\"WebSite\",\"@id\":\"https:\\\/\\\/www.horendgoed.nl\\\/es\\\/#website\",\"url\":\"https:\\\/\\\/www.horendgoed.nl\\\/es\\\/\",\"name\":\"Horend Goed Audiciens\",\"description\":\"Luistert Beter\",\"publisher\":{\"@id\":\"https:\\\/\\\/www.horendgoed.nl\\\/es\\\/#organization\"},\"potentialAction\":[{\"@type\":\"SearchAction\",\"target\":{\"@type\":\"EntryPoint\",\"urlTemplate\":\"https:\\\/\\\/www.horendgoed.nl\\\/es\\\/?s={search_term_string}\"},\"query-input\":{\"@type\":\"PropertyValueSpecification\",\"valueRequired\":true,\"valueName\":\"search_term_string\"}}],\"inLanguage\":\"es\"},{\"@type\":\"Organization\",\"@id\":\"https:\\\/\\\/www.horendgoed.nl\\\/es\\\/#organization\",\"name\":\"Horend Goed\",\"url\":\"https:\\\/\\\/www.horendgoed.nl\\\/es\\\/\",\"logo\":{\"@type\":\"ImageObject\",\"inLanguage\":\"es\",\"@id\":\"https:\\\/\\\/www.horendgoed.nl\\\/es\\\/#\\\/schema\\\/logo\\\/image\\\/\",\"url\":\"https:\\\/\\\/www.horendgoed.nl\\\/wp-content\\\/uploads\\\/2021\\\/05\\\/Logo-groot-e1621862526979.png\",\"contentUrl\":\"https:\\\/\\\/www.horendgoed.nl\\\/wp-content\\\/uploads\\\/2021\\\/05\\\/Logo-groot-e1621862526979.png\",\"width\":509,\"height\":100,\"caption\":\"Horend Goed\"},\"image\":{\"@id\":\"https:\\\/\\\/www.horendgoed.nl\\\/es\\\/#\\\/schema\\\/logo\\\/image\\\/\"},\"sameAs\":[\"https:\\\/\\\/www.facebook.com\\\/horendgoed\",\"https:\\\/\\\/www.instagram.com\\\/horendgoed\\\/\",\"https:\\\/\\\/www.linkedin.com\\\/company\\\/horend-goed\\\/\",\"https:\\\/\\\/www.youtube.com\\\/@horendgoed\"],\"email\":\"info@horendgoed.nl\",\"telephone\":\"075 20 25 203\",\"vatID\":\"NL 853 756 193 B01\"}]}<\/script>\n<!-- \/ Yoast SEO Premium plugin. -->","yoast_head_json":{"title":"Orejeras Alecto ni\u00f1os verde | Horend Goed Audiciens","robots":{"index":"index","follow":"follow","max-snippet":"max-snippet:-1","max-image-preview":"max-image-preview:large","max-video-preview":"max-video-preview:-1"},"canonical":"https:\/\/www.horendgoed.nl\/es\/shop\/proteccion-auditiva\/protectores-auditivos-para-ninos\/orejeras-alecto-ninos-verde\/","og_locale":"es_ES","og_type":"article","og_title":"Orejeras Alecto ni\u00f1os verde","og_description":"Orejeras Alecto BV-71 para ni\u00f1os a partir de 18 meses Protege la audici\u00f3n de tu hijo de los sonidos nocivos Los ni\u00f1os peque\u00f1os est\u00e1n expuestos diariamente a diversos ruidos fuertes. Piensa en jugar con otros ni\u00f1os en el patio del colegio, en el ruido de una clase abarrotada, en el claxon de los coches en &hellip;","og_url":"https:\/\/www.horendgoed.nl\/es\/shop\/proteccion-auditiva\/protectores-auditivos-para-ninos\/orejeras-alecto-ninos-verde\/","og_site_name":"Horend Goed Audiciens","article_publisher":"https:\/\/www.facebook.com\/horendgoed","article_modified_time":"2025-10-31T16:37:00+00:00","og_image":[{"width":1200,"height":1200,"url":"https:\/\/www.horendgoed.nl\/wp-content\/uploads\/2023\/03\/b4d2-0f06-4d73-82a2-800d6b53f8f3.png","type":"image\/png"}],"schema":{"@context":"https:\/\/schema.org","@graph":[{"@type":"WebPage","@id":"https:\/\/www.horendgoed.nl\/es\/shop\/proteccion-auditiva\/protectores-auditivos-para-ninos\/orejeras-alecto-ninos-verde\/","url":"https:\/\/www.horendgoed.nl\/es\/shop\/proteccion-auditiva\/protectores-auditivos-para-ninos\/orejeras-alecto-ninos-verde\/","name":"Orejeras Alecto ni\u00f1os verde | Horend Goed Audiciens","isPartOf":{"@id":"https:\/\/www.horendgoed.nl\/es\/#website"},"primaryImageOfPage":{"@id":"https:\/\/www.horendgoed.nl\/es\/shop\/proteccion-auditiva\/protectores-auditivos-para-ninos\/orejeras-alecto-ninos-verde\/#primaryimage"},"image":{"@id":"https:\/\/www.horendgoed.nl\/es\/shop\/proteccion-auditiva\/protectores-auditivos-para-ninos\/orejeras-alecto-ninos-verde\/#primaryimage"},"thumbnailUrl":"https:\/\/www.horendgoed.nl\/wp-content\/uploads\/2023\/03\/b4d2-0f06-4d73-82a2-800d6b53f8f3.png","datePublished":"2023-03-30T12:50:38+00:00","dateModified":"2025-10-31T16:37:00+00:00","breadcrumb":{"@id":"https:\/\/www.horendgoed.nl\/es\/shop\/proteccion-auditiva\/protectores-auditivos-para-ninos\/orejeras-alecto-ninos-verde\/#breadcrumb"},"inLanguage":"es","potentialAction":[{"@type":"ReadAction","target":["https:\/\/www.horendgoed.nl\/es\/shop\/proteccion-auditiva\/protectores-auditivos-para-ninos\/orejeras-alecto-ninos-verde\/"]}]},{"@type":"ImageObject","inLanguage":"es","@id":"https:\/\/www.horendgoed.nl\/es\/shop\/proteccion-auditiva\/protectores-auditivos-para-ninos\/orejeras-alecto-ninos-verde\/#primaryimage","url":"https:\/\/www.horendgoed.nl\/wp-content\/uploads\/2023\/03\/b4d2-0f06-4d73-82a2-800d6b53f8f3.png","contentUrl":"https:\/\/www.horendgoed.nl\/wp-content\/uploads\/2023\/03\/b4d2-0f06-4d73-82a2-800d6b53f8f3.png","width":1200,"height":1200},{"@type":"BreadcrumbList","@id":"https:\/\/www.horendgoed.nl\/es\/shop\/proteccion-auditiva\/protectores-auditivos-para-ninos\/orejeras-alecto-ninos-verde\/#breadcrumb","itemListElement":[{"@type":"ListItem","position":1,"name":"Inicio","item":"https:\/\/www.horendgoed.nl\/es\/"},{"@type":"ListItem","position":2,"name":"Productos","item":"https:\/\/www.horendgoed.nl\/es\/tienda\/productos\/"},{"@type":"ListItem","position":3,"name":"Orejeras Alecto ni\u00f1os verde"}]},{"@type":"WebSite","@id":"https:\/\/www.horendgoed.nl\/es\/#website","url":"https:\/\/www.horendgoed.nl\/es\/","name":"Horend Goed Audiciens","description":"Luistert Beter","publisher":{"@id":"https:\/\/www.horendgoed.nl\/es\/#organization"},"potentialAction":[{"@type":"SearchAction","target":{"@type":"EntryPoint","urlTemplate":"https:\/\/www.horendgoed.nl\/es\/?s={search_term_string}"},"query-input":{"@type":"PropertyValueSpecification","valueRequired":true,"valueName":"search_term_string"}}],"inLanguage":"es"},{"@type":"Organization","@id":"https:\/\/www.horendgoed.nl\/es\/#organization","name":"Horend Goed","url":"https:\/\/www.horendgoed.nl\/es\/","logo":{"@type":"ImageObject","inLanguage":"es","@id":"https:\/\/www.horendgoed.nl\/es\/#\/schema\/logo\/image\/","url":"https:\/\/www.horendgoed.nl\/wp-content\/uploads\/2021\/05\/Logo-groot-e1621862526979.png","contentUrl":"https:\/\/www.horendgoed.nl\/wp-content\/uploads\/2021\/05\/Logo-groot-e1621862526979.png","width":509,"height":100,"caption":"Horend Goed"},"image":{"@id":"https:\/\/www.horendgoed.nl\/es\/#\/schema\/logo\/image\/"},"sameAs":["https:\/\/www.facebook.com\/horendgoed","https:\/\/www.instagram.com\/horendgoed\/","https:\/\/www.linkedin.com\/company\/horend-goed\/","https:\/\/www.youtube.com\/@horendgoed"],"email":"info@horendgoed.nl","telephone":"075 20 25 203","vatID":"NL 853 756 193 B01"}]}},"jetpack_sharing_enabled":true,"_links":{"self":[{"href":"https:\/\/www.horendgoed.nl\/es\/wp-json\/wp\/v2\/product\/172736","targetHints":{"allow":["GET"]}}],"collection":[{"href":"https:\/\/www.horendgoed.nl\/es\/wp-json\/wp\/v2\/product"}],"about":[{"href":"https:\/\/www.horendgoed.nl\/es\/wp-json\/wp\/v2\/types\/product"}],"wp:featuredmedia":[{"embeddable":true,"href":"https:\/\/www.horendgoed.nl\/es\/wp-json\/wp\/v2\/media\/172741"}],"wp:attachment":[{"href":"https:\/\/www.horendgoed.nl\/es\/wp-json\/wp\/v2\/media?parent=172736"}],"wp:term":[{"taxonomy":"product_brand","embeddable":true,"href":"https:\/\/www.horendgoed.nl\/es\/wp-json\/wp\/v2\/product_brand?post=172736"},{"taxonomy":"product_cat","embeddable":true,"href":"https:\/\/www.horendgoed.nl\/es\/wp-json\/wp\/v2\/product_cat?post=172736"},{"taxonomy":"product_tag","embeddable":true,"href":"https:\/\/www.horendgoed.nl\/es\/wp-json\/wp\/v2\/product_tag?post=172736"}],"curies":[{"name":"wp","href":"https:\/\/api.w.org\/{rel}","templated":true}]}}