{"id":271134,"date":"2025-12-05T11:20:13","date_gmt":"2025-12-05T10:20:13","guid":{"rendered":"https:\/\/www.horendgoed.nl\/shop\/sin categor\u00eda\/cupula-para-graves-bernafon-minifit\/"},"modified":"2025-12-05T11:20:13","modified_gmt":"2025-12-05T10:20:13","slug":"cupula-para-graves-bernafon-minifit","status":"publish","type":"product","link":"https:\/\/www.horendgoed.nl\/es\/shop\/accesorios\/cupulas\/cupula-para-graves-bernafon-minifit\/","title":{"rendered":"C\u00fapula para graves Bernafon minifit"},"content":{"rendered":"<p data-start=\"74\" data-end=\"153\"><strong data-start=\"74\" data-end=\"153\">C\u00fapula de graves MiniFit de Bernafon - Sonido confortable con una respuesta de graves extra c\u00e1lida<\/strong><\/p>\n<p data-start=\"155\" data-end=\"649\">Cuando se llevan aud\u00edfonos, no todo se reduce a la tecnolog\u00eda, sino tambi\u00e9n al ajuste correcto y a la experiencia sonora. Una parte importante de esto es la c\u00fapula: la suave punta de silicona que se coloca sobre el altavoz y se asienta en el canal auditivo. La <strong data-start=\"419\" data-end=\"449\">c\u00fapula de graves MiniFit de Ber<\/strong> nafon tiene una funci\u00f3n clara: potenciar unos graves c\u00e1lidos y con cuerpo, para que el sonido suene m\u00e1s natural, rico y agradable. Esta c\u00fapula garantiza que los aud\u00edfonos MiniFit de Bernafon rindan al m\u00e1ximo.   <\/p>\n<p data-start=\"651\" data-end=\"962\">Elegir la c\u00fapula MiniFit Bass significa elegir comodidad y mejora del sonido. El material se siente suave en el o\u00eddo y sella bien, reduciendo las fugas de sonido y haciendo que los sonidos graves sean m\u00e1s audibles. Esto hace que las conversaciones, pero sobre todo la m\u00fasica y los sonidos ambientales, sean m\u00e1s realistas y menos agudos.  <\/p>\n<hr data-start=\"964\" data-end=\"967\">\n<h3 data-start=\"969\" data-end=\"1023\">\u00bfQu\u00e9 hace especial a la c\u00fapula para bajos MiniFit de Bernafon?<\/h3>\n<p data-start=\"1025\" data-end=\"1441\">La c\u00fapula de graves MiniFit est\u00e1 dise\u00f1ada para que los tonos profundos sean m\u00e1s c\u00e1lidos y plenos. Esto se consigue mediante un sellado m\u00e1s herm\u00e9tico en el canal auditivo, que permite que se escape menos sonido. El resultado es un sonido natural, sin que los agudos pierdan detalle. Adem\u00e1s, el ajuste firme pero suave garantiza que la c\u00fapula permanezca en su sitio y reduce el riesgo de retroalimentaci\u00f3n o silbidos.   <\/p>\n<p data-start=\"1443\" data-end=\"1774\">La comodidad tambi\u00e9n desempe\u00f1a un papel importante. Las c\u00fapulas est\u00e1n hechas de silicona flexible y respetuosa con la piel, y son adecuadas para un uso prolongado sin irritaciones. La c\u00fapula se mueve ligeramente con el canal auditivo y no resulta dura ni opresiva. Esto hace que el producto sea adecuado para su uso diario, incluso para usuarios con o\u00eddos sensibles.   <\/p>\n<hr data-start=\"1776\" data-end=\"1779\">\n<h3 data-start=\"1781\" data-end=\"1830\">Adecuado para aud\u00edfonos MiniFit de Bernafon<\/h3>\n<p data-start=\"1832\" data-end=\"2140\">La Terminal de graves MiniFit est\u00e1 fabricada con una conexi\u00f3n espec\u00edfica para los aud\u00edfonos Bernafon con altavoces MiniFit. Esto garantiza una conexi\u00f3n perfectamente ajustada, sin holguras ni riesgo de aflojamiento. Las tapas simplemente encajan en el altavoz, lo que te permite sustituirlas t\u00fa mismo sin herramientas.  <\/p>\n<hr data-start=\"2142\" data-end=\"2145\">\n<h3 data-start=\"2147\" data-end=\"2181\">Disponible en varios tama\u00f1os<\/h3>\n<p data-start=\"2183\" data-end=\"2261\">Como cada canal auditivo es diferente, la c\u00fapula MiniFit Bass Dome est\u00e1 disponible en cuatro tama\u00f1os:<\/p>\n<ul data-start=\"2263\" data-end=\"2375\">\n<li data-start=\"2263\" data-end=\"2277\">\n<p data-start=\"2265\" data-end=\"2277\">6 mm (peque\u00f1o)<\/p>\n<\/li>\n<li data-start=\"2278\" data-end=\"2293\">\n<p data-start=\"2280\" data-end=\"2293\">8 mm (medio)<\/p>\n<\/li>\n<li data-start=\"2294\" data-end=\"2326\">\n<p data-start=\"2296\" data-end=\"2326\">10 mm (grande, m\u00e1s estanqueidad)<\/p>\n<\/li>\n<li data-start=\"2327\" data-end=\"2375\">\n<p data-start=\"2329\" data-end=\"2375\">12 mm (cierre adicional, m\u00e1xima reproducci\u00f3n de graves)<\/p>\n<\/li>\n<\/ul>\n<p data-start=\"2377\" data-end=\"2581\">Un tama\u00f1o mayor suele proporcionar un mejor sellado y, por tanto, m\u00e1s graves y menos ruido ambiental. Un tama\u00f1o m\u00e1s peque\u00f1o a veces resulta m\u00e1s aireado. El tama\u00f1o adecuado depende del o\u00eddo y del sonido deseado.  <\/p>\n<hr data-start=\"2583\" data-end=\"2586\">\n<h3 data-start=\"2588\" data-end=\"2631\">Elecci\u00f3n entre ventilaci\u00f3n simple y doble<\/h3>\n<p data-start=\"2633\" data-end=\"2805\">La c\u00fapula para bajos MiniFit est\u00e1 disponible con <strong data-start=\"2674\" data-end=\"2706\">ventilaci\u00f3n sencilla<\/strong> y <strong data-start=\"2710\" data-end=\"2743\">ventilaci\u00f3n doble<\/strong>. El respiradero se refiere al peque\u00f1o canal de aire que hay dentro de la c\u00fapula. <\/p>\n<ul data-start=\"2807\" data-end=\"3149\">\n<li data-start=\"2807\" data-end=\"2973\">\n<p data-start=\"2809\" data-end=\"2973\"><strong data-start=\"2809\" data-end=\"2824\">Ventilaci\u00f3n simple<\/strong>: ofrece m\u00e1s estanqueidad para un sonido m\u00e1s c\u00e1lido y unos graves m\u00e1s potentes. Adecuado para quienes desean amortiguar mucho ruido del exterior, o buscan una reproducci\u00f3n musical m\u00e1s plena. <\/p>\n<\/li>\n<li data-start=\"2974\" data-end=\"3149\">\n<p data-start=\"2976\" data-end=\"3149\"><strong data-start=\"2976\" data-end=\"2991\">Doble ventilaci\u00f3n<\/strong>: permite que pase algo m\u00e1s de aire, haciendo que tu propia voz suene m\u00e1s natural y reduciendo la sensaci\u00f3n de presi\u00f3n. Suele resultar m\u00e1s c\u00f3modo para el uso diario. <\/p>\n<\/li>\n<\/ul>\n<p data-start=\"3151\" data-end=\"3297\">La elecci\u00f3n depende de las preferencias personales: m\u00e1s cierre para los graves y menos ruido, o m\u00e1s ventilaci\u00f3n para una voz m\u00e1s natural.<\/p>\n<hr data-start=\"3299\" data-end=\"3302\">\n<h3 data-start=\"3304\" data-end=\"3326\">Confort e higiene<\/h3>\n<p data-start=\"3328\" data-end=\"3576\">Como las c\u00fapulas se usan a diario, la higiene es importante. Recomendamos limpiarlas con regularidad y sustituirlas mensualmente en caso de uso intensivo. Esto evita que se obstruyan por el cerumen y garantiza que la calidad del sonido siga siendo \u00f3ptima.  <\/p>\n<hr data-start=\"3578\" data-end=\"3581\">\n<h3 data-start=\"3583\" data-end=\"3629\">\u00bfPara qui\u00e9n es adecuada la c\u00fapula MiniFit Bass?<\/h3>\n<ul data-start=\"3631\" data-end=\"3913\">\n<li data-start=\"3631\" data-end=\"3681\">\n<p data-start=\"3633\" data-end=\"3681\">Para usuarios de aud\u00edfonos MiniFit de Bernafon<\/p>\n<\/li>\n<li data-start=\"3682\" data-end=\"3735\">\n<p data-start=\"3684\" data-end=\"3735\">Para quienes desean una reproducci\u00f3n de sonido c\u00e1lida y natural<\/p>\n<\/li>\n<li data-start=\"3736\" data-end=\"3794\">\n<p data-start=\"3738\" data-end=\"3794\">Para usuarios con dificultades de comprensi\u00f3n en entornos ruidosos<\/p>\n<\/li>\n<li data-start=\"3795\" data-end=\"3856\">\n<p data-start=\"3797\" data-end=\"3856\">Para quien quiera m\u00e1s graves y menos nitidez en el sonido<\/p>\n<\/li>\n<li data-start=\"3857\" data-end=\"3913\">\n<p data-start=\"3859\" data-end=\"3913\">Para quienes valoran la comodidad y un buen ajuste<\/p>\n<\/li>\n<\/ul>\n<hr data-start=\"3915\" data-end=\"3918\">\n<h3 data-start=\"3920\" data-end=\"3986\">\u00bfPor qu\u00e9 elegir Bernafon MiniFit Bass Dome en Horend Goed?<\/h3>\n<p data-start=\"3988\" data-end=\"4326\">En Horend Goed asesoramos a diario a los usuarios sobre la comodidad y la calidad del sonido. La c\u00fapula de graves MiniFit es una parte importante de un aud\u00edfono bien afinado. Suministramos varios tama\u00f1os y opciones de ventilaci\u00f3n, para que siempre puedas hacer una elecci\u00f3n adecuada. Nuestras c\u00fapulas est\u00e1n disponibles en stock y se embalan profesionalmente.   <\/p>\n<hr data-start=\"4328\" data-end=\"4331\">\n<p data-start=\"4333\" data-end=\"4550\" data-is-last-node=\"\" data-is-only-node=\"\">Con la <strong data-start=\"4340\" data-end=\"4370\">c\u00fapula de graves MiniFit de Bernafon<\/strong>, obtienes un peque\u00f1o componente que marca una gran diferencia. Elige tu tama\u00f1o y ventilaci\u00f3n, y experimenta una audici\u00f3n m\u00e1s c\u00e1lida, clara y natural con tus aud\u00edfonos. <\/p>\n","protected":false},"excerpt":{"rendered":"<p>C\u00fapula de graves MiniFit de Bernafon - Sonido confortable con una respuesta de graves extra c\u00e1lida Cuando se llevan aud\u00edfonos, no todo se reduce a la tecnolog\u00eda, sino tambi\u00e9n al ajuste correcto y a la experiencia sonora. Una parte importante de esto es la c\u00fapula: la suave punta de silicona que se coloca sobre el &hellip; <\/p>\n","protected":false},"featured_media":271136,"template":"","meta":{"_acf_changed":false},"product_brand":[],"product_cat":[12529],"product_tag":[13902],"class_list":["post-271134","product","type-product","status-publish","has-post-thumbnail","product_cat-cupulas","product_tag-bernafon-es","grid-sizer","latest_post","first","instock","taxable","shipping-taxable","purchasable","product-type-variable"],"acf":[],"yoast_head":"<!-- This site is optimized with the Yoast SEO Premium plugin v27.4 (Yoast SEO v28.3) - https:\/\/yoast.com\/product\/yoast-seo-premium-wordpress\/ -->\n<title>C\u00fapula para graves Bernafon minifit | Horend Goed Audiciens<\/title>\n<meta name=\"description\" content=\"Las c\u00fapulas de graves MiniFit de Bernafon garantizan una calidad de sonido c\u00e1lida y un ajuste c\u00f3modo. Disponibles en varios tama\u00f1os y con ventilaci\u00f3n simple o doble.\" \/>\n<meta name=\"robots\" content=\"index, follow, max-snippet:-1, max-image-preview:large, max-video-preview:-1\" \/>\n<link rel=\"canonical\" href=\"https:\/\/www.horendgoed.nl\/es\/shop\/accesorios\/cupulas\/cupula-para-graves-bernafon-minifit\/\" \/>\n<meta property=\"og:locale\" content=\"es_ES\" \/>\n<meta property=\"og:type\" content=\"article\" \/>\n<meta property=\"og:title\" content=\"C\u00fapula para graves Bernafon minifit\" \/>\n<meta property=\"og:description\" content=\"Las c\u00fapulas de graves MiniFit de Bernafon garantizan una calidad de sonido c\u00e1lida y un ajuste c\u00f3modo. Disponibles en varios tama\u00f1os y con ventilaci\u00f3n simple o doble.\" \/>\n<meta property=\"og:url\" content=\"https:\/\/www.horendgoed.nl\/es\/shop\/accesorios\/cupulas\/cupula-para-graves-bernafon-minifit\/\" \/>\n<meta property=\"og:site_name\" content=\"Horend Goed Audiciens\" \/>\n<meta property=\"article:publisher\" content=\"https:\/\/www.facebook.com\/horendgoed\" \/>\n<meta property=\"og:image\" content=\"https:\/\/www.horendgoed.nl\/wp-content\/uploads\/2025\/12\/Horend-Goed-Bernafon-minfit-bass-dome-8-mm-single-vent.jpg\" \/>\n\t<meta property=\"og:image:width\" content=\"1600\" \/>\n\t<meta property=\"og:image:height\" content=\"1600\" \/>\n\t<meta property=\"og:image:type\" content=\"image\/jpeg\" \/>\n<script type=\"application\/ld+json\" class=\"yoast-schema-graph\">{\"@context\":\"https:\\\/\\\/schema.org\",\"@graph\":[{\"@type\":\"WebPage\",\"@id\":\"https:\\\/\\\/www.horendgoed.nl\\\/es\\\/shop\\\/accesorios\\\/cupulas\\\/cupula-para-graves-bernafon-minifit\\\/\",\"url\":\"https:\\\/\\\/www.horendgoed.nl\\\/es\\\/shop\\\/accesorios\\\/cupulas\\\/cupula-para-graves-bernafon-minifit\\\/\",\"name\":\"C\u00fapula para graves Bernafon minifit | Horend Goed Audiciens\",\"isPartOf\":{\"@id\":\"https:\\\/\\\/www.horendgoed.nl\\\/es\\\/#website\"},\"primaryImageOfPage\":{\"@id\":\"https:\\\/\\\/www.horendgoed.nl\\\/es\\\/shop\\\/accesorios\\\/cupulas\\\/cupula-para-graves-bernafon-minifit\\\/#primaryimage\"},\"image\":{\"@id\":\"https:\\\/\\\/www.horendgoed.nl\\\/es\\\/shop\\\/accesorios\\\/cupulas\\\/cupula-para-graves-bernafon-minifit\\\/#primaryimage\"},\"thumbnailUrl\":\"https:\\\/\\\/www.horendgoed.nl\\\/wp-content\\\/uploads\\\/2025\\\/12\\\/Horend-Goed-Bernafon-minfit-bass-dome-8-mm-single-vent.jpg\",\"datePublished\":\"2025-12-05T10:20:13+00:00\",\"description\":\"Las c\u00fapulas de graves MiniFit de Bernafon garantizan una calidad de sonido c\u00e1lida y un ajuste c\u00f3modo. Disponibles en varios tama\u00f1os y con ventilaci\u00f3n simple o doble.\",\"breadcrumb\":{\"@id\":\"https:\\\/\\\/www.horendgoed.nl\\\/es\\\/shop\\\/accesorios\\\/cupulas\\\/cupula-para-graves-bernafon-minifit\\\/#breadcrumb\"},\"inLanguage\":\"es\",\"potentialAction\":[{\"@type\":\"ReadAction\",\"target\":[\"https:\\\/\\\/www.horendgoed.nl\\\/es\\\/shop\\\/accesorios\\\/cupulas\\\/cupula-para-graves-bernafon-minifit\\\/\"]}]},{\"@type\":\"ImageObject\",\"inLanguage\":\"es\",\"@id\":\"https:\\\/\\\/www.horendgoed.nl\\\/es\\\/shop\\\/accesorios\\\/cupulas\\\/cupula-para-graves-bernafon-minifit\\\/#primaryimage\",\"url\":\"https:\\\/\\\/www.horendgoed.nl\\\/wp-content\\\/uploads\\\/2025\\\/12\\\/Horend-Goed-Bernafon-minfit-bass-dome-8-mm-single-vent.jpg\",\"contentUrl\":\"https:\\\/\\\/www.horendgoed.nl\\\/wp-content\\\/uploads\\\/2025\\\/12\\\/Horend-Goed-Bernafon-minfit-bass-dome-8-mm-single-vent.jpg\",\"width\":1600,\"height\":1600},{\"@type\":\"BreadcrumbList\",\"@id\":\"https:\\\/\\\/www.horendgoed.nl\\\/es\\\/shop\\\/accesorios\\\/cupulas\\\/cupula-para-graves-bernafon-minifit\\\/#breadcrumb\",\"itemListElement\":[{\"@type\":\"ListItem\",\"position\":1,\"name\":\"Inicio\",\"item\":\"https:\\\/\\\/www.horendgoed.nl\\\/es\\\/\"},{\"@type\":\"ListItem\",\"position\":2,\"name\":\"Productos\",\"item\":\"https:\\\/\\\/www.horendgoed.nl\\\/es\\\/tienda\\\/productos\\\/\"},{\"@type\":\"ListItem\",\"position\":3,\"name\":\"C\u00fapula para graves Bernafon minifit\"}]},{\"@type\":\"WebSite\",\"@id\":\"https:\\\/\\\/www.horendgoed.nl\\\/es\\\/#website\",\"url\":\"https:\\\/\\\/www.horendgoed.nl\\\/es\\\/\",\"name\":\"Horend Goed Audiciens\",\"description\":\"Luistert Beter\",\"publisher\":{\"@id\":\"https:\\\/\\\/www.horendgoed.nl\\\/es\\\/#organization\"},\"potentialAction\":[{\"@type\":\"SearchAction\",\"target\":{\"@type\":\"EntryPoint\",\"urlTemplate\":\"https:\\\/\\\/www.horendgoed.nl\\\/es\\\/?s={search_term_string}\"},\"query-input\":{\"@type\":\"PropertyValueSpecification\",\"valueRequired\":true,\"valueName\":\"search_term_string\"}}],\"inLanguage\":\"es\"},{\"@type\":\"Organization\",\"@id\":\"https:\\\/\\\/www.horendgoed.nl\\\/es\\\/#organization\",\"name\":\"Horend Goed\",\"url\":\"https:\\\/\\\/www.horendgoed.nl\\\/es\\\/\",\"logo\":{\"@type\":\"ImageObject\",\"inLanguage\":\"es\",\"@id\":\"https:\\\/\\\/www.horendgoed.nl\\\/es\\\/#\\\/schema\\\/logo\\\/image\\\/\",\"url\":\"https:\\\/\\\/www.horendgoed.nl\\\/wp-content\\\/uploads\\\/2021\\\/05\\\/Logo-groot-e1621862526979.png\",\"contentUrl\":\"https:\\\/\\\/www.horendgoed.nl\\\/wp-content\\\/uploads\\\/2021\\\/05\\\/Logo-groot-e1621862526979.png\",\"width\":509,\"height\":100,\"caption\":\"Horend Goed\"},\"image\":{\"@id\":\"https:\\\/\\\/www.horendgoed.nl\\\/es\\\/#\\\/schema\\\/logo\\\/image\\\/\"},\"sameAs\":[\"https:\\\/\\\/www.facebook.com\\\/horendgoed\",\"https:\\\/\\\/www.instagram.com\\\/horendgoed\\\/\",\"https:\\\/\\\/www.linkedin.com\\\/company\\\/horend-goed\\\/\",\"https:\\\/\\\/www.youtube.com\\\/@horendgoed\"],\"email\":\"info@horendgoed.nl\",\"telephone\":\"075 20 25 203\",\"vatID\":\"NL 853 756 193 B01\"}]}<\/script>\n<!-- \/ Yoast SEO Premium plugin. -->","yoast_head_json":{"title":"C\u00fapula para graves Bernafon minifit | Horend Goed Audiciens","description":"Las c\u00fapulas de graves MiniFit de Bernafon garantizan una calidad de sonido c\u00e1lida y un ajuste c\u00f3modo. Disponibles en varios tama\u00f1os y con ventilaci\u00f3n simple o doble.","robots":{"index":"index","follow":"follow","max-snippet":"max-snippet:-1","max-image-preview":"max-image-preview:large","max-video-preview":"max-video-preview:-1"},"canonical":"https:\/\/www.horendgoed.nl\/es\/shop\/accesorios\/cupulas\/cupula-para-graves-bernafon-minifit\/","og_locale":"es_ES","og_type":"article","og_title":"C\u00fapula para graves Bernafon minifit","og_description":"Las c\u00fapulas de graves MiniFit de Bernafon garantizan una calidad de sonido c\u00e1lida y un ajuste c\u00f3modo. Disponibles en varios tama\u00f1os y con ventilaci\u00f3n simple o doble.","og_url":"https:\/\/www.horendgoed.nl\/es\/shop\/accesorios\/cupulas\/cupula-para-graves-bernafon-minifit\/","og_site_name":"Horend Goed Audiciens","article_publisher":"https:\/\/www.facebook.com\/horendgoed","og_image":[{"width":1600,"height":1600,"url":"https:\/\/www.horendgoed.nl\/wp-content\/uploads\/2025\/12\/Horend-Goed-Bernafon-minfit-bass-dome-8-mm-single-vent.jpg","type":"image\/jpeg"}],"schema":{"@context":"https:\/\/schema.org","@graph":[{"@type":"WebPage","@id":"https:\/\/www.horendgoed.nl\/es\/shop\/accesorios\/cupulas\/cupula-para-graves-bernafon-minifit\/","url":"https:\/\/www.horendgoed.nl\/es\/shop\/accesorios\/cupulas\/cupula-para-graves-bernafon-minifit\/","name":"C\u00fapula para graves Bernafon minifit | Horend Goed Audiciens","isPartOf":{"@id":"https:\/\/www.horendgoed.nl\/es\/#website"},"primaryImageOfPage":{"@id":"https:\/\/www.horendgoed.nl\/es\/shop\/accesorios\/cupulas\/cupula-para-graves-bernafon-minifit\/#primaryimage"},"image":{"@id":"https:\/\/www.horendgoed.nl\/es\/shop\/accesorios\/cupulas\/cupula-para-graves-bernafon-minifit\/#primaryimage"},"thumbnailUrl":"https:\/\/www.horendgoed.nl\/wp-content\/uploads\/2025\/12\/Horend-Goed-Bernafon-minfit-bass-dome-8-mm-single-vent.jpg","datePublished":"2025-12-05T10:20:13+00:00","description":"Las c\u00fapulas de graves MiniFit de Bernafon garantizan una calidad de sonido c\u00e1lida y un ajuste c\u00f3modo. Disponibles en varios tama\u00f1os y con ventilaci\u00f3n simple o doble.","breadcrumb":{"@id":"https:\/\/www.horendgoed.nl\/es\/shop\/accesorios\/cupulas\/cupula-para-graves-bernafon-minifit\/#breadcrumb"},"inLanguage":"es","potentialAction":[{"@type":"ReadAction","target":["https:\/\/www.horendgoed.nl\/es\/shop\/accesorios\/cupulas\/cupula-para-graves-bernafon-minifit\/"]}]},{"@type":"ImageObject","inLanguage":"es","@id":"https:\/\/www.horendgoed.nl\/es\/shop\/accesorios\/cupulas\/cupula-para-graves-bernafon-minifit\/#primaryimage","url":"https:\/\/www.horendgoed.nl\/wp-content\/uploads\/2025\/12\/Horend-Goed-Bernafon-minfit-bass-dome-8-mm-single-vent.jpg","contentUrl":"https:\/\/www.horendgoed.nl\/wp-content\/uploads\/2025\/12\/Horend-Goed-Bernafon-minfit-bass-dome-8-mm-single-vent.jpg","width":1600,"height":1600},{"@type":"BreadcrumbList","@id":"https:\/\/www.horendgoed.nl\/es\/shop\/accesorios\/cupulas\/cupula-para-graves-bernafon-minifit\/#breadcrumb","itemListElement":[{"@type":"ListItem","position":1,"name":"Inicio","item":"https:\/\/www.horendgoed.nl\/es\/"},{"@type":"ListItem","position":2,"name":"Productos","item":"https:\/\/www.horendgoed.nl\/es\/tienda\/productos\/"},{"@type":"ListItem","position":3,"name":"C\u00fapula para graves Bernafon minifit"}]},{"@type":"WebSite","@id":"https:\/\/www.horendgoed.nl\/es\/#website","url":"https:\/\/www.horendgoed.nl\/es\/","name":"Horend Goed Audiciens","description":"Luistert Beter","publisher":{"@id":"https:\/\/www.horendgoed.nl\/es\/#organization"},"potentialAction":[{"@type":"SearchAction","target":{"@type":"EntryPoint","urlTemplate":"https:\/\/www.horendgoed.nl\/es\/?s={search_term_string}"},"query-input":{"@type":"PropertyValueSpecification","valueRequired":true,"valueName":"search_term_string"}}],"inLanguage":"es"},{"@type":"Organization","@id":"https:\/\/www.horendgoed.nl\/es\/#organization","name":"Horend Goed","url":"https:\/\/www.horendgoed.nl\/es\/","logo":{"@type":"ImageObject","inLanguage":"es","@id":"https:\/\/www.horendgoed.nl\/es\/#\/schema\/logo\/image\/","url":"https:\/\/www.horendgoed.nl\/wp-content\/uploads\/2021\/05\/Logo-groot-e1621862526979.png","contentUrl":"https:\/\/www.horendgoed.nl\/wp-content\/uploads\/2021\/05\/Logo-groot-e1621862526979.png","width":509,"height":100,"caption":"Horend Goed"},"image":{"@id":"https:\/\/www.horendgoed.nl\/es\/#\/schema\/logo\/image\/"},"sameAs":["https:\/\/www.facebook.com\/horendgoed","https:\/\/www.instagram.com\/horendgoed\/","https:\/\/www.linkedin.com\/company\/horend-goed\/","https:\/\/www.youtube.com\/@horendgoed"],"email":"info@horendgoed.nl","telephone":"075 20 25 203","vatID":"NL 853 756 193 B01"}]}},"jetpack_sharing_enabled":true,"_links":{"self":[{"href":"https:\/\/www.horendgoed.nl\/es\/wp-json\/wp\/v2\/product\/271134","targetHints":{"allow":["GET"]}}],"collection":[{"href":"https:\/\/www.horendgoed.nl\/es\/wp-json\/wp\/v2\/product"}],"about":[{"href":"https:\/\/www.horendgoed.nl\/es\/wp-json\/wp\/v2\/types\/product"}],"wp:featuredmedia":[{"embeddable":true,"href":"https:\/\/www.horendgoed.nl\/es\/wp-json\/wp\/v2\/media\/271136"}],"wp:attachment":[{"href":"https:\/\/www.horendgoed.nl\/es\/wp-json\/wp\/v2\/media?parent=271134"}],"wp:term":[{"taxonomy":"product_brand","embeddable":true,"href":"https:\/\/www.horendgoed.nl\/es\/wp-json\/wp\/v2\/product_brand?post=271134"},{"taxonomy":"product_cat","embeddable":true,"href":"https:\/\/www.horendgoed.nl\/es\/wp-json\/wp\/v2\/product_cat?post=271134"},{"taxonomy":"product_tag","embeddable":true,"href":"https:\/\/www.horendgoed.nl\/es\/wp-json\/wp\/v2\/product_tag?post=271134"}],"curies":[{"name":"wp","href":"https:\/\/api.w.org\/{rel}","templated":true}]}}