{"id":185571,"date":"2022-12-13T11:04:53","date_gmt":"2022-12-13T11:04:53","guid":{"rendered":"https:\/\/www.horendgoed.nl\/shop\/non%20class\u00e9\/flare-audio-calmer-mini-gris\/"},"modified":"2025-07-17T23:48:10","modified_gmt":"2025-07-17T21:48:10","slug":"flare-audio-calmer-mini-gris","status":"publish","type":"product","link":"https:\/\/www.horendgoed.nl\/fr\/shop\/tranquillisants\/plus-calme\/flare-audio-calmer-mini-gris\/","title":{"rendered":"Flare Audio Calmer mini Gris"},"content":{"rendered":"<h3>Flare Audio Calmer\u00ae Mini Grey - Une petite solution pour de gros probl\u00e8mes sonores<\/h3>\n<p>Pour les personnes expos\u00e9es quotidiennement \u00e0 des sons stressants, le <strong>Flare Audio Calmer\u00ae Mini Grey<\/strong> offre une solution innovante. Cet appareil, petit mais puissant, r\u00e9duit le stress caus\u00e9 par les fr\u00e9quences perturbatrices sans pour autant couper compl\u00e8tement le son. Il est sp\u00e9cialement con\u00e7u pour les personnes \u00e0 l&rsquo;ou\u00efe sensible, telles que les <strong>autistes<\/strong>, les <strong>hyperacousiques<\/strong>, les <strong>misophoniques<\/strong> et les personnes souffrant de <strong>stress d\u00fb au bruit<\/strong>. Le <strong>Calmer\u00ae Mini<\/strong> aide \u00e0 apaiser votre audition, vous permettant de mieux vous concentrer sur les sons importants qui vous entourent, tandis que les sons distrayants s&rsquo;estompent en arri\u00e8re-plan.   <\/p>\n<h4>R\u00e9duit le stress et la surstimulation<\/h4>\n<p>Le <strong>Flare Audio Calmer\u00ae Mini Grey<\/strong> est con\u00e7u pour r\u00e9duire les fr\u00e9quences fortes et d\u00e9sagr\u00e9ables des sons qui sont souvent \u00e0 l&rsquo;origine du stress et de la surstimulation. Il peut \u00eatre particuli\u00e8rement utile pour les personnes souffrant d&rsquo;hypersensibilit\u00e9 au son. L&rsquo;appareil aide \u00e0 r\u00e9duire le stress caus\u00e9 par les sons de la vie quotidienne, tels que :  <\/p>\n<ul>\n<li><strong>Bruit dans les lieux tr\u00e8s fr\u00e9quent\u00e9s<\/strong> tels que les villes, les centres commerciaux ou les gares.<\/li>\n<li>Les <strong>voyages et les d\u00e9placements domicile-travail<\/strong>, o\u00f9 le bruit constant de la circulation, des trains et des bus peut souvent \u00eatre stressant.<\/li>\n<li>Les <strong>lieux de travail tr\u00e8s fr\u00e9quent\u00e9s<\/strong> o\u00f9 le bruit des t\u00e9l\u00e9phones, des appels et des appareils peut nuire \u00e0 la concentration.<\/li>\n<li><strong>En \u00e9tudiant<\/strong> dans des environnements avec des sons distrayants.<\/li>\n<\/ul>\n<p>Le <strong>Calmer\u00ae Mini<\/strong> fait perdre \u00e0 ces sons leurs ar\u00eates vives, ce qui vous permet de faire l&rsquo;exp\u00e9rience d&rsquo;un environnement plus calme et plus d\u00e9tendu, sans \u00eatre compl\u00e8tement coup\u00e9 de ce qui vous entoure. Il s&rsquo;agit donc d&rsquo;une solution id\u00e9ale pour les personnes hypersensibles au bruit qui souhaitent n\u00e9anmoins rester actives et engag\u00e9es. <\/p>\n<h4>Convient aux petits conduits auditifs<\/h4>\n<p>Le <strong>Flare Audio Calmer\u00ae Mini Grey<\/strong> est sp\u00e9cialement con\u00e7u pour les personnes dont le conduit auditif est plus petit. Alors que le Flare Calmer\u00ae standard convient \u00e0 la plupart des oreilles, le <strong>Calmer\u00ae Mini<\/strong> offre la m\u00eame technologie innovante dans un format plus compact, en particulier pour ceux qui trouvent que les bouchons d&rsquo;oreille intra-auriculaires traditionnels ou les protections auditives sont trop grands ou inconfortables. <\/p>\n<p>Gr\u00e2ce \u00e0 son design plus petit, <strong>Calmer\u00ae Mini<\/strong> s&rsquo;ins\u00e8re confortablement dans l&rsquo;oreille sans causer de pression ou d&rsquo;inconfort. Il est donc possible de porter le <strong>Calmer\u00ae Mini plus<\/strong> longtemps, que ce soit au travail, en voyage, pour \u00e9tudier ou pour se d\u00e9tendre. <\/p>\n<h4>Technologie sonore avanc\u00e9e<\/h4>\n<p><strong>Calmer\u00ae Mini<\/strong> utilise une technologie r\u00e9volutionnaire qui aide \u00e0 r\u00e9duire la distorsion et la r\u00e9sonance de l&rsquo;audition. Pour ce faire, il optimise la fa\u00e7on dont les ondes sonores p\u00e9n\u00e8trent dans le conduit auditif. Calmer\u00ae se concentre particuli\u00e8rement sur la r\u00e9duction des fr\u00e9quences g\u00eanantes entre <strong>2 kHz et 8 kHz<\/strong>, qui sont souvent responsables de r\u00e9sonances d\u00e9sagr\u00e9ables et de distorsions sonores.  <\/p>\n<p>Le r\u00e9sultat ? Un son \u00e9quilibr\u00e9 sans les fr\u00e9quences stressantes qui provoquent souvent une surstimulation. Le <strong>Calmer\u00ae Mini<\/strong> n&rsquo;est pas un bouchon d&rsquo;oreille traditionnel ou une protection auditive ; au lieu de bloquer le bruit, il r\u00e9duit en fait le stress que certains sons peuvent causer. Par cons\u00e9quent, vous pouvez toujours entendre les sons importants, tels que les conversations et la musique, mais sans les bruits g\u00eanants.   <\/p>\n<h4>Confortable et durable<\/h4>\n<p>Une autre caract\u00e9ristique cl\u00e9 du <strong>Flare Audio Calmer\u00ae Mini Grey<\/strong> est l&rsquo;utilisation de silicone souple et durable. Ce mat\u00e9riau garantit non seulement une utilisation \u00e0 long terme sans usure, mais aussi le confort, m\u00eame en cas de port prolong\u00e9. Gr\u00e2ce \u00e0 son design l\u00e9ger et compact, vous pouvez facilement porter le <strong>Calmer\u00ae Mini<\/strong> toute la journ\u00e9e sans remarquer que vous avez quelque chose dans l&rsquo;oreille.  <\/p>\n<p>Le design gris et discret du <strong>Calmer\u00ae Mini<\/strong> permet \u00e0 l&rsquo;appareil de rester discret et d&rsquo;\u00eatre utilis\u00e9 dans n&rsquo;importe quel environnement. Que vous soyez au bureau, assis dans un caf\u00e9 ou en voyage, vous pouvez toujours b\u00e9n\u00e9ficier d&rsquo;un environnement sonore plus calme sans vous faire remarquer. <\/p>\n<h4>Id\u00e9al pour diverses situations<\/h4>\n<p>Le <strong>Flare Audio Calmer\u00ae Mini Grey<\/strong> est parfait pour une utilisation dans une vari\u00e9t\u00e9 de situations. Voici quelques exemples o\u00f9 le <strong>Calmer\u00ae Mini<\/strong> peut vraiment faire la diff\u00e9rence : <\/p>\n<ul>\n<li><strong>Dans les environnements tr\u00e8s fr\u00e9quent\u00e9s<\/strong> tels que les centres commerciaux, les a\u00e9roports ou dans la rue, les bruits incessants des personnes, de la circulation et des machines peuvent souvent \u00eatre source de stress.<\/li>\n<li>Lorsque vous <strong>voyagez<\/strong> dans les transports publics, le bruit des trains, des bus et des autres voyageurs peut vous distraire.<\/li>\n<li>Sur <strong>le lieu de travail<\/strong>, o\u00f9 les bruits parasites tels que les t\u00e9l\u00e9phones, les conversations ou les appareils peuvent nuire \u00e0 votre concentration.<\/li>\n<li><strong>Pendant les \u00e9tudes<\/strong>, o\u00f9 un environnement calme est essentiel pour se concentrer.<\/li>\n<\/ul>\n<h4>Avantages du Flare Audio Calmer\u00ae Mini Grey<\/h4>\n<ol>\n<li><strong>R\u00e9duit les bruits de stress<\/strong>: R\u00e9duit les ar\u00eates vives des bruits d\u00e9rangeants sans les \u00e9touffer compl\u00e8tement.<\/li>\n<li><strong>Compact et confortable<\/strong>: Sp\u00e9cialement con\u00e7u pour les personnes ayant des conduits auditifs plus petits, il s&rsquo;adapte confortablement.<\/li>\n<li><strong>Technologie avanc\u00e9e<\/strong>: optimise la fa\u00e7on dont le son est per\u00e7u dans votre oreille, sans \u00e9touffer les sons importants.<\/li>\n<li><strong>Mat\u00e9riau durable et doux<\/strong>: Fabriqu\u00e9 en silicone de haute qualit\u00e9 pour un confort durable.<\/li>\n<li><strong>Design discret<\/strong>: le design gris et compact est discret et id\u00e9al pour une utilisation quotidienne dans n&rsquo;importe quelle situation.<\/li>\n<\/ol>\n<h4>Conclusion<\/h4>\n<p>Le <strong>Flare Audio Calmer\u00ae Mini Grey<\/strong> offre une solution innovante \u00e0 tous ceux qui souffrent de sensibilit\u00e9 au bruit, d&rsquo;hyperacousie, de misophonie ou qui souhaitent simplement b\u00e9n\u00e9ficier d&rsquo;un environnement sonore plus calme. Avec son design compact, sa technologie avanc\u00e9e et son mat\u00e9riau confortable et durable, le <strong>Calmer\u00ae Mini<\/strong> est un must pour les personnes dont le conduit auditif est plus petit et qui souhaitent prot\u00e9ger leur audition de la surstimulation. <\/p>\n<p>Commandez votre <strong>Flare Audio Calmer\u00ae Mini Grey<\/strong> d\u00e8s aujourd&rsquo;hui et d\u00e9couvrez la diff\u00e9rence. D\u00e9couvrez comment ces \u00e9couteurs petits mais puissants peuvent vous aider \u00e0 trouver la paix dans un monde plein de bruit. <\/p>\n","protected":false},"excerpt":{"rendered":"<p>Flare Audio Calmer\u00ae Mini Grey - Une petite solution pour de gros probl\u00e8mes sonores Pour les personnes expos\u00e9es quotidiennement \u00e0 des sons stressants, le Flare Audio Calmer\u00ae Mini Grey offre une solution innovante. Cet appareil, petit mais puissant, r\u00e9duit le stress caus\u00e9 par les fr\u00e9quences perturbatrices sans pour autant couper compl\u00e8tement le son. Il est &hellip; <\/p>\n","protected":false},"featured_media":185581,"template":"","meta":{"_acf_changed":false},"product_brand":[],"product_cat":[14143],"product_tag":[],"class_list":["post-185571","product","type-product","status-publish","has-post-thumbnail","product_cat-plus-calme","grid-sizer","latest_post","first","instock","taxable","shipping-taxable","purchasable","product-type-simple"],"acf":[],"yoast_head":"<!-- This site is optimized with the Yoast SEO Premium plugin v27.4 (Yoast SEO v28.3) - https:\/\/yoast.com\/product\/yoast-seo-premium-wordpress\/ -->\n<title>Flare Audio Calmer mini Gris | Horend Goed Audiciens<\/title>\n<meta name=\"robots\" content=\"index, follow, max-snippet:-1, max-image-preview:large, max-video-preview:-1\" \/>\n<link rel=\"canonical\" href=\"https:\/\/www.horendgoed.nl\/fr\/shop\/tranquillisants\/plus-calme\/flare-audio-calmer-mini-gris\/\" \/>\n<meta property=\"og:locale\" content=\"fr_FR\" \/>\n<meta property=\"og:type\" content=\"article\" \/>\n<meta property=\"og:title\" content=\"Flare Audio Calmer mini Gris\" \/>\n<meta property=\"og:description\" content=\"Flare Audio Calmer\u00ae Mini Grey - Une petite solution pour de gros probl\u00e8mes sonores Pour les personnes expos\u00e9es quotidiennement \u00e0 des sons stressants, le Flare Audio Calmer\u00ae Mini Grey offre une solution innovante. Cet appareil, petit mais puissant, r\u00e9duit le stress caus\u00e9 par les fr\u00e9quences perturbatrices sans pour autant couper compl\u00e8tement le son. Il est &hellip;\" \/>\n<meta property=\"og:url\" content=\"https:\/\/www.horendgoed.nl\/fr\/shop\/tranquillisants\/plus-calme\/flare-audio-calmer-mini-gris\/\" \/>\n<meta property=\"og:site_name\" content=\"Horend Goed Audiciens\" \/>\n<meta property=\"article:publisher\" content=\"https:\/\/www.facebook.com\/horendgoed\" \/>\n<meta property=\"article:modified_time\" content=\"2025-07-17T21:48:10+00:00\" \/>\n<meta property=\"og:image\" content=\"https:\/\/www.horendgoed.nl\/wp-content\/uploads\/2022\/12\/cal-mini-si-gry-photoroom.jpg\" \/>\n\t<meta property=\"og:image:width\" content=\"2000\" \/>\n\t<meta property=\"og:image:height\" content=\"2000\" \/>\n\t<meta property=\"og:image:type\" content=\"image\/jpeg\" \/>\n<script type=\"application\/ld+json\" class=\"yoast-schema-graph\">{\"@context\":\"https:\\\/\\\/schema.org\",\"@graph\":[{\"@type\":\"WebPage\",\"@id\":\"https:\\\/\\\/www.horendgoed.nl\\\/fr\\\/shop\\\/tranquillisants\\\/plus-calme\\\/flare-audio-calmer-mini-gris\\\/\",\"url\":\"https:\\\/\\\/www.horendgoed.nl\\\/fr\\\/shop\\\/tranquillisants\\\/plus-calme\\\/flare-audio-calmer-mini-gris\\\/\",\"name\":\"Flare Audio Calmer mini Gris | Horend Goed Audiciens\",\"isPartOf\":{\"@id\":\"https:\\\/\\\/www.horendgoed.nl\\\/fr\\\/#website\"},\"primaryImageOfPage\":{\"@id\":\"https:\\\/\\\/www.horendgoed.nl\\\/fr\\\/shop\\\/tranquillisants\\\/plus-calme\\\/flare-audio-calmer-mini-gris\\\/#primaryimage\"},\"image\":{\"@id\":\"https:\\\/\\\/www.horendgoed.nl\\\/fr\\\/shop\\\/tranquillisants\\\/plus-calme\\\/flare-audio-calmer-mini-gris\\\/#primaryimage\"},\"thumbnailUrl\":\"https:\\\/\\\/www.horendgoed.nl\\\/wp-content\\\/uploads\\\/2022\\\/12\\\/cal-mini-si-gry-photoroom.jpg\",\"datePublished\":\"2022-12-13T11:04:53+00:00\",\"dateModified\":\"2025-07-17T21:48:10+00:00\",\"breadcrumb\":{\"@id\":\"https:\\\/\\\/www.horendgoed.nl\\\/fr\\\/shop\\\/tranquillisants\\\/plus-calme\\\/flare-audio-calmer-mini-gris\\\/#breadcrumb\"},\"inLanguage\":\"fr-FR\",\"potentialAction\":[{\"@type\":\"ReadAction\",\"target\":[\"https:\\\/\\\/www.horendgoed.nl\\\/fr\\\/shop\\\/tranquillisants\\\/plus-calme\\\/flare-audio-calmer-mini-gris\\\/\"]}]},{\"@type\":\"ImageObject\",\"inLanguage\":\"fr-FR\",\"@id\":\"https:\\\/\\\/www.horendgoed.nl\\\/fr\\\/shop\\\/tranquillisants\\\/plus-calme\\\/flare-audio-calmer-mini-gris\\\/#primaryimage\",\"url\":\"https:\\\/\\\/www.horendgoed.nl\\\/wp-content\\\/uploads\\\/2022\\\/12\\\/cal-mini-si-gry-photoroom.jpg\",\"contentUrl\":\"https:\\\/\\\/www.horendgoed.nl\\\/wp-content\\\/uploads\\\/2022\\\/12\\\/cal-mini-si-gry-photoroom.jpg\",\"width\":2000,\"height\":2000},{\"@type\":\"BreadcrumbList\",\"@id\":\"https:\\\/\\\/www.horendgoed.nl\\\/fr\\\/shop\\\/tranquillisants\\\/plus-calme\\\/flare-audio-calmer-mini-gris\\\/#breadcrumb\",\"itemListElement\":[{\"@type\":\"ListItem\",\"position\":1,\"name\":\"Accueil\",\"item\":\"https:\\\/\\\/www.horendgoed.nl\\\/fr\\\/\"},{\"@type\":\"ListItem\",\"position\":2,\"name\":\"Produits\",\"item\":\"https:\\\/\\\/www.horendgoed.nl\\\/fr\\\/boutique\\\/produits\\\/\"},{\"@type\":\"ListItem\",\"position\":3,\"name\":\"Flare Audio Calmer mini Gris\"}]},{\"@type\":\"WebSite\",\"@id\":\"https:\\\/\\\/www.horendgoed.nl\\\/fr\\\/#website\",\"url\":\"https:\\\/\\\/www.horendgoed.nl\\\/fr\\\/\",\"name\":\"Horend Goed Audiciens\",\"description\":\"Luistert Beter\",\"publisher\":{\"@id\":\"https:\\\/\\\/www.horendgoed.nl\\\/fr\\\/#organization\"},\"potentialAction\":[{\"@type\":\"SearchAction\",\"target\":{\"@type\":\"EntryPoint\",\"urlTemplate\":\"https:\\\/\\\/www.horendgoed.nl\\\/fr\\\/?s={search_term_string}\"},\"query-input\":{\"@type\":\"PropertyValueSpecification\",\"valueRequired\":true,\"valueName\":\"search_term_string\"}}],\"inLanguage\":\"fr-FR\"},{\"@type\":\"Organization\",\"@id\":\"https:\\\/\\\/www.horendgoed.nl\\\/fr\\\/#organization\",\"name\":\"Horend Goed\",\"url\":\"https:\\\/\\\/www.horendgoed.nl\\\/fr\\\/\",\"logo\":{\"@type\":\"ImageObject\",\"inLanguage\":\"fr-FR\",\"@id\":\"https:\\\/\\\/www.horendgoed.nl\\\/fr\\\/#\\\/schema\\\/logo\\\/image\\\/\",\"url\":\"https:\\\/\\\/www.horendgoed.nl\\\/wp-content\\\/uploads\\\/2021\\\/05\\\/Logo-groot-e1621862526979.png\",\"contentUrl\":\"https:\\\/\\\/www.horendgoed.nl\\\/wp-content\\\/uploads\\\/2021\\\/05\\\/Logo-groot-e1621862526979.png\",\"width\":509,\"height\":100,\"caption\":\"Horend Goed\"},\"image\":{\"@id\":\"https:\\\/\\\/www.horendgoed.nl\\\/fr\\\/#\\\/schema\\\/logo\\\/image\\\/\"},\"sameAs\":[\"https:\\\/\\\/www.facebook.com\\\/horendgoed\",\"https:\\\/\\\/www.instagram.com\\\/horendgoed\\\/\",\"https:\\\/\\\/www.linkedin.com\\\/company\\\/horend-goed\\\/\",\"https:\\\/\\\/www.youtube.com\\\/@horendgoed\"],\"email\":\"info@horendgoed.nl\",\"telephone\":\"075 20 25 203\",\"vatID\":\"NL 853 756 193 B01\"}]}<\/script>\n<!-- \/ Yoast SEO Premium plugin. -->","yoast_head_json":{"title":"Flare Audio Calmer mini Gris | Horend Goed Audiciens","robots":{"index":"index","follow":"follow","max-snippet":"max-snippet:-1","max-image-preview":"max-image-preview:large","max-video-preview":"max-video-preview:-1"},"canonical":"https:\/\/www.horendgoed.nl\/fr\/shop\/tranquillisants\/plus-calme\/flare-audio-calmer-mini-gris\/","og_locale":"fr_FR","og_type":"article","og_title":"Flare Audio Calmer mini Gris","og_description":"Flare Audio Calmer\u00ae Mini Grey - Une petite solution pour de gros probl\u00e8mes sonores Pour les personnes expos\u00e9es quotidiennement \u00e0 des sons stressants, le Flare Audio Calmer\u00ae Mini Grey offre une solution innovante. Cet appareil, petit mais puissant, r\u00e9duit le stress caus\u00e9 par les fr\u00e9quences perturbatrices sans pour autant couper compl\u00e8tement le son. Il est &hellip;","og_url":"https:\/\/www.horendgoed.nl\/fr\/shop\/tranquillisants\/plus-calme\/flare-audio-calmer-mini-gris\/","og_site_name":"Horend Goed Audiciens","article_publisher":"https:\/\/www.facebook.com\/horendgoed","article_modified_time":"2025-07-17T21:48:10+00:00","og_image":[{"width":2000,"height":2000,"url":"https:\/\/www.horendgoed.nl\/wp-content\/uploads\/2022\/12\/cal-mini-si-gry-photoroom.jpg","type":"image\/jpeg"}],"schema":{"@context":"https:\/\/schema.org","@graph":[{"@type":"WebPage","@id":"https:\/\/www.horendgoed.nl\/fr\/shop\/tranquillisants\/plus-calme\/flare-audio-calmer-mini-gris\/","url":"https:\/\/www.horendgoed.nl\/fr\/shop\/tranquillisants\/plus-calme\/flare-audio-calmer-mini-gris\/","name":"Flare Audio Calmer mini Gris | Horend Goed Audiciens","isPartOf":{"@id":"https:\/\/www.horendgoed.nl\/fr\/#website"},"primaryImageOfPage":{"@id":"https:\/\/www.horendgoed.nl\/fr\/shop\/tranquillisants\/plus-calme\/flare-audio-calmer-mini-gris\/#primaryimage"},"image":{"@id":"https:\/\/www.horendgoed.nl\/fr\/shop\/tranquillisants\/plus-calme\/flare-audio-calmer-mini-gris\/#primaryimage"},"thumbnailUrl":"https:\/\/www.horendgoed.nl\/wp-content\/uploads\/2022\/12\/cal-mini-si-gry-photoroom.jpg","datePublished":"2022-12-13T11:04:53+00:00","dateModified":"2025-07-17T21:48:10+00:00","breadcrumb":{"@id":"https:\/\/www.horendgoed.nl\/fr\/shop\/tranquillisants\/plus-calme\/flare-audio-calmer-mini-gris\/#breadcrumb"},"inLanguage":"fr-FR","potentialAction":[{"@type":"ReadAction","target":["https:\/\/www.horendgoed.nl\/fr\/shop\/tranquillisants\/plus-calme\/flare-audio-calmer-mini-gris\/"]}]},{"@type":"ImageObject","inLanguage":"fr-FR","@id":"https:\/\/www.horendgoed.nl\/fr\/shop\/tranquillisants\/plus-calme\/flare-audio-calmer-mini-gris\/#primaryimage","url":"https:\/\/www.horendgoed.nl\/wp-content\/uploads\/2022\/12\/cal-mini-si-gry-photoroom.jpg","contentUrl":"https:\/\/www.horendgoed.nl\/wp-content\/uploads\/2022\/12\/cal-mini-si-gry-photoroom.jpg","width":2000,"height":2000},{"@type":"BreadcrumbList","@id":"https:\/\/www.horendgoed.nl\/fr\/shop\/tranquillisants\/plus-calme\/flare-audio-calmer-mini-gris\/#breadcrumb","itemListElement":[{"@type":"ListItem","position":1,"name":"Accueil","item":"https:\/\/www.horendgoed.nl\/fr\/"},{"@type":"ListItem","position":2,"name":"Produits","item":"https:\/\/www.horendgoed.nl\/fr\/boutique\/produits\/"},{"@type":"ListItem","position":3,"name":"Flare Audio Calmer mini Gris"}]},{"@type":"WebSite","@id":"https:\/\/www.horendgoed.nl\/fr\/#website","url":"https:\/\/www.horendgoed.nl\/fr\/","name":"Horend Goed Audiciens","description":"Luistert Beter","publisher":{"@id":"https:\/\/www.horendgoed.nl\/fr\/#organization"},"potentialAction":[{"@type":"SearchAction","target":{"@type":"EntryPoint","urlTemplate":"https:\/\/www.horendgoed.nl\/fr\/?s={search_term_string}"},"query-input":{"@type":"PropertyValueSpecification","valueRequired":true,"valueName":"search_term_string"}}],"inLanguage":"fr-FR"},{"@type":"Organization","@id":"https:\/\/www.horendgoed.nl\/fr\/#organization","name":"Horend Goed","url":"https:\/\/www.horendgoed.nl\/fr\/","logo":{"@type":"ImageObject","inLanguage":"fr-FR","@id":"https:\/\/www.horendgoed.nl\/fr\/#\/schema\/logo\/image\/","url":"https:\/\/www.horendgoed.nl\/wp-content\/uploads\/2021\/05\/Logo-groot-e1621862526979.png","contentUrl":"https:\/\/www.horendgoed.nl\/wp-content\/uploads\/2021\/05\/Logo-groot-e1621862526979.png","width":509,"height":100,"caption":"Horend Goed"},"image":{"@id":"https:\/\/www.horendgoed.nl\/fr\/#\/schema\/logo\/image\/"},"sameAs":["https:\/\/www.facebook.com\/horendgoed","https:\/\/www.instagram.com\/horendgoed\/","https:\/\/www.linkedin.com\/company\/horend-goed\/","https:\/\/www.youtube.com\/@horendgoed"],"email":"info@horendgoed.nl","telephone":"075 20 25 203","vatID":"NL 853 756 193 B01"}]}},"jetpack_sharing_enabled":true,"_links":{"self":[{"href":"https:\/\/www.horendgoed.nl\/fr\/wp-json\/wp\/v2\/product\/185571","targetHints":{"allow":["GET"]}}],"collection":[{"href":"https:\/\/www.horendgoed.nl\/fr\/wp-json\/wp\/v2\/product"}],"about":[{"href":"https:\/\/www.horendgoed.nl\/fr\/wp-json\/wp\/v2\/types\/product"}],"wp:featuredmedia":[{"embeddable":true,"href":"https:\/\/www.horendgoed.nl\/fr\/wp-json\/wp\/v2\/media\/185581"}],"wp:attachment":[{"href":"https:\/\/www.horendgoed.nl\/fr\/wp-json\/wp\/v2\/media?parent=185571"}],"wp:term":[{"taxonomy":"product_brand","embeddable":true,"href":"https:\/\/www.horendgoed.nl\/fr\/wp-json\/wp\/v2\/product_brand?post=185571"},{"taxonomy":"product_cat","embeddable":true,"href":"https:\/\/www.horendgoed.nl\/fr\/wp-json\/wp\/v2\/product_cat?post=185571"},{"taxonomy":"product_tag","embeddable":true,"href":"https:\/\/www.horendgoed.nl\/fr\/wp-json\/wp\/v2\/product_tag?post=185571"}],"curies":[{"name":"wp","href":"https:\/\/api.w.org\/{rel}","templated":true}]}}