{"id":185739,"date":"2022-12-13T11:02:41","date_gmt":"2022-12-13T11:02:41","guid":{"rendered":"https:\/\/www.horendgoed.nl\/shop\/non%20class\u00e9\/flare-audio-calmer-night-mini-noir\/"},"modified":"2025-07-28T14:33:10","modified_gmt":"2025-07-28T12:33:10","slug":"flare-audio-calmer-night-mini-noir","status":"publish","type":"product","link":"https:\/\/www.horendgoed.nl\/fr\/shop\/tranquillisants\/plus-calme\/flare-audio-calmer-night-mini-noir\/","title":{"rendered":"Flare Audio Calmer Night mini Noir"},"content":{"rendered":"<h3>Flare Audio Calmer\u00ae Night Mini Black - Pour une nuit de sommeil paisible et ininterrompue<\/h3>\n<p>Dans un monde plein de bruit, il est parfois difficile de trouver le calme n\u00e9cessaire \u00e0 une bonne nuit de sommeil. Les personnes ayant une ou\u00efe sensible ou souffrant de troubles tels que l&rsquo;hyperacousie, la misophonie ou le stress d\u00fb au bruit peuvent avoir du mal \u00e0 trouver le calme dont elles ont besoin. Le <strong>Flare Audio Calmer\u00ae Night Mini Black<\/strong> offre une solution innovante pour apaiser les bruits stressants sans vous couper compl\u00e8tement de votre environnement. Cet outil petit mais puissant vous aide \u00e0 mieux dormir et \u00e0 cr\u00e9er un environnement apaisant.   <\/p>\n<h4>R\u00e9duit les bruits de d\u00e9clenchement sans \u00e9touffer le son<\/h4>\n<p>Le <strong>Calmer\u00ae Night Mini<\/strong> n&rsquo;est pas un bouchon d&rsquo;oreille traditionnel qui bloque le son. Le dispositif est con\u00e7u pour r\u00e9duire certaines fr\u00e9quences d\u00e9rangeantes sans \u00e9touffer compl\u00e8tement les sons. Vous pouvez toujours entendre des sons tels que les aboiements de chiens, les notifications de votre t\u00e9l\u00e9phone portable ou les alarmes, mais les bords tranchants qui causent du stress sont att\u00e9nu\u00e9s. Le <strong>Calmer\u00ae Night Mini<\/strong> est donc parfait pour les situations o\u00f9 vous avez besoin de calme et de tranquillit\u00e9 sans pour autant manquer compl\u00e8tement les sons importants, tels que les alarmes.   <\/p>\n<p>Gr\u00e2ce \u00e0 la technologie avanc\u00e9e du <strong>Calmer\u00ae Night Mini<\/strong>, les fr\u00e9quences g\u00eanantes comprises entre 2 kHz et 8 kHz sont r\u00e9duites. Ce sont les fr\u00e9quences qui causent souvent le plus de stress et de tension. Le <strong>Calmer\u00ae Night Mini<\/strong> est sp\u00e9cialement con\u00e7u pour att\u00e9nuer ces sons, vous offrant ainsi une meilleure nuit de sommeil sans vous d\u00e9connecter compl\u00e8tement de votre environnement.  <\/p>\n<h4>Id\u00e9al pour une utilisation pendant le sommeil<\/h4>\n<p>Le <strong>Calmer\u00ae Night Mini<\/strong> est sp\u00e9cialement con\u00e7u pour \u00eatre utilis\u00e9 pendant le sommeil. De nombreuses personnes sont r\u00e9veill\u00e9es la nuit par des bruits d\u00e9rangeants tels que des alarmes, des chiens qui aboient ou des enfants qui crient. Ces bruits peuvent vous sortir de votre sommeil profond et perturber votre sommeil. Avec le <strong>Calmer\u00ae Night Mini<\/strong>, vous pouvez toujours entendre ces bruits, mais leurs effets stressants sont consid\u00e9rablement r\u00e9duits.   <\/p>\n<p>Le Calmer\u00ae <strong>Night Mini<\/strong> convient \u00e9galement \u00e0 d&rsquo;autres situations de calme, par exemple lorsque vous lisez, regardez la t\u00e9l\u00e9vision ou travaillez dans un environnement bruyant. Que vous recherchiez le calme dans une cuisine anim\u00e9e, au bureau ou en voyage, le <strong>Calmer\u00ae Night Mini<\/strong> vous aide \u00e0 vous concentrer sans \u00eatre compl\u00e8tement d\u00e9connect\u00e9 des sons qui vous entourent. <\/p>\n<h4>Con\u00e7u pour les oreilles sensibles<\/h4>\n<p>Les personnes souffrant de troubles auditifs tels que l&rsquo;hyperacousie, la misophonie ou le stress d\u00fb au bruit peuvent grandement b\u00e9n\u00e9ficier du <strong>Calmer\u00ae Night Mini.<\/strong> Ces troubles se caract\u00e9risent souvent par une hypersensibilit\u00e9 \u00e0 certains sons, ce qui peut entra\u00eener une augmentation du stress et de l&rsquo;inconfort. Le <strong>Calmer\u00ae Night Mini<\/strong> r\u00e9duit l&rsquo;acuit\u00e9 de ces sons, ce qui les rend plus faciles \u00e0 g\u00e9rer.  <\/p>\n<ul>\n<li><strong>Hyperacousie<\/strong>: Les personnes souffrant d&rsquo;hyperacousie ressentent souvent une douleur ou une g\u00eane face \u00e0 des sons quotidiens qui semblent normaux aux autres. Le <strong>Calmer\u00ae Night Mini<\/strong> att\u00e9nue ces sons sans les bloquer compl\u00e8tement, ce qui rend l&rsquo;environnement plus agr\u00e9able. <\/li>\n<li><strong>Misophonie<\/strong>: Des sons sp\u00e9cifiques tels que la mastication ou le tapotement peuvent d\u00e9clencher des r\u00e9actions violentes chez les personnes souffrant de misophonie. Le <strong>Calmer\u00ae Night Mini<\/strong> att\u00e9nue ces sons, r\u00e9duisant ainsi la r\u00e9action de stress. <\/li>\n<li><strong>Stress sonore<\/strong>: Dans les environnements bruyants, le <strong>Calmer\u00ae Night Mini<\/strong> peut aider \u00e0 cr\u00e9er un environnement sonore plus calme, sans vous couper de votre environnement.<\/li>\n<\/ul>\n<h4>Conception confortable et durable<\/h4>\n<p>Le <strong>Flare Audio Calmer\u00ae Night Mini Black<\/strong> est fabriqu\u00e9 en silicone souple et durable, ce qui garantit un confort durable, m\u00eame lorsque vous le portez pendant des heures. Petit et l\u00e9ger, il s&rsquo;adapte parfaitement \u00e0 votre oreille sans causer de pression ou d&rsquo;irritation. Le <strong>Calmer\u00ae Night Mini<\/strong> est sp\u00e9cialement con\u00e7u pour les personnes ayant des conduits auditifs plus petits, ce qui vous permet de b\u00e9n\u00e9ficier des m\u00eames avantages qu&rsquo;avec la version standard, mais dans un format plus compact.  <\/p>\n<p>Les bouchons d&rsquo;oreille sont r\u00e9utilisables et faciles \u00e0 nettoyer, ce qui signifie que vous pouvez utiliser le <strong>Calmer\u00ae Night Mini<\/strong> encore et encore sans compromettre l&rsquo;hygi\u00e8ne ou le confort. De plus, le <strong>Calmer\u00ae Night Mini<\/strong> est livr\u00e9 dans un emballage 100 % recyclable, ce qui contribue \u00e0 une utilisation plus durable des mat\u00e9riaux. <\/p>\n<h4>Hygi\u00e8ne et s\u00e9curit\u00e9<\/h4>\n<p>L&#8217;emballage du <strong>Calmer\u00ae Night Mini<\/strong> est muni d&rsquo;un sceau d&rsquo;hygi\u00e8ne qui garantit que vous recevez un produit propre et non utilis\u00e9. Une fois le sceau d&rsquo;hygi\u00e8ne bris\u00e9, le produit ne peut \u00eatre retourn\u00e9. Vous \u00e9vitez ainsi tout risque d&rsquo;infection de l&rsquo;oreille ou d&rsquo;autres probl\u00e8mes de sant\u00e9. Toutefois, si vous avez des questions sur le produit, n&rsquo;h\u00e9sitez pas \u00e0 nous contacter avant de briser le sceau d&rsquo;hygi\u00e8ne. Nous nous ferons un plaisir de r\u00e9fl\u00e9chir avec vous et de vous proposer des solutions si vous ne remarquez pas de diff\u00e9rence apr\u00e8s utilisation.    <\/p>\n<h4>Que contient la bo\u00eete ?<\/h4>\n<ul>\n<li>Une paire de bouchons d&rsquo;oreille <strong>Calmer\u00ae Night Mini<\/strong> en noir<\/li>\n<li><strong>\u00c9tui de transport Flare\u00ae<\/strong> pour un rangement s\u00fbr<\/li>\n<li><strong>Manuel d&rsquo;instruction<\/strong> en anglais<\/li>\n<li>Livr\u00e9 dans un <strong>emballage en papier 100 % recyclable<\/strong><\/li>\n<\/ul>\n<h4>Sp\u00e9cifications techniques<\/h4>\n<ul>\n<li><strong>Longueur<\/strong>: 21,3 mm<\/li>\n<li><strong>Largeur<\/strong>: 10,8 mm<\/li>\n<li><strong>Mat\u00e9riau<\/strong>: silicone souple et durable<\/li>\n<li><strong>Sans latex<\/strong>: convient aux personnes allergiques au latex<\/li>\n<li><strong>Brevet demand\u00e9<\/strong>: 2004011.9<\/li>\n<li><strong>Mod\u00e8le d&rsquo;immatriculation<\/strong>: 6085879<\/li>\n<\/ul>\n<h4>Conclusion<\/h4>\n<p>Le <strong>Flare Audio Calmer\u00ae Night Mini Black<\/strong> est la solution pour tous ceux qui souffrent de bruits d\u00e9rangeants pendant le sommeil ou d&rsquo;autres moments de calme. En att\u00e9nuant des sons sp\u00e9cifiques sans les \u00e9touffer compl\u00e8tement, le <strong>Calmer\u00ae Night Mini<\/strong> offre un environnement sonore plus calme et sans stress. Que vous souffriez d&rsquo;hyperacousie, de misophonie ou de stress d\u00fb au bruit, le <strong>Calmer\u00ae Night Mini<\/strong> vous aide \u00e0 mieux dormir et \u00e0 vous d\u00e9tendre la nuit comme le jour.  <\/p>\n<p>Commandez d\u00e8s aujourd&rsquo;hui votre <strong>Flare Audio Calmer\u00ae Night Mini Black<\/strong> et d\u00e9couvrez par vous-m\u00eame la diff\u00e9rence en termes de confort sonore et de tranquillit\u00e9.<\/p>\n","protected":false},"excerpt":{"rendered":"<p>Flare Audio Calmer\u00ae Night Mini Black - Pour une nuit de sommeil paisible et ininterrompue Dans un monde plein de bruit, il est parfois difficile de trouver le calme n\u00e9cessaire \u00e0 une bonne nuit de sommeil. Les personnes ayant une ou\u00efe sensible ou souffrant de troubles tels que l&rsquo;hyperacousie, la misophonie ou le stress d\u00fb &hellip; <\/p>\n","protected":false},"featured_media":185748,"template":"","meta":{"_acf_changed":false},"product_brand":[],"product_cat":[14143,14135],"product_tag":[],"class_list":["post-185739","product","type-product","status-publish","has-post-thumbnail","product_cat-plus-calme","product_cat-vente","grid-sizer","latest_post","first","instock","sale","taxable","shipping-taxable","purchasable","product-type-simple"],"acf":[],"yoast_head":"<!-- This site is optimized with the Yoast SEO Premium plugin v27.4 (Yoast SEO v28.3) - https:\/\/yoast.com\/product\/yoast-seo-premium-wordpress\/ -->\n<title>Flare Audio Calmer Night mini Noir | Horend Goed Audiciens<\/title>\n<meta name=\"robots\" content=\"index, follow, max-snippet:-1, max-image-preview:large, max-video-preview:-1\" \/>\n<link rel=\"canonical\" href=\"https:\/\/www.horendgoed.nl\/fr\/shop\/tranquillisants\/plus-calme\/flare-audio-calmer-night-mini-noir\/\" \/>\n<meta property=\"og:locale\" content=\"fr_FR\" \/>\n<meta property=\"og:type\" content=\"article\" \/>\n<meta property=\"og:title\" content=\"Flare Audio Calmer Night mini Noir\" \/>\n<meta property=\"og:description\" content=\"Flare Audio Calmer\u00ae Night Mini Black - Pour une nuit de sommeil paisible et ininterrompue Dans un monde plein de bruit, il est parfois difficile de trouver le calme n\u00e9cessaire \u00e0 une bonne nuit de sommeil. Les personnes ayant une ou\u00efe sensible ou souffrant de troubles tels que l&rsquo;hyperacousie, la misophonie ou le stress d\u00fb &hellip;\" \/>\n<meta property=\"og:url\" content=\"https:\/\/www.horendgoed.nl\/fr\/shop\/tranquillisants\/plus-calme\/flare-audio-calmer-night-mini-noir\/\" \/>\n<meta property=\"og:site_name\" content=\"Horend Goed Audiciens\" \/>\n<meta property=\"article:publisher\" content=\"https:\/\/www.facebook.com\/horendgoed\" \/>\n<meta property=\"article:modified_time\" content=\"2025-07-28T12:33:10+00:00\" \/>\n<meta property=\"og:image\" content=\"https:\/\/www.horendgoed.nl\/wp-content\/uploads\/2022\/12\/cal-si-mini-night-blk-photoroom.jpg\" \/>\n\t<meta property=\"og:image:width\" content=\"2000\" \/>\n\t<meta property=\"og:image:height\" content=\"2000\" \/>\n\t<meta property=\"og:image:type\" content=\"image\/jpeg\" \/>\n<script type=\"application\/ld+json\" class=\"yoast-schema-graph\">{\"@context\":\"https:\\\/\\\/schema.org\",\"@graph\":[{\"@type\":\"WebPage\",\"@id\":\"https:\\\/\\\/www.horendgoed.nl\\\/fr\\\/shop\\\/tranquillisants\\\/plus-calme\\\/flare-audio-calmer-night-mini-noir\\\/\",\"url\":\"https:\\\/\\\/www.horendgoed.nl\\\/fr\\\/shop\\\/tranquillisants\\\/plus-calme\\\/flare-audio-calmer-night-mini-noir\\\/\",\"name\":\"Flare Audio Calmer Night mini Noir | Horend Goed Audiciens\",\"isPartOf\":{\"@id\":\"https:\\\/\\\/www.horendgoed.nl\\\/fr\\\/#website\"},\"primaryImageOfPage\":{\"@id\":\"https:\\\/\\\/www.horendgoed.nl\\\/fr\\\/shop\\\/tranquillisants\\\/plus-calme\\\/flare-audio-calmer-night-mini-noir\\\/#primaryimage\"},\"image\":{\"@id\":\"https:\\\/\\\/www.horendgoed.nl\\\/fr\\\/shop\\\/tranquillisants\\\/plus-calme\\\/flare-audio-calmer-night-mini-noir\\\/#primaryimage\"},\"thumbnailUrl\":\"https:\\\/\\\/www.horendgoed.nl\\\/wp-content\\\/uploads\\\/2022\\\/12\\\/cal-si-mini-night-blk-photoroom.jpg\",\"datePublished\":\"2022-12-13T11:02:41+00:00\",\"dateModified\":\"2025-07-28T12:33:10+00:00\",\"breadcrumb\":{\"@id\":\"https:\\\/\\\/www.horendgoed.nl\\\/fr\\\/shop\\\/tranquillisants\\\/plus-calme\\\/flare-audio-calmer-night-mini-noir\\\/#breadcrumb\"},\"inLanguage\":\"fr-FR\",\"potentialAction\":[{\"@type\":\"ReadAction\",\"target\":[\"https:\\\/\\\/www.horendgoed.nl\\\/fr\\\/shop\\\/tranquillisants\\\/plus-calme\\\/flare-audio-calmer-night-mini-noir\\\/\"]}]},{\"@type\":\"ImageObject\",\"inLanguage\":\"fr-FR\",\"@id\":\"https:\\\/\\\/www.horendgoed.nl\\\/fr\\\/shop\\\/tranquillisants\\\/plus-calme\\\/flare-audio-calmer-night-mini-noir\\\/#primaryimage\",\"url\":\"https:\\\/\\\/www.horendgoed.nl\\\/wp-content\\\/uploads\\\/2022\\\/12\\\/cal-si-mini-night-blk-photoroom.jpg\",\"contentUrl\":\"https:\\\/\\\/www.horendgoed.nl\\\/wp-content\\\/uploads\\\/2022\\\/12\\\/cal-si-mini-night-blk-photoroom.jpg\",\"width\":2000,\"height\":2000},{\"@type\":\"BreadcrumbList\",\"@id\":\"https:\\\/\\\/www.horendgoed.nl\\\/fr\\\/shop\\\/tranquillisants\\\/plus-calme\\\/flare-audio-calmer-night-mini-noir\\\/#breadcrumb\",\"itemListElement\":[{\"@type\":\"ListItem\",\"position\":1,\"name\":\"Accueil\",\"item\":\"https:\\\/\\\/www.horendgoed.nl\\\/fr\\\/\"},{\"@type\":\"ListItem\",\"position\":2,\"name\":\"Produits\",\"item\":\"https:\\\/\\\/www.horendgoed.nl\\\/fr\\\/boutique\\\/produits\\\/\"},{\"@type\":\"ListItem\",\"position\":3,\"name\":\"Flare Audio Calmer Night mini Noir\"}]},{\"@type\":\"WebSite\",\"@id\":\"https:\\\/\\\/www.horendgoed.nl\\\/fr\\\/#website\",\"url\":\"https:\\\/\\\/www.horendgoed.nl\\\/fr\\\/\",\"name\":\"Horend Goed Audiciens\",\"description\":\"Luistert Beter\",\"publisher\":{\"@id\":\"https:\\\/\\\/www.horendgoed.nl\\\/fr\\\/#organization\"},\"potentialAction\":[{\"@type\":\"SearchAction\",\"target\":{\"@type\":\"EntryPoint\",\"urlTemplate\":\"https:\\\/\\\/www.horendgoed.nl\\\/fr\\\/?s={search_term_string}\"},\"query-input\":{\"@type\":\"PropertyValueSpecification\",\"valueRequired\":true,\"valueName\":\"search_term_string\"}}],\"inLanguage\":\"fr-FR\"},{\"@type\":\"Organization\",\"@id\":\"https:\\\/\\\/www.horendgoed.nl\\\/fr\\\/#organization\",\"name\":\"Horend Goed\",\"url\":\"https:\\\/\\\/www.horendgoed.nl\\\/fr\\\/\",\"logo\":{\"@type\":\"ImageObject\",\"inLanguage\":\"fr-FR\",\"@id\":\"https:\\\/\\\/www.horendgoed.nl\\\/fr\\\/#\\\/schema\\\/logo\\\/image\\\/\",\"url\":\"https:\\\/\\\/www.horendgoed.nl\\\/wp-content\\\/uploads\\\/2021\\\/05\\\/Logo-groot-e1621862526979.png\",\"contentUrl\":\"https:\\\/\\\/www.horendgoed.nl\\\/wp-content\\\/uploads\\\/2021\\\/05\\\/Logo-groot-e1621862526979.png\",\"width\":509,\"height\":100,\"caption\":\"Horend Goed\"},\"image\":{\"@id\":\"https:\\\/\\\/www.horendgoed.nl\\\/fr\\\/#\\\/schema\\\/logo\\\/image\\\/\"},\"sameAs\":[\"https:\\\/\\\/www.facebook.com\\\/horendgoed\",\"https:\\\/\\\/www.instagram.com\\\/horendgoed\\\/\",\"https:\\\/\\\/www.linkedin.com\\\/company\\\/horend-goed\\\/\",\"https:\\\/\\\/www.youtube.com\\\/@horendgoed\"],\"email\":\"info@horendgoed.nl\",\"telephone\":\"075 20 25 203\",\"vatID\":\"NL 853 756 193 B01\"}]}<\/script>\n<!-- \/ Yoast SEO Premium plugin. -->","yoast_head_json":{"title":"Flare Audio Calmer Night mini Noir | Horend Goed Audiciens","robots":{"index":"index","follow":"follow","max-snippet":"max-snippet:-1","max-image-preview":"max-image-preview:large","max-video-preview":"max-video-preview:-1"},"canonical":"https:\/\/www.horendgoed.nl\/fr\/shop\/tranquillisants\/plus-calme\/flare-audio-calmer-night-mini-noir\/","og_locale":"fr_FR","og_type":"article","og_title":"Flare Audio Calmer Night mini Noir","og_description":"Flare Audio Calmer\u00ae Night Mini Black - Pour une nuit de sommeil paisible et ininterrompue Dans un monde plein de bruit, il est parfois difficile de trouver le calme n\u00e9cessaire \u00e0 une bonne nuit de sommeil. Les personnes ayant une ou\u00efe sensible ou souffrant de troubles tels que l&rsquo;hyperacousie, la misophonie ou le stress d\u00fb &hellip;","og_url":"https:\/\/www.horendgoed.nl\/fr\/shop\/tranquillisants\/plus-calme\/flare-audio-calmer-night-mini-noir\/","og_site_name":"Horend Goed Audiciens","article_publisher":"https:\/\/www.facebook.com\/horendgoed","article_modified_time":"2025-07-28T12:33:10+00:00","og_image":[{"width":2000,"height":2000,"url":"https:\/\/www.horendgoed.nl\/wp-content\/uploads\/2022\/12\/cal-si-mini-night-blk-photoroom.jpg","type":"image\/jpeg"}],"schema":{"@context":"https:\/\/schema.org","@graph":[{"@type":"WebPage","@id":"https:\/\/www.horendgoed.nl\/fr\/shop\/tranquillisants\/plus-calme\/flare-audio-calmer-night-mini-noir\/","url":"https:\/\/www.horendgoed.nl\/fr\/shop\/tranquillisants\/plus-calme\/flare-audio-calmer-night-mini-noir\/","name":"Flare Audio Calmer Night mini Noir | Horend Goed Audiciens","isPartOf":{"@id":"https:\/\/www.horendgoed.nl\/fr\/#website"},"primaryImageOfPage":{"@id":"https:\/\/www.horendgoed.nl\/fr\/shop\/tranquillisants\/plus-calme\/flare-audio-calmer-night-mini-noir\/#primaryimage"},"image":{"@id":"https:\/\/www.horendgoed.nl\/fr\/shop\/tranquillisants\/plus-calme\/flare-audio-calmer-night-mini-noir\/#primaryimage"},"thumbnailUrl":"https:\/\/www.horendgoed.nl\/wp-content\/uploads\/2022\/12\/cal-si-mini-night-blk-photoroom.jpg","datePublished":"2022-12-13T11:02:41+00:00","dateModified":"2025-07-28T12:33:10+00:00","breadcrumb":{"@id":"https:\/\/www.horendgoed.nl\/fr\/shop\/tranquillisants\/plus-calme\/flare-audio-calmer-night-mini-noir\/#breadcrumb"},"inLanguage":"fr-FR","potentialAction":[{"@type":"ReadAction","target":["https:\/\/www.horendgoed.nl\/fr\/shop\/tranquillisants\/plus-calme\/flare-audio-calmer-night-mini-noir\/"]}]},{"@type":"ImageObject","inLanguage":"fr-FR","@id":"https:\/\/www.horendgoed.nl\/fr\/shop\/tranquillisants\/plus-calme\/flare-audio-calmer-night-mini-noir\/#primaryimage","url":"https:\/\/www.horendgoed.nl\/wp-content\/uploads\/2022\/12\/cal-si-mini-night-blk-photoroom.jpg","contentUrl":"https:\/\/www.horendgoed.nl\/wp-content\/uploads\/2022\/12\/cal-si-mini-night-blk-photoroom.jpg","width":2000,"height":2000},{"@type":"BreadcrumbList","@id":"https:\/\/www.horendgoed.nl\/fr\/shop\/tranquillisants\/plus-calme\/flare-audio-calmer-night-mini-noir\/#breadcrumb","itemListElement":[{"@type":"ListItem","position":1,"name":"Accueil","item":"https:\/\/www.horendgoed.nl\/fr\/"},{"@type":"ListItem","position":2,"name":"Produits","item":"https:\/\/www.horendgoed.nl\/fr\/boutique\/produits\/"},{"@type":"ListItem","position":3,"name":"Flare Audio Calmer Night mini Noir"}]},{"@type":"WebSite","@id":"https:\/\/www.horendgoed.nl\/fr\/#website","url":"https:\/\/www.horendgoed.nl\/fr\/","name":"Horend Goed Audiciens","description":"Luistert Beter","publisher":{"@id":"https:\/\/www.horendgoed.nl\/fr\/#organization"},"potentialAction":[{"@type":"SearchAction","target":{"@type":"EntryPoint","urlTemplate":"https:\/\/www.horendgoed.nl\/fr\/?s={search_term_string}"},"query-input":{"@type":"PropertyValueSpecification","valueRequired":true,"valueName":"search_term_string"}}],"inLanguage":"fr-FR"},{"@type":"Organization","@id":"https:\/\/www.horendgoed.nl\/fr\/#organization","name":"Horend Goed","url":"https:\/\/www.horendgoed.nl\/fr\/","logo":{"@type":"ImageObject","inLanguage":"fr-FR","@id":"https:\/\/www.horendgoed.nl\/fr\/#\/schema\/logo\/image\/","url":"https:\/\/www.horendgoed.nl\/wp-content\/uploads\/2021\/05\/Logo-groot-e1621862526979.png","contentUrl":"https:\/\/www.horendgoed.nl\/wp-content\/uploads\/2021\/05\/Logo-groot-e1621862526979.png","width":509,"height":100,"caption":"Horend Goed"},"image":{"@id":"https:\/\/www.horendgoed.nl\/fr\/#\/schema\/logo\/image\/"},"sameAs":["https:\/\/www.facebook.com\/horendgoed","https:\/\/www.instagram.com\/horendgoed\/","https:\/\/www.linkedin.com\/company\/horend-goed\/","https:\/\/www.youtube.com\/@horendgoed"],"email":"info@horendgoed.nl","telephone":"075 20 25 203","vatID":"NL 853 756 193 B01"}]}},"jetpack_sharing_enabled":true,"_links":{"self":[{"href":"https:\/\/www.horendgoed.nl\/fr\/wp-json\/wp\/v2\/product\/185739","targetHints":{"allow":["GET"]}}],"collection":[{"href":"https:\/\/www.horendgoed.nl\/fr\/wp-json\/wp\/v2\/product"}],"about":[{"href":"https:\/\/www.horendgoed.nl\/fr\/wp-json\/wp\/v2\/types\/product"}],"wp:featuredmedia":[{"embeddable":true,"href":"https:\/\/www.horendgoed.nl\/fr\/wp-json\/wp\/v2\/media\/185748"}],"wp:attachment":[{"href":"https:\/\/www.horendgoed.nl\/fr\/wp-json\/wp\/v2\/media?parent=185739"}],"wp:term":[{"taxonomy":"product_brand","embeddable":true,"href":"https:\/\/www.horendgoed.nl\/fr\/wp-json\/wp\/v2\/product_brand?post=185739"},{"taxonomy":"product_cat","embeddable":true,"href":"https:\/\/www.horendgoed.nl\/fr\/wp-json\/wp\/v2\/product_cat?post=185739"},{"taxonomy":"product_tag","embeddable":true,"href":"https:\/\/www.horendgoed.nl\/fr\/wp-json\/wp\/v2\/product_tag?post=185739"}],"curies":[{"name":"wp","href":"https:\/\/api.w.org\/{rel}","templated":true}]}}