{"id":185929,"date":"2022-12-13T10:25:44","date_gmt":"2022-12-13T09:25:44","guid":{"rendered":"https:\/\/www.horendgoed.nl\/shop\/non%20class\u00e9\/capsule-audio-flare-noir\/"},"modified":"2025-09-13T21:16:34","modified_gmt":"2025-09-13T19:16:34","slug":"capsule-audio-flare-noir","status":"publish","type":"product","link":"https:\/\/www.horendgoed.nl\/fr\/shop\/la-boutique-de-sandra\/porte-cles\/capsule-audio-flare-noir\/","title":{"rendered":"Capsule audio Flare noir"},"content":{"rendered":"<p><strong>Flare Audio Capsule Stand Black : Protection et style pour vos calmants<\/strong><\/p>\n<p>La <strong>Flare Audio Capsule Standard Black<\/strong> est la solution parfaite pour tous ceux qui souhaitent ranger en toute s\u00e9curit\u00e9 leurs <strong>Flare Audio Calmers<\/strong> et les prot\u00e9ger des dommages et de la salet\u00e9. Cette capsule de rangement combine style, durabilit\u00e9 et facilit\u00e9 d&rsquo;utilisation dans un design compact, ce qui la rend id\u00e9ale pour un usage quotidien. Que vous soyez en d\u00e9placement, au travail ou que vous souhaitiez simplement ranger vos protections auditives \u00e0 la maison, la capsule Flare Audio offre une protection optimale \u00e0 vos pr\u00e9cieux \u00e9couteurs.  <\/p>\n<p>Avec son design noir \u00e9l\u00e9gant et sa finition de haute qualit\u00e9, la <strong>capsule audio Flare Standard Black<\/strong> est un accessoire indispensable pour tous ceux qui souhaitent conserver leur protection auditive en toute s\u00e9curit\u00e9 et avec style.<\/p>\n<h3><strong>Pourquoi choisir la capsule Flare Audio Capsule Standard Black ?<\/strong><\/h3>\n<p>La <strong>capsule Flare Audio<\/strong> est sp\u00e9cialement con\u00e7ue pour ranger vos <strong>Flare Audio Calmers<\/strong> et autres petits \u00e9couteurs en toute s\u00e9curit\u00e9 et de mani\u00e8re hygi\u00e9nique. Les oreillettes sont susceptibles d&rsquo;\u00eatre salies, poussi\u00e9reuses et endommag\u00e9es lorsqu&rsquo;elles sont rang\u00e9es en vrac dans votre sac ou votre poche. Avec cette capsule de rangement, vous vous assurez que vos bouchons d&rsquo;oreille restent bien prot\u00e9g\u00e9s, ce qui prolonge consid\u00e9rablement la dur\u00e9e de vie de votre protection auditive.  <\/p>\n<p>En outre, la capsule est fabriqu\u00e9e en aluminium durable, ce qui garantit non seulement une construction solide, mais aussi un accessoire l\u00e9ger et facile \u00e0 transporter. Que vous soyez en d\u00e9placement ou \u00e0 la maison, vous disposez toujours d&rsquo;un endroit s\u00fbr pour ranger vos bouchons d&rsquo;oreille. <\/p>\n<h3><strong>Conception compacte et durable<\/strong><\/h3>\n<p>La <strong>capsule audio Flare Standard Black<\/strong> a \u00e9t\u00e9 con\u00e7ue dans un souci de durabilit\u00e9 et de facilit\u00e9 d&rsquo;utilisation. La <strong>taille compacte<\/strong> permet d&#8217;emporter la capsule partout, tandis que le mat\u00e9riau robuste en aluminium assure une protection optimale contre les chutes, les rayures et d&rsquo;autres formes de dommages. La capsule est donc id\u00e9ale pour les personnes qui se d\u00e9placent souvent et qui souhaitent ranger leurs protections auditives en toute s\u00e9curit\u00e9.  <\/p>\n<p>Le <strong>design noir n<\/strong> &lsquo;est pas seulement \u00e9l\u00e9gant, il est aussi fonctionnel. La couleur noire conf\u00e8re \u00e0 la capsule un aspect moderne et subtil qui convient \u00e0 tous les styles. De plus, la capsule est \u00e9quip\u00e9e d&rsquo;un bouchon \u00e0 vis, ce qui permet de maintenir vos \u00e9couteurs scell\u00e9s en toute s\u00e9curit\u00e9 et d&rsquo;\u00e9viter qu&rsquo;ils ne tombent accidentellement.  <\/p>\n<h3><strong>Protection contre la salet\u00e9 et les dommages<\/strong><\/h3>\n<p>L&rsquo;un des principaux avantages de la <strong>capsule audio Flare<\/strong> est la protection qu&rsquo;elle offre contre la salet\u00e9, la poussi\u00e8re et d&rsquo;autres influences ext\u00e9rieures. Les \u00e9couteurs peuvent facilement se salir s&rsquo;ils sont laiss\u00e9s en vrac dans votre sac ou votre poche, ce qui est non seulement peu hygi\u00e9nique, mais peut \u00e9galement affecter leurs performances. Avec la capsule Flare Audio Capsule, vous pouvez garder vos \u00e9couteurs en s\u00e9curit\u00e9 et propres, afin qu&rsquo;ils soient toujours pr\u00eats \u00e0 l&#8217;emploi.  <\/p>\n<p>En outre, la capsule prot\u00e8ge vos \u00e9couteurs contre les dommages physiques. La conception robuste en aluminium garantit que vos \u00e9couteurs ne se d\u00e9formeront pas et ne se casseront pas, m\u00eame si la capsule tombe accidentellement sur le sol. La capsule Flare Audio est donc un choix fiable pour tous ceux qui souhaitent conserver leurs \u00e9couteurs en parfait \u00e9tat.  <\/p>\n<h3><strong>Facile \u00e0 transporter<\/strong><\/h3>\n<p>La <strong>capsule audio Flare Standard Black<\/strong> est con\u00e7ue pour les personnes toujours en mouvement. Gr\u00e2ce \u00e0 sa taille compacte, la capsule se glisse facilement dans votre poche, votre sac ou votre sac \u00e0 dos, sans prendre beaucoup de place. C&rsquo;est donc le compagnon id\u00e9al pour voyager, aller au travail ou \u00e0 la salle de sport. O\u00f9 que vous alliez, vous pouvez toujours \u00eatre s\u00fbr que vos bouchons d&rsquo;oreille sont en s\u00e9curit\u00e9 et \u00e0 port\u00e9e de main.   <\/p>\n<p>La l\u00e9g\u00e8ret\u00e9 de la capsule fait que vous la sentez \u00e0 peine lorsque vous la transportez, tandis que sa conception robuste garantit une protection optimale de vos \u00e9couteurs.<\/p>\n<h3><strong>Pourquoi le Flare Audio Capsule Standard Black est-il le bon choix ?<\/strong><\/h3>\n<ol>\n<li><strong>Conception durable en aluminium<\/strong>: la capsule est fabriqu\u00e9e en aluminium robuste, ce qui garantit une protection \u00e0 long terme contre les dommages.<\/li>\n<li><strong>\u00c9l\u00e9gante et compacte<\/strong>: le design noir conf\u00e8re \u00e0 la capsule un aspect moderne, tandis que sa taille compacte vous permet de l&#8217;emporter partout.<\/li>\n<li><strong>Protection optimale<\/strong>: la capsule prot\u00e8ge vos bouchons d&rsquo;oreille de la salet\u00e9, de la poussi\u00e8re et des dommages physiques, prolongeant ainsi leur dur\u00e9e de vie.<\/li>\n<li><strong>Facile \u00e0 transporter<\/strong>: Gr\u00e2ce \u00e0 son poids l\u00e9ger et \u00e0 sa taille compacte, la capsule se glisse facilement dans votre poche ou votre sac, ce qui est id\u00e9al pour les voyages.<\/li>\n<li><strong>Bouchon \u00e0 vis pour plus de s\u00e9curit\u00e9<\/strong>: le bouchon \u00e0 vis garantit que vos bouchons d&rsquo;oreille restent en toute s\u00e9curit\u00e9 dans la capsule et ne tombent pas accidentellement.<\/li>\n<\/ol>\n<h3><strong>Utilisation polyvalente<\/strong><\/h3>\n<p>Bien que la capsule <strong>Flare Audio Standard Black<\/strong> ait \u00e9t\u00e9 con\u00e7ue \u00e0 l&rsquo;origine pour les <strong>Flare Audio Calmers<\/strong>, elle convient \u00e9galement \u00e0 d&rsquo;autres petites protections auditives et bouchons d&rsquo;oreille. La capsule est donc une solution polyvalente pour tous ceux qui souhaitent ranger leurs protections auditives de mani\u00e8re s\u00fbre et \u00e9l\u00e9gante. <\/p>\n<p>Que vous utilisiez des bouchons d&rsquo;oreille Flare Audio ou une autre marque de protection auditive, la capsule offre une solution de stockage s\u00fbre et fiable pour tous vos bouchons d&rsquo;oreille.<\/p>\n<h3><strong>Conclusion<\/strong><\/h3>\n<p>La <strong>capsule audio Flare Standard Black<\/strong> est la combinaison parfaite du style, de la protection et de la facilit\u00e9 d&rsquo;utilisation. Avec sa conception en aluminium durable, sa taille compacte et sa finition noire moderne, cette capsule offre tout ce dont vous avez besoin pour garder vos protections auditives en s\u00e9curit\u00e9. Que vous soyez sur la route ou \u00e0 la maison, vous pouvez toujours faire confiance \u00e0 vos bouchons d&rsquo;oreille pour qu&rsquo;ils restent propres et en s\u00e9curit\u00e9 dans la Flare Audio Capsule.  <\/p>\n","protected":false},"excerpt":{"rendered":"<p>Capsules porte-cl\u00e9s en aluminium r\u00e9sistantes aux \u00e9claboussures pour garder vos oreillettes saines et sauves.<\/p>\n","protected":false},"featured_media":185941,"template":"","meta":{"_acf_changed":false},"product_brand":[],"product_cat":[14107,14156,14135],"product_tag":[],"class_list":["post-185929","product","type-product","status-publish","has-post-thumbnail","product_cat-accessoires-fr","product_cat-porte-cles","product_cat-vente","grid-sizer","latest_post","first","instock","sale","taxable","shipping-taxable","purchasable","product-type-simple"],"acf":[],"yoast_head":"<!-- This site is optimized with the Yoast SEO Premium plugin v27.4 (Yoast SEO v28.3) - https:\/\/yoast.com\/product\/yoast-seo-premium-wordpress\/ -->\n<title>Capsule audio Flare noir | Horend Goed Audiciens<\/title>\n<meta name=\"robots\" content=\"index, follow, max-snippet:-1, max-image-preview:large, max-video-preview:-1\" \/>\n<link rel=\"canonical\" href=\"https:\/\/www.horendgoed.nl\/fr\/shop\/la-boutique-de-sandra\/porte-cles\/capsule-audio-flare-noir\/\" \/>\n<meta property=\"og:locale\" content=\"fr_FR\" \/>\n<meta property=\"og:type\" content=\"article\" \/>\n<meta property=\"og:title\" content=\"Capsule audio Flare noir\" \/>\n<meta property=\"og:description\" content=\"Capsules porte-cl\u00e9s en aluminium r\u00e9sistantes aux \u00e9claboussures pour garder vos oreillettes saines et sauves.\" \/>\n<meta property=\"og:url\" content=\"https:\/\/www.horendgoed.nl\/fr\/shop\/la-boutique-de-sandra\/porte-cles\/capsule-audio-flare-noir\/\" \/>\n<meta property=\"og:site_name\" content=\"Horend Goed Audiciens\" \/>\n<meta property=\"article:publisher\" content=\"https:\/\/www.facebook.com\/horendgoed\" \/>\n<meta property=\"article:modified_time\" content=\"2025-09-13T19:16:34+00:00\" \/>\n<meta property=\"og:image\" content=\"https:\/\/www.horendgoed.nl\/wp-content\/uploads\/2022\/12\/873d-187f-4171-ae2a-34590ed554bd-photoroom.jpg\" \/>\n\t<meta property=\"og:image:width\" content=\"2000\" \/>\n\t<meta property=\"og:image:height\" content=\"2000\" \/>\n\t<meta property=\"og:image:type\" content=\"image\/jpeg\" \/>\n<script type=\"application\/ld+json\" class=\"yoast-schema-graph\">{\"@context\":\"https:\\\/\\\/schema.org\",\"@graph\":[{\"@type\":\"WebPage\",\"@id\":\"https:\\\/\\\/www.horendgoed.nl\\\/fr\\\/shop\\\/la-boutique-de-sandra\\\/porte-cles\\\/capsule-audio-flare-noir\\\/\",\"url\":\"https:\\\/\\\/www.horendgoed.nl\\\/fr\\\/shop\\\/la-boutique-de-sandra\\\/porte-cles\\\/capsule-audio-flare-noir\\\/\",\"name\":\"Capsule audio Flare noir | Horend Goed Audiciens\",\"isPartOf\":{\"@id\":\"https:\\\/\\\/www.horendgoed.nl\\\/fr\\\/#website\"},\"primaryImageOfPage\":{\"@id\":\"https:\\\/\\\/www.horendgoed.nl\\\/fr\\\/shop\\\/la-boutique-de-sandra\\\/porte-cles\\\/capsule-audio-flare-noir\\\/#primaryimage\"},\"image\":{\"@id\":\"https:\\\/\\\/www.horendgoed.nl\\\/fr\\\/shop\\\/la-boutique-de-sandra\\\/porte-cles\\\/capsule-audio-flare-noir\\\/#primaryimage\"},\"thumbnailUrl\":\"https:\\\/\\\/www.horendgoed.nl\\\/wp-content\\\/uploads\\\/2022\\\/12\\\/873d-187f-4171-ae2a-34590ed554bd-photoroom.jpg\",\"datePublished\":\"2022-12-13T09:25:44+00:00\",\"dateModified\":\"2025-09-13T19:16:34+00:00\",\"breadcrumb\":{\"@id\":\"https:\\\/\\\/www.horendgoed.nl\\\/fr\\\/shop\\\/la-boutique-de-sandra\\\/porte-cles\\\/capsule-audio-flare-noir\\\/#breadcrumb\"},\"inLanguage\":\"fr-FR\",\"potentialAction\":[{\"@type\":\"ReadAction\",\"target\":[\"https:\\\/\\\/www.horendgoed.nl\\\/fr\\\/shop\\\/la-boutique-de-sandra\\\/porte-cles\\\/capsule-audio-flare-noir\\\/\"]}]},{\"@type\":\"ImageObject\",\"inLanguage\":\"fr-FR\",\"@id\":\"https:\\\/\\\/www.horendgoed.nl\\\/fr\\\/shop\\\/la-boutique-de-sandra\\\/porte-cles\\\/capsule-audio-flare-noir\\\/#primaryimage\",\"url\":\"https:\\\/\\\/www.horendgoed.nl\\\/wp-content\\\/uploads\\\/2022\\\/12\\\/873d-187f-4171-ae2a-34590ed554bd-photoroom.jpg\",\"contentUrl\":\"https:\\\/\\\/www.horendgoed.nl\\\/wp-content\\\/uploads\\\/2022\\\/12\\\/873d-187f-4171-ae2a-34590ed554bd-photoroom.jpg\",\"width\":2000,\"height\":2000},{\"@type\":\"BreadcrumbList\",\"@id\":\"https:\\\/\\\/www.horendgoed.nl\\\/fr\\\/shop\\\/la-boutique-de-sandra\\\/porte-cles\\\/capsule-audio-flare-noir\\\/#breadcrumb\",\"itemListElement\":[{\"@type\":\"ListItem\",\"position\":1,\"name\":\"Accueil\",\"item\":\"https:\\\/\\\/www.horendgoed.nl\\\/fr\\\/\"},{\"@type\":\"ListItem\",\"position\":2,\"name\":\"Produits\",\"item\":\"https:\\\/\\\/www.horendgoed.nl\\\/fr\\\/boutique\\\/produits\\\/\"},{\"@type\":\"ListItem\",\"position\":3,\"name\":\"Capsule audio Flare noir\"}]},{\"@type\":\"WebSite\",\"@id\":\"https:\\\/\\\/www.horendgoed.nl\\\/fr\\\/#website\",\"url\":\"https:\\\/\\\/www.horendgoed.nl\\\/fr\\\/\",\"name\":\"Horend Goed Audiciens\",\"description\":\"Luistert Beter\",\"publisher\":{\"@id\":\"https:\\\/\\\/www.horendgoed.nl\\\/fr\\\/#organization\"},\"potentialAction\":[{\"@type\":\"SearchAction\",\"target\":{\"@type\":\"EntryPoint\",\"urlTemplate\":\"https:\\\/\\\/www.horendgoed.nl\\\/fr\\\/?s={search_term_string}\"},\"query-input\":{\"@type\":\"PropertyValueSpecification\",\"valueRequired\":true,\"valueName\":\"search_term_string\"}}],\"inLanguage\":\"fr-FR\"},{\"@type\":\"Organization\",\"@id\":\"https:\\\/\\\/www.horendgoed.nl\\\/fr\\\/#organization\",\"name\":\"Horend Goed\",\"url\":\"https:\\\/\\\/www.horendgoed.nl\\\/fr\\\/\",\"logo\":{\"@type\":\"ImageObject\",\"inLanguage\":\"fr-FR\",\"@id\":\"https:\\\/\\\/www.horendgoed.nl\\\/fr\\\/#\\\/schema\\\/logo\\\/image\\\/\",\"url\":\"https:\\\/\\\/www.horendgoed.nl\\\/wp-content\\\/uploads\\\/2021\\\/05\\\/Logo-groot-e1621862526979.png\",\"contentUrl\":\"https:\\\/\\\/www.horendgoed.nl\\\/wp-content\\\/uploads\\\/2021\\\/05\\\/Logo-groot-e1621862526979.png\",\"width\":509,\"height\":100,\"caption\":\"Horend Goed\"},\"image\":{\"@id\":\"https:\\\/\\\/www.horendgoed.nl\\\/fr\\\/#\\\/schema\\\/logo\\\/image\\\/\"},\"sameAs\":[\"https:\\\/\\\/www.facebook.com\\\/horendgoed\",\"https:\\\/\\\/www.instagram.com\\\/horendgoed\\\/\",\"https:\\\/\\\/www.linkedin.com\\\/company\\\/horend-goed\\\/\",\"https:\\\/\\\/www.youtube.com\\\/@horendgoed\"],\"email\":\"info@horendgoed.nl\",\"telephone\":\"075 20 25 203\",\"vatID\":\"NL 853 756 193 B01\"}]}<\/script>\n<!-- \/ Yoast SEO Premium plugin. -->","yoast_head_json":{"title":"Capsule audio Flare noir | Horend Goed Audiciens","robots":{"index":"index","follow":"follow","max-snippet":"max-snippet:-1","max-image-preview":"max-image-preview:large","max-video-preview":"max-video-preview:-1"},"canonical":"https:\/\/www.horendgoed.nl\/fr\/shop\/la-boutique-de-sandra\/porte-cles\/capsule-audio-flare-noir\/","og_locale":"fr_FR","og_type":"article","og_title":"Capsule audio Flare noir","og_description":"Capsules porte-cl\u00e9s en aluminium r\u00e9sistantes aux \u00e9claboussures pour garder vos oreillettes saines et sauves.","og_url":"https:\/\/www.horendgoed.nl\/fr\/shop\/la-boutique-de-sandra\/porte-cles\/capsule-audio-flare-noir\/","og_site_name":"Horend Goed Audiciens","article_publisher":"https:\/\/www.facebook.com\/horendgoed","article_modified_time":"2025-09-13T19:16:34+00:00","og_image":[{"width":2000,"height":2000,"url":"https:\/\/www.horendgoed.nl\/wp-content\/uploads\/2022\/12\/873d-187f-4171-ae2a-34590ed554bd-photoroom.jpg","type":"image\/jpeg"}],"schema":{"@context":"https:\/\/schema.org","@graph":[{"@type":"WebPage","@id":"https:\/\/www.horendgoed.nl\/fr\/shop\/la-boutique-de-sandra\/porte-cles\/capsule-audio-flare-noir\/","url":"https:\/\/www.horendgoed.nl\/fr\/shop\/la-boutique-de-sandra\/porte-cles\/capsule-audio-flare-noir\/","name":"Capsule audio Flare noir | Horend Goed Audiciens","isPartOf":{"@id":"https:\/\/www.horendgoed.nl\/fr\/#website"},"primaryImageOfPage":{"@id":"https:\/\/www.horendgoed.nl\/fr\/shop\/la-boutique-de-sandra\/porte-cles\/capsule-audio-flare-noir\/#primaryimage"},"image":{"@id":"https:\/\/www.horendgoed.nl\/fr\/shop\/la-boutique-de-sandra\/porte-cles\/capsule-audio-flare-noir\/#primaryimage"},"thumbnailUrl":"https:\/\/www.horendgoed.nl\/wp-content\/uploads\/2022\/12\/873d-187f-4171-ae2a-34590ed554bd-photoroom.jpg","datePublished":"2022-12-13T09:25:44+00:00","dateModified":"2025-09-13T19:16:34+00:00","breadcrumb":{"@id":"https:\/\/www.horendgoed.nl\/fr\/shop\/la-boutique-de-sandra\/porte-cles\/capsule-audio-flare-noir\/#breadcrumb"},"inLanguage":"fr-FR","potentialAction":[{"@type":"ReadAction","target":["https:\/\/www.horendgoed.nl\/fr\/shop\/la-boutique-de-sandra\/porte-cles\/capsule-audio-flare-noir\/"]}]},{"@type":"ImageObject","inLanguage":"fr-FR","@id":"https:\/\/www.horendgoed.nl\/fr\/shop\/la-boutique-de-sandra\/porte-cles\/capsule-audio-flare-noir\/#primaryimage","url":"https:\/\/www.horendgoed.nl\/wp-content\/uploads\/2022\/12\/873d-187f-4171-ae2a-34590ed554bd-photoroom.jpg","contentUrl":"https:\/\/www.horendgoed.nl\/wp-content\/uploads\/2022\/12\/873d-187f-4171-ae2a-34590ed554bd-photoroom.jpg","width":2000,"height":2000},{"@type":"BreadcrumbList","@id":"https:\/\/www.horendgoed.nl\/fr\/shop\/la-boutique-de-sandra\/porte-cles\/capsule-audio-flare-noir\/#breadcrumb","itemListElement":[{"@type":"ListItem","position":1,"name":"Accueil","item":"https:\/\/www.horendgoed.nl\/fr\/"},{"@type":"ListItem","position":2,"name":"Produits","item":"https:\/\/www.horendgoed.nl\/fr\/boutique\/produits\/"},{"@type":"ListItem","position":3,"name":"Capsule audio Flare noir"}]},{"@type":"WebSite","@id":"https:\/\/www.horendgoed.nl\/fr\/#website","url":"https:\/\/www.horendgoed.nl\/fr\/","name":"Horend Goed Audiciens","description":"Luistert Beter","publisher":{"@id":"https:\/\/www.horendgoed.nl\/fr\/#organization"},"potentialAction":[{"@type":"SearchAction","target":{"@type":"EntryPoint","urlTemplate":"https:\/\/www.horendgoed.nl\/fr\/?s={search_term_string}"},"query-input":{"@type":"PropertyValueSpecification","valueRequired":true,"valueName":"search_term_string"}}],"inLanguage":"fr-FR"},{"@type":"Organization","@id":"https:\/\/www.horendgoed.nl\/fr\/#organization","name":"Horend Goed","url":"https:\/\/www.horendgoed.nl\/fr\/","logo":{"@type":"ImageObject","inLanguage":"fr-FR","@id":"https:\/\/www.horendgoed.nl\/fr\/#\/schema\/logo\/image\/","url":"https:\/\/www.horendgoed.nl\/wp-content\/uploads\/2021\/05\/Logo-groot-e1621862526979.png","contentUrl":"https:\/\/www.horendgoed.nl\/wp-content\/uploads\/2021\/05\/Logo-groot-e1621862526979.png","width":509,"height":100,"caption":"Horend Goed"},"image":{"@id":"https:\/\/www.horendgoed.nl\/fr\/#\/schema\/logo\/image\/"},"sameAs":["https:\/\/www.facebook.com\/horendgoed","https:\/\/www.instagram.com\/horendgoed\/","https:\/\/www.linkedin.com\/company\/horend-goed\/","https:\/\/www.youtube.com\/@horendgoed"],"email":"info@horendgoed.nl","telephone":"075 20 25 203","vatID":"NL 853 756 193 B01"}]}},"jetpack_sharing_enabled":true,"_links":{"self":[{"href":"https:\/\/www.horendgoed.nl\/fr\/wp-json\/wp\/v2\/product\/185929","targetHints":{"allow":["GET"]}}],"collection":[{"href":"https:\/\/www.horendgoed.nl\/fr\/wp-json\/wp\/v2\/product"}],"about":[{"href":"https:\/\/www.horendgoed.nl\/fr\/wp-json\/wp\/v2\/types\/product"}],"wp:featuredmedia":[{"embeddable":true,"href":"https:\/\/www.horendgoed.nl\/fr\/wp-json\/wp\/v2\/media\/185941"}],"wp:attachment":[{"href":"https:\/\/www.horendgoed.nl\/fr\/wp-json\/wp\/v2\/media?parent=185929"}],"wp:term":[{"taxonomy":"product_brand","embeddable":true,"href":"https:\/\/www.horendgoed.nl\/fr\/wp-json\/wp\/v2\/product_brand?post=185929"},{"taxonomy":"product_cat","embeddable":true,"href":"https:\/\/www.horendgoed.nl\/fr\/wp-json\/wp\/v2\/product_cat?post=185929"},{"taxonomy":"product_tag","embeddable":true,"href":"https:\/\/www.horendgoed.nl\/fr\/wp-json\/wp\/v2\/product_tag?post=185929"}],"curies":[{"name":"wp","href":"https:\/\/api.w.org\/{rel}","templated":true}]}}