{"id":186672,"date":"2022-12-13T12:35:57","date_gmt":"2022-12-13T12:35:57","guid":{"rendered":"https:\/\/www.horendgoed.nl\/shop\/non%20class\u00e9\/reveil-bellman-symfon-digital-pro\/"},"modified":"2025-09-13T23:06:35","modified_gmt":"2025-09-13T21:06:35","slug":"reveil-bellman-symfon-digital-pro","status":"publish","type":"product","link":"https:\/\/www.horendgoed.nl\/fr\/shop\/aides-pour-les-malentendants\/reveils\/reveil-bellman-symfon-digital-pro\/","title":{"rendered":"R\u00e9veil Bellman &amp; Symfon Digital Pro"},"content":{"rendered":"<p><strong>R\u00e9veil Bellman &amp; Symfon Pro : Le r\u00e9veil ultime pour les dormeurs profonds et les personnes malentendantes<\/strong><\/p>\n<p>Le r\u00e9veil <strong>Bellman &amp; Symfon Alarm Clock Pro<\/strong> est un r\u00e9veil polyvalent parfait pour tous ceux qui ont des difficult\u00e9s \u00e0 se r\u00e9veiller. Ce puissant r\u00e9veil combine plusieurs options de r\u00e9veil telles que le son, la lumi\u00e8re et la vibration, offrant une solution fiable aux gros dormeurs, aux malentendants et aux personnes qui ne veulent vraiment pas manquer leur r\u00e9veil. <\/p>\n<h3><strong>Fonctions de r\u00e9veil puissantes pour un r\u00e9veil efficace<\/strong><\/h3>\n<p>Ce r\u00e9veil offre trois caract\u00e9ristiques uniques pour vous permettre de vous r\u00e9veiller \u00e0 temps, m\u00eame si vous avez le sommeil profond ou si vous \u00eates malentendant. Le r\u00e9veil utilise un <strong>signal d&rsquo;alarme puissant<\/strong> qui peut atteindre jusqu&rsquo;\u00e0 <strong>100 dB<\/strong>. Il s&rsquo;agit d&rsquo;un son similaire \u00e0 celui d&rsquo;un marteau-piqueur, qui emp\u00eache les dormeurs les plus profonds de fermer les yeux. La hauteur de l&rsquo;alarme peut \u00eatre r\u00e9gl\u00e9e pour que vous puissiez optimiser le son en fonction de vos besoins auditifs personnels.   <\/p>\n<p>Outre le son puissant, le R\u00e9veil Pro est dot\u00e9 de <strong>LED lumineuses<\/strong> qui s&rsquo;allument et clignotent lorsque l&rsquo;alarme se d\u00e9clenche. Ces lumi\u00e8res intenses sont parfaites pour les personnes malentendantes ou pour les situations o\u00f9 le son seul ne suffit pas. La lumi\u00e8re clignotante attire imm\u00e9diatement l&rsquo;attention, m\u00eame lorsque vous \u00eates profond\u00e9ment endormi.  <\/p>\n<p>Pour plus d&rsquo;efficacit\u00e9, un <strong>puissant disque vibrant<\/strong> peut \u00eatre plac\u00e9 sous votre oreiller ou votre matelas. Ce coussin vibrant cr\u00e9e des vibrations physiques qui vous feront sortir du lit. C&rsquo;est la solution id\u00e9ale pour les malentendants ou pour les personnes qui se r\u00e9veillent avec une vibration douce mais claire.  <\/p>\n<h3><strong>Des fonctions intelligentes pour plus de confort<\/strong><\/h3>\n<p>Outre ses puissantes capacit\u00e9s de r\u00e9veil, le <strong>r\u00e9veil Bellman &amp; Symfon Pro<\/strong> offre \u00e9galement des fonctions intelligentes qui augmentent sa facilit\u00e9 d&rsquo;utilisation. Le r\u00e9veil est dot\u00e9 d&rsquo;une <strong>veilleuse<\/strong>, qui apporte un \u00e9clairage subtil dans la chambre et vous aide \u00e0 vous orienter la nuit, par exemple lorsque vous devez aller aux toilettes. <\/p>\n<p>Le r\u00e9veil est \u00e9quip\u00e9 d&rsquo;une <strong>batterie de secours<\/strong>, vous n&rsquo;avez donc pas \u00e0 vous soucier des pannes de courant. M\u00eame en cas de coupure de courant, vos heures de r\u00e9veil et vos r\u00e9glages sont conserv\u00e9s. Vous b\u00e9n\u00e9ficiez ainsi d&rsquo;une s\u00e9curit\u00e9 suppl\u00e9mentaire, notamment lorsque vous avez des rendez-vous importants et que vous ne voulez pas risquer de manquer votre r\u00e9veil.  <\/p>\n<p>De plus, le r\u00e9veil est \u00e9quip\u00e9 d&rsquo;une <strong>prise t\u00e9l\u00e9phonique<\/strong>, ce qui signifie que vous pouvez le connecter \u00e0 une ligne fixe. Lorsque le t\u00e9l\u00e9phone sonne, le clavier vibre et les voyants lumineux clignotent. Vous ne manquerez donc jamais un appel important, m\u00eame si vous n&rsquo;entendez pas le t\u00e9l\u00e9phone. <\/p>\n<h3><strong>Fonctions r\u00e9glables pour les pr\u00e9f\u00e9rences personnelles<\/strong><\/h3>\n<p>Le r\u00e9veil <strong>Bellman &amp; Symfon Alarm Clock Pro<\/strong> offre plusieurs options de r\u00e9glage pour adapter le r\u00e9veil \u00e0 vos pr\u00e9f\u00e9rences. Par exemple, vous pouvez r\u00e9gler la luminosit\u00e9 des diodes \u00e9lectroluminescentes, d\u00e9finir le d\u00e9lai de r\u00e9p\u00e9tition de l&rsquo;alarme et afficher l&rsquo;heure en 12 ou 24 heures, selon ce qui vous semble le plus confortable. Ces options de r\u00e9glage flexibles vous permettent d&rsquo;adapter le r\u00e9veil \u00e0 vos habitudes de sommeil et \u00e0 vos besoins sp\u00e9cifiques.  <\/p>\n<h3><strong>Installation facile et fonctionnement convivial<\/strong><\/h3>\n<p>L&rsquo;un des principaux avantages du R\u00e9veil Bellman &amp; Symfon Pro est sa simplicit\u00e9 d&rsquo;utilisation. Le r\u00e9veil est con\u00e7u pour \u00eatre facile \u00e0 installer et \u00e0 utiliser, m\u00eame pour les personnes qui ne sont pas f\u00e9rues de technologie. Tous les boutons et commandes sont faciles \u00e0 comprendre et accessibles. Vous pouvez facilement choisir le mode d&rsquo;alarme qui vous convient et ajuster les param\u00e8tres en quelques \u00e9tapes simples.   <\/p>\n<h3><strong>Adapt\u00e9 \u00e0 diff\u00e9rents groupes cibles<\/strong><\/h3>\n<p>Ce r\u00e9veil est particuli\u00e8rement adapt\u00e9 pour :<\/p>\n<ul>\n<li><strong>Dormeurs profonds<\/strong>: gr\u00e2ce au son puissant et aux vibrations intenses, vous ne risquez pas de manquer l&rsquo;alarme.<\/li>\n<li><strong>Personnes malentendantes<\/strong>: les flashs lumineux des LED et le coussin vibrant vous permettent d&rsquo;\u00eatre r\u00e9veill\u00e9 visuellement et physiquement.<\/li>\n<li><strong>Travailleurs lourds ou \u00e9tudiants<\/strong>: Gr\u00e2ce \u00e0 sa batterie de secours et \u00e0 ses fonctions de r\u00e9veil fiables, ce r\u00e9veil est id\u00e9al pour les personnes tr\u00e8s occup\u00e9es qui ne veulent pas manquer un seul rendez-vous.<\/li>\n<\/ul>\n<h3><strong>Conclusion<\/strong><\/h3>\n<p>Le r\u00e9veil <strong>Bellman &amp; Symfon Alarm Clock Pro<\/strong> est un r\u00e9veil puissant et fiable con\u00e7u pour tous ceux qui ont des difficult\u00e9s \u00e0 se r\u00e9veiller. Combinant le son, la lumi\u00e8re et les vibrations, ce r\u00e9veil offre une solution compl\u00e8te aux dormeurs profonds et aux malentendants. Ses fonctions intelligentes, telles que la veilleuse, la batterie de secours et la prise t\u00e9l\u00e9phonique, rendent ce r\u00e9veil polyvalent et convivial. Ajoutez \u00e0 cela une installation facile et un fonctionnement convivial, et vous obtenez un r\u00e9veil id\u00e9al pour un usage quotidien.   <\/p>\n<p>Avec le r\u00e9veil Bellman &amp; Symfon Pro, vous n&rsquo;aurez plus jamais \u00e0 vous soucier de dormir trop longtemps ou de manquer des rendez-vous importants !<\/p>\n","protected":false},"excerpt":{"rendered":"<p>R\u00e9veil Bellman &amp; Symfon Pro : Le r\u00e9veil ultime pour les dormeurs profonds et les personnes malentendantes Le r\u00e9veil Bellman &amp; Symfon Alarm Clock Pro est un r\u00e9veil polyvalent parfait pour tous ceux qui ont des difficult\u00e9s \u00e0 se r\u00e9veiller. Ce puissant r\u00e9veil combine plusieurs options de r\u00e9veil telles que le son, la lumi\u00e8re et &hellip; <\/p>\n","protected":false},"featured_media":186682,"template":"","meta":{"_acf_changed":false},"product_brand":[],"product_cat":[14187,14185,14273],"product_tag":[],"class_list":["post-186672","product","type-product","status-publish","has-post-thumbnail","product_cat-aides-pour-les-malentendants","product_cat-electronique","product_cat-reveils","grid-sizer","latest_post","first","instock","taxable","shipping-taxable","purchasable","product-type-simple"],"acf":[],"yoast_head":"<!-- This site is optimized with the Yoast SEO Premium plugin v27.4 (Yoast SEO v28.3) - https:\/\/yoast.com\/product\/yoast-seo-premium-wordpress\/ -->\n<title>R\u00e9veil Bellman &amp; Symfon Digital Pro | Horend Goed Audiciens<\/title>\n<meta name=\"robots\" content=\"index, follow, max-snippet:-1, max-image-preview:large, max-video-preview:-1\" \/>\n<link rel=\"canonical\" href=\"https:\/\/www.horendgoed.nl\/fr\/shop\/aides-pour-les-malentendants\/reveils\/reveil-bellman-symfon-digital-pro\/\" \/>\n<meta property=\"og:locale\" content=\"fr_FR\" \/>\n<meta property=\"og:type\" content=\"article\" \/>\n<meta property=\"og:title\" content=\"R\u00e9veil Bellman &amp; Symfon Digital Pro\" \/>\n<meta property=\"og:description\" content=\"R\u00e9veil Bellman &amp; Symfon Pro : Le r\u00e9veil ultime pour les dormeurs profonds et les personnes malentendantes Le r\u00e9veil Bellman &amp; Symfon Alarm Clock Pro est un r\u00e9veil polyvalent parfait pour tous ceux qui ont des difficult\u00e9s \u00e0 se r\u00e9veiller. Ce puissant r\u00e9veil combine plusieurs options de r\u00e9veil telles que le son, la lumi\u00e8re et &hellip;\" \/>\n<meta property=\"og:url\" content=\"https:\/\/www.horendgoed.nl\/fr\/shop\/aides-pour-les-malentendants\/reveils\/reveil-bellman-symfon-digital-pro\/\" \/>\n<meta property=\"og:site_name\" content=\"Horend Goed Audiciens\" \/>\n<meta property=\"article:publisher\" content=\"https:\/\/www.facebook.com\/horendgoed\" \/>\n<meta property=\"article:modified_time\" content=\"2025-09-13T21:06:35+00:00\" \/>\n<meta property=\"og:image\" content=\"https:\/\/www.horendgoed.nl\/wp-content\/uploads\/2022\/12\/alarmclock-pro-perspective-gallery-2-photoroom.jpg\" \/>\n\t<meta property=\"og:image:width\" content=\"2000\" \/>\n\t<meta property=\"og:image:height\" content=\"2000\" \/>\n\t<meta property=\"og:image:type\" content=\"image\/jpeg\" \/>\n<script type=\"application\/ld+json\" class=\"yoast-schema-graph\">{\"@context\":\"https:\\\/\\\/schema.org\",\"@graph\":[{\"@type\":\"WebPage\",\"@id\":\"https:\\\/\\\/www.horendgoed.nl\\\/fr\\\/shop\\\/aides-pour-les-malentendants\\\/reveils\\\/reveil-bellman-symfon-digital-pro\\\/\",\"url\":\"https:\\\/\\\/www.horendgoed.nl\\\/fr\\\/shop\\\/aides-pour-les-malentendants\\\/reveils\\\/reveil-bellman-symfon-digital-pro\\\/\",\"name\":\"R\u00e9veil Bellman &amp; Symfon Digital Pro | Horend Goed Audiciens\",\"isPartOf\":{\"@id\":\"https:\\\/\\\/www.horendgoed.nl\\\/fr\\\/#website\"},\"primaryImageOfPage\":{\"@id\":\"https:\\\/\\\/www.horendgoed.nl\\\/fr\\\/shop\\\/aides-pour-les-malentendants\\\/reveils\\\/reveil-bellman-symfon-digital-pro\\\/#primaryimage\"},\"image\":{\"@id\":\"https:\\\/\\\/www.horendgoed.nl\\\/fr\\\/shop\\\/aides-pour-les-malentendants\\\/reveils\\\/reveil-bellman-symfon-digital-pro\\\/#primaryimage\"},\"thumbnailUrl\":\"https:\\\/\\\/www.horendgoed.nl\\\/wp-content\\\/uploads\\\/2022\\\/12\\\/alarmclock-pro-perspective-gallery-2-photoroom.jpg\",\"datePublished\":\"2022-12-13T12:35:57+00:00\",\"dateModified\":\"2025-09-13T21:06:35+00:00\",\"breadcrumb\":{\"@id\":\"https:\\\/\\\/www.horendgoed.nl\\\/fr\\\/shop\\\/aides-pour-les-malentendants\\\/reveils\\\/reveil-bellman-symfon-digital-pro\\\/#breadcrumb\"},\"inLanguage\":\"fr-FR\",\"potentialAction\":[{\"@type\":\"ReadAction\",\"target\":[\"https:\\\/\\\/www.horendgoed.nl\\\/fr\\\/shop\\\/aides-pour-les-malentendants\\\/reveils\\\/reveil-bellman-symfon-digital-pro\\\/\"]}]},{\"@type\":\"ImageObject\",\"inLanguage\":\"fr-FR\",\"@id\":\"https:\\\/\\\/www.horendgoed.nl\\\/fr\\\/shop\\\/aides-pour-les-malentendants\\\/reveils\\\/reveil-bellman-symfon-digital-pro\\\/#primaryimage\",\"url\":\"https:\\\/\\\/www.horendgoed.nl\\\/wp-content\\\/uploads\\\/2022\\\/12\\\/alarmclock-pro-perspective-gallery-2-photoroom.jpg\",\"contentUrl\":\"https:\\\/\\\/www.horendgoed.nl\\\/wp-content\\\/uploads\\\/2022\\\/12\\\/alarmclock-pro-perspective-gallery-2-photoroom.jpg\",\"width\":2000,\"height\":2000},{\"@type\":\"BreadcrumbList\",\"@id\":\"https:\\\/\\\/www.horendgoed.nl\\\/fr\\\/shop\\\/aides-pour-les-malentendants\\\/reveils\\\/reveil-bellman-symfon-digital-pro\\\/#breadcrumb\",\"itemListElement\":[{\"@type\":\"ListItem\",\"position\":1,\"name\":\"Accueil\",\"item\":\"https:\\\/\\\/www.horendgoed.nl\\\/fr\\\/\"},{\"@type\":\"ListItem\",\"position\":2,\"name\":\"Produits\",\"item\":\"https:\\\/\\\/www.horendgoed.nl\\\/fr\\\/boutique\\\/produits\\\/\"},{\"@type\":\"ListItem\",\"position\":3,\"name\":\"R\u00e9veil Bellman &amp; Symfon Digital Pro\"}]},{\"@type\":\"WebSite\",\"@id\":\"https:\\\/\\\/www.horendgoed.nl\\\/fr\\\/#website\",\"url\":\"https:\\\/\\\/www.horendgoed.nl\\\/fr\\\/\",\"name\":\"Horend Goed Audiciens\",\"description\":\"Luistert Beter\",\"publisher\":{\"@id\":\"https:\\\/\\\/www.horendgoed.nl\\\/fr\\\/#organization\"},\"potentialAction\":[{\"@type\":\"SearchAction\",\"target\":{\"@type\":\"EntryPoint\",\"urlTemplate\":\"https:\\\/\\\/www.horendgoed.nl\\\/fr\\\/?s={search_term_string}\"},\"query-input\":{\"@type\":\"PropertyValueSpecification\",\"valueRequired\":true,\"valueName\":\"search_term_string\"}}],\"inLanguage\":\"fr-FR\"},{\"@type\":\"Organization\",\"@id\":\"https:\\\/\\\/www.horendgoed.nl\\\/fr\\\/#organization\",\"name\":\"Horend Goed\",\"url\":\"https:\\\/\\\/www.horendgoed.nl\\\/fr\\\/\",\"logo\":{\"@type\":\"ImageObject\",\"inLanguage\":\"fr-FR\",\"@id\":\"https:\\\/\\\/www.horendgoed.nl\\\/fr\\\/#\\\/schema\\\/logo\\\/image\\\/\",\"url\":\"https:\\\/\\\/www.horendgoed.nl\\\/wp-content\\\/uploads\\\/2021\\\/05\\\/Logo-groot-e1621862526979.png\",\"contentUrl\":\"https:\\\/\\\/www.horendgoed.nl\\\/wp-content\\\/uploads\\\/2021\\\/05\\\/Logo-groot-e1621862526979.png\",\"width\":509,\"height\":100,\"caption\":\"Horend Goed\"},\"image\":{\"@id\":\"https:\\\/\\\/www.horendgoed.nl\\\/fr\\\/#\\\/schema\\\/logo\\\/image\\\/\"},\"sameAs\":[\"https:\\\/\\\/www.facebook.com\\\/horendgoed\",\"https:\\\/\\\/www.instagram.com\\\/horendgoed\\\/\",\"https:\\\/\\\/www.linkedin.com\\\/company\\\/horend-goed\\\/\",\"https:\\\/\\\/www.youtube.com\\\/@horendgoed\"],\"email\":\"info@horendgoed.nl\",\"telephone\":\"075 20 25 203\",\"vatID\":\"NL 853 756 193 B01\"}]}<\/script>\n<!-- \/ Yoast SEO Premium plugin. -->","yoast_head_json":{"title":"R\u00e9veil Bellman &amp; Symfon Digital Pro | Horend Goed Audiciens","robots":{"index":"index","follow":"follow","max-snippet":"max-snippet:-1","max-image-preview":"max-image-preview:large","max-video-preview":"max-video-preview:-1"},"canonical":"https:\/\/www.horendgoed.nl\/fr\/shop\/aides-pour-les-malentendants\/reveils\/reveil-bellman-symfon-digital-pro\/","og_locale":"fr_FR","og_type":"article","og_title":"R\u00e9veil Bellman &amp; Symfon Digital Pro","og_description":"R\u00e9veil Bellman &amp; Symfon Pro : Le r\u00e9veil ultime pour les dormeurs profonds et les personnes malentendantes Le r\u00e9veil Bellman &amp; Symfon Alarm Clock Pro est un r\u00e9veil polyvalent parfait pour tous ceux qui ont des difficult\u00e9s \u00e0 se r\u00e9veiller. Ce puissant r\u00e9veil combine plusieurs options de r\u00e9veil telles que le son, la lumi\u00e8re et &hellip;","og_url":"https:\/\/www.horendgoed.nl\/fr\/shop\/aides-pour-les-malentendants\/reveils\/reveil-bellman-symfon-digital-pro\/","og_site_name":"Horend Goed Audiciens","article_publisher":"https:\/\/www.facebook.com\/horendgoed","article_modified_time":"2025-09-13T21:06:35+00:00","og_image":[{"width":2000,"height":2000,"url":"https:\/\/www.horendgoed.nl\/wp-content\/uploads\/2022\/12\/alarmclock-pro-perspective-gallery-2-photoroom.jpg","type":"image\/jpeg"}],"schema":{"@context":"https:\/\/schema.org","@graph":[{"@type":"WebPage","@id":"https:\/\/www.horendgoed.nl\/fr\/shop\/aides-pour-les-malentendants\/reveils\/reveil-bellman-symfon-digital-pro\/","url":"https:\/\/www.horendgoed.nl\/fr\/shop\/aides-pour-les-malentendants\/reveils\/reveil-bellman-symfon-digital-pro\/","name":"R\u00e9veil Bellman &amp; Symfon Digital Pro | Horend Goed Audiciens","isPartOf":{"@id":"https:\/\/www.horendgoed.nl\/fr\/#website"},"primaryImageOfPage":{"@id":"https:\/\/www.horendgoed.nl\/fr\/shop\/aides-pour-les-malentendants\/reveils\/reveil-bellman-symfon-digital-pro\/#primaryimage"},"image":{"@id":"https:\/\/www.horendgoed.nl\/fr\/shop\/aides-pour-les-malentendants\/reveils\/reveil-bellman-symfon-digital-pro\/#primaryimage"},"thumbnailUrl":"https:\/\/www.horendgoed.nl\/wp-content\/uploads\/2022\/12\/alarmclock-pro-perspective-gallery-2-photoroom.jpg","datePublished":"2022-12-13T12:35:57+00:00","dateModified":"2025-09-13T21:06:35+00:00","breadcrumb":{"@id":"https:\/\/www.horendgoed.nl\/fr\/shop\/aides-pour-les-malentendants\/reveils\/reveil-bellman-symfon-digital-pro\/#breadcrumb"},"inLanguage":"fr-FR","potentialAction":[{"@type":"ReadAction","target":["https:\/\/www.horendgoed.nl\/fr\/shop\/aides-pour-les-malentendants\/reveils\/reveil-bellman-symfon-digital-pro\/"]}]},{"@type":"ImageObject","inLanguage":"fr-FR","@id":"https:\/\/www.horendgoed.nl\/fr\/shop\/aides-pour-les-malentendants\/reveils\/reveil-bellman-symfon-digital-pro\/#primaryimage","url":"https:\/\/www.horendgoed.nl\/wp-content\/uploads\/2022\/12\/alarmclock-pro-perspective-gallery-2-photoroom.jpg","contentUrl":"https:\/\/www.horendgoed.nl\/wp-content\/uploads\/2022\/12\/alarmclock-pro-perspective-gallery-2-photoroom.jpg","width":2000,"height":2000},{"@type":"BreadcrumbList","@id":"https:\/\/www.horendgoed.nl\/fr\/shop\/aides-pour-les-malentendants\/reveils\/reveil-bellman-symfon-digital-pro\/#breadcrumb","itemListElement":[{"@type":"ListItem","position":1,"name":"Accueil","item":"https:\/\/www.horendgoed.nl\/fr\/"},{"@type":"ListItem","position":2,"name":"Produits","item":"https:\/\/www.horendgoed.nl\/fr\/boutique\/produits\/"},{"@type":"ListItem","position":3,"name":"R\u00e9veil Bellman &amp; Symfon Digital Pro"}]},{"@type":"WebSite","@id":"https:\/\/www.horendgoed.nl\/fr\/#website","url":"https:\/\/www.horendgoed.nl\/fr\/","name":"Horend Goed Audiciens","description":"Luistert Beter","publisher":{"@id":"https:\/\/www.horendgoed.nl\/fr\/#organization"},"potentialAction":[{"@type":"SearchAction","target":{"@type":"EntryPoint","urlTemplate":"https:\/\/www.horendgoed.nl\/fr\/?s={search_term_string}"},"query-input":{"@type":"PropertyValueSpecification","valueRequired":true,"valueName":"search_term_string"}}],"inLanguage":"fr-FR"},{"@type":"Organization","@id":"https:\/\/www.horendgoed.nl\/fr\/#organization","name":"Horend Goed","url":"https:\/\/www.horendgoed.nl\/fr\/","logo":{"@type":"ImageObject","inLanguage":"fr-FR","@id":"https:\/\/www.horendgoed.nl\/fr\/#\/schema\/logo\/image\/","url":"https:\/\/www.horendgoed.nl\/wp-content\/uploads\/2021\/05\/Logo-groot-e1621862526979.png","contentUrl":"https:\/\/www.horendgoed.nl\/wp-content\/uploads\/2021\/05\/Logo-groot-e1621862526979.png","width":509,"height":100,"caption":"Horend Goed"},"image":{"@id":"https:\/\/www.horendgoed.nl\/fr\/#\/schema\/logo\/image\/"},"sameAs":["https:\/\/www.facebook.com\/horendgoed","https:\/\/www.instagram.com\/horendgoed\/","https:\/\/www.linkedin.com\/company\/horend-goed\/","https:\/\/www.youtube.com\/@horendgoed"],"email":"info@horendgoed.nl","telephone":"075 20 25 203","vatID":"NL 853 756 193 B01"}]}},"jetpack_sharing_enabled":true,"_links":{"self":[{"href":"https:\/\/www.horendgoed.nl\/fr\/wp-json\/wp\/v2\/product\/186672","targetHints":{"allow":["GET"]}}],"collection":[{"href":"https:\/\/www.horendgoed.nl\/fr\/wp-json\/wp\/v2\/product"}],"about":[{"href":"https:\/\/www.horendgoed.nl\/fr\/wp-json\/wp\/v2\/types\/product"}],"wp:featuredmedia":[{"embeddable":true,"href":"https:\/\/www.horendgoed.nl\/fr\/wp-json\/wp\/v2\/media\/186682"}],"wp:attachment":[{"href":"https:\/\/www.horendgoed.nl\/fr\/wp-json\/wp\/v2\/media?parent=186672"}],"wp:term":[{"taxonomy":"product_brand","embeddable":true,"href":"https:\/\/www.horendgoed.nl\/fr\/wp-json\/wp\/v2\/product_brand?post=186672"},{"taxonomy":"product_cat","embeddable":true,"href":"https:\/\/www.horendgoed.nl\/fr\/wp-json\/wp\/v2\/product_cat?post=186672"},{"taxonomy":"product_tag","embeddable":true,"href":"https:\/\/www.horendgoed.nl\/fr\/wp-json\/wp\/v2\/product_tag?post=186672"}],"curies":[{"name":"wp","href":"https:\/\/api.w.org\/{rel}","templated":true}]}}