{"id":187237,"date":"2022-12-13T12:13:29","date_gmt":"2022-12-13T12:13:29","guid":{"rendered":"https:\/\/www.horendgoed.nl\/shop\/non%20class\u00e9\/protege-oreilles-fluffy-mignon\/"},"modified":"2025-10-29T16:39:00","modified_gmt":"2025-10-29T15:39:00","slug":"protege-oreilles-fluffy-mignon","status":"publish","type":"product","link":"https:\/\/www.horendgoed.nl\/fr\/shop\/la-boutique-de-sandra\/vetements-bijoux-et-sacs\/protege-oreilles-fr\/protege-oreilles-fluffy-mignon\/","title":{"rendered":"Prot\u00e8ge-oreilles Fluffy mignon"},"content":{"rendered":"<h3>Couvre-oreilles en duvet : l&rsquo;accessoire parfait pour les journ\u00e9es froides<\/h3>\n<p>Ils ont l&rsquo;air d\u00e9licieux, n&rsquo;est-ce pas ? Ces prot\u00e8ge-oreilles Fluffy super doux sont non seulement agr\u00e9ables \u00e0 regarder, mais aussi \u00e0 porter ! Sp\u00e9cialement con\u00e7us pour les enfants heureux, ces cache-oreilles rendent chaque journ\u00e9e d&rsquo;hiver un peu plus chaude et plus color\u00e9e.<\/p>\n<h4><strong>Pourquoi choisir les prot\u00e8ge-oreilles Fluffy ?<\/strong><\/h4>\n<p><strong>1. Super doux et poilu<\/strong> Les prot\u00e8ge-oreilles Fluffy sont fabriqu\u00e9s dans le mat\u00e9riau le plus doux que vous puissiez imaginer. La texture en fourrure garantit que les oreilles de votre enfant restent toujours confortables et chaudes, m\u00eame les jours les plus froids. Le mat\u00e9riau en peluche est tr\u00e8s agr\u00e9able \u00e0 porter et fait de ces prot\u00e8ge-oreilles un v\u00e9ritable plaisir.<\/p>\n<p><strong>2. Couleurs amusantes et gaies<\/strong> Ces prot\u00e8ge-oreilles sont disponibles en trois couleurs fantastiques : vert, bleu et rose. Ces couleurs vives sont parfaites pour les enfants qui aiment se d\u00e9marquer et afficher leur propre style. Que votre enfant aille \u00e0 l&rsquo;\u00e9cole, joue \u00e0 l&rsquo;ext\u00e9rieur ou se prom\u00e8ne en hiver, les prot\u00e8ge-oreilles Fluffy ajoutent une touche ludique et joyeuse \u00e0 toutes ses tenues.<\/p>\n<p><strong>3. Convient aux enfants de 4 \u00e0 12 ans<\/strong> Les prot\u00e8ge-oreilles Fluffy sont sp\u00e9cialement con\u00e7us pour les enfants de 4 \u00e0 12 ans. La taille est parfaitement adapt\u00e9e aux jeunes enfants, de sorte qu&rsquo;ils restent bien en place et ne sont ni trop serr\u00e9s ni trop l\u00e2ches. Notez que les prot\u00e8ge-oreilles ne sont pas r\u00e9glables en taille, assurez-vous donc qu&rsquo;ils vous vont bien avant de les acheter.<\/p>\n<p><strong>4. Bandeau brillant<\/strong> Le bandeau des prot\u00e8ge-oreilles Fluffy n&rsquo;est pas un bandeau ordinaire. Il est brillant et apporte une touche suppl\u00e9mentaire de glamour. Le bandeau brillant rend ces prot\u00e8ge-oreilles encore plus sp\u00e9ciaux et attrayants pour les enfants qui aiment que leurs accessoires soient un peu plus \u00e9l\u00e9gants.<\/p>\n<p><strong>5. Pratique et durable<\/strong> Bien que les prot\u00e8ge-oreilles Fluffy ne soient pas pliables, ils sont suffisamment robustes et durables pour r\u00e9sister \u00e0 une utilisation quotidienne par les enfants. Ils sont con\u00e7us pour durer et pour r\u00e9sister, ce qui est id\u00e9al pour les enfants actifs qui aiment jouer dehors, m\u00eame lorsqu&rsquo;il fait froid.<\/p>\n<h4><strong>Une touche magique pour l&rsquo;hiver<\/strong><\/h4>\n<p>Imaginez votre enfant se promenant dans un pays hivernal entour\u00e9 de flocons de neige, tandis que ses oreilles sont prot\u00e9g\u00e9es par ces cache-oreilles en fourrure ultra-douce. C&rsquo;est un peu comme si une sir\u00e8ne avait laiss\u00e9 cet accessoire magique derri\u00e8re elle apr\u00e8s une baignade aventureuse. Que les sir\u00e8nes portent des cache-oreilles ou non, une chose est s\u00fbre : votre enfant aura l&rsquo;impression de porter un morceau de magie avec lui.<\/p>\n<h4><strong>Les caract\u00e9ristiques en un coup d&rsquo;\u0153il :<\/strong><\/h4>\n<ul>\n<li><strong>Super doux et poilu :<\/strong> pour un confort et une chaleur ultimes.<\/li>\n<li><strong>Couleurs gaies :<\/strong> vert, bleu et rose, parfaites pour toutes les occasions.<\/li>\n<li><strong>Convient pour 4-12 ans :<\/strong> Taille id\u00e9ale pour les jeunes enfants.<\/li>\n<li><strong>Bandeau brillant :<\/strong> pour une touche de glamour suppl\u00e9mentaire.<\/li>\n<li><strong>Durable :<\/strong> con\u00e7u pour durer, m\u00eame en cas d&rsquo;utilisation active.<\/li>\n<\/ul>\n<h4><strong>Conclusion<\/strong><\/h4>\n<p>Les cache-oreilles Fluffy sont l&rsquo;accessoire d&rsquo;hiver parfait pour les enfants qui aiment le confort, le style et un peu de magie. Ils gardent les oreilles au chaud, sont beaux et sont faits pour \u00e9gayer la vie quotidienne d&rsquo;un enfant. Qu&rsquo;il s&rsquo;agisse d&rsquo;aller \u00e0 l&rsquo;\u00e9cole, de jouer au parc ou de passer une journ\u00e9e en famille, avec les prot\u00e8ge-oreilles Fluffy, votre enfant sera toujours pr\u00eat pour toutes les aventures hivernales.<\/p>\n<p>Commandez d\u00e8s aujourd&rsquo;hui les cache-oreilles Fluffy et offrez \u00e0 votre enfant un hiver chaud, joyeux et \u00e9l\u00e9gant !<\/p>\n","protected":false},"excerpt":{"rendered":"<p>Couvre-oreilles en duvet : l&rsquo;accessoire parfait pour les journ\u00e9es froides Ils ont l&rsquo;air d\u00e9licieux, n&rsquo;est-ce pas ? Ces prot\u00e8ge-oreilles Fluffy super doux sont non seulement agr\u00e9ables \u00e0 regarder, mais aussi \u00e0 porter ! Sp\u00e9cialement con\u00e7us pour les enfants heureux, ces cache-oreilles rendent chaque journ\u00e9e d&rsquo;hiver un peu plus chaude et plus color\u00e9e. Pourquoi choisir les &hellip; <\/p>\n","protected":false},"featured_media":264908,"template":"","meta":{"_acf_changed":false},"product_brand":[],"product_cat":[14306,14135],"product_tag":[],"class_list":["post-187237","product","type-product","status-publish","has-post-thumbnail","product_cat-protege-oreilles-fr","product_cat-vente","grid-sizer","latest_post","first","instock","sale","taxable","shipping-taxable","purchasable","product-type-simple"],"acf":[],"yoast_head":"<!-- This site is optimized with the Yoast SEO Premium plugin v27.4 (Yoast SEO v28.3) - https:\/\/yoast.com\/product\/yoast-seo-premium-wordpress\/ -->\n<title>Prot\u00e8ge-oreilles Fluffy mignon | Horend Goed Audiciens<\/title>\n<meta name=\"robots\" content=\"index, follow, max-snippet:-1, max-image-preview:large, max-video-preview:-1\" \/>\n<link rel=\"canonical\" href=\"https:\/\/www.horendgoed.nl\/fr\/shop\/la-boutique-de-sandra\/vetements-bijoux-et-sacs\/protege-oreilles-fr\/protege-oreilles-fluffy-mignon\/\" \/>\n<meta property=\"og:locale\" content=\"fr_FR\" \/>\n<meta property=\"og:type\" content=\"article\" \/>\n<meta property=\"og:title\" content=\"Prot\u00e8ge-oreilles Fluffy mignon\" \/>\n<meta property=\"og:description\" content=\"Couvre-oreilles en duvet : l&rsquo;accessoire parfait pour les journ\u00e9es froides Ils ont l&rsquo;air d\u00e9licieux, n&rsquo;est-ce pas ? Ces prot\u00e8ge-oreilles Fluffy super doux sont non seulement agr\u00e9ables \u00e0 regarder, mais aussi \u00e0 porter ! Sp\u00e9cialement con\u00e7us pour les enfants heureux, ces cache-oreilles rendent chaque journ\u00e9e d&rsquo;hiver un peu plus chaude et plus color\u00e9e. Pourquoi choisir les &hellip;\" \/>\n<meta property=\"og:url\" content=\"https:\/\/www.horendgoed.nl\/fr\/shop\/la-boutique-de-sandra\/vetements-bijoux-et-sacs\/protege-oreilles-fr\/protege-oreilles-fluffy-mignon\/\" \/>\n<meta property=\"og:site_name\" content=\"Horend Goed Audiciens\" \/>\n<meta property=\"article:publisher\" content=\"https:\/\/www.facebook.com\/horendgoed\" \/>\n<meta property=\"article:modified_time\" content=\"2025-10-29T15:39:00+00:00\" \/>\n<meta property=\"og:image\" content=\"https:\/\/www.horendgoed.nl\/wp-content\/uploads\/2022\/12\/Fluffy-cute-oorwarmers.png\" \/>\n\t<meta property=\"og:image:width\" content=\"2000\" \/>\n\t<meta property=\"og:image:height\" content=\"2000\" \/>\n\t<meta property=\"og:image:type\" content=\"image\/png\" \/>\n<script type=\"application\/ld+json\" class=\"yoast-schema-graph\">{\"@context\":\"https:\\\/\\\/schema.org\",\"@graph\":[{\"@type\":\"WebPage\",\"@id\":\"https:\\\/\\\/www.horendgoed.nl\\\/fr\\\/shop\\\/la-boutique-de-sandra\\\/vetements-bijoux-et-sacs\\\/protege-oreilles-fr\\\/protege-oreilles-fluffy-mignon\\\/\",\"url\":\"https:\\\/\\\/www.horendgoed.nl\\\/fr\\\/shop\\\/la-boutique-de-sandra\\\/vetements-bijoux-et-sacs\\\/protege-oreilles-fr\\\/protege-oreilles-fluffy-mignon\\\/\",\"name\":\"Prot\u00e8ge-oreilles Fluffy mignon | Horend Goed Audiciens\",\"isPartOf\":{\"@id\":\"https:\\\/\\\/www.horendgoed.nl\\\/fr\\\/#website\"},\"primaryImageOfPage\":{\"@id\":\"https:\\\/\\\/www.horendgoed.nl\\\/fr\\\/shop\\\/la-boutique-de-sandra\\\/vetements-bijoux-et-sacs\\\/protege-oreilles-fr\\\/protege-oreilles-fluffy-mignon\\\/#primaryimage\"},\"image\":{\"@id\":\"https:\\\/\\\/www.horendgoed.nl\\\/fr\\\/shop\\\/la-boutique-de-sandra\\\/vetements-bijoux-et-sacs\\\/protege-oreilles-fr\\\/protege-oreilles-fluffy-mignon\\\/#primaryimage\"},\"thumbnailUrl\":\"https:\\\/\\\/www.horendgoed.nl\\\/wp-content\\\/uploads\\\/2022\\\/12\\\/Fluffy-cute-oorwarmers.png\",\"datePublished\":\"2022-12-13T12:13:29+00:00\",\"dateModified\":\"2025-10-29T15:39:00+00:00\",\"breadcrumb\":{\"@id\":\"https:\\\/\\\/www.horendgoed.nl\\\/fr\\\/shop\\\/la-boutique-de-sandra\\\/vetements-bijoux-et-sacs\\\/protege-oreilles-fr\\\/protege-oreilles-fluffy-mignon\\\/#breadcrumb\"},\"inLanguage\":\"fr-FR\",\"potentialAction\":[{\"@type\":\"ReadAction\",\"target\":[\"https:\\\/\\\/www.horendgoed.nl\\\/fr\\\/shop\\\/la-boutique-de-sandra\\\/vetements-bijoux-et-sacs\\\/protege-oreilles-fr\\\/protege-oreilles-fluffy-mignon\\\/\"]}]},{\"@type\":\"ImageObject\",\"inLanguage\":\"fr-FR\",\"@id\":\"https:\\\/\\\/www.horendgoed.nl\\\/fr\\\/shop\\\/la-boutique-de-sandra\\\/vetements-bijoux-et-sacs\\\/protege-oreilles-fr\\\/protege-oreilles-fluffy-mignon\\\/#primaryimage\",\"url\":\"https:\\\/\\\/www.horendgoed.nl\\\/wp-content\\\/uploads\\\/2022\\\/12\\\/Fluffy-cute-oorwarmers.png\",\"contentUrl\":\"https:\\\/\\\/www.horendgoed.nl\\\/wp-content\\\/uploads\\\/2022\\\/12\\\/Fluffy-cute-oorwarmers.png\",\"width\":2000,\"height\":2000},{\"@type\":\"BreadcrumbList\",\"@id\":\"https:\\\/\\\/www.horendgoed.nl\\\/fr\\\/shop\\\/la-boutique-de-sandra\\\/vetements-bijoux-et-sacs\\\/protege-oreilles-fr\\\/protege-oreilles-fluffy-mignon\\\/#breadcrumb\",\"itemListElement\":[{\"@type\":\"ListItem\",\"position\":1,\"name\":\"Accueil\",\"item\":\"https:\\\/\\\/www.horendgoed.nl\\\/fr\\\/\"},{\"@type\":\"ListItem\",\"position\":2,\"name\":\"Produits\",\"item\":\"https:\\\/\\\/www.horendgoed.nl\\\/fr\\\/boutique\\\/produits\\\/\"},{\"@type\":\"ListItem\",\"position\":3,\"name\":\"Prot\u00e8ge-oreilles Fluffy mignon\"}]},{\"@type\":\"WebSite\",\"@id\":\"https:\\\/\\\/www.horendgoed.nl\\\/fr\\\/#website\",\"url\":\"https:\\\/\\\/www.horendgoed.nl\\\/fr\\\/\",\"name\":\"Horend Goed Audiciens\",\"description\":\"Luistert Beter\",\"publisher\":{\"@id\":\"https:\\\/\\\/www.horendgoed.nl\\\/fr\\\/#organization\"},\"potentialAction\":[{\"@type\":\"SearchAction\",\"target\":{\"@type\":\"EntryPoint\",\"urlTemplate\":\"https:\\\/\\\/www.horendgoed.nl\\\/fr\\\/?s={search_term_string}\"},\"query-input\":{\"@type\":\"PropertyValueSpecification\",\"valueRequired\":true,\"valueName\":\"search_term_string\"}}],\"inLanguage\":\"fr-FR\"},{\"@type\":\"Organization\",\"@id\":\"https:\\\/\\\/www.horendgoed.nl\\\/fr\\\/#organization\",\"name\":\"Horend Goed\",\"url\":\"https:\\\/\\\/www.horendgoed.nl\\\/fr\\\/\",\"logo\":{\"@type\":\"ImageObject\",\"inLanguage\":\"fr-FR\",\"@id\":\"https:\\\/\\\/www.horendgoed.nl\\\/fr\\\/#\\\/schema\\\/logo\\\/image\\\/\",\"url\":\"https:\\\/\\\/www.horendgoed.nl\\\/wp-content\\\/uploads\\\/2021\\\/05\\\/Logo-groot-e1621862526979.png\",\"contentUrl\":\"https:\\\/\\\/www.horendgoed.nl\\\/wp-content\\\/uploads\\\/2021\\\/05\\\/Logo-groot-e1621862526979.png\",\"width\":509,\"height\":100,\"caption\":\"Horend Goed\"},\"image\":{\"@id\":\"https:\\\/\\\/www.horendgoed.nl\\\/fr\\\/#\\\/schema\\\/logo\\\/image\\\/\"},\"sameAs\":[\"https:\\\/\\\/www.facebook.com\\\/horendgoed\",\"https:\\\/\\\/www.instagram.com\\\/horendgoed\\\/\",\"https:\\\/\\\/www.linkedin.com\\\/company\\\/horend-goed\\\/\",\"https:\\\/\\\/www.youtube.com\\\/@horendgoed\"],\"email\":\"info@horendgoed.nl\",\"telephone\":\"075 20 25 203\",\"vatID\":\"NL 853 756 193 B01\"}]}<\/script>\n<!-- \/ Yoast SEO Premium plugin. -->","yoast_head_json":{"title":"Prot\u00e8ge-oreilles Fluffy mignon | Horend Goed Audiciens","robots":{"index":"index","follow":"follow","max-snippet":"max-snippet:-1","max-image-preview":"max-image-preview:large","max-video-preview":"max-video-preview:-1"},"canonical":"https:\/\/www.horendgoed.nl\/fr\/shop\/la-boutique-de-sandra\/vetements-bijoux-et-sacs\/protege-oreilles-fr\/protege-oreilles-fluffy-mignon\/","og_locale":"fr_FR","og_type":"article","og_title":"Prot\u00e8ge-oreilles Fluffy mignon","og_description":"Couvre-oreilles en duvet : l&rsquo;accessoire parfait pour les journ\u00e9es froides Ils ont l&rsquo;air d\u00e9licieux, n&rsquo;est-ce pas ? Ces prot\u00e8ge-oreilles Fluffy super doux sont non seulement agr\u00e9ables \u00e0 regarder, mais aussi \u00e0 porter ! Sp\u00e9cialement con\u00e7us pour les enfants heureux, ces cache-oreilles rendent chaque journ\u00e9e d&rsquo;hiver un peu plus chaude et plus color\u00e9e. Pourquoi choisir les &hellip;","og_url":"https:\/\/www.horendgoed.nl\/fr\/shop\/la-boutique-de-sandra\/vetements-bijoux-et-sacs\/protege-oreilles-fr\/protege-oreilles-fluffy-mignon\/","og_site_name":"Horend Goed Audiciens","article_publisher":"https:\/\/www.facebook.com\/horendgoed","article_modified_time":"2025-10-29T15:39:00+00:00","og_image":[{"width":2000,"height":2000,"url":"https:\/\/www.horendgoed.nl\/wp-content\/uploads\/2022\/12\/Fluffy-cute-oorwarmers.png","type":"image\/png"}],"schema":{"@context":"https:\/\/schema.org","@graph":[{"@type":"WebPage","@id":"https:\/\/www.horendgoed.nl\/fr\/shop\/la-boutique-de-sandra\/vetements-bijoux-et-sacs\/protege-oreilles-fr\/protege-oreilles-fluffy-mignon\/","url":"https:\/\/www.horendgoed.nl\/fr\/shop\/la-boutique-de-sandra\/vetements-bijoux-et-sacs\/protege-oreilles-fr\/protege-oreilles-fluffy-mignon\/","name":"Prot\u00e8ge-oreilles Fluffy mignon | Horend Goed Audiciens","isPartOf":{"@id":"https:\/\/www.horendgoed.nl\/fr\/#website"},"primaryImageOfPage":{"@id":"https:\/\/www.horendgoed.nl\/fr\/shop\/la-boutique-de-sandra\/vetements-bijoux-et-sacs\/protege-oreilles-fr\/protege-oreilles-fluffy-mignon\/#primaryimage"},"image":{"@id":"https:\/\/www.horendgoed.nl\/fr\/shop\/la-boutique-de-sandra\/vetements-bijoux-et-sacs\/protege-oreilles-fr\/protege-oreilles-fluffy-mignon\/#primaryimage"},"thumbnailUrl":"https:\/\/www.horendgoed.nl\/wp-content\/uploads\/2022\/12\/Fluffy-cute-oorwarmers.png","datePublished":"2022-12-13T12:13:29+00:00","dateModified":"2025-10-29T15:39:00+00:00","breadcrumb":{"@id":"https:\/\/www.horendgoed.nl\/fr\/shop\/la-boutique-de-sandra\/vetements-bijoux-et-sacs\/protege-oreilles-fr\/protege-oreilles-fluffy-mignon\/#breadcrumb"},"inLanguage":"fr-FR","potentialAction":[{"@type":"ReadAction","target":["https:\/\/www.horendgoed.nl\/fr\/shop\/la-boutique-de-sandra\/vetements-bijoux-et-sacs\/protege-oreilles-fr\/protege-oreilles-fluffy-mignon\/"]}]},{"@type":"ImageObject","inLanguage":"fr-FR","@id":"https:\/\/www.horendgoed.nl\/fr\/shop\/la-boutique-de-sandra\/vetements-bijoux-et-sacs\/protege-oreilles-fr\/protege-oreilles-fluffy-mignon\/#primaryimage","url":"https:\/\/www.horendgoed.nl\/wp-content\/uploads\/2022\/12\/Fluffy-cute-oorwarmers.png","contentUrl":"https:\/\/www.horendgoed.nl\/wp-content\/uploads\/2022\/12\/Fluffy-cute-oorwarmers.png","width":2000,"height":2000},{"@type":"BreadcrumbList","@id":"https:\/\/www.horendgoed.nl\/fr\/shop\/la-boutique-de-sandra\/vetements-bijoux-et-sacs\/protege-oreilles-fr\/protege-oreilles-fluffy-mignon\/#breadcrumb","itemListElement":[{"@type":"ListItem","position":1,"name":"Accueil","item":"https:\/\/www.horendgoed.nl\/fr\/"},{"@type":"ListItem","position":2,"name":"Produits","item":"https:\/\/www.horendgoed.nl\/fr\/boutique\/produits\/"},{"@type":"ListItem","position":3,"name":"Prot\u00e8ge-oreilles Fluffy mignon"}]},{"@type":"WebSite","@id":"https:\/\/www.horendgoed.nl\/fr\/#website","url":"https:\/\/www.horendgoed.nl\/fr\/","name":"Horend Goed Audiciens","description":"Luistert Beter","publisher":{"@id":"https:\/\/www.horendgoed.nl\/fr\/#organization"},"potentialAction":[{"@type":"SearchAction","target":{"@type":"EntryPoint","urlTemplate":"https:\/\/www.horendgoed.nl\/fr\/?s={search_term_string}"},"query-input":{"@type":"PropertyValueSpecification","valueRequired":true,"valueName":"search_term_string"}}],"inLanguage":"fr-FR"},{"@type":"Organization","@id":"https:\/\/www.horendgoed.nl\/fr\/#organization","name":"Horend Goed","url":"https:\/\/www.horendgoed.nl\/fr\/","logo":{"@type":"ImageObject","inLanguage":"fr-FR","@id":"https:\/\/www.horendgoed.nl\/fr\/#\/schema\/logo\/image\/","url":"https:\/\/www.horendgoed.nl\/wp-content\/uploads\/2021\/05\/Logo-groot-e1621862526979.png","contentUrl":"https:\/\/www.horendgoed.nl\/wp-content\/uploads\/2021\/05\/Logo-groot-e1621862526979.png","width":509,"height":100,"caption":"Horend Goed"},"image":{"@id":"https:\/\/www.horendgoed.nl\/fr\/#\/schema\/logo\/image\/"},"sameAs":["https:\/\/www.facebook.com\/horendgoed","https:\/\/www.instagram.com\/horendgoed\/","https:\/\/www.linkedin.com\/company\/horend-goed\/","https:\/\/www.youtube.com\/@horendgoed"],"email":"info@horendgoed.nl","telephone":"075 20 25 203","vatID":"NL 853 756 193 B01"}]}},"jetpack_sharing_enabled":true,"_links":{"self":[{"href":"https:\/\/www.horendgoed.nl\/fr\/wp-json\/wp\/v2\/product\/187237","targetHints":{"allow":["GET"]}}],"collection":[{"href":"https:\/\/www.horendgoed.nl\/fr\/wp-json\/wp\/v2\/product"}],"about":[{"href":"https:\/\/www.horendgoed.nl\/fr\/wp-json\/wp\/v2\/types\/product"}],"wp:featuredmedia":[{"embeddable":true,"href":"https:\/\/www.horendgoed.nl\/fr\/wp-json\/wp\/v2\/media\/264908"}],"wp:attachment":[{"href":"https:\/\/www.horendgoed.nl\/fr\/wp-json\/wp\/v2\/media?parent=187237"}],"wp:term":[{"taxonomy":"product_brand","embeddable":true,"href":"https:\/\/www.horendgoed.nl\/fr\/wp-json\/wp\/v2\/product_brand?post=187237"},{"taxonomy":"product_cat","embeddable":true,"href":"https:\/\/www.horendgoed.nl\/fr\/wp-json\/wp\/v2\/product_cat?post=187237"},{"taxonomy":"product_tag","embeddable":true,"href":"https:\/\/www.horendgoed.nl\/fr\/wp-json\/wp\/v2\/product_tag?post=187237"}],"curies":[{"name":"wp","href":"https:\/\/api.w.org\/{rel}","templated":true}]}}