{"id":188960,"date":"2022-12-14T12:11:07","date_gmt":"2022-12-14T12:11:07","guid":{"rendered":"https:\/\/www.horendgoed.nl\/shop\/non%20class\u00e9\/bernafon-charger-mnb-t\/"},"modified":"2025-07-13T15:45:52","modified_gmt":"2025-07-13T13:45:52","slug":"bernafon-charger-mnb-t","status":"publish","type":"product","link":"https:\/\/www.horendgoed.nl\/fr\/shop\/batteries-et-chargeurs\/chargeurs-dappareils-auditifs\/bernafon-charger-mnb-t\/","title":{"rendered":"Bernafon Charger MNB T"},"content":{"rendered":"<p><strong>Bernafon Charger miniBTE T R : Le meilleur chargeur pour vos aides auditives Bernafon miniBTE T R<\/strong><\/p>\n<p>Le <strong>chargeur Bernafon miniBTE T R<\/strong> est la solution ultime pour les utilisateurs d&rsquo;aides auditives <strong>Bernafon miniBTE T R.<\/strong> Ce chargeur innovant offre non seulement la commodit\u00e9, mais aussi un moyen fiable et efficace de recharger vos aides auditives afin que vous puissiez toujours b\u00e9n\u00e9ficier d&rsquo;une audition optimale. Que vous soyez \u00e0 la maison ou en d\u00e9placement, le <strong>chargeur Bernafon miniBTE T R<\/strong> vous offre une solution de charge pratique et portable.  <\/p>\n<h3>Con\u00e7u pour l&rsquo;efficacit\u00e9 et la facilit\u00e9 d&rsquo;utilisation<\/h3>\n<p>L&rsquo;un des principaux avantages du <strong>chargeur Bernafon miniBTE T R<\/strong> est sa conception conviviale. Con\u00e7u sp\u00e9cialement pour les <strong>syst\u00e8mes auditifs<\/strong> Bernafon <strong>miniBTE T R<\/strong>, ce chargeur assure un processus de charge rapide et sans effort. Il vous suffit de placer vos aides auditives dans les stations de charge pour qu&rsquo;elles commencent automatiquement \u00e0 se charger.  <\/p>\n<p>Avec le <strong>Bernafon Charger miniBTE T R<\/strong>, vous n&rsquo;avez plus \u00e0 vous soucier d&rsquo;\u00eatre \u00e0 court de piles pendant la journ\u00e9e. Sa technologie de charge garantit que vos aides auditives sont toujours compl\u00e8tement charg\u00e9es \u00e0 temps, afin que vous puissiez profiter d&rsquo;un son cristallin tout au long de la journ\u00e9e sans interruption. <\/p>\n<h3>Chargement rapide et longue dur\u00e9e de vie de la batterie<\/h3>\n<p>Une autre caract\u00e9ristique importante du <strong>chargeur Bernafon miniBTE T R<\/strong> est son temps de charge rapide et la longue dur\u00e9e de vie de la batterie de l&rsquo;aide auditive. Avec ce chargeur, il ne faut que quelques heures pour charger compl\u00e8tement vos aides auditives <strong>Bernafon miniBTE T R.<\/strong> Une fois les aides auditives compl\u00e8tement charg\u00e9es, vous pouvez compter jusqu&rsquo;\u00e0 <strong>30 heures d&rsquo;utilisation<\/strong>. Cela signifie que vous pouvez profiter de vos aides auditives toute la journ\u00e9e sans vous soucier de la batterie.   <\/p>\n<p>La technologie de charge est optimis\u00e9e pour l&rsquo;efficacit\u00e9, ce qui vous permet de gagner du temps. C&rsquo;est la solution id\u00e9ale pour les personnes tr\u00e8s occup\u00e9es qui souhaitent recharger leurs aides auditives rapidement et facilement. <\/p>\n<h3>Portable et id\u00e9al pour les d\u00e9placements<\/h3>\n<p>Le <strong>chargeur miniBTE T R de Bernafon<\/strong> est compact et portable, ce qui le rend id\u00e9al pour une utilisation \u00e0 domicile ou en voyage. Son design l\u00e9ger et fin vous permet de transporter facilement le chargeur dans votre sac ou votre valise, vous donnant acc\u00e8s \u00e0 une solution de charge pour vos aides auditives \u00e0 tout moment et en tout lieu. <\/p>\n<p>Que vous soyez en vacances, en voyage d&rsquo;affaires ou simplement en d\u00e9placement, le <strong>chargeur miniBTE T R de Bernafon<\/strong> vous permet de recharger vos aides auditives \u00e0 tout moment et en tout lieu. Vous avez ainsi la certitude de ne jamais \u00eatre \u00e0 court de batterie, o\u00f9 que vous soyez. <\/p>\n<h3>Arr\u00eat automatique pour une charge s\u00fbre<\/h3>\n<p>L&rsquo;une des caract\u00e9ristiques intelligentes du <strong>Bernafon Charger miniBTE T R<\/strong> est son arr\u00eat automatique lorsque les aides auditives sont compl\u00e8tement charg\u00e9es. Cela signifie que vous pouvez laisser vos aides auditives en charge pendant la nuit sans craindre une surchauffe ou une surcharge des piles. Le chargeur d\u00e9tecte automatiquement lorsque les aides auditives sont compl\u00e8tement charg\u00e9es et arr\u00eate le processus de charge, ce qui prolonge la dur\u00e9e de vie de la batterie.  <\/p>\n<p>Cette fonction offre non seulement une s\u00e9curit\u00e9 suppl\u00e9mentaire, mais contribue \u00e9galement \u00e0 optimiser les performances de vos aides auditives. Elle offre un \u00e9quilibre parfait entre la facilit\u00e9 d&rsquo;utilisation et la gestion de la batterie. <\/p>\n<h3>Respectueux de l&rsquo;environnement et efficace<\/h3>\n<p>Le <strong>chargeur miniBTE T R de Bernafon<\/strong> offre non seulement des avantages en termes de commodit\u00e9 et de fiabilit\u00e9, mais contribue \u00e9galement \u00e0 la compatibilit\u00e9 environnementale. Comme les aides auditives utilisent des piles rechargeables, vous n&rsquo;avez plus besoin d&rsquo;acheter des piles jetables. Cela permet de r\u00e9duire les d\u00e9chets et de contribuer \u00e0 un mode de vie plus durable.  <\/p>\n<p>En choisissant le <strong>chargeur miniBTE T R de Bernafon<\/strong>, vous contribuez \u00e0 un avenir plus vert tout en \u00e9conomisant de l&rsquo;argent \u00e0 long terme en ne d\u00e9pendant plus des piles jetables.<\/p>\n<h3>Convient aux aides auditives Bernafon miniBTE T R<\/h3>\n<p>Le <strong>chargeur miniBTE T R<\/strong> de <strong>Bernafon<\/strong> est con\u00e7u sp\u00e9cifiquement pour \u00eatre utilis\u00e9 avec les aides auditives <strong>miniBTE T R de Bernafon<\/strong>. Ces appareils auditifs sont connus pour leur technologie avanc\u00e9e et leurs performances fiables. Le chargeur miniBTE T R vous permet de toujours tirer le meilleur parti de vos appareils auditifs. Le chargeur est parfaitement adapt\u00e9 aux sp\u00e9cifications techniques des aides auditives Bernafon, ce qui garantit une exp\u00e9rience de charge optimale.  <\/p>\n<p>Que vous soyez novice en mati\u00e8re d&rsquo;aides auditives <strong>Bernafon<\/strong> ou que vous les utilisiez depuis un certain temps, le <strong>chargeur Bernafon miniBTE T R<\/strong> est un compl\u00e9ment essentiel \u00e0 vos aides auditives.<\/p>\n<h3>Pourquoi choisir le Bernafon Charger miniBTE T R ?<\/h3>\n<p>Le <strong>chargeur Bernafon miniBTE T R<\/strong> offre de nombreux avantages aux utilisateurs d&rsquo;<strong>aides auditives Bernafon miniBTE T R.<\/strong> Voici quelques raisons pour lesquelles ce chargeur est indispensable pour tous ceux qui utilisent des aides auditives rechargeables : <\/p>\n<ul>\n<li><strong>Convivialit\u00e9<\/strong>: Chargement facile et rapide, sans avoir \u00e0 se soucier des piles ou des c\u00e2bles.<\/li>\n<li><strong>Portabilit\u00e9<\/strong>: conception compacte et l\u00e9g\u00e8re, id\u00e9ale pour la maison et les d\u00e9placements.<\/li>\n<li><strong>Longue dur\u00e9e de vie de la batterie<\/strong>: les aides auditives enti\u00e8rement charg\u00e9es offrent jusqu&rsquo;\u00e0 30 heures d&rsquo;utilisation.<\/li>\n<li><strong>S\u00e9curit\u00e9<\/strong>: la fonction d&rsquo;arr\u00eat automatique \u00e9vite la surchauffe et prolonge la dur\u00e9e de vie de la batterie.<\/li>\n<li><strong>Respect de l&rsquo;environnement<\/strong>: r\u00e9duit l&rsquo;utilisation de piles jetables et contribue \u00e0 un mode de vie plus durable.<\/li>\n<\/ul>\n<h3>Commandez le Bernafon Charger miniBTE T R maintenant<\/h3>\n<p>Si vous recherchez une solution de charge fiable, facile \u00e0 utiliser et efficace pour vos aides auditives <strong>Bernafon miniBTE T R<\/strong>, le <strong>chargeur Bernafon miniBTE T R<\/strong> est le choix id\u00e9al. <strong>Commandez d\u00e8s aujourd&rsquo;hui<\/strong> et profitez de la commodit\u00e9 d&rsquo;une charge rapide et facile, o\u00f9 que vous soyez. Avec ce chargeur, vous \u00eates toujours assur\u00e9 d&rsquo;une audition optimale et vous pouvez profiter pleinement de vos activit\u00e9s quotidiennes sans interruption.  <\/p>\n","protected":false},"excerpt":{"rendered":"<p>Bernafon Charger miniBTE T R : Le meilleur chargeur pour vos aides auditives Bernafon miniBTE T R Le chargeur Bernafon miniBTE T R est la solution ultime pour les utilisateurs d&rsquo;aides auditives Bernafon miniBTE T R. Ce chargeur innovant offre non seulement la commodit\u00e9, mais aussi un moyen fiable et efficace de recharger vos aides &hellip; <\/p>\n","protected":false},"featured_media":188962,"template":"","meta":{"_acf_changed":false},"product_brand":[],"product_cat":[14181,14182],"product_tag":[14256],"class_list":["post-188960","product","type-product","status-publish","has-post-thumbnail","product_cat-batteries-et-chargeurs","product_cat-chargeurs-dappareils-auditifs","product_tag-bernafon-fr","grid-sizer","latest_post","first","instock","taxable","shipping-taxable","purchasable","product-type-simple"],"acf":[],"yoast_head":"<!-- This site is optimized with the Yoast SEO Premium plugin v27.4 (Yoast SEO v28.3) - https:\/\/yoast.com\/product\/yoast-seo-premium-wordpress\/ -->\n<title>Bernafon Charger MNB T | Horend Goed Audiciens<\/title>\n<meta name=\"robots\" content=\"index, follow, max-snippet:-1, max-image-preview:large, max-video-preview:-1\" \/>\n<link rel=\"canonical\" href=\"https:\/\/www.horendgoed.nl\/fr\/shop\/batteries-et-chargeurs\/chargeurs-dappareils-auditifs\/bernafon-charger-mnb-t\/\" \/>\n<meta property=\"og:locale\" content=\"fr_FR\" \/>\n<meta property=\"og:type\" content=\"article\" \/>\n<meta property=\"og:title\" content=\"Bernafon Charger MNB T\" \/>\n<meta property=\"og:description\" content=\"Bernafon Charger miniBTE T R : Le meilleur chargeur pour vos aides auditives Bernafon miniBTE T R Le chargeur Bernafon miniBTE T R est la solution ultime pour les utilisateurs d&rsquo;aides auditives Bernafon miniBTE T R. Ce chargeur innovant offre non seulement la commodit\u00e9, mais aussi un moyen fiable et efficace de recharger vos aides &hellip;\" \/>\n<meta property=\"og:url\" content=\"https:\/\/www.horendgoed.nl\/fr\/shop\/batteries-et-chargeurs\/chargeurs-dappareils-auditifs\/bernafon-charger-mnb-t\/\" \/>\n<meta property=\"og:site_name\" content=\"Horend Goed Audiciens\" \/>\n<meta property=\"article:publisher\" content=\"https:\/\/www.facebook.com\/horendgoed\" \/>\n<meta property=\"article:modified_time\" content=\"2025-07-13T13:45:52+00:00\" \/>\n<meta property=\"og:image\" content=\"https:\/\/www.horendgoed.nl\/wp-content\/uploads\/2022\/12\/b8dc-0de3-448c-81e8-438700cb8874-photoroom.jpg\" \/>\n\t<meta property=\"og:image:width\" content=\"2000\" \/>\n\t<meta property=\"og:image:height\" content=\"2000\" \/>\n\t<meta property=\"og:image:type\" content=\"image\/jpeg\" \/>\n<script type=\"application\/ld+json\" class=\"yoast-schema-graph\">{\"@context\":\"https:\\\/\\\/schema.org\",\"@graph\":[{\"@type\":\"WebPage\",\"@id\":\"https:\\\/\\\/www.horendgoed.nl\\\/fr\\\/shop\\\/batteries-et-chargeurs\\\/chargeurs-dappareils-auditifs\\\/bernafon-charger-mnb-t\\\/\",\"url\":\"https:\\\/\\\/www.horendgoed.nl\\\/fr\\\/shop\\\/batteries-et-chargeurs\\\/chargeurs-dappareils-auditifs\\\/bernafon-charger-mnb-t\\\/\",\"name\":\"Bernafon Charger MNB T | Horend Goed Audiciens\",\"isPartOf\":{\"@id\":\"https:\\\/\\\/www.horendgoed.nl\\\/fr\\\/#website\"},\"primaryImageOfPage\":{\"@id\":\"https:\\\/\\\/www.horendgoed.nl\\\/fr\\\/shop\\\/batteries-et-chargeurs\\\/chargeurs-dappareils-auditifs\\\/bernafon-charger-mnb-t\\\/#primaryimage\"},\"image\":{\"@id\":\"https:\\\/\\\/www.horendgoed.nl\\\/fr\\\/shop\\\/batteries-et-chargeurs\\\/chargeurs-dappareils-auditifs\\\/bernafon-charger-mnb-t\\\/#primaryimage\"},\"thumbnailUrl\":\"https:\\\/\\\/www.horendgoed.nl\\\/wp-content\\\/uploads\\\/2022\\\/12\\\/b8dc-0de3-448c-81e8-438700cb8874-photoroom.jpg\",\"datePublished\":\"2022-12-14T12:11:07+00:00\",\"dateModified\":\"2025-07-13T13:45:52+00:00\",\"breadcrumb\":{\"@id\":\"https:\\\/\\\/www.horendgoed.nl\\\/fr\\\/shop\\\/batteries-et-chargeurs\\\/chargeurs-dappareils-auditifs\\\/bernafon-charger-mnb-t\\\/#breadcrumb\"},\"inLanguage\":\"fr-FR\",\"potentialAction\":[{\"@type\":\"ReadAction\",\"target\":[\"https:\\\/\\\/www.horendgoed.nl\\\/fr\\\/shop\\\/batteries-et-chargeurs\\\/chargeurs-dappareils-auditifs\\\/bernafon-charger-mnb-t\\\/\"]}]},{\"@type\":\"ImageObject\",\"inLanguage\":\"fr-FR\",\"@id\":\"https:\\\/\\\/www.horendgoed.nl\\\/fr\\\/shop\\\/batteries-et-chargeurs\\\/chargeurs-dappareils-auditifs\\\/bernafon-charger-mnb-t\\\/#primaryimage\",\"url\":\"https:\\\/\\\/www.horendgoed.nl\\\/wp-content\\\/uploads\\\/2022\\\/12\\\/b8dc-0de3-448c-81e8-438700cb8874-photoroom.jpg\",\"contentUrl\":\"https:\\\/\\\/www.horendgoed.nl\\\/wp-content\\\/uploads\\\/2022\\\/12\\\/b8dc-0de3-448c-81e8-438700cb8874-photoroom.jpg\",\"width\":2000,\"height\":2000},{\"@type\":\"BreadcrumbList\",\"@id\":\"https:\\\/\\\/www.horendgoed.nl\\\/fr\\\/shop\\\/batteries-et-chargeurs\\\/chargeurs-dappareils-auditifs\\\/bernafon-charger-mnb-t\\\/#breadcrumb\",\"itemListElement\":[{\"@type\":\"ListItem\",\"position\":1,\"name\":\"Accueil\",\"item\":\"https:\\\/\\\/www.horendgoed.nl\\\/fr\\\/\"},{\"@type\":\"ListItem\",\"position\":2,\"name\":\"Produits\",\"item\":\"https:\\\/\\\/www.horendgoed.nl\\\/fr\\\/boutique\\\/produits\\\/\"},{\"@type\":\"ListItem\",\"position\":3,\"name\":\"Bernafon Charger MNB T\"}]},{\"@type\":\"WebSite\",\"@id\":\"https:\\\/\\\/www.horendgoed.nl\\\/fr\\\/#website\",\"url\":\"https:\\\/\\\/www.horendgoed.nl\\\/fr\\\/\",\"name\":\"Horend Goed Audiciens\",\"description\":\"Luistert Beter\",\"publisher\":{\"@id\":\"https:\\\/\\\/www.horendgoed.nl\\\/fr\\\/#organization\"},\"potentialAction\":[{\"@type\":\"SearchAction\",\"target\":{\"@type\":\"EntryPoint\",\"urlTemplate\":\"https:\\\/\\\/www.horendgoed.nl\\\/fr\\\/?s={search_term_string}\"},\"query-input\":{\"@type\":\"PropertyValueSpecification\",\"valueRequired\":true,\"valueName\":\"search_term_string\"}}],\"inLanguage\":\"fr-FR\"},{\"@type\":\"Organization\",\"@id\":\"https:\\\/\\\/www.horendgoed.nl\\\/fr\\\/#organization\",\"name\":\"Horend Goed\",\"url\":\"https:\\\/\\\/www.horendgoed.nl\\\/fr\\\/\",\"logo\":{\"@type\":\"ImageObject\",\"inLanguage\":\"fr-FR\",\"@id\":\"https:\\\/\\\/www.horendgoed.nl\\\/fr\\\/#\\\/schema\\\/logo\\\/image\\\/\",\"url\":\"https:\\\/\\\/www.horendgoed.nl\\\/wp-content\\\/uploads\\\/2021\\\/05\\\/Logo-groot-e1621862526979.png\",\"contentUrl\":\"https:\\\/\\\/www.horendgoed.nl\\\/wp-content\\\/uploads\\\/2021\\\/05\\\/Logo-groot-e1621862526979.png\",\"width\":509,\"height\":100,\"caption\":\"Horend Goed\"},\"image\":{\"@id\":\"https:\\\/\\\/www.horendgoed.nl\\\/fr\\\/#\\\/schema\\\/logo\\\/image\\\/\"},\"sameAs\":[\"https:\\\/\\\/www.facebook.com\\\/horendgoed\",\"https:\\\/\\\/www.instagram.com\\\/horendgoed\\\/\",\"https:\\\/\\\/www.linkedin.com\\\/company\\\/horend-goed\\\/\",\"https:\\\/\\\/www.youtube.com\\\/@horendgoed\"],\"email\":\"info@horendgoed.nl\",\"telephone\":\"075 20 25 203\",\"vatID\":\"NL 853 756 193 B01\"}]}<\/script>\n<!-- \/ Yoast SEO Premium plugin. -->","yoast_head_json":{"title":"Bernafon Charger MNB T | Horend Goed Audiciens","robots":{"index":"index","follow":"follow","max-snippet":"max-snippet:-1","max-image-preview":"max-image-preview:large","max-video-preview":"max-video-preview:-1"},"canonical":"https:\/\/www.horendgoed.nl\/fr\/shop\/batteries-et-chargeurs\/chargeurs-dappareils-auditifs\/bernafon-charger-mnb-t\/","og_locale":"fr_FR","og_type":"article","og_title":"Bernafon Charger MNB T","og_description":"Bernafon Charger miniBTE T R : Le meilleur chargeur pour vos aides auditives Bernafon miniBTE T R Le chargeur Bernafon miniBTE T R est la solution ultime pour les utilisateurs d&rsquo;aides auditives Bernafon miniBTE T R. Ce chargeur innovant offre non seulement la commodit\u00e9, mais aussi un moyen fiable et efficace de recharger vos aides &hellip;","og_url":"https:\/\/www.horendgoed.nl\/fr\/shop\/batteries-et-chargeurs\/chargeurs-dappareils-auditifs\/bernafon-charger-mnb-t\/","og_site_name":"Horend Goed Audiciens","article_publisher":"https:\/\/www.facebook.com\/horendgoed","article_modified_time":"2025-07-13T13:45:52+00:00","og_image":[{"width":2000,"height":2000,"url":"https:\/\/www.horendgoed.nl\/wp-content\/uploads\/2022\/12\/b8dc-0de3-448c-81e8-438700cb8874-photoroom.jpg","type":"image\/jpeg"}],"schema":{"@context":"https:\/\/schema.org","@graph":[{"@type":"WebPage","@id":"https:\/\/www.horendgoed.nl\/fr\/shop\/batteries-et-chargeurs\/chargeurs-dappareils-auditifs\/bernafon-charger-mnb-t\/","url":"https:\/\/www.horendgoed.nl\/fr\/shop\/batteries-et-chargeurs\/chargeurs-dappareils-auditifs\/bernafon-charger-mnb-t\/","name":"Bernafon Charger MNB T | Horend Goed Audiciens","isPartOf":{"@id":"https:\/\/www.horendgoed.nl\/fr\/#website"},"primaryImageOfPage":{"@id":"https:\/\/www.horendgoed.nl\/fr\/shop\/batteries-et-chargeurs\/chargeurs-dappareils-auditifs\/bernafon-charger-mnb-t\/#primaryimage"},"image":{"@id":"https:\/\/www.horendgoed.nl\/fr\/shop\/batteries-et-chargeurs\/chargeurs-dappareils-auditifs\/bernafon-charger-mnb-t\/#primaryimage"},"thumbnailUrl":"https:\/\/www.horendgoed.nl\/wp-content\/uploads\/2022\/12\/b8dc-0de3-448c-81e8-438700cb8874-photoroom.jpg","datePublished":"2022-12-14T12:11:07+00:00","dateModified":"2025-07-13T13:45:52+00:00","breadcrumb":{"@id":"https:\/\/www.horendgoed.nl\/fr\/shop\/batteries-et-chargeurs\/chargeurs-dappareils-auditifs\/bernafon-charger-mnb-t\/#breadcrumb"},"inLanguage":"fr-FR","potentialAction":[{"@type":"ReadAction","target":["https:\/\/www.horendgoed.nl\/fr\/shop\/batteries-et-chargeurs\/chargeurs-dappareils-auditifs\/bernafon-charger-mnb-t\/"]}]},{"@type":"ImageObject","inLanguage":"fr-FR","@id":"https:\/\/www.horendgoed.nl\/fr\/shop\/batteries-et-chargeurs\/chargeurs-dappareils-auditifs\/bernafon-charger-mnb-t\/#primaryimage","url":"https:\/\/www.horendgoed.nl\/wp-content\/uploads\/2022\/12\/b8dc-0de3-448c-81e8-438700cb8874-photoroom.jpg","contentUrl":"https:\/\/www.horendgoed.nl\/wp-content\/uploads\/2022\/12\/b8dc-0de3-448c-81e8-438700cb8874-photoroom.jpg","width":2000,"height":2000},{"@type":"BreadcrumbList","@id":"https:\/\/www.horendgoed.nl\/fr\/shop\/batteries-et-chargeurs\/chargeurs-dappareils-auditifs\/bernafon-charger-mnb-t\/#breadcrumb","itemListElement":[{"@type":"ListItem","position":1,"name":"Accueil","item":"https:\/\/www.horendgoed.nl\/fr\/"},{"@type":"ListItem","position":2,"name":"Produits","item":"https:\/\/www.horendgoed.nl\/fr\/boutique\/produits\/"},{"@type":"ListItem","position":3,"name":"Bernafon Charger MNB T"}]},{"@type":"WebSite","@id":"https:\/\/www.horendgoed.nl\/fr\/#website","url":"https:\/\/www.horendgoed.nl\/fr\/","name":"Horend Goed Audiciens","description":"Luistert Beter","publisher":{"@id":"https:\/\/www.horendgoed.nl\/fr\/#organization"},"potentialAction":[{"@type":"SearchAction","target":{"@type":"EntryPoint","urlTemplate":"https:\/\/www.horendgoed.nl\/fr\/?s={search_term_string}"},"query-input":{"@type":"PropertyValueSpecification","valueRequired":true,"valueName":"search_term_string"}}],"inLanguage":"fr-FR"},{"@type":"Organization","@id":"https:\/\/www.horendgoed.nl\/fr\/#organization","name":"Horend Goed","url":"https:\/\/www.horendgoed.nl\/fr\/","logo":{"@type":"ImageObject","inLanguage":"fr-FR","@id":"https:\/\/www.horendgoed.nl\/fr\/#\/schema\/logo\/image\/","url":"https:\/\/www.horendgoed.nl\/wp-content\/uploads\/2021\/05\/Logo-groot-e1621862526979.png","contentUrl":"https:\/\/www.horendgoed.nl\/wp-content\/uploads\/2021\/05\/Logo-groot-e1621862526979.png","width":509,"height":100,"caption":"Horend Goed"},"image":{"@id":"https:\/\/www.horendgoed.nl\/fr\/#\/schema\/logo\/image\/"},"sameAs":["https:\/\/www.facebook.com\/horendgoed","https:\/\/www.instagram.com\/horendgoed\/","https:\/\/www.linkedin.com\/company\/horend-goed\/","https:\/\/www.youtube.com\/@horendgoed"],"email":"info@horendgoed.nl","telephone":"075 20 25 203","vatID":"NL 853 756 193 B01"}]}},"jetpack_sharing_enabled":true,"_links":{"self":[{"href":"https:\/\/www.horendgoed.nl\/fr\/wp-json\/wp\/v2\/product\/188960","targetHints":{"allow":["GET"]}}],"collection":[{"href":"https:\/\/www.horendgoed.nl\/fr\/wp-json\/wp\/v2\/product"}],"about":[{"href":"https:\/\/www.horendgoed.nl\/fr\/wp-json\/wp\/v2\/types\/product"}],"wp:featuredmedia":[{"embeddable":true,"href":"https:\/\/www.horendgoed.nl\/fr\/wp-json\/wp\/v2\/media\/188962"}],"wp:attachment":[{"href":"https:\/\/www.horendgoed.nl\/fr\/wp-json\/wp\/v2\/media?parent=188960"}],"wp:term":[{"taxonomy":"product_brand","embeddable":true,"href":"https:\/\/www.horendgoed.nl\/fr\/wp-json\/wp\/v2\/product_brand?post=188960"},{"taxonomy":"product_cat","embeddable":true,"href":"https:\/\/www.horendgoed.nl\/fr\/wp-json\/wp\/v2\/product_cat?post=188960"},{"taxonomy":"product_tag","embeddable":true,"href":"https:\/\/www.horendgoed.nl\/fr\/wp-json\/wp\/v2\/product_tag?post=188960"}],"curies":[{"name":"wp","href":"https:\/\/api.w.org\/{rel}","templated":true}]}}