{"id":190954,"date":"2023-03-30T15:12:22","date_gmt":"2023-03-30T13:12:22","guid":{"rendered":"https:\/\/www.horendgoed.nl\/shop\/non%20class\u00e9\/protege-oreilles-alecto-kids-bleu\/"},"modified":"2025-10-31T17:36:18","modified_gmt":"2025-10-31T16:36:18","slug":"protege-oreilles-alecto-kids-bleu","status":"publish","type":"product","link":"https:\/\/www.horendgoed.nl\/fr\/shop\/protection-auditive\/protecteurs-auditifs-pour-enfants\/protege-oreilles-alecto-kids-bleu\/","title":{"rendered":"Prot\u00e8ge-oreilles Alecto kids bleu"},"content":{"rendered":"<h3>Prot\u00e8ge-oreilles Alecto BV-71 pour enfants : Prot\u00e9gez l&rsquo;audition de votre enfant<\/h3>\n<h4>Pourquoi la protection auditive est-elle importante pour les jeunes enfants ?<\/h4>\n<p>Chaque jour, les jeunes enfants sont expos\u00e9s \u00e0 divers bruits forts, qu&rsquo;il s&rsquo;agisse de jeux dans la cour de l&rsquo;\u00e9cole, de la circulation dans la rue ou de jouets sonores. Saviez-vous que le bruit dans une cour d&rsquo;\u00e9cole tr\u00e8s fr\u00e9quent\u00e9e peut souvent atteindre 85 d\u00e9cibels ou plus ? Les sons de 80 d\u00e9cibels et plus peuvent d\u00e9j\u00e0 nuire \u00e0 l&rsquo;audition, en particulier chez les enfants dont l&rsquo;ou\u00efe est encore en d\u00e9veloppement.  <\/p>\n<p>L&rsquo;audition des jeunes enfants est particuli\u00e8rement vuln\u00e9rable. L&rsquo;oreille d&rsquo;un enfant peut tol\u00e9rer moins de sons que celle d&rsquo;un adulte, ce qui signifie que les bruits forts peuvent \u00eatre nocifs plus rapidement. En fait, des \u00e9tudes montrent qu&rsquo;un enfant sur huit souffre de l\u00e9sions auditives permanentes. \u00c0 long terme, cela peut entra\u00eener des probl\u00e8mes tels que des troubles de la concentration, des probl\u00e8mes de sommeil, du stress et m\u00eame des retards dans le d\u00e9veloppement du langage. En tant que parent, vous souhaitez naturellement faire tout ce qui est en votre pouvoir pour pr\u00e9venir ces dommages et prot\u00e9ger l&rsquo;audition de votre enfant.    <\/p>\n<h4>Prot\u00e8ge-oreilles Alecto BV-71 : Sp\u00e9cialement con\u00e7ues pour les enfants<\/h4>\n<p>Les <strong>prot\u00e8ge-oreilles Alecto BV-71<\/strong> sont sp\u00e9cialement con\u00e7us pour prot\u00e9ger l&rsquo;ou\u00efe des enfants d\u00e8s l&rsquo;\u00e2ge de 18 mois contre les bruits nocifs. Ces prot\u00e8ge-oreilles sont id\u00e9aux pour une utilisation dans des environnements bruyants, tels que les f\u00eates, les parades, les feux d&rsquo;artifice, les concerts et les courses de voitures et de motos. La protection auditive Alecto peut att\u00e9nuer les sons nocifs et forts jusqu&rsquo;\u00e0 29 d\u00e9cibels, tout en permettant \u00e0 l&rsquo;enfant de rester en contact avec l&rsquo;environnement.  <\/p>\n<p>Ces prot\u00e8ge-oreilles conviennent particuli\u00e8rement bien aux enfants, non seulement parce qu&rsquo;ils att\u00e9nuent efficacement le bruit, mais aussi parce qu&rsquo;ils sont confortables et faciles \u00e0 utiliser. Les prot\u00e8ge-oreilles sont disponibles dans diff\u00e9rentes couleurs tendance, ce qui les rend attrayants pour les enfants. De plus, ils sont pliables et peuvent donc \u00eatre facilement transport\u00e9s dans un sac, ce qui est id\u00e9al pour les voyages ou les vacances.  <\/p>\n<h4>Confort et durabilit\u00e9 en un<\/h4>\n<p>Les <strong>prot\u00e8ge-oreilles Alecto BV-71<\/strong> sont non seulement pratiques, mais aussi tr\u00e8s confortables. Le bandeau r\u00e9glable permet aux prot\u00e8ge-oreilles de grandir avec votre enfant, ce qui signifie qu&rsquo;ils peuvent \u00eatre utilis\u00e9s pendant des ann\u00e9es. L&rsquo;arceau est dot\u00e9 d&rsquo;une doublure douce, ce qui rend les prot\u00e8ge-oreilles agr\u00e9ables \u00e0 porter, m\u00eame en cas d&rsquo;utilisation prolong\u00e9e. Ceci est particuli\u00e8rement important pour les jeunes enfants qui peuvent rapidement ressentir une g\u00eane lorsqu&rsquo;ils portent des prot\u00e8ge-oreilles moins bien con\u00e7us.   <\/p>\n<p>Gr\u00e2ce au bandeau r\u00e9glable et \u00e0 la l\u00e9g\u00e8ret\u00e9 des coquilles, votre enfant remarquera \u00e0 peine qu&rsquo;elles sont sur sa t\u00eate. Elles sont donc id\u00e9ales pour une utilisation \u00e0 long terme dans les situations o\u00f9 la protection auditive est essentielle. <\/p>\n<h4>Aide \u00e0 r\u00e9soudre les probl\u00e8mes de concentration<\/h4>\n<p>Outre la protection contre les bruits forts, les <strong>casques antibruit Alecto BV-71<\/strong> peuvent \u00e9galement aider \u00e0 r\u00e9soudre les probl\u00e8mes de concentration. Dans un environnement bruyant, tel qu&rsquo;une salle de classe ou une salle anim\u00e9e, les enfants peuvent rapidement \u00eatre submerg\u00e9s par le bruit ambiant. Ils peuvent alors avoir du mal \u00e0 se concentrer sur leur travail scolaire ou sur la lecture.  <\/p>\n<p>Les casques antibruit Alecto aident votre enfant \u00e0 se concentrer en att\u00e9nuant les sons distrayants sans le couper compl\u00e8tement de son environnement. Il est ainsi plus facile pour lui de se concentrer sur ses t\u00e2ches, ce qui peut contribuer \u00e0 am\u00e9liorer ses performances d&rsquo;apprentissage. <\/p>\n<h4>Conclusion<\/h4>\n<p>En tant que parent, vous voulez ce qu&rsquo;il y a de mieux pour votre enfant, et cela inclut la protection de son ou\u00efe contre les influences n\u00e9fastes. Les <strong>casques antibruit Alecto BV-71<\/strong> offrent une solution efficace et confortable pour les enfants d\u00e8s l&rsquo;\u00e2ge de 18 mois. Que vous recherchiez une protection auditive pour un \u00e9v\u00e9nement ou simplement pour aider votre enfant \u00e0 mieux se concentrer, le prot\u00e8ge-oreilles Alecto BV-71 est un choix fiable. Prot\u00e9gez l&rsquo;audition de votre enfant d\u00e8s aujourd&rsquo;hui avec les casques antibruit Alecto BV-71.   <\/p>\n","protected":false},"excerpt":{"rendered":"<p>Prot\u00e8ge-oreilles Alecto BV-71 pour enfants : Prot\u00e9gez l&rsquo;audition de votre enfant Pourquoi la protection auditive est-elle importante pour les jeunes enfants ? Chaque jour, les jeunes enfants sont expos\u00e9s \u00e0 divers bruits forts, qu&rsquo;il s&rsquo;agisse de jeux dans la cour de l&rsquo;\u00e9cole, de la circulation dans la rue ou de jouets sonores. Saviez-vous que le &hellip; <\/p>\n","protected":false},"featured_media":190955,"template":"","meta":{"_acf_changed":false},"product_brand":[],"product_cat":[14201,14091,14202,14135],"product_tag":[],"class_list":["post-190954","product","type-product","status-publish","has-post-thumbnail","product_cat-protecteurs-auditifs-pour-enfants","product_cat-protection-auditive","product_cat-protege-oreilles","product_cat-vente","grid-sizer","latest_post","first","outofstock","sale","taxable","shipping-taxable","purchasable","product-type-simple"],"acf":[],"yoast_head":"<!-- This site is optimized with the Yoast SEO Premium plugin v27.4 (Yoast SEO v28.3) - https:\/\/yoast.com\/product\/yoast-seo-premium-wordpress\/ -->\n<title>Prot\u00e8ge-oreilles Alecto kids bleu | Horend Goed Audiciens<\/title>\n<meta name=\"description\" content=\"Les casques antibruit Alecto BV-71 aident \u00e9galement \u00e0 r\u00e9soudre les probl\u00e8mes de concentration. Dans un environnement bruyant, tel qu&#039;une salle de classe ou une salle anim\u00e9e, les enfants peuvent rapidement \u00eatre surcharg\u00e9s par le bruit ambiant.\" \/>\n<meta name=\"robots\" content=\"index, follow, max-snippet:-1, max-image-preview:large, max-video-preview:-1\" \/>\n<link rel=\"canonical\" href=\"https:\/\/www.horendgoed.nl\/fr\/shop\/protection-auditive\/protecteurs-auditifs-pour-enfants\/protege-oreilles-alecto-kids-bleu\/\" \/>\n<meta property=\"og:locale\" content=\"fr_FR\" \/>\n<meta property=\"og:type\" content=\"article\" \/>\n<meta property=\"og:title\" content=\"Prot\u00e8ge-oreilles Alecto kids bleu\" \/>\n<meta property=\"og:description\" content=\"Les casques antibruit Alecto BV-71 aident \u00e9galement \u00e0 r\u00e9soudre les probl\u00e8mes de concentration. Dans un environnement bruyant, tel qu&#039;une salle de classe ou une salle anim\u00e9e, les enfants peuvent rapidement \u00eatre surcharg\u00e9s par le bruit ambiant.\" \/>\n<meta property=\"og:url\" content=\"https:\/\/www.horendgoed.nl\/fr\/shop\/protection-auditive\/protecteurs-auditifs-pour-enfants\/protege-oreilles-alecto-kids-bleu\/\" \/>\n<meta property=\"og:site_name\" content=\"Horend Goed Audiciens\" \/>\n<meta property=\"article:publisher\" content=\"https:\/\/www.facebook.com\/horendgoed\" \/>\n<meta property=\"article:modified_time\" content=\"2025-10-31T16:36:18+00:00\" \/>\n<meta property=\"og:image\" content=\"https:\/\/www.horendgoed.nl\/wp-content\/uploads\/2023\/03\/ab53-f946-45a5-9c1d-bbbc9c7f1712.png\" \/>\n\t<meta property=\"og:image:width\" content=\"1200\" \/>\n\t<meta property=\"og:image:height\" content=\"1200\" \/>\n\t<meta property=\"og:image:type\" content=\"image\/png\" \/>\n<script type=\"application\/ld+json\" class=\"yoast-schema-graph\">{\"@context\":\"https:\\\/\\\/schema.org\",\"@graph\":[{\"@type\":\"WebPage\",\"@id\":\"https:\\\/\\\/www.horendgoed.nl\\\/fr\\\/shop\\\/protection-auditive\\\/protecteurs-auditifs-pour-enfants\\\/protege-oreilles-alecto-kids-bleu\\\/\",\"url\":\"https:\\\/\\\/www.horendgoed.nl\\\/fr\\\/shop\\\/protection-auditive\\\/protecteurs-auditifs-pour-enfants\\\/protege-oreilles-alecto-kids-bleu\\\/\",\"name\":\"Prot\u00e8ge-oreilles Alecto kids bleu | Horend Goed Audiciens\",\"isPartOf\":{\"@id\":\"https:\\\/\\\/www.horendgoed.nl\\\/fr\\\/#website\"},\"primaryImageOfPage\":{\"@id\":\"https:\\\/\\\/www.horendgoed.nl\\\/fr\\\/shop\\\/protection-auditive\\\/protecteurs-auditifs-pour-enfants\\\/protege-oreilles-alecto-kids-bleu\\\/#primaryimage\"},\"image\":{\"@id\":\"https:\\\/\\\/www.horendgoed.nl\\\/fr\\\/shop\\\/protection-auditive\\\/protecteurs-auditifs-pour-enfants\\\/protege-oreilles-alecto-kids-bleu\\\/#primaryimage\"},\"thumbnailUrl\":\"https:\\\/\\\/www.horendgoed.nl\\\/wp-content\\\/uploads\\\/2023\\\/03\\\/ab53-f946-45a5-9c1d-bbbc9c7f1712.png\",\"datePublished\":\"2023-03-30T13:12:22+00:00\",\"dateModified\":\"2025-10-31T16:36:18+00:00\",\"description\":\"Les casques antibruit Alecto BV-71 aident \u00e9galement \u00e0 r\u00e9soudre les probl\u00e8mes de concentration. Dans un environnement bruyant, tel qu'une salle de classe ou une salle anim\u00e9e, les enfants peuvent rapidement \u00eatre surcharg\u00e9s par le bruit ambiant.\",\"breadcrumb\":{\"@id\":\"https:\\\/\\\/www.horendgoed.nl\\\/fr\\\/shop\\\/protection-auditive\\\/protecteurs-auditifs-pour-enfants\\\/protege-oreilles-alecto-kids-bleu\\\/#breadcrumb\"},\"inLanguage\":\"fr-FR\",\"potentialAction\":[{\"@type\":\"ReadAction\",\"target\":[\"https:\\\/\\\/www.horendgoed.nl\\\/fr\\\/shop\\\/protection-auditive\\\/protecteurs-auditifs-pour-enfants\\\/protege-oreilles-alecto-kids-bleu\\\/\"]}]},{\"@type\":\"ImageObject\",\"inLanguage\":\"fr-FR\",\"@id\":\"https:\\\/\\\/www.horendgoed.nl\\\/fr\\\/shop\\\/protection-auditive\\\/protecteurs-auditifs-pour-enfants\\\/protege-oreilles-alecto-kids-bleu\\\/#primaryimage\",\"url\":\"https:\\\/\\\/www.horendgoed.nl\\\/wp-content\\\/uploads\\\/2023\\\/03\\\/ab53-f946-45a5-9c1d-bbbc9c7f1712.png\",\"contentUrl\":\"https:\\\/\\\/www.horendgoed.nl\\\/wp-content\\\/uploads\\\/2023\\\/03\\\/ab53-f946-45a5-9c1d-bbbc9c7f1712.png\",\"width\":1200,\"height\":1200},{\"@type\":\"BreadcrumbList\",\"@id\":\"https:\\\/\\\/www.horendgoed.nl\\\/fr\\\/shop\\\/protection-auditive\\\/protecteurs-auditifs-pour-enfants\\\/protege-oreilles-alecto-kids-bleu\\\/#breadcrumb\",\"itemListElement\":[{\"@type\":\"ListItem\",\"position\":1,\"name\":\"Accueil\",\"item\":\"https:\\\/\\\/www.horendgoed.nl\\\/fr\\\/\"},{\"@type\":\"ListItem\",\"position\":2,\"name\":\"Produits\",\"item\":\"https:\\\/\\\/www.horendgoed.nl\\\/fr\\\/boutique\\\/produits\\\/\"},{\"@type\":\"ListItem\",\"position\":3,\"name\":\"Prot\u00e8ge-oreilles Alecto kids bleu\"}]},{\"@type\":\"WebSite\",\"@id\":\"https:\\\/\\\/www.horendgoed.nl\\\/fr\\\/#website\",\"url\":\"https:\\\/\\\/www.horendgoed.nl\\\/fr\\\/\",\"name\":\"Horend Goed Audiciens\",\"description\":\"Luistert Beter\",\"publisher\":{\"@id\":\"https:\\\/\\\/www.horendgoed.nl\\\/fr\\\/#organization\"},\"potentialAction\":[{\"@type\":\"SearchAction\",\"target\":{\"@type\":\"EntryPoint\",\"urlTemplate\":\"https:\\\/\\\/www.horendgoed.nl\\\/fr\\\/?s={search_term_string}\"},\"query-input\":{\"@type\":\"PropertyValueSpecification\",\"valueRequired\":true,\"valueName\":\"search_term_string\"}}],\"inLanguage\":\"fr-FR\"},{\"@type\":\"Organization\",\"@id\":\"https:\\\/\\\/www.horendgoed.nl\\\/fr\\\/#organization\",\"name\":\"Horend Goed\",\"url\":\"https:\\\/\\\/www.horendgoed.nl\\\/fr\\\/\",\"logo\":{\"@type\":\"ImageObject\",\"inLanguage\":\"fr-FR\",\"@id\":\"https:\\\/\\\/www.horendgoed.nl\\\/fr\\\/#\\\/schema\\\/logo\\\/image\\\/\",\"url\":\"https:\\\/\\\/www.horendgoed.nl\\\/wp-content\\\/uploads\\\/2021\\\/05\\\/Logo-groot-e1621862526979.png\",\"contentUrl\":\"https:\\\/\\\/www.horendgoed.nl\\\/wp-content\\\/uploads\\\/2021\\\/05\\\/Logo-groot-e1621862526979.png\",\"width\":509,\"height\":100,\"caption\":\"Horend Goed\"},\"image\":{\"@id\":\"https:\\\/\\\/www.horendgoed.nl\\\/fr\\\/#\\\/schema\\\/logo\\\/image\\\/\"},\"sameAs\":[\"https:\\\/\\\/www.facebook.com\\\/horendgoed\",\"https:\\\/\\\/www.instagram.com\\\/horendgoed\\\/\",\"https:\\\/\\\/www.linkedin.com\\\/company\\\/horend-goed\\\/\",\"https:\\\/\\\/www.youtube.com\\\/@horendgoed\"],\"email\":\"info@horendgoed.nl\",\"telephone\":\"075 20 25 203\",\"vatID\":\"NL 853 756 193 B01\"}]}<\/script>\n<!-- \/ Yoast SEO Premium plugin. -->","yoast_head_json":{"title":"Prot\u00e8ge-oreilles Alecto kids bleu | Horend Goed Audiciens","description":"Les casques antibruit Alecto BV-71 aident \u00e9galement \u00e0 r\u00e9soudre les probl\u00e8mes de concentration. Dans un environnement bruyant, tel qu'une salle de classe ou une salle anim\u00e9e, les enfants peuvent rapidement \u00eatre surcharg\u00e9s par le bruit ambiant.","robots":{"index":"index","follow":"follow","max-snippet":"max-snippet:-1","max-image-preview":"max-image-preview:large","max-video-preview":"max-video-preview:-1"},"canonical":"https:\/\/www.horendgoed.nl\/fr\/shop\/protection-auditive\/protecteurs-auditifs-pour-enfants\/protege-oreilles-alecto-kids-bleu\/","og_locale":"fr_FR","og_type":"article","og_title":"Prot\u00e8ge-oreilles Alecto kids bleu","og_description":"Les casques antibruit Alecto BV-71 aident \u00e9galement \u00e0 r\u00e9soudre les probl\u00e8mes de concentration. Dans un environnement bruyant, tel qu'une salle de classe ou une salle anim\u00e9e, les enfants peuvent rapidement \u00eatre surcharg\u00e9s par le bruit ambiant.","og_url":"https:\/\/www.horendgoed.nl\/fr\/shop\/protection-auditive\/protecteurs-auditifs-pour-enfants\/protege-oreilles-alecto-kids-bleu\/","og_site_name":"Horend Goed Audiciens","article_publisher":"https:\/\/www.facebook.com\/horendgoed","article_modified_time":"2025-10-31T16:36:18+00:00","og_image":[{"width":1200,"height":1200,"url":"https:\/\/www.horendgoed.nl\/wp-content\/uploads\/2023\/03\/ab53-f946-45a5-9c1d-bbbc9c7f1712.png","type":"image\/png"}],"schema":{"@context":"https:\/\/schema.org","@graph":[{"@type":"WebPage","@id":"https:\/\/www.horendgoed.nl\/fr\/shop\/protection-auditive\/protecteurs-auditifs-pour-enfants\/protege-oreilles-alecto-kids-bleu\/","url":"https:\/\/www.horendgoed.nl\/fr\/shop\/protection-auditive\/protecteurs-auditifs-pour-enfants\/protege-oreilles-alecto-kids-bleu\/","name":"Prot\u00e8ge-oreilles Alecto kids bleu | Horend Goed Audiciens","isPartOf":{"@id":"https:\/\/www.horendgoed.nl\/fr\/#website"},"primaryImageOfPage":{"@id":"https:\/\/www.horendgoed.nl\/fr\/shop\/protection-auditive\/protecteurs-auditifs-pour-enfants\/protege-oreilles-alecto-kids-bleu\/#primaryimage"},"image":{"@id":"https:\/\/www.horendgoed.nl\/fr\/shop\/protection-auditive\/protecteurs-auditifs-pour-enfants\/protege-oreilles-alecto-kids-bleu\/#primaryimage"},"thumbnailUrl":"https:\/\/www.horendgoed.nl\/wp-content\/uploads\/2023\/03\/ab53-f946-45a5-9c1d-bbbc9c7f1712.png","datePublished":"2023-03-30T13:12:22+00:00","dateModified":"2025-10-31T16:36:18+00:00","description":"Les casques antibruit Alecto BV-71 aident \u00e9galement \u00e0 r\u00e9soudre les probl\u00e8mes de concentration. Dans un environnement bruyant, tel qu'une salle de classe ou une salle anim\u00e9e, les enfants peuvent rapidement \u00eatre surcharg\u00e9s par le bruit ambiant.","breadcrumb":{"@id":"https:\/\/www.horendgoed.nl\/fr\/shop\/protection-auditive\/protecteurs-auditifs-pour-enfants\/protege-oreilles-alecto-kids-bleu\/#breadcrumb"},"inLanguage":"fr-FR","potentialAction":[{"@type":"ReadAction","target":["https:\/\/www.horendgoed.nl\/fr\/shop\/protection-auditive\/protecteurs-auditifs-pour-enfants\/protege-oreilles-alecto-kids-bleu\/"]}]},{"@type":"ImageObject","inLanguage":"fr-FR","@id":"https:\/\/www.horendgoed.nl\/fr\/shop\/protection-auditive\/protecteurs-auditifs-pour-enfants\/protege-oreilles-alecto-kids-bleu\/#primaryimage","url":"https:\/\/www.horendgoed.nl\/wp-content\/uploads\/2023\/03\/ab53-f946-45a5-9c1d-bbbc9c7f1712.png","contentUrl":"https:\/\/www.horendgoed.nl\/wp-content\/uploads\/2023\/03\/ab53-f946-45a5-9c1d-bbbc9c7f1712.png","width":1200,"height":1200},{"@type":"BreadcrumbList","@id":"https:\/\/www.horendgoed.nl\/fr\/shop\/protection-auditive\/protecteurs-auditifs-pour-enfants\/protege-oreilles-alecto-kids-bleu\/#breadcrumb","itemListElement":[{"@type":"ListItem","position":1,"name":"Accueil","item":"https:\/\/www.horendgoed.nl\/fr\/"},{"@type":"ListItem","position":2,"name":"Produits","item":"https:\/\/www.horendgoed.nl\/fr\/boutique\/produits\/"},{"@type":"ListItem","position":3,"name":"Prot\u00e8ge-oreilles Alecto kids bleu"}]},{"@type":"WebSite","@id":"https:\/\/www.horendgoed.nl\/fr\/#website","url":"https:\/\/www.horendgoed.nl\/fr\/","name":"Horend Goed Audiciens","description":"Luistert Beter","publisher":{"@id":"https:\/\/www.horendgoed.nl\/fr\/#organization"},"potentialAction":[{"@type":"SearchAction","target":{"@type":"EntryPoint","urlTemplate":"https:\/\/www.horendgoed.nl\/fr\/?s={search_term_string}"},"query-input":{"@type":"PropertyValueSpecification","valueRequired":true,"valueName":"search_term_string"}}],"inLanguage":"fr-FR"},{"@type":"Organization","@id":"https:\/\/www.horendgoed.nl\/fr\/#organization","name":"Horend Goed","url":"https:\/\/www.horendgoed.nl\/fr\/","logo":{"@type":"ImageObject","inLanguage":"fr-FR","@id":"https:\/\/www.horendgoed.nl\/fr\/#\/schema\/logo\/image\/","url":"https:\/\/www.horendgoed.nl\/wp-content\/uploads\/2021\/05\/Logo-groot-e1621862526979.png","contentUrl":"https:\/\/www.horendgoed.nl\/wp-content\/uploads\/2021\/05\/Logo-groot-e1621862526979.png","width":509,"height":100,"caption":"Horend Goed"},"image":{"@id":"https:\/\/www.horendgoed.nl\/fr\/#\/schema\/logo\/image\/"},"sameAs":["https:\/\/www.facebook.com\/horendgoed","https:\/\/www.instagram.com\/horendgoed\/","https:\/\/www.linkedin.com\/company\/horend-goed\/","https:\/\/www.youtube.com\/@horendgoed"],"email":"info@horendgoed.nl","telephone":"075 20 25 203","vatID":"NL 853 756 193 B01"}]}},"jetpack_sharing_enabled":true,"_links":{"self":[{"href":"https:\/\/www.horendgoed.nl\/fr\/wp-json\/wp\/v2\/product\/190954","targetHints":{"allow":["GET"]}}],"collection":[{"href":"https:\/\/www.horendgoed.nl\/fr\/wp-json\/wp\/v2\/product"}],"about":[{"href":"https:\/\/www.horendgoed.nl\/fr\/wp-json\/wp\/v2\/types\/product"}],"wp:featuredmedia":[{"embeddable":true,"href":"https:\/\/www.horendgoed.nl\/fr\/wp-json\/wp\/v2\/media\/190955"}],"wp:attachment":[{"href":"https:\/\/www.horendgoed.nl\/fr\/wp-json\/wp\/v2\/media?parent=190954"}],"wp:term":[{"taxonomy":"product_brand","embeddable":true,"href":"https:\/\/www.horendgoed.nl\/fr\/wp-json\/wp\/v2\/product_brand?post=190954"},{"taxonomy":"product_cat","embeddable":true,"href":"https:\/\/www.horendgoed.nl\/fr\/wp-json\/wp\/v2\/product_cat?post=190954"},{"taxonomy":"product_tag","embeddable":true,"href":"https:\/\/www.horendgoed.nl\/fr\/wp-json\/wp\/v2\/product_tag?post=190954"}],"curies":[{"name":"wp","href":"https:\/\/api.w.org\/{rel}","templated":true}]}}