{"id":190958,"date":"2023-03-30T14:50:38","date_gmt":"2023-03-30T12:50:38","guid":{"rendered":"https:\/\/www.horendgoed.nl\/shop\/non%20class\u00e9\/protege-oreilles-alecto-kids-vert\/"},"modified":"2025-10-31T17:36:54","modified_gmt":"2025-10-31T16:36:54","slug":"protege-oreilles-alecto-kids-vert","status":"publish","type":"product","link":"https:\/\/www.horendgoed.nl\/fr\/shop\/protection-auditive\/protecteurs-auditifs-pour-enfants\/protege-oreilles-alecto-kids-vert\/","title":{"rendered":"Prot\u00e8ge-oreilles Alecto kids vert"},"content":{"rendered":"<h3>Casque antibruit Alecto BV-71 pour les enfants \u00e0 partir de 18 mois<\/h3>\n<h4>Prot\u00e9gez l&rsquo;ou\u00efe de votre enfant contre les sons nocifs<\/h4>\n<p>Les jeunes enfants sont expos\u00e9s quotidiennement \u00e0 divers bruits forts. Pensez aux jeux avec d&rsquo;autres enfants dans la cour de r\u00e9cr\u00e9ation, au bruit dans une salle de classe bond\u00e9e, au klaxon des voitures dans la circulation ou aux jouets qui font du bruit. Saviez-vous que le bruit dans une cour d&rsquo;\u00e9cole tr\u00e8s fr\u00e9quent\u00e9e peut souvent atteindre 85 d\u00e9cibels ou plus ? Les sons de 80 d\u00e9cibels et plus peuvent d\u00e9j\u00e0 nuire \u00e0 l&rsquo;audition, en particulier chez les jeunes enfants.<\/p>\n<p>L&rsquo;ou\u00efe des jeunes enfants \u00e9tant encore en d\u00e9veloppement, elle est particuli\u00e8rement vuln\u00e9rable. L&rsquo;oreille d&rsquo;un enfant tol\u00e8re moins de bruit que celle d&rsquo;un adulte, de sorte que les bruits forts peuvent l&rsquo;endommager plus rapidement. En fait, la recherche montre qu&rsquo;un enfant sur huit souffre de l\u00e9sions auditives permanentes. Cela peut entra\u00eener des probl\u00e8mes \u00e0 long terme tels que des troubles de la concentration, des probl\u00e8mes de sommeil, du stress et m\u00eame des retards dans le d\u00e9veloppement du langage. En tant que parent, vous souhaitez naturellement faire tout ce qui est en votre pouvoir pour pr\u00e9venir ces dommages et prot\u00e9ger l&rsquo;audition de votre enfant.<\/p>\n<h4>Prot\u00e8ge-oreilles Alecto BV-71 : La protection auditive id\u00e9ale pour les enfants<\/h4>\n<p>Les <strong>casques antibruit Alecto BV-71<\/strong> sont sp\u00e9cialement con\u00e7us pour prot\u00e9ger l&rsquo;audition des enfants \u00e2g\u00e9s de 18 mois et plus contre les bruits nocifs. Ces casques antibruit sont id\u00e9aux pour une utilisation dans des environnements bruyants, par exemple lors de f\u00eates, de parades, de feux d&rsquo;artifice, de concerts et de courses de voitures et de motos. Le protecteur auditif Alecto peut att\u00e9nuer les sons nocifs et forts jusqu&rsquo;\u00e0 29 d\u00e9cibels, tout en permettant \u00e0 l&rsquo;enfant de rester en contact avec l&rsquo;environnement. Cela signifie que votre enfant est en s\u00e9curit\u00e9, sans \u00eatre compl\u00e8tement coup\u00e9 du monde ext\u00e9rieur.<\/p>\n<p>Ce qui fait que ces casques antibruit conviennent si bien aux enfants, c&rsquo;est non seulement l&rsquo;att\u00e9nuation efficace du bruit, mais aussi le confort et la facilit\u00e9 d&rsquo;utilisation. Les casques antibruit Alecto BV-71 sont disponibles dans plusieurs couleurs tendance, ce qui les rend attrayants pour les enfants. De plus, ils sont pliables, ce qui vous permet de les transporter facilement dans un sac, id\u00e9al pour les voyages ou les vacances.<\/p>\n<h4>Confort et durabilit\u00e9 en un seul produit<\/h4>\n<p>Les <strong>prot\u00e8ge-oreilles Alecto BV-71<\/strong> sont non seulement pratiques, mais aussi tr\u00e8s confortables. Le bandeau r\u00e9glable permet aux prot\u00e8ge-oreilles de grandir avec votre enfant, ce qui signifie qu&rsquo;ils peuvent \u00eatre utilis\u00e9s pendant des ann\u00e9es. L&rsquo;arceau est dot\u00e9 d&rsquo;une doublure douce, ce qui rend les prot\u00e8ge-oreilles agr\u00e9ables \u00e0 porter, m\u00eame en cas d&rsquo;utilisation prolong\u00e9e. Ceci est particuli\u00e8rement important pour les jeunes enfants qui peuvent rapidement ressentir une g\u00eane lorsqu&rsquo;ils portent des prot\u00e8ge-oreilles moins bien con\u00e7us.   <\/p>\n<p>Gr\u00e2ce au bandeau r\u00e9glable et \u00e0 la l\u00e9g\u00e8ret\u00e9 des coquilles, votre enfant remarquera \u00e0 peine qu&rsquo;elles sont sur sa t\u00eate. Elles sont donc id\u00e9ales pour une utilisation \u00e0 long terme dans les situations o\u00f9 la protection auditive est essentielle. <\/p>\n<h4>Aide \u00e0 r\u00e9soudre les probl\u00e8mes de concentration<\/h4>\n<p>Outre la protection contre les bruits forts, les <strong>casques antibruit Alecto BV-71<\/strong> peuvent \u00e9galement aider \u00e0 r\u00e9soudre les probl\u00e8mes de concentration. Dans un environnement bruyant, tel qu&rsquo;une salle de classe ou une salle anim\u00e9e, les enfants peuvent rapidement \u00eatre submerg\u00e9s par le bruit ambiant. Ils peuvent alors avoir du mal \u00e0 se concentrer sur leur travail scolaire ou sur la lecture.  <\/p>\n<p>Les casques antibruit Alecto aident votre enfant \u00e0 se concentrer en att\u00e9nuant les sons distrayants sans le couper compl\u00e8tement de son environnement. Il est ainsi plus facile pour lui de se concentrer sur ses t\u00e2ches, ce qui peut contribuer \u00e0 am\u00e9liorer ses performances d&rsquo;apprentissage. <\/p>\n<h4>Conclusion : choisissez une protection auditive fiable<\/h4>\n<p>En tant que parent, vous voulez ce qu&rsquo;il y a de mieux pour votre enfant, et cela inclut la protection de son audition contre les influences n\u00e9fastes. Les <strong>casques antibruit Alecto BV-71<\/strong> offrent une solution efficace et confortable pour les enfants de 18 mois et plus. Que vous recherchiez une protection auditive pour un \u00e9v\u00e9nement ou simplement pour aider votre enfant \u00e0 mieux se concentrer, l&rsquo;Alecto BV-71 est un choix fiable. Prot\u00e9gez l&rsquo;audition de votre enfant d\u00e8s aujourd&rsquo;hui avec les prot\u00e8ge-oreilles Alecto BV-71 et \u00e9vitez les dommages auditifs \u00e0 long terme.<\/p>\n","protected":false},"excerpt":{"rendered":"<p>Casque antibruit Alecto BV-71 pour les enfants \u00e0 partir de 18 mois Prot\u00e9gez l&rsquo;ou\u00efe de votre enfant contre les sons nocifs Les jeunes enfants sont expos\u00e9s quotidiennement \u00e0 divers bruits forts. Pensez aux jeux avec d&rsquo;autres enfants dans la cour de r\u00e9cr\u00e9ation, au bruit dans une salle de classe bond\u00e9e, au klaxon des voitures dans &hellip; <\/p>\n","protected":false},"featured_media":190959,"template":"","meta":{"_acf_changed":false},"product_brand":[],"product_cat":[14201,14091,14202,14135],"product_tag":[],"class_list":["post-190958","product","type-product","status-publish","has-post-thumbnail","product_cat-protecteurs-auditifs-pour-enfants","product_cat-protection-auditive","product_cat-protege-oreilles","product_cat-vente","grid-sizer","latest_post","first","outofstock","sale","taxable","shipping-taxable","purchasable","product-type-simple"],"acf":[],"yoast_head":"<!-- This site is optimized with the Yoast SEO Premium plugin v27.4 (Yoast SEO v28.3) - https:\/\/yoast.com\/product\/yoast-seo-premium-wordpress\/ -->\n<title>Prot\u00e8ge-oreilles Alecto kids vert | Horend Goed Audiciens<\/title>\n<meta name=\"robots\" content=\"index, follow, max-snippet:-1, max-image-preview:large, max-video-preview:-1\" \/>\n<link rel=\"canonical\" href=\"https:\/\/www.horendgoed.nl\/fr\/shop\/protection-auditive\/protecteurs-auditifs-pour-enfants\/protege-oreilles-alecto-kids-vert\/\" \/>\n<meta property=\"og:locale\" content=\"fr_FR\" \/>\n<meta property=\"og:type\" content=\"article\" \/>\n<meta property=\"og:title\" content=\"Prot\u00e8ge-oreilles Alecto kids vert\" \/>\n<meta property=\"og:description\" content=\"Casque antibruit Alecto BV-71 pour les enfants \u00e0 partir de 18 mois Prot\u00e9gez l&rsquo;ou\u00efe de votre enfant contre les sons nocifs Les jeunes enfants sont expos\u00e9s quotidiennement \u00e0 divers bruits forts. Pensez aux jeux avec d&rsquo;autres enfants dans la cour de r\u00e9cr\u00e9ation, au bruit dans une salle de classe bond\u00e9e, au klaxon des voitures dans &hellip;\" \/>\n<meta property=\"og:url\" content=\"https:\/\/www.horendgoed.nl\/fr\/shop\/protection-auditive\/protecteurs-auditifs-pour-enfants\/protege-oreilles-alecto-kids-vert\/\" \/>\n<meta property=\"og:site_name\" content=\"Horend Goed Audiciens\" \/>\n<meta property=\"article:publisher\" content=\"https:\/\/www.facebook.com\/horendgoed\" \/>\n<meta property=\"article:modified_time\" content=\"2025-10-31T16:36:54+00:00\" \/>\n<meta property=\"og:image\" content=\"https:\/\/www.horendgoed.nl\/wp-content\/uploads\/2023\/03\/b4d2-0f06-4d73-82a2-800d6b53f8f3.png\" \/>\n\t<meta property=\"og:image:width\" content=\"1200\" \/>\n\t<meta property=\"og:image:height\" content=\"1200\" \/>\n\t<meta property=\"og:image:type\" content=\"image\/png\" \/>\n<script type=\"application\/ld+json\" class=\"yoast-schema-graph\">{\"@context\":\"https:\\\/\\\/schema.org\",\"@graph\":[{\"@type\":\"WebPage\",\"@id\":\"https:\\\/\\\/www.horendgoed.nl\\\/fr\\\/shop\\\/protection-auditive\\\/protecteurs-auditifs-pour-enfants\\\/protege-oreilles-alecto-kids-vert\\\/\",\"url\":\"https:\\\/\\\/www.horendgoed.nl\\\/fr\\\/shop\\\/protection-auditive\\\/protecteurs-auditifs-pour-enfants\\\/protege-oreilles-alecto-kids-vert\\\/\",\"name\":\"Prot\u00e8ge-oreilles Alecto kids vert | Horend Goed Audiciens\",\"isPartOf\":{\"@id\":\"https:\\\/\\\/www.horendgoed.nl\\\/fr\\\/#website\"},\"primaryImageOfPage\":{\"@id\":\"https:\\\/\\\/www.horendgoed.nl\\\/fr\\\/shop\\\/protection-auditive\\\/protecteurs-auditifs-pour-enfants\\\/protege-oreilles-alecto-kids-vert\\\/#primaryimage\"},\"image\":{\"@id\":\"https:\\\/\\\/www.horendgoed.nl\\\/fr\\\/shop\\\/protection-auditive\\\/protecteurs-auditifs-pour-enfants\\\/protege-oreilles-alecto-kids-vert\\\/#primaryimage\"},\"thumbnailUrl\":\"https:\\\/\\\/www.horendgoed.nl\\\/wp-content\\\/uploads\\\/2023\\\/03\\\/b4d2-0f06-4d73-82a2-800d6b53f8f3.png\",\"datePublished\":\"2023-03-30T12:50:38+00:00\",\"dateModified\":\"2025-10-31T16:36:54+00:00\",\"breadcrumb\":{\"@id\":\"https:\\\/\\\/www.horendgoed.nl\\\/fr\\\/shop\\\/protection-auditive\\\/protecteurs-auditifs-pour-enfants\\\/protege-oreilles-alecto-kids-vert\\\/#breadcrumb\"},\"inLanguage\":\"fr-FR\",\"potentialAction\":[{\"@type\":\"ReadAction\",\"target\":[\"https:\\\/\\\/www.horendgoed.nl\\\/fr\\\/shop\\\/protection-auditive\\\/protecteurs-auditifs-pour-enfants\\\/protege-oreilles-alecto-kids-vert\\\/\"]}]},{\"@type\":\"ImageObject\",\"inLanguage\":\"fr-FR\",\"@id\":\"https:\\\/\\\/www.horendgoed.nl\\\/fr\\\/shop\\\/protection-auditive\\\/protecteurs-auditifs-pour-enfants\\\/protege-oreilles-alecto-kids-vert\\\/#primaryimage\",\"url\":\"https:\\\/\\\/www.horendgoed.nl\\\/wp-content\\\/uploads\\\/2023\\\/03\\\/b4d2-0f06-4d73-82a2-800d6b53f8f3.png\",\"contentUrl\":\"https:\\\/\\\/www.horendgoed.nl\\\/wp-content\\\/uploads\\\/2023\\\/03\\\/b4d2-0f06-4d73-82a2-800d6b53f8f3.png\",\"width\":1200,\"height\":1200},{\"@type\":\"BreadcrumbList\",\"@id\":\"https:\\\/\\\/www.horendgoed.nl\\\/fr\\\/shop\\\/protection-auditive\\\/protecteurs-auditifs-pour-enfants\\\/protege-oreilles-alecto-kids-vert\\\/#breadcrumb\",\"itemListElement\":[{\"@type\":\"ListItem\",\"position\":1,\"name\":\"Accueil\",\"item\":\"https:\\\/\\\/www.horendgoed.nl\\\/fr\\\/\"},{\"@type\":\"ListItem\",\"position\":2,\"name\":\"Produits\",\"item\":\"https:\\\/\\\/www.horendgoed.nl\\\/fr\\\/boutique\\\/produits\\\/\"},{\"@type\":\"ListItem\",\"position\":3,\"name\":\"Prot\u00e8ge-oreilles Alecto kids vert\"}]},{\"@type\":\"WebSite\",\"@id\":\"https:\\\/\\\/www.horendgoed.nl\\\/fr\\\/#website\",\"url\":\"https:\\\/\\\/www.horendgoed.nl\\\/fr\\\/\",\"name\":\"Horend Goed Audiciens\",\"description\":\"Luistert Beter\",\"publisher\":{\"@id\":\"https:\\\/\\\/www.horendgoed.nl\\\/fr\\\/#organization\"},\"potentialAction\":[{\"@type\":\"SearchAction\",\"target\":{\"@type\":\"EntryPoint\",\"urlTemplate\":\"https:\\\/\\\/www.horendgoed.nl\\\/fr\\\/?s={search_term_string}\"},\"query-input\":{\"@type\":\"PropertyValueSpecification\",\"valueRequired\":true,\"valueName\":\"search_term_string\"}}],\"inLanguage\":\"fr-FR\"},{\"@type\":\"Organization\",\"@id\":\"https:\\\/\\\/www.horendgoed.nl\\\/fr\\\/#organization\",\"name\":\"Horend Goed\",\"url\":\"https:\\\/\\\/www.horendgoed.nl\\\/fr\\\/\",\"logo\":{\"@type\":\"ImageObject\",\"inLanguage\":\"fr-FR\",\"@id\":\"https:\\\/\\\/www.horendgoed.nl\\\/fr\\\/#\\\/schema\\\/logo\\\/image\\\/\",\"url\":\"https:\\\/\\\/www.horendgoed.nl\\\/wp-content\\\/uploads\\\/2021\\\/05\\\/Logo-groot-e1621862526979.png\",\"contentUrl\":\"https:\\\/\\\/www.horendgoed.nl\\\/wp-content\\\/uploads\\\/2021\\\/05\\\/Logo-groot-e1621862526979.png\",\"width\":509,\"height\":100,\"caption\":\"Horend Goed\"},\"image\":{\"@id\":\"https:\\\/\\\/www.horendgoed.nl\\\/fr\\\/#\\\/schema\\\/logo\\\/image\\\/\"},\"sameAs\":[\"https:\\\/\\\/www.facebook.com\\\/horendgoed\",\"https:\\\/\\\/www.instagram.com\\\/horendgoed\\\/\",\"https:\\\/\\\/www.linkedin.com\\\/company\\\/horend-goed\\\/\",\"https:\\\/\\\/www.youtube.com\\\/@horendgoed\"],\"email\":\"info@horendgoed.nl\",\"telephone\":\"075 20 25 203\",\"vatID\":\"NL 853 756 193 B01\"}]}<\/script>\n<!-- \/ Yoast SEO Premium plugin. -->","yoast_head_json":{"title":"Prot\u00e8ge-oreilles Alecto kids vert | Horend Goed Audiciens","robots":{"index":"index","follow":"follow","max-snippet":"max-snippet:-1","max-image-preview":"max-image-preview:large","max-video-preview":"max-video-preview:-1"},"canonical":"https:\/\/www.horendgoed.nl\/fr\/shop\/protection-auditive\/protecteurs-auditifs-pour-enfants\/protege-oreilles-alecto-kids-vert\/","og_locale":"fr_FR","og_type":"article","og_title":"Prot\u00e8ge-oreilles Alecto kids vert","og_description":"Casque antibruit Alecto BV-71 pour les enfants \u00e0 partir de 18 mois Prot\u00e9gez l&rsquo;ou\u00efe de votre enfant contre les sons nocifs Les jeunes enfants sont expos\u00e9s quotidiennement \u00e0 divers bruits forts. Pensez aux jeux avec d&rsquo;autres enfants dans la cour de r\u00e9cr\u00e9ation, au bruit dans une salle de classe bond\u00e9e, au klaxon des voitures dans &hellip;","og_url":"https:\/\/www.horendgoed.nl\/fr\/shop\/protection-auditive\/protecteurs-auditifs-pour-enfants\/protege-oreilles-alecto-kids-vert\/","og_site_name":"Horend Goed Audiciens","article_publisher":"https:\/\/www.facebook.com\/horendgoed","article_modified_time":"2025-10-31T16:36:54+00:00","og_image":[{"width":1200,"height":1200,"url":"https:\/\/www.horendgoed.nl\/wp-content\/uploads\/2023\/03\/b4d2-0f06-4d73-82a2-800d6b53f8f3.png","type":"image\/png"}],"schema":{"@context":"https:\/\/schema.org","@graph":[{"@type":"WebPage","@id":"https:\/\/www.horendgoed.nl\/fr\/shop\/protection-auditive\/protecteurs-auditifs-pour-enfants\/protege-oreilles-alecto-kids-vert\/","url":"https:\/\/www.horendgoed.nl\/fr\/shop\/protection-auditive\/protecteurs-auditifs-pour-enfants\/protege-oreilles-alecto-kids-vert\/","name":"Prot\u00e8ge-oreilles Alecto kids vert | Horend Goed Audiciens","isPartOf":{"@id":"https:\/\/www.horendgoed.nl\/fr\/#website"},"primaryImageOfPage":{"@id":"https:\/\/www.horendgoed.nl\/fr\/shop\/protection-auditive\/protecteurs-auditifs-pour-enfants\/protege-oreilles-alecto-kids-vert\/#primaryimage"},"image":{"@id":"https:\/\/www.horendgoed.nl\/fr\/shop\/protection-auditive\/protecteurs-auditifs-pour-enfants\/protege-oreilles-alecto-kids-vert\/#primaryimage"},"thumbnailUrl":"https:\/\/www.horendgoed.nl\/wp-content\/uploads\/2023\/03\/b4d2-0f06-4d73-82a2-800d6b53f8f3.png","datePublished":"2023-03-30T12:50:38+00:00","dateModified":"2025-10-31T16:36:54+00:00","breadcrumb":{"@id":"https:\/\/www.horendgoed.nl\/fr\/shop\/protection-auditive\/protecteurs-auditifs-pour-enfants\/protege-oreilles-alecto-kids-vert\/#breadcrumb"},"inLanguage":"fr-FR","potentialAction":[{"@type":"ReadAction","target":["https:\/\/www.horendgoed.nl\/fr\/shop\/protection-auditive\/protecteurs-auditifs-pour-enfants\/protege-oreilles-alecto-kids-vert\/"]}]},{"@type":"ImageObject","inLanguage":"fr-FR","@id":"https:\/\/www.horendgoed.nl\/fr\/shop\/protection-auditive\/protecteurs-auditifs-pour-enfants\/protege-oreilles-alecto-kids-vert\/#primaryimage","url":"https:\/\/www.horendgoed.nl\/wp-content\/uploads\/2023\/03\/b4d2-0f06-4d73-82a2-800d6b53f8f3.png","contentUrl":"https:\/\/www.horendgoed.nl\/wp-content\/uploads\/2023\/03\/b4d2-0f06-4d73-82a2-800d6b53f8f3.png","width":1200,"height":1200},{"@type":"BreadcrumbList","@id":"https:\/\/www.horendgoed.nl\/fr\/shop\/protection-auditive\/protecteurs-auditifs-pour-enfants\/protege-oreilles-alecto-kids-vert\/#breadcrumb","itemListElement":[{"@type":"ListItem","position":1,"name":"Accueil","item":"https:\/\/www.horendgoed.nl\/fr\/"},{"@type":"ListItem","position":2,"name":"Produits","item":"https:\/\/www.horendgoed.nl\/fr\/boutique\/produits\/"},{"@type":"ListItem","position":3,"name":"Prot\u00e8ge-oreilles Alecto kids vert"}]},{"@type":"WebSite","@id":"https:\/\/www.horendgoed.nl\/fr\/#website","url":"https:\/\/www.horendgoed.nl\/fr\/","name":"Horend Goed Audiciens","description":"Luistert Beter","publisher":{"@id":"https:\/\/www.horendgoed.nl\/fr\/#organization"},"potentialAction":[{"@type":"SearchAction","target":{"@type":"EntryPoint","urlTemplate":"https:\/\/www.horendgoed.nl\/fr\/?s={search_term_string}"},"query-input":{"@type":"PropertyValueSpecification","valueRequired":true,"valueName":"search_term_string"}}],"inLanguage":"fr-FR"},{"@type":"Organization","@id":"https:\/\/www.horendgoed.nl\/fr\/#organization","name":"Horend Goed","url":"https:\/\/www.horendgoed.nl\/fr\/","logo":{"@type":"ImageObject","inLanguage":"fr-FR","@id":"https:\/\/www.horendgoed.nl\/fr\/#\/schema\/logo\/image\/","url":"https:\/\/www.horendgoed.nl\/wp-content\/uploads\/2021\/05\/Logo-groot-e1621862526979.png","contentUrl":"https:\/\/www.horendgoed.nl\/wp-content\/uploads\/2021\/05\/Logo-groot-e1621862526979.png","width":509,"height":100,"caption":"Horend Goed"},"image":{"@id":"https:\/\/www.horendgoed.nl\/fr\/#\/schema\/logo\/image\/"},"sameAs":["https:\/\/www.facebook.com\/horendgoed","https:\/\/www.instagram.com\/horendgoed\/","https:\/\/www.linkedin.com\/company\/horend-goed\/","https:\/\/www.youtube.com\/@horendgoed"],"email":"info@horendgoed.nl","telephone":"075 20 25 203","vatID":"NL 853 756 193 B01"}]}},"jetpack_sharing_enabled":true,"_links":{"self":[{"href":"https:\/\/www.horendgoed.nl\/fr\/wp-json\/wp\/v2\/product\/190958","targetHints":{"allow":["GET"]}}],"collection":[{"href":"https:\/\/www.horendgoed.nl\/fr\/wp-json\/wp\/v2\/product"}],"about":[{"href":"https:\/\/www.horendgoed.nl\/fr\/wp-json\/wp\/v2\/types\/product"}],"wp:featuredmedia":[{"embeddable":true,"href":"https:\/\/www.horendgoed.nl\/fr\/wp-json\/wp\/v2\/media\/190959"}],"wp:attachment":[{"href":"https:\/\/www.horendgoed.nl\/fr\/wp-json\/wp\/v2\/media?parent=190958"}],"wp:term":[{"taxonomy":"product_brand","embeddable":true,"href":"https:\/\/www.horendgoed.nl\/fr\/wp-json\/wp\/v2\/product_brand?post=190958"},{"taxonomy":"product_cat","embeddable":true,"href":"https:\/\/www.horendgoed.nl\/fr\/wp-json\/wp\/v2\/product_cat?post=190958"},{"taxonomy":"product_tag","embeddable":true,"href":"https:\/\/www.horendgoed.nl\/fr\/wp-json\/wp\/v2\/product_tag?post=190958"}],"curies":[{"name":"wp","href":"https:\/\/api.w.org\/{rel}","templated":true}]}}