{"id":191034,"date":"2023-05-25T11:22:03","date_gmt":"2023-05-25T09:22:03","guid":{"rendered":"https:\/\/www.horendgoed.nl\/shop\/non%20class\u00e9\/phonak-roger-select-gris\/"},"modified":"2025-07-03T16:31:56","modified_gmt":"2025-07-03T14:31:56","slug":"phonak-roger-select-gris","status":"publish","type":"product","link":"https:\/\/www.horendgoed.nl\/fr\/shop\/aides-pour-les-malentendants\/amplificateurs-auditifs\/phonak-roger-select-gris\/","title":{"rendered":"Phonak Roger Select gris"},"content":{"rendered":"<p><strong>Phonak Roger Select Grey - Clart\u00e9 d&rsquo;appel et flexibilit\u00e9 optimales<\/strong><\/p>\n<p>Le <strong>Phonak Roger Select Grey<\/strong> est un microphone portable avanc\u00e9, con\u00e7u sp\u00e9cifiquement pour optimiser les performances de vos aides auditives, en particulier dans les environnements bruyants et pendant les conversations de groupe. Gr\u00e2ce \u00e0 sa technologie Roger innovante et \u00e0 ses applications polyvalentes, le Roger Select vous permet de participer pleinement aux conversations, o\u00f9 que vous soyez. L&rsquo;appareil offre une meilleure compr\u00e9hension de la parole dans les environnements d&rsquo;\u00e9coute difficiles et vous permet de vous concentrer sur l&rsquo;orateur qui compte le plus, sans \u00eatre distrait par les bruits de fond.  <\/p>\n<h3><strong>Pourquoi choisir le Phonak Roger Select Grey ?<\/strong><\/h3>\n<p>Il peut \u00eatre difficile de suivre une conversation lorsqu&rsquo;il y a beaucoup de bruits de fond ou lorsque plusieurs personnes parlent en m\u00eame temps. Le <strong>Phonak Roger Select<\/strong> offre une solution en utilisant la technologie MultiBeam, qui capte la parole dans un rayon de 360\u00b0. Vous pouvez ainsi toujours comprendre chaque mot, m\u00eame dans des environnements tr\u00e8s fr\u00e9quent\u00e9s tels que les restaurants, les r\u00e9unions ou les rassemblements familiaux.  <\/p>\n<p><strong>Phonak Roger Select<\/strong> est compatible avec une large gamme d&rsquo;aides auditives, d&rsquo;implants cochl\u00e9aires (CI) et d&rsquo;appareils \u00e0 conduction osseuse (BCD), ce qui en fait un choix id\u00e9al pour les personnes \u00e9quip\u00e9es de diverses aides auditives.<\/p>\n<h3><strong>Comment fonctionne le Roger Select Grey ?<\/strong><\/h3>\n<p>Le <strong>Roger Select<\/strong> utilise plusieurs microphones int\u00e9gr\u00e9s qui captent la parole dans six directions diff\u00e9rentes. Lorsqu&rsquo;il est plac\u00e9 au centre d&rsquo;une table, il d\u00e9tecte automatiquement qui parle et passe au locuteur suivant, sans que vous ayez \u00e0 faire quoi que ce soit. Il est ainsi possible de participer \u00e0 des conversations de groupe sans devoir passer manuellement d&rsquo;un locuteur \u00e0 l&rsquo;autre.  <\/p>\n<p>Dans les environnements o\u00f9 il y a plusieurs appels, le <strong>Phonak Roger Select<\/strong> vous permet de prendre le contr\u00f4le. D&rsquo;une simple pression sur un bouton, vous pouvez s\u00e9lectionner la personne ou la conversation sur laquelle vous voulez vous concentrer. Cet appareil est donc id\u00e9al pour les \u00e9v\u00e9nements sociaux ou les r\u00e9unions o\u00f9 vous souhaitez vous concentrer sur des conversations sp\u00e9cifiques.  <\/p>\n<h3><strong>Avantages du Phonak Roger Select Grey<\/strong><\/h3>\n<p>Le <strong>Roger Select Grey<\/strong> offre de nombreux avantages aux porteurs d&rsquo;aides auditives. Voici les principales raisons pour lesquelles cet appareil est un compl\u00e9ment pr\u00e9cieux \u00e0 votre aide auditive : <\/p>\n<ul>\n<li><strong>Excellente intelligibilit\u00e9 de la parole :<\/strong> gr\u00e2ce \u00e0 la technologie MultiBeam, vous pouvez comprendre jusqu&rsquo;\u00e0 61 % de mieux dans les conversations de groupe avec bruit de fond que lorsque vous utilisez une aide auditive seule.<\/li>\n<li><strong>Couverture \u00e0 360\u00b0 :<\/strong> Le Roger Select capte la parole dans toutes les directions, de sorte que vous ne manquerez aucun mot, quel que soit l&rsquo;endroit o\u00f9 se trouve l&rsquo;orateur.<\/li>\n<li><strong>S\u00e9lection manuelle des appels :<\/strong> choisissez la personne sur laquelle vous voulez vous concentrer en cas d&rsquo;appels multiples, d&rsquo;une simple pression sur un bouton.<\/li>\n<li><strong>Utilisation polyvalente :<\/strong> attachez l&rsquo;appareil aux v\u00eatements d&rsquo;un orateur ou suspendez-le autour du cou pour les appels personnels, ou placez-le au milieu d&rsquo;une table pour les discussions de groupe.<\/li>\n<\/ul>\n<h3><strong>Fonctionnalit\u00e9 sans fil<\/strong><\/h3>\n<p>En plus de l&rsquo;intelligibilit\u00e9 de la parole, le <strong>Phonak Roger Select Grey<\/strong> offre une fonctionnalit\u00e9 sans fil gr\u00e2ce au Bluetooth\u00ae large bande. Cela permet de passer des appels t\u00e9l\u00e9phoniques sans fil avec une qualit\u00e9 sonore \u00e9lev\u00e9e. De plus, vous pouvez connecter l&rsquo;appareil \u00e0 d&rsquo;autres appareils multim\u00e9dias, tels que t\u00e9l\u00e9viseurs, lecteurs de musique, ordinateurs et tablettes, pour une meilleure exp\u00e9rience d&rsquo;\u00e9coute, que vous parliez au t\u00e9l\u00e9phone, regardiez la t\u00e9l\u00e9vision ou \u00e9coutiez de la musique.  <\/p>\n<h3><strong>Compatibilit\u00e9 avec les aides auditives Phonak<\/strong><\/h3>\n<p>Le <strong>Roger Select Grey<\/strong> est compatible avec plusieurs aides auditives Phonak et peut \u00eatre connect\u00e9 directement sans avoir besoin d&rsquo;un r\u00e9cepteur FM. Cela rend l&rsquo;appareil facile \u00e0 utiliser et vous permet de profiter imm\u00e9diatement d&rsquo;un son am\u00e9lior\u00e9 sans avoir \u00e0 vous soucier d&rsquo;un \u00e9quipement suppl\u00e9mentaire. Voici quelques-unes des aides auditives Phonak avec lesquelles le Roger Select est compatible :  <\/p>\n<ul>\n<li>Phonak Aud\u00e9o Paradise P90-R (rechargeable)<\/li>\n<li>Phonak Aud\u00e9o Marvel M90-R (rechargeable)<\/li>\n<li>Phonak Naida B70 RIC (rechargeable)<\/li>\n<li>Phonak Aud\u00e9o Marvel M70-RT (rechargeable)<\/li>\n<\/ul>\n<p>Cette large compatibilit\u00e9 fait du <strong>Roger Select Grey<\/strong> un excellent choix pour tous ceux qui cherchent \u00e0 am\u00e9liorer leur exp\u00e9rience d&rsquo;\u00e9coute.<\/p>\n<h3><strong>Technologie MultiBeam : performances accrues<\/strong><\/h3>\n<p>La <strong>technologie<\/strong> unique <strong>MultiBeam<\/strong> du <strong>Phonak Roger Select Grey<\/strong> garantit des performances optimales dans les environnements bruyants. En captant la parole de tous les c\u00f4t\u00e9s, vous b\u00e9n\u00e9ficiez d&rsquo;une exp\u00e9rience d&rsquo;\u00e9coute compl\u00e8te o\u00f9 vous ne manquez pas un mot. Ceci est particuli\u00e8rement utile dans des situations telles que les r\u00e9unions d&rsquo;affaires, les d\u00eeners ou les r\u00e9unions de famille, o\u00f9 plusieurs personnes parlent et o\u00f9 vous voulez vous concentrer sur ce que tout le monde a \u00e0 dire.  <\/p>\n<h3><strong>Flexibilit\u00e9 et facilit\u00e9 d&rsquo;utilisation<\/strong><\/h3>\n<p>Le <strong>Roger Select Grey<\/strong> offre bien plus qu&rsquo;une simple intelligibilit\u00e9 de la parole. Gr\u00e2ce \u00e0 ses options de conception polyvalentes, il peut \u00eatre utilis\u00e9 de diff\u00e9rentes mani\u00e8res. Accrochez-le autour du cou de l&rsquo;orateur pour capturer les conversations importantes, ou placez-le au milieu d&rsquo;une table pour des conversations de groupe optimales. De plus, il est compact et portable, ce qui vous permet de l&#8217;emporter partout.   <\/p>\n<p>Avec le <strong>Roger Select<\/strong>, vous n&rsquo;avez pas \u00e0 vous soucier de r\u00e9glages complexes ou de commandes difficiles. L&rsquo;appareil est facile \u00e0 utiliser et offre des transitions transparentes entre les diff\u00e9rents haut-parleurs, sans n\u00e9cessiter d&rsquo;intervention manuelle. <\/p>\n<h3><strong>Les avantages du Phonak Roger Select Grey en bref<\/strong><\/h3>\n<ul>\n<li><strong>Excellente compr\u00e9hension de la parole dans les environnements bruyants<\/strong><\/li>\n<li><strong>Technologie MultiBeam pour une couverture \u00e0 360<\/strong><\/li>\n<li><strong>S\u00e9lection manuelle d&rsquo;un appel \u00e0 l&rsquo;aide d&rsquo;une touche<\/strong><\/li>\n<li><strong>Appels t\u00e9l\u00e9phoniques sans fil et connexion multim\u00e9dia via Bluetooth\u00ae.<\/strong><\/li>\n<li><strong>Compatible avec diverses aides auditives Phonak sans r\u00e9cepteur FM<\/strong><\/li>\n<li><strong>Utilisation flexible, id\u00e9ale pour les appels personnels et de groupe<\/strong><\/li>\n<\/ul>\n<h3><strong>Conclusion<\/strong><\/h3>\n<p>Le <strong>Phonak Roger Select Grey<\/strong> est un microphone polyvalent et portable qui constitue un excellent compl\u00e9ment \u00e0 votre aide auditive. Avec une meilleure intelligibilit\u00e9 de la parole dans les environnements bruyants, la technologie MultiBeam et la possibilit\u00e9 de passer des appels sans fil et de diffuser des contenus multim\u00e9dias, le <strong>Roger Select<\/strong> vous permet de rester connect\u00e9 \u00e0 votre environnement, o\u00f9 que vous soyez. Gr\u00e2ce \u00e0 sa facilit\u00e9 d&rsquo;utilisation et \u00e0 sa compatibilit\u00e9 \u00e9tendue avec les aides auditives Phonak, cet appareil est indispensable pour tous ceux qui cherchent \u00e0 am\u00e9liorer leurs performances auditives.  <\/p>\n","protected":false},"excerpt":{"rendered":"<p>Phonak Roger Select Grey - Clart\u00e9 d&rsquo;appel et flexibilit\u00e9 optimales Le Phonak Roger Select Grey est un microphone portable avanc\u00e9, con\u00e7u sp\u00e9cifiquement pour optimiser les performances de vos aides auditives, en particulier dans les environnements bruyants et pendant les conversations de groupe. Gr\u00e2ce \u00e0 sa technologie Roger innovante et \u00e0 ses applications polyvalentes, le Roger &hellip; <\/p>\n","protected":false},"featured_media":191039,"template":"","meta":{"_acf_changed":false},"product_brand":[],"product_cat":[14176,14164,14185],"product_tag":[14117],"class_list":["post-191034","product","type-product","status-publish","has-post-thumbnail","product_cat-accessoires-pour-microphones","product_cat-amplificateurs-auditifs","product_cat-electronique","product_tag-phonak-fr","grid-sizer","latest_post","first","outofstock","taxable","shipping-taxable","purchasable","product-type-simple"],"acf":[],"yoast_head":"<!-- This site is optimized with the Yoast SEO Premium plugin v27.4 (Yoast SEO v28.3) - https:\/\/yoast.com\/product\/yoast-seo-premium-wordpress\/ -->\n<title>Phonak Roger Select gris | Horend Goed Audiciens<\/title>\n<meta name=\"robots\" content=\"index, follow, max-snippet:-1, max-image-preview:large, max-video-preview:-1\" \/>\n<link rel=\"canonical\" href=\"https:\/\/www.horendgoed.nl\/fr\/shop\/aides-pour-les-malentendants\/amplificateurs-auditifs\/phonak-roger-select-gris\/\" \/>\n<meta property=\"og:locale\" content=\"fr_FR\" \/>\n<meta property=\"og:type\" content=\"article\" \/>\n<meta property=\"og:title\" content=\"Phonak Roger Select gris\" \/>\n<meta property=\"og:description\" content=\"Phonak Roger Select Grey - Clart\u00e9 d&rsquo;appel et flexibilit\u00e9 optimales Le Phonak Roger Select Grey est un microphone portable avanc\u00e9, con\u00e7u sp\u00e9cifiquement pour optimiser les performances de vos aides auditives, en particulier dans les environnements bruyants et pendant les conversations de groupe. Gr\u00e2ce \u00e0 sa technologie Roger innovante et \u00e0 ses applications polyvalentes, le Roger &hellip;\" \/>\n<meta property=\"og:url\" content=\"https:\/\/www.horendgoed.nl\/fr\/shop\/aides-pour-les-malentendants\/amplificateurs-auditifs\/phonak-roger-select-gris\/\" \/>\n<meta property=\"og:site_name\" content=\"Horend Goed Audiciens\" \/>\n<meta property=\"article:publisher\" content=\"https:\/\/www.facebook.com\/horendgoed\" \/>\n<meta property=\"article:modified_time\" content=\"2025-07-03T14:31:56+00:00\" \/>\n<meta property=\"og:image\" content=\"https:\/\/www.horendgoed.nl\/wp-content\/uploads\/2023\/05\/ef1c-3b8c-43ef-899d-17536e4e28eb-photoroom.jpg\" \/>\n\t<meta property=\"og:image:width\" content=\"2000\" \/>\n\t<meta property=\"og:image:height\" content=\"2000\" \/>\n\t<meta property=\"og:image:type\" content=\"image\/jpeg\" \/>\n<script type=\"application\/ld+json\" class=\"yoast-schema-graph\">{\"@context\":\"https:\\\/\\\/schema.org\",\"@graph\":[{\"@type\":\"WebPage\",\"@id\":\"https:\\\/\\\/www.horendgoed.nl\\\/fr\\\/shop\\\/aides-pour-les-malentendants\\\/amplificateurs-auditifs\\\/phonak-roger-select-gris\\\/\",\"url\":\"https:\\\/\\\/www.horendgoed.nl\\\/fr\\\/shop\\\/aides-pour-les-malentendants\\\/amplificateurs-auditifs\\\/phonak-roger-select-gris\\\/\",\"name\":\"Phonak Roger Select gris | Horend Goed Audiciens\",\"isPartOf\":{\"@id\":\"https:\\\/\\\/www.horendgoed.nl\\\/fr\\\/#website\"},\"primaryImageOfPage\":{\"@id\":\"https:\\\/\\\/www.horendgoed.nl\\\/fr\\\/shop\\\/aides-pour-les-malentendants\\\/amplificateurs-auditifs\\\/phonak-roger-select-gris\\\/#primaryimage\"},\"image\":{\"@id\":\"https:\\\/\\\/www.horendgoed.nl\\\/fr\\\/shop\\\/aides-pour-les-malentendants\\\/amplificateurs-auditifs\\\/phonak-roger-select-gris\\\/#primaryimage\"},\"thumbnailUrl\":\"https:\\\/\\\/www.horendgoed.nl\\\/wp-content\\\/uploads\\\/2023\\\/05\\\/ef1c-3b8c-43ef-899d-17536e4e28eb-photoroom.jpg\",\"datePublished\":\"2023-05-25T09:22:03+00:00\",\"dateModified\":\"2025-07-03T14:31:56+00:00\",\"breadcrumb\":{\"@id\":\"https:\\\/\\\/www.horendgoed.nl\\\/fr\\\/shop\\\/aides-pour-les-malentendants\\\/amplificateurs-auditifs\\\/phonak-roger-select-gris\\\/#breadcrumb\"},\"inLanguage\":\"fr-FR\",\"potentialAction\":[{\"@type\":\"ReadAction\",\"target\":[\"https:\\\/\\\/www.horendgoed.nl\\\/fr\\\/shop\\\/aides-pour-les-malentendants\\\/amplificateurs-auditifs\\\/phonak-roger-select-gris\\\/\"]}]},{\"@type\":\"ImageObject\",\"inLanguage\":\"fr-FR\",\"@id\":\"https:\\\/\\\/www.horendgoed.nl\\\/fr\\\/shop\\\/aides-pour-les-malentendants\\\/amplificateurs-auditifs\\\/phonak-roger-select-gris\\\/#primaryimage\",\"url\":\"https:\\\/\\\/www.horendgoed.nl\\\/wp-content\\\/uploads\\\/2023\\\/05\\\/ef1c-3b8c-43ef-899d-17536e4e28eb-photoroom.jpg\",\"contentUrl\":\"https:\\\/\\\/www.horendgoed.nl\\\/wp-content\\\/uploads\\\/2023\\\/05\\\/ef1c-3b8c-43ef-899d-17536e4e28eb-photoroom.jpg\",\"width\":2000,\"height\":2000},{\"@type\":\"BreadcrumbList\",\"@id\":\"https:\\\/\\\/www.horendgoed.nl\\\/fr\\\/shop\\\/aides-pour-les-malentendants\\\/amplificateurs-auditifs\\\/phonak-roger-select-gris\\\/#breadcrumb\",\"itemListElement\":[{\"@type\":\"ListItem\",\"position\":1,\"name\":\"Accueil\",\"item\":\"https:\\\/\\\/www.horendgoed.nl\\\/fr\\\/\"},{\"@type\":\"ListItem\",\"position\":2,\"name\":\"Produits\",\"item\":\"https:\\\/\\\/www.horendgoed.nl\\\/fr\\\/boutique\\\/produits\\\/\"},{\"@type\":\"ListItem\",\"position\":3,\"name\":\"Phonak Roger Select gris\"}]},{\"@type\":\"WebSite\",\"@id\":\"https:\\\/\\\/www.horendgoed.nl\\\/fr\\\/#website\",\"url\":\"https:\\\/\\\/www.horendgoed.nl\\\/fr\\\/\",\"name\":\"Horend Goed Audiciens\",\"description\":\"Luistert Beter\",\"publisher\":{\"@id\":\"https:\\\/\\\/www.horendgoed.nl\\\/fr\\\/#organization\"},\"potentialAction\":[{\"@type\":\"SearchAction\",\"target\":{\"@type\":\"EntryPoint\",\"urlTemplate\":\"https:\\\/\\\/www.horendgoed.nl\\\/fr\\\/?s={search_term_string}\"},\"query-input\":{\"@type\":\"PropertyValueSpecification\",\"valueRequired\":true,\"valueName\":\"search_term_string\"}}],\"inLanguage\":\"fr-FR\"},{\"@type\":\"Organization\",\"@id\":\"https:\\\/\\\/www.horendgoed.nl\\\/fr\\\/#organization\",\"name\":\"Horend Goed\",\"url\":\"https:\\\/\\\/www.horendgoed.nl\\\/fr\\\/\",\"logo\":{\"@type\":\"ImageObject\",\"inLanguage\":\"fr-FR\",\"@id\":\"https:\\\/\\\/www.horendgoed.nl\\\/fr\\\/#\\\/schema\\\/logo\\\/image\\\/\",\"url\":\"https:\\\/\\\/www.horendgoed.nl\\\/wp-content\\\/uploads\\\/2021\\\/05\\\/Logo-groot-e1621862526979.png\",\"contentUrl\":\"https:\\\/\\\/www.horendgoed.nl\\\/wp-content\\\/uploads\\\/2021\\\/05\\\/Logo-groot-e1621862526979.png\",\"width\":509,\"height\":100,\"caption\":\"Horend Goed\"},\"image\":{\"@id\":\"https:\\\/\\\/www.horendgoed.nl\\\/fr\\\/#\\\/schema\\\/logo\\\/image\\\/\"},\"sameAs\":[\"https:\\\/\\\/www.facebook.com\\\/horendgoed\",\"https:\\\/\\\/www.instagram.com\\\/horendgoed\\\/\",\"https:\\\/\\\/www.linkedin.com\\\/company\\\/horend-goed\\\/\",\"https:\\\/\\\/www.youtube.com\\\/@horendgoed\"],\"email\":\"info@horendgoed.nl\",\"telephone\":\"075 20 25 203\",\"vatID\":\"NL 853 756 193 B01\"}]}<\/script>\n<!-- \/ Yoast SEO Premium plugin. -->","yoast_head_json":{"title":"Phonak Roger Select gris | Horend Goed Audiciens","robots":{"index":"index","follow":"follow","max-snippet":"max-snippet:-1","max-image-preview":"max-image-preview:large","max-video-preview":"max-video-preview:-1"},"canonical":"https:\/\/www.horendgoed.nl\/fr\/shop\/aides-pour-les-malentendants\/amplificateurs-auditifs\/phonak-roger-select-gris\/","og_locale":"fr_FR","og_type":"article","og_title":"Phonak Roger Select gris","og_description":"Phonak Roger Select Grey - Clart\u00e9 d&rsquo;appel et flexibilit\u00e9 optimales Le Phonak Roger Select Grey est un microphone portable avanc\u00e9, con\u00e7u sp\u00e9cifiquement pour optimiser les performances de vos aides auditives, en particulier dans les environnements bruyants et pendant les conversations de groupe. Gr\u00e2ce \u00e0 sa technologie Roger innovante et \u00e0 ses applications polyvalentes, le Roger &hellip;","og_url":"https:\/\/www.horendgoed.nl\/fr\/shop\/aides-pour-les-malentendants\/amplificateurs-auditifs\/phonak-roger-select-gris\/","og_site_name":"Horend Goed Audiciens","article_publisher":"https:\/\/www.facebook.com\/horendgoed","article_modified_time":"2025-07-03T14:31:56+00:00","og_image":[{"width":2000,"height":2000,"url":"https:\/\/www.horendgoed.nl\/wp-content\/uploads\/2023\/05\/ef1c-3b8c-43ef-899d-17536e4e28eb-photoroom.jpg","type":"image\/jpeg"}],"schema":{"@context":"https:\/\/schema.org","@graph":[{"@type":"WebPage","@id":"https:\/\/www.horendgoed.nl\/fr\/shop\/aides-pour-les-malentendants\/amplificateurs-auditifs\/phonak-roger-select-gris\/","url":"https:\/\/www.horendgoed.nl\/fr\/shop\/aides-pour-les-malentendants\/amplificateurs-auditifs\/phonak-roger-select-gris\/","name":"Phonak Roger Select gris | Horend Goed Audiciens","isPartOf":{"@id":"https:\/\/www.horendgoed.nl\/fr\/#website"},"primaryImageOfPage":{"@id":"https:\/\/www.horendgoed.nl\/fr\/shop\/aides-pour-les-malentendants\/amplificateurs-auditifs\/phonak-roger-select-gris\/#primaryimage"},"image":{"@id":"https:\/\/www.horendgoed.nl\/fr\/shop\/aides-pour-les-malentendants\/amplificateurs-auditifs\/phonak-roger-select-gris\/#primaryimage"},"thumbnailUrl":"https:\/\/www.horendgoed.nl\/wp-content\/uploads\/2023\/05\/ef1c-3b8c-43ef-899d-17536e4e28eb-photoroom.jpg","datePublished":"2023-05-25T09:22:03+00:00","dateModified":"2025-07-03T14:31:56+00:00","breadcrumb":{"@id":"https:\/\/www.horendgoed.nl\/fr\/shop\/aides-pour-les-malentendants\/amplificateurs-auditifs\/phonak-roger-select-gris\/#breadcrumb"},"inLanguage":"fr-FR","potentialAction":[{"@type":"ReadAction","target":["https:\/\/www.horendgoed.nl\/fr\/shop\/aides-pour-les-malentendants\/amplificateurs-auditifs\/phonak-roger-select-gris\/"]}]},{"@type":"ImageObject","inLanguage":"fr-FR","@id":"https:\/\/www.horendgoed.nl\/fr\/shop\/aides-pour-les-malentendants\/amplificateurs-auditifs\/phonak-roger-select-gris\/#primaryimage","url":"https:\/\/www.horendgoed.nl\/wp-content\/uploads\/2023\/05\/ef1c-3b8c-43ef-899d-17536e4e28eb-photoroom.jpg","contentUrl":"https:\/\/www.horendgoed.nl\/wp-content\/uploads\/2023\/05\/ef1c-3b8c-43ef-899d-17536e4e28eb-photoroom.jpg","width":2000,"height":2000},{"@type":"BreadcrumbList","@id":"https:\/\/www.horendgoed.nl\/fr\/shop\/aides-pour-les-malentendants\/amplificateurs-auditifs\/phonak-roger-select-gris\/#breadcrumb","itemListElement":[{"@type":"ListItem","position":1,"name":"Accueil","item":"https:\/\/www.horendgoed.nl\/fr\/"},{"@type":"ListItem","position":2,"name":"Produits","item":"https:\/\/www.horendgoed.nl\/fr\/boutique\/produits\/"},{"@type":"ListItem","position":3,"name":"Phonak Roger Select gris"}]},{"@type":"WebSite","@id":"https:\/\/www.horendgoed.nl\/fr\/#website","url":"https:\/\/www.horendgoed.nl\/fr\/","name":"Horend Goed Audiciens","description":"Luistert Beter","publisher":{"@id":"https:\/\/www.horendgoed.nl\/fr\/#organization"},"potentialAction":[{"@type":"SearchAction","target":{"@type":"EntryPoint","urlTemplate":"https:\/\/www.horendgoed.nl\/fr\/?s={search_term_string}"},"query-input":{"@type":"PropertyValueSpecification","valueRequired":true,"valueName":"search_term_string"}}],"inLanguage":"fr-FR"},{"@type":"Organization","@id":"https:\/\/www.horendgoed.nl\/fr\/#organization","name":"Horend Goed","url":"https:\/\/www.horendgoed.nl\/fr\/","logo":{"@type":"ImageObject","inLanguage":"fr-FR","@id":"https:\/\/www.horendgoed.nl\/fr\/#\/schema\/logo\/image\/","url":"https:\/\/www.horendgoed.nl\/wp-content\/uploads\/2021\/05\/Logo-groot-e1621862526979.png","contentUrl":"https:\/\/www.horendgoed.nl\/wp-content\/uploads\/2021\/05\/Logo-groot-e1621862526979.png","width":509,"height":100,"caption":"Horend Goed"},"image":{"@id":"https:\/\/www.horendgoed.nl\/fr\/#\/schema\/logo\/image\/"},"sameAs":["https:\/\/www.facebook.com\/horendgoed","https:\/\/www.instagram.com\/horendgoed\/","https:\/\/www.linkedin.com\/company\/horend-goed\/","https:\/\/www.youtube.com\/@horendgoed"],"email":"info@horendgoed.nl","telephone":"075 20 25 203","vatID":"NL 853 756 193 B01"}]}},"jetpack_sharing_enabled":true,"_links":{"self":[{"href":"https:\/\/www.horendgoed.nl\/fr\/wp-json\/wp\/v2\/product\/191034","targetHints":{"allow":["GET"]}}],"collection":[{"href":"https:\/\/www.horendgoed.nl\/fr\/wp-json\/wp\/v2\/product"}],"about":[{"href":"https:\/\/www.horendgoed.nl\/fr\/wp-json\/wp\/v2\/types\/product"}],"wp:featuredmedia":[{"embeddable":true,"href":"https:\/\/www.horendgoed.nl\/fr\/wp-json\/wp\/v2\/media\/191039"}],"wp:attachment":[{"href":"https:\/\/www.horendgoed.nl\/fr\/wp-json\/wp\/v2\/media?parent=191034"}],"wp:term":[{"taxonomy":"product_brand","embeddable":true,"href":"https:\/\/www.horendgoed.nl\/fr\/wp-json\/wp\/v2\/product_brand?post=191034"},{"taxonomy":"product_cat","embeddable":true,"href":"https:\/\/www.horendgoed.nl\/fr\/wp-json\/wp\/v2\/product_cat?post=191034"},{"taxonomy":"product_tag","embeddable":true,"href":"https:\/\/www.horendgoed.nl\/fr\/wp-json\/wp\/v2\/product_tag?post=191034"}],"curies":[{"name":"wp","href":"https:\/\/api.w.org\/{rel}","templated":true}]}}