{"id":191241,"date":"2023-05-10T11:47:23","date_gmt":"2023-05-10T09:47:23","guid":{"rendered":"https:\/\/www.horendgoed.nl\/shop\/non%20class\u00e9\/protege-oreilles-alecto-baby-bv-72\/"},"modified":"2025-10-31T17:35:11","modified_gmt":"2025-10-31T16:35:11","slug":"protege-oreilles-alecto-baby-bv-72","status":"publish","type":"product","link":"https:\/\/www.horendgoed.nl\/fr\/shop\/protection-auditive\/protecteurs-auditifs-pour-enfants\/protege-oreilles-alecto-baby-bv-72\/","title":{"rendered":"Prot\u00e8ge-oreilles Alecto baby BV-72"},"content":{"rendered":"<p><strong>Alecto BV-72 <\/strong><strong>prot\u00e8ge-oreilles pour b\u00e9b\u00e9s et enfants en bas \u00e2ge<\/strong><\/p>\n<p>Les b\u00e9b\u00e9s sont trop souvent expos\u00e9s \u00e0 des bruits trop forts et trop nombreux, ce qui endommage l&rsquo;audition plus rapidement qu&rsquo;on ne le pense. Le bruit peut \u00e9galement surstimuler les b\u00e9b\u00e9s et leur causer, entre autres, des probl\u00e8mes de sommeil. L&rsquo;ou\u00efe pr\u00e9cieuse d&rsquo;un b\u00e9b\u00e9\/tout-petit peut \u00eatre prot\u00e9g\u00e9e par les confortables coquilles antibruit d&rsquo;Alecto.<\/p>\n<p><strong>Propri\u00e9t\u00e9s<\/strong><\/p>\n<ul>\n<li>Att\u00e9nuation maximale des bruits nocifs et forts jusqu&rsquo;\u00e0 26 dB<\/li>\n<li>Les prot\u00e8ge-oreilles n&rsquo;isolent pas le b\u00e9b\u00e9\/le jeune enfant du bruit ambiant.<\/li>\n<li>Le bandeau \u00e9lastique r\u00e9glable \u00e9vite la pression sur les t\u00eates fragiles<\/li>\n<li>Tr\u00e8s l\u00e9ger et confortable, 126 grammes<\/li>\n<li>Confort de port gr\u00e2ce \u00e0 des oreillettes souples et l\u00e9g\u00e8res<\/li>\n<li>Adaptation universelle gr\u00e2ce \u00e0 un bandeau \u00e9lastique r\u00e9glable en deux tailles<\/li>\n<li>Les sangles de t\u00eate sont lavables et tr\u00e8s faciles \u00e0 changer ou \u00e0 ajuster.<\/li>\n<li>La protection auditive Alecto BV-72 est certifi\u00e9e CE.<\/li>\n<\/ul>\n","protected":false},"excerpt":{"rendered":"<p>Alecto BV-72 prot\u00e8ge-oreilles pour b\u00e9b\u00e9s et enfants en bas \u00e2ge Les b\u00e9b\u00e9s sont trop souvent expos\u00e9s \u00e0 des bruits trop forts et trop nombreux, ce qui endommage l&rsquo;audition plus rapidement qu&rsquo;on ne le pense. Le bruit peut \u00e9galement surstimuler les b\u00e9b\u00e9s et leur causer, entre autres, des probl\u00e8mes de sommeil. L&rsquo;ou\u00efe pr\u00e9cieuse d&rsquo;un b\u00e9b\u00e9\/tout-petit peut &hellip; <\/p>\n","protected":false},"featured_media":191242,"template":"","meta":{"_acf_changed":false},"product_brand":[],"product_cat":[14201,14091,14202,14135],"product_tag":[],"class_list":["post-191241","product","type-product","status-publish","has-post-thumbnail","product_cat-protecteurs-auditifs-pour-enfants","product_cat-protection-auditive","product_cat-protege-oreilles","product_cat-vente","grid-sizer","latest_post","first","outofstock","sale","taxable","shipping-taxable","purchasable","product-type-simple"],"acf":[],"yoast_head":"<!-- This site is optimized with the Yoast SEO Premium plugin v27.4 (Yoast SEO v28.3) - https:\/\/yoast.com\/product\/yoast-seo-premium-wordpress\/ -->\n<title>Prot\u00e8ge-oreilles Alecto baby BV-72 | Horend Goed Audiciens<\/title>\n<meta name=\"robots\" content=\"index, follow, max-snippet:-1, max-image-preview:large, max-video-preview:-1\" \/>\n<link rel=\"canonical\" href=\"https:\/\/www.horendgoed.nl\/fr\/shop\/protection-auditive\/protecteurs-auditifs-pour-enfants\/protege-oreilles-alecto-baby-bv-72\/\" \/>\n<meta property=\"og:locale\" content=\"fr_FR\" \/>\n<meta property=\"og:type\" content=\"article\" \/>\n<meta property=\"og:title\" content=\"Prot\u00e8ge-oreilles Alecto baby BV-72\" \/>\n<meta property=\"og:description\" content=\"Alecto BV-72 prot\u00e8ge-oreilles pour b\u00e9b\u00e9s et enfants en bas \u00e2ge Les b\u00e9b\u00e9s sont trop souvent expos\u00e9s \u00e0 des bruits trop forts et trop nombreux, ce qui endommage l&rsquo;audition plus rapidement qu&rsquo;on ne le pense. Le bruit peut \u00e9galement surstimuler les b\u00e9b\u00e9s et leur causer, entre autres, des probl\u00e8mes de sommeil. L&rsquo;ou\u00efe pr\u00e9cieuse d&rsquo;un b\u00e9b\u00e9\/tout-petit peut &hellip;\" \/>\n<meta property=\"og:url\" content=\"https:\/\/www.horendgoed.nl\/fr\/shop\/protection-auditive\/protecteurs-auditifs-pour-enfants\/protege-oreilles-alecto-baby-bv-72\/\" \/>\n<meta property=\"og:site_name\" content=\"Horend Goed Audiciens\" \/>\n<meta property=\"article:publisher\" content=\"https:\/\/www.facebook.com\/horendgoed\" \/>\n<meta property=\"article:modified_time\" content=\"2025-10-31T16:35:11+00:00\" \/>\n<meta property=\"og:image\" content=\"https:\/\/www.horendgoed.nl\/wp-content\/uploads\/2023\/05\/08d1-2958-4492-878d-d5e61bf220ca.png\" \/>\n\t<meta property=\"og:image:width\" content=\"1200\" \/>\n\t<meta property=\"og:image:height\" content=\"1200\" \/>\n\t<meta property=\"og:image:type\" content=\"image\/png\" \/>\n<script type=\"application\/ld+json\" class=\"yoast-schema-graph\">{\"@context\":\"https:\\\/\\\/schema.org\",\"@graph\":[{\"@type\":\"WebPage\",\"@id\":\"https:\\\/\\\/www.horendgoed.nl\\\/fr\\\/shop\\\/protection-auditive\\\/protecteurs-auditifs-pour-enfants\\\/protege-oreilles-alecto-baby-bv-72\\\/\",\"url\":\"https:\\\/\\\/www.horendgoed.nl\\\/fr\\\/shop\\\/protection-auditive\\\/protecteurs-auditifs-pour-enfants\\\/protege-oreilles-alecto-baby-bv-72\\\/\",\"name\":\"Prot\u00e8ge-oreilles Alecto baby BV-72 | Horend Goed Audiciens\",\"isPartOf\":{\"@id\":\"https:\\\/\\\/www.horendgoed.nl\\\/fr\\\/#website\"},\"primaryImageOfPage\":{\"@id\":\"https:\\\/\\\/www.horendgoed.nl\\\/fr\\\/shop\\\/protection-auditive\\\/protecteurs-auditifs-pour-enfants\\\/protege-oreilles-alecto-baby-bv-72\\\/#primaryimage\"},\"image\":{\"@id\":\"https:\\\/\\\/www.horendgoed.nl\\\/fr\\\/shop\\\/protection-auditive\\\/protecteurs-auditifs-pour-enfants\\\/protege-oreilles-alecto-baby-bv-72\\\/#primaryimage\"},\"thumbnailUrl\":\"https:\\\/\\\/www.horendgoed.nl\\\/wp-content\\\/uploads\\\/2023\\\/05\\\/08d1-2958-4492-878d-d5e61bf220ca.png\",\"datePublished\":\"2023-05-10T09:47:23+00:00\",\"dateModified\":\"2025-10-31T16:35:11+00:00\",\"breadcrumb\":{\"@id\":\"https:\\\/\\\/www.horendgoed.nl\\\/fr\\\/shop\\\/protection-auditive\\\/protecteurs-auditifs-pour-enfants\\\/protege-oreilles-alecto-baby-bv-72\\\/#breadcrumb\"},\"inLanguage\":\"fr-FR\",\"potentialAction\":[{\"@type\":\"ReadAction\",\"target\":[\"https:\\\/\\\/www.horendgoed.nl\\\/fr\\\/shop\\\/protection-auditive\\\/protecteurs-auditifs-pour-enfants\\\/protege-oreilles-alecto-baby-bv-72\\\/\"]}]},{\"@type\":\"ImageObject\",\"inLanguage\":\"fr-FR\",\"@id\":\"https:\\\/\\\/www.horendgoed.nl\\\/fr\\\/shop\\\/protection-auditive\\\/protecteurs-auditifs-pour-enfants\\\/protege-oreilles-alecto-baby-bv-72\\\/#primaryimage\",\"url\":\"https:\\\/\\\/www.horendgoed.nl\\\/wp-content\\\/uploads\\\/2023\\\/05\\\/08d1-2958-4492-878d-d5e61bf220ca.png\",\"contentUrl\":\"https:\\\/\\\/www.horendgoed.nl\\\/wp-content\\\/uploads\\\/2023\\\/05\\\/08d1-2958-4492-878d-d5e61bf220ca.png\",\"width\":1200,\"height\":1200},{\"@type\":\"BreadcrumbList\",\"@id\":\"https:\\\/\\\/www.horendgoed.nl\\\/fr\\\/shop\\\/protection-auditive\\\/protecteurs-auditifs-pour-enfants\\\/protege-oreilles-alecto-baby-bv-72\\\/#breadcrumb\",\"itemListElement\":[{\"@type\":\"ListItem\",\"position\":1,\"name\":\"Accueil\",\"item\":\"https:\\\/\\\/www.horendgoed.nl\\\/fr\\\/\"},{\"@type\":\"ListItem\",\"position\":2,\"name\":\"Produits\",\"item\":\"https:\\\/\\\/www.horendgoed.nl\\\/fr\\\/boutique\\\/produits\\\/\"},{\"@type\":\"ListItem\",\"position\":3,\"name\":\"Prot\u00e8ge-oreilles Alecto baby BV-72\"}]},{\"@type\":\"WebSite\",\"@id\":\"https:\\\/\\\/www.horendgoed.nl\\\/fr\\\/#website\",\"url\":\"https:\\\/\\\/www.horendgoed.nl\\\/fr\\\/\",\"name\":\"Horend Goed Audiciens\",\"description\":\"Luistert Beter\",\"publisher\":{\"@id\":\"https:\\\/\\\/www.horendgoed.nl\\\/fr\\\/#organization\"},\"potentialAction\":[{\"@type\":\"SearchAction\",\"target\":{\"@type\":\"EntryPoint\",\"urlTemplate\":\"https:\\\/\\\/www.horendgoed.nl\\\/fr\\\/?s={search_term_string}\"},\"query-input\":{\"@type\":\"PropertyValueSpecification\",\"valueRequired\":true,\"valueName\":\"search_term_string\"}}],\"inLanguage\":\"fr-FR\"},{\"@type\":\"Organization\",\"@id\":\"https:\\\/\\\/www.horendgoed.nl\\\/fr\\\/#organization\",\"name\":\"Horend Goed\",\"url\":\"https:\\\/\\\/www.horendgoed.nl\\\/fr\\\/\",\"logo\":{\"@type\":\"ImageObject\",\"inLanguage\":\"fr-FR\",\"@id\":\"https:\\\/\\\/www.horendgoed.nl\\\/fr\\\/#\\\/schema\\\/logo\\\/image\\\/\",\"url\":\"https:\\\/\\\/www.horendgoed.nl\\\/wp-content\\\/uploads\\\/2021\\\/05\\\/Logo-groot-e1621862526979.png\",\"contentUrl\":\"https:\\\/\\\/www.horendgoed.nl\\\/wp-content\\\/uploads\\\/2021\\\/05\\\/Logo-groot-e1621862526979.png\",\"width\":509,\"height\":100,\"caption\":\"Horend Goed\"},\"image\":{\"@id\":\"https:\\\/\\\/www.horendgoed.nl\\\/fr\\\/#\\\/schema\\\/logo\\\/image\\\/\"},\"sameAs\":[\"https:\\\/\\\/www.facebook.com\\\/horendgoed\",\"https:\\\/\\\/www.instagram.com\\\/horendgoed\\\/\",\"https:\\\/\\\/www.linkedin.com\\\/company\\\/horend-goed\\\/\",\"https:\\\/\\\/www.youtube.com\\\/@horendgoed\"],\"email\":\"info@horendgoed.nl\",\"telephone\":\"075 20 25 203\",\"vatID\":\"NL 853 756 193 B01\"}]}<\/script>\n<!-- \/ Yoast SEO Premium plugin. -->","yoast_head_json":{"title":"Prot\u00e8ge-oreilles Alecto baby BV-72 | Horend Goed Audiciens","robots":{"index":"index","follow":"follow","max-snippet":"max-snippet:-1","max-image-preview":"max-image-preview:large","max-video-preview":"max-video-preview:-1"},"canonical":"https:\/\/www.horendgoed.nl\/fr\/shop\/protection-auditive\/protecteurs-auditifs-pour-enfants\/protege-oreilles-alecto-baby-bv-72\/","og_locale":"fr_FR","og_type":"article","og_title":"Prot\u00e8ge-oreilles Alecto baby BV-72","og_description":"Alecto BV-72 prot\u00e8ge-oreilles pour b\u00e9b\u00e9s et enfants en bas \u00e2ge Les b\u00e9b\u00e9s sont trop souvent expos\u00e9s \u00e0 des bruits trop forts et trop nombreux, ce qui endommage l&rsquo;audition plus rapidement qu&rsquo;on ne le pense. Le bruit peut \u00e9galement surstimuler les b\u00e9b\u00e9s et leur causer, entre autres, des probl\u00e8mes de sommeil. L&rsquo;ou\u00efe pr\u00e9cieuse d&rsquo;un b\u00e9b\u00e9\/tout-petit peut &hellip;","og_url":"https:\/\/www.horendgoed.nl\/fr\/shop\/protection-auditive\/protecteurs-auditifs-pour-enfants\/protege-oreilles-alecto-baby-bv-72\/","og_site_name":"Horend Goed Audiciens","article_publisher":"https:\/\/www.facebook.com\/horendgoed","article_modified_time":"2025-10-31T16:35:11+00:00","og_image":[{"width":1200,"height":1200,"url":"https:\/\/www.horendgoed.nl\/wp-content\/uploads\/2023\/05\/08d1-2958-4492-878d-d5e61bf220ca.png","type":"image\/png"}],"schema":{"@context":"https:\/\/schema.org","@graph":[{"@type":"WebPage","@id":"https:\/\/www.horendgoed.nl\/fr\/shop\/protection-auditive\/protecteurs-auditifs-pour-enfants\/protege-oreilles-alecto-baby-bv-72\/","url":"https:\/\/www.horendgoed.nl\/fr\/shop\/protection-auditive\/protecteurs-auditifs-pour-enfants\/protege-oreilles-alecto-baby-bv-72\/","name":"Prot\u00e8ge-oreilles Alecto baby BV-72 | Horend Goed Audiciens","isPartOf":{"@id":"https:\/\/www.horendgoed.nl\/fr\/#website"},"primaryImageOfPage":{"@id":"https:\/\/www.horendgoed.nl\/fr\/shop\/protection-auditive\/protecteurs-auditifs-pour-enfants\/protege-oreilles-alecto-baby-bv-72\/#primaryimage"},"image":{"@id":"https:\/\/www.horendgoed.nl\/fr\/shop\/protection-auditive\/protecteurs-auditifs-pour-enfants\/protege-oreilles-alecto-baby-bv-72\/#primaryimage"},"thumbnailUrl":"https:\/\/www.horendgoed.nl\/wp-content\/uploads\/2023\/05\/08d1-2958-4492-878d-d5e61bf220ca.png","datePublished":"2023-05-10T09:47:23+00:00","dateModified":"2025-10-31T16:35:11+00:00","breadcrumb":{"@id":"https:\/\/www.horendgoed.nl\/fr\/shop\/protection-auditive\/protecteurs-auditifs-pour-enfants\/protege-oreilles-alecto-baby-bv-72\/#breadcrumb"},"inLanguage":"fr-FR","potentialAction":[{"@type":"ReadAction","target":["https:\/\/www.horendgoed.nl\/fr\/shop\/protection-auditive\/protecteurs-auditifs-pour-enfants\/protege-oreilles-alecto-baby-bv-72\/"]}]},{"@type":"ImageObject","inLanguage":"fr-FR","@id":"https:\/\/www.horendgoed.nl\/fr\/shop\/protection-auditive\/protecteurs-auditifs-pour-enfants\/protege-oreilles-alecto-baby-bv-72\/#primaryimage","url":"https:\/\/www.horendgoed.nl\/wp-content\/uploads\/2023\/05\/08d1-2958-4492-878d-d5e61bf220ca.png","contentUrl":"https:\/\/www.horendgoed.nl\/wp-content\/uploads\/2023\/05\/08d1-2958-4492-878d-d5e61bf220ca.png","width":1200,"height":1200},{"@type":"BreadcrumbList","@id":"https:\/\/www.horendgoed.nl\/fr\/shop\/protection-auditive\/protecteurs-auditifs-pour-enfants\/protege-oreilles-alecto-baby-bv-72\/#breadcrumb","itemListElement":[{"@type":"ListItem","position":1,"name":"Accueil","item":"https:\/\/www.horendgoed.nl\/fr\/"},{"@type":"ListItem","position":2,"name":"Produits","item":"https:\/\/www.horendgoed.nl\/fr\/boutique\/produits\/"},{"@type":"ListItem","position":3,"name":"Prot\u00e8ge-oreilles Alecto baby BV-72"}]},{"@type":"WebSite","@id":"https:\/\/www.horendgoed.nl\/fr\/#website","url":"https:\/\/www.horendgoed.nl\/fr\/","name":"Horend Goed Audiciens","description":"Luistert Beter","publisher":{"@id":"https:\/\/www.horendgoed.nl\/fr\/#organization"},"potentialAction":[{"@type":"SearchAction","target":{"@type":"EntryPoint","urlTemplate":"https:\/\/www.horendgoed.nl\/fr\/?s={search_term_string}"},"query-input":{"@type":"PropertyValueSpecification","valueRequired":true,"valueName":"search_term_string"}}],"inLanguage":"fr-FR"},{"@type":"Organization","@id":"https:\/\/www.horendgoed.nl\/fr\/#organization","name":"Horend Goed","url":"https:\/\/www.horendgoed.nl\/fr\/","logo":{"@type":"ImageObject","inLanguage":"fr-FR","@id":"https:\/\/www.horendgoed.nl\/fr\/#\/schema\/logo\/image\/","url":"https:\/\/www.horendgoed.nl\/wp-content\/uploads\/2021\/05\/Logo-groot-e1621862526979.png","contentUrl":"https:\/\/www.horendgoed.nl\/wp-content\/uploads\/2021\/05\/Logo-groot-e1621862526979.png","width":509,"height":100,"caption":"Horend Goed"},"image":{"@id":"https:\/\/www.horendgoed.nl\/fr\/#\/schema\/logo\/image\/"},"sameAs":["https:\/\/www.facebook.com\/horendgoed","https:\/\/www.instagram.com\/horendgoed\/","https:\/\/www.linkedin.com\/company\/horend-goed\/","https:\/\/www.youtube.com\/@horendgoed"],"email":"info@horendgoed.nl","telephone":"075 20 25 203","vatID":"NL 853 756 193 B01"}]}},"jetpack_sharing_enabled":true,"_links":{"self":[{"href":"https:\/\/www.horendgoed.nl\/fr\/wp-json\/wp\/v2\/product\/191241","targetHints":{"allow":["GET"]}}],"collection":[{"href":"https:\/\/www.horendgoed.nl\/fr\/wp-json\/wp\/v2\/product"}],"about":[{"href":"https:\/\/www.horendgoed.nl\/fr\/wp-json\/wp\/v2\/types\/product"}],"wp:featuredmedia":[{"embeddable":true,"href":"https:\/\/www.horendgoed.nl\/fr\/wp-json\/wp\/v2\/media\/191242"}],"wp:attachment":[{"href":"https:\/\/www.horendgoed.nl\/fr\/wp-json\/wp\/v2\/media?parent=191241"}],"wp:term":[{"taxonomy":"product_brand","embeddable":true,"href":"https:\/\/www.horendgoed.nl\/fr\/wp-json\/wp\/v2\/product_brand?post=191241"},{"taxonomy":"product_cat","embeddable":true,"href":"https:\/\/www.horendgoed.nl\/fr\/wp-json\/wp\/v2\/product_cat?post=191241"},{"taxonomy":"product_tag","embeddable":true,"href":"https:\/\/www.horendgoed.nl\/fr\/wp-json\/wp\/v2\/product_tag?post=191241"}],"curies":[{"name":"wp","href":"https:\/\/api.w.org\/{rel}","templated":true}]}}