{"id":193753,"date":"2023-07-17T16:02:32","date_gmt":"2023-07-17T14:02:32","guid":{"rendered":"https:\/\/www.horendgoed.nl\/shop\/non%20class\u00e9\/horend-goed-pare-brise-orange\/"},"modified":"2025-05-14T14:19:45","modified_gmt":"2025-05-14T12:19:45","slug":"horend-goed-pare-brise-orange","status":"publish","type":"product","link":"https:\/\/www.horendgoed.nl\/fr\/shop\/aides-pour-les-malentendants\/accessoires-pour-microphones\/horend-goed-pare-brise-orange\/","title":{"rendered":"Horend Goed pare-brise Orange"},"content":{"rendered":"<p>Prot\u00e9gez votre microphone des bruits de vent ind\u00e9sirables gr\u00e2ce \u00e0 ce cache-vent tactile \u00ab\u00a0orange\" pour microphone ! Que vous soyez un commentateur professionnel de matchs de football passionnants ou un podcasteur enthousiaste, ce bonnet anti-vent convient \u00e0 pratiquement tous les casques. <\/p>\n<p>Fabriqu\u00e9e en mousse de haute qualit\u00e9, la bonnette offre une excellente protection contre le bruit du vent. \u00c0 l&rsquo;instar de l&rsquo;\u00e9quipe de football n\u00e9erlandaise qui coupe le \u00ab\u00a0vent\" dans les voiles de ses adversaires, cette bonnette garantit que votre son reste clair et non perturb\u00e9. <\/p>\n<p>Avec un diam\u00e8tre int\u00e9rieur de 6 mm et une longueur de 2 cm, ce coupe-vent s&rsquo;adapte parfaitement \u00e0 votre microphone. Et comme si cela ne suffisait pas, vous recevrez un paquet contenant jusqu&rsquo;\u00e0 10 de ces bonnets, ce qui vous permettra de distribuer suffisamment de bonnettes \u00e0 vos amis footballeurs. <\/p>\n<p>Alors, ne vous laissez pas distancer par le bruit du vent et optez pour cette bonnette tactile \u00ab\u00a0orange\". Commandez d\u00e8s maintenant et obtenez les meilleures performances audio lors de vos enregistrements et conversations ! <\/p>\n<p>Sp\u00e9cifications :<\/p>\n<ul>\n<li>Mat\u00e9riau : mousse<\/li>\n<li>Diam\u00e8tre int\u00e9rieur : 6 mm<\/li>\n<li>Longueur : 2 cm<\/li>\n<li>Couleur : orange<\/li>\n<li>Le paquet comprend : 10 pi\u00e8ces<\/li>\n<\/ul>\n<p>Avec ce coupe-vent, vous \u00eates pr\u00eat \u00e0 entrer sur le terrain et \u00e0 gagner le match de son !<\/p>\n<p><strong>Caract\u00e9ristiques des coussinets de microphone de casque :<\/strong><br \/>\n1. mousse tr\u00e8s \u00e9lastique, durable et douce.<br \/>\n2. bon remplacement pour vos coussinets de microphone de casque us\u00e9s ou perdus.<br \/>\n3. compatible avec la plupart des microphones de casque.<\/p>\n","protected":false},"excerpt":{"rendered":"<p>Prot\u00e9gez votre microphone des bruits de vent ind\u00e9sirables gr\u00e2ce \u00e0 ce cache-vent tactile \u00ab\u00a0orange\" pour microphone ! Que vous soyez un commentateur professionnel de matchs de football passionnants ou un podcasteur enthousiaste, ce bonnet anti-vent convient \u00e0 pratiquement tous les casques. Fabriqu\u00e9e en mousse de haute qualit\u00e9, la bonnette offre une excellente protection contre le &hellip; <\/p>\n","protected":false},"featured_media":193754,"template":"","meta":{"_acf_changed":false},"product_brand":[],"product_cat":[14176,14187,15285],"product_tag":[],"class_list":["post-193753","product","type-product","status-publish","has-post-thumbnail","product_cat-accessoires-pour-microphones","product_cat-aides-pour-les-malentendants","product_cat-capuches-et-coupe-vent","grid-sizer","latest_post","first","outofstock","taxable","shipping-taxable","purchasable","product-type-simple"],"acf":[],"yoast_head":"<!-- This site is optimized with the Yoast SEO Premium plugin v27.4 (Yoast SEO v28.3) - https:\/\/yoast.com\/product\/yoast-seo-premium-wordpress\/ -->\n<title>Horend Goed pare-brise Orange | Horend Goed Audiciens<\/title>\n<meta name=\"robots\" content=\"index, follow, max-snippet:-1, max-image-preview:large, max-video-preview:-1\" \/>\n<link rel=\"canonical\" href=\"https:\/\/www.horendgoed.nl\/fr\/shop\/aides-pour-les-malentendants\/accessoires-pour-microphones\/horend-goed-pare-brise-orange\/\" \/>\n<meta property=\"og:locale\" content=\"fr_FR\" \/>\n<meta property=\"og:type\" content=\"article\" \/>\n<meta property=\"og:title\" content=\"Horend Goed pare-brise Orange\" \/>\n<meta property=\"og:description\" content=\"Prot\u00e9gez votre microphone des bruits de vent ind\u00e9sirables gr\u00e2ce \u00e0 ce cache-vent tactile \u00ab\u00a0orange&quot; pour microphone ! Que vous soyez un commentateur professionnel de matchs de football passionnants ou un podcasteur enthousiaste, ce bonnet anti-vent convient \u00e0 pratiquement tous les casques. Fabriqu\u00e9e en mousse de haute qualit\u00e9, la bonnette offre une excellente protection contre le &hellip;\" \/>\n<meta property=\"og:url\" content=\"https:\/\/www.horendgoed.nl\/fr\/shop\/aides-pour-les-malentendants\/accessoires-pour-microphones\/horend-goed-pare-brise-orange\/\" \/>\n<meta property=\"og:site_name\" content=\"Horend Goed Audiciens\" \/>\n<meta property=\"article:publisher\" content=\"https:\/\/www.facebook.com\/horendgoed\" \/>\n<meta property=\"article:modified_time\" content=\"2025-05-14T12:19:45+00:00\" \/>\n<meta property=\"og:image\" content=\"https:\/\/www.horendgoed.nl\/wp-content\/uploads\/2023\/07\/93aa-e6ee-4e6c-aba1-5fc0cc61cc6f.jpg\" \/>\n\t<meta property=\"og:image:width\" content=\"2000\" \/>\n\t<meta property=\"og:image:height\" content=\"2000\" \/>\n\t<meta property=\"og:image:type\" content=\"image\/jpeg\" \/>\n<script type=\"application\/ld+json\" class=\"yoast-schema-graph\">{\"@context\":\"https:\\\/\\\/schema.org\",\"@graph\":[{\"@type\":\"WebPage\",\"@id\":\"https:\\\/\\\/www.horendgoed.nl\\\/fr\\\/shop\\\/aides-pour-les-malentendants\\\/accessoires-pour-microphones\\\/horend-goed-pare-brise-orange\\\/\",\"url\":\"https:\\\/\\\/www.horendgoed.nl\\\/fr\\\/shop\\\/aides-pour-les-malentendants\\\/accessoires-pour-microphones\\\/horend-goed-pare-brise-orange\\\/\",\"name\":\"Horend Goed pare-brise Orange | Horend Goed Audiciens\",\"isPartOf\":{\"@id\":\"https:\\\/\\\/www.horendgoed.nl\\\/fr\\\/#website\"},\"primaryImageOfPage\":{\"@id\":\"https:\\\/\\\/www.horendgoed.nl\\\/fr\\\/shop\\\/aides-pour-les-malentendants\\\/accessoires-pour-microphones\\\/horend-goed-pare-brise-orange\\\/#primaryimage\"},\"image\":{\"@id\":\"https:\\\/\\\/www.horendgoed.nl\\\/fr\\\/shop\\\/aides-pour-les-malentendants\\\/accessoires-pour-microphones\\\/horend-goed-pare-brise-orange\\\/#primaryimage\"},\"thumbnailUrl\":\"https:\\\/\\\/www.horendgoed.nl\\\/wp-content\\\/uploads\\\/2023\\\/07\\\/93aa-e6ee-4e6c-aba1-5fc0cc61cc6f.jpg\",\"datePublished\":\"2023-07-17T14:02:32+00:00\",\"dateModified\":\"2025-05-14T12:19:45+00:00\",\"breadcrumb\":{\"@id\":\"https:\\\/\\\/www.horendgoed.nl\\\/fr\\\/shop\\\/aides-pour-les-malentendants\\\/accessoires-pour-microphones\\\/horend-goed-pare-brise-orange\\\/#breadcrumb\"},\"inLanguage\":\"fr-FR\",\"potentialAction\":[{\"@type\":\"ReadAction\",\"target\":[\"https:\\\/\\\/www.horendgoed.nl\\\/fr\\\/shop\\\/aides-pour-les-malentendants\\\/accessoires-pour-microphones\\\/horend-goed-pare-brise-orange\\\/\"]}]},{\"@type\":\"ImageObject\",\"inLanguage\":\"fr-FR\",\"@id\":\"https:\\\/\\\/www.horendgoed.nl\\\/fr\\\/shop\\\/aides-pour-les-malentendants\\\/accessoires-pour-microphones\\\/horend-goed-pare-brise-orange\\\/#primaryimage\",\"url\":\"https:\\\/\\\/www.horendgoed.nl\\\/wp-content\\\/uploads\\\/2023\\\/07\\\/93aa-e6ee-4e6c-aba1-5fc0cc61cc6f.jpg\",\"contentUrl\":\"https:\\\/\\\/www.horendgoed.nl\\\/wp-content\\\/uploads\\\/2023\\\/07\\\/93aa-e6ee-4e6c-aba1-5fc0cc61cc6f.jpg\",\"width\":2000,\"height\":2000},{\"@type\":\"BreadcrumbList\",\"@id\":\"https:\\\/\\\/www.horendgoed.nl\\\/fr\\\/shop\\\/aides-pour-les-malentendants\\\/accessoires-pour-microphones\\\/horend-goed-pare-brise-orange\\\/#breadcrumb\",\"itemListElement\":[{\"@type\":\"ListItem\",\"position\":1,\"name\":\"Accueil\",\"item\":\"https:\\\/\\\/www.horendgoed.nl\\\/fr\\\/\"},{\"@type\":\"ListItem\",\"position\":2,\"name\":\"Produits\",\"item\":\"https:\\\/\\\/www.horendgoed.nl\\\/fr\\\/boutique\\\/produits\\\/\"},{\"@type\":\"ListItem\",\"position\":3,\"name\":\"Horend Goed pare-brise Orange\"}]},{\"@type\":\"WebSite\",\"@id\":\"https:\\\/\\\/www.horendgoed.nl\\\/fr\\\/#website\",\"url\":\"https:\\\/\\\/www.horendgoed.nl\\\/fr\\\/\",\"name\":\"Horend Goed Audiciens\",\"description\":\"Luistert Beter\",\"publisher\":{\"@id\":\"https:\\\/\\\/www.horendgoed.nl\\\/fr\\\/#organization\"},\"potentialAction\":[{\"@type\":\"SearchAction\",\"target\":{\"@type\":\"EntryPoint\",\"urlTemplate\":\"https:\\\/\\\/www.horendgoed.nl\\\/fr\\\/?s={search_term_string}\"},\"query-input\":{\"@type\":\"PropertyValueSpecification\",\"valueRequired\":true,\"valueName\":\"search_term_string\"}}],\"inLanguage\":\"fr-FR\"},{\"@type\":\"Organization\",\"@id\":\"https:\\\/\\\/www.horendgoed.nl\\\/fr\\\/#organization\",\"name\":\"Horend Goed\",\"url\":\"https:\\\/\\\/www.horendgoed.nl\\\/fr\\\/\",\"logo\":{\"@type\":\"ImageObject\",\"inLanguage\":\"fr-FR\",\"@id\":\"https:\\\/\\\/www.horendgoed.nl\\\/fr\\\/#\\\/schema\\\/logo\\\/image\\\/\",\"url\":\"https:\\\/\\\/www.horendgoed.nl\\\/wp-content\\\/uploads\\\/2021\\\/05\\\/Logo-groot-e1621862526979.png\",\"contentUrl\":\"https:\\\/\\\/www.horendgoed.nl\\\/wp-content\\\/uploads\\\/2021\\\/05\\\/Logo-groot-e1621862526979.png\",\"width\":509,\"height\":100,\"caption\":\"Horend Goed\"},\"image\":{\"@id\":\"https:\\\/\\\/www.horendgoed.nl\\\/fr\\\/#\\\/schema\\\/logo\\\/image\\\/\"},\"sameAs\":[\"https:\\\/\\\/www.facebook.com\\\/horendgoed\",\"https:\\\/\\\/www.instagram.com\\\/horendgoed\\\/\",\"https:\\\/\\\/www.linkedin.com\\\/company\\\/horend-goed\\\/\",\"https:\\\/\\\/www.youtube.com\\\/@horendgoed\"],\"email\":\"info@horendgoed.nl\",\"telephone\":\"075 20 25 203\",\"vatID\":\"NL 853 756 193 B01\"}]}<\/script>\n<!-- \/ Yoast SEO Premium plugin. -->","yoast_head_json":{"title":"Horend Goed pare-brise Orange | Horend Goed Audiciens","robots":{"index":"index","follow":"follow","max-snippet":"max-snippet:-1","max-image-preview":"max-image-preview:large","max-video-preview":"max-video-preview:-1"},"canonical":"https:\/\/www.horendgoed.nl\/fr\/shop\/aides-pour-les-malentendants\/accessoires-pour-microphones\/horend-goed-pare-brise-orange\/","og_locale":"fr_FR","og_type":"article","og_title":"Horend Goed pare-brise Orange","og_description":"Prot\u00e9gez votre microphone des bruits de vent ind\u00e9sirables gr\u00e2ce \u00e0 ce cache-vent tactile \u00ab\u00a0orange\" pour microphone ! Que vous soyez un commentateur professionnel de matchs de football passionnants ou un podcasteur enthousiaste, ce bonnet anti-vent convient \u00e0 pratiquement tous les casques. Fabriqu\u00e9e en mousse de haute qualit\u00e9, la bonnette offre une excellente protection contre le &hellip;","og_url":"https:\/\/www.horendgoed.nl\/fr\/shop\/aides-pour-les-malentendants\/accessoires-pour-microphones\/horend-goed-pare-brise-orange\/","og_site_name":"Horend Goed Audiciens","article_publisher":"https:\/\/www.facebook.com\/horendgoed","article_modified_time":"2025-05-14T12:19:45+00:00","og_image":[{"width":2000,"height":2000,"url":"https:\/\/www.horendgoed.nl\/wp-content\/uploads\/2023\/07\/93aa-e6ee-4e6c-aba1-5fc0cc61cc6f.jpg","type":"image\/jpeg"}],"schema":{"@context":"https:\/\/schema.org","@graph":[{"@type":"WebPage","@id":"https:\/\/www.horendgoed.nl\/fr\/shop\/aides-pour-les-malentendants\/accessoires-pour-microphones\/horend-goed-pare-brise-orange\/","url":"https:\/\/www.horendgoed.nl\/fr\/shop\/aides-pour-les-malentendants\/accessoires-pour-microphones\/horend-goed-pare-brise-orange\/","name":"Horend Goed pare-brise Orange | Horend Goed Audiciens","isPartOf":{"@id":"https:\/\/www.horendgoed.nl\/fr\/#website"},"primaryImageOfPage":{"@id":"https:\/\/www.horendgoed.nl\/fr\/shop\/aides-pour-les-malentendants\/accessoires-pour-microphones\/horend-goed-pare-brise-orange\/#primaryimage"},"image":{"@id":"https:\/\/www.horendgoed.nl\/fr\/shop\/aides-pour-les-malentendants\/accessoires-pour-microphones\/horend-goed-pare-brise-orange\/#primaryimage"},"thumbnailUrl":"https:\/\/www.horendgoed.nl\/wp-content\/uploads\/2023\/07\/93aa-e6ee-4e6c-aba1-5fc0cc61cc6f.jpg","datePublished":"2023-07-17T14:02:32+00:00","dateModified":"2025-05-14T12:19:45+00:00","breadcrumb":{"@id":"https:\/\/www.horendgoed.nl\/fr\/shop\/aides-pour-les-malentendants\/accessoires-pour-microphones\/horend-goed-pare-brise-orange\/#breadcrumb"},"inLanguage":"fr-FR","potentialAction":[{"@type":"ReadAction","target":["https:\/\/www.horendgoed.nl\/fr\/shop\/aides-pour-les-malentendants\/accessoires-pour-microphones\/horend-goed-pare-brise-orange\/"]}]},{"@type":"ImageObject","inLanguage":"fr-FR","@id":"https:\/\/www.horendgoed.nl\/fr\/shop\/aides-pour-les-malentendants\/accessoires-pour-microphones\/horend-goed-pare-brise-orange\/#primaryimage","url":"https:\/\/www.horendgoed.nl\/wp-content\/uploads\/2023\/07\/93aa-e6ee-4e6c-aba1-5fc0cc61cc6f.jpg","contentUrl":"https:\/\/www.horendgoed.nl\/wp-content\/uploads\/2023\/07\/93aa-e6ee-4e6c-aba1-5fc0cc61cc6f.jpg","width":2000,"height":2000},{"@type":"BreadcrumbList","@id":"https:\/\/www.horendgoed.nl\/fr\/shop\/aides-pour-les-malentendants\/accessoires-pour-microphones\/horend-goed-pare-brise-orange\/#breadcrumb","itemListElement":[{"@type":"ListItem","position":1,"name":"Accueil","item":"https:\/\/www.horendgoed.nl\/fr\/"},{"@type":"ListItem","position":2,"name":"Produits","item":"https:\/\/www.horendgoed.nl\/fr\/boutique\/produits\/"},{"@type":"ListItem","position":3,"name":"Horend Goed pare-brise Orange"}]},{"@type":"WebSite","@id":"https:\/\/www.horendgoed.nl\/fr\/#website","url":"https:\/\/www.horendgoed.nl\/fr\/","name":"Horend Goed Audiciens","description":"Luistert Beter","publisher":{"@id":"https:\/\/www.horendgoed.nl\/fr\/#organization"},"potentialAction":[{"@type":"SearchAction","target":{"@type":"EntryPoint","urlTemplate":"https:\/\/www.horendgoed.nl\/fr\/?s={search_term_string}"},"query-input":{"@type":"PropertyValueSpecification","valueRequired":true,"valueName":"search_term_string"}}],"inLanguage":"fr-FR"},{"@type":"Organization","@id":"https:\/\/www.horendgoed.nl\/fr\/#organization","name":"Horend Goed","url":"https:\/\/www.horendgoed.nl\/fr\/","logo":{"@type":"ImageObject","inLanguage":"fr-FR","@id":"https:\/\/www.horendgoed.nl\/fr\/#\/schema\/logo\/image\/","url":"https:\/\/www.horendgoed.nl\/wp-content\/uploads\/2021\/05\/Logo-groot-e1621862526979.png","contentUrl":"https:\/\/www.horendgoed.nl\/wp-content\/uploads\/2021\/05\/Logo-groot-e1621862526979.png","width":509,"height":100,"caption":"Horend Goed"},"image":{"@id":"https:\/\/www.horendgoed.nl\/fr\/#\/schema\/logo\/image\/"},"sameAs":["https:\/\/www.facebook.com\/horendgoed","https:\/\/www.instagram.com\/horendgoed\/","https:\/\/www.linkedin.com\/company\/horend-goed\/","https:\/\/www.youtube.com\/@horendgoed"],"email":"info@horendgoed.nl","telephone":"075 20 25 203","vatID":"NL 853 756 193 B01"}]}},"jetpack_sharing_enabled":true,"_links":{"self":[{"href":"https:\/\/www.horendgoed.nl\/fr\/wp-json\/wp\/v2\/product\/193753","targetHints":{"allow":["GET"]}}],"collection":[{"href":"https:\/\/www.horendgoed.nl\/fr\/wp-json\/wp\/v2\/product"}],"about":[{"href":"https:\/\/www.horendgoed.nl\/fr\/wp-json\/wp\/v2\/types\/product"}],"wp:featuredmedia":[{"embeddable":true,"href":"https:\/\/www.horendgoed.nl\/fr\/wp-json\/wp\/v2\/media\/193754"}],"wp:attachment":[{"href":"https:\/\/www.horendgoed.nl\/fr\/wp-json\/wp\/v2\/media?parent=193753"}],"wp:term":[{"taxonomy":"product_brand","embeddable":true,"href":"https:\/\/www.horendgoed.nl\/fr\/wp-json\/wp\/v2\/product_brand?post=193753"},{"taxonomy":"product_cat","embeddable":true,"href":"https:\/\/www.horendgoed.nl\/fr\/wp-json\/wp\/v2\/product_cat?post=193753"},{"taxonomy":"product_tag","embeddable":true,"href":"https:\/\/www.horendgoed.nl\/fr\/wp-json\/wp\/v2\/product_tag?post=193753"}],"curies":[{"name":"wp","href":"https:\/\/api.w.org\/{rel}","templated":true}]}}