{"id":138822,"date":"2022-12-27T14:17:23","date_gmt":"2022-12-27T13:17:23","guid":{"rendered":"https:\/\/www.horendgoed.nl\/termini-e-condizioni-generali\/"},"modified":"2025-01-02T21:28:31","modified_gmt":"2025-01-02T20:28:31","slug":"termini-e-condizioni-generali","status":"publish","type":"page","link":"https:\/\/www.horendgoed.nl\/it\/termini-e-condizioni-generali\/","title":{"rendered":"Termini e condizioni generali"},"content":{"rendered":"\n<p class=\"wp-block-paragraph\"><strong><a href=\"https:\/\/www.horendgoed.nl\/wp-content\/uploads\/2022\/12\/Algemene-Voorwaarden-Stichting-Webshop-Keurmerk.pdf\" target=\"_blank\" rel=\"noreferrer noopener\">  Clicca qui per i termini e le condizioni generali del webshop della fondazione keurmerk<\/a><\/strong><\/p>\n\n<p class=\"wp-block-paragraph\"><strong>TERMINI DI CONSEGNA E DI PAGAMENTO<\/strong><\/p>\n\n<p class=\"wp-block-paragraph\"><strong>Generale<\/strong><\/p>\n\n<ol class=\"wp-block-list\">\n<li>Le presenti Condizioni di Consegna e Pagamento fanno parte di tutti gli accordi e si applicano a tutti gli (altri) atti e negozi giuridici tra l&#8217;audioprotesista e il cliente.<\/li>\n\n\n\n<li>Eventuali deroghe e\/o aggiunte a qualsiasi disposizione contenuta in un contratto e\/o nei Termini e Condizioni di Consegna e Pagamento saranno applicabili solo se concordate per iscritto e riguarderanno esclusivamente il contratto in questione.<\/li>\n\n\n\n<li>L&#8217;applicabilit\u00e0 di termini e condizioni generali e\/o speciali del cliente \u00e8 esclusa a meno che l&#8217;audioprotesista non abbia accettato per iscritto l&#8217;applicabilit\u00e0 di tali termini e condizioni di consegna e pagamento.<\/li>\n<\/ol>\n\n<p class=\"wp-block-paragraph\"><strong>Preventivi e offerte<\/strong><\/p>\n\n<ol class=\"wp-block-list\" start=\"4\">\n<li>Tutti i preventivi e le offerte, compresi i cataloghi, non sono vincolanti per l&#8217;audioprotesista e costituiscono solo un invito a effettuare un ordine.<\/li>\n<\/ol>\n\n<p class=\"wp-block-paragraph\"><strong>Accordi<\/strong><\/p>\n\n<ol class=\"wp-block-list\" start=\"5\">\n<li>Un accordo entrer\u00e0 in vigore solo se e nella misura in cui l&#8217;Audioprotesista lo avr\u00e0 confermato o ne avr\u00e0 iniziato l&#8217;esecuzione.<\/li>\n\n\n\n<li>Tutte le dichiarazioni dell&#8217;audioprotesista relative a numeri, dimensioni, pesi e\/o altre indicazioni sono fatte con cura. Tuttavia, l&#8217;audioprotesista non pu\u00f2 garantire che non si verifichino scostamenti in tal senso. Errori di calcolo e di scrittura in offerte, preventivi, prospetti, pubblicazioni, conferme d&#8217;ordine, fatture e altri documenti provenienti dall&#8217;audioprotesista non vincolano l&#8217;audioprotesista. I modelli o i disegni mostrati o forniti sono solo indicazioni non vincolanti degli articoli in questione. Solo se il cliente pu\u00f2 dimostrare che gli articoli consegnati si discostano dalle dichiarazioni dell&#8217;audioprotesista o dai modelli o disegni (di prova) in misura tale da non poter essere ragionevolmente obbligato a prenderli in consegna, il cliente avr\u00e0 il diritto di recedere dal contratto.    <\/li>\n<\/ol>\n\n<p class=\"wp-block-paragraph\"><strong>Prezzi<\/strong><\/p>\n\n<ol class=\"wp-block-list\" start=\"7\">\n<li>I prezzi d&#8217;acquisto applicabili sono indicati sui cartellini dei prezzi applicati agli articoli offerti nella struttura. L&#8217;audioprotesista ha il diritto di aumentare questi prezzi di acquisto se le circostanze su cui si basano i prezzi di acquisto cambiano. Tali circostanze includono, tra l&#8217;altro, i tassi di trasporto, i dazi all&#8217;importazione e all&#8217;esportazione o altri dazi e\/o tasse in patria e all&#8217;estero, i salari, gli stipendi e gli oneri del settore, le variazioni dei tassi di cambio e i prezzi delle materie prime e ausiliarie. In caso di aumento dei prezzi entro tre mesi dalla conclusione del contratto, il cliente avr\u00e0 il diritto di sciogliere il contratto.   <\/li>\n\n\n\n<li>Gli ordini confermati dall&#8217;Audioprotesista che non sono stati fatturati saranno addebitati ai prezzi applicabili al momento della conferma, a meno che non si verifichi una delle situazioni di cui all&#8217;articolo 7.<\/li>\n<\/ol>\n\n<p class=\"wp-block-paragraph\"><strong>Tempi di consegna<\/strong><\/p>\n\n<ol class=\"wp-block-list\" start=\"9\">\n<li>I tempi di consegna indicati dall&#8217;audioprotesista si basano sulle circostanze prevalenti al momento della conclusione del contratto e, nella misura in cui dipendono dalle prestazioni di terzi, sulle informazioni fornite all&#8217;audioprotesista da tali terzi. I tempi di consegna saranno rispettati dall&#8217;audioprotesista per quanto possibile. <\/li>\n\n\n\n<li>Se i tempi di consegna vengono superati, il Cliente non ha diritto ad alcun risarcimento a tale riguardo. In tal caso, il Cliente non ha nemmeno il diritto di sciogliere l&#8217;accordo o di sospendere i suoi obblighi derivanti dall&#8217;accordo, a meno che il termine di consegna non venga superato in misura tale da non poter ragionevolmente richiedere al Cliente di mantenere la parte pertinente dell&#8217;accordo o di non sospendere i suoi obblighi a tale riguardo. Solo in questo caso il Cliente avr\u00e0 il diritto di sciogliere (la parte rilevante del) contratto o di sospendere i suoi obblighi derivanti direttamente dalla parte rilevante del contratto.  <\/li>\n<\/ol>\n\n<p class=\"wp-block-paragraph\"><strong>Consegna e rischio<\/strong><\/p>\n\n<ol class=\"wp-block-list\" start=\"11\">\n<li>La consegna avviene presso la struttura audioprotesica.<\/li>\n\n\n\n<li>Al momento della consegna descritta nell&#8217;Articolo 11, il rischio relativo agli articoli consegnati passer\u00e0 al cliente.<\/li>\n\n\n\n<li>Se il cliente non prende in consegna gli articoli o non li prende in tempo, sar\u00e0 inadempiente senza preavviso. In tal caso, l&#8217;audioprotesista avr\u00e0 il diritto di conservare gli articoli per conto e a rischio del cliente o di venderli a terzi. Il cliente rimarr\u00e0 responsabile per il prezzo di acquisto, pi\u00f9 gli interessi e i costi (a titolo di risarcimento danni), tuttavia, se del caso, meno il ricavato netto della vendita a tale terza parte.  <\/li>\n<\/ol>\n\n<p class=\"wp-block-paragraph\"><strong>Periodo di assuefazione<\/strong><\/p>\n\n<ol class=\"wp-block-list\" start=\"14\">\n<li>Nel caso in cui l&#8217;audioprotesista, prima di stipulare un contratto di acquisto definitivo, fornisca al cliente degli articoli in prestito su base di prova o nel caso in cui l&#8217;audioprotesista fornisca temporaneamente al cliente degli articoli in prestito in relazione a una riparazione, il rischio associato agli articoli sar\u00e0 a carico del cliente e il cliente sar\u00e0 tenuto a risarcire l&#8217;audioprotesista per qualsiasi danno a tali articoli, se non diversamente concordato per iscritto. In nessun caso gli apparecchi prestati al cliente in prova potranno essere utilizzati, modificati, adattati o riparati da terzi. I parametri stabiliti dall&#8217;audioprotesista non possono essere violati da terzi in alcun modo. Gli articoli forniti al cliente in prova in prestito devono essere restituiti all&#8217;audioprotesista entro tre mesi dalla data di ricezione, a meno che non sia stato espressamente concordato diversamente con l&#8217;audioprotesista. In caso di superamento di tali termini, gli articoli forniti in comodato d&#8217;uso si considereranno acquistati dal cliente, dopodich\u00e9 l&#8217;audioprotesista provveder\u00e0 a fatturare gli articoli.    <\/li>\n<\/ol>\n\n<p class=\"wp-block-paragraph\"><strong>Pagamento<\/strong><\/p>\n\n<ol class=\"wp-block-list\" start=\"15\">\n<li>Se non diversamente indicato, il pagamento dovr\u00e0 essere effettuato entro quattordici giorni dalla data della fattura. Se il cliente non paga entro il termine concordato, sar\u00e0 inadempiente a partire dalla data di scadenza della fattura, senza che sia necessario un preavviso di inadempienza. <\/li>\n\n\n\n<li>L&#8217;audioprotesista avr\u00e0 il diritto di addebitare gli interessi legali sull&#8217;importo dovuto a partire dalla data di scadenza, nonch\u00e9 le spese extragiudiziali sostenute per la riscossione dell&#8217;importo dovuto, che dovranno essere pari ad almeno il 15% dell&#8217;importo principale, con un minimo di 100\u20ac. Le spese extragiudiziali sono comunque dovute se l&#8217;audioprotesista si \u00e8 avvalso dell&#8217;assistenza di terzi per la riscossione del credito. <\/li>\n<\/ol>\n\n<p class=\"wp-block-paragraph\"><strong>Conservazione del titolo<\/strong><\/p>\n\n<ol class=\"wp-block-list\" start=\"17\">\n<li>La propriet\u00e0 degli articoli consegnati al cliente non passer\u00e0 al cliente fino a quando quest&#8217;ultimo non avr\u00e0 pagato per intero tutto ci\u00f2 che deve o dovr\u00e0 all&#8217;audioprotesista in relazione agli articoli consegnati o da consegnare, compresi il prezzo di acquisto, eventuali supplementi, interessi, tasse e costi dovuti ai sensi dei presenti termini e condizioni o del contratto.<\/li>\n<\/ol>\n\n<p class=\"wp-block-paragraph\"><strong>Garanzia<\/strong><\/p>\n\n<ol class=\"wp-block-list\" start=\"18\">\n<li>La garanzia che lo specialista dell&#8217;udito dovr\u00e0 fornire sar\u00e0 uguale per durata e portata alla garanzia fornita dal produttore, importatore o fornitore.<br\/>Gli obblighi previsti dalla presente garanzia per l&#8217;audioprotesista decadono nel caso in cui gli articoli consegnati dal fornitore vengano modificati. 19. La garanzia implica che gli articoli che presentano difetti di materiale e\/o di fabbricazione verranno riparati. La garanzia implica che gli articoli che presentano difetti di materiale e\/o di fabbricazione saranno riparati o sostituiti a discrezione dell&#8217;audioprotesista. <\/li>\n\n\n\n<li>Per le riparazioni effettuate, l&#8217;audioprotesista \u00e8 responsabile per la durata del periodo di garanzia originale, con un minimo di due mesi, dopo che il cliente ha ricevuto gli articoli riparati.<\/li>\n\n\n\n<li>Non sono coperti dalla garanzia i difetti della merce che si sono verificati a causa della normale usura o di qualsiasi altra causa esterna.<\/li>\n<\/ol>\n\n<p class=\"wp-block-paragraph\"><strong>Responsabilit\u00e0 e indennizzo<\/strong><\/p>\n\n<ol class=\"wp-block-list\" start=\"22\">\n<li>L&#8217;audioprotesista non sar\u00e0 mai responsabile per i danni del cliente o di terzi, compresi i danni conseguenti e i danni immateriali, a meno che tali danni non siano causati da dolo o grave negligenza da parte dell&#8217;audioprotesista o che la responsabilit\u00e0 derivi dal Titolo 3 Parte 3 Libro 6 del Codice Civile Olandese.<\/li>\n<\/ol>\n\n<p class=\"wp-block-paragraph\"><strong>Forza maggiore<\/strong><\/p>\n\n<ol class=\"wp-block-list\" start=\"23\">\n<li>Se l&#8217;audioprotesista non \u00e8 in grado di adempiere ai propri obblighi nei confronti del cliente a causa di un guasto non imputabile (forza maggiore), tali obblighi saranno sospesi per la durata della situazione di forza maggiore.<\/li>\n\n\n\n<li>Se uno stato di forza maggiore si protrae per due mesi, entrambe le parti hanno il diritto di sciogliere l&#8217;accordo per iscritto in tutto o in parte.<\/li>\n\n\n\n<li>In caso di forza maggiore da parte dell&#8217;audioprotesista, il cliente non avr\u00e0 diritto ad alcun risarcimento o indennizzo, anche nel caso in cui l&#8217;audioprotesista dovesse ottenere un vantaggio a causa della forza maggiore.<\/li>\n\n\n\n<li>Per forza maggiore dell&#8217;audioprotesista si intende qualsiasi circostanza al di fuori del controllo dell&#8217;audioprotesista, a causa della quale l&#8217;adempimento dei suoi obblighi nei confronti del cliente \u00e8 impedito in tutto o in parte o a causa della quale l&#8217;adempimento dei suoi obblighi non pu\u00f2 essere ragionevolmente richiesto all&#8217;audioprotesista, indipendentemente dal fatto che tale circostanza potesse essere prevista o meno al momento della conclusione del contratto. Tali circostanze includono anche scioperi, serrate, incendi, guasti ai macchinari, stagnazione o altri problemi nella produzione da parte dei fornitori dell&#8217;audioprotesista e\/o nell&#8217;esecuzione del trasporto proprio o di terzi e\/o misure adottate da qualsiasi autorit\u00e0 governativa, cos\u00ec come l&#8217;assenza di qualsiasi permesso governativo. <\/li>\n<\/ol>\n\n<p class=\"wp-block-paragraph\"><strong>Inadempienza\/dissoluzione<\/strong><\/p>\n\n<ol class=\"wp-block-list\" start=\"27\">\n<li>Se il cliente non adempie, non correttamente o non tempestivamente a qualsiasi obbligo che possa sorgere a suo carico in base a qualsiasi accordo o ai presenti termini e condizioni, il cliente sar\u00e0 inadempiente senza preavviso e l&#8217;audioprotesista avr\u00e0 diritto:<\/li>\n<\/ol>\n\n<p class=\"wp-block-paragraph\">- sospendere l&#8217;esecuzione di tale contratto e dei contratti direttamente collegati fino a quando il pagamento non sar\u00e0 sufficientemente garantito;<\/p>\n\n<p class=\"wp-block-paragraph\">- e\/o sciogliere il contratto e i contratti direttamente collegati, in tutto o in parte;<\/p>\n\n<p class=\"wp-block-paragraph\">Senza che l&#8217;audiologo sia tenuto ad alcun risarcimento e senza pregiudicare gli ulteriori diritti dell&#8217;audiologo.<\/p>\n\n<ol class=\"wp-block-list\" start=\"28\">\n<li>In caso di sospensione (temporanea) dei pagamenti o di fallimento del cliente, o nel caso in cui il cliente sia posto sotto tutela, tutti gli accordi con il cliente saranno risolti di diritto, a meno che l&#8217;audioprotesista non notifichi al cliente, entro un periodo di tempo ragionevole, che richiede l&#8217;adempimento di tutti o di una parte degli accordi in questione, nel qual caso l&#8217;audioprotesista avr\u00e0 il diritto, senza che sia necessaria una notifica di inadempimento, di sospendere l&#8217;adempimento degli accordi in questione fino a quando il pagamento non sia stato adeguatamente garantito, senza pregiudicare gli altri diritti dell&#8217;audioprotesista.<\/li>\n<\/ol>\n\n<p class=\"wp-block-paragraph\">In ciascuno dei casi di cui ai paragrafi 26 e 27, tutti i crediti dell&#8217;audioprotesista nei confronti del cliente saranno immediatamente esigibili e pagabili per intero.<\/p>\n\n<p class=\"wp-block-paragraph\"><strong>Scelta della legge e foro competente<\/strong><\/p>\n\n<ol class=\"wp-block-list\" start=\"29\">\n<li>Il contratto e i presenti termini e condizioni sono disciplinati dalla legge olandese.<\/li>\n\n\n\n<li>Tutte le controversie derivanti dal contratto o dai presenti termini e condizioni saranno soggette, nella misura in cui non sia altrimenti previsto dalla legge, alla discrezione del tribunale competente del luogo di residenza dell&#8217;audioprotesista.<\/li>\n<\/ol>\n","protected":false},"excerpt":{"rendered":"<p>Clicca qui per i termini e le condizioni generali del webshop della fondazione keurmerk TERMINI DI CONSEGNA E DI PAGAMENTO Generale Preventivi e offerte Accordi Prezzi Tempi di consegna Consegna e rischio Periodo di assuefazione Pagamento Conservazione del titolo Garanzia Responsabilit\u00e0 e indennizzo Forza maggiore Inadempienza\/dissoluzione - sospendere l&#8217;esecuzione di tale contratto e dei contratti &hellip; <\/p>\n","protected":false},"author":1,"featured_media":0,"parent":0,"menu_order":0,"comment_status":"closed","ping_status":"closed","template":"","meta":{"_acf_changed":false,"footnotes":""},"class_list":["post-138822","page","type-page","status-publish","hentry","grid-sizer","latest_post"],"acf":[],"featured_image_src":null,"yoast_head":"<!-- This site is optimized with the Yoast SEO Premium plugin v27.4 (Yoast SEO v28.3) - https:\/\/yoast.com\/product\/yoast-seo-premium-wordpress\/ -->\n<title>Termini e condizioni generali | Horend Goed Audiciens<\/title>\n<meta name=\"robots\" content=\"index, follow, max-snippet:-1, max-image-preview:large, max-video-preview:-1\" \/>\n<link rel=\"canonical\" href=\"https:\/\/www.horendgoed.nl\/it\/termini-e-condizioni-generali\/\" \/>\n<meta property=\"og:locale\" content=\"it_IT\" \/>\n<meta property=\"og:type\" content=\"article\" \/>\n<meta property=\"og:title\" content=\"Termini e condizioni generali\" \/>\n<meta property=\"og:description\" content=\"Clicca qui per i termini e le condizioni generali del webshop della fondazione keurmerk TERMINI DI CONSEGNA E DI PAGAMENTO Generale Preventivi e offerte Accordi Prezzi Tempi di consegna Consegna e rischio Periodo di assuefazione Pagamento Conservazione del titolo Garanzia Responsabilit\u00e0 e indennizzo Forza maggiore Inadempienza\/dissoluzione - sospendere l&#8217;esecuzione di tale contratto e dei contratti &hellip;\" \/>\n<meta property=\"og:url\" content=\"https:\/\/www.horendgoed.nl\/it\/termini-e-condizioni-generali\/\" \/>\n<meta property=\"og:site_name\" content=\"Horend Goed Audiciens\" \/>\n<meta property=\"article:publisher\" content=\"https:\/\/www.facebook.com\/horendgoed\" \/>\n<meta property=\"article:modified_time\" content=\"2025-01-02T20:28:31+00:00\" \/>\n<meta property=\"og:image\" content=\"https:\/\/www.horendgoed.nl\/wp-content\/uploads\/2023\/10\/Horend-Goed-Yoast.jpg\" \/>\n\t<meta property=\"og:image:width\" content=\"1200\" \/>\n\t<meta property=\"og:image:height\" content=\"675\" \/>\n\t<meta property=\"og:image:type\" content=\"image\/jpeg\" \/>\n<script type=\"application\/ld+json\" class=\"yoast-schema-graph\">{\"@context\":\"https:\\\/\\\/schema.org\",\"@graph\":[{\"@type\":\"WebPage\",\"@id\":\"https:\\\/\\\/www.horendgoed.nl\\\/it\\\/termini-e-condizioni-generali\\\/\",\"url\":\"https:\\\/\\\/www.horendgoed.nl\\\/it\\\/termini-e-condizioni-generali\\\/\",\"name\":\"Termini e condizioni generali | Horend Goed Audiciens\",\"isPartOf\":{\"@id\":\"https:\\\/\\\/www.horendgoed.nl\\\/it\\\/#website\"},\"datePublished\":\"2022-12-27T13:17:23+00:00\",\"dateModified\":\"2025-01-02T20:28:31+00:00\",\"breadcrumb\":{\"@id\":\"https:\\\/\\\/www.horendgoed.nl\\\/it\\\/termini-e-condizioni-generali\\\/#breadcrumb\"},\"inLanguage\":\"it-IT\",\"potentialAction\":[{\"@type\":\"ReadAction\",\"target\":[\"https:\\\/\\\/www.horendgoed.nl\\\/it\\\/termini-e-condizioni-generali\\\/\"]}]},{\"@type\":\"BreadcrumbList\",\"@id\":\"https:\\\/\\\/www.horendgoed.nl\\\/it\\\/termini-e-condizioni-generali\\\/#breadcrumb\",\"itemListElement\":[{\"@type\":\"ListItem\",\"position\":1,\"name\":\"Casa\",\"item\":\"https:\\\/\\\/www.horendgoed.nl\\\/it\\\/\"},{\"@type\":\"ListItem\",\"position\":2,\"name\":\"Termini e condizioni generali\"}]},{\"@type\":\"WebSite\",\"@id\":\"https:\\\/\\\/www.horendgoed.nl\\\/it\\\/#website\",\"url\":\"https:\\\/\\\/www.horendgoed.nl\\\/it\\\/\",\"name\":\"Horend Goed Audiciens\",\"description\":\"Luistert Beter\",\"publisher\":{\"@id\":\"https:\\\/\\\/www.horendgoed.nl\\\/it\\\/#organization\"},\"potentialAction\":[{\"@type\":\"SearchAction\",\"target\":{\"@type\":\"EntryPoint\",\"urlTemplate\":\"https:\\\/\\\/www.horendgoed.nl\\\/it\\\/?s={search_term_string}\"},\"query-input\":{\"@type\":\"PropertyValueSpecification\",\"valueRequired\":true,\"valueName\":\"search_term_string\"}}],\"inLanguage\":\"it-IT\"},{\"@type\":\"Organization\",\"@id\":\"https:\\\/\\\/www.horendgoed.nl\\\/it\\\/#organization\",\"name\":\"Horend Goed\",\"url\":\"https:\\\/\\\/www.horendgoed.nl\\\/it\\\/\",\"logo\":{\"@type\":\"ImageObject\",\"inLanguage\":\"it-IT\",\"@id\":\"https:\\\/\\\/www.horendgoed.nl\\\/it\\\/#\\\/schema\\\/logo\\\/image\\\/\",\"url\":\"https:\\\/\\\/www.horendgoed.nl\\\/wp-content\\\/uploads\\\/2021\\\/05\\\/Logo-groot-e1621862526979.png\",\"contentUrl\":\"https:\\\/\\\/www.horendgoed.nl\\\/wp-content\\\/uploads\\\/2021\\\/05\\\/Logo-groot-e1621862526979.png\",\"width\":509,\"height\":100,\"caption\":\"Horend Goed\"},\"image\":{\"@id\":\"https:\\\/\\\/www.horendgoed.nl\\\/it\\\/#\\\/schema\\\/logo\\\/image\\\/\"},\"sameAs\":[\"https:\\\/\\\/www.facebook.com\\\/horendgoed\",\"https:\\\/\\\/www.instagram.com\\\/horendgoed\\\/\",\"https:\\\/\\\/www.linkedin.com\\\/company\\\/horend-goed\\\/\",\"https:\\\/\\\/www.youtube.com\\\/@horendgoed\"],\"email\":\"info@horendgoed.nl\",\"telephone\":\"075 20 25 203\",\"vatID\":\"NL 853 756 193 B01\"}]}<\/script>\n<!-- \/ Yoast SEO Premium plugin. -->","yoast_head_json":{"title":"Termini e condizioni generali | Horend Goed Audiciens","robots":{"index":"index","follow":"follow","max-snippet":"max-snippet:-1","max-image-preview":"max-image-preview:large","max-video-preview":"max-video-preview:-1"},"canonical":"https:\/\/www.horendgoed.nl\/it\/termini-e-condizioni-generali\/","og_locale":"it_IT","og_type":"article","og_title":"Termini e condizioni generali","og_description":"Clicca qui per i termini e le condizioni generali del webshop della fondazione keurmerk TERMINI DI CONSEGNA E DI PAGAMENTO Generale Preventivi e offerte Accordi Prezzi Tempi di consegna Consegna e rischio Periodo di assuefazione Pagamento Conservazione del titolo Garanzia Responsabilit\u00e0 e indennizzo Forza maggiore Inadempienza\/dissoluzione - sospendere l&#8217;esecuzione di tale contratto e dei contratti &hellip;","og_url":"https:\/\/www.horendgoed.nl\/it\/termini-e-condizioni-generali\/","og_site_name":"Horend Goed Audiciens","article_publisher":"https:\/\/www.facebook.com\/horendgoed","article_modified_time":"2025-01-02T20:28:31+00:00","og_image":[{"width":1200,"height":675,"url":"https:\/\/www.horendgoed.nl\/wp-content\/uploads\/2023\/10\/Horend-Goed-Yoast.jpg","type":"image\/jpeg"}],"schema":{"@context":"https:\/\/schema.org","@graph":[{"@type":"WebPage","@id":"https:\/\/www.horendgoed.nl\/it\/termini-e-condizioni-generali\/","url":"https:\/\/www.horendgoed.nl\/it\/termini-e-condizioni-generali\/","name":"Termini e condizioni generali | Horend Goed Audiciens","isPartOf":{"@id":"https:\/\/www.horendgoed.nl\/it\/#website"},"datePublished":"2022-12-27T13:17:23+00:00","dateModified":"2025-01-02T20:28:31+00:00","breadcrumb":{"@id":"https:\/\/www.horendgoed.nl\/it\/termini-e-condizioni-generali\/#breadcrumb"},"inLanguage":"it-IT","potentialAction":[{"@type":"ReadAction","target":["https:\/\/www.horendgoed.nl\/it\/termini-e-condizioni-generali\/"]}]},{"@type":"BreadcrumbList","@id":"https:\/\/www.horendgoed.nl\/it\/termini-e-condizioni-generali\/#breadcrumb","itemListElement":[{"@type":"ListItem","position":1,"name":"Casa","item":"https:\/\/www.horendgoed.nl\/it\/"},{"@type":"ListItem","position":2,"name":"Termini e condizioni generali"}]},{"@type":"WebSite","@id":"https:\/\/www.horendgoed.nl\/it\/#website","url":"https:\/\/www.horendgoed.nl\/it\/","name":"Horend Goed Audiciens","description":"Luistert Beter","publisher":{"@id":"https:\/\/www.horendgoed.nl\/it\/#organization"},"potentialAction":[{"@type":"SearchAction","target":{"@type":"EntryPoint","urlTemplate":"https:\/\/www.horendgoed.nl\/it\/?s={search_term_string}"},"query-input":{"@type":"PropertyValueSpecification","valueRequired":true,"valueName":"search_term_string"}}],"inLanguage":"it-IT"},{"@type":"Organization","@id":"https:\/\/www.horendgoed.nl\/it\/#organization","name":"Horend Goed","url":"https:\/\/www.horendgoed.nl\/it\/","logo":{"@type":"ImageObject","inLanguage":"it-IT","@id":"https:\/\/www.horendgoed.nl\/it\/#\/schema\/logo\/image\/","url":"https:\/\/www.horendgoed.nl\/wp-content\/uploads\/2021\/05\/Logo-groot-e1621862526979.png","contentUrl":"https:\/\/www.horendgoed.nl\/wp-content\/uploads\/2021\/05\/Logo-groot-e1621862526979.png","width":509,"height":100,"caption":"Horend Goed"},"image":{"@id":"https:\/\/www.horendgoed.nl\/it\/#\/schema\/logo\/image\/"},"sameAs":["https:\/\/www.facebook.com\/horendgoed","https:\/\/www.instagram.com\/horendgoed\/","https:\/\/www.linkedin.com\/company\/horend-goed\/","https:\/\/www.youtube.com\/@horendgoed"],"email":"info@horendgoed.nl","telephone":"075 20 25 203","vatID":"NL 853 756 193 B01"}]}},"jetpack_sharing_enabled":true,"_links":{"self":[{"href":"https:\/\/www.horendgoed.nl\/it\/wp-json\/wp\/v2\/pages\/138822","targetHints":{"allow":["GET"]}}],"collection":[{"href":"https:\/\/www.horendgoed.nl\/it\/wp-json\/wp\/v2\/pages"}],"about":[{"href":"https:\/\/www.horendgoed.nl\/it\/wp-json\/wp\/v2\/types\/page"}],"author":[{"embeddable":true,"href":"https:\/\/www.horendgoed.nl\/it\/wp-json\/wp\/v2\/users\/1"}],"replies":[{"embeddable":true,"href":"https:\/\/www.horendgoed.nl\/it\/wp-json\/wp\/v2\/comments?post=138822"}],"version-history":[{"count":1,"href":"https:\/\/www.horendgoed.nl\/it\/wp-json\/wp\/v2\/pages\/138822\/revisions"}],"predecessor-version":[{"id":138827,"href":"https:\/\/www.horendgoed.nl\/it\/wp-json\/wp\/v2\/pages\/138822\/revisions\/138827"}],"wp:attachment":[{"href":"https:\/\/www.horendgoed.nl\/it\/wp-json\/wp\/v2\/media?parent=138822"}],"curies":[{"name":"wp","href":"https:\/\/api.w.org\/{rel}","templated":true}]}}