{"id":140737,"date":"2022-12-13T11:02:41","date_gmt":"2022-12-13T11:02:41","guid":{"rendered":"https:\/\/www.horendgoed.nl\/shop\/senza-categoria\/flare-audio-calmer-night-mini-nero\/"},"modified":"2025-07-28T14:33:36","modified_gmt":"2025-07-28T12:33:36","slug":"flare-audio-calmer-night-mini-nero","status":"publish","type":"product","link":"https:\/\/www.horendgoed.nl\/it\/shop\/tranquillanti\/piu-calmo\/flare-audio-calmer-night-mini-nero\/","title":{"rendered":"Flare Audio Calmer Night mini Nero"},"content":{"rendered":"<h3>Flare Audio Calmer\u00ae Night Mini Nero - Per un sonno riposante e senza interruzioni<\/h3>\n<p>In un mondo pieno di rumore, a volte \u00e8 difficile trovare la pace necessaria per dormire bene. Soprattutto le persone con un udito sensibile o con condizioni come l&#8217;iperacusia, la misofonia o lo stress da rumore possono avere difficolt\u00e0 a trovare la pace di cui hanno bisogno. Il <strong>Flare Audio Calmer\u00ae Night Mini Black<\/strong> offre una soluzione innovativa per calmare i rumori stressanti senza isolarti completamente dall&#8217;ambiente circostante. Questo piccolo ma potente strumento ti aiuta a dormire meglio e a creare un ambiente rilassante.   <\/p>\n<h4>Riduce i rumori del grilletto senza attutire il suono<\/h4>\n<p>Il <strong>Calmer\u00ae Night Mini<\/strong> non \u00e8 un tradizionale tappo per le orecchie che blocca il suono. Il dispositivo \u00e8 stato progettato per ridurre specifiche frequenze di disturbo senza attutire completamente i suoni. Puoi ancora sentire suoni come l&#8217;abbaiare dei cani, le notifiche dei cellulari o gli allarmi, ma i bordi taglienti che causano stress sono attenuati. Questo rende il <strong>Calmer\u00ae Night Mini<\/strong> perfetto per le situazioni in cui hai bisogno di pace e tranquillit\u00e0 senza perdere completamente i suoni importanti, come gli allarmi.   <\/p>\n<p>Grazie alla tecnologia avanzata del <strong>Calmer\u00ae Night Mini<\/strong>, le frequenze di disturbo comprese tra 2 e 8 kHz vengono ridotte. Sono queste le frequenze che spesso causano maggiore stress e tensione. Il <strong>Calmer\u00ae Night Mini<\/strong> \u00e8 stato progettato appositamente per attenuare questi suoni, garantendoti un sonno migliore senza disconnetterti completamente dall&#8217;ambiente circostante.  <\/p>\n<h4>Ideale da usare durante il sonno<\/h4>\n<p>Il <strong>Calmer\u00ae Night Mini<\/strong> \u00e8 stato progettato appositamente per essere utilizzato durante il sonno. Molte persone vengono svegliate di notte da rumori fastidiosi come allarmi che suonano, cani che abbaiano o bambini che urlano. Questi suoni possono interrompere il sonno profondo e causare un sonno disturbato. Con il <strong>Calmer\u00ae Night Mini<\/strong> puoi ancora sentire questi suoni, ma i loro effetti stressanti sono notevolmente ridotti.   <\/p>\n<p>Il <strong>Calmer\u00ae Night Mini<\/strong> \u00e8 adatto anche ad altre situazioni di calma, come leggere, guardare la TV o lavorare in un ambiente rumoroso. Che tu stia cercando la pace in una cucina affollata, in ufficio o in viaggio, il <strong>Calmer\u00ae Night Mini<\/strong> ti aiuta a concentrarti senza essere completamente disconnesso dai suoni che ti circondano. <\/p>\n<h4>Progettato per un udito sensibile<\/h4>\n<p>Le persone affette da disturbi dell&#8217;udito come l&#8217;iperacusia, la misofonia o lo stress da rumore possono trarre grande beneficio dal <strong>Calmer\u00ae Night Mini<\/strong>. Queste condizioni sono spesso caratterizzate da un&#8217;ipersensibilit\u00e0 a determinati suoni, che pu\u00f2 portare a un aumento dello stress e del disagio. Il <strong>Calmer\u00ae Night Mini<\/strong> riduce l&#8217;acuit\u00e0 di questi suoni, rendendoli pi\u00f9 gestibili.  <\/p>\n<ul>\n<li><strong>Iperacusia<\/strong>: le persone affette da iperacusia spesso provano dolore o fastidio per i suoni quotidiani che agli altri sembrano normali. Il <strong>Calmer\u00ae Night Mini<\/strong> attenua questi suoni senza bloccarli completamente, rendendo l&#8217;ambiente pi\u00f9 piacevole. <\/li>\n<li><strong>Misofonia<\/strong>: suoni specifici come il masticare o il picchiettare possono scatenare reazioni violente nelle persone affette da misofonia. Il <strong>Calmer\u00ae Night Mini<\/strong> riduce questi suoni, riducendo la reazione di stress. <\/li>\n<li><strong>Stress da rumore<\/strong>: in ambienti rumorosi, il <strong>Calmer\u00ae Night Mini<\/strong> pu\u00f2 contribuire a creare un ambiente sonoro pi\u00f9 tranquillo, senza escludere l&#8217;ambiente circostante.<\/li>\n<\/ul>\n<h4>Design comodo e resistente<\/h4>\n<p>Il <strong>Flare Audio Calmer\u00ae Night Mini Black<\/strong> \u00e8 realizzato in silicone morbido e resistente, per garantire un comfort duraturo anche quando lo indossi per ore. Il design \u00e8 piccolo e leggero, quindi si adatta perfettamente all&#8217;orecchio senza causare pressione o irritazione. Il <strong>Calmer\u00ae Night Mini<\/strong> \u00e8 stato progettato appositamente per le persone con canali uditivi pi\u00f9 piccoli, in modo che tu possa provare gli stessi benefici della versione standard, ma in dimensioni pi\u00f9 compatte.  <\/p>\n<p>Gli inserti auricolari sono riutilizzabili e facili da pulire, il che significa che puoi usare <strong>Calmer\u00ae Night Mini<\/strong> pi\u00f9 volte senza compromettere l&#8217;igiene o il comfort. Inoltre, il <strong>Calmer\u00ae Night Mini<\/strong> viene fornito in una confezione riciclabile al 100%, contribuendo a un uso pi\u00f9 sostenibile dei materiali. <\/p>\n<h4>Igiene e sicurezza<\/h4>\n<p>La confezione di <strong>Calmer\u00ae Night Mini<\/strong> \u00e8 dotata di un sigillo igienico per assicurarti di ricevere un prodotto pulito e non utilizzato. Una volta rotto il sigillo igienico, il prodotto non pu\u00f2 essere restituito. In questo modo si evita il rischio di infezioni alle orecchie o altri problemi di salute. Tuttavia, se hai domande sul prodotto, non esitare a contattarci prima di rompere il sigillo d&#8217;igiene. Saremo lieti di ragionare insieme a te e di offrirti soluzioni se non noterai alcuna differenza dopo l&#8217;uso.    <\/p>\n<h4>Cosa c&#8217;\u00e8 nella scatola?<\/h4>\n<ul>\n<li>Un paio di tappi per orecchie <strong>Calmer\u00ae Night Mini<\/strong> in nero<\/li>\n<li><strong>Custodia per il trasporto di Flare\u00ae<\/strong> per una conservazione sicura<\/li>\n<li><strong>Manuale di istruzioni<\/strong> in inglese<\/li>\n<li>Fornito in una <strong>confezione di carta riciclabile al 100%<\/strong><\/li>\n<\/ul>\n<h4>Specifiche tecniche<\/h4>\n<ul>\n<li><strong>Lunghezza<\/strong>: 21,3 mm<\/li>\n<li><strong>Larghezza<\/strong>: 10,8 mm<\/li>\n<li><strong>Materiale<\/strong>: silicone morbido e resistente<\/li>\n<li><strong>Senza lattice<\/strong>: adatto a chi \u00e8 allergico al lattice<\/li>\n<li><strong>Brevetto richiesto<\/strong>: 2004011.9<\/li>\n<li><strong>Modello di registrazione<\/strong>: 6085879<\/li>\n<\/ul>\n<h4>Conclusione<\/h4>\n<p>Il <strong>Calmer\u00ae Night Mini Black<\/strong> di <strong>Flare Audio<\/strong> \u00e8 la soluzione per tutti coloro che soffrono di suoni fastidiosi durante il sonno o in altri momenti di tranquillit\u00e0. Attenuando determinati suoni senza silenziarli completamente, il <strong>Calmer\u00ae Night Mini<\/strong> offre un ambiente sonoro pi\u00f9 tranquillo e privo di stress. Se soffri di iperacusia, misofonia o stress da rumore, il <strong>Calmer\u00ae Night Mini<\/strong> ti aiuta a dormire meglio e a rilassarti sia di notte che di giorno.  <\/p>\n<p>Ordina oggi stesso il tuo <strong>Flare Audio Calmer\u00ae Night Mini Black<\/strong> e prova tu stesso la differenza in termini di comfort sonoro e tranquillit\u00e0.<\/p>\n","protected":false},"excerpt":{"rendered":"<p>Flare Audio Calmer\u00ae Night Mini Nero - Per un sonno riposante e senza interruzioni In un mondo pieno di rumore, a volte \u00e8 difficile trovare la pace necessaria per dormire bene. Soprattutto le persone con un udito sensibile o con condizioni come l&#8217;iperacusia, la misofonia o lo stress da rumore possono avere difficolt\u00e0 a trovare &hellip; <\/p>\n","protected":false},"featured_media":140745,"template":"","meta":{"_acf_changed":false},"product_brand":[],"product_cat":[7675,7656],"product_tag":[],"class_list":["post-140737","product","type-product","status-publish","has-post-thumbnail","product_cat-piu-calmo","product_cat-vendita","grid-sizer","latest_post","first","instock","sale","taxable","shipping-taxable","purchasable","product-type-simple"],"acf":[],"yoast_head":"<!-- This site is optimized with the Yoast SEO Premium plugin v27.4 (Yoast SEO v28.3) - https:\/\/yoast.com\/product\/yoast-seo-premium-wordpress\/ -->\n<title>Flare Audio Calmer Night mini Nero | Horend Goed Audiciens<\/title>\n<meta name=\"robots\" content=\"index, follow, max-snippet:-1, max-image-preview:large, max-video-preview:-1\" \/>\n<link rel=\"canonical\" href=\"https:\/\/www.horendgoed.nl\/it\/shop\/tranquillanti\/piu-calmo\/flare-audio-calmer-night-mini-nero\/\" \/>\n<meta property=\"og:locale\" content=\"it_IT\" \/>\n<meta property=\"og:type\" content=\"article\" \/>\n<meta property=\"og:title\" content=\"Flare Audio Calmer Night mini Nero\" \/>\n<meta property=\"og:description\" content=\"Flare Audio Calmer\u00ae Night Mini Nero - Per un sonno riposante e senza interruzioni In un mondo pieno di rumore, a volte \u00e8 difficile trovare la pace necessaria per dormire bene. Soprattutto le persone con un udito sensibile o con condizioni come l&#8217;iperacusia, la misofonia o lo stress da rumore possono avere difficolt\u00e0 a trovare &hellip;\" \/>\n<meta property=\"og:url\" content=\"https:\/\/www.horendgoed.nl\/it\/shop\/tranquillanti\/piu-calmo\/flare-audio-calmer-night-mini-nero\/\" \/>\n<meta property=\"og:site_name\" content=\"Horend Goed Audiciens\" \/>\n<meta property=\"article:publisher\" content=\"https:\/\/www.facebook.com\/horendgoed\" \/>\n<meta property=\"article:modified_time\" content=\"2025-07-28T12:33:36+00:00\" \/>\n<meta property=\"og:image\" content=\"https:\/\/www.horendgoed.nl\/wp-content\/uploads\/2022\/12\/cal-si-mini-night-blk-photoroom.jpg\" \/>\n\t<meta property=\"og:image:width\" content=\"2000\" \/>\n\t<meta property=\"og:image:height\" content=\"2000\" \/>\n\t<meta property=\"og:image:type\" content=\"image\/jpeg\" \/>\n<script type=\"application\/ld+json\" class=\"yoast-schema-graph\">{\"@context\":\"https:\\\/\\\/schema.org\",\"@graph\":[{\"@type\":\"WebPage\",\"@id\":\"https:\\\/\\\/www.horendgoed.nl\\\/it\\\/shop\\\/tranquillanti\\\/piu-calmo\\\/flare-audio-calmer-night-mini-nero\\\/\",\"url\":\"https:\\\/\\\/www.horendgoed.nl\\\/it\\\/shop\\\/tranquillanti\\\/piu-calmo\\\/flare-audio-calmer-night-mini-nero\\\/\",\"name\":\"Flare Audio Calmer Night mini Nero | Horend Goed Audiciens\",\"isPartOf\":{\"@id\":\"https:\\\/\\\/www.horendgoed.nl\\\/it\\\/#website\"},\"primaryImageOfPage\":{\"@id\":\"https:\\\/\\\/www.horendgoed.nl\\\/it\\\/shop\\\/tranquillanti\\\/piu-calmo\\\/flare-audio-calmer-night-mini-nero\\\/#primaryimage\"},\"image\":{\"@id\":\"https:\\\/\\\/www.horendgoed.nl\\\/it\\\/shop\\\/tranquillanti\\\/piu-calmo\\\/flare-audio-calmer-night-mini-nero\\\/#primaryimage\"},\"thumbnailUrl\":\"https:\\\/\\\/www.horendgoed.nl\\\/wp-content\\\/uploads\\\/2022\\\/12\\\/cal-si-mini-night-blk-photoroom.jpg\",\"datePublished\":\"2022-12-13T11:02:41+00:00\",\"dateModified\":\"2025-07-28T12:33:36+00:00\",\"breadcrumb\":{\"@id\":\"https:\\\/\\\/www.horendgoed.nl\\\/it\\\/shop\\\/tranquillanti\\\/piu-calmo\\\/flare-audio-calmer-night-mini-nero\\\/#breadcrumb\"},\"inLanguage\":\"it-IT\",\"potentialAction\":[{\"@type\":\"ReadAction\",\"target\":[\"https:\\\/\\\/www.horendgoed.nl\\\/it\\\/shop\\\/tranquillanti\\\/piu-calmo\\\/flare-audio-calmer-night-mini-nero\\\/\"]}]},{\"@type\":\"ImageObject\",\"inLanguage\":\"it-IT\",\"@id\":\"https:\\\/\\\/www.horendgoed.nl\\\/it\\\/shop\\\/tranquillanti\\\/piu-calmo\\\/flare-audio-calmer-night-mini-nero\\\/#primaryimage\",\"url\":\"https:\\\/\\\/www.horendgoed.nl\\\/wp-content\\\/uploads\\\/2022\\\/12\\\/cal-si-mini-night-blk-photoroom.jpg\",\"contentUrl\":\"https:\\\/\\\/www.horendgoed.nl\\\/wp-content\\\/uploads\\\/2022\\\/12\\\/cal-si-mini-night-blk-photoroom.jpg\",\"width\":2000,\"height\":2000},{\"@type\":\"BreadcrumbList\",\"@id\":\"https:\\\/\\\/www.horendgoed.nl\\\/it\\\/shop\\\/tranquillanti\\\/piu-calmo\\\/flare-audio-calmer-night-mini-nero\\\/#breadcrumb\",\"itemListElement\":[{\"@type\":\"ListItem\",\"position\":1,\"name\":\"Casa\",\"item\":\"https:\\\/\\\/www.horendgoed.nl\\\/it\\\/\"},{\"@type\":\"ListItem\",\"position\":2,\"name\":\"Prodotti\",\"item\":\"https:\\\/\\\/www.horendgoed.nl\\\/it\\\/negozio\\\/prodotti\\\/\"},{\"@type\":\"ListItem\",\"position\":3,\"name\":\"Flare Audio Calmer Night mini Nero\"}]},{\"@type\":\"WebSite\",\"@id\":\"https:\\\/\\\/www.horendgoed.nl\\\/it\\\/#website\",\"url\":\"https:\\\/\\\/www.horendgoed.nl\\\/it\\\/\",\"name\":\"Horend Goed Audiciens\",\"description\":\"Luistert Beter\",\"publisher\":{\"@id\":\"https:\\\/\\\/www.horendgoed.nl\\\/it\\\/#organization\"},\"potentialAction\":[{\"@type\":\"SearchAction\",\"target\":{\"@type\":\"EntryPoint\",\"urlTemplate\":\"https:\\\/\\\/www.horendgoed.nl\\\/it\\\/?s={search_term_string}\"},\"query-input\":{\"@type\":\"PropertyValueSpecification\",\"valueRequired\":true,\"valueName\":\"search_term_string\"}}],\"inLanguage\":\"it-IT\"},{\"@type\":\"Organization\",\"@id\":\"https:\\\/\\\/www.horendgoed.nl\\\/it\\\/#organization\",\"name\":\"Horend Goed\",\"url\":\"https:\\\/\\\/www.horendgoed.nl\\\/it\\\/\",\"logo\":{\"@type\":\"ImageObject\",\"inLanguage\":\"it-IT\",\"@id\":\"https:\\\/\\\/www.horendgoed.nl\\\/it\\\/#\\\/schema\\\/logo\\\/image\\\/\",\"url\":\"https:\\\/\\\/www.horendgoed.nl\\\/wp-content\\\/uploads\\\/2021\\\/05\\\/Logo-groot-e1621862526979.png\",\"contentUrl\":\"https:\\\/\\\/www.horendgoed.nl\\\/wp-content\\\/uploads\\\/2021\\\/05\\\/Logo-groot-e1621862526979.png\",\"width\":509,\"height\":100,\"caption\":\"Horend Goed\"},\"image\":{\"@id\":\"https:\\\/\\\/www.horendgoed.nl\\\/it\\\/#\\\/schema\\\/logo\\\/image\\\/\"},\"sameAs\":[\"https:\\\/\\\/www.facebook.com\\\/horendgoed\",\"https:\\\/\\\/www.instagram.com\\\/horendgoed\\\/\",\"https:\\\/\\\/www.linkedin.com\\\/company\\\/horend-goed\\\/\",\"https:\\\/\\\/www.youtube.com\\\/@horendgoed\"],\"email\":\"info@horendgoed.nl\",\"telephone\":\"075 20 25 203\",\"vatID\":\"NL 853 756 193 B01\"}]}<\/script>\n<!-- \/ Yoast SEO Premium plugin. -->","yoast_head_json":{"title":"Flare Audio Calmer Night mini Nero | Horend Goed Audiciens","robots":{"index":"index","follow":"follow","max-snippet":"max-snippet:-1","max-image-preview":"max-image-preview:large","max-video-preview":"max-video-preview:-1"},"canonical":"https:\/\/www.horendgoed.nl\/it\/shop\/tranquillanti\/piu-calmo\/flare-audio-calmer-night-mini-nero\/","og_locale":"it_IT","og_type":"article","og_title":"Flare Audio Calmer Night mini Nero","og_description":"Flare Audio Calmer\u00ae Night Mini Nero - Per un sonno riposante e senza interruzioni In un mondo pieno di rumore, a volte \u00e8 difficile trovare la pace necessaria per dormire bene. Soprattutto le persone con un udito sensibile o con condizioni come l&#8217;iperacusia, la misofonia o lo stress da rumore possono avere difficolt\u00e0 a trovare &hellip;","og_url":"https:\/\/www.horendgoed.nl\/it\/shop\/tranquillanti\/piu-calmo\/flare-audio-calmer-night-mini-nero\/","og_site_name":"Horend Goed Audiciens","article_publisher":"https:\/\/www.facebook.com\/horendgoed","article_modified_time":"2025-07-28T12:33:36+00:00","og_image":[{"width":2000,"height":2000,"url":"https:\/\/www.horendgoed.nl\/wp-content\/uploads\/2022\/12\/cal-si-mini-night-blk-photoroom.jpg","type":"image\/jpeg"}],"schema":{"@context":"https:\/\/schema.org","@graph":[{"@type":"WebPage","@id":"https:\/\/www.horendgoed.nl\/it\/shop\/tranquillanti\/piu-calmo\/flare-audio-calmer-night-mini-nero\/","url":"https:\/\/www.horendgoed.nl\/it\/shop\/tranquillanti\/piu-calmo\/flare-audio-calmer-night-mini-nero\/","name":"Flare Audio Calmer Night mini Nero | Horend Goed Audiciens","isPartOf":{"@id":"https:\/\/www.horendgoed.nl\/it\/#website"},"primaryImageOfPage":{"@id":"https:\/\/www.horendgoed.nl\/it\/shop\/tranquillanti\/piu-calmo\/flare-audio-calmer-night-mini-nero\/#primaryimage"},"image":{"@id":"https:\/\/www.horendgoed.nl\/it\/shop\/tranquillanti\/piu-calmo\/flare-audio-calmer-night-mini-nero\/#primaryimage"},"thumbnailUrl":"https:\/\/www.horendgoed.nl\/wp-content\/uploads\/2022\/12\/cal-si-mini-night-blk-photoroom.jpg","datePublished":"2022-12-13T11:02:41+00:00","dateModified":"2025-07-28T12:33:36+00:00","breadcrumb":{"@id":"https:\/\/www.horendgoed.nl\/it\/shop\/tranquillanti\/piu-calmo\/flare-audio-calmer-night-mini-nero\/#breadcrumb"},"inLanguage":"it-IT","potentialAction":[{"@type":"ReadAction","target":["https:\/\/www.horendgoed.nl\/it\/shop\/tranquillanti\/piu-calmo\/flare-audio-calmer-night-mini-nero\/"]}]},{"@type":"ImageObject","inLanguage":"it-IT","@id":"https:\/\/www.horendgoed.nl\/it\/shop\/tranquillanti\/piu-calmo\/flare-audio-calmer-night-mini-nero\/#primaryimage","url":"https:\/\/www.horendgoed.nl\/wp-content\/uploads\/2022\/12\/cal-si-mini-night-blk-photoroom.jpg","contentUrl":"https:\/\/www.horendgoed.nl\/wp-content\/uploads\/2022\/12\/cal-si-mini-night-blk-photoroom.jpg","width":2000,"height":2000},{"@type":"BreadcrumbList","@id":"https:\/\/www.horendgoed.nl\/it\/shop\/tranquillanti\/piu-calmo\/flare-audio-calmer-night-mini-nero\/#breadcrumb","itemListElement":[{"@type":"ListItem","position":1,"name":"Casa","item":"https:\/\/www.horendgoed.nl\/it\/"},{"@type":"ListItem","position":2,"name":"Prodotti","item":"https:\/\/www.horendgoed.nl\/it\/negozio\/prodotti\/"},{"@type":"ListItem","position":3,"name":"Flare Audio Calmer Night mini Nero"}]},{"@type":"WebSite","@id":"https:\/\/www.horendgoed.nl\/it\/#website","url":"https:\/\/www.horendgoed.nl\/it\/","name":"Horend Goed Audiciens","description":"Luistert Beter","publisher":{"@id":"https:\/\/www.horendgoed.nl\/it\/#organization"},"potentialAction":[{"@type":"SearchAction","target":{"@type":"EntryPoint","urlTemplate":"https:\/\/www.horendgoed.nl\/it\/?s={search_term_string}"},"query-input":{"@type":"PropertyValueSpecification","valueRequired":true,"valueName":"search_term_string"}}],"inLanguage":"it-IT"},{"@type":"Organization","@id":"https:\/\/www.horendgoed.nl\/it\/#organization","name":"Horend Goed","url":"https:\/\/www.horendgoed.nl\/it\/","logo":{"@type":"ImageObject","inLanguage":"it-IT","@id":"https:\/\/www.horendgoed.nl\/it\/#\/schema\/logo\/image\/","url":"https:\/\/www.horendgoed.nl\/wp-content\/uploads\/2021\/05\/Logo-groot-e1621862526979.png","contentUrl":"https:\/\/www.horendgoed.nl\/wp-content\/uploads\/2021\/05\/Logo-groot-e1621862526979.png","width":509,"height":100,"caption":"Horend Goed"},"image":{"@id":"https:\/\/www.horendgoed.nl\/it\/#\/schema\/logo\/image\/"},"sameAs":["https:\/\/www.facebook.com\/horendgoed","https:\/\/www.instagram.com\/horendgoed\/","https:\/\/www.linkedin.com\/company\/horend-goed\/","https:\/\/www.youtube.com\/@horendgoed"],"email":"info@horendgoed.nl","telephone":"075 20 25 203","vatID":"NL 853 756 193 B01"}]}},"jetpack_sharing_enabled":true,"_links":{"self":[{"href":"https:\/\/www.horendgoed.nl\/it\/wp-json\/wp\/v2\/product\/140737","targetHints":{"allow":["GET"]}}],"collection":[{"href":"https:\/\/www.horendgoed.nl\/it\/wp-json\/wp\/v2\/product"}],"about":[{"href":"https:\/\/www.horendgoed.nl\/it\/wp-json\/wp\/v2\/types\/product"}],"wp:featuredmedia":[{"embeddable":true,"href":"https:\/\/www.horendgoed.nl\/it\/wp-json\/wp\/v2\/media\/140745"}],"wp:attachment":[{"href":"https:\/\/www.horendgoed.nl\/it\/wp-json\/wp\/v2\/media?parent=140737"}],"wp:term":[{"taxonomy":"product_brand","embeddable":true,"href":"https:\/\/www.horendgoed.nl\/it\/wp-json\/wp\/v2\/product_brand?post=140737"},{"taxonomy":"product_cat","embeddable":true,"href":"https:\/\/www.horendgoed.nl\/it\/wp-json\/wp\/v2\/product_cat?post=140737"},{"taxonomy":"product_tag","embeddable":true,"href":"https:\/\/www.horendgoed.nl\/it\/wp-json\/wp\/v2\/product_tag?post=140737"}],"curies":[{"name":"wp","href":"https:\/\/api.w.org\/{rel}","templated":true}]}}