{"id":141888,"date":"2023-03-30T14:50:38","date_gmt":"2023-03-30T12:50:38","guid":{"rendered":"https:\/\/www.horendgoed.nl\/shop\/senza-categoria\/paraorecchie-alecto-per-bambini-verde\/"},"modified":"2025-10-31T17:36:56","modified_gmt":"2025-10-31T16:36:56","slug":"paraorecchie-alecto-per-bambini-verde","status":"publish","type":"product","link":"https:\/\/www.horendgoed.nl\/it\/shop\/protezione-delludito\/protettori-acustici-per-bambini\/paraorecchie-alecto-per-bambini-verde\/","title":{"rendered":"Paraorecchie Alecto per bambini verde"},"content":{"rendered":"<h3>Paraorecchie Alecto BV-71 per bambini dai 18 mesi in su<\/h3>\n<h4>Proteggi l&#8217;udito del tuo bambino dai suoni nocivi<\/h4>\n<p>I bambini piccoli sono esposti quotidianamente a diversi rumori forti. Pensa ai giochi con gli altri bambini nel cortile della scuola, al rumore di un&#8217;aula affollata, ai clacson delle auto nel traffico o ai giocattoli che fanno rumore. Sapevi che il rumore nel cortile di una scuola affollata pu\u00f2 raggiungere spesso gli 85 decibel o pi\u00f9? Suoni di 80 decibel e oltre possono gi\u00e0 essere dannosi per l&#8217;udito, soprattutto nei bambini piccoli.<\/p>\n<p>Poich\u00e9 nei bambini piccoli l&#8217;udito si sta ancora sviluppando, \u00e8 particolarmente vulnerabile. L&#8217;orecchio di un bambino tollera meno rumore rispetto a quello di un adulto, quindi i rumori forti possono causare danni pi\u00f9 rapidamente. Infatti, le ricerche dimostrano che 1 bambino su 8 subisce danni permanenti all&#8217;udito. Questo pu\u00f2 portare a problemi a lungo termine come disturbi della concentrazione, problemi del sonno, stress e persino ritardi nello sviluppo del linguaggio. Come genitore, \u00e8 naturale che tu voglia fare tutto il possibile per prevenire questi danni e proteggere l&#8217;udito di tuo figlio.<\/p>\n<h4>Paraorecchie Alecto BV-71: La protezione dell&#8217;udito ideale per i bambini<\/h4>\n<p>Le <strong>cuffie Alecto BV-71<\/strong> sono state progettate appositamente per proteggere l&#8217;udito dei bambini dai 18 mesi in su dai rumori nocivi. Queste cuffie sono ideali per essere utilizzate in ambienti rumorosi, come durante feste, parate, spettacoli pirotecnici, concerti e gare di auto e moto. La protezione per l&#8217;udito Alecto \u00e8 in grado di attenuare i suoni nocivi e forti fino a 29 decibel, mentre il bambino rimane in contatto con l&#8217;ambiente. Questo significa che il tuo bambino \u00e8 al sicuro, senza essere completamente tagliato fuori dal mondo esterno.<\/p>\n<p>Ci\u00f2 che rende queste cuffie cos\u00ec adatte ai bambini non \u00e8 solo l&#8217;efficace attenuazione del rumore, ma anche il comfort e la facilit\u00e0 d&#8217;uso. I paraorecchie Alecto BV-71 sono disponibili in diversi colori alla moda, che li rendono interessanti da indossare per i bambini. Inoltre, sono pieghevoli per poterli trasportare facilmente in borsa, ideali per i viaggi o le vacanze.<\/p>\n<h4>Comfort e durata in un unico prodotto<\/h4>\n<p>Le <strong>cuffie Alecto BV-71<\/strong> non sono solo pratiche, ma anche molto comode. Grazie all&#8217;archetto regolabile, le cuffie crescono con il bambino e possono essere utilizzate per anni. L&#8217;archetto \u00e8 dotato di una morbida fodera che rende le cuffie comode da indossare anche durante l&#8217;uso prolungato. Questo \u00e8 particolarmente importante per i bambini pi\u00f9 piccoli, che possono avvertire rapidamente il fastidio di indossare cuffie meno curate.   <\/p>\n<p>Grazie all \u201carchetto regolabile e alla leggerezza delle cuffie, il bambino non si accorger\u00e0 quasi di averle in testa. Questo li rende ideali per un uso prolungato in situazioni in cui la protezione dell\u201d udito \u00e8 essenziale. <\/p>\n<h4>Aiuta a risolvere i problemi di concentrazione<\/h4>\n<p>Oltre a proteggere dai rumori forti, le <strong>cuffie Alecto BV-71<\/strong> possono aiutare a risolvere i problemi di concentrazione. In un ambiente rumoroso, come una classe o una stanza affollata, i bambini possono essere rapidamente sovraccaricati dal rumore ambientale. Questo pu\u00f2 rendere difficile concentrarsi sui compiti o sulla lettura.  <\/p>\n<p>Le cuffie Alecto aiutano il bambino a concentrarsi attutendo i suoni che lo distraggono senza escluderlo completamente dall&#8217;ambiente circostante. In questo modo \u00e8 pi\u00f9 facile concentrarsi sui propri compiti e pu\u00f2 contribuire a migliorare le prestazioni di apprendimento. <\/p>\n<h4>Conclusione: scegli una protezione acustica affidabile<\/h4>\n<p>Come genitore, vuoi il meglio per tuo figlio e questo include la protezione del suo udito da influenze dannose. Le <strong>cuffie Alecto BV-71<\/strong> offrono una soluzione efficace e confortevole per i bambini dai 18 mesi in su. Se stai cercando una protezione per l&#8217;udito durante un evento o semplicemente per aiutare tuo figlio a concentrarsi meglio, le Alecto BV-71 sono una scelta affidabile. Proteggi l&#8217;udito di tuo figlio oggi stesso con le cuffie Alecto BV-71 e previeni i danni all&#8217;udito a lungo termine.<\/p>\n","protected":false},"excerpt":{"rendered":"<p>Paraorecchie Alecto BV-71 per bambini dai 18 mesi in su Proteggi l&#8217;udito del tuo bambino dai suoni nocivi I bambini piccoli sono esposti quotidianamente a diversi rumori forti. Pensa ai giochi con gli altri bambini nel cortile della scuola, al rumore di un&#8217;aula affollata, ai clacson delle auto nel traffico o ai giocattoli che fanno &hellip; <\/p>\n","protected":false},"featured_media":141894,"template":"","meta":{"_acf_changed":false},"product_brand":[],"product_cat":[7699,7698,7671,7656],"product_tag":[],"class_list":["post-141888","product","type-product","status-publish","has-post-thumbnail","product_cat-paraorecchie","product_cat-protettori-acustici-per-bambini","product_cat-protezione-delludito","product_cat-vendita","grid-sizer","latest_post","first","outofstock","sale","taxable","shipping-taxable","purchasable","product-type-simple"],"acf":[],"yoast_head":"<!-- This site is optimized with the Yoast SEO Premium plugin v27.4 (Yoast SEO v28.3) - https:\/\/yoast.com\/product\/yoast-seo-premium-wordpress\/ -->\n<title>Paraorecchie Alecto per bambini verde | Horend Goed Audiciens<\/title>\n<meta name=\"robots\" content=\"index, follow, max-snippet:-1, max-image-preview:large, max-video-preview:-1\" \/>\n<link rel=\"canonical\" href=\"https:\/\/www.horendgoed.nl\/it\/shop\/protezione-delludito\/protettori-acustici-per-bambini\/paraorecchie-alecto-per-bambini-verde\/\" \/>\n<meta property=\"og:locale\" content=\"it_IT\" \/>\n<meta property=\"og:type\" content=\"article\" \/>\n<meta property=\"og:title\" content=\"Paraorecchie Alecto per bambini verde\" \/>\n<meta property=\"og:description\" content=\"Paraorecchie Alecto BV-71 per bambini dai 18 mesi in su Proteggi l&#8217;udito del tuo bambino dai suoni nocivi I bambini piccoli sono esposti quotidianamente a diversi rumori forti. Pensa ai giochi con gli altri bambini nel cortile della scuola, al rumore di un&#8217;aula affollata, ai clacson delle auto nel traffico o ai giocattoli che fanno &hellip;\" \/>\n<meta property=\"og:url\" content=\"https:\/\/www.horendgoed.nl\/it\/shop\/protezione-delludito\/protettori-acustici-per-bambini\/paraorecchie-alecto-per-bambini-verde\/\" \/>\n<meta property=\"og:site_name\" content=\"Horend Goed Audiciens\" \/>\n<meta property=\"article:publisher\" content=\"https:\/\/www.facebook.com\/horendgoed\" \/>\n<meta property=\"article:modified_time\" content=\"2025-10-31T16:36:56+00:00\" \/>\n<meta property=\"og:image\" content=\"https:\/\/www.horendgoed.nl\/wp-content\/uploads\/2023\/03\/b4d2-0f06-4d73-82a2-800d6b53f8f3.png\" \/>\n\t<meta property=\"og:image:width\" content=\"1200\" \/>\n\t<meta property=\"og:image:height\" content=\"1200\" \/>\n\t<meta property=\"og:image:type\" content=\"image\/png\" \/>\n<script type=\"application\/ld+json\" class=\"yoast-schema-graph\">{\"@context\":\"https:\\\/\\\/schema.org\",\"@graph\":[{\"@type\":\"WebPage\",\"@id\":\"https:\\\/\\\/www.horendgoed.nl\\\/it\\\/shop\\\/protezione-delludito\\\/protettori-acustici-per-bambini\\\/paraorecchie-alecto-per-bambini-verde\\\/\",\"url\":\"https:\\\/\\\/www.horendgoed.nl\\\/it\\\/shop\\\/protezione-delludito\\\/protettori-acustici-per-bambini\\\/paraorecchie-alecto-per-bambini-verde\\\/\",\"name\":\"Paraorecchie Alecto per bambini verde | Horend Goed Audiciens\",\"isPartOf\":{\"@id\":\"https:\\\/\\\/www.horendgoed.nl\\\/it\\\/#website\"},\"primaryImageOfPage\":{\"@id\":\"https:\\\/\\\/www.horendgoed.nl\\\/it\\\/shop\\\/protezione-delludito\\\/protettori-acustici-per-bambini\\\/paraorecchie-alecto-per-bambini-verde\\\/#primaryimage\"},\"image\":{\"@id\":\"https:\\\/\\\/www.horendgoed.nl\\\/it\\\/shop\\\/protezione-delludito\\\/protettori-acustici-per-bambini\\\/paraorecchie-alecto-per-bambini-verde\\\/#primaryimage\"},\"thumbnailUrl\":\"https:\\\/\\\/www.horendgoed.nl\\\/wp-content\\\/uploads\\\/2023\\\/03\\\/b4d2-0f06-4d73-82a2-800d6b53f8f3.png\",\"datePublished\":\"2023-03-30T12:50:38+00:00\",\"dateModified\":\"2025-10-31T16:36:56+00:00\",\"breadcrumb\":{\"@id\":\"https:\\\/\\\/www.horendgoed.nl\\\/it\\\/shop\\\/protezione-delludito\\\/protettori-acustici-per-bambini\\\/paraorecchie-alecto-per-bambini-verde\\\/#breadcrumb\"},\"inLanguage\":\"it-IT\",\"potentialAction\":[{\"@type\":\"ReadAction\",\"target\":[\"https:\\\/\\\/www.horendgoed.nl\\\/it\\\/shop\\\/protezione-delludito\\\/protettori-acustici-per-bambini\\\/paraorecchie-alecto-per-bambini-verde\\\/\"]}]},{\"@type\":\"ImageObject\",\"inLanguage\":\"it-IT\",\"@id\":\"https:\\\/\\\/www.horendgoed.nl\\\/it\\\/shop\\\/protezione-delludito\\\/protettori-acustici-per-bambini\\\/paraorecchie-alecto-per-bambini-verde\\\/#primaryimage\",\"url\":\"https:\\\/\\\/www.horendgoed.nl\\\/wp-content\\\/uploads\\\/2023\\\/03\\\/b4d2-0f06-4d73-82a2-800d6b53f8f3.png\",\"contentUrl\":\"https:\\\/\\\/www.horendgoed.nl\\\/wp-content\\\/uploads\\\/2023\\\/03\\\/b4d2-0f06-4d73-82a2-800d6b53f8f3.png\",\"width\":1200,\"height\":1200},{\"@type\":\"BreadcrumbList\",\"@id\":\"https:\\\/\\\/www.horendgoed.nl\\\/it\\\/shop\\\/protezione-delludito\\\/protettori-acustici-per-bambini\\\/paraorecchie-alecto-per-bambini-verde\\\/#breadcrumb\",\"itemListElement\":[{\"@type\":\"ListItem\",\"position\":1,\"name\":\"Casa\",\"item\":\"https:\\\/\\\/www.horendgoed.nl\\\/it\\\/\"},{\"@type\":\"ListItem\",\"position\":2,\"name\":\"Prodotti\",\"item\":\"https:\\\/\\\/www.horendgoed.nl\\\/it\\\/negozio\\\/prodotti\\\/\"},{\"@type\":\"ListItem\",\"position\":3,\"name\":\"Paraorecchie Alecto per bambini verde\"}]},{\"@type\":\"WebSite\",\"@id\":\"https:\\\/\\\/www.horendgoed.nl\\\/it\\\/#website\",\"url\":\"https:\\\/\\\/www.horendgoed.nl\\\/it\\\/\",\"name\":\"Horend Goed Audiciens\",\"description\":\"Luistert Beter\",\"publisher\":{\"@id\":\"https:\\\/\\\/www.horendgoed.nl\\\/it\\\/#organization\"},\"potentialAction\":[{\"@type\":\"SearchAction\",\"target\":{\"@type\":\"EntryPoint\",\"urlTemplate\":\"https:\\\/\\\/www.horendgoed.nl\\\/it\\\/?s={search_term_string}\"},\"query-input\":{\"@type\":\"PropertyValueSpecification\",\"valueRequired\":true,\"valueName\":\"search_term_string\"}}],\"inLanguage\":\"it-IT\"},{\"@type\":\"Organization\",\"@id\":\"https:\\\/\\\/www.horendgoed.nl\\\/it\\\/#organization\",\"name\":\"Horend Goed\",\"url\":\"https:\\\/\\\/www.horendgoed.nl\\\/it\\\/\",\"logo\":{\"@type\":\"ImageObject\",\"inLanguage\":\"it-IT\",\"@id\":\"https:\\\/\\\/www.horendgoed.nl\\\/it\\\/#\\\/schema\\\/logo\\\/image\\\/\",\"url\":\"https:\\\/\\\/www.horendgoed.nl\\\/wp-content\\\/uploads\\\/2021\\\/05\\\/Logo-groot-e1621862526979.png\",\"contentUrl\":\"https:\\\/\\\/www.horendgoed.nl\\\/wp-content\\\/uploads\\\/2021\\\/05\\\/Logo-groot-e1621862526979.png\",\"width\":509,\"height\":100,\"caption\":\"Horend Goed\"},\"image\":{\"@id\":\"https:\\\/\\\/www.horendgoed.nl\\\/it\\\/#\\\/schema\\\/logo\\\/image\\\/\"},\"sameAs\":[\"https:\\\/\\\/www.facebook.com\\\/horendgoed\",\"https:\\\/\\\/www.instagram.com\\\/horendgoed\\\/\",\"https:\\\/\\\/www.linkedin.com\\\/company\\\/horend-goed\\\/\",\"https:\\\/\\\/www.youtube.com\\\/@horendgoed\"],\"email\":\"info@horendgoed.nl\",\"telephone\":\"075 20 25 203\",\"vatID\":\"NL 853 756 193 B01\"}]}<\/script>\n<!-- \/ Yoast SEO Premium plugin. -->","yoast_head_json":{"title":"Paraorecchie Alecto per bambini verde | Horend Goed Audiciens","robots":{"index":"index","follow":"follow","max-snippet":"max-snippet:-1","max-image-preview":"max-image-preview:large","max-video-preview":"max-video-preview:-1"},"canonical":"https:\/\/www.horendgoed.nl\/it\/shop\/protezione-delludito\/protettori-acustici-per-bambini\/paraorecchie-alecto-per-bambini-verde\/","og_locale":"it_IT","og_type":"article","og_title":"Paraorecchie Alecto per bambini verde","og_description":"Paraorecchie Alecto BV-71 per bambini dai 18 mesi in su Proteggi l&#8217;udito del tuo bambino dai suoni nocivi I bambini piccoli sono esposti quotidianamente a diversi rumori forti. Pensa ai giochi con gli altri bambini nel cortile della scuola, al rumore di un&#8217;aula affollata, ai clacson delle auto nel traffico o ai giocattoli che fanno &hellip;","og_url":"https:\/\/www.horendgoed.nl\/it\/shop\/protezione-delludito\/protettori-acustici-per-bambini\/paraorecchie-alecto-per-bambini-verde\/","og_site_name":"Horend Goed Audiciens","article_publisher":"https:\/\/www.facebook.com\/horendgoed","article_modified_time":"2025-10-31T16:36:56+00:00","og_image":[{"width":1200,"height":1200,"url":"https:\/\/www.horendgoed.nl\/wp-content\/uploads\/2023\/03\/b4d2-0f06-4d73-82a2-800d6b53f8f3.png","type":"image\/png"}],"schema":{"@context":"https:\/\/schema.org","@graph":[{"@type":"WebPage","@id":"https:\/\/www.horendgoed.nl\/it\/shop\/protezione-delludito\/protettori-acustici-per-bambini\/paraorecchie-alecto-per-bambini-verde\/","url":"https:\/\/www.horendgoed.nl\/it\/shop\/protezione-delludito\/protettori-acustici-per-bambini\/paraorecchie-alecto-per-bambini-verde\/","name":"Paraorecchie Alecto per bambini verde | Horend Goed Audiciens","isPartOf":{"@id":"https:\/\/www.horendgoed.nl\/it\/#website"},"primaryImageOfPage":{"@id":"https:\/\/www.horendgoed.nl\/it\/shop\/protezione-delludito\/protettori-acustici-per-bambini\/paraorecchie-alecto-per-bambini-verde\/#primaryimage"},"image":{"@id":"https:\/\/www.horendgoed.nl\/it\/shop\/protezione-delludito\/protettori-acustici-per-bambini\/paraorecchie-alecto-per-bambini-verde\/#primaryimage"},"thumbnailUrl":"https:\/\/www.horendgoed.nl\/wp-content\/uploads\/2023\/03\/b4d2-0f06-4d73-82a2-800d6b53f8f3.png","datePublished":"2023-03-30T12:50:38+00:00","dateModified":"2025-10-31T16:36:56+00:00","breadcrumb":{"@id":"https:\/\/www.horendgoed.nl\/it\/shop\/protezione-delludito\/protettori-acustici-per-bambini\/paraorecchie-alecto-per-bambini-verde\/#breadcrumb"},"inLanguage":"it-IT","potentialAction":[{"@type":"ReadAction","target":["https:\/\/www.horendgoed.nl\/it\/shop\/protezione-delludito\/protettori-acustici-per-bambini\/paraorecchie-alecto-per-bambini-verde\/"]}]},{"@type":"ImageObject","inLanguage":"it-IT","@id":"https:\/\/www.horendgoed.nl\/it\/shop\/protezione-delludito\/protettori-acustici-per-bambini\/paraorecchie-alecto-per-bambini-verde\/#primaryimage","url":"https:\/\/www.horendgoed.nl\/wp-content\/uploads\/2023\/03\/b4d2-0f06-4d73-82a2-800d6b53f8f3.png","contentUrl":"https:\/\/www.horendgoed.nl\/wp-content\/uploads\/2023\/03\/b4d2-0f06-4d73-82a2-800d6b53f8f3.png","width":1200,"height":1200},{"@type":"BreadcrumbList","@id":"https:\/\/www.horendgoed.nl\/it\/shop\/protezione-delludito\/protettori-acustici-per-bambini\/paraorecchie-alecto-per-bambini-verde\/#breadcrumb","itemListElement":[{"@type":"ListItem","position":1,"name":"Casa","item":"https:\/\/www.horendgoed.nl\/it\/"},{"@type":"ListItem","position":2,"name":"Prodotti","item":"https:\/\/www.horendgoed.nl\/it\/negozio\/prodotti\/"},{"@type":"ListItem","position":3,"name":"Paraorecchie Alecto per bambini verde"}]},{"@type":"WebSite","@id":"https:\/\/www.horendgoed.nl\/it\/#website","url":"https:\/\/www.horendgoed.nl\/it\/","name":"Horend Goed Audiciens","description":"Luistert Beter","publisher":{"@id":"https:\/\/www.horendgoed.nl\/it\/#organization"},"potentialAction":[{"@type":"SearchAction","target":{"@type":"EntryPoint","urlTemplate":"https:\/\/www.horendgoed.nl\/it\/?s={search_term_string}"},"query-input":{"@type":"PropertyValueSpecification","valueRequired":true,"valueName":"search_term_string"}}],"inLanguage":"it-IT"},{"@type":"Organization","@id":"https:\/\/www.horendgoed.nl\/it\/#organization","name":"Horend Goed","url":"https:\/\/www.horendgoed.nl\/it\/","logo":{"@type":"ImageObject","inLanguage":"it-IT","@id":"https:\/\/www.horendgoed.nl\/it\/#\/schema\/logo\/image\/","url":"https:\/\/www.horendgoed.nl\/wp-content\/uploads\/2021\/05\/Logo-groot-e1621862526979.png","contentUrl":"https:\/\/www.horendgoed.nl\/wp-content\/uploads\/2021\/05\/Logo-groot-e1621862526979.png","width":509,"height":100,"caption":"Horend Goed"},"image":{"@id":"https:\/\/www.horendgoed.nl\/it\/#\/schema\/logo\/image\/"},"sameAs":["https:\/\/www.facebook.com\/horendgoed","https:\/\/www.instagram.com\/horendgoed\/","https:\/\/www.linkedin.com\/company\/horend-goed\/","https:\/\/www.youtube.com\/@horendgoed"],"email":"info@horendgoed.nl","telephone":"075 20 25 203","vatID":"NL 853 756 193 B01"}]}},"jetpack_sharing_enabled":true,"_links":{"self":[{"href":"https:\/\/www.horendgoed.nl\/it\/wp-json\/wp\/v2\/product\/141888","targetHints":{"allow":["GET"]}}],"collection":[{"href":"https:\/\/www.horendgoed.nl\/it\/wp-json\/wp\/v2\/product"}],"about":[{"href":"https:\/\/www.horendgoed.nl\/it\/wp-json\/wp\/v2\/types\/product"}],"wp:featuredmedia":[{"embeddable":true,"href":"https:\/\/www.horendgoed.nl\/it\/wp-json\/wp\/v2\/media\/141894"}],"wp:attachment":[{"href":"https:\/\/www.horendgoed.nl\/it\/wp-json\/wp\/v2\/media?parent=141888"}],"wp:term":[{"taxonomy":"product_brand","embeddable":true,"href":"https:\/\/www.horendgoed.nl\/it\/wp-json\/wp\/v2\/product_brand?post=141888"},{"taxonomy":"product_cat","embeddable":true,"href":"https:\/\/www.horendgoed.nl\/it\/wp-json\/wp\/v2\/product_cat?post=141888"},{"taxonomy":"product_tag","embeddable":true,"href":"https:\/\/www.horendgoed.nl\/it\/wp-json\/wp\/v2\/product_tag?post=141888"}],"curies":[{"name":"wp","href":"https:\/\/api.w.org\/{rel}","templated":true}]}}