{"id":146867,"date":"2023-03-30T15:50:48","date_gmt":"2023-03-30T13:50:48","guid":{"rendered":"https:\/\/www.horendgoed.nl\/shop\/senza-categoria\/paraorecchie-alecto-per-bambini-arancione\/"},"modified":"2025-03-24T12:56:41","modified_gmt":"2025-03-24T11:56:41","slug":"paraorecchie-alecto-per-bambini-arancione","status":"publish","type":"product","link":"https:\/\/www.horendgoed.nl\/it\/shop\/protezione-delludito\/protettori-acustici-per-bambini\/paraorecchie-alecto-per-bambini-arancione\/","title":{"rendered":"Paraorecchie Alecto per bambini arancione"},"content":{"rendered":"<p><strong>Protezione dell&#8217;udito per il tuo bambino: perch\u00e9?<\/strong><\/p>\n<p>Molti bambini soffrono di problemi di udito a causa di un&#8217;ipoacusia. E purtroppo questo gruppo \u00e8 in costante aumento. Diversi studi lo hanno dimostrato. E la causa \u00e8 altrettanto chiara: l&#8217;udito di un bambino si sta ancora sviluppando e quindi \u00e8 meno resistente ai rumori forti. A questo si aggiunge il fatto che viviamo in una societ\u00e0 in cui a volte si ha a che fare con molti decibel, come i fuochi d&#8217;artificio a Capodanno o gli impianti audio di festival, fiere e altri eventi.    <\/p>\n<p><strong>Vai a un festival con il tuo bambino: porta con te una protezione per l&#8217;udito!<\/strong><\/p>\n<p>Uno dei luoghi in cui i bambini sono sempre pi\u00f9 esposti a un rumore eccessivo sono i festival. Negli ultimi anni sono stati organizzati sempre pi\u00f9 festival e il gruppo di visitatori \u00e8 pi\u00f9 ampio che mai. Se un tempo i festival erano frequentati soprattutto da giovani, oggi non \u00e8 pi\u00f9 cos\u00ec. Sono diventati eventi in cui tutti vengono a godersi la musica e la cultura. Anche i genitori con bambini (piccoli) trasformano un festival in una giornata di divertimento. E questo, ovviamente, \u00e8 un grande divertimento, tutti insieme. Ma se porti il tuo bambino a un festival musicale, \u00e8 bene che porti con te una buona protezione dell&#8217;udito. Le protezioni acustiche BV-71 di Alecto per bambini sono un&#8217;ottima scelta in questo senso:       <\/p>\n<ul>\n<li>La protezione dell&#8217;udito attenua i suoni nocivi e forti, ma non esclude il bambino dal rumore ambientale (attenuazione 29dB SNR).<\/li>\n<li>La protezione acustica \u00e8 leggera e pieghevole, per cui \u00e8 facile da trasportare (ideale per eventi e festival).<\/li>\n<li>Grazie alla sua vestibilit\u00e0 universale, questa protezione acustica \u00e8 adatta ai bambini a partire dai 18 mesi.<\/li>\n<li>Confortevole grazie al morbido archetto<\/li>\n<li>Eseguito con un colore fresco<\/li>\n<li>Alecto: prodotti che semplificano la vita dei genitori<\/li>\n<\/ul>\n<p>Alecto \u00e8 nota per i prodotti che rendono la vita pi\u00f9 facile ai giovani genitori moderni. Forse ci conosci per i nostri premiati baby monitor, ma la nostra gamma \u00e8 molto pi\u00f9 ampia. La protezione acustica BV-71 per bambini \u00e8 stata sviluppata nelle nostre strutture di ricerca e sviluppo presso la sede centrale di Den Bosch, nei Paesi Bassi. Abbiamo condotto test approfonditi per garantire che questo prodotto sia il migliore per proteggere l&#8217;udito del tuo bambino. Con Alecto scegli un prodotto di alta qualit\u00e0, ben studiato e facile da usare.    <\/p>\n<p><strong>Cosa c&#8217;\u00e8 nella scatola?<\/strong><\/p>\n<ul>\n<li>Protettore dell&#8217;udito<\/li>\n<li>Manuale IT \/ DE \/ FR<\/li>\n<li>Manuale universale<\/li>\n<\/ul>\n","protected":false},"excerpt":{"rendered":"<p>Protezione dell&#8217;udito per il tuo bambino: perch\u00e9? Molti bambini soffrono di problemi di udito a causa di un&#8217;ipoacusia. E purtroppo questo gruppo \u00e8 in costante aumento. Diversi studi lo hanno dimostrato. E la causa \u00e8 altrettanto chiara: l&#8217;udito di un bambino si sta ancora sviluppando e quindi \u00e8 meno resistente ai rumori forti. A questo &hellip; <\/p>\n","protected":false},"featured_media":0,"template":"","meta":{"_acf_changed":false},"product_brand":[],"product_cat":[7699,7698,7671],"product_tag":[],"class_list":["post-146867","product","type-product","status-publish","product_cat-paraorecchie","product_cat-protettori-acustici-per-bambini","product_cat-protezione-delludito","grid-sizer","latest_post","first","outofstock","taxable","shipping-taxable","purchasable","product-type-simple"],"acf":[],"yoast_head":"<!-- This site is optimized with the Yoast SEO Premium plugin v27.4 (Yoast SEO v28.3) - https:\/\/yoast.com\/product\/yoast-seo-premium-wordpress\/ -->\n<title>Paraorecchie Alecto per bambini arancione | Horend Goed Audiciens<\/title>\n<meta name=\"robots\" content=\"index, follow, max-snippet:-1, max-image-preview:large, max-video-preview:-1\" \/>\n<link rel=\"canonical\" href=\"https:\/\/www.horendgoed.nl\/it\/shop\/protezione-delludito\/protettori-acustici-per-bambini\/paraorecchie-alecto-per-bambini-arancione\/\" \/>\n<meta property=\"og:locale\" content=\"it_IT\" \/>\n<meta property=\"og:type\" content=\"article\" \/>\n<meta property=\"og:title\" content=\"Paraorecchie Alecto per bambini arancione\" \/>\n<meta property=\"og:description\" content=\"Protezione dell&#8217;udito per il tuo bambino: perch\u00e9? Molti bambini soffrono di problemi di udito a causa di un&#8217;ipoacusia. E purtroppo questo gruppo \u00e8 in costante aumento. Diversi studi lo hanno dimostrato. E la causa \u00e8 altrettanto chiara: l&#8217;udito di un bambino si sta ancora sviluppando e quindi \u00e8 meno resistente ai rumori forti. A questo &hellip;\" \/>\n<meta property=\"og:url\" content=\"https:\/\/www.horendgoed.nl\/it\/shop\/protezione-delludito\/protettori-acustici-per-bambini\/paraorecchie-alecto-per-bambini-arancione\/\" \/>\n<meta property=\"og:site_name\" content=\"Horend Goed Audiciens\" \/>\n<meta property=\"article:publisher\" content=\"https:\/\/www.facebook.com\/horendgoed\" \/>\n<meta property=\"article:modified_time\" content=\"2025-03-24T11:56:41+00:00\" \/>\n<meta property=\"og:image\" content=\"https:\/\/www.horendgoed.nl\/wp-content\/uploads\/2023\/10\/Horend-Goed-Yoast.jpg\" \/>\n\t<meta property=\"og:image:width\" content=\"1200\" \/>\n\t<meta property=\"og:image:height\" content=\"675\" \/>\n\t<meta property=\"og:image:type\" content=\"image\/jpeg\" \/>\n<script type=\"application\/ld+json\" class=\"yoast-schema-graph\">{\"@context\":\"https:\\\/\\\/schema.org\",\"@graph\":[{\"@type\":\"WebPage\",\"@id\":\"https:\\\/\\\/www.horendgoed.nl\\\/it\\\/shop\\\/protezione-delludito\\\/protettori-acustici-per-bambini\\\/paraorecchie-alecto-per-bambini-arancione\\\/\",\"url\":\"https:\\\/\\\/www.horendgoed.nl\\\/it\\\/shop\\\/protezione-delludito\\\/protettori-acustici-per-bambini\\\/paraorecchie-alecto-per-bambini-arancione\\\/\",\"name\":\"Paraorecchie Alecto per bambini arancione | Horend Goed Audiciens\",\"isPartOf\":{\"@id\":\"https:\\\/\\\/www.horendgoed.nl\\\/it\\\/#website\"},\"datePublished\":\"2023-03-30T13:50:48+00:00\",\"dateModified\":\"2025-03-24T11:56:41+00:00\",\"breadcrumb\":{\"@id\":\"https:\\\/\\\/www.horendgoed.nl\\\/it\\\/shop\\\/protezione-delludito\\\/protettori-acustici-per-bambini\\\/paraorecchie-alecto-per-bambini-arancione\\\/#breadcrumb\"},\"inLanguage\":\"it-IT\",\"potentialAction\":[{\"@type\":\"ReadAction\",\"target\":[\"https:\\\/\\\/www.horendgoed.nl\\\/it\\\/shop\\\/protezione-delludito\\\/protettori-acustici-per-bambini\\\/paraorecchie-alecto-per-bambini-arancione\\\/\"]}]},{\"@type\":\"BreadcrumbList\",\"@id\":\"https:\\\/\\\/www.horendgoed.nl\\\/it\\\/shop\\\/protezione-delludito\\\/protettori-acustici-per-bambini\\\/paraorecchie-alecto-per-bambini-arancione\\\/#breadcrumb\",\"itemListElement\":[{\"@type\":\"ListItem\",\"position\":1,\"name\":\"Casa\",\"item\":\"https:\\\/\\\/www.horendgoed.nl\\\/it\\\/\"},{\"@type\":\"ListItem\",\"position\":2,\"name\":\"Prodotti\",\"item\":\"https:\\\/\\\/www.horendgoed.nl\\\/it\\\/negozio\\\/prodotti\\\/\"},{\"@type\":\"ListItem\",\"position\":3,\"name\":\"Paraorecchie Alecto per bambini arancione\"}]},{\"@type\":\"WebSite\",\"@id\":\"https:\\\/\\\/www.horendgoed.nl\\\/it\\\/#website\",\"url\":\"https:\\\/\\\/www.horendgoed.nl\\\/it\\\/\",\"name\":\"Horend Goed Audiciens\",\"description\":\"Luistert Beter\",\"publisher\":{\"@id\":\"https:\\\/\\\/www.horendgoed.nl\\\/it\\\/#organization\"},\"potentialAction\":[{\"@type\":\"SearchAction\",\"target\":{\"@type\":\"EntryPoint\",\"urlTemplate\":\"https:\\\/\\\/www.horendgoed.nl\\\/it\\\/?s={search_term_string}\"},\"query-input\":{\"@type\":\"PropertyValueSpecification\",\"valueRequired\":true,\"valueName\":\"search_term_string\"}}],\"inLanguage\":\"it-IT\"},{\"@type\":\"Organization\",\"@id\":\"https:\\\/\\\/www.horendgoed.nl\\\/it\\\/#organization\",\"name\":\"Horend Goed\",\"url\":\"https:\\\/\\\/www.horendgoed.nl\\\/it\\\/\",\"logo\":{\"@type\":\"ImageObject\",\"inLanguage\":\"it-IT\",\"@id\":\"https:\\\/\\\/www.horendgoed.nl\\\/it\\\/#\\\/schema\\\/logo\\\/image\\\/\",\"url\":\"https:\\\/\\\/www.horendgoed.nl\\\/wp-content\\\/uploads\\\/2021\\\/05\\\/Logo-groot-e1621862526979.png\",\"contentUrl\":\"https:\\\/\\\/www.horendgoed.nl\\\/wp-content\\\/uploads\\\/2021\\\/05\\\/Logo-groot-e1621862526979.png\",\"width\":509,\"height\":100,\"caption\":\"Horend Goed\"},\"image\":{\"@id\":\"https:\\\/\\\/www.horendgoed.nl\\\/it\\\/#\\\/schema\\\/logo\\\/image\\\/\"},\"sameAs\":[\"https:\\\/\\\/www.facebook.com\\\/horendgoed\",\"https:\\\/\\\/www.instagram.com\\\/horendgoed\\\/\",\"https:\\\/\\\/www.linkedin.com\\\/company\\\/horend-goed\\\/\",\"https:\\\/\\\/www.youtube.com\\\/@horendgoed\"],\"email\":\"info@horendgoed.nl\",\"telephone\":\"075 20 25 203\",\"vatID\":\"NL 853 756 193 B01\"}]}<\/script>\n<!-- \/ Yoast SEO Premium plugin. -->","yoast_head_json":{"title":"Paraorecchie Alecto per bambini arancione | Horend Goed Audiciens","robots":{"index":"index","follow":"follow","max-snippet":"max-snippet:-1","max-image-preview":"max-image-preview:large","max-video-preview":"max-video-preview:-1"},"canonical":"https:\/\/www.horendgoed.nl\/it\/shop\/protezione-delludito\/protettori-acustici-per-bambini\/paraorecchie-alecto-per-bambini-arancione\/","og_locale":"it_IT","og_type":"article","og_title":"Paraorecchie Alecto per bambini arancione","og_description":"Protezione dell&#8217;udito per il tuo bambino: perch\u00e9? Molti bambini soffrono di problemi di udito a causa di un&#8217;ipoacusia. E purtroppo questo gruppo \u00e8 in costante aumento. Diversi studi lo hanno dimostrato. E la causa \u00e8 altrettanto chiara: l&#8217;udito di un bambino si sta ancora sviluppando e quindi \u00e8 meno resistente ai rumori forti. A questo &hellip;","og_url":"https:\/\/www.horendgoed.nl\/it\/shop\/protezione-delludito\/protettori-acustici-per-bambini\/paraorecchie-alecto-per-bambini-arancione\/","og_site_name":"Horend Goed Audiciens","article_publisher":"https:\/\/www.facebook.com\/horendgoed","article_modified_time":"2025-03-24T11:56:41+00:00","og_image":[{"width":1200,"height":675,"url":"https:\/\/www.horendgoed.nl\/wp-content\/uploads\/2023\/10\/Horend-Goed-Yoast.jpg","type":"image\/jpeg"}],"schema":{"@context":"https:\/\/schema.org","@graph":[{"@type":"WebPage","@id":"https:\/\/www.horendgoed.nl\/it\/shop\/protezione-delludito\/protettori-acustici-per-bambini\/paraorecchie-alecto-per-bambini-arancione\/","url":"https:\/\/www.horendgoed.nl\/it\/shop\/protezione-delludito\/protettori-acustici-per-bambini\/paraorecchie-alecto-per-bambini-arancione\/","name":"Paraorecchie Alecto per bambini arancione | Horend Goed Audiciens","isPartOf":{"@id":"https:\/\/www.horendgoed.nl\/it\/#website"},"datePublished":"2023-03-30T13:50:48+00:00","dateModified":"2025-03-24T11:56:41+00:00","breadcrumb":{"@id":"https:\/\/www.horendgoed.nl\/it\/shop\/protezione-delludito\/protettori-acustici-per-bambini\/paraorecchie-alecto-per-bambini-arancione\/#breadcrumb"},"inLanguage":"it-IT","potentialAction":[{"@type":"ReadAction","target":["https:\/\/www.horendgoed.nl\/it\/shop\/protezione-delludito\/protettori-acustici-per-bambini\/paraorecchie-alecto-per-bambini-arancione\/"]}]},{"@type":"BreadcrumbList","@id":"https:\/\/www.horendgoed.nl\/it\/shop\/protezione-delludito\/protettori-acustici-per-bambini\/paraorecchie-alecto-per-bambini-arancione\/#breadcrumb","itemListElement":[{"@type":"ListItem","position":1,"name":"Casa","item":"https:\/\/www.horendgoed.nl\/it\/"},{"@type":"ListItem","position":2,"name":"Prodotti","item":"https:\/\/www.horendgoed.nl\/it\/negozio\/prodotti\/"},{"@type":"ListItem","position":3,"name":"Paraorecchie Alecto per bambini arancione"}]},{"@type":"WebSite","@id":"https:\/\/www.horendgoed.nl\/it\/#website","url":"https:\/\/www.horendgoed.nl\/it\/","name":"Horend Goed Audiciens","description":"Luistert Beter","publisher":{"@id":"https:\/\/www.horendgoed.nl\/it\/#organization"},"potentialAction":[{"@type":"SearchAction","target":{"@type":"EntryPoint","urlTemplate":"https:\/\/www.horendgoed.nl\/it\/?s={search_term_string}"},"query-input":{"@type":"PropertyValueSpecification","valueRequired":true,"valueName":"search_term_string"}}],"inLanguage":"it-IT"},{"@type":"Organization","@id":"https:\/\/www.horendgoed.nl\/it\/#organization","name":"Horend Goed","url":"https:\/\/www.horendgoed.nl\/it\/","logo":{"@type":"ImageObject","inLanguage":"it-IT","@id":"https:\/\/www.horendgoed.nl\/it\/#\/schema\/logo\/image\/","url":"https:\/\/www.horendgoed.nl\/wp-content\/uploads\/2021\/05\/Logo-groot-e1621862526979.png","contentUrl":"https:\/\/www.horendgoed.nl\/wp-content\/uploads\/2021\/05\/Logo-groot-e1621862526979.png","width":509,"height":100,"caption":"Horend Goed"},"image":{"@id":"https:\/\/www.horendgoed.nl\/it\/#\/schema\/logo\/image\/"},"sameAs":["https:\/\/www.facebook.com\/horendgoed","https:\/\/www.instagram.com\/horendgoed\/","https:\/\/www.linkedin.com\/company\/horend-goed\/","https:\/\/www.youtube.com\/@horendgoed"],"email":"info@horendgoed.nl","telephone":"075 20 25 203","vatID":"NL 853 756 193 B01"}]}},"jetpack_sharing_enabled":true,"_links":{"self":[{"href":"https:\/\/www.horendgoed.nl\/it\/wp-json\/wp\/v2\/product\/146867","targetHints":{"allow":["GET"]}}],"collection":[{"href":"https:\/\/www.horendgoed.nl\/it\/wp-json\/wp\/v2\/product"}],"about":[{"href":"https:\/\/www.horendgoed.nl\/it\/wp-json\/wp\/v2\/types\/product"}],"wp:attachment":[{"href":"https:\/\/www.horendgoed.nl\/it\/wp-json\/wp\/v2\/media?parent=146867"}],"wp:term":[{"taxonomy":"product_brand","embeddable":true,"href":"https:\/\/www.horendgoed.nl\/it\/wp-json\/wp\/v2\/product_brand?post=146867"},{"taxonomy":"product_cat","embeddable":true,"href":"https:\/\/www.horendgoed.nl\/it\/wp-json\/wp\/v2\/product_cat?post=146867"},{"taxonomy":"product_tag","embeddable":true,"href":"https:\/\/www.horendgoed.nl\/it\/wp-json\/wp\/v2\/product_tag?post=146867"}],"curies":[{"name":"wp","href":"https:\/\/api.w.org\/{rel}","templated":true}]}}