{"id":154691,"date":"2022-12-13T11:46:12","date_gmt":"2022-12-13T11:46:12","guid":{"rendered":"https:\/\/www.horendgoed.nl\/shop\/bez-kategorii\/ograniczony-znak-odbicia-swiatla\/"},"modified":"2025-09-13T22:09:00","modified_gmt":"2025-09-13T20:09:00","slug":"ograniczony-znak-odbicia-swiatla","status":"publish","type":"product","link":"https:\/\/www.horendgoed.nl\/pl\/shop\/pomoce-dla-osob-niedoslyszacych\/widocznosc-osob-niedoslyszacych\/ograniczony-znak-odbicia-swiatla\/","title":{"rendered":"Ograniczony znak odbicia \u015bwiat\u0142a"},"content":{"rendered":"<p><strong>Znak ograniczonej widoczno\u015bci: bezpieczny i wyra\u017any dla os\u00f3b niedowidz\u0105cych<\/strong><\/p>\n<p>Dla os\u00f3b z ograniczonym lub upo\u015bledzonym wzrokiem <strong>znak ograniczonej widoczno\u015bci<\/strong> stanowi prosty i skuteczny spos\u00f3b na poinformowanie otoczenia, \u017ce nale\u017cy wzi\u0105\u0107 pod uwag\u0119 upo\u015bledzenie wzroku. Dzi\u0119ki temu rozpoznawalnemu na ca\u0142ym \u015bwiecie logo inni mog\u0105 natychmiast zobaczy\u0107, \u017ce jeste\u015b osob\u0105 niedowidz\u0105c\u0105, zapewniaj\u0105c dodatkow\u0105 uwag\u0119 i zrozumienie, szczeg\u00f3lnie w \u015brodowiskach o du\u017cym nat\u0119\u017ceniu ruchu i miejscach publicznych. Zaprojektowany z my\u015bl\u0105 o bezpiecze\u0144stwie, widoczno\u015bci i trwa\u0142o\u015bci, znak ten jest idealny do stosowania na rowerach, skuterach, sakwach i plecakach.  <\/p>\n<h3>Dlaczego warto wybra\u0107 znak ograniczonej widoczno\u015bci Vision?<\/h3>\n<p>Znak ograniczonej widoczno\u015bci odgrywa wa\u017cn\u0105 rol\u0119 w zwi\u0119kszaniu bezpiecze\u0144stwa os\u00f3b z upo\u015bledzeniem wzroku. W sytuacjach, w kt\u00f3rych bezpo\u015brednia komunikacja nie zawsze jest mo\u017cliwa, znak ten zapewnia, \u017ce otoczenie na pierwszy rzut oka wie, \u017ce masz upo\u015bledzony wzrok. Logo znaku i elementy odblaskowe zwi\u0119kszaj\u0105 widoczno\u015b\u0107, umo\u017cliwiaj\u0105c ludziom szybsz\u0105 reakcj\u0119 na sytuacj\u0119. Dzi\u0119ki temu znak Limited Vision jest szczeg\u00f3lnie przydatny w ruchu ulicznym, podczas chodzenia i w miejscach, w kt\u00f3rych wyst\u0119puje wiele interakcji z innymi.   <\/p>\n<p>Dzi\u0119ki powszechnie rozpoznawalnemu obrazowi i zastosowaniu folii odblaskowej znak wyr\u00f3\u017cnia si\u0119 w ka\u017cdym otoczeniu, zar\u00f3wno w dzie\u0144, jak i w ciemno\u015bci. Ta widoczno\u015b\u0107 jest niezb\u0119dna, aby zapewni\u0107 dodatkowe poczucie bezpiecze\u0144stwa i pewno\u015bci siebie podczas codziennych czynno\u015bci. <\/p>\n<h3>Wysokiej jako\u015bci materia\u0142y i odporno\u015b\u0107 na warunki atmosferyczne<\/h3>\n<p>Znak ograniczonej widoczno\u015bci Vision jest wykonany z wytrzyma\u0142ego i lekkiego materia\u0142u Forex, znanego ze swojej odporno\u015bci na warunki atmosferyczne. Sprawia to, \u017ce znak jest idealny do d\u0142ugotrwa\u0142ego u\u017cytkowania w r\u00f3\u017cnych warunkach pogodowych, od deszczu po s\u0142o\u0144ce i wiatr. Dzi\u0119ki solidnej konstrukcji znak pozostaje na swoim miejscu i zachowuje swoj\u0105 jako\u015b\u0107 nawet przy intensywnym u\u017cytkowaniu na rowerach i skuterach nara\u017conych na dzia\u0142anie czynnik\u00f3w atmosferycznych.  <\/p>\n<p>\u017b\u00f3\u0142ta folia odblaskowa Avery HV 1200 zapewnia dodatkow\u0105 widoczno\u015b\u0107. Folia ta zosta\u0142a specjalnie zaprojektowana do zastosowa\u0144, w kt\u00f3rych wymagana jest wysoka widoczno\u015b\u0107, np. w ruchu drogowym. Po\u0142\u0105czenie folii odblaskowej Forex i Avery HV 1200 sprawia, \u017ce znak jest trwa\u0142y i widoczny, przyczyniaj\u0105c si\u0119 do bezpiecze\u0144stwa u\u017cytkownika.  <\/p>\n<h3>Przydatne specyfikacje i opcje dostosowywania<\/h3>\n<p>Znak Limited Vision ma wymiary 110 x 110 mm i grubo\u015b\u0107 5 mm, co czyni go praktycznym i dobrze widocznym bez zajmowania zbyt wiele miejsca. Znak posiada 3-kolorowy sitodruk w kolorze czerwonym, czarnym i niebieskim, dzi\u0119ki czemu logo pozostaje wyra\u017ane i ostre. Zaokr\u0105glone rogi i cztery otwory u\u0142atwiaj\u0105 bezpieczne przymocowanie znaku do r\u00f3\u017cnych powierzchni, takich jak sakwy, plecaki lub bezpo\u015brednio na rowerze lub skuterze.  <\/p>\n<p>Dzi\u0119ki czterem wywierconym otworom znak mo\u017cna szybko i \u0142atwo zamontowa\u0107, co jest wygodne w codziennym u\u017cytkowaniu i szybkim prze\u0142\u0105czaniu mi\u0119dzy r\u00f3\u017cnymi zastosowaniami. Zaokr\u0105glone rogi nie tylko dodaj\u0105 estetycznego wygl\u0105du, ale tak\u017ce zapewniaj\u0105, \u017ce znak jest bezpieczny i nie ma ostrych kraw\u0119dzi, kt\u00f3re mog\u0142yby go zaczepi\u0107 lub uszkodzi\u0107. <\/p>\n<h3>Odblaskowe elementy zwi\u0119kszaj\u0105ce bezpiecze\u0144stwo<\/h3>\n<p>Odblaskowa \u017c\u00f3\u0142ta folia na znaku Limited Vision sprawia, \u017ce jest on szczeg\u00f3lnie przydatny w warunkach s\u0142abego o\u015bwietlenia, np. o zmierzchu lub w nocy. Folia odblaskowa jest specjalnie zaprojektowana do odbijania \u015bwiat\u0142a, np. z reflektor\u00f3w lub \u015bwiate\u0142 ulicznych, z powrotem do jego \u017ar\u00f3d\u0142a. Dzi\u0119ki temu znak jest dobrze widoczny dla innych u\u017cytkownik\u00f3w dr\u00f3g, co pomaga zmniejszy\u0107 ryzyko i zapewnia, \u017ce inni mog\u0105 przewidzie\u0107 sytuacj\u0119 na czas.  <\/p>\n<p>Te elementy odblaskowe s\u0105 szczeg\u00f3lnie przydatne w ruchu drogowym, gdzie widoczno\u015b\u0107 jest niezb\u0119dna. Znak zapewnia, \u017ce osoba z upo\u015bledzeniem wzroku jest widoczna dla innych w ka\u017cdych okoliczno\u015bciach, co pomaga czu\u0107 si\u0119 bezpieczniej. <\/p>\n<h3>Zastosowania znaku ograniczonej widoczno\u015bci<\/h3>\n<p>Znak Limited Vision jest uniwersalny i mo\u017ce by\u0107 u\u017cywany na wiele sposob\u00f3w:<\/p>\n<ul>\n<li><strong>Na rowerach i skuterach<\/strong>: przymocuj znak do roweru lub skutera, aby poinformowa\u0107 innych u\u017cytkownik\u00f3w drogi, \u017ce jeste\u015b osob\u0105 niedowidz\u0105c\u0105. Znak zwi\u0119ksza widoczno\u015b\u0107 i pozwala kierowcom wzi\u0105\u0107 Ci\u0119 pod uwag\u0119. <\/li>\n<li><strong>Na plecakach i sakwach<\/strong>: Podczas spacer\u00f3w lub przeja\u017cd\u017cek rowerowych mo\u017cna \u0142atwo przymocowa\u0107 znak do plecaka lub sakwy. Jest to przydatne dla os\u00f3b poruszaj\u0105cych si\u0119 pieszo lub na rowerze. <\/li>\n<li><strong>W miejscach publicznych<\/strong>: Znak mo\u017ce by\u0107 r\u00f3wnie\u017c u\u017cywany w miejscach publicznych, takich jak szko\u0142y, miejsca pracy lub o\u015brodki wypoczynkowe, aby informowa\u0107 innych o niepe\u0142nosprawno\u015bci wzrokowej i podnosi\u0107 \u015bwiadomo\u015b\u0107.<\/li>\n<\/ul>\n<h3>Globalne uznanie dla wi\u0119kszej \u015bwiadomo\u015bci i zrozumienia<\/h3>\n<p>Logo na znaku ograniczonej widoczno\u015bci jest znane na ca\u0142ym \u015bwiecie, co oznacza, \u017ce ludzie na ca\u0142ym \u015bwiecie rozumiej\u0105 ten symbol i wiedz\u0105, \u017ce dana osoba jest niedowidz\u0105ca. Zwi\u0119ksza to \u015bwiadomo\u015b\u0107 i przyczynia si\u0119 do stworzenia \u015brodowiska integracyjnego, w kt\u00f3rym ludzie mog\u0105 reagowa\u0107 na Twoj\u0105 sytuacj\u0119. Niezale\u017cnie od tego, czy znajdujesz si\u0119 w zat\u0142oczonym mie\u015bcie, czy na wsi, znak ograniczonej widoczno\u015bci daje mo\u017cliwo\u015b\u0107 zakomunikowania swojej niepe\u0142nosprawno\u015bci w jasny i pe\u0142en szacunku spos\u00f3b.  <\/p>\n<h3>Bezpiecze\u0144stwo i odpowiedzialno\u015b\u0107<\/h3>\n<p>Produkty WorldWide Visible, w tym znak ograniczonej widoczno\u015bci, maj\u0105 na celu podnoszenie \u015bwiadomo\u015bci i przyczynianie si\u0119 do bezpiecznego \u015brodowiska dla os\u00f3b z upo\u015bledzeniem s\u0142uchu i wzroku. Nale\u017cy jednak podkre\u015bli\u0107, \u017ce WorldWide Visible nie mo\u017ce zagwarantowa\u0107 bezpiecze\u0144stwa. Odpowiedzialno\u015b\u0107 za korzystanie ze znaku ograniczonej widoczno\u015bci ponosi u\u017cytkownik. Zw\u0142aszcza w ruchu drogowym czujno\u015b\u0107 jest niezb\u0119dna, a znak s\u0142u\u017cy jako wsparcie.   <\/p>\n<h3>Podsumowanie: Znak ograniczonej widoczno\u015bci dla wi\u0119kszego bezpiecze\u0144stwa i pewno\u015bci siebie<\/h3>\n<p><strong>Znak ograniczonej widoczno\u015bci<\/strong> jest cennym rozwi\u0105zaniem dla os\u00f3b niedowidz\u0105cych, kt\u00f3re chc\u0105 zwi\u0119kszy\u0107 swoje bezpiecze\u0144stwo i widoczno\u015b\u0107. Dzi\u0119ki odblaskowej konstrukcji, materia\u0142om odpornym na warunki atmosferyczne i rozpoznawalnemu na ca\u0142ym \u015bwiecie logo, znak ten jest skutecznym sposobem na poinformowanie innych o swojej sytuacji. Znak jest wszechstronny w u\u017cyciu i mo\u017cna go \u0142atwo przymocowa\u0107 do rower\u00f3w, skuter\u00f3w, toreb i innych powierzchni, co pozwala na pewne poruszanie si\u0119 w dowolnym miejscu.  <\/p>\n<p>Dzi\u0119ki temu znakowi przyczyniasz si\u0119 do bezpieczniejszego \u015brodowiska dla siebie i innych, jednocze\u015bnie zwi\u0119kszaj\u0105c \u015bwiadomo\u015b\u0107 i zrozumienie wad wzroku.<\/p>\n","protected":false},"excerpt":{"rendered":"<p>Znak ograniczonej widoczno\u015bci: bezpieczny i wyra\u017any dla os\u00f3b niedowidz\u0105cych Dla os\u00f3b z ograniczonym lub upo\u015bledzonym wzrokiem znak ograniczonej widoczno\u015bci stanowi prosty i skuteczny spos\u00f3b na poinformowanie otoczenia, \u017ce nale\u017cy wzi\u0105\u0107 pod uwag\u0119 upo\u015bledzenie wzroku. Dzi\u0119ki temu rozpoznawalnemu na ca\u0142ym \u015bwiecie logo inni mog\u0105 natychmiast zobaczy\u0107, \u017ce jeste\u015b osob\u0105 niedowidz\u0105c\u0105, zapewniaj\u0105c dodatkow\u0105 uwag\u0119 i zrozumienie, szczeg\u00f3lnie &hellip; <\/p>\n","protected":false},"featured_media":154709,"template":"","meta":{"_acf_changed":false},"product_brand":[],"product_cat":[9831,10406],"product_tag":[],"class_list":["post-154691","product","type-product","status-publish","has-post-thumbnail","product_cat-akcesoria","product_cat-widocznosc-osob-niedoslyszacych","grid-sizer","latest_post","first","instock","taxable","shipping-taxable","purchasable","product-type-simple"],"acf":[],"yoast_head":"<!-- This site is optimized with the Yoast SEO Premium plugin v27.4 (Yoast SEO v28.3) - https:\/\/yoast.com\/product\/yoast-seo-premium-wordpress\/ -->\n<title>Ograniczony znak odbicia \u015bwiat\u0142a | Horend Goed Audiciens<\/title>\n<meta name=\"robots\" content=\"index, follow, max-snippet:-1, max-image-preview:large, max-video-preview:-1\" \/>\n<link rel=\"canonical\" href=\"https:\/\/www.horendgoed.nl\/pl\/shop\/pomoce-dla-osob-niedoslyszacych\/widocznosc-osob-niedoslyszacych\/ograniczony-znak-odbicia-swiatla\/\" \/>\n<meta property=\"og:locale\" content=\"pl_PL\" \/>\n<meta property=\"og:type\" content=\"article\" \/>\n<meta property=\"og:title\" content=\"Ograniczony znak odbicia \u015bwiat\u0142a\" \/>\n<meta property=\"og:description\" content=\"Znak ograniczonej widoczno\u015bci: bezpieczny i wyra\u017any dla os\u00f3b niedowidz\u0105cych Dla os\u00f3b z ograniczonym lub upo\u015bledzonym wzrokiem znak ograniczonej widoczno\u015bci stanowi prosty i skuteczny spos\u00f3b na poinformowanie otoczenia, \u017ce nale\u017cy wzi\u0105\u0107 pod uwag\u0119 upo\u015bledzenie wzroku. Dzi\u0119ki temu rozpoznawalnemu na ca\u0142ym \u015bwiecie logo inni mog\u0105 natychmiast zobaczy\u0107, \u017ce jeste\u015b osob\u0105 niedowidz\u0105c\u0105, zapewniaj\u0105c dodatkow\u0105 uwag\u0119 i zrozumienie, szczeg\u00f3lnie &hellip;\" \/>\n<meta property=\"og:url\" content=\"https:\/\/www.horendgoed.nl\/pl\/shop\/pomoce-dla-osob-niedoslyszacych\/widocznosc-osob-niedoslyszacych\/ograniczony-znak-odbicia-swiatla\/\" \/>\n<meta property=\"og:site_name\" content=\"Horend Goed Audiciens\" \/>\n<meta property=\"article:publisher\" content=\"https:\/\/www.facebook.com\/horendgoed\" \/>\n<meta property=\"article:modified_time\" content=\"2025-09-13T20:09:00+00:00\" \/>\n<meta property=\"og:image\" content=\"https:\/\/www.horendgoed.nl\/wp-content\/uploads\/2022\/12\/horend-goed-limited-vision.jpg\" \/>\n\t<meta property=\"og:image:width\" content=\"2000\" \/>\n\t<meta property=\"og:image:height\" content=\"2000\" \/>\n\t<meta property=\"og:image:type\" content=\"image\/jpeg\" \/>\n<script type=\"application\/ld+json\" class=\"yoast-schema-graph\">{\"@context\":\"https:\\\/\\\/schema.org\",\"@graph\":[{\"@type\":\"WebPage\",\"@id\":\"https:\\\/\\\/www.horendgoed.nl\\\/pl\\\/shop\\\/pomoce-dla-osob-niedoslyszacych\\\/widocznosc-osob-niedoslyszacych\\\/ograniczony-znak-odbicia-swiatla\\\/\",\"url\":\"https:\\\/\\\/www.horendgoed.nl\\\/pl\\\/shop\\\/pomoce-dla-osob-niedoslyszacych\\\/widocznosc-osob-niedoslyszacych\\\/ograniczony-znak-odbicia-swiatla\\\/\",\"name\":\"Ograniczony znak odbicia \u015bwiat\u0142a | Horend Goed Audiciens\",\"isPartOf\":{\"@id\":\"https:\\\/\\\/www.horendgoed.nl\\\/pl\\\/#website\"},\"primaryImageOfPage\":{\"@id\":\"https:\\\/\\\/www.horendgoed.nl\\\/pl\\\/shop\\\/pomoce-dla-osob-niedoslyszacych\\\/widocznosc-osob-niedoslyszacych\\\/ograniczony-znak-odbicia-swiatla\\\/#primaryimage\"},\"image\":{\"@id\":\"https:\\\/\\\/www.horendgoed.nl\\\/pl\\\/shop\\\/pomoce-dla-osob-niedoslyszacych\\\/widocznosc-osob-niedoslyszacych\\\/ograniczony-znak-odbicia-swiatla\\\/#primaryimage\"},\"thumbnailUrl\":\"https:\\\/\\\/www.horendgoed.nl\\\/wp-content\\\/uploads\\\/2022\\\/12\\\/horend-goed-limited-vision.jpg\",\"datePublished\":\"2022-12-13T11:46:12+00:00\",\"dateModified\":\"2025-09-13T20:09:00+00:00\",\"breadcrumb\":{\"@id\":\"https:\\\/\\\/www.horendgoed.nl\\\/pl\\\/shop\\\/pomoce-dla-osob-niedoslyszacych\\\/widocznosc-osob-niedoslyszacych\\\/ograniczony-znak-odbicia-swiatla\\\/#breadcrumb\"},\"inLanguage\":\"pl-PL\",\"potentialAction\":[{\"@type\":\"ReadAction\",\"target\":[\"https:\\\/\\\/www.horendgoed.nl\\\/pl\\\/shop\\\/pomoce-dla-osob-niedoslyszacych\\\/widocznosc-osob-niedoslyszacych\\\/ograniczony-znak-odbicia-swiatla\\\/\"]}]},{\"@type\":\"ImageObject\",\"inLanguage\":\"pl-PL\",\"@id\":\"https:\\\/\\\/www.horendgoed.nl\\\/pl\\\/shop\\\/pomoce-dla-osob-niedoslyszacych\\\/widocznosc-osob-niedoslyszacych\\\/ograniczony-znak-odbicia-swiatla\\\/#primaryimage\",\"url\":\"https:\\\/\\\/www.horendgoed.nl\\\/wp-content\\\/uploads\\\/2022\\\/12\\\/horend-goed-limited-vision.jpg\",\"contentUrl\":\"https:\\\/\\\/www.horendgoed.nl\\\/wp-content\\\/uploads\\\/2022\\\/12\\\/horend-goed-limited-vision.jpg\",\"width\":2000,\"height\":2000,\"caption\":\"naklejka ograniczonego widzenia\"},{\"@type\":\"BreadcrumbList\",\"@id\":\"https:\\\/\\\/www.horendgoed.nl\\\/pl\\\/shop\\\/pomoce-dla-osob-niedoslyszacych\\\/widocznosc-osob-niedoslyszacych\\\/ograniczony-znak-odbicia-swiatla\\\/#breadcrumb\",\"itemListElement\":[{\"@type\":\"ListItem\",\"position\":1,\"name\":\"Strona g\u0142\u00f3wna\",\"item\":\"https:\\\/\\\/www.horendgoed.nl\\\/pl\\\/\"},{\"@type\":\"ListItem\",\"position\":2,\"name\":\"Produkty\",\"item\":\"https:\\\/\\\/www.horendgoed.nl\\\/pl\\\/sklep\\\/produkty\\\/\"},{\"@type\":\"ListItem\",\"position\":3,\"name\":\"Ograniczony znak odbicia \u015bwiat\u0142a\"}]},{\"@type\":\"WebSite\",\"@id\":\"https:\\\/\\\/www.horendgoed.nl\\\/pl\\\/#website\",\"url\":\"https:\\\/\\\/www.horendgoed.nl\\\/pl\\\/\",\"name\":\"Horend Goed Audiciens\",\"description\":\"Luistert Beter\",\"publisher\":{\"@id\":\"https:\\\/\\\/www.horendgoed.nl\\\/pl\\\/#organization\"},\"potentialAction\":[{\"@type\":\"SearchAction\",\"target\":{\"@type\":\"EntryPoint\",\"urlTemplate\":\"https:\\\/\\\/www.horendgoed.nl\\\/pl\\\/?s={search_term_string}\"},\"query-input\":{\"@type\":\"PropertyValueSpecification\",\"valueRequired\":true,\"valueName\":\"search_term_string\"}}],\"inLanguage\":\"pl-PL\"},{\"@type\":\"Organization\",\"@id\":\"https:\\\/\\\/www.horendgoed.nl\\\/pl\\\/#organization\",\"name\":\"Horend Goed\",\"url\":\"https:\\\/\\\/www.horendgoed.nl\\\/pl\\\/\",\"logo\":{\"@type\":\"ImageObject\",\"inLanguage\":\"pl-PL\",\"@id\":\"https:\\\/\\\/www.horendgoed.nl\\\/pl\\\/#\\\/schema\\\/logo\\\/image\\\/\",\"url\":\"https:\\\/\\\/www.horendgoed.nl\\\/wp-content\\\/uploads\\\/2021\\\/05\\\/Logo-groot-e1621862526979.png\",\"contentUrl\":\"https:\\\/\\\/www.horendgoed.nl\\\/wp-content\\\/uploads\\\/2021\\\/05\\\/Logo-groot-e1621862526979.png\",\"width\":509,\"height\":100,\"caption\":\"Horend Goed\"},\"image\":{\"@id\":\"https:\\\/\\\/www.horendgoed.nl\\\/pl\\\/#\\\/schema\\\/logo\\\/image\\\/\"},\"sameAs\":[\"https:\\\/\\\/www.facebook.com\\\/horendgoed\",\"https:\\\/\\\/www.instagram.com\\\/horendgoed\\\/\",\"https:\\\/\\\/www.linkedin.com\\\/company\\\/horend-goed\\\/\",\"https:\\\/\\\/www.youtube.com\\\/@horendgoed\"],\"email\":\"info@horendgoed.nl\",\"telephone\":\"075 20 25 203\",\"vatID\":\"NL 853 756 193 B01\"}]}<\/script>\n<!-- \/ Yoast SEO Premium plugin. -->","yoast_head_json":{"title":"Ograniczony znak odbicia \u015bwiat\u0142a | Horend Goed Audiciens","robots":{"index":"index","follow":"follow","max-snippet":"max-snippet:-1","max-image-preview":"max-image-preview:large","max-video-preview":"max-video-preview:-1"},"canonical":"https:\/\/www.horendgoed.nl\/pl\/shop\/pomoce-dla-osob-niedoslyszacych\/widocznosc-osob-niedoslyszacych\/ograniczony-znak-odbicia-swiatla\/","og_locale":"pl_PL","og_type":"article","og_title":"Ograniczony znak odbicia \u015bwiat\u0142a","og_description":"Znak ograniczonej widoczno\u015bci: bezpieczny i wyra\u017any dla os\u00f3b niedowidz\u0105cych Dla os\u00f3b z ograniczonym lub upo\u015bledzonym wzrokiem znak ograniczonej widoczno\u015bci stanowi prosty i skuteczny spos\u00f3b na poinformowanie otoczenia, \u017ce nale\u017cy wzi\u0105\u0107 pod uwag\u0119 upo\u015bledzenie wzroku. Dzi\u0119ki temu rozpoznawalnemu na ca\u0142ym \u015bwiecie logo inni mog\u0105 natychmiast zobaczy\u0107, \u017ce jeste\u015b osob\u0105 niedowidz\u0105c\u0105, zapewniaj\u0105c dodatkow\u0105 uwag\u0119 i zrozumienie, szczeg\u00f3lnie &hellip;","og_url":"https:\/\/www.horendgoed.nl\/pl\/shop\/pomoce-dla-osob-niedoslyszacych\/widocznosc-osob-niedoslyszacych\/ograniczony-znak-odbicia-swiatla\/","og_site_name":"Horend Goed Audiciens","article_publisher":"https:\/\/www.facebook.com\/horendgoed","article_modified_time":"2025-09-13T20:09:00+00:00","og_image":[{"width":2000,"height":2000,"url":"https:\/\/www.horendgoed.nl\/wp-content\/uploads\/2022\/12\/horend-goed-limited-vision.jpg","type":"image\/jpeg"}],"schema":{"@context":"https:\/\/schema.org","@graph":[{"@type":"WebPage","@id":"https:\/\/www.horendgoed.nl\/pl\/shop\/pomoce-dla-osob-niedoslyszacych\/widocznosc-osob-niedoslyszacych\/ograniczony-znak-odbicia-swiatla\/","url":"https:\/\/www.horendgoed.nl\/pl\/shop\/pomoce-dla-osob-niedoslyszacych\/widocznosc-osob-niedoslyszacych\/ograniczony-znak-odbicia-swiatla\/","name":"Ograniczony znak odbicia \u015bwiat\u0142a | Horend Goed Audiciens","isPartOf":{"@id":"https:\/\/www.horendgoed.nl\/pl\/#website"},"primaryImageOfPage":{"@id":"https:\/\/www.horendgoed.nl\/pl\/shop\/pomoce-dla-osob-niedoslyszacych\/widocznosc-osob-niedoslyszacych\/ograniczony-znak-odbicia-swiatla\/#primaryimage"},"image":{"@id":"https:\/\/www.horendgoed.nl\/pl\/shop\/pomoce-dla-osob-niedoslyszacych\/widocznosc-osob-niedoslyszacych\/ograniczony-znak-odbicia-swiatla\/#primaryimage"},"thumbnailUrl":"https:\/\/www.horendgoed.nl\/wp-content\/uploads\/2022\/12\/horend-goed-limited-vision.jpg","datePublished":"2022-12-13T11:46:12+00:00","dateModified":"2025-09-13T20:09:00+00:00","breadcrumb":{"@id":"https:\/\/www.horendgoed.nl\/pl\/shop\/pomoce-dla-osob-niedoslyszacych\/widocznosc-osob-niedoslyszacych\/ograniczony-znak-odbicia-swiatla\/#breadcrumb"},"inLanguage":"pl-PL","potentialAction":[{"@type":"ReadAction","target":["https:\/\/www.horendgoed.nl\/pl\/shop\/pomoce-dla-osob-niedoslyszacych\/widocznosc-osob-niedoslyszacych\/ograniczony-znak-odbicia-swiatla\/"]}]},{"@type":"ImageObject","inLanguage":"pl-PL","@id":"https:\/\/www.horendgoed.nl\/pl\/shop\/pomoce-dla-osob-niedoslyszacych\/widocznosc-osob-niedoslyszacych\/ograniczony-znak-odbicia-swiatla\/#primaryimage","url":"https:\/\/www.horendgoed.nl\/wp-content\/uploads\/2022\/12\/horend-goed-limited-vision.jpg","contentUrl":"https:\/\/www.horendgoed.nl\/wp-content\/uploads\/2022\/12\/horend-goed-limited-vision.jpg","width":2000,"height":2000,"caption":"naklejka ograniczonego widzenia"},{"@type":"BreadcrumbList","@id":"https:\/\/www.horendgoed.nl\/pl\/shop\/pomoce-dla-osob-niedoslyszacych\/widocznosc-osob-niedoslyszacych\/ograniczony-znak-odbicia-swiatla\/#breadcrumb","itemListElement":[{"@type":"ListItem","position":1,"name":"Strona g\u0142\u00f3wna","item":"https:\/\/www.horendgoed.nl\/pl\/"},{"@type":"ListItem","position":2,"name":"Produkty","item":"https:\/\/www.horendgoed.nl\/pl\/sklep\/produkty\/"},{"@type":"ListItem","position":3,"name":"Ograniczony znak odbicia \u015bwiat\u0142a"}]},{"@type":"WebSite","@id":"https:\/\/www.horendgoed.nl\/pl\/#website","url":"https:\/\/www.horendgoed.nl\/pl\/","name":"Horend Goed Audiciens","description":"Luistert Beter","publisher":{"@id":"https:\/\/www.horendgoed.nl\/pl\/#organization"},"potentialAction":[{"@type":"SearchAction","target":{"@type":"EntryPoint","urlTemplate":"https:\/\/www.horendgoed.nl\/pl\/?s={search_term_string}"},"query-input":{"@type":"PropertyValueSpecification","valueRequired":true,"valueName":"search_term_string"}}],"inLanguage":"pl-PL"},{"@type":"Organization","@id":"https:\/\/www.horendgoed.nl\/pl\/#organization","name":"Horend Goed","url":"https:\/\/www.horendgoed.nl\/pl\/","logo":{"@type":"ImageObject","inLanguage":"pl-PL","@id":"https:\/\/www.horendgoed.nl\/pl\/#\/schema\/logo\/image\/","url":"https:\/\/www.horendgoed.nl\/wp-content\/uploads\/2021\/05\/Logo-groot-e1621862526979.png","contentUrl":"https:\/\/www.horendgoed.nl\/wp-content\/uploads\/2021\/05\/Logo-groot-e1621862526979.png","width":509,"height":100,"caption":"Horend Goed"},"image":{"@id":"https:\/\/www.horendgoed.nl\/pl\/#\/schema\/logo\/image\/"},"sameAs":["https:\/\/www.facebook.com\/horendgoed","https:\/\/www.instagram.com\/horendgoed\/","https:\/\/www.linkedin.com\/company\/horend-goed\/","https:\/\/www.youtube.com\/@horendgoed"],"email":"info@horendgoed.nl","telephone":"075 20 25 203","vatID":"NL 853 756 193 B01"}]}},"jetpack_sharing_enabled":true,"_links":{"self":[{"href":"https:\/\/www.horendgoed.nl\/pl\/wp-json\/wp\/v2\/product\/154691","targetHints":{"allow":["GET"]}}],"collection":[{"href":"https:\/\/www.horendgoed.nl\/pl\/wp-json\/wp\/v2\/product"}],"about":[{"href":"https:\/\/www.horendgoed.nl\/pl\/wp-json\/wp\/v2\/types\/product"}],"wp:featuredmedia":[{"embeddable":true,"href":"https:\/\/www.horendgoed.nl\/pl\/wp-json\/wp\/v2\/media\/154709"}],"wp:attachment":[{"href":"https:\/\/www.horendgoed.nl\/pl\/wp-json\/wp\/v2\/media?parent=154691"}],"wp:term":[{"taxonomy":"product_brand","embeddable":true,"href":"https:\/\/www.horendgoed.nl\/pl\/wp-json\/wp\/v2\/product_brand?post=154691"},{"taxonomy":"product_cat","embeddable":true,"href":"https:\/\/www.horendgoed.nl\/pl\/wp-json\/wp\/v2\/product_cat?post=154691"},{"taxonomy":"product_tag","embeddable":true,"href":"https:\/\/www.horendgoed.nl\/pl\/wp-json\/wp\/v2\/product_tag?post=154691"}],"curies":[{"name":"wp","href":"https:\/\/api.w.org\/{rel}","templated":true}]}}