{"id":156891,"date":"2023-03-30T15:57:34","date_gmt":"2023-03-30T15:57:34","guid":{"rendered":"https:\/\/www.horendgoed.nl\/shop\/bez-kategorii\/nauszniki-alecto-dla-dzieci-rozowe\/"},"modified":"2025-10-31T17:36:05","modified_gmt":"2025-10-31T16:36:05","slug":"nauszniki-alecto-dla-dzieci-rozowe","status":"publish","type":"product","link":"https:\/\/www.horendgoed.nl\/pl\/shop\/ochrona-sluchu\/ochronniki-sluchu-dla-dzieci\/nauszniki-alecto-dla-dzieci-rozowe\/","title":{"rendered":"Nauszniki Alecto dla dzieci r\u00f3\u017cowe"},"content":{"rendered":"<h3>Nauszniki Alecto BV-71 dla dzieci od 18 miesi\u0105ca \u017cycia: Optymalna ochrona s\u0142uchu dla Twojego dziecka<\/h3>\n<h4>Dlaczego ochrona s\u0142uchu jest niezb\u0119dna dla ma\u0142ych dzieci?<\/h4>\n<p>Ma\u0142e dzieci s\u0105 codziennie nara\u017cone na r\u00f3\u017cne g\u0142o\u015bne d\u017awi\u0119ki, zar\u00f3wno w pomieszczeniach, jak i na zewn\u0105trz. Niezale\u017cnie od tego, czy chodzi o zabaw\u0119 na szkolnym podw\u00f3rku, gwar w klasie, czy ha\u0142as tr\u0105bi\u0105cych samochod\u00f3w w ruchu ulicznym, d\u017awi\u0119ki te mog\u0105 stanowi\u0107 zagro\u017cenie dla s\u0142uchu dziecka. Czy wiesz, \u017ce ha\u0142as na boisku szkolnym cz\u0119sto osi\u0105ga 85 decybeli lub wi\u0119cej? Ha\u0142as powy\u017cej 80 decybeli mo\u017ce ju\u017c by\u0107 szkodliwy dla s\u0142uchu, zw\u0142aszcza u ma\u0142ych dzieci, kt\u00f3rych uszy wci\u0105\u017c si\u0119 rozwijaj\u0105.<\/p>\n<p>S\u0142uch ma\u0142ych dzieci jest szczeg\u00f3lnie wra\u017cliwy. Ucho dziecka mo\u017ce tolerowa\u0107 mniej d\u017awi\u0119k\u00f3w ni\u017c ucho doros\u0142ego, co oznacza, \u017ce g\u0142o\u015bne d\u017awi\u0119ki mog\u0105 szybciej spowodowa\u0107 uszkodzenie s\u0142uchu. Badania pokazuj\u0105, \u017ce 1 na 8 dzieci doznaje trwa\u0142ego uszkodzenia s\u0142uchu. Mo\u017ce to prowadzi\u0107 do powa\u017cnych d\u0142ugoterminowych problem\u00f3w, takich jak problemy z koncentracj\u0105, problemy ze snem, stres, a nawet op\u00f3\u017anienia w rozwoju j\u0119zyka. Jako rodzic, naturalnie chcesz zrobi\u0107 wszystko, co mo\u017cliwe, aby zapobiec takim uszkodzeniom i chroni\u0107 s\u0142uch swojego dziecka w najlepszy mo\u017cliwy spos\u00f3b.<\/p>\n<h4>Nauszniki Alecto BV-71: Zaprojektowane specjalnie dla dzieci<\/h4>\n<p><strong>Nauszniki Alecto BV-71<\/strong> zosta\u0142y specjalnie zaprojektowane, aby chroni\u0107 s\u0142uch dzieci w wieku 18 miesi\u0119cy i starszych przed szkodliwymi d\u017awi\u0119kami. Nauszniki te s\u0105 idealne do u\u017cytku w ha\u0142a\u015bliwym otoczeniu, na przyk\u0142ad podczas imprez, parad, pokaz\u00f3w sztucznych ogni, koncert\u00f3w oraz wy\u015bcig\u00f3w samochodowych i motocyklowych. Ochronniki s\u0142uchu Alecto mog\u0105 t\u0142umi\u0107 szkodliwe i g\u0142o\u015bne d\u017awi\u0119ki do 29 decybeli, podczas gdy dziecko nadal mo\u017ce odbiera\u0107 wa\u017cne d\u017awi\u0119ki otoczenia.<\/p>\n<p>To, co sprawia, \u017ce te nauszniki s\u0105 tak wyj\u0105tkowe, to fakt, \u017ce nie tylko skutecznie t\u0142umi\u0105 ha\u0142as, ale s\u0105 r\u00f3wnie\u017c zaprojektowane z my\u015bl\u0105 o wygodzie i stylu dziecka. <strong>Nauszniki Alecto BV-71<\/strong> s\u0105 dost\u0119pne w kilku modnych kolorach, dzi\u0119ki czemu s\u0105 atrakcyjne dla dzieci. Co wi\u0119cej, nauszniki s\u0105 sk\u0142adane, dzi\u0119ki czemu mo\u017cna je \u0142atwo przenosi\u0107 w torbie, idealne w podr\u00f3\u017cy lub na wakacjach.<\/p>\n<h4>Komfort i zr\u00f3wnowa\u017cony rozw\u00f3j w jednym<\/h4>\n<p>Opr\u00f3cz skutecznej ochrony, <strong>nauszniki Alecto BV-71<\/strong> oferuj\u0105 r\u00f3wnie\u017c wyj\u0105tkowy komfort. Regulowany pa\u0142\u0105k zapewnia, \u017ce nauszniki rosn\u0105 wraz z dzieckiem, co oznacza, \u017ce mog\u0105 by\u0107 u\u017cywane przez lata. Pa\u0142\u0105k ma mi\u0119kk\u0105 wy\u015bci\u00f3\u0142k\u0119, dzi\u0119ki czemu nauszniki s\u0105 wygodne w noszeniu nawet podczas d\u0142ugotrwa\u0142ego u\u017cytkowania. Jest to szczeg\u00f3lnie wa\u017cne w przypadku ma\u0142ych dzieci, kt\u00f3re mog\u0105 szybko odczuwa\u0107 dyskomfort podczas noszenia gorzej zaprojektowanych ochronnik\u00f3w s\u0142uchu.<\/p>\n<p>Dzi\u0119ki regulowanemu pa\u0142\u0105kowi i niewielkiej wadze wynosz\u0105cej zaledwie 391 gram\u00f3w, <strong>nauszniki Alecto BV-71<\/strong> s\u0105 zaskakuj\u0105co przeno\u015bne i wygodne. Dziecko prawie nie zauwa\u017cy, \u017ce nosi nauszniki, co u\u0142atwia korzystanie z nich nawet przez d\u0142u\u017cszy czas.<\/p>\n<h4>Pomaga przy problemach z koncentracj\u0105<\/h4>\n<p>Opr\u00f3cz ochrony przed g\u0142o\u015bnymi d\u017awi\u0119kami, <strong>nauszniki Alecto BV-71<\/strong> mog\u0105 by\u0107 r\u00f3wnie\u017c cenn\u0105 pomoc\u0105 w przypadku problem\u00f3w z koncentracj\u0105. W ha\u0142a\u015bliwym otoczeniu, takim jak klasa lub ruchliwa sala zabaw, dzieci mog\u0105 szybko zosta\u0107 przeci\u0105\u017cone ha\u0142asem otoczenia. Mo\u017ce to utrudnia\u0107 im koncentracj\u0119 na zadaniach szkolnych lub czytaniu.<\/p>\n<p>Nauszniki Alecto pomagaj\u0105 dziecku skupi\u0107 si\u0119, t\u0142umi\u0105c przeszkadzaj\u0105ce d\u017awi\u0119ki, bez ca\u0142kowitego odcinania go od otoczenia. Pozwala to dziecku lepiej funkcjonowa\u0107 w ha\u0142a\u015bliwym otoczeniu, przyczyniaj\u0105c si\u0119 do pozytywnych do\u015bwiadcze\u0144 edukacyjnych i lepszych wynik\u00f3w w szkole.<\/p>\n<h4>Wybierz jako\u015b\u0107 i niezawodno\u015b\u0107<\/h4>\n<p>Jako rodzic chcesz dla swojego dziecka tylko tego, co najlepsze, w tym wyboru odpowiednich \u015brodk\u00f3w ochrony s\u0142uchu. <strong>Nauszniki Alecto BV-71<\/strong> oferuj\u0105 idealne po\u0142\u0105czenie ochrony, komfortu i stylu. Nauszniki te zosta\u0142y zaprojektowane z my\u015bl\u0105 o ochronie s\u0142uchu dziecka przed szkodliwymi czynnikami bez uszczerbku dla komfortu noszenia i estetyki.<\/p>\n<p>W Horend Goed jeste\u015bmy zaanga\u017cowani w dostarczanie produkt\u00f3w, kt\u00f3re przyczyniaj\u0105 si\u0119 do dobrego samopoczucia dziecka. Dzi\u0119ki <strong>nausznikom Alecto BV-71<\/strong> mo\u017cesz mie\u0107 pewno\u015b\u0107, \u017ce wybierasz produkt, kt\u00f3ry ochroni Twoje dziecko i zapewni mu komfort przez wiele lat, niezale\u017cnie od sytuacji.<\/p>\n<h4>Chro\u0144 s\u0142uch swojego dziecka dzi\u0119ki nausznikom Alecto BV-71<\/h4>\n<p>S\u0142uch dziecka jest cennym zasobem, kt\u00f3ry nale\u017cy chroni\u0107 z nale\u017cyt\u0105 staranno\u015bci\u0105. <strong>Nauszniki przeciwha\u0142asowe Alecto BV-71<\/strong> to produkt zaprojektowany z my\u015bl\u0105 o potrzebach dziecka. Niezale\u017cnie od tego, czy chodzi o ochron\u0119 s\u0142uchu podczas g\u0142o\u015bnych wydarze\u0144, czy te\u017c o popraw\u0119 koncentracji w ha\u0142a\u015bliwym otoczeniu, <strong>nauszniki Alecto BV-71<\/strong> zapewniaj\u0105 ochron\u0119 i wsparcie, kt\u00f3rych potrzebuje Twoje dziecko.<\/p>\n<p>Zam\u00f3w <strong>nauszniki Alecto BV-71<\/strong> na Horend Goed ju\u017c dzi\u015b i upewnij si\u0119, \u017ce Twoje dziecko mo\u017ce bezpiecznie i wygodnie cieszy\u0107 si\u0119 pi\u0119knem \u015bwiata, bez obawy o uszkodzenie s\u0142uchu.<\/p>\n","protected":false},"excerpt":{"rendered":"<p>Nauszniki Alecto BV-71 dla dzieci od 18 miesi\u0105ca \u017cycia: Optymalna ochrona s\u0142uchu dla Twojego dziecka Dlaczego ochrona s\u0142uchu jest niezb\u0119dna dla ma\u0142ych dzieci? Ma\u0142e dzieci s\u0105 codziennie nara\u017cone na r\u00f3\u017cne g\u0142o\u015bne d\u017awi\u0119ki, zar\u00f3wno w pomieszczeniach, jak i na zewn\u0105trz. Niezale\u017cnie od tego, czy chodzi o zabaw\u0119 na szkolnym podw\u00f3rku, gwar w klasie, czy ha\u0142as tr\u0105bi\u0105cych &hellip; <\/p>\n","protected":false},"featured_media":156896,"template":"","meta":{"_acf_changed":false},"product_brand":[],"product_cat":[9862,9824,9861,10484],"product_tag":[],"class_list":["post-156891","product","type-product","status-publish","has-post-thumbnail","product_cat-nauszniki","product_cat-ochrona-sluchu","product_cat-ochronniki-sluchu-dla-dzieci","product_cat-sprzedaz","grid-sizer","latest_post","first","outofstock","sale","taxable","shipping-taxable","purchasable","product-type-simple"],"acf":[],"yoast_head":"<!-- This site is optimized with the Yoast SEO Premium plugin v27.4 (Yoast SEO v28.3) - https:\/\/yoast.com\/product\/yoast-seo-premium-wordpress\/ -->\n<title>Nauszniki Alecto dla dzieci r\u00f3\u017cowe | Horend Goed Audiciens<\/title>\n<meta name=\"robots\" content=\"index, follow, max-snippet:-1, max-image-preview:large, max-video-preview:-1\" \/>\n<link rel=\"canonical\" href=\"https:\/\/www.horendgoed.nl\/pl\/shop\/ochrona-sluchu\/ochronniki-sluchu-dla-dzieci\/nauszniki-alecto-dla-dzieci-rozowe\/\" \/>\n<meta property=\"og:locale\" content=\"pl_PL\" \/>\n<meta property=\"og:type\" content=\"article\" \/>\n<meta property=\"og:title\" content=\"Nauszniki Alecto dla dzieci r\u00f3\u017cowe\" \/>\n<meta property=\"og:description\" content=\"Nauszniki Alecto BV-71 dla dzieci od 18 miesi\u0105ca \u017cycia: Optymalna ochrona s\u0142uchu dla Twojego dziecka Dlaczego ochrona s\u0142uchu jest niezb\u0119dna dla ma\u0142ych dzieci? Ma\u0142e dzieci s\u0105 codziennie nara\u017cone na r\u00f3\u017cne g\u0142o\u015bne d\u017awi\u0119ki, zar\u00f3wno w pomieszczeniach, jak i na zewn\u0105trz. Niezale\u017cnie od tego, czy chodzi o zabaw\u0119 na szkolnym podw\u00f3rku, gwar w klasie, czy ha\u0142as tr\u0105bi\u0105cych &hellip;\" \/>\n<meta property=\"og:url\" content=\"https:\/\/www.horendgoed.nl\/pl\/shop\/ochrona-sluchu\/ochronniki-sluchu-dla-dzieci\/nauszniki-alecto-dla-dzieci-rozowe\/\" \/>\n<meta property=\"og:site_name\" content=\"Horend Goed Audiciens\" \/>\n<meta property=\"article:publisher\" content=\"https:\/\/www.facebook.com\/horendgoed\" \/>\n<meta property=\"article:modified_time\" content=\"2025-10-31T16:36:05+00:00\" \/>\n<meta property=\"og:image\" content=\"https:\/\/www.horendgoed.nl\/wp-content\/uploads\/2023\/03\/37d0-510f-4e38-8733-e844ee754310.png\" \/>\n\t<meta property=\"og:image:width\" content=\"1200\" \/>\n\t<meta property=\"og:image:height\" content=\"1200\" \/>\n\t<meta property=\"og:image:type\" content=\"image\/png\" \/>\n<script type=\"application\/ld+json\" class=\"yoast-schema-graph\">{\"@context\":\"https:\\\/\\\/schema.org\",\"@graph\":[{\"@type\":\"WebPage\",\"@id\":\"https:\\\/\\\/www.horendgoed.nl\\\/pl\\\/shop\\\/ochrona-sluchu\\\/ochronniki-sluchu-dla-dzieci\\\/nauszniki-alecto-dla-dzieci-rozowe\\\/\",\"url\":\"https:\\\/\\\/www.horendgoed.nl\\\/pl\\\/shop\\\/ochrona-sluchu\\\/ochronniki-sluchu-dla-dzieci\\\/nauszniki-alecto-dla-dzieci-rozowe\\\/\",\"name\":\"Nauszniki Alecto dla dzieci r\u00f3\u017cowe | Horend Goed Audiciens\",\"isPartOf\":{\"@id\":\"https:\\\/\\\/www.horendgoed.nl\\\/pl\\\/#website\"},\"primaryImageOfPage\":{\"@id\":\"https:\\\/\\\/www.horendgoed.nl\\\/pl\\\/shop\\\/ochrona-sluchu\\\/ochronniki-sluchu-dla-dzieci\\\/nauszniki-alecto-dla-dzieci-rozowe\\\/#primaryimage\"},\"image\":{\"@id\":\"https:\\\/\\\/www.horendgoed.nl\\\/pl\\\/shop\\\/ochrona-sluchu\\\/ochronniki-sluchu-dla-dzieci\\\/nauszniki-alecto-dla-dzieci-rozowe\\\/#primaryimage\"},\"thumbnailUrl\":\"https:\\\/\\\/www.horendgoed.nl\\\/wp-content\\\/uploads\\\/2023\\\/03\\\/37d0-510f-4e38-8733-e844ee754310.png\",\"datePublished\":\"2023-03-30T15:57:34+00:00\",\"dateModified\":\"2025-10-31T16:36:05+00:00\",\"breadcrumb\":{\"@id\":\"https:\\\/\\\/www.horendgoed.nl\\\/pl\\\/shop\\\/ochrona-sluchu\\\/ochronniki-sluchu-dla-dzieci\\\/nauszniki-alecto-dla-dzieci-rozowe\\\/#breadcrumb\"},\"inLanguage\":\"pl-PL\",\"potentialAction\":[{\"@type\":\"ReadAction\",\"target\":[\"https:\\\/\\\/www.horendgoed.nl\\\/pl\\\/shop\\\/ochrona-sluchu\\\/ochronniki-sluchu-dla-dzieci\\\/nauszniki-alecto-dla-dzieci-rozowe\\\/\"]}]},{\"@type\":\"ImageObject\",\"inLanguage\":\"pl-PL\",\"@id\":\"https:\\\/\\\/www.horendgoed.nl\\\/pl\\\/shop\\\/ochrona-sluchu\\\/ochronniki-sluchu-dla-dzieci\\\/nauszniki-alecto-dla-dzieci-rozowe\\\/#primaryimage\",\"url\":\"https:\\\/\\\/www.horendgoed.nl\\\/wp-content\\\/uploads\\\/2023\\\/03\\\/37d0-510f-4e38-8733-e844ee754310.png\",\"contentUrl\":\"https:\\\/\\\/www.horendgoed.nl\\\/wp-content\\\/uploads\\\/2023\\\/03\\\/37d0-510f-4e38-8733-e844ee754310.png\",\"width\":1200,\"height\":1200},{\"@type\":\"BreadcrumbList\",\"@id\":\"https:\\\/\\\/www.horendgoed.nl\\\/pl\\\/shop\\\/ochrona-sluchu\\\/ochronniki-sluchu-dla-dzieci\\\/nauszniki-alecto-dla-dzieci-rozowe\\\/#breadcrumb\",\"itemListElement\":[{\"@type\":\"ListItem\",\"position\":1,\"name\":\"Strona g\u0142\u00f3wna\",\"item\":\"https:\\\/\\\/www.horendgoed.nl\\\/pl\\\/\"},{\"@type\":\"ListItem\",\"position\":2,\"name\":\"Produkty\",\"item\":\"https:\\\/\\\/www.horendgoed.nl\\\/pl\\\/sklep\\\/produkty\\\/\"},{\"@type\":\"ListItem\",\"position\":3,\"name\":\"Nauszniki Alecto dla dzieci r\u00f3\u017cowe\"}]},{\"@type\":\"WebSite\",\"@id\":\"https:\\\/\\\/www.horendgoed.nl\\\/pl\\\/#website\",\"url\":\"https:\\\/\\\/www.horendgoed.nl\\\/pl\\\/\",\"name\":\"Horend Goed Audiciens\",\"description\":\"Luistert Beter\",\"publisher\":{\"@id\":\"https:\\\/\\\/www.horendgoed.nl\\\/pl\\\/#organization\"},\"potentialAction\":[{\"@type\":\"SearchAction\",\"target\":{\"@type\":\"EntryPoint\",\"urlTemplate\":\"https:\\\/\\\/www.horendgoed.nl\\\/pl\\\/?s={search_term_string}\"},\"query-input\":{\"@type\":\"PropertyValueSpecification\",\"valueRequired\":true,\"valueName\":\"search_term_string\"}}],\"inLanguage\":\"pl-PL\"},{\"@type\":\"Organization\",\"@id\":\"https:\\\/\\\/www.horendgoed.nl\\\/pl\\\/#organization\",\"name\":\"Horend Goed\",\"url\":\"https:\\\/\\\/www.horendgoed.nl\\\/pl\\\/\",\"logo\":{\"@type\":\"ImageObject\",\"inLanguage\":\"pl-PL\",\"@id\":\"https:\\\/\\\/www.horendgoed.nl\\\/pl\\\/#\\\/schema\\\/logo\\\/image\\\/\",\"url\":\"https:\\\/\\\/www.horendgoed.nl\\\/wp-content\\\/uploads\\\/2021\\\/05\\\/Logo-groot-e1621862526979.png\",\"contentUrl\":\"https:\\\/\\\/www.horendgoed.nl\\\/wp-content\\\/uploads\\\/2021\\\/05\\\/Logo-groot-e1621862526979.png\",\"width\":509,\"height\":100,\"caption\":\"Horend Goed\"},\"image\":{\"@id\":\"https:\\\/\\\/www.horendgoed.nl\\\/pl\\\/#\\\/schema\\\/logo\\\/image\\\/\"},\"sameAs\":[\"https:\\\/\\\/www.facebook.com\\\/horendgoed\",\"https:\\\/\\\/www.instagram.com\\\/horendgoed\\\/\",\"https:\\\/\\\/www.linkedin.com\\\/company\\\/horend-goed\\\/\",\"https:\\\/\\\/www.youtube.com\\\/@horendgoed\"],\"email\":\"info@horendgoed.nl\",\"telephone\":\"075 20 25 203\",\"vatID\":\"NL 853 756 193 B01\"}]}<\/script>\n<!-- \/ Yoast SEO Premium plugin. -->","yoast_head_json":{"title":"Nauszniki Alecto dla dzieci r\u00f3\u017cowe | Horend Goed Audiciens","robots":{"index":"index","follow":"follow","max-snippet":"max-snippet:-1","max-image-preview":"max-image-preview:large","max-video-preview":"max-video-preview:-1"},"canonical":"https:\/\/www.horendgoed.nl\/pl\/shop\/ochrona-sluchu\/ochronniki-sluchu-dla-dzieci\/nauszniki-alecto-dla-dzieci-rozowe\/","og_locale":"pl_PL","og_type":"article","og_title":"Nauszniki Alecto dla dzieci r\u00f3\u017cowe","og_description":"Nauszniki Alecto BV-71 dla dzieci od 18 miesi\u0105ca \u017cycia: Optymalna ochrona s\u0142uchu dla Twojego dziecka Dlaczego ochrona s\u0142uchu jest niezb\u0119dna dla ma\u0142ych dzieci? Ma\u0142e dzieci s\u0105 codziennie nara\u017cone na r\u00f3\u017cne g\u0142o\u015bne d\u017awi\u0119ki, zar\u00f3wno w pomieszczeniach, jak i na zewn\u0105trz. Niezale\u017cnie od tego, czy chodzi o zabaw\u0119 na szkolnym podw\u00f3rku, gwar w klasie, czy ha\u0142as tr\u0105bi\u0105cych &hellip;","og_url":"https:\/\/www.horendgoed.nl\/pl\/shop\/ochrona-sluchu\/ochronniki-sluchu-dla-dzieci\/nauszniki-alecto-dla-dzieci-rozowe\/","og_site_name":"Horend Goed Audiciens","article_publisher":"https:\/\/www.facebook.com\/horendgoed","article_modified_time":"2025-10-31T16:36:05+00:00","og_image":[{"width":1200,"height":1200,"url":"https:\/\/www.horendgoed.nl\/wp-content\/uploads\/2023\/03\/37d0-510f-4e38-8733-e844ee754310.png","type":"image\/png"}],"schema":{"@context":"https:\/\/schema.org","@graph":[{"@type":"WebPage","@id":"https:\/\/www.horendgoed.nl\/pl\/shop\/ochrona-sluchu\/ochronniki-sluchu-dla-dzieci\/nauszniki-alecto-dla-dzieci-rozowe\/","url":"https:\/\/www.horendgoed.nl\/pl\/shop\/ochrona-sluchu\/ochronniki-sluchu-dla-dzieci\/nauszniki-alecto-dla-dzieci-rozowe\/","name":"Nauszniki Alecto dla dzieci r\u00f3\u017cowe | Horend Goed Audiciens","isPartOf":{"@id":"https:\/\/www.horendgoed.nl\/pl\/#website"},"primaryImageOfPage":{"@id":"https:\/\/www.horendgoed.nl\/pl\/shop\/ochrona-sluchu\/ochronniki-sluchu-dla-dzieci\/nauszniki-alecto-dla-dzieci-rozowe\/#primaryimage"},"image":{"@id":"https:\/\/www.horendgoed.nl\/pl\/shop\/ochrona-sluchu\/ochronniki-sluchu-dla-dzieci\/nauszniki-alecto-dla-dzieci-rozowe\/#primaryimage"},"thumbnailUrl":"https:\/\/www.horendgoed.nl\/wp-content\/uploads\/2023\/03\/37d0-510f-4e38-8733-e844ee754310.png","datePublished":"2023-03-30T15:57:34+00:00","dateModified":"2025-10-31T16:36:05+00:00","breadcrumb":{"@id":"https:\/\/www.horendgoed.nl\/pl\/shop\/ochrona-sluchu\/ochronniki-sluchu-dla-dzieci\/nauszniki-alecto-dla-dzieci-rozowe\/#breadcrumb"},"inLanguage":"pl-PL","potentialAction":[{"@type":"ReadAction","target":["https:\/\/www.horendgoed.nl\/pl\/shop\/ochrona-sluchu\/ochronniki-sluchu-dla-dzieci\/nauszniki-alecto-dla-dzieci-rozowe\/"]}]},{"@type":"ImageObject","inLanguage":"pl-PL","@id":"https:\/\/www.horendgoed.nl\/pl\/shop\/ochrona-sluchu\/ochronniki-sluchu-dla-dzieci\/nauszniki-alecto-dla-dzieci-rozowe\/#primaryimage","url":"https:\/\/www.horendgoed.nl\/wp-content\/uploads\/2023\/03\/37d0-510f-4e38-8733-e844ee754310.png","contentUrl":"https:\/\/www.horendgoed.nl\/wp-content\/uploads\/2023\/03\/37d0-510f-4e38-8733-e844ee754310.png","width":1200,"height":1200},{"@type":"BreadcrumbList","@id":"https:\/\/www.horendgoed.nl\/pl\/shop\/ochrona-sluchu\/ochronniki-sluchu-dla-dzieci\/nauszniki-alecto-dla-dzieci-rozowe\/#breadcrumb","itemListElement":[{"@type":"ListItem","position":1,"name":"Strona g\u0142\u00f3wna","item":"https:\/\/www.horendgoed.nl\/pl\/"},{"@type":"ListItem","position":2,"name":"Produkty","item":"https:\/\/www.horendgoed.nl\/pl\/sklep\/produkty\/"},{"@type":"ListItem","position":3,"name":"Nauszniki Alecto dla dzieci r\u00f3\u017cowe"}]},{"@type":"WebSite","@id":"https:\/\/www.horendgoed.nl\/pl\/#website","url":"https:\/\/www.horendgoed.nl\/pl\/","name":"Horend Goed Audiciens","description":"Luistert Beter","publisher":{"@id":"https:\/\/www.horendgoed.nl\/pl\/#organization"},"potentialAction":[{"@type":"SearchAction","target":{"@type":"EntryPoint","urlTemplate":"https:\/\/www.horendgoed.nl\/pl\/?s={search_term_string}"},"query-input":{"@type":"PropertyValueSpecification","valueRequired":true,"valueName":"search_term_string"}}],"inLanguage":"pl-PL"},{"@type":"Organization","@id":"https:\/\/www.horendgoed.nl\/pl\/#organization","name":"Horend Goed","url":"https:\/\/www.horendgoed.nl\/pl\/","logo":{"@type":"ImageObject","inLanguage":"pl-PL","@id":"https:\/\/www.horendgoed.nl\/pl\/#\/schema\/logo\/image\/","url":"https:\/\/www.horendgoed.nl\/wp-content\/uploads\/2021\/05\/Logo-groot-e1621862526979.png","contentUrl":"https:\/\/www.horendgoed.nl\/wp-content\/uploads\/2021\/05\/Logo-groot-e1621862526979.png","width":509,"height":100,"caption":"Horend Goed"},"image":{"@id":"https:\/\/www.horendgoed.nl\/pl\/#\/schema\/logo\/image\/"},"sameAs":["https:\/\/www.facebook.com\/horendgoed","https:\/\/www.instagram.com\/horendgoed\/","https:\/\/www.linkedin.com\/company\/horend-goed\/","https:\/\/www.youtube.com\/@horendgoed"],"email":"info@horendgoed.nl","telephone":"075 20 25 203","vatID":"NL 853 756 193 B01"}]}},"jetpack_sharing_enabled":true,"_links":{"self":[{"href":"https:\/\/www.horendgoed.nl\/pl\/wp-json\/wp\/v2\/product\/156891","targetHints":{"allow":["GET"]}}],"collection":[{"href":"https:\/\/www.horendgoed.nl\/pl\/wp-json\/wp\/v2\/product"}],"about":[{"href":"https:\/\/www.horendgoed.nl\/pl\/wp-json\/wp\/v2\/types\/product"}],"wp:featuredmedia":[{"embeddable":true,"href":"https:\/\/www.horendgoed.nl\/pl\/wp-json\/wp\/v2\/media\/156896"}],"wp:attachment":[{"href":"https:\/\/www.horendgoed.nl\/pl\/wp-json\/wp\/v2\/media?parent=156891"}],"wp:term":[{"taxonomy":"product_brand","embeddable":true,"href":"https:\/\/www.horendgoed.nl\/pl\/wp-json\/wp\/v2\/product_brand?post=156891"},{"taxonomy":"product_cat","embeddable":true,"href":"https:\/\/www.horendgoed.nl\/pl\/wp-json\/wp\/v2\/product_cat?post=156891"},{"taxonomy":"product_tag","embeddable":true,"href":"https:\/\/www.horendgoed.nl\/pl\/wp-json\/wp\/v2\/product_tag?post=156891"}],"curies":[{"name":"wp","href":"https:\/\/api.w.org\/{rel}","templated":true}]}}