{"id":156899,"date":"2023-03-30T15:50:48","date_gmt":"2023-03-30T13:50:48","guid":{"rendered":"https:\/\/www.horendgoed.nl\/shop\/bez-kategorii\/nauszniki-alecto-dla-dzieci-pomaranczowe\/"},"modified":"2025-03-24T12:56:39","modified_gmt":"2025-03-24T11:56:39","slug":"nauszniki-alecto-dla-dzieci-pomaranczowe","status":"publish","type":"product","link":"https:\/\/www.horendgoed.nl\/pl\/shop\/ochrona-sluchu\/ochronniki-sluchu-dla-dzieci\/nauszniki-alecto-dla-dzieci-pomaranczowe\/","title":{"rendered":"Nauszniki Alecto dla dzieci pomara\u0144czowe"},"content":{"rendered":"<p><strong>Ochrona s\u0142uchu dla dziecka: dlaczego dok\u0142adnie?<\/strong><\/p>\n<p>Wiele dzieci cierpi z powodu upo\u015bledzenia s\u0142uchu. Niestety, grupa ta stale ro\u015bnie. Wykaza\u0142y to liczne badania. Przyczyna jest r\u00f3wnie\u017c jasna: s\u0142uch dziecka wci\u0105\u017c si\u0119 rozwija i dlatego jest mniej odporny na g\u0142o\u015bny ha\u0142as. Dodajmy do tego fakt, \u017ce \u017cyjemy w spo\u0142ecze\u0144stwie, w kt\u00f3rym czasami mamy do czynienia z wieloma decybelami, takimi jak fajerwerki w Sylwestra lub systemy d\u017awi\u0119kowe na festiwalach, targach i innych wydarzeniach.    <\/p>\n<p><strong>Wybierasz si\u0119 na festiwal z dzieckiem: we\u017a ze sob\u0105 ochronniki s\u0142uchu!<\/strong><\/p>\n<p>Jednym z miejsc, w kt\u00f3rych dzieci s\u0105 coraz bardziej nara\u017cone na nadmiernie g\u0142o\u015bny ha\u0142as, s\u0105 festiwale. W ostatnich latach organizowanych jest coraz wi\u0119cej festiwali, a grupa docelowa odwiedzaj\u0105cych jest szersza ni\u017c kiedykolwiek. Tam, gdzie kiedy\u015b g\u0142\u00f3wnie m\u0142odzi ludzie zaludniali pola festiwalowe, ju\u017c tak nie jest. Sta\u0142y si\u0119 one wydarzeniami, na kt\u00f3re przychodz\u0105 wszyscy, by cieszy\u0107 si\u0119 muzyk\u0105 i kultur\u0105. Nawet rodzice z (ma\u0142ymi) dzie\u0107mi zamieniaj\u0105 festiwal w dzie\u0144 pe\u0142en zabawy. I to oczywi\u015bcie jest \u015bwietna zabawa. Ale je\u015bli zabierasz swoje dziecko na festiwal muzyczny, dobrze jest zabra\u0107 ze sob\u0105 dobr\u0105 ochron\u0119 s\u0142uchu. Ochronniki s\u0142uchu BV-71 firmy Alecto dla dzieci to doskona\u0142y wyb\u00f3r w tym zakresie:       <\/p>\n<ul>\n<li>Ochronnik s\u0142uchu t\u0142umi szkodliwe i g\u0142o\u015bne d\u017awi\u0119ki, ale nie odcina dziecka od ha\u0142asu otoczenia (t\u0142umienie 29dB SNR).<\/li>\n<li>Ochronniki s\u0142uchu s\u0105 lekkie i sk\u0142adane, co u\u0142atwia ich przenoszenie (idealne na imprezy i festiwale).<\/li>\n<li>Ze wzgl\u0119du na uniwersalne dopasowanie, ta ochrona przed ha\u0142asem jest odpowiednia dla dzieci w wieku od 18 miesi\u0119cy.<\/li>\n<li>Wygodne dzi\u0119ki mi\u0119kkiej opasce na g\u0142ow\u0119<\/li>\n<li>Wykonane w \u015bwie\u017cym kolorze<\/li>\n<li>Alecto: produkty, kt\u00f3re u\u0142atwiaj\u0105 \u017cycie rodzicom<\/li>\n<\/ul>\n<p>Alecto jest znane z produkt\u00f3w, kt\u00f3re u\u0142atwiaj\u0105 \u017cycie wsp\u00f3\u0142czesnym m\u0142odym rodzicom. Mo\u017cesz nas zna\u0107 z naszych wielokrotnie nagradzanych nianiek dla dzieci, ale nasza oferta jest znacznie szersza. Ochronniki s\u0142uchu BV-71 dla dzieci zosta\u0142y opracowane w naszych w\u0142asnych o\u015brodkach badawczo-rozwojowych w siedzibie g\u0142\u00f3wnej w Den Bosch w Holandii. Przeprowadzili\u015bmy szeroko zakrojone testy i odwa\u017cyli\u015bmy si\u0119 zagwarantowa\u0107, \u017ce jest to najlepszy produkt do ochrony s\u0142uchu dziecka. Alecto to przemy\u015blany i przyjazny dla u\u017cytkownika produkt wysokiej jako\u015bci.    <\/p>\n<p><strong>Co znajduje si\u0119 w pude\u0142ku?<\/strong><\/p>\n<ul>\n<li>Ochronnik s\u0142uchu<\/li>\n<li>Instrukcja obs\u0142ugi EN \/ DE \/ FR<\/li>\n<li>Instrukcja uniwersalna<\/li>\n<\/ul>\n","protected":false},"excerpt":{"rendered":"<p>Ochrona s\u0142uchu dla dziecka: dlaczego dok\u0142adnie? Wiele dzieci cierpi z powodu upo\u015bledzenia s\u0142uchu. Niestety, grupa ta stale ro\u015bnie. Wykaza\u0142y to liczne badania. Przyczyna jest r\u00f3wnie\u017c jasna: s\u0142uch dziecka wci\u0105\u017c si\u0119 rozwija i dlatego jest mniej odporny na g\u0142o\u015bny ha\u0142as. Dodajmy do tego fakt, \u017ce \u017cyjemy w spo\u0142ecze\u0144stwie, w kt\u00f3rym czasami mamy do czynienia z wieloma &hellip; <\/p>\n","protected":false},"featured_media":0,"template":"","meta":{"_acf_changed":false},"product_brand":[],"product_cat":[9862,9824,9861],"product_tag":[],"class_list":["post-156899","product","type-product","status-publish","product_cat-nauszniki","product_cat-ochrona-sluchu","product_cat-ochronniki-sluchu-dla-dzieci","grid-sizer","latest_post","first","outofstock","taxable","shipping-taxable","purchasable","product-type-simple"],"acf":[],"yoast_head":"<!-- This site is optimized with the Yoast SEO Premium plugin v27.4 (Yoast SEO v28.3) - https:\/\/yoast.com\/product\/yoast-seo-premium-wordpress\/ -->\n<title>Nauszniki Alecto dla dzieci pomara\u0144czowe | Horend Goed Audiciens<\/title>\n<meta name=\"robots\" content=\"index, follow, max-snippet:-1, max-image-preview:large, max-video-preview:-1\" \/>\n<link rel=\"canonical\" href=\"https:\/\/www.horendgoed.nl\/pl\/shop\/ochrona-sluchu\/ochronniki-sluchu-dla-dzieci\/nauszniki-alecto-dla-dzieci-pomaranczowe\/\" \/>\n<meta property=\"og:locale\" content=\"pl_PL\" \/>\n<meta property=\"og:type\" content=\"article\" \/>\n<meta property=\"og:title\" content=\"Nauszniki Alecto dla dzieci pomara\u0144czowe\" \/>\n<meta property=\"og:description\" content=\"Ochrona s\u0142uchu dla dziecka: dlaczego dok\u0142adnie? Wiele dzieci cierpi z powodu upo\u015bledzenia s\u0142uchu. Niestety, grupa ta stale ro\u015bnie. Wykaza\u0142y to liczne badania. Przyczyna jest r\u00f3wnie\u017c jasna: s\u0142uch dziecka wci\u0105\u017c si\u0119 rozwija i dlatego jest mniej odporny na g\u0142o\u015bny ha\u0142as. Dodajmy do tego fakt, \u017ce \u017cyjemy w spo\u0142ecze\u0144stwie, w kt\u00f3rym czasami mamy do czynienia z wieloma &hellip;\" \/>\n<meta property=\"og:url\" content=\"https:\/\/www.horendgoed.nl\/pl\/shop\/ochrona-sluchu\/ochronniki-sluchu-dla-dzieci\/nauszniki-alecto-dla-dzieci-pomaranczowe\/\" \/>\n<meta property=\"og:site_name\" content=\"Horend Goed Audiciens\" \/>\n<meta property=\"article:publisher\" content=\"https:\/\/www.facebook.com\/horendgoed\" \/>\n<meta property=\"article:modified_time\" content=\"2025-03-24T11:56:39+00:00\" \/>\n<meta property=\"og:image\" content=\"https:\/\/www.horendgoed.nl\/wp-content\/uploads\/2023\/10\/Horend-Goed-Yoast.jpg\" \/>\n\t<meta property=\"og:image:width\" content=\"1200\" \/>\n\t<meta property=\"og:image:height\" content=\"675\" \/>\n\t<meta property=\"og:image:type\" content=\"image\/jpeg\" \/>\n<script type=\"application\/ld+json\" class=\"yoast-schema-graph\">{\"@context\":\"https:\\\/\\\/schema.org\",\"@graph\":[{\"@type\":\"WebPage\",\"@id\":\"https:\\\/\\\/www.horendgoed.nl\\\/pl\\\/shop\\\/ochrona-sluchu\\\/ochronniki-sluchu-dla-dzieci\\\/nauszniki-alecto-dla-dzieci-pomaranczowe\\\/\",\"url\":\"https:\\\/\\\/www.horendgoed.nl\\\/pl\\\/shop\\\/ochrona-sluchu\\\/ochronniki-sluchu-dla-dzieci\\\/nauszniki-alecto-dla-dzieci-pomaranczowe\\\/\",\"name\":\"Nauszniki Alecto dla dzieci pomara\u0144czowe | Horend Goed Audiciens\",\"isPartOf\":{\"@id\":\"https:\\\/\\\/www.horendgoed.nl\\\/pl\\\/#website\"},\"datePublished\":\"2023-03-30T13:50:48+00:00\",\"dateModified\":\"2025-03-24T11:56:39+00:00\",\"breadcrumb\":{\"@id\":\"https:\\\/\\\/www.horendgoed.nl\\\/pl\\\/shop\\\/ochrona-sluchu\\\/ochronniki-sluchu-dla-dzieci\\\/nauszniki-alecto-dla-dzieci-pomaranczowe\\\/#breadcrumb\"},\"inLanguage\":\"pl-PL\",\"potentialAction\":[{\"@type\":\"ReadAction\",\"target\":[\"https:\\\/\\\/www.horendgoed.nl\\\/pl\\\/shop\\\/ochrona-sluchu\\\/ochronniki-sluchu-dla-dzieci\\\/nauszniki-alecto-dla-dzieci-pomaranczowe\\\/\"]}]},{\"@type\":\"BreadcrumbList\",\"@id\":\"https:\\\/\\\/www.horendgoed.nl\\\/pl\\\/shop\\\/ochrona-sluchu\\\/ochronniki-sluchu-dla-dzieci\\\/nauszniki-alecto-dla-dzieci-pomaranczowe\\\/#breadcrumb\",\"itemListElement\":[{\"@type\":\"ListItem\",\"position\":1,\"name\":\"Strona g\u0142\u00f3wna\",\"item\":\"https:\\\/\\\/www.horendgoed.nl\\\/pl\\\/\"},{\"@type\":\"ListItem\",\"position\":2,\"name\":\"Produkty\",\"item\":\"https:\\\/\\\/www.horendgoed.nl\\\/pl\\\/sklep\\\/produkty\\\/\"},{\"@type\":\"ListItem\",\"position\":3,\"name\":\"Nauszniki Alecto dla dzieci pomara\u0144czowe\"}]},{\"@type\":\"WebSite\",\"@id\":\"https:\\\/\\\/www.horendgoed.nl\\\/pl\\\/#website\",\"url\":\"https:\\\/\\\/www.horendgoed.nl\\\/pl\\\/\",\"name\":\"Horend Goed Audiciens\",\"description\":\"Luistert Beter\",\"publisher\":{\"@id\":\"https:\\\/\\\/www.horendgoed.nl\\\/pl\\\/#organization\"},\"potentialAction\":[{\"@type\":\"SearchAction\",\"target\":{\"@type\":\"EntryPoint\",\"urlTemplate\":\"https:\\\/\\\/www.horendgoed.nl\\\/pl\\\/?s={search_term_string}\"},\"query-input\":{\"@type\":\"PropertyValueSpecification\",\"valueRequired\":true,\"valueName\":\"search_term_string\"}}],\"inLanguage\":\"pl-PL\"},{\"@type\":\"Organization\",\"@id\":\"https:\\\/\\\/www.horendgoed.nl\\\/pl\\\/#organization\",\"name\":\"Horend Goed\",\"url\":\"https:\\\/\\\/www.horendgoed.nl\\\/pl\\\/\",\"logo\":{\"@type\":\"ImageObject\",\"inLanguage\":\"pl-PL\",\"@id\":\"https:\\\/\\\/www.horendgoed.nl\\\/pl\\\/#\\\/schema\\\/logo\\\/image\\\/\",\"url\":\"https:\\\/\\\/www.horendgoed.nl\\\/wp-content\\\/uploads\\\/2021\\\/05\\\/Logo-groot-e1621862526979.png\",\"contentUrl\":\"https:\\\/\\\/www.horendgoed.nl\\\/wp-content\\\/uploads\\\/2021\\\/05\\\/Logo-groot-e1621862526979.png\",\"width\":509,\"height\":100,\"caption\":\"Horend Goed\"},\"image\":{\"@id\":\"https:\\\/\\\/www.horendgoed.nl\\\/pl\\\/#\\\/schema\\\/logo\\\/image\\\/\"},\"sameAs\":[\"https:\\\/\\\/www.facebook.com\\\/horendgoed\",\"https:\\\/\\\/www.instagram.com\\\/horendgoed\\\/\",\"https:\\\/\\\/www.linkedin.com\\\/company\\\/horend-goed\\\/\",\"https:\\\/\\\/www.youtube.com\\\/@horendgoed\"],\"email\":\"info@horendgoed.nl\",\"telephone\":\"075 20 25 203\",\"vatID\":\"NL 853 756 193 B01\"}]}<\/script>\n<!-- \/ Yoast SEO Premium plugin. -->","yoast_head_json":{"title":"Nauszniki Alecto dla dzieci pomara\u0144czowe | Horend Goed Audiciens","robots":{"index":"index","follow":"follow","max-snippet":"max-snippet:-1","max-image-preview":"max-image-preview:large","max-video-preview":"max-video-preview:-1"},"canonical":"https:\/\/www.horendgoed.nl\/pl\/shop\/ochrona-sluchu\/ochronniki-sluchu-dla-dzieci\/nauszniki-alecto-dla-dzieci-pomaranczowe\/","og_locale":"pl_PL","og_type":"article","og_title":"Nauszniki Alecto dla dzieci pomara\u0144czowe","og_description":"Ochrona s\u0142uchu dla dziecka: dlaczego dok\u0142adnie? Wiele dzieci cierpi z powodu upo\u015bledzenia s\u0142uchu. Niestety, grupa ta stale ro\u015bnie. Wykaza\u0142y to liczne badania. Przyczyna jest r\u00f3wnie\u017c jasna: s\u0142uch dziecka wci\u0105\u017c si\u0119 rozwija i dlatego jest mniej odporny na g\u0142o\u015bny ha\u0142as. Dodajmy do tego fakt, \u017ce \u017cyjemy w spo\u0142ecze\u0144stwie, w kt\u00f3rym czasami mamy do czynienia z wieloma &hellip;","og_url":"https:\/\/www.horendgoed.nl\/pl\/shop\/ochrona-sluchu\/ochronniki-sluchu-dla-dzieci\/nauszniki-alecto-dla-dzieci-pomaranczowe\/","og_site_name":"Horend Goed Audiciens","article_publisher":"https:\/\/www.facebook.com\/horendgoed","article_modified_time":"2025-03-24T11:56:39+00:00","og_image":[{"width":1200,"height":675,"url":"https:\/\/www.horendgoed.nl\/wp-content\/uploads\/2023\/10\/Horend-Goed-Yoast.jpg","type":"image\/jpeg"}],"schema":{"@context":"https:\/\/schema.org","@graph":[{"@type":"WebPage","@id":"https:\/\/www.horendgoed.nl\/pl\/shop\/ochrona-sluchu\/ochronniki-sluchu-dla-dzieci\/nauszniki-alecto-dla-dzieci-pomaranczowe\/","url":"https:\/\/www.horendgoed.nl\/pl\/shop\/ochrona-sluchu\/ochronniki-sluchu-dla-dzieci\/nauszniki-alecto-dla-dzieci-pomaranczowe\/","name":"Nauszniki Alecto dla dzieci pomara\u0144czowe | Horend Goed Audiciens","isPartOf":{"@id":"https:\/\/www.horendgoed.nl\/pl\/#website"},"datePublished":"2023-03-30T13:50:48+00:00","dateModified":"2025-03-24T11:56:39+00:00","breadcrumb":{"@id":"https:\/\/www.horendgoed.nl\/pl\/shop\/ochrona-sluchu\/ochronniki-sluchu-dla-dzieci\/nauszniki-alecto-dla-dzieci-pomaranczowe\/#breadcrumb"},"inLanguage":"pl-PL","potentialAction":[{"@type":"ReadAction","target":["https:\/\/www.horendgoed.nl\/pl\/shop\/ochrona-sluchu\/ochronniki-sluchu-dla-dzieci\/nauszniki-alecto-dla-dzieci-pomaranczowe\/"]}]},{"@type":"BreadcrumbList","@id":"https:\/\/www.horendgoed.nl\/pl\/shop\/ochrona-sluchu\/ochronniki-sluchu-dla-dzieci\/nauszniki-alecto-dla-dzieci-pomaranczowe\/#breadcrumb","itemListElement":[{"@type":"ListItem","position":1,"name":"Strona g\u0142\u00f3wna","item":"https:\/\/www.horendgoed.nl\/pl\/"},{"@type":"ListItem","position":2,"name":"Produkty","item":"https:\/\/www.horendgoed.nl\/pl\/sklep\/produkty\/"},{"@type":"ListItem","position":3,"name":"Nauszniki Alecto dla dzieci pomara\u0144czowe"}]},{"@type":"WebSite","@id":"https:\/\/www.horendgoed.nl\/pl\/#website","url":"https:\/\/www.horendgoed.nl\/pl\/","name":"Horend Goed Audiciens","description":"Luistert Beter","publisher":{"@id":"https:\/\/www.horendgoed.nl\/pl\/#organization"},"potentialAction":[{"@type":"SearchAction","target":{"@type":"EntryPoint","urlTemplate":"https:\/\/www.horendgoed.nl\/pl\/?s={search_term_string}"},"query-input":{"@type":"PropertyValueSpecification","valueRequired":true,"valueName":"search_term_string"}}],"inLanguage":"pl-PL"},{"@type":"Organization","@id":"https:\/\/www.horendgoed.nl\/pl\/#organization","name":"Horend Goed","url":"https:\/\/www.horendgoed.nl\/pl\/","logo":{"@type":"ImageObject","inLanguage":"pl-PL","@id":"https:\/\/www.horendgoed.nl\/pl\/#\/schema\/logo\/image\/","url":"https:\/\/www.horendgoed.nl\/wp-content\/uploads\/2021\/05\/Logo-groot-e1621862526979.png","contentUrl":"https:\/\/www.horendgoed.nl\/wp-content\/uploads\/2021\/05\/Logo-groot-e1621862526979.png","width":509,"height":100,"caption":"Horend Goed"},"image":{"@id":"https:\/\/www.horendgoed.nl\/pl\/#\/schema\/logo\/image\/"},"sameAs":["https:\/\/www.facebook.com\/horendgoed","https:\/\/www.instagram.com\/horendgoed\/","https:\/\/www.linkedin.com\/company\/horend-goed\/","https:\/\/www.youtube.com\/@horendgoed"],"email":"info@horendgoed.nl","telephone":"075 20 25 203","vatID":"NL 853 756 193 B01"}]}},"jetpack_sharing_enabled":true,"_links":{"self":[{"href":"https:\/\/www.horendgoed.nl\/pl\/wp-json\/wp\/v2\/product\/156899","targetHints":{"allow":["GET"]}}],"collection":[{"href":"https:\/\/www.horendgoed.nl\/pl\/wp-json\/wp\/v2\/product"}],"about":[{"href":"https:\/\/www.horendgoed.nl\/pl\/wp-json\/wp\/v2\/types\/product"}],"wp:attachment":[{"href":"https:\/\/www.horendgoed.nl\/pl\/wp-json\/wp\/v2\/media?parent=156899"}],"wp:term":[{"taxonomy":"product_brand","embeddable":true,"href":"https:\/\/www.horendgoed.nl\/pl\/wp-json\/wp\/v2\/product_brand?post=156899"},{"taxonomy":"product_cat","embeddable":true,"href":"https:\/\/www.horendgoed.nl\/pl\/wp-json\/wp\/v2\/product_cat?post=156899"},{"taxonomy":"product_tag","embeddable":true,"href":"https:\/\/www.horendgoed.nl\/pl\/wp-json\/wp\/v2\/product_tag?post=156899"}],"curies":[{"name":"wp","href":"https:\/\/api.w.org\/{rel}","templated":true}]}}