{"id":158159,"date":"2024-04-25T14:19:57","date_gmt":"2024-04-25T14:19:57","guid":{"rendered":"https:\/\/www.horendgoed.nl\/shop\/bez-kategorii\/smycz-phonak-roger-select\/"},"modified":"2025-09-15T12:40:37","modified_gmt":"2025-09-15T10:40:37","slug":"smycz-phonak-roger-select","status":"publish","type":"product","link":"https:\/\/www.horendgoed.nl\/pl\/shop\/pomoce-dla-osob-niedoslyszacych\/akcesoria-do-mikrofonow\/paski-do-mikrofonu\/smycz-phonak-roger-select\/","title":{"rendered":"Smycz Phonak Roger Select"},"content":{"rendered":"<h3>Odkryj wymienn\u0105 smycz dla Roger Select: B\u0105d\u017a zawsze w kontakcie<\/h3>\n<p>Zapasowa smycz to doskona\u0142y spos\u00f3b, aby zawsze by\u0107 w centrum rozmowy. Utrzymuj Roger Select w idealnym stanie dzi\u0119ki zapasowej smyczy, na wypadek gdyby oryginalna smycz zosta\u0142a zgubiona lub uszkodzona. Smycz zosta\u0142a zaprojektowana tak, aby bezpiecznie i wygodnie zawiesi\u0107 mikrofon Roger Select na szyi, umo\u017cliwiaj\u0105c wyra\u017ane s\u0142yszenie ka\u017cdego s\u0142owa.  <\/p>\n<h4>Zalety wymiennej smyczy<\/h4>\n<p><strong>1. Wygodny zamiennik:<\/strong> W przypadku zgubienia lub uszkodzenia oryginalnej smyczy, zamiennik oferuje szybkie i \u0142atwe rozwi\u0105zanie. Pozwala to na dalsze korzystanie z pe\u0142nej funkcjonalno\u015bci Roger Select bez zak\u0142\u00f3ce\u0144. <\/p>\n<p><strong>2. \u0141atwo\u015b\u0107 u\u017cycia:<\/strong> Smycz mo\u017cna \u0142atwo przymocowa\u0107 do Roger Select i jest ona zabezpieczona silnym i wygodnym magnesem. Solidny system mocowania zapewnia, \u017ce smycz pozostaje na swoim miejscu, nawet podczas d\u0142ugotrwa\u0142ego u\u017cytkowania. <\/p>\n<p><strong>3. Wygodna w noszeniu:<\/strong> Smycz zosta\u0142a zaprojektowana z my\u015bl\u0105 o wygodzie. Mo\u017cna j\u0105 \u0142atwo nosi\u0107 bez dyskomfortu, co jest idealne na d\u0142ugie spotkania lub rozmowy. Pozwala g\u0142o\u015bnikowi na swobodne poruszanie si\u0119, podczas gdy Ty nadal wyra\u017anie s\u0142yszysz, co si\u0119 do Ciebie m\u00f3wi.  <\/p>\n<h4>Kompatybilno\u015b\u0107<\/h4>\n<p>Smycz jest kompatybilna tylko z produktami z serii Roger Select, w tym:<\/p>\n<ul>\n<li>Roger Select<\/li>\n<li>Roger Select iN<\/li>\n<\/ul>\n<h4>Najwa\u017cniejsze cechy<\/h4>\n<ul>\n<li><strong>\u0141atwe mocowanie:<\/strong> smycz mo\u017cna \u0142atwo przymocowa\u0107 do Roger Select, dzi\u0119ki czemu mo\u017cna szybko wr\u00f3ci\u0107 do pracy.<\/li>\n<li><strong>Mocne zapi\u0119cie magnetyczne:<\/strong> smycz mocuje si\u0119 za pomoc\u0105 silnego magnesu, zapewniaj\u0105c bezpieczne i wygodne dopasowanie.<\/li>\n<li><strong>Wygodny w noszeniu:<\/strong> Zaprojektowany do wygodnego noszenia na szyi, idealny do d\u0142ugich okres\u00f3w u\u017cytkowania.<\/li>\n<\/ul>\n<h4>Zawarto\u015b\u0107 opakowania<\/h4>\n<ul>\n<li>1 x wymienna smycz dla Roger Select<\/li>\n<\/ul>\n<h4>Specyfikacja produktu<\/h4>\n<ul>\n<li><strong>D\u0142ugo\u015b\u0107:<\/strong> oko\u0142o 36 cm<\/li>\n<\/ul>\n<h4>Komentarz<\/h4>\n<p>Ta wymienna smycz nie obejmuje samego mikrofonu Roger Select. Jest przeznaczona jako akcesorium do utrzymania istniej\u0105cego mikrofonu Roger Select w optymalnym stanie. <\/p>\n<h4>Dlaczego warto wybra\u0107 smycz zamienn\u0105?<\/h4>\n<p>Zapasowa smycz jest niezb\u0119dnym akcesorium dla ka\u017cdego, kto korzysta z Roger Select. Nie tylko zapewnia wygodne rozwi\u0105zanie w przypadku zgubienia lub uszkodzenia smyczy, ale tak\u017ce zapewnia, \u017ce zawsze jeste\u015b gotowy do ka\u017cdej rozmowy. Niezale\u017cnie od tego, czy jeste\u015b na spotkaniu, uczestniczysz w prezentacji, czy prowadzisz rozmow\u0119 w ha\u0142a\u015bliwym otoczeniu, zapasowa smycz umo\u017cliwia \u0142atwe i wygodne noszenie mikrofonu Roger Select, dzi\u0119ki czemu nie umknie Ci \u017cadne s\u0142owo.  <\/p>\n<p>Ju\u017c dzi\u015b zainwestuj w zapasow\u0105 smycz do swojego urz\u0105dzenia Roger Select i ciesz si\u0119 wygod\u0105 i bezpiecze\u0144stwem pozostawania w kontakcie. Aby uzyska\u0107 wi\u0119cej informacji lub zada\u0107 pytania, skontaktuj si\u0119 z nami w dowolnym momencie. Nasz przyjazny i kompetentny zesp\u00f3\u0142 jest gotowy do pomocy i zapewnienia najlepszych akcesori\u00f3w do aparat\u00f3w s\u0142uchowych.  <\/p>\n","protected":false},"excerpt":{"rendered":"<p>Odkryj wymienn\u0105 smycz dla Roger Select: B\u0105d\u017a zawsze w kontakcie Zapasowa smycz to doskona\u0142y spos\u00f3b, aby zawsze by\u0107 w centrum rozmowy. Utrzymuj Roger Select w idealnym stanie dzi\u0119ki zapasowej smyczy, na wypadek gdyby oryginalna smycz zosta\u0142a zgubiona lub uszkodzona. Smycz zosta\u0142a zaprojektowana tak, aby bezpiecznie i wygodnie zawiesi\u0107 mikrofon Roger Select na szyi, umo\u017cliwiaj\u0105c wyra\u017ane &hellip; <\/p>\n","protected":false},"featured_media":158161,"template":"","meta":{"_acf_changed":false},"product_brand":[],"product_cat":[10410,9809,15237],"product_tag":[13933],"class_list":["post-158159","product","type-product","status-publish","has-post-thumbnail","product_cat-akcesoria-do-mikrofonow","product_cat-elektronika","product_cat-paski-do-mikrofonu","product_tag-fonak","grid-sizer","latest_post","first","instock","taxable","shipping-taxable","purchasable","product-type-simple"],"acf":[],"yoast_head":"<!-- This site is optimized with the Yoast SEO Premium plugin v27.4 (Yoast SEO v28.3) - https:\/\/yoast.com\/product\/yoast-seo-premium-wordpress\/ -->\n<title>Smycz Phonak Roger Select | Horend Goed Audiciens<\/title>\n<meta name=\"robots\" content=\"index, follow, max-snippet:-1, max-image-preview:large, max-video-preview:-1\" \/>\n<link rel=\"canonical\" href=\"https:\/\/www.horendgoed.nl\/pl\/shop\/pomoce-dla-osob-niedoslyszacych\/akcesoria-do-mikrofonow\/paski-do-mikrofonu\/smycz-phonak-roger-select\/\" \/>\n<meta property=\"og:locale\" content=\"pl_PL\" \/>\n<meta property=\"og:type\" content=\"article\" \/>\n<meta property=\"og:title\" content=\"Smycz Phonak Roger Select\" \/>\n<meta property=\"og:description\" content=\"Odkryj wymienn\u0105 smycz dla Roger Select: B\u0105d\u017a zawsze w kontakcie Zapasowa smycz to doskona\u0142y spos\u00f3b, aby zawsze by\u0107 w centrum rozmowy. Utrzymuj Roger Select w idealnym stanie dzi\u0119ki zapasowej smyczy, na wypadek gdyby oryginalna smycz zosta\u0142a zgubiona lub uszkodzona. Smycz zosta\u0142a zaprojektowana tak, aby bezpiecznie i wygodnie zawiesi\u0107 mikrofon Roger Select na szyi, umo\u017cliwiaj\u0105c wyra\u017ane &hellip;\" \/>\n<meta property=\"og:url\" content=\"https:\/\/www.horendgoed.nl\/pl\/shop\/pomoce-dla-osob-niedoslyszacych\/akcesoria-do-mikrofonow\/paski-do-mikrofonu\/smycz-phonak-roger-select\/\" \/>\n<meta property=\"og:site_name\" content=\"Horend Goed Audiciens\" \/>\n<meta property=\"article:publisher\" content=\"https:\/\/www.facebook.com\/horendgoed\" \/>\n<meta property=\"article:modified_time\" content=\"2025-09-15T10:40:37+00:00\" \/>\n<meta property=\"og:image\" content=\"https:\/\/www.horendgoed.nl\/wp-content\/uploads\/2024\/04\/Packshot-Roger-Select-lanyard-055-3029.png\" \/>\n\t<meta property=\"og:image:width\" content=\"600\" \/>\n\t<meta property=\"og:image:height\" content=\"600\" \/>\n\t<meta property=\"og:image:type\" content=\"image\/png\" \/>\n<script type=\"application\/ld+json\" class=\"yoast-schema-graph\">{\"@context\":\"https:\\\/\\\/schema.org\",\"@graph\":[{\"@type\":\"WebPage\",\"@id\":\"https:\\\/\\\/www.horendgoed.nl\\\/pl\\\/shop\\\/pomoce-dla-osob-niedoslyszacych\\\/akcesoria-do-mikrofonow\\\/paski-do-mikrofonu\\\/smycz-phonak-roger-select\\\/\",\"url\":\"https:\\\/\\\/www.horendgoed.nl\\\/pl\\\/shop\\\/pomoce-dla-osob-niedoslyszacych\\\/akcesoria-do-mikrofonow\\\/paski-do-mikrofonu\\\/smycz-phonak-roger-select\\\/\",\"name\":\"Smycz Phonak Roger Select | Horend Goed Audiciens\",\"isPartOf\":{\"@id\":\"https:\\\/\\\/www.horendgoed.nl\\\/pl\\\/#website\"},\"primaryImageOfPage\":{\"@id\":\"https:\\\/\\\/www.horendgoed.nl\\\/pl\\\/shop\\\/pomoce-dla-osob-niedoslyszacych\\\/akcesoria-do-mikrofonow\\\/paski-do-mikrofonu\\\/smycz-phonak-roger-select\\\/#primaryimage\"},\"image\":{\"@id\":\"https:\\\/\\\/www.horendgoed.nl\\\/pl\\\/shop\\\/pomoce-dla-osob-niedoslyszacych\\\/akcesoria-do-mikrofonow\\\/paski-do-mikrofonu\\\/smycz-phonak-roger-select\\\/#primaryimage\"},\"thumbnailUrl\":\"https:\\\/\\\/www.horendgoed.nl\\\/wp-content\\\/uploads\\\/2024\\\/04\\\/Packshot-Roger-Select-lanyard-055-3029.png\",\"datePublished\":\"2024-04-25T14:19:57+00:00\",\"dateModified\":\"2025-09-15T10:40:37+00:00\",\"breadcrumb\":{\"@id\":\"https:\\\/\\\/www.horendgoed.nl\\\/pl\\\/shop\\\/pomoce-dla-osob-niedoslyszacych\\\/akcesoria-do-mikrofonow\\\/paski-do-mikrofonu\\\/smycz-phonak-roger-select\\\/#breadcrumb\"},\"inLanguage\":\"pl-PL\",\"potentialAction\":[{\"@type\":\"ReadAction\",\"target\":[\"https:\\\/\\\/www.horendgoed.nl\\\/pl\\\/shop\\\/pomoce-dla-osob-niedoslyszacych\\\/akcesoria-do-mikrofonow\\\/paski-do-mikrofonu\\\/smycz-phonak-roger-select\\\/\"]}]},{\"@type\":\"ImageObject\",\"inLanguage\":\"pl-PL\",\"@id\":\"https:\\\/\\\/www.horendgoed.nl\\\/pl\\\/shop\\\/pomoce-dla-osob-niedoslyszacych\\\/akcesoria-do-mikrofonow\\\/paski-do-mikrofonu\\\/smycz-phonak-roger-select\\\/#primaryimage\",\"url\":\"https:\\\/\\\/www.horendgoed.nl\\\/wp-content\\\/uploads\\\/2024\\\/04\\\/Packshot-Roger-Select-lanyard-055-3029.png\",\"contentUrl\":\"https:\\\/\\\/www.horendgoed.nl\\\/wp-content\\\/uploads\\\/2024\\\/04\\\/Packshot-Roger-Select-lanyard-055-3029.png\",\"width\":600,\"height\":600},{\"@type\":\"BreadcrumbList\",\"@id\":\"https:\\\/\\\/www.horendgoed.nl\\\/pl\\\/shop\\\/pomoce-dla-osob-niedoslyszacych\\\/akcesoria-do-mikrofonow\\\/paski-do-mikrofonu\\\/smycz-phonak-roger-select\\\/#breadcrumb\",\"itemListElement\":[{\"@type\":\"ListItem\",\"position\":1,\"name\":\"Strona g\u0142\u00f3wna\",\"item\":\"https:\\\/\\\/www.horendgoed.nl\\\/pl\\\/\"},{\"@type\":\"ListItem\",\"position\":2,\"name\":\"Produkty\",\"item\":\"https:\\\/\\\/www.horendgoed.nl\\\/pl\\\/sklep\\\/produkty\\\/\"},{\"@type\":\"ListItem\",\"position\":3,\"name\":\"Smycz Phonak Roger Select\"}]},{\"@type\":\"WebSite\",\"@id\":\"https:\\\/\\\/www.horendgoed.nl\\\/pl\\\/#website\",\"url\":\"https:\\\/\\\/www.horendgoed.nl\\\/pl\\\/\",\"name\":\"Horend Goed Audiciens\",\"description\":\"Luistert Beter\",\"publisher\":{\"@id\":\"https:\\\/\\\/www.horendgoed.nl\\\/pl\\\/#organization\"},\"potentialAction\":[{\"@type\":\"SearchAction\",\"target\":{\"@type\":\"EntryPoint\",\"urlTemplate\":\"https:\\\/\\\/www.horendgoed.nl\\\/pl\\\/?s={search_term_string}\"},\"query-input\":{\"@type\":\"PropertyValueSpecification\",\"valueRequired\":true,\"valueName\":\"search_term_string\"}}],\"inLanguage\":\"pl-PL\"},{\"@type\":\"Organization\",\"@id\":\"https:\\\/\\\/www.horendgoed.nl\\\/pl\\\/#organization\",\"name\":\"Horend Goed\",\"url\":\"https:\\\/\\\/www.horendgoed.nl\\\/pl\\\/\",\"logo\":{\"@type\":\"ImageObject\",\"inLanguage\":\"pl-PL\",\"@id\":\"https:\\\/\\\/www.horendgoed.nl\\\/pl\\\/#\\\/schema\\\/logo\\\/image\\\/\",\"url\":\"https:\\\/\\\/www.horendgoed.nl\\\/wp-content\\\/uploads\\\/2021\\\/05\\\/Logo-groot-e1621862526979.png\",\"contentUrl\":\"https:\\\/\\\/www.horendgoed.nl\\\/wp-content\\\/uploads\\\/2021\\\/05\\\/Logo-groot-e1621862526979.png\",\"width\":509,\"height\":100,\"caption\":\"Horend Goed\"},\"image\":{\"@id\":\"https:\\\/\\\/www.horendgoed.nl\\\/pl\\\/#\\\/schema\\\/logo\\\/image\\\/\"},\"sameAs\":[\"https:\\\/\\\/www.facebook.com\\\/horendgoed\",\"https:\\\/\\\/www.instagram.com\\\/horendgoed\\\/\",\"https:\\\/\\\/www.linkedin.com\\\/company\\\/horend-goed\\\/\",\"https:\\\/\\\/www.youtube.com\\\/@horendgoed\"],\"email\":\"info@horendgoed.nl\",\"telephone\":\"075 20 25 203\",\"vatID\":\"NL 853 756 193 B01\"}]}<\/script>\n<!-- \/ Yoast SEO Premium plugin. -->","yoast_head_json":{"title":"Smycz Phonak Roger Select | Horend Goed Audiciens","robots":{"index":"index","follow":"follow","max-snippet":"max-snippet:-1","max-image-preview":"max-image-preview:large","max-video-preview":"max-video-preview:-1"},"canonical":"https:\/\/www.horendgoed.nl\/pl\/shop\/pomoce-dla-osob-niedoslyszacych\/akcesoria-do-mikrofonow\/paski-do-mikrofonu\/smycz-phonak-roger-select\/","og_locale":"pl_PL","og_type":"article","og_title":"Smycz Phonak Roger Select","og_description":"Odkryj wymienn\u0105 smycz dla Roger Select: B\u0105d\u017a zawsze w kontakcie Zapasowa smycz to doskona\u0142y spos\u00f3b, aby zawsze by\u0107 w centrum rozmowy. Utrzymuj Roger Select w idealnym stanie dzi\u0119ki zapasowej smyczy, na wypadek gdyby oryginalna smycz zosta\u0142a zgubiona lub uszkodzona. Smycz zosta\u0142a zaprojektowana tak, aby bezpiecznie i wygodnie zawiesi\u0107 mikrofon Roger Select na szyi, umo\u017cliwiaj\u0105c wyra\u017ane &hellip;","og_url":"https:\/\/www.horendgoed.nl\/pl\/shop\/pomoce-dla-osob-niedoslyszacych\/akcesoria-do-mikrofonow\/paski-do-mikrofonu\/smycz-phonak-roger-select\/","og_site_name":"Horend Goed Audiciens","article_publisher":"https:\/\/www.facebook.com\/horendgoed","article_modified_time":"2025-09-15T10:40:37+00:00","og_image":[{"width":600,"height":600,"url":"https:\/\/www.horendgoed.nl\/wp-content\/uploads\/2024\/04\/Packshot-Roger-Select-lanyard-055-3029.png","type":"image\/png"}],"schema":{"@context":"https:\/\/schema.org","@graph":[{"@type":"WebPage","@id":"https:\/\/www.horendgoed.nl\/pl\/shop\/pomoce-dla-osob-niedoslyszacych\/akcesoria-do-mikrofonow\/paski-do-mikrofonu\/smycz-phonak-roger-select\/","url":"https:\/\/www.horendgoed.nl\/pl\/shop\/pomoce-dla-osob-niedoslyszacych\/akcesoria-do-mikrofonow\/paski-do-mikrofonu\/smycz-phonak-roger-select\/","name":"Smycz Phonak Roger Select | Horend Goed Audiciens","isPartOf":{"@id":"https:\/\/www.horendgoed.nl\/pl\/#website"},"primaryImageOfPage":{"@id":"https:\/\/www.horendgoed.nl\/pl\/shop\/pomoce-dla-osob-niedoslyszacych\/akcesoria-do-mikrofonow\/paski-do-mikrofonu\/smycz-phonak-roger-select\/#primaryimage"},"image":{"@id":"https:\/\/www.horendgoed.nl\/pl\/shop\/pomoce-dla-osob-niedoslyszacych\/akcesoria-do-mikrofonow\/paski-do-mikrofonu\/smycz-phonak-roger-select\/#primaryimage"},"thumbnailUrl":"https:\/\/www.horendgoed.nl\/wp-content\/uploads\/2024\/04\/Packshot-Roger-Select-lanyard-055-3029.png","datePublished":"2024-04-25T14:19:57+00:00","dateModified":"2025-09-15T10:40:37+00:00","breadcrumb":{"@id":"https:\/\/www.horendgoed.nl\/pl\/shop\/pomoce-dla-osob-niedoslyszacych\/akcesoria-do-mikrofonow\/paski-do-mikrofonu\/smycz-phonak-roger-select\/#breadcrumb"},"inLanguage":"pl-PL","potentialAction":[{"@type":"ReadAction","target":["https:\/\/www.horendgoed.nl\/pl\/shop\/pomoce-dla-osob-niedoslyszacych\/akcesoria-do-mikrofonow\/paski-do-mikrofonu\/smycz-phonak-roger-select\/"]}]},{"@type":"ImageObject","inLanguage":"pl-PL","@id":"https:\/\/www.horendgoed.nl\/pl\/shop\/pomoce-dla-osob-niedoslyszacych\/akcesoria-do-mikrofonow\/paski-do-mikrofonu\/smycz-phonak-roger-select\/#primaryimage","url":"https:\/\/www.horendgoed.nl\/wp-content\/uploads\/2024\/04\/Packshot-Roger-Select-lanyard-055-3029.png","contentUrl":"https:\/\/www.horendgoed.nl\/wp-content\/uploads\/2024\/04\/Packshot-Roger-Select-lanyard-055-3029.png","width":600,"height":600},{"@type":"BreadcrumbList","@id":"https:\/\/www.horendgoed.nl\/pl\/shop\/pomoce-dla-osob-niedoslyszacych\/akcesoria-do-mikrofonow\/paski-do-mikrofonu\/smycz-phonak-roger-select\/#breadcrumb","itemListElement":[{"@type":"ListItem","position":1,"name":"Strona g\u0142\u00f3wna","item":"https:\/\/www.horendgoed.nl\/pl\/"},{"@type":"ListItem","position":2,"name":"Produkty","item":"https:\/\/www.horendgoed.nl\/pl\/sklep\/produkty\/"},{"@type":"ListItem","position":3,"name":"Smycz Phonak Roger Select"}]},{"@type":"WebSite","@id":"https:\/\/www.horendgoed.nl\/pl\/#website","url":"https:\/\/www.horendgoed.nl\/pl\/","name":"Horend Goed Audiciens","description":"Luistert Beter","publisher":{"@id":"https:\/\/www.horendgoed.nl\/pl\/#organization"},"potentialAction":[{"@type":"SearchAction","target":{"@type":"EntryPoint","urlTemplate":"https:\/\/www.horendgoed.nl\/pl\/?s={search_term_string}"},"query-input":{"@type":"PropertyValueSpecification","valueRequired":true,"valueName":"search_term_string"}}],"inLanguage":"pl-PL"},{"@type":"Organization","@id":"https:\/\/www.horendgoed.nl\/pl\/#organization","name":"Horend Goed","url":"https:\/\/www.horendgoed.nl\/pl\/","logo":{"@type":"ImageObject","inLanguage":"pl-PL","@id":"https:\/\/www.horendgoed.nl\/pl\/#\/schema\/logo\/image\/","url":"https:\/\/www.horendgoed.nl\/wp-content\/uploads\/2021\/05\/Logo-groot-e1621862526979.png","contentUrl":"https:\/\/www.horendgoed.nl\/wp-content\/uploads\/2021\/05\/Logo-groot-e1621862526979.png","width":509,"height":100,"caption":"Horend Goed"},"image":{"@id":"https:\/\/www.horendgoed.nl\/pl\/#\/schema\/logo\/image\/"},"sameAs":["https:\/\/www.facebook.com\/horendgoed","https:\/\/www.instagram.com\/horendgoed\/","https:\/\/www.linkedin.com\/company\/horend-goed\/","https:\/\/www.youtube.com\/@horendgoed"],"email":"info@horendgoed.nl","telephone":"075 20 25 203","vatID":"NL 853 756 193 B01"}]}},"jetpack_sharing_enabled":true,"_links":{"self":[{"href":"https:\/\/www.horendgoed.nl\/pl\/wp-json\/wp\/v2\/product\/158159","targetHints":{"allow":["GET"]}}],"collection":[{"href":"https:\/\/www.horendgoed.nl\/pl\/wp-json\/wp\/v2\/product"}],"about":[{"href":"https:\/\/www.horendgoed.nl\/pl\/wp-json\/wp\/v2\/types\/product"}],"wp:featuredmedia":[{"embeddable":true,"href":"https:\/\/www.horendgoed.nl\/pl\/wp-json\/wp\/v2\/media\/158161"}],"wp:attachment":[{"href":"https:\/\/www.horendgoed.nl\/pl\/wp-json\/wp\/v2\/media?parent=158159"}],"wp:term":[{"taxonomy":"product_brand","embeddable":true,"href":"https:\/\/www.horendgoed.nl\/pl\/wp-json\/wp\/v2\/product_brand?post=158159"},{"taxonomy":"product_cat","embeddable":true,"href":"https:\/\/www.horendgoed.nl\/pl\/wp-json\/wp\/v2\/product_cat?post=158159"},{"taxonomy":"product_tag","embeddable":true,"href":"https:\/\/www.horendgoed.nl\/pl\/wp-json\/wp\/v2\/product_tag?post=158159"}],"curies":[{"name":"wp","href":"https:\/\/api.w.org\/{rel}","templated":true}]}}