{"id":205080,"date":"2022-12-13T10:25:44","date_gmt":"2022-12-13T09:25:44","guid":{"rendered":"https:\/\/www.horendgoed.nl\/shop\/sem%20categoria\/capsula-de-audio-flare-preta\/"},"modified":"2025-09-13T21:15:49","modified_gmt":"2025-09-13T19:15:49","slug":"capsula-de-audio-flare-preta","status":"publish","type":"product","link":"https:\/\/www.horendgoed.nl\/pt-pt\/shop\/loja-da-sandra\/porta-chaves\/capsula-de-audio-flare-preta\/","title":{"rendered":"C\u00e1psula de \u00e1udio Flare preta"},"content":{"rendered":"<p><strong>Suporte para c\u00e1psulas de \u00e1udio Flare Preto: Prote\u00e7\u00e3o e estilo para os teus calmantes<\/strong><\/p>\n<p>A <strong>c\u00e1psula Flare Audio Standard Black<\/strong> \u00e9 a solu\u00e7\u00e3o perfeita para quem quer guardar em seguran\u00e7a os seus <strong>Flare Audio Calmers<\/strong> e proteg\u00ea-los de danos e sujidade. Esta c\u00e1psula de armazenamento combina estilo, durabilidade e facilidade de utiliza\u00e7\u00e3o num design compacto, tornando-a ideal para o uso di\u00e1rio. Quer estejas na estrada, a caminho do trabalho ou apenas queiras guardar a tua prote\u00e7\u00e3o auditiva em casa, a c\u00e1psula Flare Audio oferece uma prote\u00e7\u00e3o \u00f3ptima para os teus valiosos auriculares.  <\/p>\n<p>Com o seu elegante design preto e acabamento de alta qualidade, a <strong>c\u00e1psula de \u00e1udio Flare Standard Black<\/strong> \u00e9 um acess\u00f3rio indispens\u00e1vel para quem quer manter a sua prote\u00e7\u00e3o auditiva segura e com estilo.<\/p>\n<h3><strong>Porqu\u00ea escolher a c\u00e1psula Flare Audio Standard Black?<\/strong><\/h3>\n<p>A <strong>c\u00e1psula Flare Audio<\/strong> foi especialmente concebida para guardar os teus <strong>Flare Audio Calmers<\/strong> e outros auriculares pequenos de forma segura e higi\u00e9nica. Os auriculares s\u00e3o suscept\u00edveis de sujidade, p\u00f3 e danos quando guardados soltos na tua mala ou no teu bolso. Com esta c\u00e1psula de armazenamento, assegura que os teus auriculares permanecem bem protegidos, prolongando significativamente a vida \u00fatil da tua prote\u00e7\u00e3o auditiva.  <\/p>\n<p>Al\u00e9m disso, a c\u00e1psula \u00e9 feita de alum\u00ednio dur\u00e1vel, o que n\u00e3o s\u00f3 garante uma constru\u00e7\u00e3o robusta, mas tamb\u00e9m um acess\u00f3rio leve e f\u00e1cil de transportar. Quer estejas na estrada ou em casa, tens sempre um local seguro para guardar os teus tamp\u00f5es para os ouvidos. <\/p>\n<h3><strong>Design compacto e duradouro<\/strong><\/h3>\n<p>O <strong>suporte de c\u00e1psula Flare Audio Preto<\/strong> foi concebido tendo em mente a durabilidade e a facilidade de utiliza\u00e7\u00e3o. O <strong>tamanho compacto<\/strong> facilita o transporte da c\u00e1psula para qualquer lugar, enquanto o material de alum\u00ednio resistente garante uma prote\u00e7\u00e3o \u00f3ptima contra quedas, riscos e outras formas de danos. Isto torna a c\u00e1psula ideal para pessoas que est\u00e3o sempre em movimento e querem guardar a sua prote\u00e7\u00e3o auditiva em seguran\u00e7a.  <\/p>\n<p>O <strong>design preto<\/strong> n\u00e3o \u00e9 apenas elegante, mas tamb\u00e9m funcional. A cor preta confere \u00e0 c\u00e1psula um aspeto moderno e subtil que se adapta a qualquer estilo. Al\u00e9m disso, a c\u00e1psula est\u00e1 equipada com uma tampa de rosca, mantendo os teus auriculares selados em seguran\u00e7a e evitando que caiam acidentalmente.  <\/p>\n<h3><strong>Prote\u00e7\u00e3o contra sujidade e danos<\/strong><\/h3>\n<p>Uma das maiores vantagens da <strong>c\u00e1psula de \u00e1udio Flare<\/strong> \u00e9 a prote\u00e7\u00e3o que oferece contra a sujidade, o p\u00f3 e outras influ\u00eancias externas. Os auriculares podem sujar-se facilmente se forem mantidos soltos na tua mala ou bolso, o que n\u00e3o s\u00f3 \u00e9 pouco higi\u00e9nico, como tamb\u00e9m pode afetar o seu desempenho. Com a c\u00e1psula Flare Audio, podes manter os teus auriculares seguros e limpos, para que estejam sempre prontos a usar.  <\/p>\n<p>Al\u00e9m disso, a c\u00e1psula protege os teus auriculares de danos f\u00edsicos. O design robusto em alum\u00ednio garante que os teus auriculares n\u00e3o se dobram ou partem, mesmo que a c\u00e1psula caia acidentalmente no ch\u00e3o. Isto faz com que a c\u00e1psula Flare Audio seja uma escolha fi\u00e1vel para quem quer manter os seus auriculares nas melhores condi\u00e7\u00f5es.  <\/p>\n<h3><strong>F\u00e1cil de transportar<\/strong><\/h3>\n<p>A <strong>c\u00e1psula de \u00e1udio Flare Standard Black<\/strong> foi concebida para pessoas que est\u00e3o sempre em movimento. Gra\u00e7as ao seu tamanho compacto, a c\u00e1psula cabe facilmente no teu bolso, mala ou mochila, sem ocupar muito espa\u00e7o. Por isso, \u00e9 a companheira ideal para viajares, ires para o trabalho ou para o gin\u00e1sio. Onde quer que v\u00e1s, podes sempre ter a certeza de que os teus tamp\u00f5es para os ouvidos est\u00e3o seguros e ao teu alcance.   <\/p>\n<p>O peso leve da c\u00e1psula significa que mal a sentes quando a transportas, enquanto o design robusto garante que os teus auriculares permanecem perfeitamente protegidos.<\/p>\n<h3><strong>Porque \u00e9 que a c\u00e1psula de \u00e1udio Flare Standard Black \u00e9 a escolha certa<\/strong><\/h3>\n<ol>\n<li><strong>Design de alum\u00ednio dur\u00e1vel<\/strong>: A c\u00e1psula \u00e9 feita de alum\u00ednio resistente, garantindo uma prote\u00e7\u00e3o a longo prazo contra danos.<\/li>\n<li><strong>Elegante e compacta<\/strong>: O design preto confere \u00e0 c\u00e1psula um aspeto moderno, enquanto o tamanho compacto significa que a podes levar facilmente para qualquer lugar.<\/li>\n<li><strong>Prote\u00e7\u00e3o ideal<\/strong>: A c\u00e1psula protege os teus tamp\u00f5es de ouvido da sujidade, do p\u00f3 e dos danos f\u00edsicos, prolongando a sua vida \u00fatil.<\/li>\n<li><strong>F\u00e1cil de transportar<\/strong>: Gra\u00e7as ao seu peso leve e ao seu tamanho compacto, a c\u00e1psula cabe facilmente no teu bolso ou na tua mala, ideal para viajar.<\/li>\n<li>Tampa de rosca <strong>para maior seguran\u00e7a<\/strong>: A tampa de rosca garante que os teus tamp\u00f5es para os ouvidos ficam em seguran\u00e7a na c\u00e1psula e n\u00e3o caem acidentalmente.<\/li>\n<\/ol>\n<h3><strong>Utiliza\u00e7\u00e3o vers\u00e1til<\/strong><\/h3>\n<p>Embora a <strong>Flare Audio Capsule Standard Black<\/strong> tenha sido originalmente concebida para os <strong>Flare Audio Calmers<\/strong>, a c\u00e1psula tamb\u00e9m \u00e9 adequada para outros produtos de prote\u00e7\u00e3o auditiva pequenos e tamp\u00f5es para os ouvidos. Isto faz com que a c\u00e1psula seja uma solu\u00e7\u00e3o vers\u00e1til para qualquer pessoa que queira guardar a sua prote\u00e7\u00e3o auditiva de uma forma segura e elegante. <\/p>\n<p>Quer utilizes tamp\u00f5es de ouvido Flare Audio ou outra marca de prote\u00e7\u00e3o auditiva, a c\u00e1psula proporciona uma solu\u00e7\u00e3o de armazenamento segura e fi\u00e1vel para todos os teus tamp\u00f5es de ouvido.<\/p>\n<h3><strong>Conclus\u00e3o<\/strong><\/h3>\n<p>A <strong>c\u00e1psula Flare Audio Standard Black<\/strong> \u00e9 a combina\u00e7\u00e3o perfeita de estilo, prote\u00e7\u00e3o e facilidade de utiliza\u00e7\u00e3o. Com o seu design de alum\u00ednio dur\u00e1vel, tamanho compacto e acabamento moderno em preto, esta c\u00e1psula oferece tudo o que precisas para manteres a tua prote\u00e7\u00e3o auditiva segura. Quer estejas na estrada ou em casa, podes sempre confiar que os teus tamp\u00f5es para os ouvidos se mant\u00eam seguros e limpos na c\u00e1psula Flare Audio.  <\/p>\n","protected":false},"excerpt":{"rendered":"<p>C\u00e1psulas de alum\u00ednio para porta-chaves \u00e0 prova de salpicos para manter os teus auriculares s\u00e3os e salvos.<\/p>\n","protected":false},"featured_media":205093,"template":"","meta":{"_acf_changed":false},"product_brand":[],"product_cat":[14711,14947,14838],"product_tag":[],"class_list":["post-205080","product","type-product","status-publish","has-post-thumbnail","product_cat-acessorios","product_cat-porta-chaves","product_cat-venda","grid-sizer","latest_post","first","instock","sale","taxable","shipping-taxable","purchasable","product-type-simple"],"acf":[],"yoast_head":"<!-- This site is optimized with the Yoast SEO Premium plugin v27.4 (Yoast SEO v28.3) - https:\/\/yoast.com\/product\/yoast-seo-premium-wordpress\/ -->\n<title>C\u00e1psula de \u00e1udio Flare preta | Horend Goed Audiciens<\/title>\n<meta name=\"robots\" content=\"index, follow, max-snippet:-1, max-image-preview:large, max-video-preview:-1\" \/>\n<link rel=\"canonical\" href=\"https:\/\/www.horendgoed.nl\/pt-pt\/shop\/loja-da-sandra\/porta-chaves\/capsula-de-audio-flare-preta\/\" \/>\n<meta property=\"og:locale\" content=\"pt_PT\" \/>\n<meta property=\"og:type\" content=\"article\" \/>\n<meta property=\"og:title\" content=\"C\u00e1psula de \u00e1udio Flare preta\" \/>\n<meta property=\"og:description\" content=\"C\u00e1psulas de alum\u00ednio para porta-chaves \u00e0 prova de salpicos para manter os teus auriculares s\u00e3os e salvos.\" \/>\n<meta property=\"og:url\" content=\"https:\/\/www.horendgoed.nl\/pt-pt\/shop\/loja-da-sandra\/porta-chaves\/capsula-de-audio-flare-preta\/\" \/>\n<meta property=\"og:site_name\" content=\"Horend Goed Audiciens\" \/>\n<meta property=\"article:publisher\" content=\"https:\/\/www.facebook.com\/horendgoed\" \/>\n<meta property=\"article:modified_time\" content=\"2025-09-13T19:15:49+00:00\" \/>\n<meta property=\"og:image\" content=\"https:\/\/www.horendgoed.nl\/wp-content\/uploads\/2022\/12\/873d-187f-4171-ae2a-34590ed554bd-photoroom.jpg\" \/>\n\t<meta property=\"og:image:width\" content=\"2000\" \/>\n\t<meta property=\"og:image:height\" content=\"2000\" \/>\n\t<meta property=\"og:image:type\" content=\"image\/jpeg\" \/>\n<script type=\"application\/ld+json\" class=\"yoast-schema-graph\">{\"@context\":\"https:\\\/\\\/schema.org\",\"@graph\":[{\"@type\":\"WebPage\",\"@id\":\"https:\\\/\\\/www.horendgoed.nl\\\/pt-pt\\\/shop\\\/loja-da-sandra\\\/porta-chaves\\\/capsula-de-audio-flare-preta\\\/\",\"url\":\"https:\\\/\\\/www.horendgoed.nl\\\/pt-pt\\\/shop\\\/loja-da-sandra\\\/porta-chaves\\\/capsula-de-audio-flare-preta\\\/\",\"name\":\"C\u00e1psula de \u00e1udio Flare preta | Horend Goed Audiciens\",\"isPartOf\":{\"@id\":\"https:\\\/\\\/www.horendgoed.nl\\\/pt-pt\\\/#website\"},\"primaryImageOfPage\":{\"@id\":\"https:\\\/\\\/www.horendgoed.nl\\\/pt-pt\\\/shop\\\/loja-da-sandra\\\/porta-chaves\\\/capsula-de-audio-flare-preta\\\/#primaryimage\"},\"image\":{\"@id\":\"https:\\\/\\\/www.horendgoed.nl\\\/pt-pt\\\/shop\\\/loja-da-sandra\\\/porta-chaves\\\/capsula-de-audio-flare-preta\\\/#primaryimage\"},\"thumbnailUrl\":\"https:\\\/\\\/www.horendgoed.nl\\\/wp-content\\\/uploads\\\/2022\\\/12\\\/873d-187f-4171-ae2a-34590ed554bd-photoroom.jpg\",\"datePublished\":\"2022-12-13T09:25:44+00:00\",\"dateModified\":\"2025-09-13T19:15:49+00:00\",\"breadcrumb\":{\"@id\":\"https:\\\/\\\/www.horendgoed.nl\\\/pt-pt\\\/shop\\\/loja-da-sandra\\\/porta-chaves\\\/capsula-de-audio-flare-preta\\\/#breadcrumb\"},\"inLanguage\":\"pt-PT\",\"potentialAction\":[{\"@type\":\"ReadAction\",\"target\":[\"https:\\\/\\\/www.horendgoed.nl\\\/pt-pt\\\/shop\\\/loja-da-sandra\\\/porta-chaves\\\/capsula-de-audio-flare-preta\\\/\"]}]},{\"@type\":\"ImageObject\",\"inLanguage\":\"pt-PT\",\"@id\":\"https:\\\/\\\/www.horendgoed.nl\\\/pt-pt\\\/shop\\\/loja-da-sandra\\\/porta-chaves\\\/capsula-de-audio-flare-preta\\\/#primaryimage\",\"url\":\"https:\\\/\\\/www.horendgoed.nl\\\/wp-content\\\/uploads\\\/2022\\\/12\\\/873d-187f-4171-ae2a-34590ed554bd-photoroom.jpg\",\"contentUrl\":\"https:\\\/\\\/www.horendgoed.nl\\\/wp-content\\\/uploads\\\/2022\\\/12\\\/873d-187f-4171-ae2a-34590ed554bd-photoroom.jpg\",\"width\":2000,\"height\":2000},{\"@type\":\"BreadcrumbList\",\"@id\":\"https:\\\/\\\/www.horendgoed.nl\\\/pt-pt\\\/shop\\\/loja-da-sandra\\\/porta-chaves\\\/capsula-de-audio-flare-preta\\\/#breadcrumb\",\"itemListElement\":[{\"@type\":\"ListItem\",\"position\":1,\"name\":\"Casa\",\"item\":\"https:\\\/\\\/www.horendgoed.nl\\\/pt-pt\\\/\"},{\"@type\":\"ListItem\",\"position\":2,\"name\":\"Produtos\",\"item\":\"https:\\\/\\\/www.horendgoed.nl\\\/pt-pt\\\/compra\\\/produtos\\\/\"},{\"@type\":\"ListItem\",\"position\":3,\"name\":\"C\u00e1psula de \u00e1udio Flare preta\"}]},{\"@type\":\"WebSite\",\"@id\":\"https:\\\/\\\/www.horendgoed.nl\\\/pt-pt\\\/#website\",\"url\":\"https:\\\/\\\/www.horendgoed.nl\\\/pt-pt\\\/\",\"name\":\"Horend Goed Audiciens\",\"description\":\"Luistert Beter\",\"publisher\":{\"@id\":\"https:\\\/\\\/www.horendgoed.nl\\\/pt-pt\\\/#organization\"},\"potentialAction\":[{\"@type\":\"SearchAction\",\"target\":{\"@type\":\"EntryPoint\",\"urlTemplate\":\"https:\\\/\\\/www.horendgoed.nl\\\/pt-pt\\\/?s={search_term_string}\"},\"query-input\":{\"@type\":\"PropertyValueSpecification\",\"valueRequired\":true,\"valueName\":\"search_term_string\"}}],\"inLanguage\":\"pt-PT\"},{\"@type\":\"Organization\",\"@id\":\"https:\\\/\\\/www.horendgoed.nl\\\/pt-pt\\\/#organization\",\"name\":\"Horend Goed\",\"url\":\"https:\\\/\\\/www.horendgoed.nl\\\/pt-pt\\\/\",\"logo\":{\"@type\":\"ImageObject\",\"inLanguage\":\"pt-PT\",\"@id\":\"https:\\\/\\\/www.horendgoed.nl\\\/pt-pt\\\/#\\\/schema\\\/logo\\\/image\\\/\",\"url\":\"https:\\\/\\\/www.horendgoed.nl\\\/wp-content\\\/uploads\\\/2021\\\/05\\\/Logo-groot-e1621862526979.png\",\"contentUrl\":\"https:\\\/\\\/www.horendgoed.nl\\\/wp-content\\\/uploads\\\/2021\\\/05\\\/Logo-groot-e1621862526979.png\",\"width\":509,\"height\":100,\"caption\":\"Horend Goed\"},\"image\":{\"@id\":\"https:\\\/\\\/www.horendgoed.nl\\\/pt-pt\\\/#\\\/schema\\\/logo\\\/image\\\/\"},\"sameAs\":[\"https:\\\/\\\/www.facebook.com\\\/horendgoed\",\"https:\\\/\\\/www.instagram.com\\\/horendgoed\\\/\",\"https:\\\/\\\/www.linkedin.com\\\/company\\\/horend-goed\\\/\",\"https:\\\/\\\/www.youtube.com\\\/@horendgoed\"],\"email\":\"info@horendgoed.nl\",\"telephone\":\"075 20 25 203\",\"vatID\":\"NL 853 756 193 B01\"}]}<\/script>\n<!-- \/ Yoast SEO Premium plugin. -->","yoast_head_json":{"title":"C\u00e1psula de \u00e1udio Flare preta | Horend Goed Audiciens","robots":{"index":"index","follow":"follow","max-snippet":"max-snippet:-1","max-image-preview":"max-image-preview:large","max-video-preview":"max-video-preview:-1"},"canonical":"https:\/\/www.horendgoed.nl\/pt-pt\/shop\/loja-da-sandra\/porta-chaves\/capsula-de-audio-flare-preta\/","og_locale":"pt_PT","og_type":"article","og_title":"C\u00e1psula de \u00e1udio Flare preta","og_description":"C\u00e1psulas de alum\u00ednio para porta-chaves \u00e0 prova de salpicos para manter os teus auriculares s\u00e3os e salvos.","og_url":"https:\/\/www.horendgoed.nl\/pt-pt\/shop\/loja-da-sandra\/porta-chaves\/capsula-de-audio-flare-preta\/","og_site_name":"Horend Goed Audiciens","article_publisher":"https:\/\/www.facebook.com\/horendgoed","article_modified_time":"2025-09-13T19:15:49+00:00","og_image":[{"width":2000,"height":2000,"url":"https:\/\/www.horendgoed.nl\/wp-content\/uploads\/2022\/12\/873d-187f-4171-ae2a-34590ed554bd-photoroom.jpg","type":"image\/jpeg"}],"schema":{"@context":"https:\/\/schema.org","@graph":[{"@type":"WebPage","@id":"https:\/\/www.horendgoed.nl\/pt-pt\/shop\/loja-da-sandra\/porta-chaves\/capsula-de-audio-flare-preta\/","url":"https:\/\/www.horendgoed.nl\/pt-pt\/shop\/loja-da-sandra\/porta-chaves\/capsula-de-audio-flare-preta\/","name":"C\u00e1psula de \u00e1udio Flare preta | Horend Goed Audiciens","isPartOf":{"@id":"https:\/\/www.horendgoed.nl\/pt-pt\/#website"},"primaryImageOfPage":{"@id":"https:\/\/www.horendgoed.nl\/pt-pt\/shop\/loja-da-sandra\/porta-chaves\/capsula-de-audio-flare-preta\/#primaryimage"},"image":{"@id":"https:\/\/www.horendgoed.nl\/pt-pt\/shop\/loja-da-sandra\/porta-chaves\/capsula-de-audio-flare-preta\/#primaryimage"},"thumbnailUrl":"https:\/\/www.horendgoed.nl\/wp-content\/uploads\/2022\/12\/873d-187f-4171-ae2a-34590ed554bd-photoroom.jpg","datePublished":"2022-12-13T09:25:44+00:00","dateModified":"2025-09-13T19:15:49+00:00","breadcrumb":{"@id":"https:\/\/www.horendgoed.nl\/pt-pt\/shop\/loja-da-sandra\/porta-chaves\/capsula-de-audio-flare-preta\/#breadcrumb"},"inLanguage":"pt-PT","potentialAction":[{"@type":"ReadAction","target":["https:\/\/www.horendgoed.nl\/pt-pt\/shop\/loja-da-sandra\/porta-chaves\/capsula-de-audio-flare-preta\/"]}]},{"@type":"ImageObject","inLanguage":"pt-PT","@id":"https:\/\/www.horendgoed.nl\/pt-pt\/shop\/loja-da-sandra\/porta-chaves\/capsula-de-audio-flare-preta\/#primaryimage","url":"https:\/\/www.horendgoed.nl\/wp-content\/uploads\/2022\/12\/873d-187f-4171-ae2a-34590ed554bd-photoroom.jpg","contentUrl":"https:\/\/www.horendgoed.nl\/wp-content\/uploads\/2022\/12\/873d-187f-4171-ae2a-34590ed554bd-photoroom.jpg","width":2000,"height":2000},{"@type":"BreadcrumbList","@id":"https:\/\/www.horendgoed.nl\/pt-pt\/shop\/loja-da-sandra\/porta-chaves\/capsula-de-audio-flare-preta\/#breadcrumb","itemListElement":[{"@type":"ListItem","position":1,"name":"Casa","item":"https:\/\/www.horendgoed.nl\/pt-pt\/"},{"@type":"ListItem","position":2,"name":"Produtos","item":"https:\/\/www.horendgoed.nl\/pt-pt\/compra\/produtos\/"},{"@type":"ListItem","position":3,"name":"C\u00e1psula de \u00e1udio Flare preta"}]},{"@type":"WebSite","@id":"https:\/\/www.horendgoed.nl\/pt-pt\/#website","url":"https:\/\/www.horendgoed.nl\/pt-pt\/","name":"Horend Goed Audiciens","description":"Luistert Beter","publisher":{"@id":"https:\/\/www.horendgoed.nl\/pt-pt\/#organization"},"potentialAction":[{"@type":"SearchAction","target":{"@type":"EntryPoint","urlTemplate":"https:\/\/www.horendgoed.nl\/pt-pt\/?s={search_term_string}"},"query-input":{"@type":"PropertyValueSpecification","valueRequired":true,"valueName":"search_term_string"}}],"inLanguage":"pt-PT"},{"@type":"Organization","@id":"https:\/\/www.horendgoed.nl\/pt-pt\/#organization","name":"Horend Goed","url":"https:\/\/www.horendgoed.nl\/pt-pt\/","logo":{"@type":"ImageObject","inLanguage":"pt-PT","@id":"https:\/\/www.horendgoed.nl\/pt-pt\/#\/schema\/logo\/image\/","url":"https:\/\/www.horendgoed.nl\/wp-content\/uploads\/2021\/05\/Logo-groot-e1621862526979.png","contentUrl":"https:\/\/www.horendgoed.nl\/wp-content\/uploads\/2021\/05\/Logo-groot-e1621862526979.png","width":509,"height":100,"caption":"Horend Goed"},"image":{"@id":"https:\/\/www.horendgoed.nl\/pt-pt\/#\/schema\/logo\/image\/"},"sameAs":["https:\/\/www.facebook.com\/horendgoed","https:\/\/www.instagram.com\/horendgoed\/","https:\/\/www.linkedin.com\/company\/horend-goed\/","https:\/\/www.youtube.com\/@horendgoed"],"email":"info@horendgoed.nl","telephone":"075 20 25 203","vatID":"NL 853 756 193 B01"}]}},"jetpack_sharing_enabled":true,"_links":{"self":[{"href":"https:\/\/www.horendgoed.nl\/pt-pt\/wp-json\/wp\/v2\/product\/205080","targetHints":{"allow":["GET"]}}],"collection":[{"href":"https:\/\/www.horendgoed.nl\/pt-pt\/wp-json\/wp\/v2\/product"}],"about":[{"href":"https:\/\/www.horendgoed.nl\/pt-pt\/wp-json\/wp\/v2\/types\/product"}],"wp:featuredmedia":[{"embeddable":true,"href":"https:\/\/www.horendgoed.nl\/pt-pt\/wp-json\/wp\/v2\/media\/205093"}],"wp:attachment":[{"href":"https:\/\/www.horendgoed.nl\/pt-pt\/wp-json\/wp\/v2\/media?parent=205080"}],"wp:term":[{"taxonomy":"product_brand","embeddable":true,"href":"https:\/\/www.horendgoed.nl\/pt-pt\/wp-json\/wp\/v2\/product_brand?post=205080"},{"taxonomy":"product_cat","embeddable":true,"href":"https:\/\/www.horendgoed.nl\/pt-pt\/wp-json\/wp\/v2\/product_cat?post=205080"},{"taxonomy":"product_tag","embeddable":true,"href":"https:\/\/www.horendgoed.nl\/pt-pt\/wp-json\/wp\/v2\/product_tag?post=205080"}],"curies":[{"name":"wp","href":"https:\/\/api.w.org\/{rel}","templated":true}]}}