{"id":206599,"date":"2023-05-10T11:47:23","date_gmt":"2023-05-10T09:47:23","guid":{"rendered":"https:\/\/www.horendgoed.nl\/shop\/sem%20categoria\/protectores-de-ouvido-alecto-baby-bv-72\/"},"modified":"2025-10-31T17:35:15","modified_gmt":"2025-10-31T16:35:15","slug":"protectores-de-ouvido-alecto-baby-bv-72","status":"publish","type":"product","link":"https:\/\/www.horendgoed.nl\/pt-pt\/shop\/protecao-auditiva\/protectores-auditivos-para-criancas\/protectores-de-ouvido-alecto-baby-bv-72\/","title":{"rendered":"Protectores de ouvido Alecto baby BV-72"},"content":{"rendered":"<p><strong>Alecto BV-72 <\/strong><strong>Protectores auriculares para beb\u00e9s e crian\u00e7as<\/strong><\/p>\n<p>Os beb\u00e9s est\u00e3o muitas vezes expostos a ru\u00eddos demasiado fortes e demasiado intensos, o que prejudica a audi\u00e7\u00e3o mais rapidamente do que se pensa. O ru\u00eddo tamb\u00e9m pode estimular demasiado os beb\u00e9s, causando-lhes problemas de sono, entre outras coisas. A preciosa audi\u00e7\u00e3o de um beb\u00e9\/crian\u00e7a pode ser protegida com os confort\u00e1veis protectores auriculares Alecto.<\/p>\n<p><strong>Propriedades<\/strong><\/p>\n<ul>\n<li>Atenua\u00e7\u00e3o m\u00e1xima de ru\u00eddos nocivos e altos de at\u00e9 26 dB<\/li>\n<li>Os protectores auriculares n\u00e3o protegem o beb\u00e9\/crian\u00e7a do ru\u00eddo ambiente<\/li>\n<li>A fita el\u00e1stica ajust\u00e1vel para a cabe\u00e7a evita a press\u00e3o sobre a cabe\u00e7a fr\u00e1gil<\/li>\n<li>Muito leve e confort\u00e1vel, 126 gramas<\/li>\n<li>Usa com conforto gra\u00e7as \u00e0s almofadas macias e leves<\/li>\n<li>Adapta\u00e7\u00e3o universal atrav\u00e9s de uma fita el\u00e1stica ajust\u00e1vel para a cabe\u00e7a, dispon\u00edvel em dois tamanhos<\/li>\n<li>As fitas para a cabe\u00e7a s\u00e3o lav\u00e1veis e muito f\u00e1ceis de mudar ou ajustar<\/li>\n<li>O protetor auditivo Alecto BV-72 tem certifica\u00e7\u00e3o CE<\/li>\n<\/ul>\n","protected":false},"excerpt":{"rendered":"<p>Alecto BV-72 Protectores auriculares para beb\u00e9s e crian\u00e7as Os beb\u00e9s est\u00e3o muitas vezes expostos a ru\u00eddos demasiado fortes e demasiado intensos, o que prejudica a audi\u00e7\u00e3o mais rapidamente do que se pensa. O ru\u00eddo tamb\u00e9m pode estimular demasiado os beb\u00e9s, causando-lhes problemas de sono, entre outras coisas. A preciosa audi\u00e7\u00e3o de um beb\u00e9\/crian\u00e7a pode ser &hellip; <\/p>\n","protected":false},"featured_media":206600,"template":"","meta":{"_acf_changed":false},"product_brand":[],"product_cat":[14695,14914,14954,14838],"product_tag":[],"class_list":["post-206599","product","type-product","status-publish","has-post-thumbnail","product_cat-protecao-auditiva","product_cat-protectores-auditivos-para-criancas","product_cat-protectores-de-ouvido-pt-pt","product_cat-venda","grid-sizer","latest_post","first","outofstock","sale","taxable","shipping-taxable","purchasable","product-type-simple"],"acf":[],"yoast_head":"<!-- This site is optimized with the Yoast SEO Premium plugin v27.4 (Yoast SEO v28.3) - https:\/\/yoast.com\/product\/yoast-seo-premium-wordpress\/ -->\n<title>Protectores de ouvido Alecto baby BV-72 | Horend Goed Audiciens<\/title>\n<meta name=\"robots\" content=\"index, follow, max-snippet:-1, max-image-preview:large, max-video-preview:-1\" \/>\n<link rel=\"canonical\" href=\"https:\/\/www.horendgoed.nl\/pt-pt\/shop\/protecao-auditiva\/protectores-auditivos-para-criancas\/protectores-de-ouvido-alecto-baby-bv-72\/\" \/>\n<meta property=\"og:locale\" content=\"pt_PT\" \/>\n<meta property=\"og:type\" content=\"article\" \/>\n<meta property=\"og:title\" content=\"Protectores de ouvido Alecto baby BV-72\" \/>\n<meta property=\"og:description\" content=\"Alecto BV-72 Protectores auriculares para beb\u00e9s e crian\u00e7as Os beb\u00e9s est\u00e3o muitas vezes expostos a ru\u00eddos demasiado fortes e demasiado intensos, o que prejudica a audi\u00e7\u00e3o mais rapidamente do que se pensa. O ru\u00eddo tamb\u00e9m pode estimular demasiado os beb\u00e9s, causando-lhes problemas de sono, entre outras coisas. A preciosa audi\u00e7\u00e3o de um beb\u00e9\/crian\u00e7a pode ser &hellip;\" \/>\n<meta property=\"og:url\" content=\"https:\/\/www.horendgoed.nl\/pt-pt\/shop\/protecao-auditiva\/protectores-auditivos-para-criancas\/protectores-de-ouvido-alecto-baby-bv-72\/\" \/>\n<meta property=\"og:site_name\" content=\"Horend Goed Audiciens\" \/>\n<meta property=\"article:publisher\" content=\"https:\/\/www.facebook.com\/horendgoed\" \/>\n<meta property=\"article:modified_time\" content=\"2025-10-31T16:35:15+00:00\" \/>\n<meta property=\"og:image\" content=\"https:\/\/www.horendgoed.nl\/wp-content\/uploads\/2023\/05\/08d1-2958-4492-878d-d5e61bf220ca.png\" \/>\n\t<meta property=\"og:image:width\" content=\"1200\" \/>\n\t<meta property=\"og:image:height\" content=\"1200\" \/>\n\t<meta property=\"og:image:type\" content=\"image\/png\" \/>\n<script type=\"application\/ld+json\" class=\"yoast-schema-graph\">{\"@context\":\"https:\\\/\\\/schema.org\",\"@graph\":[{\"@type\":\"WebPage\",\"@id\":\"https:\\\/\\\/www.horendgoed.nl\\\/pt-pt\\\/shop\\\/protecao-auditiva\\\/protectores-auditivos-para-criancas\\\/protectores-de-ouvido-alecto-baby-bv-72\\\/\",\"url\":\"https:\\\/\\\/www.horendgoed.nl\\\/pt-pt\\\/shop\\\/protecao-auditiva\\\/protectores-auditivos-para-criancas\\\/protectores-de-ouvido-alecto-baby-bv-72\\\/\",\"name\":\"Protectores de ouvido Alecto baby BV-72 | Horend Goed Audiciens\",\"isPartOf\":{\"@id\":\"https:\\\/\\\/www.horendgoed.nl\\\/pt-pt\\\/#website\"},\"primaryImageOfPage\":{\"@id\":\"https:\\\/\\\/www.horendgoed.nl\\\/pt-pt\\\/shop\\\/protecao-auditiva\\\/protectores-auditivos-para-criancas\\\/protectores-de-ouvido-alecto-baby-bv-72\\\/#primaryimage\"},\"image\":{\"@id\":\"https:\\\/\\\/www.horendgoed.nl\\\/pt-pt\\\/shop\\\/protecao-auditiva\\\/protectores-auditivos-para-criancas\\\/protectores-de-ouvido-alecto-baby-bv-72\\\/#primaryimage\"},\"thumbnailUrl\":\"https:\\\/\\\/www.horendgoed.nl\\\/wp-content\\\/uploads\\\/2023\\\/05\\\/08d1-2958-4492-878d-d5e61bf220ca.png\",\"datePublished\":\"2023-05-10T09:47:23+00:00\",\"dateModified\":\"2025-10-31T16:35:15+00:00\",\"breadcrumb\":{\"@id\":\"https:\\\/\\\/www.horendgoed.nl\\\/pt-pt\\\/shop\\\/protecao-auditiva\\\/protectores-auditivos-para-criancas\\\/protectores-de-ouvido-alecto-baby-bv-72\\\/#breadcrumb\"},\"inLanguage\":\"pt-PT\",\"potentialAction\":[{\"@type\":\"ReadAction\",\"target\":[\"https:\\\/\\\/www.horendgoed.nl\\\/pt-pt\\\/shop\\\/protecao-auditiva\\\/protectores-auditivos-para-criancas\\\/protectores-de-ouvido-alecto-baby-bv-72\\\/\"]}]},{\"@type\":\"ImageObject\",\"inLanguage\":\"pt-PT\",\"@id\":\"https:\\\/\\\/www.horendgoed.nl\\\/pt-pt\\\/shop\\\/protecao-auditiva\\\/protectores-auditivos-para-criancas\\\/protectores-de-ouvido-alecto-baby-bv-72\\\/#primaryimage\",\"url\":\"https:\\\/\\\/www.horendgoed.nl\\\/wp-content\\\/uploads\\\/2023\\\/05\\\/08d1-2958-4492-878d-d5e61bf220ca.png\",\"contentUrl\":\"https:\\\/\\\/www.horendgoed.nl\\\/wp-content\\\/uploads\\\/2023\\\/05\\\/08d1-2958-4492-878d-d5e61bf220ca.png\",\"width\":1200,\"height\":1200},{\"@type\":\"BreadcrumbList\",\"@id\":\"https:\\\/\\\/www.horendgoed.nl\\\/pt-pt\\\/shop\\\/protecao-auditiva\\\/protectores-auditivos-para-criancas\\\/protectores-de-ouvido-alecto-baby-bv-72\\\/#breadcrumb\",\"itemListElement\":[{\"@type\":\"ListItem\",\"position\":1,\"name\":\"Casa\",\"item\":\"https:\\\/\\\/www.horendgoed.nl\\\/pt-pt\\\/\"},{\"@type\":\"ListItem\",\"position\":2,\"name\":\"Produtos\",\"item\":\"https:\\\/\\\/www.horendgoed.nl\\\/pt-pt\\\/compra\\\/produtos\\\/\"},{\"@type\":\"ListItem\",\"position\":3,\"name\":\"Protectores de ouvido Alecto baby BV-72\"}]},{\"@type\":\"WebSite\",\"@id\":\"https:\\\/\\\/www.horendgoed.nl\\\/pt-pt\\\/#website\",\"url\":\"https:\\\/\\\/www.horendgoed.nl\\\/pt-pt\\\/\",\"name\":\"Horend Goed Audiciens\",\"description\":\"Luistert Beter\",\"publisher\":{\"@id\":\"https:\\\/\\\/www.horendgoed.nl\\\/pt-pt\\\/#organization\"},\"potentialAction\":[{\"@type\":\"SearchAction\",\"target\":{\"@type\":\"EntryPoint\",\"urlTemplate\":\"https:\\\/\\\/www.horendgoed.nl\\\/pt-pt\\\/?s={search_term_string}\"},\"query-input\":{\"@type\":\"PropertyValueSpecification\",\"valueRequired\":true,\"valueName\":\"search_term_string\"}}],\"inLanguage\":\"pt-PT\"},{\"@type\":\"Organization\",\"@id\":\"https:\\\/\\\/www.horendgoed.nl\\\/pt-pt\\\/#organization\",\"name\":\"Horend Goed\",\"url\":\"https:\\\/\\\/www.horendgoed.nl\\\/pt-pt\\\/\",\"logo\":{\"@type\":\"ImageObject\",\"inLanguage\":\"pt-PT\",\"@id\":\"https:\\\/\\\/www.horendgoed.nl\\\/pt-pt\\\/#\\\/schema\\\/logo\\\/image\\\/\",\"url\":\"https:\\\/\\\/www.horendgoed.nl\\\/wp-content\\\/uploads\\\/2021\\\/05\\\/Logo-groot-e1621862526979.png\",\"contentUrl\":\"https:\\\/\\\/www.horendgoed.nl\\\/wp-content\\\/uploads\\\/2021\\\/05\\\/Logo-groot-e1621862526979.png\",\"width\":509,\"height\":100,\"caption\":\"Horend Goed\"},\"image\":{\"@id\":\"https:\\\/\\\/www.horendgoed.nl\\\/pt-pt\\\/#\\\/schema\\\/logo\\\/image\\\/\"},\"sameAs\":[\"https:\\\/\\\/www.facebook.com\\\/horendgoed\",\"https:\\\/\\\/www.instagram.com\\\/horendgoed\\\/\",\"https:\\\/\\\/www.linkedin.com\\\/company\\\/horend-goed\\\/\",\"https:\\\/\\\/www.youtube.com\\\/@horendgoed\"],\"email\":\"info@horendgoed.nl\",\"telephone\":\"075 20 25 203\",\"vatID\":\"NL 853 756 193 B01\"}]}<\/script>\n<!-- \/ Yoast SEO Premium plugin. -->","yoast_head_json":{"title":"Protectores de ouvido Alecto baby BV-72 | Horend Goed Audiciens","robots":{"index":"index","follow":"follow","max-snippet":"max-snippet:-1","max-image-preview":"max-image-preview:large","max-video-preview":"max-video-preview:-1"},"canonical":"https:\/\/www.horendgoed.nl\/pt-pt\/shop\/protecao-auditiva\/protectores-auditivos-para-criancas\/protectores-de-ouvido-alecto-baby-bv-72\/","og_locale":"pt_PT","og_type":"article","og_title":"Protectores de ouvido Alecto baby BV-72","og_description":"Alecto BV-72 Protectores auriculares para beb\u00e9s e crian\u00e7as Os beb\u00e9s est\u00e3o muitas vezes expostos a ru\u00eddos demasiado fortes e demasiado intensos, o que prejudica a audi\u00e7\u00e3o mais rapidamente do que se pensa. O ru\u00eddo tamb\u00e9m pode estimular demasiado os beb\u00e9s, causando-lhes problemas de sono, entre outras coisas. A preciosa audi\u00e7\u00e3o de um beb\u00e9\/crian\u00e7a pode ser &hellip;","og_url":"https:\/\/www.horendgoed.nl\/pt-pt\/shop\/protecao-auditiva\/protectores-auditivos-para-criancas\/protectores-de-ouvido-alecto-baby-bv-72\/","og_site_name":"Horend Goed Audiciens","article_publisher":"https:\/\/www.facebook.com\/horendgoed","article_modified_time":"2025-10-31T16:35:15+00:00","og_image":[{"width":1200,"height":1200,"url":"https:\/\/www.horendgoed.nl\/wp-content\/uploads\/2023\/05\/08d1-2958-4492-878d-d5e61bf220ca.png","type":"image\/png"}],"schema":{"@context":"https:\/\/schema.org","@graph":[{"@type":"WebPage","@id":"https:\/\/www.horendgoed.nl\/pt-pt\/shop\/protecao-auditiva\/protectores-auditivos-para-criancas\/protectores-de-ouvido-alecto-baby-bv-72\/","url":"https:\/\/www.horendgoed.nl\/pt-pt\/shop\/protecao-auditiva\/protectores-auditivos-para-criancas\/protectores-de-ouvido-alecto-baby-bv-72\/","name":"Protectores de ouvido Alecto baby BV-72 | Horend Goed Audiciens","isPartOf":{"@id":"https:\/\/www.horendgoed.nl\/pt-pt\/#website"},"primaryImageOfPage":{"@id":"https:\/\/www.horendgoed.nl\/pt-pt\/shop\/protecao-auditiva\/protectores-auditivos-para-criancas\/protectores-de-ouvido-alecto-baby-bv-72\/#primaryimage"},"image":{"@id":"https:\/\/www.horendgoed.nl\/pt-pt\/shop\/protecao-auditiva\/protectores-auditivos-para-criancas\/protectores-de-ouvido-alecto-baby-bv-72\/#primaryimage"},"thumbnailUrl":"https:\/\/www.horendgoed.nl\/wp-content\/uploads\/2023\/05\/08d1-2958-4492-878d-d5e61bf220ca.png","datePublished":"2023-05-10T09:47:23+00:00","dateModified":"2025-10-31T16:35:15+00:00","breadcrumb":{"@id":"https:\/\/www.horendgoed.nl\/pt-pt\/shop\/protecao-auditiva\/protectores-auditivos-para-criancas\/protectores-de-ouvido-alecto-baby-bv-72\/#breadcrumb"},"inLanguage":"pt-PT","potentialAction":[{"@type":"ReadAction","target":["https:\/\/www.horendgoed.nl\/pt-pt\/shop\/protecao-auditiva\/protectores-auditivos-para-criancas\/protectores-de-ouvido-alecto-baby-bv-72\/"]}]},{"@type":"ImageObject","inLanguage":"pt-PT","@id":"https:\/\/www.horendgoed.nl\/pt-pt\/shop\/protecao-auditiva\/protectores-auditivos-para-criancas\/protectores-de-ouvido-alecto-baby-bv-72\/#primaryimage","url":"https:\/\/www.horendgoed.nl\/wp-content\/uploads\/2023\/05\/08d1-2958-4492-878d-d5e61bf220ca.png","contentUrl":"https:\/\/www.horendgoed.nl\/wp-content\/uploads\/2023\/05\/08d1-2958-4492-878d-d5e61bf220ca.png","width":1200,"height":1200},{"@type":"BreadcrumbList","@id":"https:\/\/www.horendgoed.nl\/pt-pt\/shop\/protecao-auditiva\/protectores-auditivos-para-criancas\/protectores-de-ouvido-alecto-baby-bv-72\/#breadcrumb","itemListElement":[{"@type":"ListItem","position":1,"name":"Casa","item":"https:\/\/www.horendgoed.nl\/pt-pt\/"},{"@type":"ListItem","position":2,"name":"Produtos","item":"https:\/\/www.horendgoed.nl\/pt-pt\/compra\/produtos\/"},{"@type":"ListItem","position":3,"name":"Protectores de ouvido Alecto baby BV-72"}]},{"@type":"WebSite","@id":"https:\/\/www.horendgoed.nl\/pt-pt\/#website","url":"https:\/\/www.horendgoed.nl\/pt-pt\/","name":"Horend Goed Audiciens","description":"Luistert Beter","publisher":{"@id":"https:\/\/www.horendgoed.nl\/pt-pt\/#organization"},"potentialAction":[{"@type":"SearchAction","target":{"@type":"EntryPoint","urlTemplate":"https:\/\/www.horendgoed.nl\/pt-pt\/?s={search_term_string}"},"query-input":{"@type":"PropertyValueSpecification","valueRequired":true,"valueName":"search_term_string"}}],"inLanguage":"pt-PT"},{"@type":"Organization","@id":"https:\/\/www.horendgoed.nl\/pt-pt\/#organization","name":"Horend Goed","url":"https:\/\/www.horendgoed.nl\/pt-pt\/","logo":{"@type":"ImageObject","inLanguage":"pt-PT","@id":"https:\/\/www.horendgoed.nl\/pt-pt\/#\/schema\/logo\/image\/","url":"https:\/\/www.horendgoed.nl\/wp-content\/uploads\/2021\/05\/Logo-groot-e1621862526979.png","contentUrl":"https:\/\/www.horendgoed.nl\/wp-content\/uploads\/2021\/05\/Logo-groot-e1621862526979.png","width":509,"height":100,"caption":"Horend Goed"},"image":{"@id":"https:\/\/www.horendgoed.nl\/pt-pt\/#\/schema\/logo\/image\/"},"sameAs":["https:\/\/www.facebook.com\/horendgoed","https:\/\/www.instagram.com\/horendgoed\/","https:\/\/www.linkedin.com\/company\/horend-goed\/","https:\/\/www.youtube.com\/@horendgoed"],"email":"info@horendgoed.nl","telephone":"075 20 25 203","vatID":"NL 853 756 193 B01"}]}},"jetpack_sharing_enabled":true,"_links":{"self":[{"href":"https:\/\/www.horendgoed.nl\/pt-pt\/wp-json\/wp\/v2\/product\/206599","targetHints":{"allow":["GET"]}}],"collection":[{"href":"https:\/\/www.horendgoed.nl\/pt-pt\/wp-json\/wp\/v2\/product"}],"about":[{"href":"https:\/\/www.horendgoed.nl\/pt-pt\/wp-json\/wp\/v2\/types\/product"}],"wp:featuredmedia":[{"embeddable":true,"href":"https:\/\/www.horendgoed.nl\/pt-pt\/wp-json\/wp\/v2\/media\/206600"}],"wp:attachment":[{"href":"https:\/\/www.horendgoed.nl\/pt-pt\/wp-json\/wp\/v2\/media?parent=206599"}],"wp:term":[{"taxonomy":"product_brand","embeddable":true,"href":"https:\/\/www.horendgoed.nl\/pt-pt\/wp-json\/wp\/v2\/product_brand?post=206599"},{"taxonomy":"product_cat","embeddable":true,"href":"https:\/\/www.horendgoed.nl\/pt-pt\/wp-json\/wp\/v2\/product_cat?post=206599"},{"taxonomy":"product_tag","embeddable":true,"href":"https:\/\/www.horendgoed.nl\/pt-pt\/wp-json\/wp\/v2\/product_tag?post=206599"}],"curies":[{"name":"wp","href":"https:\/\/api.w.org\/{rel}","templated":true}]}}