{"id":208589,"date":"2023-03-30T15:12:22","date_gmt":"2023-03-30T13:12:22","guid":{"rendered":"https:\/\/www.horendgoed.nl\/shop\/sem%20categoria\/protectores-de-ouvido-alecto-azul-para-criancas\/"},"modified":"2025-10-31T17:36:24","modified_gmt":"2025-10-31T16:36:24","slug":"protectores-de-ouvido-alecto-azul-para-criancas","status":"publish","type":"product","link":"https:\/\/www.horendgoed.nl\/pt-pt\/shop\/protecao-auditiva\/protectores-auditivos-para-criancas\/protectores-de-ouvido-alecto-azul-para-criancas\/","title":{"rendered":"Protectores de ouvido Alecto azul para crian\u00e7as"},"content":{"rendered":"<h3>Protectores de ouvido Alecto BV-71 para crian\u00e7as: Protege a audi\u00e7\u00e3o do teu filho<\/h3>\n<h4>Porque \u00e9 que a prote\u00e7\u00e3o auditiva \u00e9 importante para as crian\u00e7as pequenas<\/h4>\n<p>As crian\u00e7as pequenas est\u00e3o expostas a v\u00e1rios ru\u00eddos altos todos os dias, seja a brincar no p\u00e1tio da escola, ao tr\u00e2nsito na rua ou a brinquedos com som. Sabias que o ru\u00eddo no p\u00e1tio de uma escola movimentada pode frequentemente atingir 85 decib\u00e9is ou mais? Sons de 80 decib\u00e9is ou mais j\u00e1 podem ser prejudiciais para a audi\u00e7\u00e3o, especialmente em crian\u00e7as cuja audi\u00e7\u00e3o ainda est\u00e1 a desenvolver-se.  <\/p>\n<p>A audi\u00e7\u00e3o das crian\u00e7as pequenas \u00e9 particularmente vulner\u00e1vel. O ouvido de uma crian\u00e7a pode tolerar menos som do que o ouvido de um adulto, o que significa que os ru\u00eddos altos podem ser prejudiciais mais rapidamente. De facto, estudos revelam que 1 em cada 8 crian\u00e7as sofre de les\u00f5es auditivas permanentes. A longo prazo, isto pode levar a problemas como dist\u00farbios de concentra\u00e7\u00e3o, problemas de sono, stress e at\u00e9 atrasos no desenvolvimento da linguagem. Como pai, \u00e9 natural que queiras fazer tudo o que puderes para evitar estes danos e proteger a audi\u00e7\u00e3o do teu filho.    <\/p>\n<h4>Protectores de ouvido Alecto BV-71: Especialmente concebidos para crian\u00e7as<\/h4>\n<p>Os <strong>protectores auriculares Alecto BV-71<\/strong> foram especialmente concebidos para proteger a audi\u00e7\u00e3o das crian\u00e7as a partir dos 18 meses contra os ru\u00eddos nocivos. Estes protectores auditivos s\u00e3o ideais para utiliza\u00e7\u00e3o em ambientes ruidosos, como festas, desfiles, espect\u00e1culos de fogo de artif\u00edcio, concertos e corridas de carros e motas. O protetor auditivo Alecto pode atenuar os sons nocivos e altos at\u00e9 29 decib\u00e9is, enquanto a crian\u00e7a continua em contacto com o ambiente.  <\/p>\n<p>O que torna estes protectores auriculares t\u00e3o adequados para as crian\u00e7as n\u00e3o \u00e9 apenas a atenua\u00e7\u00e3o eficaz do ru\u00eddo, mas tamb\u00e9m o conforto e a facilidade de utiliza\u00e7\u00e3o. Os protectores auriculares est\u00e3o dispon\u00edveis em v\u00e1rias cores modernas, o que os torna atractivos para as crian\u00e7as. Al\u00e9m disso, s\u00e3o dobr\u00e1veis para que possas lev\u00e1-los facilmente numa mala, ideal para viagens ou f\u00e9rias.  <\/p>\n<h4>Conforto e durabilidade num s\u00f3<\/h4>\n<p>Os protectores de <strong>ouvido Alecto BV-71<\/strong> n\u00e3o s\u00e3o apenas pr\u00e1ticos, mas tamb\u00e9m muito confort\u00e1veis. A banda de cabe\u00e7a ajust\u00e1vel garante que os protectores de ouvido crescem com o teu filho, o que significa que podem ser usados durante anos. A fita para a cabe\u00e7a tem um forro macio, o que torna os protectores auriculares confort\u00e1veis de usar, mesmo durante uma utiliza\u00e7\u00e3o prolongada. Isto \u00e9 especialmente importante para as crian\u00e7as pequenas, que podem sentir rapidamente desconforto quando usam protectores de ouvido menos bem concebidos.   <\/p>\n<p>Gra\u00e7as \u00e0 faixa de cabe\u00e7a ajust\u00e1vel e ao peso leve dos protectores auriculares, o teu filho quase n\u00e3o se aperceber\u00e1 de que est\u00e3o na cabe\u00e7a. Por isso, s\u00e3o ideais para uma utiliza\u00e7\u00e3o prolongada em situa\u00e7\u00f5es em que a prote\u00e7\u00e3o auditiva \u00e9 essencial. <\/p>\n<h4>Ajuda-te a resolver problemas de concentra\u00e7\u00e3o<\/h4>\n<p>Para al\u00e9m de protegerem contra ru\u00eddos altos, os <strong>protectores auriculares Alecto BV-71<\/strong> tamb\u00e9m podem ajudar nos problemas de concentra\u00e7\u00e3o. Num ambiente ruidoso, como uma sala de aula ou uma sala movimentada, as crian\u00e7as podem rapidamente ficar sobrecarregadas com o ru\u00eddo ambiente. Isto pode dificultar-lhes a concentra\u00e7\u00e3o nos trabalhos escolares ou na leitura.  <\/p>\n<p>Os protectores auriculares Alecto ajudam a crian\u00e7a a concentrar-se, abafando os sons que a distraem sem a isolar completamente do ambiente que a rodeia. Isto facilita a concentra\u00e7\u00e3o nas tarefas e pode contribuir para um melhor desempenho na aprendizagem. <\/p>\n<h4>Conclus\u00e3o<\/h4>\n<p>Como pai, queres o melhor para o teu filho, e isso inclui proteger a sua audi\u00e7\u00e3o de influ\u00eancias nocivas. Os <strong>protectores de ouvido Alecto BV-71<\/strong> oferecem uma solu\u00e7\u00e3o eficaz e confort\u00e1vel para crian\u00e7as a partir dos 18 meses. Quer procures prote\u00e7\u00e3o auditiva durante um evento ou simplesmente para ajudar o teu filho a concentrar-se melhor, o Alecto BV-71 \u00e9 uma escolha fi\u00e1vel. Protege a audi\u00e7\u00e3o do teu filho hoje com os protectores de ouvido Alecto BV-71.   <\/p>\n","protected":false},"excerpt":{"rendered":"<p>Protectores de ouvido Alecto BV-71 para crian\u00e7as: Protege a audi\u00e7\u00e3o do teu filho Porque \u00e9 que a prote\u00e7\u00e3o auditiva \u00e9 importante para as crian\u00e7as pequenas As crian\u00e7as pequenas est\u00e3o expostas a v\u00e1rios ru\u00eddos altos todos os dias, seja a brincar no p\u00e1tio da escola, ao tr\u00e2nsito na rua ou a brinquedos com som. Sabias que &hellip; <\/p>\n","protected":false},"featured_media":208591,"template":"","meta":{"_acf_changed":false},"product_brand":[],"product_cat":[14695,14914,14954,14838],"product_tag":[],"class_list":["post-208589","product","type-product","status-publish","has-post-thumbnail","product_cat-protecao-auditiva","product_cat-protectores-auditivos-para-criancas","product_cat-protectores-de-ouvido-pt-pt","product_cat-venda","grid-sizer","latest_post","first","outofstock","sale","taxable","shipping-taxable","purchasable","product-type-simple"],"acf":[],"yoast_head":"<!-- This site is optimized with the Yoast SEO Premium plugin v27.4 (Yoast SEO v28.3) - https:\/\/yoast.com\/product\/yoast-seo-premium-wordpress\/ -->\n<title>Protectores de ouvido Alecto azul para crian\u00e7as | Horend Goed Audiciens<\/title>\n<meta name=\"description\" content=\"Os protectores de ouvido Alecto BV-71 tamb\u00e9m ajudam nos problemas de concentra\u00e7\u00e3o. Num ambiente ruidoso, como uma sala de aula ou uma sala movimentada, as crian\u00e7as podem rapidamente ficar sobrecarregadas com o ru\u00eddo ambiente.\" \/>\n<meta name=\"robots\" content=\"index, follow, max-snippet:-1, max-image-preview:large, max-video-preview:-1\" \/>\n<link rel=\"canonical\" href=\"https:\/\/www.horendgoed.nl\/pt-pt\/shop\/protecao-auditiva\/protectores-auditivos-para-criancas\/protectores-de-ouvido-alecto-azul-para-criancas\/\" \/>\n<meta property=\"og:locale\" content=\"pt_PT\" \/>\n<meta property=\"og:type\" content=\"article\" \/>\n<meta property=\"og:title\" content=\"Protectores de ouvido Alecto azul para crian\u00e7as\" \/>\n<meta property=\"og:description\" content=\"Os protectores de ouvido Alecto BV-71 tamb\u00e9m ajudam nos problemas de concentra\u00e7\u00e3o. Num ambiente ruidoso, como uma sala de aula ou uma sala movimentada, as crian\u00e7as podem rapidamente ficar sobrecarregadas com o ru\u00eddo ambiente.\" \/>\n<meta property=\"og:url\" content=\"https:\/\/www.horendgoed.nl\/pt-pt\/shop\/protecao-auditiva\/protectores-auditivos-para-criancas\/protectores-de-ouvido-alecto-azul-para-criancas\/\" \/>\n<meta property=\"og:site_name\" content=\"Horend Goed Audiciens\" \/>\n<meta property=\"article:publisher\" content=\"https:\/\/www.facebook.com\/horendgoed\" \/>\n<meta property=\"article:modified_time\" content=\"2025-10-31T16:36:24+00:00\" \/>\n<meta property=\"og:image\" content=\"https:\/\/www.horendgoed.nl\/wp-content\/uploads\/2023\/03\/ab53-f946-45a5-9c1d-bbbc9c7f1712.png\" \/>\n\t<meta property=\"og:image:width\" content=\"1200\" \/>\n\t<meta property=\"og:image:height\" content=\"1200\" \/>\n\t<meta property=\"og:image:type\" content=\"image\/png\" \/>\n<script type=\"application\/ld+json\" class=\"yoast-schema-graph\">{\"@context\":\"https:\\\/\\\/schema.org\",\"@graph\":[{\"@type\":\"WebPage\",\"@id\":\"https:\\\/\\\/www.horendgoed.nl\\\/pt-pt\\\/shop\\\/protecao-auditiva\\\/protectores-auditivos-para-criancas\\\/protectores-de-ouvido-alecto-azul-para-criancas\\\/\",\"url\":\"https:\\\/\\\/www.horendgoed.nl\\\/pt-pt\\\/shop\\\/protecao-auditiva\\\/protectores-auditivos-para-criancas\\\/protectores-de-ouvido-alecto-azul-para-criancas\\\/\",\"name\":\"Protectores de ouvido Alecto azul para crian\u00e7as | Horend Goed Audiciens\",\"isPartOf\":{\"@id\":\"https:\\\/\\\/www.horendgoed.nl\\\/pt-pt\\\/#website\"},\"primaryImageOfPage\":{\"@id\":\"https:\\\/\\\/www.horendgoed.nl\\\/pt-pt\\\/shop\\\/protecao-auditiva\\\/protectores-auditivos-para-criancas\\\/protectores-de-ouvido-alecto-azul-para-criancas\\\/#primaryimage\"},\"image\":{\"@id\":\"https:\\\/\\\/www.horendgoed.nl\\\/pt-pt\\\/shop\\\/protecao-auditiva\\\/protectores-auditivos-para-criancas\\\/protectores-de-ouvido-alecto-azul-para-criancas\\\/#primaryimage\"},\"thumbnailUrl\":\"https:\\\/\\\/www.horendgoed.nl\\\/wp-content\\\/uploads\\\/2023\\\/03\\\/ab53-f946-45a5-9c1d-bbbc9c7f1712.png\",\"datePublished\":\"2023-03-30T13:12:22+00:00\",\"dateModified\":\"2025-10-31T16:36:24+00:00\",\"description\":\"Os protectores de ouvido Alecto BV-71 tamb\u00e9m ajudam nos problemas de concentra\u00e7\u00e3o. Num ambiente ruidoso, como uma sala de aula ou uma sala movimentada, as crian\u00e7as podem rapidamente ficar sobrecarregadas com o ru\u00eddo ambiente.\",\"breadcrumb\":{\"@id\":\"https:\\\/\\\/www.horendgoed.nl\\\/pt-pt\\\/shop\\\/protecao-auditiva\\\/protectores-auditivos-para-criancas\\\/protectores-de-ouvido-alecto-azul-para-criancas\\\/#breadcrumb\"},\"inLanguage\":\"pt-PT\",\"potentialAction\":[{\"@type\":\"ReadAction\",\"target\":[\"https:\\\/\\\/www.horendgoed.nl\\\/pt-pt\\\/shop\\\/protecao-auditiva\\\/protectores-auditivos-para-criancas\\\/protectores-de-ouvido-alecto-azul-para-criancas\\\/\"]}]},{\"@type\":\"ImageObject\",\"inLanguage\":\"pt-PT\",\"@id\":\"https:\\\/\\\/www.horendgoed.nl\\\/pt-pt\\\/shop\\\/protecao-auditiva\\\/protectores-auditivos-para-criancas\\\/protectores-de-ouvido-alecto-azul-para-criancas\\\/#primaryimage\",\"url\":\"https:\\\/\\\/www.horendgoed.nl\\\/wp-content\\\/uploads\\\/2023\\\/03\\\/ab53-f946-45a5-9c1d-bbbc9c7f1712.png\",\"contentUrl\":\"https:\\\/\\\/www.horendgoed.nl\\\/wp-content\\\/uploads\\\/2023\\\/03\\\/ab53-f946-45a5-9c1d-bbbc9c7f1712.png\",\"width\":1200,\"height\":1200},{\"@type\":\"BreadcrumbList\",\"@id\":\"https:\\\/\\\/www.horendgoed.nl\\\/pt-pt\\\/shop\\\/protecao-auditiva\\\/protectores-auditivos-para-criancas\\\/protectores-de-ouvido-alecto-azul-para-criancas\\\/#breadcrumb\",\"itemListElement\":[{\"@type\":\"ListItem\",\"position\":1,\"name\":\"Casa\",\"item\":\"https:\\\/\\\/www.horendgoed.nl\\\/pt-pt\\\/\"},{\"@type\":\"ListItem\",\"position\":2,\"name\":\"Produtos\",\"item\":\"https:\\\/\\\/www.horendgoed.nl\\\/pt-pt\\\/compra\\\/produtos\\\/\"},{\"@type\":\"ListItem\",\"position\":3,\"name\":\"Protectores de ouvido Alecto azul para crian\u00e7as\"}]},{\"@type\":\"WebSite\",\"@id\":\"https:\\\/\\\/www.horendgoed.nl\\\/pt-pt\\\/#website\",\"url\":\"https:\\\/\\\/www.horendgoed.nl\\\/pt-pt\\\/\",\"name\":\"Horend Goed Audiciens\",\"description\":\"Luistert Beter\",\"publisher\":{\"@id\":\"https:\\\/\\\/www.horendgoed.nl\\\/pt-pt\\\/#organization\"},\"potentialAction\":[{\"@type\":\"SearchAction\",\"target\":{\"@type\":\"EntryPoint\",\"urlTemplate\":\"https:\\\/\\\/www.horendgoed.nl\\\/pt-pt\\\/?s={search_term_string}\"},\"query-input\":{\"@type\":\"PropertyValueSpecification\",\"valueRequired\":true,\"valueName\":\"search_term_string\"}}],\"inLanguage\":\"pt-PT\"},{\"@type\":\"Organization\",\"@id\":\"https:\\\/\\\/www.horendgoed.nl\\\/pt-pt\\\/#organization\",\"name\":\"Horend Goed\",\"url\":\"https:\\\/\\\/www.horendgoed.nl\\\/pt-pt\\\/\",\"logo\":{\"@type\":\"ImageObject\",\"inLanguage\":\"pt-PT\",\"@id\":\"https:\\\/\\\/www.horendgoed.nl\\\/pt-pt\\\/#\\\/schema\\\/logo\\\/image\\\/\",\"url\":\"https:\\\/\\\/www.horendgoed.nl\\\/wp-content\\\/uploads\\\/2021\\\/05\\\/Logo-groot-e1621862526979.png\",\"contentUrl\":\"https:\\\/\\\/www.horendgoed.nl\\\/wp-content\\\/uploads\\\/2021\\\/05\\\/Logo-groot-e1621862526979.png\",\"width\":509,\"height\":100,\"caption\":\"Horend Goed\"},\"image\":{\"@id\":\"https:\\\/\\\/www.horendgoed.nl\\\/pt-pt\\\/#\\\/schema\\\/logo\\\/image\\\/\"},\"sameAs\":[\"https:\\\/\\\/www.facebook.com\\\/horendgoed\",\"https:\\\/\\\/www.instagram.com\\\/horendgoed\\\/\",\"https:\\\/\\\/www.linkedin.com\\\/company\\\/horend-goed\\\/\",\"https:\\\/\\\/www.youtube.com\\\/@horendgoed\"],\"email\":\"info@horendgoed.nl\",\"telephone\":\"075 20 25 203\",\"vatID\":\"NL 853 756 193 B01\"}]}<\/script>\n<!-- \/ Yoast SEO Premium plugin. -->","yoast_head_json":{"title":"Protectores de ouvido Alecto azul para crian\u00e7as | Horend Goed Audiciens","description":"Os protectores de ouvido Alecto BV-71 tamb\u00e9m ajudam nos problemas de concentra\u00e7\u00e3o. Num ambiente ruidoso, como uma sala de aula ou uma sala movimentada, as crian\u00e7as podem rapidamente ficar sobrecarregadas com o ru\u00eddo ambiente.","robots":{"index":"index","follow":"follow","max-snippet":"max-snippet:-1","max-image-preview":"max-image-preview:large","max-video-preview":"max-video-preview:-1"},"canonical":"https:\/\/www.horendgoed.nl\/pt-pt\/shop\/protecao-auditiva\/protectores-auditivos-para-criancas\/protectores-de-ouvido-alecto-azul-para-criancas\/","og_locale":"pt_PT","og_type":"article","og_title":"Protectores de ouvido Alecto azul para crian\u00e7as","og_description":"Os protectores de ouvido Alecto BV-71 tamb\u00e9m ajudam nos problemas de concentra\u00e7\u00e3o. Num ambiente ruidoso, como uma sala de aula ou uma sala movimentada, as crian\u00e7as podem rapidamente ficar sobrecarregadas com o ru\u00eddo ambiente.","og_url":"https:\/\/www.horendgoed.nl\/pt-pt\/shop\/protecao-auditiva\/protectores-auditivos-para-criancas\/protectores-de-ouvido-alecto-azul-para-criancas\/","og_site_name":"Horend Goed Audiciens","article_publisher":"https:\/\/www.facebook.com\/horendgoed","article_modified_time":"2025-10-31T16:36:24+00:00","og_image":[{"width":1200,"height":1200,"url":"https:\/\/www.horendgoed.nl\/wp-content\/uploads\/2023\/03\/ab53-f946-45a5-9c1d-bbbc9c7f1712.png","type":"image\/png"}],"schema":{"@context":"https:\/\/schema.org","@graph":[{"@type":"WebPage","@id":"https:\/\/www.horendgoed.nl\/pt-pt\/shop\/protecao-auditiva\/protectores-auditivos-para-criancas\/protectores-de-ouvido-alecto-azul-para-criancas\/","url":"https:\/\/www.horendgoed.nl\/pt-pt\/shop\/protecao-auditiva\/protectores-auditivos-para-criancas\/protectores-de-ouvido-alecto-azul-para-criancas\/","name":"Protectores de ouvido Alecto azul para crian\u00e7as | Horend Goed Audiciens","isPartOf":{"@id":"https:\/\/www.horendgoed.nl\/pt-pt\/#website"},"primaryImageOfPage":{"@id":"https:\/\/www.horendgoed.nl\/pt-pt\/shop\/protecao-auditiva\/protectores-auditivos-para-criancas\/protectores-de-ouvido-alecto-azul-para-criancas\/#primaryimage"},"image":{"@id":"https:\/\/www.horendgoed.nl\/pt-pt\/shop\/protecao-auditiva\/protectores-auditivos-para-criancas\/protectores-de-ouvido-alecto-azul-para-criancas\/#primaryimage"},"thumbnailUrl":"https:\/\/www.horendgoed.nl\/wp-content\/uploads\/2023\/03\/ab53-f946-45a5-9c1d-bbbc9c7f1712.png","datePublished":"2023-03-30T13:12:22+00:00","dateModified":"2025-10-31T16:36:24+00:00","description":"Os protectores de ouvido Alecto BV-71 tamb\u00e9m ajudam nos problemas de concentra\u00e7\u00e3o. Num ambiente ruidoso, como uma sala de aula ou uma sala movimentada, as crian\u00e7as podem rapidamente ficar sobrecarregadas com o ru\u00eddo ambiente.","breadcrumb":{"@id":"https:\/\/www.horendgoed.nl\/pt-pt\/shop\/protecao-auditiva\/protectores-auditivos-para-criancas\/protectores-de-ouvido-alecto-azul-para-criancas\/#breadcrumb"},"inLanguage":"pt-PT","potentialAction":[{"@type":"ReadAction","target":["https:\/\/www.horendgoed.nl\/pt-pt\/shop\/protecao-auditiva\/protectores-auditivos-para-criancas\/protectores-de-ouvido-alecto-azul-para-criancas\/"]}]},{"@type":"ImageObject","inLanguage":"pt-PT","@id":"https:\/\/www.horendgoed.nl\/pt-pt\/shop\/protecao-auditiva\/protectores-auditivos-para-criancas\/protectores-de-ouvido-alecto-azul-para-criancas\/#primaryimage","url":"https:\/\/www.horendgoed.nl\/wp-content\/uploads\/2023\/03\/ab53-f946-45a5-9c1d-bbbc9c7f1712.png","contentUrl":"https:\/\/www.horendgoed.nl\/wp-content\/uploads\/2023\/03\/ab53-f946-45a5-9c1d-bbbc9c7f1712.png","width":1200,"height":1200},{"@type":"BreadcrumbList","@id":"https:\/\/www.horendgoed.nl\/pt-pt\/shop\/protecao-auditiva\/protectores-auditivos-para-criancas\/protectores-de-ouvido-alecto-azul-para-criancas\/#breadcrumb","itemListElement":[{"@type":"ListItem","position":1,"name":"Casa","item":"https:\/\/www.horendgoed.nl\/pt-pt\/"},{"@type":"ListItem","position":2,"name":"Produtos","item":"https:\/\/www.horendgoed.nl\/pt-pt\/compra\/produtos\/"},{"@type":"ListItem","position":3,"name":"Protectores de ouvido Alecto azul para crian\u00e7as"}]},{"@type":"WebSite","@id":"https:\/\/www.horendgoed.nl\/pt-pt\/#website","url":"https:\/\/www.horendgoed.nl\/pt-pt\/","name":"Horend Goed Audiciens","description":"Luistert Beter","publisher":{"@id":"https:\/\/www.horendgoed.nl\/pt-pt\/#organization"},"potentialAction":[{"@type":"SearchAction","target":{"@type":"EntryPoint","urlTemplate":"https:\/\/www.horendgoed.nl\/pt-pt\/?s={search_term_string}"},"query-input":{"@type":"PropertyValueSpecification","valueRequired":true,"valueName":"search_term_string"}}],"inLanguage":"pt-PT"},{"@type":"Organization","@id":"https:\/\/www.horendgoed.nl\/pt-pt\/#organization","name":"Horend Goed","url":"https:\/\/www.horendgoed.nl\/pt-pt\/","logo":{"@type":"ImageObject","inLanguage":"pt-PT","@id":"https:\/\/www.horendgoed.nl\/pt-pt\/#\/schema\/logo\/image\/","url":"https:\/\/www.horendgoed.nl\/wp-content\/uploads\/2021\/05\/Logo-groot-e1621862526979.png","contentUrl":"https:\/\/www.horendgoed.nl\/wp-content\/uploads\/2021\/05\/Logo-groot-e1621862526979.png","width":509,"height":100,"caption":"Horend Goed"},"image":{"@id":"https:\/\/www.horendgoed.nl\/pt-pt\/#\/schema\/logo\/image\/"},"sameAs":["https:\/\/www.facebook.com\/horendgoed","https:\/\/www.instagram.com\/horendgoed\/","https:\/\/www.linkedin.com\/company\/horend-goed\/","https:\/\/www.youtube.com\/@horendgoed"],"email":"info@horendgoed.nl","telephone":"075 20 25 203","vatID":"NL 853 756 193 B01"}]}},"jetpack_sharing_enabled":true,"_links":{"self":[{"href":"https:\/\/www.horendgoed.nl\/pt-pt\/wp-json\/wp\/v2\/product\/208589","targetHints":{"allow":["GET"]}}],"collection":[{"href":"https:\/\/www.horendgoed.nl\/pt-pt\/wp-json\/wp\/v2\/product"}],"about":[{"href":"https:\/\/www.horendgoed.nl\/pt-pt\/wp-json\/wp\/v2\/types\/product"}],"wp:featuredmedia":[{"embeddable":true,"href":"https:\/\/www.horendgoed.nl\/pt-pt\/wp-json\/wp\/v2\/media\/208591"}],"wp:attachment":[{"href":"https:\/\/www.horendgoed.nl\/pt-pt\/wp-json\/wp\/v2\/media?parent=208589"}],"wp:term":[{"taxonomy":"product_brand","embeddable":true,"href":"https:\/\/www.horendgoed.nl\/pt-pt\/wp-json\/wp\/v2\/product_brand?post=208589"},{"taxonomy":"product_cat","embeddable":true,"href":"https:\/\/www.horendgoed.nl\/pt-pt\/wp-json\/wp\/v2\/product_cat?post=208589"},{"taxonomy":"product_tag","embeddable":true,"href":"https:\/\/www.horendgoed.nl\/pt-pt\/wp-json\/wp\/v2\/product_tag?post=208589"}],"curies":[{"name":"wp","href":"https:\/\/api.w.org\/{rel}","templated":true}]}}