{"id":208595,"date":"2023-03-30T14:50:38","date_gmt":"2023-03-30T12:50:38","guid":{"rendered":"https:\/\/www.horendgoed.nl\/shop\/sem%20categoria\/protectores-de-ouvido-alecto-para-criancas-verde\/"},"modified":"2025-10-31T17:36:58","modified_gmt":"2025-10-31T16:36:58","slug":"protectores-de-ouvido-alecto-para-criancas-verde","status":"publish","type":"product","link":"https:\/\/www.horendgoed.nl\/pt-pt\/shop\/protecao-auditiva\/protectores-auditivos-para-criancas\/protectores-de-ouvido-alecto-para-criancas-verde\/","title":{"rendered":"Protectores de ouvido Alecto para crian\u00e7as, verde"},"content":{"rendered":"<h3>Protectores de ouvido Alecto BV-71 para crian\u00e7as a partir dos 18 meses<\/h3>\n<h4>Protege a audi\u00e7\u00e3o do teu filho de sons nocivos<\/h4>\n<p>As crian\u00e7as pequenas est\u00e3o diariamente expostas a v\u00e1rios ru\u00eddos fortes. Pensa em brincar com outras crian\u00e7as no p\u00e1tio da escola, no barulho de uma sala de aula cheia, nas buzinas dos carros no tr\u00e2nsito ou nos brinquedos que fazem barulho. Sabias que o ru\u00eddo num p\u00e1tio de uma escola movimentada pode muitas vezes atingir 85 decib\u00e9is ou mais? Sons de 80 decib\u00e9is ou mais j\u00e1 podem ser prejudiciais \u00e0 audi\u00e7\u00e3o, especialmente em crian\u00e7as pequenas.<\/p>\n<p>Como a audi\u00e7\u00e3o ainda est\u00e1 a desenvolver-se nas crian\u00e7as pequenas, \u00e9 especialmente vulner\u00e1vel. O ouvido de uma crian\u00e7a tolera menos ru\u00eddo do que um ouvido de adulto, pelo que os ru\u00eddos fortes podem causar danos mais rapidamente. De facto, a investiga\u00e7\u00e3o mostra que 1 em cada 8 crian\u00e7as sofre danos auditivos permanentes. Isto pode levar a problemas a longo prazo, como dist\u00farbios de concentra\u00e7\u00e3o, problemas de sono, stress e at\u00e9 atrasos no desenvolvimento da linguagem. Como pai, \u00e9 natural que queiras fazer tudo o que puderes para evitar estes danos e proteger a audi\u00e7\u00e3o do teu filho.<\/p>\n<h4>Protectores de ouvido Alecto BV-71: A prote\u00e7\u00e3o auditiva ideal para crian\u00e7as<\/h4>\n<p><strong>Os protectores de ouvido Alecto BV-71<\/strong> foram especialmente concebidos para proteger a audi\u00e7\u00e3o das crian\u00e7as a partir dos 18 meses de idade contra ru\u00eddos nocivos. Estes protectores auriculares s\u00e3o ideais para utiliza\u00e7\u00e3o em ambientes ruidosos, como festas, desfiles, espect\u00e1culos de fogo de artif\u00edcio, concertos e corridas de autom\u00f3veis e motos. O protetor auditivo Alecto pode atenuar os sons nocivos e altos at\u00e9 29 decib\u00e9is, enquanto a crian\u00e7a continua em contacto com o ambiente. Isto significa que o teu filho est\u00e1 seguro, sem estar completamente isolado do mundo exterior.<\/p>\n<p>O que torna estes protectores auriculares t\u00e3o adequados para as crian\u00e7as n\u00e3o \u00e9 apenas a atenua\u00e7\u00e3o eficaz do ru\u00eddo, mas tamb\u00e9m o conforto e a facilidade de utiliza\u00e7\u00e3o. Os protectores de ouvido Alecto BV-71 est\u00e3o dispon\u00edveis em v\u00e1rias cores modernas, o que os torna atractivos para as crian\u00e7as. Al\u00e9m disso, s\u00e3o dobr\u00e1veis para que possas transport\u00e1-los facilmente numa mala, ideal para viagens ou f\u00e9rias.<\/p>\n<h4>Conforto e durabilidade num s\u00f3 produto<\/h4>\n<p>Os protectores de <strong>ouvido Alecto BV-71<\/strong> n\u00e3o s\u00e3o apenas pr\u00e1ticos, mas tamb\u00e9m muito confort\u00e1veis. A banda de cabe\u00e7a ajust\u00e1vel garante que os protectores de ouvido crescem com o teu filho, o que significa que podem ser usados durante anos. A fita para a cabe\u00e7a tem um forro macio, o que torna os protectores auriculares confort\u00e1veis de usar, mesmo durante uma utiliza\u00e7\u00e3o prolongada. Isto \u00e9 especialmente importante para as crian\u00e7as pequenas, que podem sentir rapidamente desconforto quando usam protectores de ouvido menos bem concebidos.   <\/p>\n<p>Gra\u00e7as \u00e0 faixa de cabe\u00e7a ajust\u00e1vel e ao peso leve dos protectores auriculares, o teu filho quase n\u00e3o se aperceber\u00e1 de que est\u00e3o na cabe\u00e7a. Por isso, s\u00e3o ideais para uma utiliza\u00e7\u00e3o prolongada em situa\u00e7\u00f5es em que a prote\u00e7\u00e3o auditiva \u00e9 essencial. <\/p>\n<h4>Ajuda-te a resolver problemas de concentra\u00e7\u00e3o<\/h4>\n<p>Para al\u00e9m de protegerem contra ru\u00eddos altos, os <strong>protectores auriculares Alecto BV-71<\/strong> tamb\u00e9m podem ajudar nos problemas de concentra\u00e7\u00e3o. Num ambiente ruidoso, como uma sala de aula ou uma sala movimentada, as crian\u00e7as podem rapidamente ficar sobrecarregadas com o ru\u00eddo ambiente. Isto pode dificultar-lhes a concentra\u00e7\u00e3o nos trabalhos escolares ou na leitura.  <\/p>\n<p>Os protectores auriculares Alecto ajudam a crian\u00e7a a concentrar-se, abafando os sons que a distraem sem a isolar completamente do ambiente que a rodeia. Isto facilita a concentra\u00e7\u00e3o nas tarefas e pode contribuir para um melhor desempenho na aprendizagem. <\/p>\n<h4>Conclus\u00e3o: Escolhe uma prote\u00e7\u00e3o auditiva fi\u00e1vel<\/h4>\n<p>Como pai, queres o melhor para o teu filho, e isso inclui proteger a sua audi\u00e7\u00e3o de influ\u00eancias nocivas. Os <strong>protectores auriculares Alecto BV-71<\/strong> oferecem uma solu\u00e7\u00e3o eficaz e confort\u00e1vel para crian\u00e7as a partir dos 18 meses. Quer procures prote\u00e7\u00e3o auditiva para um evento ou simplesmente para ajudar o teu filho a concentrar-se melhor, o Alecto BV-71 \u00e9 uma escolha fi\u00e1vel. Protege a audi\u00e7\u00e3o do teu filho hoje com os protectores auriculares Alecto BV-71 e evita danos auditivos a longo prazo.<\/p>\n","protected":false},"excerpt":{"rendered":"<p>Protectores de ouvido Alecto BV-71 para crian\u00e7as a partir dos 18 meses Protege a audi\u00e7\u00e3o do teu filho de sons nocivos As crian\u00e7as pequenas est\u00e3o diariamente expostas a v\u00e1rios ru\u00eddos fortes. Pensa em brincar com outras crian\u00e7as no p\u00e1tio da escola, no barulho de uma sala de aula cheia, nas buzinas dos carros no tr\u00e2nsito &hellip; <\/p>\n","protected":false},"featured_media":208597,"template":"","meta":{"_acf_changed":false},"product_brand":[],"product_cat":[14695,14914,14954,14838],"product_tag":[],"class_list":["post-208595","product","type-product","status-publish","has-post-thumbnail","product_cat-protecao-auditiva","product_cat-protectores-auditivos-para-criancas","product_cat-protectores-de-ouvido-pt-pt","product_cat-venda","grid-sizer","latest_post","first","outofstock","sale","taxable","shipping-taxable","purchasable","product-type-simple"],"acf":[],"yoast_head":"<!-- This site is optimized with the Yoast SEO Premium plugin v27.4 (Yoast SEO v28.3) - https:\/\/yoast.com\/product\/yoast-seo-premium-wordpress\/ -->\n<title>Protectores de ouvido Alecto para crian\u00e7as, verde | Horend Goed Audiciens<\/title>\n<meta name=\"robots\" content=\"index, follow, max-snippet:-1, max-image-preview:large, max-video-preview:-1\" \/>\n<link rel=\"canonical\" href=\"https:\/\/www.horendgoed.nl\/pt-pt\/shop\/protecao-auditiva\/protectores-auditivos-para-criancas\/protectores-de-ouvido-alecto-para-criancas-verde\/\" \/>\n<meta property=\"og:locale\" content=\"pt_PT\" \/>\n<meta property=\"og:type\" content=\"article\" \/>\n<meta property=\"og:title\" content=\"Protectores de ouvido Alecto para crian\u00e7as, verde\" \/>\n<meta property=\"og:description\" content=\"Protectores de ouvido Alecto BV-71 para crian\u00e7as a partir dos 18 meses Protege a audi\u00e7\u00e3o do teu filho de sons nocivos As crian\u00e7as pequenas est\u00e3o diariamente expostas a v\u00e1rios ru\u00eddos fortes. Pensa em brincar com outras crian\u00e7as no p\u00e1tio da escola, no barulho de uma sala de aula cheia, nas buzinas dos carros no tr\u00e2nsito &hellip;\" \/>\n<meta property=\"og:url\" content=\"https:\/\/www.horendgoed.nl\/pt-pt\/shop\/protecao-auditiva\/protectores-auditivos-para-criancas\/protectores-de-ouvido-alecto-para-criancas-verde\/\" \/>\n<meta property=\"og:site_name\" content=\"Horend Goed Audiciens\" \/>\n<meta property=\"article:publisher\" content=\"https:\/\/www.facebook.com\/horendgoed\" \/>\n<meta property=\"article:modified_time\" content=\"2025-10-31T16:36:58+00:00\" \/>\n<meta property=\"og:image\" content=\"https:\/\/www.horendgoed.nl\/wp-content\/uploads\/2023\/03\/b4d2-0f06-4d73-82a2-800d6b53f8f3.png\" \/>\n\t<meta property=\"og:image:width\" content=\"1200\" \/>\n\t<meta property=\"og:image:height\" content=\"1200\" \/>\n\t<meta property=\"og:image:type\" content=\"image\/png\" \/>\n<script type=\"application\/ld+json\" class=\"yoast-schema-graph\">{\"@context\":\"https:\\\/\\\/schema.org\",\"@graph\":[{\"@type\":\"WebPage\",\"@id\":\"https:\\\/\\\/www.horendgoed.nl\\\/pt-pt\\\/shop\\\/protecao-auditiva\\\/protectores-auditivos-para-criancas\\\/protectores-de-ouvido-alecto-para-criancas-verde\\\/\",\"url\":\"https:\\\/\\\/www.horendgoed.nl\\\/pt-pt\\\/shop\\\/protecao-auditiva\\\/protectores-auditivos-para-criancas\\\/protectores-de-ouvido-alecto-para-criancas-verde\\\/\",\"name\":\"Protectores de ouvido Alecto para crian\u00e7as, verde | Horend Goed Audiciens\",\"isPartOf\":{\"@id\":\"https:\\\/\\\/www.horendgoed.nl\\\/pt-pt\\\/#website\"},\"primaryImageOfPage\":{\"@id\":\"https:\\\/\\\/www.horendgoed.nl\\\/pt-pt\\\/shop\\\/protecao-auditiva\\\/protectores-auditivos-para-criancas\\\/protectores-de-ouvido-alecto-para-criancas-verde\\\/#primaryimage\"},\"image\":{\"@id\":\"https:\\\/\\\/www.horendgoed.nl\\\/pt-pt\\\/shop\\\/protecao-auditiva\\\/protectores-auditivos-para-criancas\\\/protectores-de-ouvido-alecto-para-criancas-verde\\\/#primaryimage\"},\"thumbnailUrl\":\"https:\\\/\\\/www.horendgoed.nl\\\/wp-content\\\/uploads\\\/2023\\\/03\\\/b4d2-0f06-4d73-82a2-800d6b53f8f3.png\",\"datePublished\":\"2023-03-30T12:50:38+00:00\",\"dateModified\":\"2025-10-31T16:36:58+00:00\",\"breadcrumb\":{\"@id\":\"https:\\\/\\\/www.horendgoed.nl\\\/pt-pt\\\/shop\\\/protecao-auditiva\\\/protectores-auditivos-para-criancas\\\/protectores-de-ouvido-alecto-para-criancas-verde\\\/#breadcrumb\"},\"inLanguage\":\"pt-PT\",\"potentialAction\":[{\"@type\":\"ReadAction\",\"target\":[\"https:\\\/\\\/www.horendgoed.nl\\\/pt-pt\\\/shop\\\/protecao-auditiva\\\/protectores-auditivos-para-criancas\\\/protectores-de-ouvido-alecto-para-criancas-verde\\\/\"]}]},{\"@type\":\"ImageObject\",\"inLanguage\":\"pt-PT\",\"@id\":\"https:\\\/\\\/www.horendgoed.nl\\\/pt-pt\\\/shop\\\/protecao-auditiva\\\/protectores-auditivos-para-criancas\\\/protectores-de-ouvido-alecto-para-criancas-verde\\\/#primaryimage\",\"url\":\"https:\\\/\\\/www.horendgoed.nl\\\/wp-content\\\/uploads\\\/2023\\\/03\\\/b4d2-0f06-4d73-82a2-800d6b53f8f3.png\",\"contentUrl\":\"https:\\\/\\\/www.horendgoed.nl\\\/wp-content\\\/uploads\\\/2023\\\/03\\\/b4d2-0f06-4d73-82a2-800d6b53f8f3.png\",\"width\":1200,\"height\":1200},{\"@type\":\"BreadcrumbList\",\"@id\":\"https:\\\/\\\/www.horendgoed.nl\\\/pt-pt\\\/shop\\\/protecao-auditiva\\\/protectores-auditivos-para-criancas\\\/protectores-de-ouvido-alecto-para-criancas-verde\\\/#breadcrumb\",\"itemListElement\":[{\"@type\":\"ListItem\",\"position\":1,\"name\":\"Casa\",\"item\":\"https:\\\/\\\/www.horendgoed.nl\\\/pt-pt\\\/\"},{\"@type\":\"ListItem\",\"position\":2,\"name\":\"Produtos\",\"item\":\"https:\\\/\\\/www.horendgoed.nl\\\/pt-pt\\\/compra\\\/produtos\\\/\"},{\"@type\":\"ListItem\",\"position\":3,\"name\":\"Protectores de ouvido Alecto para crian\u00e7as, verde\"}]},{\"@type\":\"WebSite\",\"@id\":\"https:\\\/\\\/www.horendgoed.nl\\\/pt-pt\\\/#website\",\"url\":\"https:\\\/\\\/www.horendgoed.nl\\\/pt-pt\\\/\",\"name\":\"Horend Goed Audiciens\",\"description\":\"Luistert Beter\",\"publisher\":{\"@id\":\"https:\\\/\\\/www.horendgoed.nl\\\/pt-pt\\\/#organization\"},\"potentialAction\":[{\"@type\":\"SearchAction\",\"target\":{\"@type\":\"EntryPoint\",\"urlTemplate\":\"https:\\\/\\\/www.horendgoed.nl\\\/pt-pt\\\/?s={search_term_string}\"},\"query-input\":{\"@type\":\"PropertyValueSpecification\",\"valueRequired\":true,\"valueName\":\"search_term_string\"}}],\"inLanguage\":\"pt-PT\"},{\"@type\":\"Organization\",\"@id\":\"https:\\\/\\\/www.horendgoed.nl\\\/pt-pt\\\/#organization\",\"name\":\"Horend Goed\",\"url\":\"https:\\\/\\\/www.horendgoed.nl\\\/pt-pt\\\/\",\"logo\":{\"@type\":\"ImageObject\",\"inLanguage\":\"pt-PT\",\"@id\":\"https:\\\/\\\/www.horendgoed.nl\\\/pt-pt\\\/#\\\/schema\\\/logo\\\/image\\\/\",\"url\":\"https:\\\/\\\/www.horendgoed.nl\\\/wp-content\\\/uploads\\\/2021\\\/05\\\/Logo-groot-e1621862526979.png\",\"contentUrl\":\"https:\\\/\\\/www.horendgoed.nl\\\/wp-content\\\/uploads\\\/2021\\\/05\\\/Logo-groot-e1621862526979.png\",\"width\":509,\"height\":100,\"caption\":\"Horend Goed\"},\"image\":{\"@id\":\"https:\\\/\\\/www.horendgoed.nl\\\/pt-pt\\\/#\\\/schema\\\/logo\\\/image\\\/\"},\"sameAs\":[\"https:\\\/\\\/www.facebook.com\\\/horendgoed\",\"https:\\\/\\\/www.instagram.com\\\/horendgoed\\\/\",\"https:\\\/\\\/www.linkedin.com\\\/company\\\/horend-goed\\\/\",\"https:\\\/\\\/www.youtube.com\\\/@horendgoed\"],\"email\":\"info@horendgoed.nl\",\"telephone\":\"075 20 25 203\",\"vatID\":\"NL 853 756 193 B01\"}]}<\/script>\n<!-- \/ Yoast SEO Premium plugin. -->","yoast_head_json":{"title":"Protectores de ouvido Alecto para crian\u00e7as, verde | Horend Goed Audiciens","robots":{"index":"index","follow":"follow","max-snippet":"max-snippet:-1","max-image-preview":"max-image-preview:large","max-video-preview":"max-video-preview:-1"},"canonical":"https:\/\/www.horendgoed.nl\/pt-pt\/shop\/protecao-auditiva\/protectores-auditivos-para-criancas\/protectores-de-ouvido-alecto-para-criancas-verde\/","og_locale":"pt_PT","og_type":"article","og_title":"Protectores de ouvido Alecto para crian\u00e7as, verde","og_description":"Protectores de ouvido Alecto BV-71 para crian\u00e7as a partir dos 18 meses Protege a audi\u00e7\u00e3o do teu filho de sons nocivos As crian\u00e7as pequenas est\u00e3o diariamente expostas a v\u00e1rios ru\u00eddos fortes. Pensa em brincar com outras crian\u00e7as no p\u00e1tio da escola, no barulho de uma sala de aula cheia, nas buzinas dos carros no tr\u00e2nsito &hellip;","og_url":"https:\/\/www.horendgoed.nl\/pt-pt\/shop\/protecao-auditiva\/protectores-auditivos-para-criancas\/protectores-de-ouvido-alecto-para-criancas-verde\/","og_site_name":"Horend Goed Audiciens","article_publisher":"https:\/\/www.facebook.com\/horendgoed","article_modified_time":"2025-10-31T16:36:58+00:00","og_image":[{"width":1200,"height":1200,"url":"https:\/\/www.horendgoed.nl\/wp-content\/uploads\/2023\/03\/b4d2-0f06-4d73-82a2-800d6b53f8f3.png","type":"image\/png"}],"schema":{"@context":"https:\/\/schema.org","@graph":[{"@type":"WebPage","@id":"https:\/\/www.horendgoed.nl\/pt-pt\/shop\/protecao-auditiva\/protectores-auditivos-para-criancas\/protectores-de-ouvido-alecto-para-criancas-verde\/","url":"https:\/\/www.horendgoed.nl\/pt-pt\/shop\/protecao-auditiva\/protectores-auditivos-para-criancas\/protectores-de-ouvido-alecto-para-criancas-verde\/","name":"Protectores de ouvido Alecto para crian\u00e7as, verde | Horend Goed Audiciens","isPartOf":{"@id":"https:\/\/www.horendgoed.nl\/pt-pt\/#website"},"primaryImageOfPage":{"@id":"https:\/\/www.horendgoed.nl\/pt-pt\/shop\/protecao-auditiva\/protectores-auditivos-para-criancas\/protectores-de-ouvido-alecto-para-criancas-verde\/#primaryimage"},"image":{"@id":"https:\/\/www.horendgoed.nl\/pt-pt\/shop\/protecao-auditiva\/protectores-auditivos-para-criancas\/protectores-de-ouvido-alecto-para-criancas-verde\/#primaryimage"},"thumbnailUrl":"https:\/\/www.horendgoed.nl\/wp-content\/uploads\/2023\/03\/b4d2-0f06-4d73-82a2-800d6b53f8f3.png","datePublished":"2023-03-30T12:50:38+00:00","dateModified":"2025-10-31T16:36:58+00:00","breadcrumb":{"@id":"https:\/\/www.horendgoed.nl\/pt-pt\/shop\/protecao-auditiva\/protectores-auditivos-para-criancas\/protectores-de-ouvido-alecto-para-criancas-verde\/#breadcrumb"},"inLanguage":"pt-PT","potentialAction":[{"@type":"ReadAction","target":["https:\/\/www.horendgoed.nl\/pt-pt\/shop\/protecao-auditiva\/protectores-auditivos-para-criancas\/protectores-de-ouvido-alecto-para-criancas-verde\/"]}]},{"@type":"ImageObject","inLanguage":"pt-PT","@id":"https:\/\/www.horendgoed.nl\/pt-pt\/shop\/protecao-auditiva\/protectores-auditivos-para-criancas\/protectores-de-ouvido-alecto-para-criancas-verde\/#primaryimage","url":"https:\/\/www.horendgoed.nl\/wp-content\/uploads\/2023\/03\/b4d2-0f06-4d73-82a2-800d6b53f8f3.png","contentUrl":"https:\/\/www.horendgoed.nl\/wp-content\/uploads\/2023\/03\/b4d2-0f06-4d73-82a2-800d6b53f8f3.png","width":1200,"height":1200},{"@type":"BreadcrumbList","@id":"https:\/\/www.horendgoed.nl\/pt-pt\/shop\/protecao-auditiva\/protectores-auditivos-para-criancas\/protectores-de-ouvido-alecto-para-criancas-verde\/#breadcrumb","itemListElement":[{"@type":"ListItem","position":1,"name":"Casa","item":"https:\/\/www.horendgoed.nl\/pt-pt\/"},{"@type":"ListItem","position":2,"name":"Produtos","item":"https:\/\/www.horendgoed.nl\/pt-pt\/compra\/produtos\/"},{"@type":"ListItem","position":3,"name":"Protectores de ouvido Alecto para crian\u00e7as, verde"}]},{"@type":"WebSite","@id":"https:\/\/www.horendgoed.nl\/pt-pt\/#website","url":"https:\/\/www.horendgoed.nl\/pt-pt\/","name":"Horend Goed Audiciens","description":"Luistert Beter","publisher":{"@id":"https:\/\/www.horendgoed.nl\/pt-pt\/#organization"},"potentialAction":[{"@type":"SearchAction","target":{"@type":"EntryPoint","urlTemplate":"https:\/\/www.horendgoed.nl\/pt-pt\/?s={search_term_string}"},"query-input":{"@type":"PropertyValueSpecification","valueRequired":true,"valueName":"search_term_string"}}],"inLanguage":"pt-PT"},{"@type":"Organization","@id":"https:\/\/www.horendgoed.nl\/pt-pt\/#organization","name":"Horend Goed","url":"https:\/\/www.horendgoed.nl\/pt-pt\/","logo":{"@type":"ImageObject","inLanguage":"pt-PT","@id":"https:\/\/www.horendgoed.nl\/pt-pt\/#\/schema\/logo\/image\/","url":"https:\/\/www.horendgoed.nl\/wp-content\/uploads\/2021\/05\/Logo-groot-e1621862526979.png","contentUrl":"https:\/\/www.horendgoed.nl\/wp-content\/uploads\/2021\/05\/Logo-groot-e1621862526979.png","width":509,"height":100,"caption":"Horend Goed"},"image":{"@id":"https:\/\/www.horendgoed.nl\/pt-pt\/#\/schema\/logo\/image\/"},"sameAs":["https:\/\/www.facebook.com\/horendgoed","https:\/\/www.instagram.com\/horendgoed\/","https:\/\/www.linkedin.com\/company\/horend-goed\/","https:\/\/www.youtube.com\/@horendgoed"],"email":"info@horendgoed.nl","telephone":"075 20 25 203","vatID":"NL 853 756 193 B01"}]}},"jetpack_sharing_enabled":true,"_links":{"self":[{"href":"https:\/\/www.horendgoed.nl\/pt-pt\/wp-json\/wp\/v2\/product\/208595","targetHints":{"allow":["GET"]}}],"collection":[{"href":"https:\/\/www.horendgoed.nl\/pt-pt\/wp-json\/wp\/v2\/product"}],"about":[{"href":"https:\/\/www.horendgoed.nl\/pt-pt\/wp-json\/wp\/v2\/types\/product"}],"wp:featuredmedia":[{"embeddable":true,"href":"https:\/\/www.horendgoed.nl\/pt-pt\/wp-json\/wp\/v2\/media\/208597"}],"wp:attachment":[{"href":"https:\/\/www.horendgoed.nl\/pt-pt\/wp-json\/wp\/v2\/media?parent=208595"}],"wp:term":[{"taxonomy":"product_brand","embeddable":true,"href":"https:\/\/www.horendgoed.nl\/pt-pt\/wp-json\/wp\/v2\/product_brand?post=208595"},{"taxonomy":"product_cat","embeddable":true,"href":"https:\/\/www.horendgoed.nl\/pt-pt\/wp-json\/wp\/v2\/product_cat?post=208595"},{"taxonomy":"product_tag","embeddable":true,"href":"https:\/\/www.horendgoed.nl\/pt-pt\/wp-json\/wp\/v2\/product_tag?post=208595"}],"curies":[{"name":"wp","href":"https:\/\/api.w.org\/{rel}","templated":true}]}}