{"id":247124,"date":"2025-07-11T15:47:10","date_gmt":"2025-07-11T13:47:10","guid":{"rendered":"https:\/\/www.horendgoed.nl\/shop\/sem categoria\/adaptador-de-parede-usb-c-de-20-w-da-doro\/"},"modified":"2025-07-11T15:47:10","modified_gmt":"2025-07-11T13:47:10","slug":"adaptador-de-parede-usb-c-de-20-w-da-doro","status":"publish","type":"product","link":"https:\/\/www.horendgoed.nl\/pt-pt\/shop\/eletronica\/cabos\/adaptador-de-parede-usb-c-de-20-w-da-doro\/","title":{"rendered":"Adaptador de parede USB-C de 20 W da Doro"},"content":{"rendered":"<h2 data-start=\"200\" data-end=\"263\">Adaptador de parede USB-C de 20 W da Doro (UE) - a solu\u00e7\u00e3o de alimenta\u00e7\u00e3o ideal<\/h2>\n<p data-start=\"265\" data-end=\"606\">Tens um telem\u00f3vel, tablet, amplificador de aparelhos auditivos ou outro dispositivo com uma porta USB-C? O <strong data-start=\"359\" data-end=\"390\">adaptador de parede USB-C de 20 W da Doro<\/strong> \u00e9 a escolha perfeita para quem procura confian\u00e7a, rapidez e comodidade no carregamento. Desenvolvido com a qualidade e a facilidade de utiliza\u00e7\u00e3o em mente, este adaptador oferece uma solu\u00e7\u00e3o fi\u00e1vel para o uso di\u00e1rio.  <\/p>\n<h3 data-start=\"608\" data-end=\"648\">\ud83d\udd0c 1. Velocidade de carregamento r\u00e1pida e segura <\/h3>\n<p data-start=\"650\" data-end=\"1044\">Com uma pot\u00eancia de <strong data-start=\"671\" data-end=\"682\">20 watts<\/strong>, este adaptador proporciona uma forte velocidade de carregamento, ideal para dispositivos modernos que suportam a tecnologia de carregamento r\u00e1pido. Podes carregar o teu smartphone, tablet ou recetor com USB-C de forma muito eficiente. Gra\u00e7as aos circuitos inteligentes, o adaptador protege-te contra sobreaquecimento, sobretens\u00e3o, sobrecarga e curto-circuitos. Como resultado, desfruta de um carregamento seguro, dia ap\u00f3s dia.   <\/p>\n<h3 data-start=\"1046\" data-end=\"1089\">\u2699\ufe0f 2. Compat\u00edvel com os teus dispositivos USB-C <\/h3>\n<p data-start=\"1091\" data-end=\"1421\">O adaptador Doro suporta praticamente todos os dispositivos com uma liga\u00e7\u00e3o USB-C, incluindo telem\u00f3veis, tablets, leitores electr\u00f3nicos, rel\u00f3gios inteligentes, bancos de energia e v\u00e1rios dispositivos de assist\u00eancia. Quer estejas a utilizar um smartphone Doro, um acess\u00f3rio de aparelho auditivo ou uma ferramenta de trabalho manual com USB-C, este adaptador encaixa em qualquer tomada com fichas da UE. <\/p>\n<h3 data-start=\"1423\" data-end=\"1471\">\ud83d\udca1 3. Design compacto e f\u00e1cil de utilizar<\/h3>\n<p data-start=\"1473\" data-end=\"1847\">O design compacto e leve torna este adaptador pr\u00e1tico de utilizar e ideal para viajar. A ficha UE integrada significa que n\u00e3o precisas de cabos extra e que podes lig\u00e1-lo diretamente a uma tomada de parede. A caixa de pl\u00e1stico resistente cabe confortavelmente na tua m\u00e3o, \u00e9 f\u00e1cil de transportar e cabe mesmo na bagagem completa ou numa mala sem risco de se danificar.  <\/p>\n<h3 data-start=\"1849\" data-end=\"1901\">\ud83e\uddf3 4. Perfeito para casa, escrit\u00f3rio ou em viagem <\/h3>\n<ul data-start=\"1903\" data-end=\"2261\">\n<li data-start=\"1903\" data-end=\"2056\">\n<p data-start=\"1905\" data-end=\"2056\"><strong data-start=\"1905\" data-end=\"1921\">Utiliza\u00e7\u00e3o dom\u00e9stica<\/strong>: mant\u00e9m um na sala de estar, na cozinha, no quarto ou no escrit\u00f3rio para poderes carregar o teu dispositivo de forma r\u00e1pida e segura a qualquer hora e em qualquer lugar.<\/p>\n<\/li>\n<li data-start=\"2057\" data-end=\"2156\">\n<p data-start=\"2059\" data-end=\"2156\"><strong data-start=\"2059\" data-end=\"2071\">Na estrada<\/strong>: ideal para viajar, num autom\u00f3vel com inversor ou na bagagem durante uma viagem.<\/p>\n<\/li>\n<li data-start=\"2157\" data-end=\"2261\">\n<p data-start=\"2159\" data-end=\"2261\"><strong data-start=\"2159\" data-end=\"2182\">Viajantes em neg\u00f3cios<\/strong>: conveniente para trabalhar no local, em hot\u00e9is ou salas de confer\u00eancia com tomadas da UE.<\/p>\n<\/li>\n<\/ul>\n<h3 data-start=\"2263\" data-end=\"2296\">\ud83c\udf0d 5. Dur\u00e1vel e fi\u00e1vel<\/h3>\n<p data-start=\"2298\" data-end=\"2592\">O adaptador de parede Doro \u00e9 fabricado com materiais de alta qualidade e concebido para durar. Gra\u00e7as \u00e0 gest\u00e3o de qualidade internacional, o adaptador foi amplamente testado e certificado de acordo com as normas mais rigorosas. Como resultado, pagas por um desempenho fi\u00e1vel que durar\u00e1 anos.  <\/p>\n<h3 data-start=\"2594\" data-end=\"2640\">\ud83d\udee1\ufe0f 6. Seguran\u00e7a e fiabilidade adicionais <\/h3>\n<p data-start=\"2642\" data-end=\"2957\">Para maior tranquilidade, este adaptador possui prote\u00e7\u00e3o contra curto-circuito, sobretens\u00e3o, sobrecarga e sobreaquecimento. Todos os componentes internos foram testados exaustivamente para cumprir os requisitos de seguran\u00e7a internacionais. Carrega o teu dispositivo com todas as garantias de uma fonte de alimenta\u00e7\u00e3o est\u00e1vel e segura.  <\/p>\n<hr data-start=\"2959\" data-end=\"2962\">\n<h3 data-start=\"2964\" data-end=\"3018\">Porqu\u00ea escolher o adaptador de parede USB-C de 20 W da Doro?<\/h3>\n<ul data-start=\"3020\" data-end=\"3435\">\n<li data-start=\"3020\" data-end=\"3104\">\n<p data-start=\"3022\" data-end=\"3104\"><strong data-start=\"3022\" data-end=\"3047\">Velocidade de carregamento ideal<\/strong>: 20 watts \u00e9 o ideal para um carregamento r\u00e1pido e eficiente.<\/p>\n<\/li>\n<li data-start=\"3105\" data-end=\"3182\">\n<p data-start=\"3107\" data-end=\"3182\"><strong data-start=\"3107\" data-end=\"3127\">Amplamente aplic\u00e1vel<\/strong>: adequado para todos os dispositivos com liga\u00e7\u00e3o USB-C.<\/p>\n<\/li>\n<li data-start=\"3183\" data-end=\"3247\">\n<p data-start=\"3185\" data-end=\"3247\"><strong data-start=\"3185\" data-end=\"3204\">Tamanho compacto<\/strong>: f\u00e1cil de transportar e guardar.<\/p>\n<\/li>\n<li data-start=\"3248\" data-end=\"3338\">\n<p data-start=\"3250\" data-end=\"3338\"><strong data-start=\"3250\" data-end=\"3271\">Utiliza\u00e7\u00e3o segura<\/strong>: os mecanismos de seguran\u00e7a incorporados garantem um carregamento sem preocupa\u00e7\u00f5es.<\/p>\n<\/li>\n<li data-start=\"3339\" data-end=\"3435\">\n<p data-start=\"3341\" data-end=\"3435\"><strong data-start=\"3341\" data-end=\"3368\">Dur\u00e1vel e fi\u00e1vel<\/strong>: materiais de alta qualidade, testados segundo normas de qualidade rigorosas.<\/p>\n<\/li>\n<\/ul>\n<hr data-start=\"3437\" data-end=\"3440\">\n<h3 data-start=\"3442\" data-end=\"3458\">Dicas de utiliza\u00e7\u00e3o<\/h3>\n<ol data-start=\"3460\" data-end=\"3771\">\n<li data-start=\"3460\" data-end=\"3566\">\n<p data-start=\"3463\" data-end=\"3566\">Liga o adaptador a uma tomada da UE e liga o teu dispositivo USB-C diretamente ou atrav\u00e9s de um cabo curto.<\/p>\n<\/li>\n<li data-start=\"3567\" data-end=\"3669\">\n<p data-start=\"3570\" data-end=\"3669\">Deixa o dispositivo carregar durante algum tempo - a sa\u00edda de 20 W carrega muitos dispositivos USB-C de forma r\u00e1pida e eficiente.<\/p>\n<\/li>\n<li data-start=\"3670\" data-end=\"3771\">\n<p data-start=\"3673\" data-end=\"3771\">Desliga o dispositivo e o adaptador da tomada de parede ap\u00f3s o carregamento para evitar perdas de energia.<\/p>\n<\/li>\n<\/ol>\n<hr data-start=\"3773\" data-end=\"3776\">\n<h3 data-start=\"3778\" data-end=\"3816\">A quem se destina este adaptador?<\/h3>\n<ul data-start=\"3818\" data-end=\"4161\">\n<li data-start=\"3818\" data-end=\"3886\">\n<p data-start=\"3820\" data-end=\"3886\">Utilizadores da Doro e de outros smartphones, tablets e e-readers.<\/p>\n<\/li>\n<li data-start=\"3887\" data-end=\"3986\">\n<p data-start=\"3889\" data-end=\"3986\">Pessoas com dispositivos port\u00e1teis, como amplificadores de aparelhos auditivos, pulseiras de fitness e rel\u00f3gios inteligentes.<\/p>\n<\/li>\n<li data-start=\"3987\" data-end=\"4075\">\n<p data-start=\"3989\" data-end=\"4075\">Viajantes e profissionais m\u00f3veis que pretendem um carregamento compacto e fi\u00e1vel em movimento.<\/p>\n<\/li>\n<li data-start=\"4076\" data-end=\"4161\">\n<p data-start=\"4078\" data-end=\"4161\">Qualquer pessoa que procure um substituto inteligente e seguro para os carregadores USB-C OEM.<\/p>\n<\/li>\n<\/ul>\n<hr data-start=\"4163\" data-end=\"4166\">\n<h3 data-start=\"4168\" data-end=\"4221\">Resumo - a tua solu\u00e7\u00e3o de carregamento USB-C fi\u00e1vel<\/h3>\n<p data-start=\"4223\" data-end=\"4565\">O <strong data-start=\"4226\" data-end=\"4262\">adaptador de parede USB-C de 20 W da Doro (UE)<\/strong> combina um forte desempenho com um design compacto e seguran\u00e7a. Quer estejas em casa, a trabalhar no escrit\u00f3rio ou em viagem, este adaptador proporciona sempre uma sess\u00e3o de carregamento fi\u00e1vel e r\u00e1pida. A sua ampla compatibilidade e carater\u00edsticas seguras fazem dele uma excelente adi\u00e7\u00e3o ao teu equipamento tecnol\u00f3gico di\u00e1rio.  <\/p>\n<p data-start=\"4567\" data-end=\"4700\">Escolhe hoje o adaptador USB-C Doro e experimenta a comodidade de um carregamento eficaz e seguro - sempre e em todo o lado, na ponta dos teus dedos!<\/p>\n","protected":false},"excerpt":{"rendered":"<p>Adaptador de parede USB-C de 20 W da Doro (UE) - a solu\u00e7\u00e3o de alimenta\u00e7\u00e3o ideal Tens um telem\u00f3vel, tablet, amplificador de aparelhos auditivos ou outro dispositivo com uma porta USB-C? O adaptador de parede USB-C de 20 W da Doro \u00e9 a escolha perfeita para quem procura confian\u00e7a, rapidez e comodidade no carregamento. Desenvolvido &hellip; <\/p>\n","protected":false},"featured_media":247103,"template":"","meta":{"_acf_changed":false},"product_brand":[],"product_cat":[14882,14700],"product_tag":[],"class_list":["post-247124","product","type-product","status-publish","has-post-thumbnail","product_cat-cabos","product_cat-eletronica","grid-sizer","latest_post","first","outofstock","taxable","shipping-taxable","purchasable","product-type-simple"],"acf":[],"yoast_head":"<!-- This site is optimized with the Yoast SEO Premium plugin v27.4 (Yoast SEO v28.3) - https:\/\/yoast.com\/product\/yoast-seo-premium-wordpress\/ -->\n<title>Adaptador de parede USB-C de 20 W da Doro | Horend Goed Audiciens<\/title>\n<meta name=\"description\" content=\"O adaptador de parede USB-C de 20 W da Doro (UE) combina um forte desempenho com um design compacto e seguran\u00e7a. Quer estejas em casa, a trabalhar no escrit\u00f3rio ou em viagem.\" \/>\n<meta name=\"robots\" content=\"index, follow, max-snippet:-1, max-image-preview:large, max-video-preview:-1\" \/>\n<link rel=\"canonical\" href=\"https:\/\/www.horendgoed.nl\/pt-pt\/shop\/eletronica\/cabos\/adaptador-de-parede-usb-c-de-20-w-da-doro\/\" \/>\n<meta property=\"og:locale\" content=\"pt_PT\" \/>\n<meta property=\"og:type\" content=\"article\" \/>\n<meta property=\"og:title\" content=\"Adaptador de parede USB-C de 20 W da Doro\" \/>\n<meta property=\"og:description\" content=\"O adaptador de parede USB-C de 20 W da Doro (UE) combina um forte desempenho com um design compacto e seguran\u00e7a. Quer estejas em casa, a trabalhar no escrit\u00f3rio ou em viagem.\" \/>\n<meta property=\"og:url\" content=\"https:\/\/www.horendgoed.nl\/pt-pt\/shop\/eletronica\/cabos\/adaptador-de-parede-usb-c-de-20-w-da-doro\/\" \/>\n<meta property=\"og:site_name\" content=\"Horend Goed Audiciens\" \/>\n<meta property=\"article:publisher\" content=\"https:\/\/www.facebook.com\/horendgoed\" \/>\n<meta property=\"og:image\" content=\"https:\/\/www.horendgoed.nl\/wp-content\/uploads\/2025\/07\/sku8834-eu-adaptor-plug-with-usb-c-jack_4-Photoroom.jpg\" \/>\n\t<meta property=\"og:image:width\" content=\"2000\" \/>\n\t<meta property=\"og:image:height\" content=\"2000\" \/>\n\t<meta property=\"og:image:type\" content=\"image\/jpeg\" \/>\n<script type=\"application\/ld+json\" class=\"yoast-schema-graph\">{\"@context\":\"https:\\\/\\\/schema.org\",\"@graph\":[{\"@type\":\"WebPage\",\"@id\":\"https:\\\/\\\/www.horendgoed.nl\\\/pt-pt\\\/shop\\\/eletronica\\\/cabos\\\/adaptador-de-parede-usb-c-de-20-w-da-doro\\\/\",\"url\":\"https:\\\/\\\/www.horendgoed.nl\\\/pt-pt\\\/shop\\\/eletronica\\\/cabos\\\/adaptador-de-parede-usb-c-de-20-w-da-doro\\\/\",\"name\":\"Adaptador de parede USB-C de 20 W da Doro | Horend Goed Audiciens\",\"isPartOf\":{\"@id\":\"https:\\\/\\\/www.horendgoed.nl\\\/pt-pt\\\/#website\"},\"primaryImageOfPage\":{\"@id\":\"https:\\\/\\\/www.horendgoed.nl\\\/pt-pt\\\/shop\\\/eletronica\\\/cabos\\\/adaptador-de-parede-usb-c-de-20-w-da-doro\\\/#primaryimage\"},\"image\":{\"@id\":\"https:\\\/\\\/www.horendgoed.nl\\\/pt-pt\\\/shop\\\/eletronica\\\/cabos\\\/adaptador-de-parede-usb-c-de-20-w-da-doro\\\/#primaryimage\"},\"thumbnailUrl\":\"https:\\\/\\\/www.horendgoed.nl\\\/wp-content\\\/uploads\\\/2025\\\/07\\\/sku8834-eu-adaptor-plug-with-usb-c-jack_4-Photoroom.jpg\",\"datePublished\":\"2025-07-11T13:47:10+00:00\",\"description\":\"O adaptador de parede USB-C de 20 W da Doro (UE) combina um forte desempenho com um design compacto e seguran\u00e7a. Quer estejas em casa, a trabalhar no escrit\u00f3rio ou em viagem.\",\"breadcrumb\":{\"@id\":\"https:\\\/\\\/www.horendgoed.nl\\\/pt-pt\\\/shop\\\/eletronica\\\/cabos\\\/adaptador-de-parede-usb-c-de-20-w-da-doro\\\/#breadcrumb\"},\"inLanguage\":\"pt-PT\",\"potentialAction\":[{\"@type\":\"ReadAction\",\"target\":[\"https:\\\/\\\/www.horendgoed.nl\\\/pt-pt\\\/shop\\\/eletronica\\\/cabos\\\/adaptador-de-parede-usb-c-de-20-w-da-doro\\\/\"]}]},{\"@type\":\"ImageObject\",\"inLanguage\":\"pt-PT\",\"@id\":\"https:\\\/\\\/www.horendgoed.nl\\\/pt-pt\\\/shop\\\/eletronica\\\/cabos\\\/adaptador-de-parede-usb-c-de-20-w-da-doro\\\/#primaryimage\",\"url\":\"https:\\\/\\\/www.horendgoed.nl\\\/wp-content\\\/uploads\\\/2025\\\/07\\\/sku8834-eu-adaptor-plug-with-usb-c-jack_4-Photoroom.jpg\",\"contentUrl\":\"https:\\\/\\\/www.horendgoed.nl\\\/wp-content\\\/uploads\\\/2025\\\/07\\\/sku8834-eu-adaptor-plug-with-usb-c-jack_4-Photoroom.jpg\",\"width\":2000,\"height\":2000},{\"@type\":\"BreadcrumbList\",\"@id\":\"https:\\\/\\\/www.horendgoed.nl\\\/pt-pt\\\/shop\\\/eletronica\\\/cabos\\\/adaptador-de-parede-usb-c-de-20-w-da-doro\\\/#breadcrumb\",\"itemListElement\":[{\"@type\":\"ListItem\",\"position\":1,\"name\":\"Casa\",\"item\":\"https:\\\/\\\/www.horendgoed.nl\\\/pt-pt\\\/\"},{\"@type\":\"ListItem\",\"position\":2,\"name\":\"Produtos\",\"item\":\"https:\\\/\\\/www.horendgoed.nl\\\/pt-pt\\\/compra\\\/produtos\\\/\"},{\"@type\":\"ListItem\",\"position\":3,\"name\":\"Adaptador de parede USB-C de 20 W da Doro\"}]},{\"@type\":\"WebSite\",\"@id\":\"https:\\\/\\\/www.horendgoed.nl\\\/pt-pt\\\/#website\",\"url\":\"https:\\\/\\\/www.horendgoed.nl\\\/pt-pt\\\/\",\"name\":\"Horend Goed Audiciens\",\"description\":\"Luistert Beter\",\"publisher\":{\"@id\":\"https:\\\/\\\/www.horendgoed.nl\\\/pt-pt\\\/#organization\"},\"potentialAction\":[{\"@type\":\"SearchAction\",\"target\":{\"@type\":\"EntryPoint\",\"urlTemplate\":\"https:\\\/\\\/www.horendgoed.nl\\\/pt-pt\\\/?s={search_term_string}\"},\"query-input\":{\"@type\":\"PropertyValueSpecification\",\"valueRequired\":true,\"valueName\":\"search_term_string\"}}],\"inLanguage\":\"pt-PT\"},{\"@type\":\"Organization\",\"@id\":\"https:\\\/\\\/www.horendgoed.nl\\\/pt-pt\\\/#organization\",\"name\":\"Horend Goed\",\"url\":\"https:\\\/\\\/www.horendgoed.nl\\\/pt-pt\\\/\",\"logo\":{\"@type\":\"ImageObject\",\"inLanguage\":\"pt-PT\",\"@id\":\"https:\\\/\\\/www.horendgoed.nl\\\/pt-pt\\\/#\\\/schema\\\/logo\\\/image\\\/\",\"url\":\"https:\\\/\\\/www.horendgoed.nl\\\/wp-content\\\/uploads\\\/2021\\\/05\\\/Logo-groot-e1621862526979.png\",\"contentUrl\":\"https:\\\/\\\/www.horendgoed.nl\\\/wp-content\\\/uploads\\\/2021\\\/05\\\/Logo-groot-e1621862526979.png\",\"width\":509,\"height\":100,\"caption\":\"Horend Goed\"},\"image\":{\"@id\":\"https:\\\/\\\/www.horendgoed.nl\\\/pt-pt\\\/#\\\/schema\\\/logo\\\/image\\\/\"},\"sameAs\":[\"https:\\\/\\\/www.facebook.com\\\/horendgoed\",\"https:\\\/\\\/www.instagram.com\\\/horendgoed\\\/\",\"https:\\\/\\\/www.linkedin.com\\\/company\\\/horend-goed\\\/\",\"https:\\\/\\\/www.youtube.com\\\/@horendgoed\"],\"email\":\"info@horendgoed.nl\",\"telephone\":\"075 20 25 203\",\"vatID\":\"NL 853 756 193 B01\"}]}<\/script>\n<!-- \/ Yoast SEO Premium plugin. -->","yoast_head_json":{"title":"Adaptador de parede USB-C de 20 W da Doro | Horend Goed Audiciens","description":"O adaptador de parede USB-C de 20 W da Doro (UE) combina um forte desempenho com um design compacto e seguran\u00e7a. Quer estejas em casa, a trabalhar no escrit\u00f3rio ou em viagem.","robots":{"index":"index","follow":"follow","max-snippet":"max-snippet:-1","max-image-preview":"max-image-preview:large","max-video-preview":"max-video-preview:-1"},"canonical":"https:\/\/www.horendgoed.nl\/pt-pt\/shop\/eletronica\/cabos\/adaptador-de-parede-usb-c-de-20-w-da-doro\/","og_locale":"pt_PT","og_type":"article","og_title":"Adaptador de parede USB-C de 20 W da Doro","og_description":"O adaptador de parede USB-C de 20 W da Doro (UE) combina um forte desempenho com um design compacto e seguran\u00e7a. Quer estejas em casa, a trabalhar no escrit\u00f3rio ou em viagem.","og_url":"https:\/\/www.horendgoed.nl\/pt-pt\/shop\/eletronica\/cabos\/adaptador-de-parede-usb-c-de-20-w-da-doro\/","og_site_name":"Horend Goed Audiciens","article_publisher":"https:\/\/www.facebook.com\/horendgoed","og_image":[{"width":2000,"height":2000,"url":"https:\/\/www.horendgoed.nl\/wp-content\/uploads\/2025\/07\/sku8834-eu-adaptor-plug-with-usb-c-jack_4-Photoroom.jpg","type":"image\/jpeg"}],"schema":{"@context":"https:\/\/schema.org","@graph":[{"@type":"WebPage","@id":"https:\/\/www.horendgoed.nl\/pt-pt\/shop\/eletronica\/cabos\/adaptador-de-parede-usb-c-de-20-w-da-doro\/","url":"https:\/\/www.horendgoed.nl\/pt-pt\/shop\/eletronica\/cabos\/adaptador-de-parede-usb-c-de-20-w-da-doro\/","name":"Adaptador de parede USB-C de 20 W da Doro | Horend Goed Audiciens","isPartOf":{"@id":"https:\/\/www.horendgoed.nl\/pt-pt\/#website"},"primaryImageOfPage":{"@id":"https:\/\/www.horendgoed.nl\/pt-pt\/shop\/eletronica\/cabos\/adaptador-de-parede-usb-c-de-20-w-da-doro\/#primaryimage"},"image":{"@id":"https:\/\/www.horendgoed.nl\/pt-pt\/shop\/eletronica\/cabos\/adaptador-de-parede-usb-c-de-20-w-da-doro\/#primaryimage"},"thumbnailUrl":"https:\/\/www.horendgoed.nl\/wp-content\/uploads\/2025\/07\/sku8834-eu-adaptor-plug-with-usb-c-jack_4-Photoroom.jpg","datePublished":"2025-07-11T13:47:10+00:00","description":"O adaptador de parede USB-C de 20 W da Doro (UE) combina um forte desempenho com um design compacto e seguran\u00e7a. Quer estejas em casa, a trabalhar no escrit\u00f3rio ou em viagem.","breadcrumb":{"@id":"https:\/\/www.horendgoed.nl\/pt-pt\/shop\/eletronica\/cabos\/adaptador-de-parede-usb-c-de-20-w-da-doro\/#breadcrumb"},"inLanguage":"pt-PT","potentialAction":[{"@type":"ReadAction","target":["https:\/\/www.horendgoed.nl\/pt-pt\/shop\/eletronica\/cabos\/adaptador-de-parede-usb-c-de-20-w-da-doro\/"]}]},{"@type":"ImageObject","inLanguage":"pt-PT","@id":"https:\/\/www.horendgoed.nl\/pt-pt\/shop\/eletronica\/cabos\/adaptador-de-parede-usb-c-de-20-w-da-doro\/#primaryimage","url":"https:\/\/www.horendgoed.nl\/wp-content\/uploads\/2025\/07\/sku8834-eu-adaptor-plug-with-usb-c-jack_4-Photoroom.jpg","contentUrl":"https:\/\/www.horendgoed.nl\/wp-content\/uploads\/2025\/07\/sku8834-eu-adaptor-plug-with-usb-c-jack_4-Photoroom.jpg","width":2000,"height":2000},{"@type":"BreadcrumbList","@id":"https:\/\/www.horendgoed.nl\/pt-pt\/shop\/eletronica\/cabos\/adaptador-de-parede-usb-c-de-20-w-da-doro\/#breadcrumb","itemListElement":[{"@type":"ListItem","position":1,"name":"Casa","item":"https:\/\/www.horendgoed.nl\/pt-pt\/"},{"@type":"ListItem","position":2,"name":"Produtos","item":"https:\/\/www.horendgoed.nl\/pt-pt\/compra\/produtos\/"},{"@type":"ListItem","position":3,"name":"Adaptador de parede USB-C de 20 W da Doro"}]},{"@type":"WebSite","@id":"https:\/\/www.horendgoed.nl\/pt-pt\/#website","url":"https:\/\/www.horendgoed.nl\/pt-pt\/","name":"Horend Goed Audiciens","description":"Luistert Beter","publisher":{"@id":"https:\/\/www.horendgoed.nl\/pt-pt\/#organization"},"potentialAction":[{"@type":"SearchAction","target":{"@type":"EntryPoint","urlTemplate":"https:\/\/www.horendgoed.nl\/pt-pt\/?s={search_term_string}"},"query-input":{"@type":"PropertyValueSpecification","valueRequired":true,"valueName":"search_term_string"}}],"inLanguage":"pt-PT"},{"@type":"Organization","@id":"https:\/\/www.horendgoed.nl\/pt-pt\/#organization","name":"Horend Goed","url":"https:\/\/www.horendgoed.nl\/pt-pt\/","logo":{"@type":"ImageObject","inLanguage":"pt-PT","@id":"https:\/\/www.horendgoed.nl\/pt-pt\/#\/schema\/logo\/image\/","url":"https:\/\/www.horendgoed.nl\/wp-content\/uploads\/2021\/05\/Logo-groot-e1621862526979.png","contentUrl":"https:\/\/www.horendgoed.nl\/wp-content\/uploads\/2021\/05\/Logo-groot-e1621862526979.png","width":509,"height":100,"caption":"Horend Goed"},"image":{"@id":"https:\/\/www.horendgoed.nl\/pt-pt\/#\/schema\/logo\/image\/"},"sameAs":["https:\/\/www.facebook.com\/horendgoed","https:\/\/www.instagram.com\/horendgoed\/","https:\/\/www.linkedin.com\/company\/horend-goed\/","https:\/\/www.youtube.com\/@horendgoed"],"email":"info@horendgoed.nl","telephone":"075 20 25 203","vatID":"NL 853 756 193 B01"}]}},"jetpack_sharing_enabled":true,"_links":{"self":[{"href":"https:\/\/www.horendgoed.nl\/pt-pt\/wp-json\/wp\/v2\/product\/247124","targetHints":{"allow":["GET"]}}],"collection":[{"href":"https:\/\/www.horendgoed.nl\/pt-pt\/wp-json\/wp\/v2\/product"}],"about":[{"href":"https:\/\/www.horendgoed.nl\/pt-pt\/wp-json\/wp\/v2\/types\/product"}],"wp:featuredmedia":[{"embeddable":true,"href":"https:\/\/www.horendgoed.nl\/pt-pt\/wp-json\/wp\/v2\/media\/247103"}],"wp:attachment":[{"href":"https:\/\/www.horendgoed.nl\/pt-pt\/wp-json\/wp\/v2\/media?parent=247124"}],"wp:term":[{"taxonomy":"product_brand","embeddable":true,"href":"https:\/\/www.horendgoed.nl\/pt-pt\/wp-json\/wp\/v2\/product_brand?post=247124"},{"taxonomy":"product_cat","embeddable":true,"href":"https:\/\/www.horendgoed.nl\/pt-pt\/wp-json\/wp\/v2\/product_cat?post=247124"},{"taxonomy":"product_tag","embeddable":true,"href":"https:\/\/www.horendgoed.nl\/pt-pt\/wp-json\/wp\/v2\/product_tag?post=247124"}],"curies":[{"name":"wp","href":"https:\/\/api.w.org\/{rel}","templated":true}]}}