{"id":262016,"date":"2025-10-09T16:07:46","date_gmt":"2025-10-09T14:07:46","guid":{"rendered":"https:\/\/www.horendgoed.nl\/shop\/sem%20categoria\/protectores-de-ouvido-alecto-para-criancas-preto\/"},"modified":"2025-10-31T17:35:20","modified_gmt":"2025-10-31T16:35:20","slug":"protectores-de-ouvido-alecto-para-criancas-preto","status":"publish","type":"product","link":"https:\/\/www.horendgoed.nl\/pt-pt\/shop\/protecao-auditiva\/protectores-auditivos-para-criancas\/protectores-de-ouvido-alecto-para-criancas-preto\/","title":{"rendered":"Protectores de ouvido Alecto para crian\u00e7as Preto"},"content":{"rendered":"<h2 data-start=\"194\" data-end=\"281\">Protectores auriculares pretos para crian\u00e7as \/ prote\u00e7\u00e3o auditiva - Seguran\u00e7a, conforto e audi\u00e7\u00e3o n\u00edtida<\/h2>\n<p data-start=\"283\" data-end=\"711\">Como pai ou respons\u00e1vel, queres o melhor para o teu filho - mesmo no que diz respeito \u00e0 audi\u00e7\u00e3o. Em ambientes ruidosos, como concertos, eventos desportivos, carnavais ou fogos de artif\u00edcio, o ru\u00eddo pode ser prejudicial para os ouvidos das crian\u00e7as. Por isso, uma boa prote\u00e7\u00e3o auditiva para as crian\u00e7as n\u00e3o \u00e9 um luxo, mas sim um investimento inteligente na sua sa\u00fade. Os nossos protectores auriculares pretos para crian\u00e7as oferecem a combina\u00e7\u00e3o ideal de seguran\u00e7a, conforto e estilo.   <\/p>\n<hr data-start=\"713\" data-end=\"716\">\n<h3 data-start=\"718\" data-end=\"763\">Porque \u00e9 que os protectores auriculares para crian\u00e7as s\u00e3o importantes<\/h3>\n<p data-start=\"765\" data-end=\"1025\">Os ouvidos dos jovens s\u00e3o mais vulner\u00e1veis do que os dos adultos. N\u00edveis de ru\u00eddo superiores a 85 dB j\u00e1 podem causar danos ao longo do tempo, especialmente com a exposi\u00e7\u00e3o repetida. Em ambientes como feiras, festas, gin\u00e1sios ou concertos ao ar livre, os n\u00edveis de ru\u00eddo podem aumentar significativamente.  <\/p>\n<ul data-start=\"1027\" data-end=\"1441\">\n<li data-start=\"1027\" data-end=\"1190\">\n<p data-start=\"1029\" data-end=\"1190\">Os protectores auriculares para crian\u00e7as amortecem os ru\u00eddos nocivos, enquanto o ru\u00eddo ambiente continua a ser aud\u00edvel - podes ouvir o que est\u00e1 a ser dito sem te aborreceres.<\/p>\n<\/li>\n<li data-start=\"1191\" data-end=\"1318\">\n<p data-start=\"1193\" data-end=\"1318\">Evita a sobrecarga auditiva, que pode causar danos auditivos a longo prazo, zumbidos ou defici\u00eancias auditivas.<\/p>\n<\/li>\n<li data-start=\"1319\" data-end=\"1441\">\n<p data-start=\"1321\" data-end=\"1441\">Ao usar prote\u00e7\u00e3o, o teu filho aprende desde cedo que \u00e9 importante lidar corretamente com o ru\u00eddo - uma valiosa li\u00e7\u00e3o de comportamento.<\/p>\n<\/li>\n<\/ul>\n<hr data-start=\"1443\" data-end=\"1446\">\n<h3 data-start=\"1448\" data-end=\"1482\">Preto: elegante e pr\u00e1tico<\/h3>\n<p data-start=\"1484\" data-end=\"1556\">O facto de os protectores auriculares serem <strong data-start=\"1504\" data-end=\"1513\">pretos<\/strong> tem v\u00e1rias vantagens:<\/p>\n<ul data-start=\"1558\" data-end=\"1942\">\n<li data-start=\"1558\" data-end=\"1692\">\n<p data-start=\"1560\" data-end=\"1692\"><strong data-start=\"1560\" data-end=\"1587\">Discreto e neutro<\/strong>: combina com qualquer roupa ou situa\u00e7\u00e3o, sem cores marcantes que distraiam ou irritem as crian\u00e7as.<\/p>\n<\/li>\n<li data-start=\"1693\" data-end=\"1826\">\n<p data-start=\"1695\" data-end=\"1826\"><strong data-start=\"1695\" data-end=\"1720\">F\u00e1cil de manter<\/strong>: \u00e9 menos prov\u00e1vel que a sujidade seja notada, e as manchas ou vest\u00edgios de utiliza\u00e7\u00e3o s\u00e3o mais f\u00e1ceis de manter discretamente limpos.<\/p>\n<\/li>\n<li data-start=\"1827\" data-end=\"1942\">\n<p data-start=\"1829\" data-end=\"1942\"><strong data-start=\"1829\" data-end=\"1848\">Design intemporal<\/strong>: o preto \u00e9 sempre elegante e fica bem tanto a rapazes como a raparigas, encorajando a sua utiliza\u00e7\u00e3o.<\/p>\n<\/li>\n<\/ul>\n<hr data-start=\"1944\" data-end=\"1947\">\n<h3 data-start=\"1949\" data-end=\"1972\">Conforto e design<\/h3>\n<p data-start=\"1974\" data-end=\"2049\">Os nossos protectores auriculares pretos foram concebidos a pensar no conforto e na portabilidade:<\/p>\n<ul data-start=\"2051\" data-end=\"2452\">\n<li data-start=\"2051\" data-end=\"2131\">\n<p data-start=\"2053\" data-end=\"2131\"><strong data-start=\"2053\" data-end=\"2077\">Almofadas macias<\/strong> que se adaptam suavemente \u00e0 orelha, sem pontos de press\u00e3o.<\/p>\n<\/li>\n<li data-start=\"2132\" data-end=\"2230\">\n<p data-start=\"2134\" data-end=\"2230\"><strong data-start=\"2134\" data-end=\"2159\">Faixa de cabe\u00e7a ajust\u00e1vel<\/strong> para que cres\u00e7a com o teu filho e possa ser usada durante anos.<\/p>\n<\/li>\n<li data-start=\"2231\" data-end=\"2365\">\n<p data-start=\"2233\" data-end=\"2365\"><strong data-start=\"2233\" data-end=\"2261\">Constru\u00e7\u00e3o leve<\/strong> para que os bon\u00e9s n\u00e3o pare\u00e7am demasiado pesados - importante para as crian\u00e7as que se sentem desconfort\u00e1veis com facilidade.<\/p>\n<\/li>\n<li data-start=\"2366\" data-end=\"2452\">\n<p data-start=\"2368\" data-end=\"2452\"><strong data-start=\"2368\" data-end=\"2390\">Design dobr\u00e1vel<\/strong> para f\u00e1cil transporte numa mala, mochila ou bagageira do carro.<\/p>\n<\/li>\n<\/ul>\n<p data-start=\"2454\" data-end=\"2560\">Gra\u00e7as a estas carater\u00edsticas, os protectores auriculares s\u00e3o pr\u00e1ticos de utilizar - a crian\u00e7a mal se apercebe de que est\u00e3o colocados.<\/p>\n<hr data-start=\"2562\" data-end=\"2565\">\n<h3 data-start=\"2567\" data-end=\"2597\">Redu\u00e7\u00e3o do ru\u00eddo e funcionamento<\/h3>\n<p data-start=\"2599\" data-end=\"2764\">Os protectores auriculares abafam os sinais de ru\u00eddo nocivos para um n\u00edvel seguro, enquanto a fala e o ru\u00eddo ambiente permanecem frequentemente aud\u00edveis. Isto \u00e9 importante para que a crian\u00e7a: <\/p>\n<ul data-start=\"2766\" data-end=\"2900\">\n<li data-start=\"2766\" data-end=\"2807\">\n<p data-start=\"2768\" data-end=\"2807\">ainda podes participar ou ouvir<\/p>\n<\/li>\n<li data-start=\"2808\" data-end=\"2852\">\n<p data-start=\"2810\" data-end=\"2852\">mant\u00e9m-se atento aos sinais do ambiente<\/p>\n<\/li>\n<li data-start=\"2853\" data-end=\"2900\">\n<p data-start=\"2855\" data-end=\"2900\">n\u00e3o te sentires &#8220;fechado<\/p>\n<\/li>\n<\/ul>\n<p data-start=\"2902\" data-end=\"3078\">Embora n\u00e3o seja poss\u00edvel silenciar completamente o som, a atenua\u00e7\u00e3o actua como um filtro: os picos altos s\u00e3o suavizados, enquanto os detalhes sonoros regionalmente importantes permanecem.<\/p>\n<hr data-start=\"3080\" data-end=\"3083\">\n<h3 data-start=\"3085\" data-end=\"3123\">Quando \u00e9 que usas os protectores auriculares?<\/h3>\n<p data-start=\"3125\" data-end=\"3183\">Esta prote\u00e7\u00e3o \u00e9 adequada para uma variedade de situa\u00e7\u00f5es:<\/p>\n<ul data-start=\"3185\" data-end=\"3424\">\n<li data-start=\"3185\" data-end=\"3218\">\n<p data-start=\"3187\" data-end=\"3218\">Concertos, festivais ou espect\u00e1culos<\/p>\n<\/li>\n<li data-start=\"3219\" data-end=\"3259\">\n<p data-start=\"3221\" data-end=\"3259\">Schiphol, aeroportos ou viagens de comboio<\/p>\n<\/li>\n<li data-start=\"3260\" data-end=\"3311\">\n<p data-start=\"3262\" data-end=\"3311\">Competi\u00e7\u00f5es ou eventos desportivos com o primeiro som<\/p>\n<\/li>\n<li data-start=\"3312\" data-end=\"3337\">\n<p data-start=\"3314\" data-end=\"3337\">Carnaval ou desfiles<\/p>\n<\/li>\n<li data-start=\"3338\" data-end=\"3355\">\n<p data-start=\"3340\" data-end=\"3355\">Espect\u00e1culos de fogo de artif\u00edcio<\/p>\n<\/li>\n<li data-start=\"3356\" data-end=\"3369\">\n<p data-start=\"3358\" data-end=\"3369\">Feiras<\/p>\n<\/li>\n<li data-start=\"3370\" data-end=\"3424\">\n<p data-start=\"3372\" data-end=\"3424\">Quando o n\u00edvel de som pode variar muito de repente<\/p>\n<\/li>\n<\/ul>\n<p data-start=\"3426\" data-end=\"3556\">Na verdade, qualquer momento em que o som possa ser potencialmente alto ou inesperado \u00e9 um momento apropriado para usares estes protectores auriculares.<\/p>\n<hr data-start=\"3558\" data-end=\"3561\">\n<h3 data-start=\"3563\" data-end=\"3585\">Manuten\u00e7\u00e3o e dicas<\/h3>\n<p data-start=\"3587\" data-end=\"3636\">Para manteres a prote\u00e7\u00e3o auditiva em perfeitas condi\u00e7\u00f5es:<\/p>\n<ul data-start=\"3638\" data-end=\"4106\">\n<li data-start=\"3638\" data-end=\"3735\">\n<p data-start=\"3640\" data-end=\"3735\">Limpa regularmente as almofadas com um <strong data-start=\"3680\" data-end=\"3704\">pano suave e h\u00famido<\/strong>, sem agentes agressivos.<\/p>\n<\/li>\n<li data-start=\"3736\" data-end=\"3825\">\n<p data-start=\"3738\" data-end=\"3825\">Cuidado com os danos: se as almofadas se rasgarem ou ficarem deformadas, substitui-as atempadamente.<\/p>\n<\/li>\n<li data-start=\"3826\" data-end=\"3888\">\n<p data-start=\"3828\" data-end=\"3888\">Guarda os protectores auriculares em local seco e longe da luz solar direta ou do calor.<\/p>\n<\/li>\n<li data-start=\"3889\" data-end=\"3975\">\n<p data-start=\"3891\" data-end=\"3975\">Verifica ocasionalmente se todas as pe\u00e7as est\u00e3o bem fixas, especialmente ap\u00f3s uma utiliza\u00e7\u00e3o intensa.<\/p>\n<\/li>\n<li data-start=\"3976\" data-end=\"4106\">\n<p data-start=\"3978\" data-end=\"4106\">Encoraja o teu filho a colocar ele pr\u00f3prio o capuz sob supervis\u00e3o para se habituar a ele - isto ajudar\u00e1 a garantir uma utiliza\u00e7\u00e3o consistente.<\/p>\n<\/li>\n<\/ul>\n<hr data-start=\"4108\" data-end=\"4111\">\n<h3 data-start=\"4113\" data-end=\"4167\">Porqu\u00ea escolher estes protectores auriculares pretos para crian\u00e7as?<\/h3>\n<ul data-start=\"4169\" data-end=\"4506\">\n<li data-start=\"4169\" data-end=\"4224\">\n<p data-start=\"4171\" data-end=\"4224\">Combina <strong data-start=\"4190\" data-end=\"4222\">estilo, seguran\u00e7a e conforto<\/strong><\/p>\n<\/li>\n<li data-start=\"4225\" data-end=\"4275\">\n<p data-start=\"4227\" data-end=\"4275\">Concebido para ser utilizado a longo prazo por crian\u00e7as<\/p>\n<\/li>\n<li data-start=\"4276\" data-end=\"4335\">\n<p data-start=\"4278\" data-end=\"4335\"><strong data-start=\"4278\" data-end=\"4303\">Design preto neutro<\/strong> que \u00e9 vers\u00e1til e dur\u00e1vel<\/p>\n<\/li>\n<li data-start=\"4336\" data-end=\"4376\">\n<p data-start=\"4338\" data-end=\"4376\">F\u00e1cil de utilizar e manter<\/p>\n<\/li>\n<li data-start=\"4377\" data-end=\"4429\">\n<p data-start=\"4379\" data-end=\"4429\">Ajuste ajust\u00e1vel, dobr\u00e1vel e leve<\/p>\n<\/li>\n<li data-start=\"4430\" data-end=\"4506\">\n<p data-start=\"4432\" data-end=\"4506\">Atenua\u00e7\u00e3o que reduz os sons nocivos, preservando a fala<\/p>\n<\/li>\n<\/ul>\n<hr data-start=\"4508\" data-end=\"4511\">\n<h3 data-start=\"4513\" data-end=\"4528\">Conclus\u00e3o<\/h3>\n<p data-start=\"4530\" data-end=\"4909\">Uma boa prote\u00e7\u00e3o auditiva para as crian\u00e7as n\u00e3o \u00e9 um luxo, mas uma escolha sensata. Com estes protectores auriculares pretos, investe na sa\u00fade da audi\u00e7\u00e3o do seu filho - sem que ele sinta que est\u00e1 a &#8220;usar alguma coisa\". A combina\u00e7\u00e3o de conforto, atenua\u00e7\u00e3o e apar\u00eancia elegante torna-os uma excelente escolha em todos os tipos de situa\u00e7\u00f5es em que o ru\u00eddo \u00e9 inevit\u00e1vel.  <\/p>\n<p data-start=\"4911\" data-end=\"5029\">Deixa o teu filho ouvir, proteger e divertir-se - escolhe uma prote\u00e7\u00e3o auditiva que funcione, seja confort\u00e1vel e tenha bom aspeto.<\/p>\n","protected":false},"excerpt":{"rendered":"<p>Protectores auriculares pretos para crian\u00e7as \/ prote\u00e7\u00e3o auditiva - Seguran\u00e7a, conforto e audi\u00e7\u00e3o n\u00edtida Como pai ou respons\u00e1vel, queres o melhor para o teu filho - mesmo no que diz respeito \u00e0 audi\u00e7\u00e3o. Em ambientes ruidosos, como concertos, eventos desportivos, carnavais ou fogos de artif\u00edcio, o ru\u00eddo pode ser prejudicial para os ouvidos das crian\u00e7as. &hellip; <\/p>\n","protected":false},"featured_media":261995,"template":"","meta":{"_acf_changed":false},"product_brand":[],"product_cat":[14914,14954,14838],"product_tag":[17422],"class_list":["post-262016","product","type-product","status-publish","has-post-thumbnail","product_cat-protectores-auditivos-para-criancas","product_cat-protectores-de-ouvido-pt-pt","product_cat-venda","product_tag-alecto","grid-sizer","latest_post","first","outofstock","sale","taxable","shipping-taxable","purchasable","product-type-simple"],"acf":[],"yoast_head":"<!-- This site is optimized with the Yoast SEO Premium plugin v27.4 (Yoast SEO v28.3) - https:\/\/yoast.com\/product\/yoast-seo-premium-wordpress\/ -->\n<title>Protectores de ouvido Alecto para crian\u00e7as Preto | Horend Goed Audiciens<\/title>\n<meta name=\"description\" content=\"Protectores auriculares pretos para crian\u00e7as - prote\u00e7\u00e3o auditiva confort\u00e1vel para crian\u00e7as com almofadas macias e fita para a cabe\u00e7a ajust\u00e1vel. Ideal para ru\u00eddos fortes, como concertos, fogo de artif\u00edcio ou eventos desportivos. Protege os ouvidos dos mais novos de uma forma segura e com estilo.\" \/>\n<meta name=\"robots\" content=\"index, follow, max-snippet:-1, max-image-preview:large, max-video-preview:-1\" \/>\n<link rel=\"canonical\" href=\"https:\/\/www.horendgoed.nl\/pt-pt\/shop\/protecao-auditiva\/protectores-auditivos-para-criancas\/protectores-de-ouvido-alecto-para-criancas-preto\/\" \/>\n<meta property=\"og:locale\" content=\"pt_PT\" \/>\n<meta property=\"og:type\" content=\"article\" \/>\n<meta property=\"og:title\" content=\"Protectores de ouvido Alecto para crian\u00e7as Preto\" \/>\n<meta property=\"og:description\" content=\"Protectores auriculares pretos para crian\u00e7as - prote\u00e7\u00e3o auditiva confort\u00e1vel para crian\u00e7as com almofadas macias e fita para a cabe\u00e7a ajust\u00e1vel. Ideal para ru\u00eddos fortes, como concertos, fogo de artif\u00edcio ou eventos desportivos. Protege os ouvidos dos mais novos de uma forma segura e com estilo.\" \/>\n<meta property=\"og:url\" content=\"https:\/\/www.horendgoed.nl\/pt-pt\/shop\/protecao-auditiva\/protectores-auditivos-para-criancas\/protectores-de-ouvido-alecto-para-criancas-preto\/\" \/>\n<meta property=\"og:site_name\" content=\"Horend Goed Audiciens\" \/>\n<meta property=\"article:publisher\" content=\"https:\/\/www.facebook.com\/horendgoed\" \/>\n<meta property=\"article:modified_time\" content=\"2025-10-31T16:35:20+00:00\" \/>\n<meta property=\"og:image\" content=\"https:\/\/www.horendgoed.nl\/wp-content\/uploads\/2025\/10\/Horend-Goed-Alecto-oorkap-zwart.jpg\" \/>\n\t<meta property=\"og:image:width\" content=\"2000\" \/>\n\t<meta property=\"og:image:height\" content=\"2000\" \/>\n\t<meta property=\"og:image:type\" content=\"image\/jpeg\" \/>\n<script type=\"application\/ld+json\" class=\"yoast-schema-graph\">{\"@context\":\"https:\\\/\\\/schema.org\",\"@graph\":[{\"@type\":\"WebPage\",\"@id\":\"https:\\\/\\\/www.horendgoed.nl\\\/pt-pt\\\/shop\\\/protecao-auditiva\\\/protectores-auditivos-para-criancas\\\/protectores-de-ouvido-alecto-para-criancas-preto\\\/\",\"url\":\"https:\\\/\\\/www.horendgoed.nl\\\/pt-pt\\\/shop\\\/protecao-auditiva\\\/protectores-auditivos-para-criancas\\\/protectores-de-ouvido-alecto-para-criancas-preto\\\/\",\"name\":\"Protectores de ouvido Alecto para crian\u00e7as Preto | Horend Goed Audiciens\",\"isPartOf\":{\"@id\":\"https:\\\/\\\/www.horendgoed.nl\\\/pt-pt\\\/#website\"},\"primaryImageOfPage\":{\"@id\":\"https:\\\/\\\/www.horendgoed.nl\\\/pt-pt\\\/shop\\\/protecao-auditiva\\\/protectores-auditivos-para-criancas\\\/protectores-de-ouvido-alecto-para-criancas-preto\\\/#primaryimage\"},\"image\":{\"@id\":\"https:\\\/\\\/www.horendgoed.nl\\\/pt-pt\\\/shop\\\/protecao-auditiva\\\/protectores-auditivos-para-criancas\\\/protectores-de-ouvido-alecto-para-criancas-preto\\\/#primaryimage\"},\"thumbnailUrl\":\"https:\\\/\\\/www.horendgoed.nl\\\/wp-content\\\/uploads\\\/2025\\\/10\\\/Horend-Goed-Alecto-oorkap-zwart.jpg\",\"datePublished\":\"2025-10-09T14:07:46+00:00\",\"dateModified\":\"2025-10-31T16:35:20+00:00\",\"description\":\"Protectores auriculares pretos para crian\u00e7as - prote\u00e7\u00e3o auditiva confort\u00e1vel para crian\u00e7as com almofadas macias e fita para a cabe\u00e7a ajust\u00e1vel. Ideal para ru\u00eddos fortes, como concertos, fogo de artif\u00edcio ou eventos desportivos. Protege os ouvidos dos mais novos de uma forma segura e com estilo.\",\"breadcrumb\":{\"@id\":\"https:\\\/\\\/www.horendgoed.nl\\\/pt-pt\\\/shop\\\/protecao-auditiva\\\/protectores-auditivos-para-criancas\\\/protectores-de-ouvido-alecto-para-criancas-preto\\\/#breadcrumb\"},\"inLanguage\":\"pt-PT\",\"potentialAction\":[{\"@type\":\"ReadAction\",\"target\":[\"https:\\\/\\\/www.horendgoed.nl\\\/pt-pt\\\/shop\\\/protecao-auditiva\\\/protectores-auditivos-para-criancas\\\/protectores-de-ouvido-alecto-para-criancas-preto\\\/\"]}]},{\"@type\":\"ImageObject\",\"inLanguage\":\"pt-PT\",\"@id\":\"https:\\\/\\\/www.horendgoed.nl\\\/pt-pt\\\/shop\\\/protecao-auditiva\\\/protectores-auditivos-para-criancas\\\/protectores-de-ouvido-alecto-para-criancas-preto\\\/#primaryimage\",\"url\":\"https:\\\/\\\/www.horendgoed.nl\\\/wp-content\\\/uploads\\\/2025\\\/10\\\/Horend-Goed-Alecto-oorkap-zwart.jpg\",\"contentUrl\":\"https:\\\/\\\/www.horendgoed.nl\\\/wp-content\\\/uploads\\\/2025\\\/10\\\/Horend-Goed-Alecto-oorkap-zwart.jpg\",\"width\":2000,\"height\":2000},{\"@type\":\"BreadcrumbList\",\"@id\":\"https:\\\/\\\/www.horendgoed.nl\\\/pt-pt\\\/shop\\\/protecao-auditiva\\\/protectores-auditivos-para-criancas\\\/protectores-de-ouvido-alecto-para-criancas-preto\\\/#breadcrumb\",\"itemListElement\":[{\"@type\":\"ListItem\",\"position\":1,\"name\":\"Casa\",\"item\":\"https:\\\/\\\/www.horendgoed.nl\\\/pt-pt\\\/\"},{\"@type\":\"ListItem\",\"position\":2,\"name\":\"Produtos\",\"item\":\"https:\\\/\\\/www.horendgoed.nl\\\/pt-pt\\\/compra\\\/produtos\\\/\"},{\"@type\":\"ListItem\",\"position\":3,\"name\":\"Protectores de ouvido Alecto para crian\u00e7as Preto\"}]},{\"@type\":\"WebSite\",\"@id\":\"https:\\\/\\\/www.horendgoed.nl\\\/pt-pt\\\/#website\",\"url\":\"https:\\\/\\\/www.horendgoed.nl\\\/pt-pt\\\/\",\"name\":\"Horend Goed Audiciens\",\"description\":\"Luistert Beter\",\"publisher\":{\"@id\":\"https:\\\/\\\/www.horendgoed.nl\\\/pt-pt\\\/#organization\"},\"potentialAction\":[{\"@type\":\"SearchAction\",\"target\":{\"@type\":\"EntryPoint\",\"urlTemplate\":\"https:\\\/\\\/www.horendgoed.nl\\\/pt-pt\\\/?s={search_term_string}\"},\"query-input\":{\"@type\":\"PropertyValueSpecification\",\"valueRequired\":true,\"valueName\":\"search_term_string\"}}],\"inLanguage\":\"pt-PT\"},{\"@type\":\"Organization\",\"@id\":\"https:\\\/\\\/www.horendgoed.nl\\\/pt-pt\\\/#organization\",\"name\":\"Horend Goed\",\"url\":\"https:\\\/\\\/www.horendgoed.nl\\\/pt-pt\\\/\",\"logo\":{\"@type\":\"ImageObject\",\"inLanguage\":\"pt-PT\",\"@id\":\"https:\\\/\\\/www.horendgoed.nl\\\/pt-pt\\\/#\\\/schema\\\/logo\\\/image\\\/\",\"url\":\"https:\\\/\\\/www.horendgoed.nl\\\/wp-content\\\/uploads\\\/2021\\\/05\\\/Logo-groot-e1621862526979.png\",\"contentUrl\":\"https:\\\/\\\/www.horendgoed.nl\\\/wp-content\\\/uploads\\\/2021\\\/05\\\/Logo-groot-e1621862526979.png\",\"width\":509,\"height\":100,\"caption\":\"Horend Goed\"},\"image\":{\"@id\":\"https:\\\/\\\/www.horendgoed.nl\\\/pt-pt\\\/#\\\/schema\\\/logo\\\/image\\\/\"},\"sameAs\":[\"https:\\\/\\\/www.facebook.com\\\/horendgoed\",\"https:\\\/\\\/www.instagram.com\\\/horendgoed\\\/\",\"https:\\\/\\\/www.linkedin.com\\\/company\\\/horend-goed\\\/\",\"https:\\\/\\\/www.youtube.com\\\/@horendgoed\"],\"email\":\"info@horendgoed.nl\",\"telephone\":\"075 20 25 203\",\"vatID\":\"NL 853 756 193 B01\"}]}<\/script>\n<!-- \/ Yoast SEO Premium plugin. -->","yoast_head_json":{"title":"Protectores de ouvido Alecto para crian\u00e7as Preto | Horend Goed Audiciens","description":"Protectores auriculares pretos para crian\u00e7as - prote\u00e7\u00e3o auditiva confort\u00e1vel para crian\u00e7as com almofadas macias e fita para a cabe\u00e7a ajust\u00e1vel. Ideal para ru\u00eddos fortes, como concertos, fogo de artif\u00edcio ou eventos desportivos. Protege os ouvidos dos mais novos de uma forma segura e com estilo.","robots":{"index":"index","follow":"follow","max-snippet":"max-snippet:-1","max-image-preview":"max-image-preview:large","max-video-preview":"max-video-preview:-1"},"canonical":"https:\/\/www.horendgoed.nl\/pt-pt\/shop\/protecao-auditiva\/protectores-auditivos-para-criancas\/protectores-de-ouvido-alecto-para-criancas-preto\/","og_locale":"pt_PT","og_type":"article","og_title":"Protectores de ouvido Alecto para crian\u00e7as Preto","og_description":"Protectores auriculares pretos para crian\u00e7as - prote\u00e7\u00e3o auditiva confort\u00e1vel para crian\u00e7as com almofadas macias e fita para a cabe\u00e7a ajust\u00e1vel. Ideal para ru\u00eddos fortes, como concertos, fogo de artif\u00edcio ou eventos desportivos. Protege os ouvidos dos mais novos de uma forma segura e com estilo.","og_url":"https:\/\/www.horendgoed.nl\/pt-pt\/shop\/protecao-auditiva\/protectores-auditivos-para-criancas\/protectores-de-ouvido-alecto-para-criancas-preto\/","og_site_name":"Horend Goed Audiciens","article_publisher":"https:\/\/www.facebook.com\/horendgoed","article_modified_time":"2025-10-31T16:35:20+00:00","og_image":[{"width":2000,"height":2000,"url":"https:\/\/www.horendgoed.nl\/wp-content\/uploads\/2025\/10\/Horend-Goed-Alecto-oorkap-zwart.jpg","type":"image\/jpeg"}],"schema":{"@context":"https:\/\/schema.org","@graph":[{"@type":"WebPage","@id":"https:\/\/www.horendgoed.nl\/pt-pt\/shop\/protecao-auditiva\/protectores-auditivos-para-criancas\/protectores-de-ouvido-alecto-para-criancas-preto\/","url":"https:\/\/www.horendgoed.nl\/pt-pt\/shop\/protecao-auditiva\/protectores-auditivos-para-criancas\/protectores-de-ouvido-alecto-para-criancas-preto\/","name":"Protectores de ouvido Alecto para crian\u00e7as Preto | Horend Goed Audiciens","isPartOf":{"@id":"https:\/\/www.horendgoed.nl\/pt-pt\/#website"},"primaryImageOfPage":{"@id":"https:\/\/www.horendgoed.nl\/pt-pt\/shop\/protecao-auditiva\/protectores-auditivos-para-criancas\/protectores-de-ouvido-alecto-para-criancas-preto\/#primaryimage"},"image":{"@id":"https:\/\/www.horendgoed.nl\/pt-pt\/shop\/protecao-auditiva\/protectores-auditivos-para-criancas\/protectores-de-ouvido-alecto-para-criancas-preto\/#primaryimage"},"thumbnailUrl":"https:\/\/www.horendgoed.nl\/wp-content\/uploads\/2025\/10\/Horend-Goed-Alecto-oorkap-zwart.jpg","datePublished":"2025-10-09T14:07:46+00:00","dateModified":"2025-10-31T16:35:20+00:00","description":"Protectores auriculares pretos para crian\u00e7as - prote\u00e7\u00e3o auditiva confort\u00e1vel para crian\u00e7as com almofadas macias e fita para a cabe\u00e7a ajust\u00e1vel. Ideal para ru\u00eddos fortes, como concertos, fogo de artif\u00edcio ou eventos desportivos. Protege os ouvidos dos mais novos de uma forma segura e com estilo.","breadcrumb":{"@id":"https:\/\/www.horendgoed.nl\/pt-pt\/shop\/protecao-auditiva\/protectores-auditivos-para-criancas\/protectores-de-ouvido-alecto-para-criancas-preto\/#breadcrumb"},"inLanguage":"pt-PT","potentialAction":[{"@type":"ReadAction","target":["https:\/\/www.horendgoed.nl\/pt-pt\/shop\/protecao-auditiva\/protectores-auditivos-para-criancas\/protectores-de-ouvido-alecto-para-criancas-preto\/"]}]},{"@type":"ImageObject","inLanguage":"pt-PT","@id":"https:\/\/www.horendgoed.nl\/pt-pt\/shop\/protecao-auditiva\/protectores-auditivos-para-criancas\/protectores-de-ouvido-alecto-para-criancas-preto\/#primaryimage","url":"https:\/\/www.horendgoed.nl\/wp-content\/uploads\/2025\/10\/Horend-Goed-Alecto-oorkap-zwart.jpg","contentUrl":"https:\/\/www.horendgoed.nl\/wp-content\/uploads\/2025\/10\/Horend-Goed-Alecto-oorkap-zwart.jpg","width":2000,"height":2000},{"@type":"BreadcrumbList","@id":"https:\/\/www.horendgoed.nl\/pt-pt\/shop\/protecao-auditiva\/protectores-auditivos-para-criancas\/protectores-de-ouvido-alecto-para-criancas-preto\/#breadcrumb","itemListElement":[{"@type":"ListItem","position":1,"name":"Casa","item":"https:\/\/www.horendgoed.nl\/pt-pt\/"},{"@type":"ListItem","position":2,"name":"Produtos","item":"https:\/\/www.horendgoed.nl\/pt-pt\/compra\/produtos\/"},{"@type":"ListItem","position":3,"name":"Protectores de ouvido Alecto para crian\u00e7as Preto"}]},{"@type":"WebSite","@id":"https:\/\/www.horendgoed.nl\/pt-pt\/#website","url":"https:\/\/www.horendgoed.nl\/pt-pt\/","name":"Horend Goed Audiciens","description":"Luistert Beter","publisher":{"@id":"https:\/\/www.horendgoed.nl\/pt-pt\/#organization"},"potentialAction":[{"@type":"SearchAction","target":{"@type":"EntryPoint","urlTemplate":"https:\/\/www.horendgoed.nl\/pt-pt\/?s={search_term_string}"},"query-input":{"@type":"PropertyValueSpecification","valueRequired":true,"valueName":"search_term_string"}}],"inLanguage":"pt-PT"},{"@type":"Organization","@id":"https:\/\/www.horendgoed.nl\/pt-pt\/#organization","name":"Horend Goed","url":"https:\/\/www.horendgoed.nl\/pt-pt\/","logo":{"@type":"ImageObject","inLanguage":"pt-PT","@id":"https:\/\/www.horendgoed.nl\/pt-pt\/#\/schema\/logo\/image\/","url":"https:\/\/www.horendgoed.nl\/wp-content\/uploads\/2021\/05\/Logo-groot-e1621862526979.png","contentUrl":"https:\/\/www.horendgoed.nl\/wp-content\/uploads\/2021\/05\/Logo-groot-e1621862526979.png","width":509,"height":100,"caption":"Horend Goed"},"image":{"@id":"https:\/\/www.horendgoed.nl\/pt-pt\/#\/schema\/logo\/image\/"},"sameAs":["https:\/\/www.facebook.com\/horendgoed","https:\/\/www.instagram.com\/horendgoed\/","https:\/\/www.linkedin.com\/company\/horend-goed\/","https:\/\/www.youtube.com\/@horendgoed"],"email":"info@horendgoed.nl","telephone":"075 20 25 203","vatID":"NL 853 756 193 B01"}]}},"jetpack_sharing_enabled":true,"_links":{"self":[{"href":"https:\/\/www.horendgoed.nl\/pt-pt\/wp-json\/wp\/v2\/product\/262016","targetHints":{"allow":["GET"]}}],"collection":[{"href":"https:\/\/www.horendgoed.nl\/pt-pt\/wp-json\/wp\/v2\/product"}],"about":[{"href":"https:\/\/www.horendgoed.nl\/pt-pt\/wp-json\/wp\/v2\/types\/product"}],"wp:featuredmedia":[{"embeddable":true,"href":"https:\/\/www.horendgoed.nl\/pt-pt\/wp-json\/wp\/v2\/media\/261995"}],"wp:attachment":[{"href":"https:\/\/www.horendgoed.nl\/pt-pt\/wp-json\/wp\/v2\/media?parent=262016"}],"wp:term":[{"taxonomy":"product_brand","embeddable":true,"href":"https:\/\/www.horendgoed.nl\/pt-pt\/wp-json\/wp\/v2\/product_brand?post=262016"},{"taxonomy":"product_cat","embeddable":true,"href":"https:\/\/www.horendgoed.nl\/pt-pt\/wp-json\/wp\/v2\/product_cat?post=262016"},{"taxonomy":"product_tag","embeddable":true,"href":"https:\/\/www.horendgoed.nl\/pt-pt\/wp-json\/wp\/v2\/product_tag?post=262016"}],"curies":[{"name":"wp","href":"https:\/\/api.w.org\/{rel}","templated":true}]}}