{"id":234867,"date":"2022-12-13T13:45:35","date_gmt":"2022-12-13T13:45:35","guid":{"rendered":"https:\/\/www.horendgoed.nl\/shop\/uncategorized\/10lu-siyah-agizlik-uzatici-seti\/"},"modified":"2025-09-24T10:30:01","modified_gmt":"2025-09-24T08:30:01","slug":"10lu-siyah-agizlik-uzatici-seti","status":"publish","type":"product","link":"https:\/\/www.horendgoed.nl\/tr\/shop\/sandranin-dukkani\/giysi-taki-ve-cantalar\/agiz-maskesi-aksesuarlari\/10lu-siyah-agizlik-uzatici-seti\/","title":{"rendered":"10&#8217;lu Siyah A\u011f\u0131zl\u0131k Uzat\u0131c\u0131 Seti"},"content":{"rendered":"<h1><strong>10&#8217;lu Siyah A\u011f\u0131z Maskesi Uzat\u0131c\u0131 Seti - A\u011fr\u0131l\u0131 Kulaklar\u0131 ve Tahri\u015fi \u00d6nleyin<\/strong><\/h1>\n<p><strong>A\u011f\u0131z maskesi<\/strong> takmak bazen gereklidir, ancak bu rahats\u0131z edici olmas\u0131 gerekti\u011fi anlam\u0131na gelmez. Bir\u00e7ok ki\u015fi, \u00f6zellikle uzun s\u00fcreli kullan\u0131mda, <strong>a\u011f\u0131z maskesinin<\/strong> elastik bantlar\u0131 nedeniyle <strong>kulak a\u011fr\u0131s\u0131, tahri\u015f ve rahats\u0131zl\u0131k<\/strong> ya\u015far. Bu <strong>10 siyah a\u011f\u0131z maskesi uzat\u0131c\u0131 seti<\/strong> ile bu sorunu kolayca \u00f6nleyebilirsiniz.  <\/p>\n<p>Bu kulak <strong>koruyucular<\/strong> kulaklar\u0131n\u0131zdaki bas\u0131nc\u0131 azalt\u0131r ve <strong>a\u011f\u0131z maskesi<\/strong> takmay\u0131 \u00e7ok daha konforlu hale getirir. Sa\u011fl\u0131k sekt\u00f6r\u00fcnde \u00e7al\u0131\u015f\u0131yor, seyahat ediyor veya <strong>a\u011f\u0131z maskesi<\/strong> takarken daha fazla rahatl\u0131k ar\u0131yor olsan\u0131z da g\u00fcnl\u00fck kullan\u0131m i\u00e7in idealdir. <\/p>\n<h2><strong>Neden A\u011f\u0131zl\u0131k Uzat\u0131c\u0131lar\u0131m\u0131z\u0131 Se\u00e7melisiniz?<\/strong><\/h2>\n<p><strong>A\u011fr\u0131l\u0131 kulaklar\u0131 ve tahri\u015fi \u00f6nler<\/strong> - Lastikler art\u0131k kulaklar\u0131n\u0131z\u0131n arkas\u0131nda s\u0131k\u0131 de\u011fildir.<br \/>\n\u2714 <strong>10&#8217;lu set<\/strong> - G\u00fcnl\u00fck kullan\u0131m i\u00e7in veya aileniz, arkada\u015flar\u0131n\u0131z veya i\u015f arkada\u015flar\u0131n\u0131zla payla\u015fmak i\u00e7in kullan\u0131\u015fl\u0131d\u0131r.<br \/>\n\u2714 <strong>Ayarlanabilir uyum<\/strong> - Kayar sistem sayesinde <strong>kulak koruyucu<\/strong> her kafa boyutuna uyar.<br \/>\n\u2714 <strong>G\u00fcvenli ba\u011flant\u0131 i\u00e7in g\u00fc\u00e7l\u00fc kancalar<\/strong> - A\u011f\u0131z koruyucunuz kaymadan g\u00fcvenli bir \u015fekilde yerinde kal\u0131r.<br \/>\n<strong>Dayan\u0131kl\u0131 ve tekrar kullan\u0131labilir<\/strong> - Uzun s\u00fcreli kullan\u0131m i\u00e7in y\u00fcksek kaliteli malzemeden \u00fcretilmi\u015ftir.<br \/>\n<strong>T\u00fcm a\u011f\u0131z maskeleri i\u00e7in uygundur<\/strong> - \u0130ster t\u0131bbi ister kuma\u015f maske tak\u0131n, bu uzat\u0131c\u0131lar her t\u00fcrle \u00e7al\u0131\u015f\u0131r.<\/p>\n<h2><strong>A\u011f\u0131zl\u0131klarla \u0130lgili Sorunlar ve Uzat\u0131c\u0131m\u0131z Nas\u0131l Yard\u0131mc\u0131 Olur?<\/strong><\/h2>\n<p><strong>A\u011f\u0131z maskesinin<\/strong> uzun s\u00fcreli kullan\u0131m\u0131 \u00e7e\u015fitli rahats\u0131zl\u0131klara neden olabilir: <\/p>\n<ul>\n<li><strong>Kulak arkas\u0131nda bas\u0131n\u00e7 ve a\u011fr\u0131<\/strong> - Lastik bantlar cildi \u00e7eker ve tahri\u015fe veya a\u011fr\u0131ya neden olur.<\/li>\n<li>\u0130\u015fitme cihazlar\u0131n\u0131n <strong>kayb\u0131<\/strong> - A\u011f\u0131z koruyucusunu \u00e7\u0131kar\u0131rken i\u015fitme cihazlar\u0131 tak\u0131labilir ve fark edilmeden ayr\u0131labilir.<\/li>\n<li>Y\u00fcz maskelerinin <strong>tam oturmamas\u0131<\/strong> - Baz\u0131 y\u00fcz maskelerinin \u00e7ok s\u0131k\u0131 veya \u00e7ok gev\u015fek olmas\u0131 konforu azalt\u0131r.<\/li>\n<\/ul>\n<p><strong>Kulak koruyucumuz<\/strong> bu sorunlar\u0131 \u00f6nler ve daha iyi bir uyum ve daha fazla konfor sa\u011flar.<\/p>\n<h2><strong>A\u011f\u0131zl\u0131k Geni\u015fletici nas\u0131l \u00e7al\u0131\u015f\u0131r?<\/strong><\/h2>\n<p>Bu <strong>kulak koruyucunun<\/strong> kullan\u0131m\u0131 kolayd\u0131r ve saniyeler i\u00e7inde tak\u0131labilir: <\/p>\n<ol>\n<li><strong>A\u011f\u0131zl\u0131\u011f\u0131n\u0131z\u0131n<\/strong> <strong>elastik bantlar\u0131n\u0131<\/strong> uzat\u0131c\u0131n\u0131n kancalar\u0131na <strong>tak\u0131n<\/strong>.<\/li>\n<li><strong>Uzat\u0131c\u0131y\u0131<\/strong> ba\u015f\u0131n\u0131z\u0131n arkas\u0131na <strong>yerle\u015ftirin<\/strong> ve <strong>a\u011f\u0131z maskenizin<\/strong> tam olarak oturdu\u011fundan emin olun.<\/li>\n<li>M\u00fckemmel uyum i\u00e7in <strong>uzunlu\u011fu<\/strong> kayd\u0131r\u0131c\u0131 ile <strong>ayarlay\u0131n<\/strong>.<\/li>\n<li>Kulaklar\u0131n\u0131z a\u011fr\u0131madan veya tahri\u015f olmadan <strong>optimum konforun keyfini \u00e7\u0131kar\u0131n<\/strong>.<\/li>\n<\/ol>\n<h2><strong>Bu A\u011f\u0131zl\u0131k Uzat\u0131c\u0131lar Kimler \u0130\u00e7in Uygundur?<\/strong><\/h2>\n<p>Bu <strong>kulak koruyucular<\/strong>, d\u00fczenli olarak <strong>a\u011f\u0131z maskesi<\/strong> takan ve ekstra konfor arayan herkes i\u00e7in idealdir.<\/p>\n<ul>\n<li><strong>Sa\u011fl\u0131k \u00e7al\u0131\u015fanlar\u0131 ve t\u0131bbi personel<\/strong> - A\u011f\u0131z maskesi takarak uzun saatler \u00e7al\u0131\u015fan ki\u015filer.<\/li>\n<li>\u0130\u015fitme cihaz\u0131 <strong>kullananlar<\/strong> - \u0130\u015fitme cihaz\u0131n\u0131z\u0131n yerinden \u00e7\u0131kma veya tak\u0131lma riskini azalt\u0131n.<\/li>\n<li><strong>Temas mesleklerinde \u00e7al\u0131\u015fanlar<\/strong> - Genellikle <strong>a\u011f\u0131z maskesi<\/strong> takan yemek personeli, kuaf\u00f6rler ve g\u00fczellik uzmanlar\u0131.<\/li>\n<li><strong>Hassas cilde veya kulaklara sahip ki\u015filer<\/strong> - Kulaklar\u0131n arkas\u0131ndaki lastik bantlar\u0131 kesmekten art\u0131k ac\u0131 \u00e7ekmeyeceksiniz.<\/li>\n<\/ul>\n<h2><strong>Dayan\u0131kl\u0131 ve tekrar kullan\u0131labilir<\/strong><\/h2>\n<p>Bu <strong>10 adet siyah a\u011f\u0131zl\u0131k uzat\u0131c\u0131 seti<\/strong>, <strong>g\u00fc\u00e7l\u00fc ve esnek malzemeden<\/strong> yap\u0131lm\u0131\u015ft\u0131r ve yeniden kullan\u0131labilir. Tek kullan\u0131ml\u0131k \u00e7\u00f6z\u00fcmlerin aksine, bu <strong>kulak koruyucular\u0131<\/strong> y\u0131kanabilir ve dayan\u0131kl\u0131d\u0131r, bu da onlar\u0131 sadece ekonomik de\u011fil ayn\u0131 zamanda \u00e7evre dostu yapar. <\/p>\n<h2><strong>A\u011f\u0131zl\u0131k Takmay\u0131 Daha Rahat Hale Getirin<\/strong><\/h2>\n<p>Bu <strong>siyah a\u011f\u0131z maskesi uzat\u0131c\u0131lar\u0131<\/strong> <strong>a\u011f\u0131z maskesi<\/strong> takmay\u0131 \u00e7ok daha keyifli hale getirir. Art\u0131k a\u011fr\u0131yan kulaklar yok, daha iyi bir uyum ve daha fazla konfor - a\u011f\u0131z maskesi takmak zorunda olan herkes i\u00e7in ideal. <\/p>\n<p><strong>10 a\u011f\u0131zl\u0131k uzat\u0131c\u0131dan olu\u015fan setinizi<\/strong> bug\u00fcn sipari\u015f edin ve fark\u0131 kendiniz deneyimleyin!<\/p>\n","protected":false},"excerpt":{"rendered":"<p>10&#8217;lu Siyah A\u011f\u0131z Maskesi Uzat\u0131c\u0131 Seti - A\u011fr\u0131l\u0131 Kulaklar\u0131 ve Tahri\u015fi \u00d6nleyin A\u011f\u0131z maskesi takmak bazen gereklidir, ancak bu rahats\u0131z edici olmas\u0131 gerekti\u011fi anlam\u0131na gelmez. Bir\u00e7ok ki\u015fi, \u00f6zellikle uzun s\u00fcreli kullan\u0131mda, a\u011f\u0131z maskesinin elastik bantlar\u0131 nedeniyle kulak a\u011fr\u0131s\u0131, tahri\u015f ve rahats\u0131zl\u0131k ya\u015far. Bu 10 siyah a\u011f\u0131z maskesi uzat\u0131c\u0131 seti ile bu sorunu kolayca \u00f6nleyebilirsiniz. Bu &hellip; <\/p>\n","protected":false},"featured_media":234874,"template":"","meta":{"_acf_changed":false},"product_brand":[],"product_cat":[16452,16453],"product_tag":[],"class_list":["post-234867","product","type-product","status-publish","has-post-thumbnail","product_cat-agiz-maskesi-aksesuarlari","product_cat-sandranin-dukkani","grid-sizer","latest_post","first","instock","taxable","shipping-taxable","purchasable","product-type-simple"],"acf":[],"yoast_head":"<!-- This site is optimized with the Yoast SEO Premium plugin v27.4 (Yoast SEO v28.3) - https:\/\/yoast.com\/product\/yoast-seo-premium-wordpress\/ -->\n<title>10&#039;lu Siyah A\u011f\u0131zl\u0131k Uzat\u0131c\u0131 Seti | Horend Goed Audiciens<\/title>\n<meta name=\"robots\" content=\"index, follow, max-snippet:-1, max-image-preview:large, max-video-preview:-1\" \/>\n<link rel=\"canonical\" href=\"https:\/\/www.horendgoed.nl\/tr\/shop\/sandranin-dukkani\/giysi-taki-ve-cantalar\/agiz-maskesi-aksesuarlari\/10lu-siyah-agizlik-uzatici-seti\/\" \/>\n<meta property=\"og:locale\" content=\"tr_TR\" \/>\n<meta property=\"og:type\" content=\"article\" \/>\n<meta property=\"og:title\" content=\"10&#039;lu Siyah A\u011f\u0131zl\u0131k Uzat\u0131c\u0131 Seti\" \/>\n<meta property=\"og:description\" content=\"10&#8217;lu Siyah A\u011f\u0131z Maskesi Uzat\u0131c\u0131 Seti - A\u011fr\u0131l\u0131 Kulaklar\u0131 ve Tahri\u015fi \u00d6nleyin A\u011f\u0131z maskesi takmak bazen gereklidir, ancak bu rahats\u0131z edici olmas\u0131 gerekti\u011fi anlam\u0131na gelmez. Bir\u00e7ok ki\u015fi, \u00f6zellikle uzun s\u00fcreli kullan\u0131mda, a\u011f\u0131z maskesinin elastik bantlar\u0131 nedeniyle kulak a\u011fr\u0131s\u0131, tahri\u015f ve rahats\u0131zl\u0131k ya\u015far. Bu 10 siyah a\u011f\u0131z maskesi uzat\u0131c\u0131 seti ile bu sorunu kolayca \u00f6nleyebilirsiniz. Bu &hellip;\" \/>\n<meta property=\"og:url\" content=\"https:\/\/www.horendgoed.nl\/tr\/shop\/sandranin-dukkani\/giysi-taki-ve-cantalar\/agiz-maskesi-aksesuarlari\/10lu-siyah-agizlik-uzatici-seti\/\" \/>\n<meta property=\"og:site_name\" content=\"Horend Goed Audiciens\" \/>\n<meta property=\"article:publisher\" content=\"https:\/\/www.facebook.com\/horendgoed\" \/>\n<meta property=\"article:modified_time\" content=\"2025-09-24T08:30:01+00:00\" \/>\n<meta property=\"og:image\" content=\"https:\/\/www.horendgoed.nl\/wp-content\/uploads\/2022\/12\/horend-goed-earsaver-2-photoroom.jpg\" \/>\n\t<meta property=\"og:image:width\" content=\"2000\" \/>\n\t<meta property=\"og:image:height\" content=\"2000\" \/>\n\t<meta property=\"og:image:type\" content=\"image\/jpeg\" \/>\n<script type=\"application\/ld+json\" class=\"yoast-schema-graph\">{\"@context\":\"https:\\\/\\\/schema.org\",\"@graph\":[{\"@type\":\"WebPage\",\"@id\":\"https:\\\/\\\/www.horendgoed.nl\\\/tr\\\/shop\\\/sandranin-dukkani\\\/giysi-taki-ve-cantalar\\\/agiz-maskesi-aksesuarlari\\\/10lu-siyah-agizlik-uzatici-seti\\\/\",\"url\":\"https:\\\/\\\/www.horendgoed.nl\\\/tr\\\/shop\\\/sandranin-dukkani\\\/giysi-taki-ve-cantalar\\\/agiz-maskesi-aksesuarlari\\\/10lu-siyah-agizlik-uzatici-seti\\\/\",\"name\":\"10'lu Siyah A\u011f\u0131zl\u0131k Uzat\u0131c\u0131 Seti | Horend Goed Audiciens\",\"isPartOf\":{\"@id\":\"https:\\\/\\\/www.horendgoed.nl\\\/tr\\\/#website\"},\"primaryImageOfPage\":{\"@id\":\"https:\\\/\\\/www.horendgoed.nl\\\/tr\\\/shop\\\/sandranin-dukkani\\\/giysi-taki-ve-cantalar\\\/agiz-maskesi-aksesuarlari\\\/10lu-siyah-agizlik-uzatici-seti\\\/#primaryimage\"},\"image\":{\"@id\":\"https:\\\/\\\/www.horendgoed.nl\\\/tr\\\/shop\\\/sandranin-dukkani\\\/giysi-taki-ve-cantalar\\\/agiz-maskesi-aksesuarlari\\\/10lu-siyah-agizlik-uzatici-seti\\\/#primaryimage\"},\"thumbnailUrl\":\"https:\\\/\\\/www.horendgoed.nl\\\/wp-content\\\/uploads\\\/2022\\\/12\\\/horend-goed-earsaver-2-photoroom.jpg\",\"datePublished\":\"2022-12-13T13:45:35+00:00\",\"dateModified\":\"2025-09-24T08:30:01+00:00\",\"breadcrumb\":{\"@id\":\"https:\\\/\\\/www.horendgoed.nl\\\/tr\\\/shop\\\/sandranin-dukkani\\\/giysi-taki-ve-cantalar\\\/agiz-maskesi-aksesuarlari\\\/10lu-siyah-agizlik-uzatici-seti\\\/#breadcrumb\"},\"inLanguage\":\"tr\",\"potentialAction\":[{\"@type\":\"ReadAction\",\"target\":[\"https:\\\/\\\/www.horendgoed.nl\\\/tr\\\/shop\\\/sandranin-dukkani\\\/giysi-taki-ve-cantalar\\\/agiz-maskesi-aksesuarlari\\\/10lu-siyah-agizlik-uzatici-seti\\\/\"]}]},{\"@type\":\"ImageObject\",\"inLanguage\":\"tr\",\"@id\":\"https:\\\/\\\/www.horendgoed.nl\\\/tr\\\/shop\\\/sandranin-dukkani\\\/giysi-taki-ve-cantalar\\\/agiz-maskesi-aksesuarlari\\\/10lu-siyah-agizlik-uzatici-seti\\\/#primaryimage\",\"url\":\"https:\\\/\\\/www.horendgoed.nl\\\/wp-content\\\/uploads\\\/2022\\\/12\\\/horend-goed-earsaver-2-photoroom.jpg\",\"contentUrl\":\"https:\\\/\\\/www.horendgoed.nl\\\/wp-content\\\/uploads\\\/2022\\\/12\\\/horend-goed-earsaver-2-photoroom.jpg\",\"width\":2000,\"height\":2000,\"caption\":\"earsavers zwart\"},{\"@type\":\"BreadcrumbList\",\"@id\":\"https:\\\/\\\/www.horendgoed.nl\\\/tr\\\/shop\\\/sandranin-dukkani\\\/giysi-taki-ve-cantalar\\\/agiz-maskesi-aksesuarlari\\\/10lu-siyah-agizlik-uzatici-seti\\\/#breadcrumb\",\"itemListElement\":[{\"@type\":\"ListItem\",\"position\":1,\"name\":\"Ev\",\"item\":\"https:\\\/\\\/www.horendgoed.nl\\\/tr\\\/horend-goed-isitme-cihazlari-ve-isitme-korumasi-uzmani\\\/\"},{\"@type\":\"ListItem\",\"position\":2,\"name\":\"\u00dcr\u00fcnler\",\"item\":\"https:\\\/\\\/www.horendgoed.nl\\\/tr\\\/magaza\\\/urunler\\\/\"},{\"@type\":\"ListItem\",\"position\":3,\"name\":\"10&#8217;lu Siyah A\u011f\u0131zl\u0131k Uzat\u0131c\u0131 Seti\"}]},{\"@type\":\"WebSite\",\"@id\":\"https:\\\/\\\/www.horendgoed.nl\\\/tr\\\/#website\",\"url\":\"https:\\\/\\\/www.horendgoed.nl\\\/tr\\\/\",\"name\":\"Horend Goed Audiciens\",\"description\":\"Luistert Beter\",\"publisher\":{\"@id\":\"https:\\\/\\\/www.horendgoed.nl\\\/tr\\\/#organization\"},\"potentialAction\":[{\"@type\":\"SearchAction\",\"target\":{\"@type\":\"EntryPoint\",\"urlTemplate\":\"https:\\\/\\\/www.horendgoed.nl\\\/tr\\\/?s={search_term_string}\"},\"query-input\":{\"@type\":\"PropertyValueSpecification\",\"valueRequired\":true,\"valueName\":\"search_term_string\"}}],\"inLanguage\":\"tr\"},{\"@type\":\"Organization\",\"@id\":\"https:\\\/\\\/www.horendgoed.nl\\\/tr\\\/#organization\",\"name\":\"Horend Goed\",\"url\":\"https:\\\/\\\/www.horendgoed.nl\\\/tr\\\/\",\"logo\":{\"@type\":\"ImageObject\",\"inLanguage\":\"tr\",\"@id\":\"https:\\\/\\\/www.horendgoed.nl\\\/tr\\\/#\\\/schema\\\/logo\\\/image\\\/\",\"url\":\"https:\\\/\\\/www.horendgoed.nl\\\/wp-content\\\/uploads\\\/2021\\\/05\\\/Logo-groot-e1621862526979.png\",\"contentUrl\":\"https:\\\/\\\/www.horendgoed.nl\\\/wp-content\\\/uploads\\\/2021\\\/05\\\/Logo-groot-e1621862526979.png\",\"width\":509,\"height\":100,\"caption\":\"Horend Goed\"},\"image\":{\"@id\":\"https:\\\/\\\/www.horendgoed.nl\\\/tr\\\/#\\\/schema\\\/logo\\\/image\\\/\"},\"sameAs\":[\"https:\\\/\\\/www.facebook.com\\\/horendgoed\",\"https:\\\/\\\/www.instagram.com\\\/horendgoed\\\/\",\"https:\\\/\\\/www.linkedin.com\\\/company\\\/horend-goed\\\/\",\"https:\\\/\\\/www.youtube.com\\\/@horendgoed\"],\"email\":\"info@horendgoed.nl\",\"telephone\":\"075 20 25 203\",\"vatID\":\"NL 853 756 193 B01\"}]}<\/script>\n<!-- \/ Yoast SEO Premium plugin. -->","yoast_head_json":{"title":"10'lu Siyah A\u011f\u0131zl\u0131k Uzat\u0131c\u0131 Seti | Horend Goed Audiciens","robots":{"index":"index","follow":"follow","max-snippet":"max-snippet:-1","max-image-preview":"max-image-preview:large","max-video-preview":"max-video-preview:-1"},"canonical":"https:\/\/www.horendgoed.nl\/tr\/shop\/sandranin-dukkani\/giysi-taki-ve-cantalar\/agiz-maskesi-aksesuarlari\/10lu-siyah-agizlik-uzatici-seti\/","og_locale":"tr_TR","og_type":"article","og_title":"10'lu Siyah A\u011f\u0131zl\u0131k Uzat\u0131c\u0131 Seti","og_description":"10&#8217;lu Siyah A\u011f\u0131z Maskesi Uzat\u0131c\u0131 Seti - A\u011fr\u0131l\u0131 Kulaklar\u0131 ve Tahri\u015fi \u00d6nleyin A\u011f\u0131z maskesi takmak bazen gereklidir, ancak bu rahats\u0131z edici olmas\u0131 gerekti\u011fi anlam\u0131na gelmez. Bir\u00e7ok ki\u015fi, \u00f6zellikle uzun s\u00fcreli kullan\u0131mda, a\u011f\u0131z maskesinin elastik bantlar\u0131 nedeniyle kulak a\u011fr\u0131s\u0131, tahri\u015f ve rahats\u0131zl\u0131k ya\u015far. Bu 10 siyah a\u011f\u0131z maskesi uzat\u0131c\u0131 seti ile bu sorunu kolayca \u00f6nleyebilirsiniz. Bu &hellip;","og_url":"https:\/\/www.horendgoed.nl\/tr\/shop\/sandranin-dukkani\/giysi-taki-ve-cantalar\/agiz-maskesi-aksesuarlari\/10lu-siyah-agizlik-uzatici-seti\/","og_site_name":"Horend Goed Audiciens","article_publisher":"https:\/\/www.facebook.com\/horendgoed","article_modified_time":"2025-09-24T08:30:01+00:00","og_image":[{"width":2000,"height":2000,"url":"https:\/\/www.horendgoed.nl\/wp-content\/uploads\/2022\/12\/horend-goed-earsaver-2-photoroom.jpg","type":"image\/jpeg"}],"schema":{"@context":"https:\/\/schema.org","@graph":[{"@type":"WebPage","@id":"https:\/\/www.horendgoed.nl\/tr\/shop\/sandranin-dukkani\/giysi-taki-ve-cantalar\/agiz-maskesi-aksesuarlari\/10lu-siyah-agizlik-uzatici-seti\/","url":"https:\/\/www.horendgoed.nl\/tr\/shop\/sandranin-dukkani\/giysi-taki-ve-cantalar\/agiz-maskesi-aksesuarlari\/10lu-siyah-agizlik-uzatici-seti\/","name":"10'lu Siyah A\u011f\u0131zl\u0131k Uzat\u0131c\u0131 Seti | Horend Goed Audiciens","isPartOf":{"@id":"https:\/\/www.horendgoed.nl\/tr\/#website"},"primaryImageOfPage":{"@id":"https:\/\/www.horendgoed.nl\/tr\/shop\/sandranin-dukkani\/giysi-taki-ve-cantalar\/agiz-maskesi-aksesuarlari\/10lu-siyah-agizlik-uzatici-seti\/#primaryimage"},"image":{"@id":"https:\/\/www.horendgoed.nl\/tr\/shop\/sandranin-dukkani\/giysi-taki-ve-cantalar\/agiz-maskesi-aksesuarlari\/10lu-siyah-agizlik-uzatici-seti\/#primaryimage"},"thumbnailUrl":"https:\/\/www.horendgoed.nl\/wp-content\/uploads\/2022\/12\/horend-goed-earsaver-2-photoroom.jpg","datePublished":"2022-12-13T13:45:35+00:00","dateModified":"2025-09-24T08:30:01+00:00","breadcrumb":{"@id":"https:\/\/www.horendgoed.nl\/tr\/shop\/sandranin-dukkani\/giysi-taki-ve-cantalar\/agiz-maskesi-aksesuarlari\/10lu-siyah-agizlik-uzatici-seti\/#breadcrumb"},"inLanguage":"tr","potentialAction":[{"@type":"ReadAction","target":["https:\/\/www.horendgoed.nl\/tr\/shop\/sandranin-dukkani\/giysi-taki-ve-cantalar\/agiz-maskesi-aksesuarlari\/10lu-siyah-agizlik-uzatici-seti\/"]}]},{"@type":"ImageObject","inLanguage":"tr","@id":"https:\/\/www.horendgoed.nl\/tr\/shop\/sandranin-dukkani\/giysi-taki-ve-cantalar\/agiz-maskesi-aksesuarlari\/10lu-siyah-agizlik-uzatici-seti\/#primaryimage","url":"https:\/\/www.horendgoed.nl\/wp-content\/uploads\/2022\/12\/horend-goed-earsaver-2-photoroom.jpg","contentUrl":"https:\/\/www.horendgoed.nl\/wp-content\/uploads\/2022\/12\/horend-goed-earsaver-2-photoroom.jpg","width":2000,"height":2000,"caption":"earsavers zwart"},{"@type":"BreadcrumbList","@id":"https:\/\/www.horendgoed.nl\/tr\/shop\/sandranin-dukkani\/giysi-taki-ve-cantalar\/agiz-maskesi-aksesuarlari\/10lu-siyah-agizlik-uzatici-seti\/#breadcrumb","itemListElement":[{"@type":"ListItem","position":1,"name":"Ev","item":"https:\/\/www.horendgoed.nl\/tr\/horend-goed-isitme-cihazlari-ve-isitme-korumasi-uzmani\/"},{"@type":"ListItem","position":2,"name":"\u00dcr\u00fcnler","item":"https:\/\/www.horendgoed.nl\/tr\/magaza\/urunler\/"},{"@type":"ListItem","position":3,"name":"10&#8217;lu Siyah A\u011f\u0131zl\u0131k Uzat\u0131c\u0131 Seti"}]},{"@type":"WebSite","@id":"https:\/\/www.horendgoed.nl\/tr\/#website","url":"https:\/\/www.horendgoed.nl\/tr\/","name":"Horend Goed Audiciens","description":"Luistert Beter","publisher":{"@id":"https:\/\/www.horendgoed.nl\/tr\/#organization"},"potentialAction":[{"@type":"SearchAction","target":{"@type":"EntryPoint","urlTemplate":"https:\/\/www.horendgoed.nl\/tr\/?s={search_term_string}"},"query-input":{"@type":"PropertyValueSpecification","valueRequired":true,"valueName":"search_term_string"}}],"inLanguage":"tr"},{"@type":"Organization","@id":"https:\/\/www.horendgoed.nl\/tr\/#organization","name":"Horend Goed","url":"https:\/\/www.horendgoed.nl\/tr\/","logo":{"@type":"ImageObject","inLanguage":"tr","@id":"https:\/\/www.horendgoed.nl\/tr\/#\/schema\/logo\/image\/","url":"https:\/\/www.horendgoed.nl\/wp-content\/uploads\/2021\/05\/Logo-groot-e1621862526979.png","contentUrl":"https:\/\/www.horendgoed.nl\/wp-content\/uploads\/2021\/05\/Logo-groot-e1621862526979.png","width":509,"height":100,"caption":"Horend Goed"},"image":{"@id":"https:\/\/www.horendgoed.nl\/tr\/#\/schema\/logo\/image\/"},"sameAs":["https:\/\/www.facebook.com\/horendgoed","https:\/\/www.instagram.com\/horendgoed\/","https:\/\/www.linkedin.com\/company\/horend-goed\/","https:\/\/www.youtube.com\/@horendgoed"],"email":"info@horendgoed.nl","telephone":"075 20 25 203","vatID":"NL 853 756 193 B01"}]}},"jetpack_sharing_enabled":true,"_links":{"self":[{"href":"https:\/\/www.horendgoed.nl\/tr\/wp-json\/wp\/v2\/product\/234867","targetHints":{"allow":["GET"]}}],"collection":[{"href":"https:\/\/www.horendgoed.nl\/tr\/wp-json\/wp\/v2\/product"}],"about":[{"href":"https:\/\/www.horendgoed.nl\/tr\/wp-json\/wp\/v2\/types\/product"}],"wp:featuredmedia":[{"embeddable":true,"href":"https:\/\/www.horendgoed.nl\/tr\/wp-json\/wp\/v2\/media\/234874"}],"wp:attachment":[{"href":"https:\/\/www.horendgoed.nl\/tr\/wp-json\/wp\/v2\/media?parent=234867"}],"wp:term":[{"taxonomy":"product_brand","embeddable":true,"href":"https:\/\/www.horendgoed.nl\/tr\/wp-json\/wp\/v2\/product_brand?post=234867"},{"taxonomy":"product_cat","embeddable":true,"href":"https:\/\/www.horendgoed.nl\/tr\/wp-json\/wp\/v2\/product_cat?post=234867"},{"taxonomy":"product_tag","embeddable":true,"href":"https:\/\/www.horendgoed.nl\/tr\/wp-json\/wp\/v2\/product_tag?post=234867"}],"curies":[{"name":"wp","href":"https:\/\/api.w.org\/{rel}","templated":true}]}}