{"id":235118,"date":"2022-12-13T10:24:34","date_gmt":"2022-12-13T09:24:34","guid":{"rendered":"https:\/\/www.horendgoed.nl\/shop\/uncategorized\/flare-audio-calmer-secure-mini-mor\/"},"modified":"2022-12-13T10:24:34","modified_gmt":"2022-12-13T09:24:34","slug":"flare-audio-calmer-secure-mini-mor","status":"publish","type":"product","link":"https:\/\/www.horendgoed.nl\/tr\/shop\/sakinlestiriciler\/daha-sakin\/flare-audio-calmer-secure-mini-mor\/","title":{"rendered":"Flare Audio Calmer Secure mini - Mor"},"content":{"rendered":"<p><strong>Flare Audio Calmer Secure Mini Mor - G\u00fcr\u00fclt\u00fcy\u00fc Azalt\u0131n ve Huzur Yarat\u0131n<\/strong><\/p>\n<p><strong>Mor renkli Flare Audio Calmer Secure Mini<\/strong>, g\u00fcr\u00fclt\u00fc hassasiyeti veya strese neden olan \u00e7evresel g\u00fcr\u00fclt\u00fcden muzdarip olan herkes i\u00e7in bir \u00e7\u00f6z\u00fcmd\u00fcr. Bu yenilik\u00e7i \u00fcr\u00fcn, sesi tamamen kapatmadan rahats\u0131z edici frekanslar\u0131 azaltmak i\u00e7in tasarlanm\u0131\u015ft\u0131r. Sonu\u00e7, stresli seslerin azalt\u0131ld\u0131\u011f\u0131 ve \u00f6nemli seslerin net kald\u0131\u011f\u0131 daha sakin bir dinleme deneyimidir. \u0130ster g\u00fcr\u00fclt\u00fcye kar\u015f\u0131 hassas olun, ister hiperakuzi veya misofoniden muzdarip olun ya da sadece daha sakin bir ortam ar\u0131yor olun, <strong>Flare Audio Calmer Secure Mini<\/strong> ideal \u00e7\u00f6z\u00fcm\u00fc sunar.   <\/p>\n<h3><strong>Neden Flare Audio Calmer Secure Mini Purple&#8217;\u0131 se\u00e7melisiniz?<\/strong><\/h3>\n<p><strong>Flare Audio Calmer Secure Mini<\/strong>, normal kulak i\u00e7i kulakl\u0131klar\u0131 ve kulaki\u00e7i kulakl\u0131klar\u0131 \u00e7ok b\u00fcy\u00fck bulan daha k\u00fc\u00e7\u00fck kulak kanallar\u0131na sahip ki\u015filer i\u00e7in m\u00fckemmeldir. Calmer Mini&#8217;nin tasar\u0131m\u0131 \u00f6zellikle konfor ve kullan\u0131m kolayl\u0131\u011f\u0131na odaklanm\u0131\u015ft\u0131r, bu da onu g\u00fcr\u00fclt\u00fc kirlili\u011fini azaltmak i\u00e7in daha k\u00fc\u00e7\u00fck, ince bir \u00e7\u00f6z\u00fcm arayan herkes i\u00e7in ideal bir se\u00e7im haline getirir. Mor rengi, \u00fcr\u00fcne g\u00fcnl\u00fck kullan\u0131m i\u00e7in m\u00fckemmel olan farkl\u0131 ve \u015f\u0131k bir g\u00f6r\u00fcn\u00fcm kazand\u0131r\u0131r.  <\/p>\n<h4><strong>Flare Audio Calmer nas\u0131l \u00e7al\u0131\u015f\u0131r?<\/strong><\/h4>\n<p><strong>Flare Audio Calmer Secure Mini<\/strong>, normalde stres ve rahats\u0131zl\u0131\u011fa neden olan seslerin bozulmas\u0131n\u0131 en aza indirerek \u00e7al\u0131\u015f\u0131r. Y\u00fcksek ve keskin seslere maruz kald\u0131\u011f\u0131m\u0131zda, bu durum v\u00fccudumuzdaki &#8220;sava\u015f ya da ka\u00e7\" tepkisini harekete ge\u00e7irerek stres seviyelerinin artmas\u0131na neden olabilir. Evrimsel ge\u00e7mi\u015fimizde tehditlere h\u0131zl\u0131 tepki vermek i\u00e7in \u00e7ok \u00f6nemli olan bu tepki, modern d\u00fcnyada genellikle gereksiz bir stres kayna\u011f\u0131d\u0131r. Calmer Secure Mini bu bozulmalar\u0131 azaltarak daha sakin ve rahat bir \u015fekilde dinlemenizi sa\u011flar.   <\/p>\n<p>Sesi tamamen engelleyen geleneksel kulakl\u0131klar\u0131n aksine, <strong>Flare Audio Calmer Secure Mini<\/strong> \u00f6nemli sesleri duyman\u0131z\u0131 sa\u011flar. Bu \u00f6zellikle i\u015f yerlerinde, seyahat ederken veya \u00e7evrenizin fark\u0131nda olman\u0131z gereken yo\u011fun ortamlarda kullan\u0131\u015fl\u0131d\u0131r. Calmer Secure Mini, \u00f6zellikle en stresli seslerin bulundu\u011fu orta frekans aral\u0131\u011f\u0131ndaki sesleri azaltmaya odaklan\u0131r.  <\/p>\n<h3><strong>Ekstra g\u00fcvenlik i\u00e7in kordonlu Calmer Secure Mini<\/strong><\/h3>\n<p><strong>Flare Audio Calmer Secure Mini<\/strong>, iyi bilinen Flare Calmer&#8217;\u0131n kompakt versiyonudur, ancak kullan\u0131\u015fl\u0131 bir kordon ile donat\u0131lm\u0131\u015ft\u0131r. Bu, Calmer Secure Mini&#8217;nizi bir daha asla kaybetmeyece\u011finiz anlam\u0131na gelir. Kordon, kulak t\u0131ka\u00e7lar\u0131n\u0131n s\u0131k\u0131ca yerinde kalmas\u0131n\u0131 ve kaybetme korkusu olmadan kolayca \u00e7\u0131kar\u0131lmas\u0131n\u0131 sa\u011flar. Bu, \u00fcr\u00fcn\u00fc sadece rahat de\u011fil, ayn\u0131 zamanda pratik ve g\u00fcvenilir bir kullan\u0131m haline getirir.   <\/p>\n<h3><strong>\u00c7e\u015fitli Durumlar i\u00e7in \u0130deal<\/strong><\/h3>\n<p><strong>Flare Audio Calmer Secure Mini<\/strong>, y\u00fcksek veya dikkat da\u011f\u0131t\u0131c\u0131 seslerle kar\u015f\u0131 kar\u015f\u0131ya kald\u0131\u011f\u0131n\u0131z \u00e7e\u015fitli durumlar i\u00e7in uygundur. \u0130\u015fte Calmer Mini&#8217;nin kendini g\u00f6sterdi\u011fi baz\u0131 \u00f6rnekler: <\/p>\n<ul>\n<li><strong>Y\u00fcksek g\u00fcr\u00fclt\u00fcl\u00fc alanlar:<\/strong> \u0130ster yo\u011fun bir \u015fehirde ya\u015f\u0131yor olun ister s\u0131k s\u0131k g\u00fcr\u00fclt\u00fcl\u00fc ortamlarda bulunun, Calmer Mini rahatlayabilmeniz i\u00e7in dikkat da\u011f\u0131t\u0131c\u0131 sesleri azaltmaya yard\u0131mc\u0131 olur.<\/li>\n<li><strong>Seyahat ve i\u015fe gidip gelme:<\/strong> U\u00e7aklar, trenler, otob\u00fcsler ve di\u011fer ula\u015f\u0131m ara\u00e7lar\u0131 olduk\u00e7a g\u00fcr\u00fclt\u00fcl\u00fc olabilir. Calmer Secure Mini ile \u00f6nemli anonslar\u0131 ka\u00e7\u0131rmadan daha sessiz bir yolculu\u011fun keyfini \u00e7\u0131karacaks\u0131n\u0131z. <\/li>\n<li><strong>\u0130\u015fyerinde:<\/strong> Ofis bah\u00e7eleri ve yo\u011fun \u00e7al\u0131\u015fma alanlar\u0131 dikkat da\u011f\u0131t\u0131c\u0131 ve stresli olabilir. Calmer Mini, g\u00fcr\u00fclt\u00fcl\u00fc ortamlarda bile daha iyi konsantre olman\u0131za yard\u0131mc\u0131 olur. <\/li>\n<li><strong>Ders \u00e7al\u0131\u015f\u0131rken:<\/strong> G\u00fcr\u00fclt\u00fcl\u00fc ortamlarda konsantre olmakta zorlanan \u00e7ocuklar ve yeti\u015fkinler i\u00e7in Calmer Mini, ders \u00e7al\u0131\u015f\u0131rken odaklanmay\u0131 s\u00fcrd\u00fcrmeye yard\u0131mc\u0131 olabilir.<\/li>\n<li><strong>Sessizlik istedi\u011finiz her yerde:<\/strong> \u0130ster evde, ister i\u015fte veya hareket halinde olun, Calmer Mini daha sessiz bir ses ortam\u0131 yarat\u0131r, b\u00f6ylece ger\u00e7ekten \u00f6nemli olan \u015feylere konsantre olabilirsiniz.<\/li>\n<\/ul>\n<h3><strong>\u0130\u015fitme engelli ki\u015filer i\u00e7in<\/strong><\/h3>\n<p><strong>Flare Audio Calmer Secure Mini<\/strong>, hiperakuzi, misofoni veya otizmle ili\u015fkili g\u00fcr\u00fclt\u00fc hassasiyetinden muzdarip ki\u015filer i\u00e7in de idealdir. Bu ko\u015fullar belirli seslerin ac\u0131 verici veya \u00f6zellikle rahats\u0131z edici olmas\u0131na neden olabilir. Calmer Mini bu sesleri yumu\u015fatarak daha az stres ve rahats\u0131zl\u0131\u011fa neden olmalar\u0131n\u0131 sa\u011flar.  <\/p>\n<h3><strong>Konfor ve dayan\u0131kl\u0131l\u0131k<\/strong><\/h3>\n<p><strong>Mor renkli Flare Audio Calmer Secure Mini<\/strong> yumu\u015fak, dayan\u0131kl\u0131 silikondan yap\u0131lm\u0131\u015ft\u0131r, bu nedenle uzun s\u00fcreli kullan\u0131mda bile kulaklara rahat\u00e7a oturur. Hipoalerjenik malzeme, kulakl\u0131klar\u0131n tahri\u015fe neden olmamas\u0131n\u0131 sa\u011flar ve dayan\u0131kl\u0131 tasar\u0131m, kulakl\u0131klar\u0131n \u015feklini veya i\u015flevselli\u011fini kaybetmeden uzun s\u00fcre dayanaca\u011f\u0131 anlam\u0131na gelir. Ayr\u0131ca, mor renk \u00e7ok fazla dikkat \u00e7ekmeden \u00f6ne \u00e7\u0131kan \u015f\u0131k bir eklentidir.  <\/p>\n<h3><strong>Hijyen ve g\u00fcvenlik<\/strong><\/h3>\n<p>T\u00fcm Flare Audio \u00fcr\u00fcnlerinde oldu\u011fu gibi, <strong>Calmer Secure Mini<\/strong> de hijyen amac\u0131yla kapal\u0131 olarak gelir. Bu sayede kulak enfeksiyonu veya di\u011fer kulak sorunlar\u0131 riski \u00f6nlenir. Hijyenik ambalaj, kulak t\u0131ka\u00e7lar\u0131n\u0131n temiz ve g\u00fcvenli kalmas\u0131n\u0131 sa\u011flar, b\u00f6ylece onlar\u0131 g\u00f6n\u00fcl rahatl\u0131\u011f\u0131yla kullanabilirsiniz.  <\/p>\n<h3><strong>Sonu\u00e7<\/strong><\/h3>\n<p><strong>Mor renkli Flare Audio Calmer Secure Mini<\/strong>, stresli g\u00fcr\u00fclt\u00fcden etkilenen insanlar i\u00e7in yenilik\u00e7i ve etkili bir \u00e7\u00f6z\u00fcmd\u00fcr. \u0130ster g\u00fcr\u00fclt\u00fcye kar\u015f\u0131 hassas olun, ister i\u015fitme bozukluklar\u0131ndan muzdarip olun ya da sadece daha sakin bir ortam yaratmak isteyin, Calmer <strong>Secure Mini<\/strong> konfor, stil ve i\u015flevselli\u011fin m\u00fckemmel kombinasyonunu sunar. Kullan\u0131\u015fl\u0131 kordon, kulak t\u0131ka\u00e7lar\u0131n\u0131 bir daha asla kaybetmeyece\u011finiz anlam\u0131na gelir ve kompakt tasar\u0131m, daha k\u00fc\u00e7\u00fck kulak kanallar\u0131na m\u00fckemmel uyum sa\u011flad\u0131\u011f\u0131 anlam\u0131na gelir.  <\/p>\n<p><strong>Calmer Secure Mini<\/strong>, konfor veya kaliteden \u00f6d\u00fcn vermeden daha sessiz bir ses ortam\u0131 arayan herkes i\u00e7in ideal \u00e7\u00f6z\u00fcmd\u00fcr.<\/p>\n","protected":false},"excerpt":{"rendered":"<p>Stresli sesleri azaltmak ve b\u00f6ylece \u00f6nemli seslere konsantre olman\u0131z\u0131 sa\u011flamak i\u00e7in konforlu k\u00fc\u00e7\u00fck kulak t\u0131kac\u0131. S\u00fcper esnek kordon ba\u015f\u0131n \u00fczerine veya arkas\u0131na tak\u0131labilir. <\/p>\n","protected":false},"featured_media":235123,"template":"","meta":{"_acf_changed":false},"product_brand":[],"product_cat":[16207,16215],"product_tag":[],"class_list":["post-235118","product","type-product","status-publish","has-post-thumbnail","product_cat-daha-sakin","product_cat-satis","grid-sizer","latest_post","first","instock","sale","taxable","shipping-taxable","purchasable","product-type-simple"],"acf":[],"yoast_head":"<!-- This site is optimized with the Yoast SEO Premium plugin v27.4 (Yoast SEO v28.3) - https:\/\/yoast.com\/product\/yoast-seo-premium-wordpress\/ -->\n<title>Flare Audio Calmer Secure mini - Mor | Horend Goed Audiciens<\/title>\n<meta name=\"robots\" content=\"index, follow, max-snippet:-1, max-image-preview:large, max-video-preview:-1\" \/>\n<link rel=\"canonical\" href=\"https:\/\/www.horendgoed.nl\/tr\/shop\/sakinlestiriciler\/daha-sakin\/flare-audio-calmer-secure-mini-mor\/\" \/>\n<meta property=\"og:locale\" content=\"tr_TR\" \/>\n<meta property=\"og:type\" content=\"article\" \/>\n<meta property=\"og:title\" content=\"Flare Audio Calmer Secure mini - Mor\" \/>\n<meta property=\"og:description\" content=\"Stresli sesleri azaltmak ve b\u00f6ylece \u00f6nemli seslere konsantre olman\u0131z\u0131 sa\u011flamak i\u00e7in konforlu k\u00fc\u00e7\u00fck kulak t\u0131kac\u0131. S\u00fcper esnek kordon ba\u015f\u0131n \u00fczerine veya arkas\u0131na tak\u0131labilir.\" \/>\n<meta property=\"og:url\" content=\"https:\/\/www.horendgoed.nl\/tr\/shop\/sakinlestiriciler\/daha-sakin\/flare-audio-calmer-secure-mini-mor\/\" \/>\n<meta property=\"og:site_name\" content=\"Horend Goed Audiciens\" \/>\n<meta property=\"article:publisher\" content=\"https:\/\/www.facebook.com\/horendgoed\" \/>\n<meta property=\"og:image\" content=\"https:\/\/www.horendgoed.nl\/wp-content\/uploads\/2022\/12\/cal_secure_mini_product_hero_purple-photoroom.jpg\" \/>\n\t<meta property=\"og:image:width\" content=\"2000\" \/>\n\t<meta property=\"og:image:height\" content=\"2000\" \/>\n\t<meta property=\"og:image:type\" content=\"image\/jpeg\" \/>\n<script type=\"application\/ld+json\" class=\"yoast-schema-graph\">{\"@context\":\"https:\\\/\\\/schema.org\",\"@graph\":[{\"@type\":\"WebPage\",\"@id\":\"https:\\\/\\\/www.horendgoed.nl\\\/tr\\\/shop\\\/sakinlestiriciler\\\/daha-sakin\\\/flare-audio-calmer-secure-mini-mor\\\/\",\"url\":\"https:\\\/\\\/www.horendgoed.nl\\\/tr\\\/shop\\\/sakinlestiriciler\\\/daha-sakin\\\/flare-audio-calmer-secure-mini-mor\\\/\",\"name\":\"Flare Audio Calmer Secure mini - Mor | Horend Goed Audiciens\",\"isPartOf\":{\"@id\":\"https:\\\/\\\/www.horendgoed.nl\\\/tr\\\/#website\"},\"primaryImageOfPage\":{\"@id\":\"https:\\\/\\\/www.horendgoed.nl\\\/tr\\\/shop\\\/sakinlestiriciler\\\/daha-sakin\\\/flare-audio-calmer-secure-mini-mor\\\/#primaryimage\"},\"image\":{\"@id\":\"https:\\\/\\\/www.horendgoed.nl\\\/tr\\\/shop\\\/sakinlestiriciler\\\/daha-sakin\\\/flare-audio-calmer-secure-mini-mor\\\/#primaryimage\"},\"thumbnailUrl\":\"https:\\\/\\\/www.horendgoed.nl\\\/wp-content\\\/uploads\\\/2022\\\/12\\\/cal_secure_mini_product_hero_purple-photoroom.jpg\",\"datePublished\":\"2022-12-13T09:24:34+00:00\",\"breadcrumb\":{\"@id\":\"https:\\\/\\\/www.horendgoed.nl\\\/tr\\\/shop\\\/sakinlestiriciler\\\/daha-sakin\\\/flare-audio-calmer-secure-mini-mor\\\/#breadcrumb\"},\"inLanguage\":\"tr\",\"potentialAction\":[{\"@type\":\"ReadAction\",\"target\":[\"https:\\\/\\\/www.horendgoed.nl\\\/tr\\\/shop\\\/sakinlestiriciler\\\/daha-sakin\\\/flare-audio-calmer-secure-mini-mor\\\/\"]}]},{\"@type\":\"ImageObject\",\"inLanguage\":\"tr\",\"@id\":\"https:\\\/\\\/www.horendgoed.nl\\\/tr\\\/shop\\\/sakinlestiriciler\\\/daha-sakin\\\/flare-audio-calmer-secure-mini-mor\\\/#primaryimage\",\"url\":\"https:\\\/\\\/www.horendgoed.nl\\\/wp-content\\\/uploads\\\/2022\\\/12\\\/cal_secure_mini_product_hero_purple-photoroom.jpg\",\"contentUrl\":\"https:\\\/\\\/www.horendgoed.nl\\\/wp-content\\\/uploads\\\/2022\\\/12\\\/cal_secure_mini_product_hero_purple-photoroom.jpg\",\"width\":2000,\"height\":2000,\"caption\":\"flare audio calmer secure mini paars\"},{\"@type\":\"BreadcrumbList\",\"@id\":\"https:\\\/\\\/www.horendgoed.nl\\\/tr\\\/shop\\\/sakinlestiriciler\\\/daha-sakin\\\/flare-audio-calmer-secure-mini-mor\\\/#breadcrumb\",\"itemListElement\":[{\"@type\":\"ListItem\",\"position\":1,\"name\":\"Ev\",\"item\":\"https:\\\/\\\/www.horendgoed.nl\\\/tr\\\/horend-goed-isitme-cihazlari-ve-isitme-korumasi-uzmani\\\/\"},{\"@type\":\"ListItem\",\"position\":2,\"name\":\"\u00dcr\u00fcnler\",\"item\":\"https:\\\/\\\/www.horendgoed.nl\\\/tr\\\/magaza\\\/urunler\\\/\"},{\"@type\":\"ListItem\",\"position\":3,\"name\":\"Flare Audio Calmer Secure mini - Mor\"}]},{\"@type\":\"WebSite\",\"@id\":\"https:\\\/\\\/www.horendgoed.nl\\\/tr\\\/#website\",\"url\":\"https:\\\/\\\/www.horendgoed.nl\\\/tr\\\/\",\"name\":\"Horend Goed Audiciens\",\"description\":\"Luistert Beter\",\"publisher\":{\"@id\":\"https:\\\/\\\/www.horendgoed.nl\\\/tr\\\/#organization\"},\"potentialAction\":[{\"@type\":\"SearchAction\",\"target\":{\"@type\":\"EntryPoint\",\"urlTemplate\":\"https:\\\/\\\/www.horendgoed.nl\\\/tr\\\/?s={search_term_string}\"},\"query-input\":{\"@type\":\"PropertyValueSpecification\",\"valueRequired\":true,\"valueName\":\"search_term_string\"}}],\"inLanguage\":\"tr\"},{\"@type\":\"Organization\",\"@id\":\"https:\\\/\\\/www.horendgoed.nl\\\/tr\\\/#organization\",\"name\":\"Horend Goed\",\"url\":\"https:\\\/\\\/www.horendgoed.nl\\\/tr\\\/\",\"logo\":{\"@type\":\"ImageObject\",\"inLanguage\":\"tr\",\"@id\":\"https:\\\/\\\/www.horendgoed.nl\\\/tr\\\/#\\\/schema\\\/logo\\\/image\\\/\",\"url\":\"https:\\\/\\\/www.horendgoed.nl\\\/wp-content\\\/uploads\\\/2021\\\/05\\\/Logo-groot-e1621862526979.png\",\"contentUrl\":\"https:\\\/\\\/www.horendgoed.nl\\\/wp-content\\\/uploads\\\/2021\\\/05\\\/Logo-groot-e1621862526979.png\",\"width\":509,\"height\":100,\"caption\":\"Horend Goed\"},\"image\":{\"@id\":\"https:\\\/\\\/www.horendgoed.nl\\\/tr\\\/#\\\/schema\\\/logo\\\/image\\\/\"},\"sameAs\":[\"https:\\\/\\\/www.facebook.com\\\/horendgoed\",\"https:\\\/\\\/www.instagram.com\\\/horendgoed\\\/\",\"https:\\\/\\\/www.linkedin.com\\\/company\\\/horend-goed\\\/\",\"https:\\\/\\\/www.youtube.com\\\/@horendgoed\"],\"email\":\"info@horendgoed.nl\",\"telephone\":\"075 20 25 203\",\"vatID\":\"NL 853 756 193 B01\"}]}<\/script>\n<!-- \/ Yoast SEO Premium plugin. -->","yoast_head_json":{"title":"Flare Audio Calmer Secure mini - Mor | Horend Goed Audiciens","robots":{"index":"index","follow":"follow","max-snippet":"max-snippet:-1","max-image-preview":"max-image-preview:large","max-video-preview":"max-video-preview:-1"},"canonical":"https:\/\/www.horendgoed.nl\/tr\/shop\/sakinlestiriciler\/daha-sakin\/flare-audio-calmer-secure-mini-mor\/","og_locale":"tr_TR","og_type":"article","og_title":"Flare Audio Calmer Secure mini - Mor","og_description":"Stresli sesleri azaltmak ve b\u00f6ylece \u00f6nemli seslere konsantre olman\u0131z\u0131 sa\u011flamak i\u00e7in konforlu k\u00fc\u00e7\u00fck kulak t\u0131kac\u0131. S\u00fcper esnek kordon ba\u015f\u0131n \u00fczerine veya arkas\u0131na tak\u0131labilir.","og_url":"https:\/\/www.horendgoed.nl\/tr\/shop\/sakinlestiriciler\/daha-sakin\/flare-audio-calmer-secure-mini-mor\/","og_site_name":"Horend Goed Audiciens","article_publisher":"https:\/\/www.facebook.com\/horendgoed","og_image":[{"width":2000,"height":2000,"url":"https:\/\/www.horendgoed.nl\/wp-content\/uploads\/2022\/12\/cal_secure_mini_product_hero_purple-photoroom.jpg","type":"image\/jpeg"}],"schema":{"@context":"https:\/\/schema.org","@graph":[{"@type":"WebPage","@id":"https:\/\/www.horendgoed.nl\/tr\/shop\/sakinlestiriciler\/daha-sakin\/flare-audio-calmer-secure-mini-mor\/","url":"https:\/\/www.horendgoed.nl\/tr\/shop\/sakinlestiriciler\/daha-sakin\/flare-audio-calmer-secure-mini-mor\/","name":"Flare Audio Calmer Secure mini - Mor | Horend Goed Audiciens","isPartOf":{"@id":"https:\/\/www.horendgoed.nl\/tr\/#website"},"primaryImageOfPage":{"@id":"https:\/\/www.horendgoed.nl\/tr\/shop\/sakinlestiriciler\/daha-sakin\/flare-audio-calmer-secure-mini-mor\/#primaryimage"},"image":{"@id":"https:\/\/www.horendgoed.nl\/tr\/shop\/sakinlestiriciler\/daha-sakin\/flare-audio-calmer-secure-mini-mor\/#primaryimage"},"thumbnailUrl":"https:\/\/www.horendgoed.nl\/wp-content\/uploads\/2022\/12\/cal_secure_mini_product_hero_purple-photoroom.jpg","datePublished":"2022-12-13T09:24:34+00:00","breadcrumb":{"@id":"https:\/\/www.horendgoed.nl\/tr\/shop\/sakinlestiriciler\/daha-sakin\/flare-audio-calmer-secure-mini-mor\/#breadcrumb"},"inLanguage":"tr","potentialAction":[{"@type":"ReadAction","target":["https:\/\/www.horendgoed.nl\/tr\/shop\/sakinlestiriciler\/daha-sakin\/flare-audio-calmer-secure-mini-mor\/"]}]},{"@type":"ImageObject","inLanguage":"tr","@id":"https:\/\/www.horendgoed.nl\/tr\/shop\/sakinlestiriciler\/daha-sakin\/flare-audio-calmer-secure-mini-mor\/#primaryimage","url":"https:\/\/www.horendgoed.nl\/wp-content\/uploads\/2022\/12\/cal_secure_mini_product_hero_purple-photoroom.jpg","contentUrl":"https:\/\/www.horendgoed.nl\/wp-content\/uploads\/2022\/12\/cal_secure_mini_product_hero_purple-photoroom.jpg","width":2000,"height":2000,"caption":"flare audio calmer secure mini paars"},{"@type":"BreadcrumbList","@id":"https:\/\/www.horendgoed.nl\/tr\/shop\/sakinlestiriciler\/daha-sakin\/flare-audio-calmer-secure-mini-mor\/#breadcrumb","itemListElement":[{"@type":"ListItem","position":1,"name":"Ev","item":"https:\/\/www.horendgoed.nl\/tr\/horend-goed-isitme-cihazlari-ve-isitme-korumasi-uzmani\/"},{"@type":"ListItem","position":2,"name":"\u00dcr\u00fcnler","item":"https:\/\/www.horendgoed.nl\/tr\/magaza\/urunler\/"},{"@type":"ListItem","position":3,"name":"Flare Audio Calmer Secure mini - Mor"}]},{"@type":"WebSite","@id":"https:\/\/www.horendgoed.nl\/tr\/#website","url":"https:\/\/www.horendgoed.nl\/tr\/","name":"Horend Goed Audiciens","description":"Luistert Beter","publisher":{"@id":"https:\/\/www.horendgoed.nl\/tr\/#organization"},"potentialAction":[{"@type":"SearchAction","target":{"@type":"EntryPoint","urlTemplate":"https:\/\/www.horendgoed.nl\/tr\/?s={search_term_string}"},"query-input":{"@type":"PropertyValueSpecification","valueRequired":true,"valueName":"search_term_string"}}],"inLanguage":"tr"},{"@type":"Organization","@id":"https:\/\/www.horendgoed.nl\/tr\/#organization","name":"Horend Goed","url":"https:\/\/www.horendgoed.nl\/tr\/","logo":{"@type":"ImageObject","inLanguage":"tr","@id":"https:\/\/www.horendgoed.nl\/tr\/#\/schema\/logo\/image\/","url":"https:\/\/www.horendgoed.nl\/wp-content\/uploads\/2021\/05\/Logo-groot-e1621862526979.png","contentUrl":"https:\/\/www.horendgoed.nl\/wp-content\/uploads\/2021\/05\/Logo-groot-e1621862526979.png","width":509,"height":100,"caption":"Horend Goed"},"image":{"@id":"https:\/\/www.horendgoed.nl\/tr\/#\/schema\/logo\/image\/"},"sameAs":["https:\/\/www.facebook.com\/horendgoed","https:\/\/www.instagram.com\/horendgoed\/","https:\/\/www.linkedin.com\/company\/horend-goed\/","https:\/\/www.youtube.com\/@horendgoed"],"email":"info@horendgoed.nl","telephone":"075 20 25 203","vatID":"NL 853 756 193 B01"}]}},"jetpack_sharing_enabled":true,"_links":{"self":[{"href":"https:\/\/www.horendgoed.nl\/tr\/wp-json\/wp\/v2\/product\/235118","targetHints":{"allow":["GET"]}}],"collection":[{"href":"https:\/\/www.horendgoed.nl\/tr\/wp-json\/wp\/v2\/product"}],"about":[{"href":"https:\/\/www.horendgoed.nl\/tr\/wp-json\/wp\/v2\/types\/product"}],"wp:featuredmedia":[{"embeddable":true,"href":"https:\/\/www.horendgoed.nl\/tr\/wp-json\/wp\/v2\/media\/235123"}],"wp:attachment":[{"href":"https:\/\/www.horendgoed.nl\/tr\/wp-json\/wp\/v2\/media?parent=235118"}],"wp:term":[{"taxonomy":"product_brand","embeddable":true,"href":"https:\/\/www.horendgoed.nl\/tr\/wp-json\/wp\/v2\/product_brand?post=235118"},{"taxonomy":"product_cat","embeddable":true,"href":"https:\/\/www.horendgoed.nl\/tr\/wp-json\/wp\/v2\/product_cat?post=235118"},{"taxonomy":"product_tag","embeddable":true,"href":"https:\/\/www.horendgoed.nl\/tr\/wp-json\/wp\/v2\/product_tag?post=235118"}],"curies":[{"name":"wp","href":"https:\/\/api.w.org\/{rel}","templated":true}]}}