{"id":235972,"date":"2022-12-13T11:45:20","date_gmt":"2022-12-13T11:45:20","guid":{"rendered":"https:\/\/www.horendgoed.nl\/shop\/uncategorized\/sinirli-isitme-reflektif-araba-cikartmasi\/"},"modified":"2025-07-02T08:37:01","modified_gmt":"2025-07-02T06:37:01","slug":"sinirli-isitme-reflektif-araba-cikartmasi","status":"publish","type":"product","link":"https:\/\/www.horendgoed.nl\/tr\/shop\/isitme-guclugu-cekenler-icin-yardimlar\/isitme-engelli-kisilerin-gorunurlugu\/sinirli-isitme-reflektif-araba-cikartmasi\/","title":{"rendered":"SINIRLI \u0130\u015e\u0130TME Reflektif (araba) \u00e7\u0131kartmas\u0131"},"content":{"rendered":"<p><strong>Yans\u0131t\u0131c\u0131 (araba) \u00e7\u0131kartmas\u0131<\/strong><\/p>\n<p>S\u0131n\u0131rl\u0131 \u0130\u015fitme sembol\u00fc CBR&#8217;nin teori kitaplar\u0131nda yer almaktad\u0131r ve Hollanda trafik yasas\u0131n\u0131n bir par\u00e7as\u0131d\u0131r.<\/p>\n<p>S\u0131n\u0131rl\u0131 \u0130\u015fitme sembol\u00fcn\u00fcn faydalar\u0131:<\/p>\n<ol>\n<li>\u00d6rne\u011fin trafikte daha fazla anlay\u0131\u015f.<\/li>\n<li>Dile \u00f6zg\u00fc de\u011fildir, d\u00fcnyan\u0131n her yerinden herkes taraf\u0131ndan anla\u015f\u0131labilir<\/li>\n<li>Daha az s\u0131kl\u0131kta (iyi) duymad\u0131\u011f\u0131n\u0131z\u0131 s\u00f6ylemek zorunda kalmak<\/li>\n<\/ol>\n<p>\u00c7\u0131kartmalar bask\u0131 dahil<br \/>\nDim. 110 x 110 mm<br \/>\nv.v. sar\u0131 yans\u0131t\u0131c\u0131 folyo Avery HV 1150<br \/>\nv.v. 3 renkli serigrafi (k\u0131rm\u0131z\u0131, siyah, mavi)<br \/>\nSon i\u015flem: d\u00fcz k\u00f6\u015feler  <\/p>\n<p>WorldWide Visible&#8217;\u0131n S\u0131n\u0131rl\u0131 \u0130\u015fitme i\u015fareti gibi t\u00fcm S\u0131n\u0131rl\u0131 \u0130\u015fitme \u00fcr\u00fcnleri, trafikte daha fazla g\u00fcvenlik ve \u00e7evre ile daha iyi ileti\u015fim i\u00e7in bilgilendirme ve katk\u0131da bulunma ama\u00e7l\u0131d\u0131r. WorldWide Visible tabii ki g\u00fcvenli\u011fi garanti edemez ve S\u0131n\u0131rl\u0131 \u0130\u015fitme \u00fcr\u00fcnlerinin kullan\u0131m\u0131 her zaman al\u0131c\u0131n\u0131n\/kullan\u0131c\u0131n\u0131n kendi sorumlulu\u011fundad\u0131r. \u00d6rne\u011fin, trafikte kendinize iyi bakman\u0131z her zaman \u00e7ok \u00f6nemlidir. Kullan\u0131m riski size aittir.   <\/p>\n","protected":false},"excerpt":{"rendered":"<p>Yans\u0131t\u0131c\u0131 (araba) \u00e7\u0131kartmas\u0131 S\u0131n\u0131rl\u0131 \u0130\u015fitme sembol\u00fc CBR&#8217;nin teori kitaplar\u0131nda yer almaktad\u0131r ve Hollanda trafik yasas\u0131n\u0131n bir par\u00e7as\u0131d\u0131r. S\u0131n\u0131rl\u0131 \u0130\u015fitme sembol\u00fcn\u00fcn faydalar\u0131: \u00d6rne\u011fin trafikte daha fazla anlay\u0131\u015f. Dile \u00f6zg\u00fc de\u011fildir, d\u00fcnyan\u0131n her yerinden herkes taraf\u0131ndan anla\u015f\u0131labilir Daha az s\u0131kl\u0131kta (iyi) duymad\u0131\u011f\u0131n\u0131z\u0131 s\u00f6ylemek zorunda kalmak \u00c7\u0131kartmalar bask\u0131 dahil Dim. 110 x 110 mm v.v. sar\u0131 yans\u0131t\u0131c\u0131 folyo &hellip; <\/p>\n","protected":false},"featured_media":235974,"template":"","meta":{"_acf_changed":false},"product_brand":[],"product_cat":[16368],"product_tag":[],"class_list":["post-235972","product","type-product","status-publish","has-post-thumbnail","product_cat-isitme-engelli-kisilerin-gorunurlugu","grid-sizer","latest_post","first","outofstock","taxable","shipping-taxable","purchasable","product-type-simple"],"acf":[],"yoast_head":"<!-- This site is optimized with the Yoast SEO Premium plugin v27.4 (Yoast SEO v28.3) - https:\/\/yoast.com\/product\/yoast-seo-premium-wordpress\/ -->\n<title>SINIRLI \u0130\u015e\u0130TME Reflektif (araba) \u00e7\u0131kartmas\u0131 | Horend Goed Audiciens<\/title>\n<meta name=\"robots\" content=\"index, follow, max-snippet:-1, max-image-preview:large, max-video-preview:-1\" \/>\n<link rel=\"canonical\" href=\"https:\/\/www.horendgoed.nl\/tr\/shop\/isitme-guclugu-cekenler-icin-yardimlar\/isitme-engelli-kisilerin-gorunurlugu\/sinirli-isitme-reflektif-araba-cikartmasi\/\" \/>\n<meta property=\"og:locale\" content=\"tr_TR\" \/>\n<meta property=\"og:type\" content=\"article\" \/>\n<meta property=\"og:title\" content=\"SINIRLI \u0130\u015e\u0130TME Reflektif (araba) \u00e7\u0131kartmas\u0131\" \/>\n<meta property=\"og:description\" content=\"Yans\u0131t\u0131c\u0131 (araba) \u00e7\u0131kartmas\u0131 S\u0131n\u0131rl\u0131 \u0130\u015fitme sembol\u00fc CBR&#8217;nin teori kitaplar\u0131nda yer almaktad\u0131r ve Hollanda trafik yasas\u0131n\u0131n bir par\u00e7as\u0131d\u0131r. S\u0131n\u0131rl\u0131 \u0130\u015fitme sembol\u00fcn\u00fcn faydalar\u0131: \u00d6rne\u011fin trafikte daha fazla anlay\u0131\u015f. Dile \u00f6zg\u00fc de\u011fildir, d\u00fcnyan\u0131n her yerinden herkes taraf\u0131ndan anla\u015f\u0131labilir Daha az s\u0131kl\u0131kta (iyi) duymad\u0131\u011f\u0131n\u0131z\u0131 s\u00f6ylemek zorunda kalmak \u00c7\u0131kartmalar bask\u0131 dahil Dim. 110 x 110 mm v.v. sar\u0131 yans\u0131t\u0131c\u0131 folyo &hellip;\" \/>\n<meta property=\"og:url\" content=\"https:\/\/www.horendgoed.nl\/tr\/shop\/isitme-guclugu-cekenler-icin-yardimlar\/isitme-engelli-kisilerin-gorunurlugu\/sinirli-isitme-reflektif-araba-cikartmasi\/\" \/>\n<meta property=\"og:site_name\" content=\"Horend Goed Audiciens\" \/>\n<meta property=\"article:publisher\" content=\"https:\/\/www.facebook.com\/horendgoed\" \/>\n<meta property=\"article:modified_time\" content=\"2025-07-02T06:37:01+00:00\" \/>\n<meta property=\"og:image\" content=\"https:\/\/www.horendgoed.nl\/wp-content\/uploads\/2022\/12\/8c14-c522-4974-85af-9d47016d1e02.jpg\" \/>\n\t<meta property=\"og:image:width\" content=\"550\" \/>\n\t<meta property=\"og:image:height\" content=\"546\" \/>\n\t<meta property=\"og:image:type\" content=\"image\/jpeg\" \/>\n<script type=\"application\/ld+json\" class=\"yoast-schema-graph\">{\"@context\":\"https:\\\/\\\/schema.org\",\"@graph\":[{\"@type\":\"WebPage\",\"@id\":\"https:\\\/\\\/www.horendgoed.nl\\\/tr\\\/shop\\\/isitme-guclugu-cekenler-icin-yardimlar\\\/isitme-engelli-kisilerin-gorunurlugu\\\/sinirli-isitme-reflektif-araba-cikartmasi\\\/\",\"url\":\"https:\\\/\\\/www.horendgoed.nl\\\/tr\\\/shop\\\/isitme-guclugu-cekenler-icin-yardimlar\\\/isitme-engelli-kisilerin-gorunurlugu\\\/sinirli-isitme-reflektif-araba-cikartmasi\\\/\",\"name\":\"SINIRLI \u0130\u015e\u0130TME Reflektif (araba) \u00e7\u0131kartmas\u0131 | Horend Goed Audiciens\",\"isPartOf\":{\"@id\":\"https:\\\/\\\/www.horendgoed.nl\\\/tr\\\/#website\"},\"primaryImageOfPage\":{\"@id\":\"https:\\\/\\\/www.horendgoed.nl\\\/tr\\\/shop\\\/isitme-guclugu-cekenler-icin-yardimlar\\\/isitme-engelli-kisilerin-gorunurlugu\\\/sinirli-isitme-reflektif-araba-cikartmasi\\\/#primaryimage\"},\"image\":{\"@id\":\"https:\\\/\\\/www.horendgoed.nl\\\/tr\\\/shop\\\/isitme-guclugu-cekenler-icin-yardimlar\\\/isitme-engelli-kisilerin-gorunurlugu\\\/sinirli-isitme-reflektif-araba-cikartmasi\\\/#primaryimage\"},\"thumbnailUrl\":\"https:\\\/\\\/www.horendgoed.nl\\\/wp-content\\\/uploads\\\/2022\\\/12\\\/8c14-c522-4974-85af-9d47016d1e02.jpg\",\"datePublished\":\"2022-12-13T11:45:20+00:00\",\"dateModified\":\"2025-07-02T06:37:01+00:00\",\"breadcrumb\":{\"@id\":\"https:\\\/\\\/www.horendgoed.nl\\\/tr\\\/shop\\\/isitme-guclugu-cekenler-icin-yardimlar\\\/isitme-engelli-kisilerin-gorunurlugu\\\/sinirli-isitme-reflektif-araba-cikartmasi\\\/#breadcrumb\"},\"inLanguage\":\"tr\",\"potentialAction\":[{\"@type\":\"ReadAction\",\"target\":[\"https:\\\/\\\/www.horendgoed.nl\\\/tr\\\/shop\\\/isitme-guclugu-cekenler-icin-yardimlar\\\/isitme-engelli-kisilerin-gorunurlugu\\\/sinirli-isitme-reflektif-araba-cikartmasi\\\/\"]}]},{\"@type\":\"ImageObject\",\"inLanguage\":\"tr\",\"@id\":\"https:\\\/\\\/www.horendgoed.nl\\\/tr\\\/shop\\\/isitme-guclugu-cekenler-icin-yardimlar\\\/isitme-engelli-kisilerin-gorunurlugu\\\/sinirli-isitme-reflektif-araba-cikartmasi\\\/#primaryimage\",\"url\":\"https:\\\/\\\/www.horendgoed.nl\\\/wp-content\\\/uploads\\\/2022\\\/12\\\/8c14-c522-4974-85af-9d47016d1e02.jpg\",\"contentUrl\":\"https:\\\/\\\/www.horendgoed.nl\\\/wp-content\\\/uploads\\\/2022\\\/12\\\/8c14-c522-4974-85af-9d47016d1e02.jpg\",\"width\":550,\"height\":546},{\"@type\":\"BreadcrumbList\",\"@id\":\"https:\\\/\\\/www.horendgoed.nl\\\/tr\\\/shop\\\/isitme-guclugu-cekenler-icin-yardimlar\\\/isitme-engelli-kisilerin-gorunurlugu\\\/sinirli-isitme-reflektif-araba-cikartmasi\\\/#breadcrumb\",\"itemListElement\":[{\"@type\":\"ListItem\",\"position\":1,\"name\":\"Ev\",\"item\":\"https:\\\/\\\/www.horendgoed.nl\\\/tr\\\/horend-goed-isitme-cihazlari-ve-isitme-korumasi-uzmani\\\/\"},{\"@type\":\"ListItem\",\"position\":2,\"name\":\"\u00dcr\u00fcnler\",\"item\":\"https:\\\/\\\/www.horendgoed.nl\\\/tr\\\/magaza\\\/urunler\\\/\"},{\"@type\":\"ListItem\",\"position\":3,\"name\":\"SINIRLI \u0130\u015e\u0130TME Reflektif (araba) \u00e7\u0131kartmas\u0131\"}]},{\"@type\":\"WebSite\",\"@id\":\"https:\\\/\\\/www.horendgoed.nl\\\/tr\\\/#website\",\"url\":\"https:\\\/\\\/www.horendgoed.nl\\\/tr\\\/\",\"name\":\"Horend Goed Audiciens\",\"description\":\"Luistert Beter\",\"publisher\":{\"@id\":\"https:\\\/\\\/www.horendgoed.nl\\\/tr\\\/#organization\"},\"potentialAction\":[{\"@type\":\"SearchAction\",\"target\":{\"@type\":\"EntryPoint\",\"urlTemplate\":\"https:\\\/\\\/www.horendgoed.nl\\\/tr\\\/?s={search_term_string}\"},\"query-input\":{\"@type\":\"PropertyValueSpecification\",\"valueRequired\":true,\"valueName\":\"search_term_string\"}}],\"inLanguage\":\"tr\"},{\"@type\":\"Organization\",\"@id\":\"https:\\\/\\\/www.horendgoed.nl\\\/tr\\\/#organization\",\"name\":\"Horend Goed\",\"url\":\"https:\\\/\\\/www.horendgoed.nl\\\/tr\\\/\",\"logo\":{\"@type\":\"ImageObject\",\"inLanguage\":\"tr\",\"@id\":\"https:\\\/\\\/www.horendgoed.nl\\\/tr\\\/#\\\/schema\\\/logo\\\/image\\\/\",\"url\":\"https:\\\/\\\/www.horendgoed.nl\\\/wp-content\\\/uploads\\\/2021\\\/05\\\/Logo-groot-e1621862526979.png\",\"contentUrl\":\"https:\\\/\\\/www.horendgoed.nl\\\/wp-content\\\/uploads\\\/2021\\\/05\\\/Logo-groot-e1621862526979.png\",\"width\":509,\"height\":100,\"caption\":\"Horend Goed\"},\"image\":{\"@id\":\"https:\\\/\\\/www.horendgoed.nl\\\/tr\\\/#\\\/schema\\\/logo\\\/image\\\/\"},\"sameAs\":[\"https:\\\/\\\/www.facebook.com\\\/horendgoed\",\"https:\\\/\\\/www.instagram.com\\\/horendgoed\\\/\",\"https:\\\/\\\/www.linkedin.com\\\/company\\\/horend-goed\\\/\",\"https:\\\/\\\/www.youtube.com\\\/@horendgoed\"],\"email\":\"info@horendgoed.nl\",\"telephone\":\"075 20 25 203\",\"vatID\":\"NL 853 756 193 B01\"}]}<\/script>\n<!-- \/ Yoast SEO Premium plugin. -->","yoast_head_json":{"title":"SINIRLI \u0130\u015e\u0130TME Reflektif (araba) \u00e7\u0131kartmas\u0131 | Horend Goed Audiciens","robots":{"index":"index","follow":"follow","max-snippet":"max-snippet:-1","max-image-preview":"max-image-preview:large","max-video-preview":"max-video-preview:-1"},"canonical":"https:\/\/www.horendgoed.nl\/tr\/shop\/isitme-guclugu-cekenler-icin-yardimlar\/isitme-engelli-kisilerin-gorunurlugu\/sinirli-isitme-reflektif-araba-cikartmasi\/","og_locale":"tr_TR","og_type":"article","og_title":"SINIRLI \u0130\u015e\u0130TME Reflektif (araba) \u00e7\u0131kartmas\u0131","og_description":"Yans\u0131t\u0131c\u0131 (araba) \u00e7\u0131kartmas\u0131 S\u0131n\u0131rl\u0131 \u0130\u015fitme sembol\u00fc CBR&#8217;nin teori kitaplar\u0131nda yer almaktad\u0131r ve Hollanda trafik yasas\u0131n\u0131n bir par\u00e7as\u0131d\u0131r. S\u0131n\u0131rl\u0131 \u0130\u015fitme sembol\u00fcn\u00fcn faydalar\u0131: \u00d6rne\u011fin trafikte daha fazla anlay\u0131\u015f. Dile \u00f6zg\u00fc de\u011fildir, d\u00fcnyan\u0131n her yerinden herkes taraf\u0131ndan anla\u015f\u0131labilir Daha az s\u0131kl\u0131kta (iyi) duymad\u0131\u011f\u0131n\u0131z\u0131 s\u00f6ylemek zorunda kalmak \u00c7\u0131kartmalar bask\u0131 dahil Dim. 110 x 110 mm v.v. sar\u0131 yans\u0131t\u0131c\u0131 folyo &hellip;","og_url":"https:\/\/www.horendgoed.nl\/tr\/shop\/isitme-guclugu-cekenler-icin-yardimlar\/isitme-engelli-kisilerin-gorunurlugu\/sinirli-isitme-reflektif-araba-cikartmasi\/","og_site_name":"Horend Goed Audiciens","article_publisher":"https:\/\/www.facebook.com\/horendgoed","article_modified_time":"2025-07-02T06:37:01+00:00","og_image":[{"width":550,"height":546,"url":"https:\/\/www.horendgoed.nl\/wp-content\/uploads\/2022\/12\/8c14-c522-4974-85af-9d47016d1e02.jpg","type":"image\/jpeg"}],"schema":{"@context":"https:\/\/schema.org","@graph":[{"@type":"WebPage","@id":"https:\/\/www.horendgoed.nl\/tr\/shop\/isitme-guclugu-cekenler-icin-yardimlar\/isitme-engelli-kisilerin-gorunurlugu\/sinirli-isitme-reflektif-araba-cikartmasi\/","url":"https:\/\/www.horendgoed.nl\/tr\/shop\/isitme-guclugu-cekenler-icin-yardimlar\/isitme-engelli-kisilerin-gorunurlugu\/sinirli-isitme-reflektif-araba-cikartmasi\/","name":"SINIRLI \u0130\u015e\u0130TME Reflektif (araba) \u00e7\u0131kartmas\u0131 | Horend Goed Audiciens","isPartOf":{"@id":"https:\/\/www.horendgoed.nl\/tr\/#website"},"primaryImageOfPage":{"@id":"https:\/\/www.horendgoed.nl\/tr\/shop\/isitme-guclugu-cekenler-icin-yardimlar\/isitme-engelli-kisilerin-gorunurlugu\/sinirli-isitme-reflektif-araba-cikartmasi\/#primaryimage"},"image":{"@id":"https:\/\/www.horendgoed.nl\/tr\/shop\/isitme-guclugu-cekenler-icin-yardimlar\/isitme-engelli-kisilerin-gorunurlugu\/sinirli-isitme-reflektif-araba-cikartmasi\/#primaryimage"},"thumbnailUrl":"https:\/\/www.horendgoed.nl\/wp-content\/uploads\/2022\/12\/8c14-c522-4974-85af-9d47016d1e02.jpg","datePublished":"2022-12-13T11:45:20+00:00","dateModified":"2025-07-02T06:37:01+00:00","breadcrumb":{"@id":"https:\/\/www.horendgoed.nl\/tr\/shop\/isitme-guclugu-cekenler-icin-yardimlar\/isitme-engelli-kisilerin-gorunurlugu\/sinirli-isitme-reflektif-araba-cikartmasi\/#breadcrumb"},"inLanguage":"tr","potentialAction":[{"@type":"ReadAction","target":["https:\/\/www.horendgoed.nl\/tr\/shop\/isitme-guclugu-cekenler-icin-yardimlar\/isitme-engelli-kisilerin-gorunurlugu\/sinirli-isitme-reflektif-araba-cikartmasi\/"]}]},{"@type":"ImageObject","inLanguage":"tr","@id":"https:\/\/www.horendgoed.nl\/tr\/shop\/isitme-guclugu-cekenler-icin-yardimlar\/isitme-engelli-kisilerin-gorunurlugu\/sinirli-isitme-reflektif-araba-cikartmasi\/#primaryimage","url":"https:\/\/www.horendgoed.nl\/wp-content\/uploads\/2022\/12\/8c14-c522-4974-85af-9d47016d1e02.jpg","contentUrl":"https:\/\/www.horendgoed.nl\/wp-content\/uploads\/2022\/12\/8c14-c522-4974-85af-9d47016d1e02.jpg","width":550,"height":546},{"@type":"BreadcrumbList","@id":"https:\/\/www.horendgoed.nl\/tr\/shop\/isitme-guclugu-cekenler-icin-yardimlar\/isitme-engelli-kisilerin-gorunurlugu\/sinirli-isitme-reflektif-araba-cikartmasi\/#breadcrumb","itemListElement":[{"@type":"ListItem","position":1,"name":"Ev","item":"https:\/\/www.horendgoed.nl\/tr\/horend-goed-isitme-cihazlari-ve-isitme-korumasi-uzmani\/"},{"@type":"ListItem","position":2,"name":"\u00dcr\u00fcnler","item":"https:\/\/www.horendgoed.nl\/tr\/magaza\/urunler\/"},{"@type":"ListItem","position":3,"name":"SINIRLI \u0130\u015e\u0130TME Reflektif (araba) \u00e7\u0131kartmas\u0131"}]},{"@type":"WebSite","@id":"https:\/\/www.horendgoed.nl\/tr\/#website","url":"https:\/\/www.horendgoed.nl\/tr\/","name":"Horend Goed Audiciens","description":"Luistert Beter","publisher":{"@id":"https:\/\/www.horendgoed.nl\/tr\/#organization"},"potentialAction":[{"@type":"SearchAction","target":{"@type":"EntryPoint","urlTemplate":"https:\/\/www.horendgoed.nl\/tr\/?s={search_term_string}"},"query-input":{"@type":"PropertyValueSpecification","valueRequired":true,"valueName":"search_term_string"}}],"inLanguage":"tr"},{"@type":"Organization","@id":"https:\/\/www.horendgoed.nl\/tr\/#organization","name":"Horend Goed","url":"https:\/\/www.horendgoed.nl\/tr\/","logo":{"@type":"ImageObject","inLanguage":"tr","@id":"https:\/\/www.horendgoed.nl\/tr\/#\/schema\/logo\/image\/","url":"https:\/\/www.horendgoed.nl\/wp-content\/uploads\/2021\/05\/Logo-groot-e1621862526979.png","contentUrl":"https:\/\/www.horendgoed.nl\/wp-content\/uploads\/2021\/05\/Logo-groot-e1621862526979.png","width":509,"height":100,"caption":"Horend Goed"},"image":{"@id":"https:\/\/www.horendgoed.nl\/tr\/#\/schema\/logo\/image\/"},"sameAs":["https:\/\/www.facebook.com\/horendgoed","https:\/\/www.instagram.com\/horendgoed\/","https:\/\/www.linkedin.com\/company\/horend-goed\/","https:\/\/www.youtube.com\/@horendgoed"],"email":"info@horendgoed.nl","telephone":"075 20 25 203","vatID":"NL 853 756 193 B01"}]}},"jetpack_sharing_enabled":true,"_links":{"self":[{"href":"https:\/\/www.horendgoed.nl\/tr\/wp-json\/wp\/v2\/product\/235972","targetHints":{"allow":["GET"]}}],"collection":[{"href":"https:\/\/www.horendgoed.nl\/tr\/wp-json\/wp\/v2\/product"}],"about":[{"href":"https:\/\/www.horendgoed.nl\/tr\/wp-json\/wp\/v2\/types\/product"}],"wp:featuredmedia":[{"embeddable":true,"href":"https:\/\/www.horendgoed.nl\/tr\/wp-json\/wp\/v2\/media\/235974"}],"wp:attachment":[{"href":"https:\/\/www.horendgoed.nl\/tr\/wp-json\/wp\/v2\/media?parent=235972"}],"wp:term":[{"taxonomy":"product_brand","embeddable":true,"href":"https:\/\/www.horendgoed.nl\/tr\/wp-json\/wp\/v2\/product_brand?post=235972"},{"taxonomy":"product_cat","embeddable":true,"href":"https:\/\/www.horendgoed.nl\/tr\/wp-json\/wp\/v2\/product_cat?post=235972"},{"taxonomy":"product_tag","embeddable":true,"href":"https:\/\/www.horendgoed.nl\/tr\/wp-json\/wp\/v2\/product_tag?post=235972"}],"curies":[{"name":"wp","href":"https:\/\/api.w.org\/{rel}","templated":true}]}}