{"id":236701,"date":"2022-12-13T11:04:53","date_gmt":"2022-12-13T11:04:53","guid":{"rendered":"https:\/\/www.horendgoed.nl\/shop\/uncategorized\/flare-audio-calmer-mini-gri\/"},"modified":"2022-12-13T11:04:53","modified_gmt":"2022-12-13T10:04:53","slug":"flare-audio-calmer-mini-gri","status":"publish","type":"product","link":"https:\/\/www.horendgoed.nl\/tr\/shop\/sakinlestiriciler\/daha-sakin\/flare-audio-calmer-mini-gri\/","title":{"rendered":"Flare Audio Calmer mini Gri"},"content":{"rendered":"<h3>Flare Audio Calmer\u00ae Mini Grey - B\u00fcy\u00fck Ses Problemleri i\u00e7in K\u00fc\u00e7\u00fck \u00c7\u00f6z\u00fcm<\/h3>\n<p>G\u00fcnl\u00fck olarak stresli seslere maruz kalan insanlar i\u00e7in <strong>Flare Audio Calmer\u00ae Mini Grey<\/strong> yenilik\u00e7i bir \u00e7\u00f6z\u00fcm sunuyor. Bu k\u00fc\u00e7\u00fck ama g\u00fc\u00e7l\u00fc cihaz, sesi tamamen kapatmadan rahats\u0131z edici frekanslar\u0131n neden oldu\u011fu stresi azalt\u0131r. <strong>Otizm<\/strong>, <strong>hiperakuzi<\/strong>, <strong>misofoni<\/strong> ve <strong>g\u00fcr\u00fclt\u00fc stresi<\/strong> olanlar gibi hassas i\u015fitmeye sahip ki\u015filer i\u00e7in \u00f6zel olarak tasarlanm\u0131\u015ft\u0131r. <strong>Calmer\u00ae Mini<\/strong>, i\u015fitme duyunuzu yat\u0131\u015ft\u0131rmaya yard\u0131mc\u0131 olarak dikkat da\u011f\u0131t\u0131c\u0131 sesler arka planda kaybolurken \u00e7evrenizdeki \u00f6nemli seslere daha iyi odaklanman\u0131z\u0131 sa\u011flar.   <\/p>\n<h4>Stresi ve a\u015f\u0131r\u0131 uyar\u0131lmay\u0131 azalt\u0131r<\/h4>\n<p><strong>Flare Audio Calmer\u00ae Mini Grey<\/strong>, genellikle strese ve a\u015f\u0131r\u0131 uyar\u0131lmaya neden olan seslerdeki y\u00fcksek, rahats\u0131z edici frekanslar\u0131 azaltmak i\u00e7in tasarlanm\u0131\u015ft\u0131r. Bu \u00f6zellikle sese kar\u015f\u0131 a\u015f\u0131r\u0131 duyarl\u0131l\u0131\u011f\u0131 olan ki\u015filer i\u00e7in faydal\u0131 olabilir. Cihaz, g\u00fcnl\u00fck ya\u015famdaki seslerin neden oldu\u011fu stresi azaltmaya yard\u0131mc\u0131 olur, \u00f6rne\u011fin:  <\/p>\n<ul>\n<li>\u015eehirler, al\u0131\u015fveri\u015f merkezleri veya istasyonlar gibi <strong>kalabal\u0131k yerlerde g\u00fcr\u00fclt\u00fc<\/strong>.<\/li>\n<li>Trafi\u011fin, trenlerin ve otob\u00fcslerin s\u00fcrekli g\u00fcr\u00fclt\u00fcs\u00fcn\u00fcn oldu\u011fu <strong>seyahatler ve i\u015fe gidi\u015f geli\u015fler<\/strong> \u00e7o\u011fu zaman stresli olabilir.<\/li>\n<li>Telefon, arama ve cihaz g\u00fcr\u00fclt\u00fcs\u00fcn\u00fcn konsantrasyonu bozabildi\u011fi <strong>yo\u011fun i\u015f yerleri<\/strong>.<\/li>\n<li>Dikkat da\u011f\u0131t\u0131c\u0131 seslerin oldu\u011fu ortamlarda <strong>\u00e7al\u0131\u015f\u0131rken<\/strong>.<\/li>\n<\/ul>\n<p><strong>Calmer\u00ae Mini<\/strong>, bu seslerin keskin kenarlar\u0131n\u0131 kaybetmesini sa\u011flayarak \u00e7evrenizden tamamen kopmadan daha sakin ve rahat bir ortam deneyimlemenize olanak tan\u0131r. Bu da onu g\u00fcr\u00fclt\u00fcye kar\u015f\u0131 a\u015f\u0131r\u0131 hassas olan ancak yine de aktif ve me\u015fgul kalmak isteyen ki\u015filer i\u00e7in ideal bir \u00e7\u00f6z\u00fcm haline getirir. <\/p>\n<h4>K\u00fc\u00e7\u00fck kulak kanallar\u0131 i\u00e7in uygundur<\/h4>\n<p><strong>Flare Audio Calmer\u00ae Mini Grey<\/strong>, daha k\u00fc\u00e7\u00fck kulak kanallar\u0131na sahip olanlar i\u00e7in \u00f6zel olarak tasarlanm\u0131\u015ft\u0131r. Standart Flare Calmer\u00ae \u00e7o\u011fu kula\u011fa uygun olsa da, <strong>Calmer\u00ae Mini<\/strong>, \u00f6zellikle geleneksel kulak i\u00e7i kulakl\u0131klar\u0131n veya i\u015fitme koruyucular\u0131n\u0131n \u00e7ok b\u00fcy\u00fck veya rahats\u0131z edici oldu\u011funu d\u00fc\u015f\u00fcnenler i\u00e7in ayn\u0131 yenilik\u00e7i teknolojiyi daha kompakt bir boyutta sunar. <\/p>\n<p>Daha k\u00fc\u00e7\u00fck tasar\u0131m\u0131yla <strong>Calmer\u00ae Mini<\/strong>, bas\u0131n\u00e7 veya rahats\u0131zl\u0131\u011fa neden olmadan kula\u011fa rahat\u00e7a oturur. Bu sayede <strong>Calmer\u00ae Mini<\/strong> &#8216;yi \u00e7al\u0131\u015f\u0131rken, seyahat ederken, ders \u00e7al\u0131\u015f\u0131rken veya dinlenirken daha uzun s\u00fcreler boyunca takmak m\u00fcmk\u00fcnd\u00fcr. <\/p>\n<h4>Geli\u015fmi\u015f Ses Teknolojisi<\/h4>\n<p><strong>Calmer\u00ae Mini<\/strong>, i\u015fitmedeki bozulmay\u0131 ve rezonans\u0131 azaltmaya yard\u0131mc\u0131 olan \u00e7\u0131\u011f\u0131r a\u00e7an bir teknoloji kullan\u0131r. Bunu, ses dalgalar\u0131n\u0131n kulak kanal\u0131na nas\u0131l girdi\u011fini optimize ederek yapar. Calmer\u00ae \u00f6zellikle <strong>2 kHz ile 8 kHz<\/strong> aras\u0131ndaki rahats\u0131z edici frekanslar\u0131 azaltmaya odaklan\u0131r; bu frekanslar genellikle rahats\u0131z edici rezonanslardan ve ses bozulmas\u0131ndan sorumludur.  <\/p>\n<p>Sonu\u00e7 mu? Genellikle a\u015f\u0131r\u0131 uyar\u0131lmaya neden olan stresli frekanslar olmadan dengeli ses. <strong>Calmer\u00ae Mini<\/strong> geleneksel bir kulak t\u0131kac\u0131 veya i\u015fitme korumas\u0131 de\u011fildir; g\u00fcr\u00fclt\u00fcy\u00fc engellemek yerine, asl\u0131nda belirli seslerin neden olabilece\u011fi stresi azalt\u0131r. Sonu\u00e7 olarak, konu\u015fmalar ve m\u00fczik gibi \u00f6nemli sesleri duymaya devam edebilirsiniz, ancak dikkat da\u011f\u0131t\u0131c\u0131 g\u00fcr\u00fclt\u00fc olmadan.   <\/p>\n<h4>Rahat ve dayan\u0131kl\u0131<\/h4>\n<p><strong>Flare Audio Calmer\u00ae Mini Grey<\/strong> &#8216;in bir di\u011fer \u00f6nemli \u00f6zelli\u011fi de dayan\u0131kl\u0131, yumu\u015fak silikon kullan\u0131lmas\u0131d\u0131r. Bu malzeme sadece a\u015f\u0131nma ve y\u0131pranma olmadan uzun s\u00fcreli kullan\u0131m sa\u011flamakla kalmaz, ayn\u0131 zamanda uzun s\u00fcreli kullan\u0131m s\u0131ras\u0131nda bile rahatl\u0131k sa\u011flar. Hafif ve kompakt tasar\u0131m\u0131 sayesinde <strong>Calmer\u00ae Mini<\/strong> &#8216;yi kula\u011f\u0131n\u0131zda bir \u015fey oldu\u011funu fark etmeden t\u00fcm g\u00fcn kolayca takabilirsiniz.  <\/p>\n<p><strong>Calmer\u00ae Mini<\/strong> &#8216;nin dikkat \u00e7ekmeyen gri tasar\u0131m\u0131, cihaz\u0131n g\u00f6ze batmamas\u0131n\u0131 ve her ortamda kullan\u0131labilmesini sa\u011flar. \u0130ster ofiste olun, ister bir kafede oturun veya seyahat edin, fark edilmeden her zaman daha sessiz bir ses ortam\u0131ndan yararlanabilirsiniz. <\/p>\n<h4>\u00c7e\u015fitli Durumlar i\u00e7in \u0130deal<\/h4>\n<p><strong>Flare Audio Calmer\u00ae Mini Grey<\/strong>, \u00e7e\u015fitli durumlarda kullan\u0131m i\u00e7in m\u00fckemmeldir. <strong>Calmer\u00ae Mini<\/strong> &#8216;nin ger\u00e7ekten fark yaratabilece\u011fi baz\u0131 \u00f6rnekler: <\/p>\n<ul>\n<li>Al\u0131\u015fveri\u015f merkezleri, havaalanlar\u0131 gibi <strong>yo\u011fun ortamlarda<\/strong> veya sokakta s\u00fcrekli insan, trafik ve makine sesleri \u00e7o\u011fu zaman stresli olabilir.<\/li>\n<li>Toplu ta\u015f\u0131ma ara\u00e7lar\u0131nda <strong>seyahat ederken<\/strong>, trenlerden, otob\u00fcslerden ve di\u011fer yolculardan gelen g\u00fcr\u00fclt\u00fc dikkat da\u011f\u0131t\u0131c\u0131 olabilir.<\/li>\n<li>Telefonlar, konu\u015fmalar veya cihazlar gibi dikkat da\u011f\u0131t\u0131c\u0131 seslerin konsantrasyonunuzu bozabilece\u011fi <strong>i\u015f yerlerinde<\/strong>.<\/li>\n<li>Konsantre olmak i\u00e7in sessiz bir ortam\u0131n gerekli oldu\u011fu <strong>ders \u00e7al\u0131\u015f\u0131rken<\/strong>.<\/li>\n<\/ul>\n<h4>Flare Audio Calmer\u00ae Mini Grey&#8217;in Faydalar\u0131<\/h4>\n<ol>\n<li><strong>Stres seslerini azalt\u0131r<\/strong>: Sesi tamamen kapatmadan rahats\u0131z edici seslerin keskin kenarlar\u0131n\u0131 azalt\u0131r.<\/li>\n<li><strong>Kompakt ve rahat<\/strong>: Daha k\u00fc\u00e7\u00fck kulak kanallar\u0131na sahip ki\u015filer i\u00e7in \u00f6zel olarak tasarlanm\u0131\u015ft\u0131r, bu nedenle rahat\u00e7a oturur.<\/li>\n<li><strong>Geli\u015fmi\u015f teknoloji<\/strong>: \u00d6nemli sesleri bo\u011fmadan sesin kula\u011f\u0131n\u0131zda alg\u0131lanma \u015feklini optimize eder.<\/li>\n<li><strong>Dayan\u0131kl\u0131 ve yumu\u015fak malzeme<\/strong>: Uzun s\u00fcreli konfor i\u00e7in y\u00fcksek kaliteli silikondan yap\u0131lm\u0131\u015ft\u0131r.<\/li>\n<li><strong>Dikkat \u00e7ekmeyen tasar\u0131m<\/strong>: Gri, kompakt tasar\u0131m g\u00f6ze batmaz ve her durumda g\u00fcnl\u00fck kullan\u0131m i\u00e7in idealdir.<\/li>\n<\/ol>\n<h4>Sonu\u00e7<\/h4>\n<p><strong>Flare Audio Calmer\u00ae Mini Grey<\/strong>, g\u00fcr\u00fclt\u00fc hassasiyeti, hiperakuzi, misofoni sorunu ya\u015fayan veya sadece daha sessiz bir ses ortam\u0131 deneyimlemek isteyen herkes i\u00e7in yenilik\u00e7i bir \u00e7\u00f6z\u00fcm sunar. Kompakt tasar\u0131m\u0131, ileri teknolojisi ve konforlu, dayan\u0131kl\u0131 malzemesi ile <strong>Calmer\u00ae Mini<\/strong>, i\u015fitme duyusunu a\u015f\u0131r\u0131 uyar\u0131lmadan korumak isteyen daha k\u00fc\u00e7\u00fck kulak kanallar\u0131na sahip ki\u015filer i\u00e7in olmazsa olmazd\u0131r. <\/p>\n<p><strong>Flare Audio Calmer\u00ae Mini Grey<\/strong> &#8216;inizi bug\u00fcn sipari\u015f edin ve fark\u0131 deneyimleyin. Bu k\u00fc\u00e7\u00fck ama g\u00fc\u00e7l\u00fc kulakl\u0131klar\u0131n g\u00fcr\u00fclt\u00fc dolu bir d\u00fcnyada huzur bulman\u0131za nas\u0131l yard\u0131mc\u0131 olabilece\u011fini ke\u015ffedin. <\/p>\n","protected":false},"excerpt":{"rendered":"<p>Flare Audio Calmer\u00ae Mini Grey - B\u00fcy\u00fck Ses Problemleri i\u00e7in K\u00fc\u00e7\u00fck \u00c7\u00f6z\u00fcm G\u00fcnl\u00fck olarak stresli seslere maruz kalan insanlar i\u00e7in Flare Audio Calmer\u00ae Mini Grey yenilik\u00e7i bir \u00e7\u00f6z\u00fcm sunuyor. Bu k\u00fc\u00e7\u00fck ama g\u00fc\u00e7l\u00fc cihaz, sesi tamamen kapatmadan rahats\u0131z edici frekanslar\u0131n neden oldu\u011fu stresi azalt\u0131r. Otizm, hiperakuzi, misofoni ve g\u00fcr\u00fclt\u00fc stresi olanlar gibi hassas i\u015fitmeye sahip &hellip; <\/p>\n","protected":false},"featured_media":236708,"template":"","meta":{"_acf_changed":false},"product_brand":[],"product_cat":[16207],"product_tag":[],"class_list":["post-236701","product","type-product","status-publish","has-post-thumbnail","product_cat-daha-sakin","grid-sizer","latest_post","first","instock","taxable","shipping-taxable","purchasable","product-type-simple"],"acf":[],"yoast_head":"<!-- This site is optimized with the Yoast SEO Premium plugin v27.4 (Yoast SEO v28.3) - https:\/\/yoast.com\/product\/yoast-seo-premium-wordpress\/ -->\n<title>Flare Audio Calmer mini Gri | Horend Goed Audiciens<\/title>\n<meta name=\"robots\" content=\"index, follow, max-snippet:-1, max-image-preview:large, max-video-preview:-1\" \/>\n<link rel=\"canonical\" href=\"https:\/\/www.horendgoed.nl\/tr\/shop\/sakinlestiriciler\/daha-sakin\/flare-audio-calmer-mini-gri\/\" \/>\n<meta property=\"og:locale\" content=\"tr_TR\" \/>\n<meta property=\"og:type\" content=\"article\" \/>\n<meta property=\"og:title\" content=\"Flare Audio Calmer mini Gri\" \/>\n<meta property=\"og:description\" content=\"Flare Audio Calmer\u00ae Mini Grey - B\u00fcy\u00fck Ses Problemleri i\u00e7in K\u00fc\u00e7\u00fck \u00c7\u00f6z\u00fcm G\u00fcnl\u00fck olarak stresli seslere maruz kalan insanlar i\u00e7in Flare Audio Calmer\u00ae Mini Grey yenilik\u00e7i bir \u00e7\u00f6z\u00fcm sunuyor. Bu k\u00fc\u00e7\u00fck ama g\u00fc\u00e7l\u00fc cihaz, sesi tamamen kapatmadan rahats\u0131z edici frekanslar\u0131n neden oldu\u011fu stresi azalt\u0131r. Otizm, hiperakuzi, misofoni ve g\u00fcr\u00fclt\u00fc stresi olanlar gibi hassas i\u015fitmeye sahip &hellip;\" \/>\n<meta property=\"og:url\" content=\"https:\/\/www.horendgoed.nl\/tr\/shop\/sakinlestiriciler\/daha-sakin\/flare-audio-calmer-mini-gri\/\" \/>\n<meta property=\"og:site_name\" content=\"Horend Goed Audiciens\" \/>\n<meta property=\"article:publisher\" content=\"https:\/\/www.facebook.com\/horendgoed\" \/>\n<meta property=\"og:image\" content=\"https:\/\/www.horendgoed.nl\/wp-content\/uploads\/2022\/12\/cal-mini-si-gry-photoroom.jpg\" \/>\n\t<meta property=\"og:image:width\" content=\"2000\" \/>\n\t<meta property=\"og:image:height\" content=\"2000\" \/>\n\t<meta property=\"og:image:type\" content=\"image\/jpeg\" \/>\n<script type=\"application\/ld+json\" class=\"yoast-schema-graph\">{\"@context\":\"https:\\\/\\\/schema.org\",\"@graph\":[{\"@type\":\"WebPage\",\"@id\":\"https:\\\/\\\/www.horendgoed.nl\\\/tr\\\/shop\\\/sakinlestiriciler\\\/daha-sakin\\\/flare-audio-calmer-mini-gri\\\/\",\"url\":\"https:\\\/\\\/www.horendgoed.nl\\\/tr\\\/shop\\\/sakinlestiriciler\\\/daha-sakin\\\/flare-audio-calmer-mini-gri\\\/\",\"name\":\"Flare Audio Calmer mini Gri | Horend Goed Audiciens\",\"isPartOf\":{\"@id\":\"https:\\\/\\\/www.horendgoed.nl\\\/tr\\\/#website\"},\"primaryImageOfPage\":{\"@id\":\"https:\\\/\\\/www.horendgoed.nl\\\/tr\\\/shop\\\/sakinlestiriciler\\\/daha-sakin\\\/flare-audio-calmer-mini-gri\\\/#primaryimage\"},\"image\":{\"@id\":\"https:\\\/\\\/www.horendgoed.nl\\\/tr\\\/shop\\\/sakinlestiriciler\\\/daha-sakin\\\/flare-audio-calmer-mini-gri\\\/#primaryimage\"},\"thumbnailUrl\":\"https:\\\/\\\/www.horendgoed.nl\\\/wp-content\\\/uploads\\\/2022\\\/12\\\/cal-mini-si-gry-photoroom.jpg\",\"datePublished\":\"2022-12-13T11:04:53+00:00\",\"breadcrumb\":{\"@id\":\"https:\\\/\\\/www.horendgoed.nl\\\/tr\\\/shop\\\/sakinlestiriciler\\\/daha-sakin\\\/flare-audio-calmer-mini-gri\\\/#breadcrumb\"},\"inLanguage\":\"tr\",\"potentialAction\":[{\"@type\":\"ReadAction\",\"target\":[\"https:\\\/\\\/www.horendgoed.nl\\\/tr\\\/shop\\\/sakinlestiriciler\\\/daha-sakin\\\/flare-audio-calmer-mini-gri\\\/\"]}]},{\"@type\":\"ImageObject\",\"inLanguage\":\"tr\",\"@id\":\"https:\\\/\\\/www.horendgoed.nl\\\/tr\\\/shop\\\/sakinlestiriciler\\\/daha-sakin\\\/flare-audio-calmer-mini-gri\\\/#primaryimage\",\"url\":\"https:\\\/\\\/www.horendgoed.nl\\\/wp-content\\\/uploads\\\/2022\\\/12\\\/cal-mini-si-gry-photoroom.jpg\",\"contentUrl\":\"https:\\\/\\\/www.horendgoed.nl\\\/wp-content\\\/uploads\\\/2022\\\/12\\\/cal-mini-si-gry-photoroom.jpg\",\"width\":2000,\"height\":2000,\"caption\":\"flare audio calmer mini grijs\"},{\"@type\":\"BreadcrumbList\",\"@id\":\"https:\\\/\\\/www.horendgoed.nl\\\/tr\\\/shop\\\/sakinlestiriciler\\\/daha-sakin\\\/flare-audio-calmer-mini-gri\\\/#breadcrumb\",\"itemListElement\":[{\"@type\":\"ListItem\",\"position\":1,\"name\":\"Ev\",\"item\":\"https:\\\/\\\/www.horendgoed.nl\\\/tr\\\/horend-goed-isitme-cihazlari-ve-isitme-korumasi-uzmani\\\/\"},{\"@type\":\"ListItem\",\"position\":2,\"name\":\"\u00dcr\u00fcnler\",\"item\":\"https:\\\/\\\/www.horendgoed.nl\\\/tr\\\/magaza\\\/urunler\\\/\"},{\"@type\":\"ListItem\",\"position\":3,\"name\":\"Flare Audio Calmer mini Gri\"}]},{\"@type\":\"WebSite\",\"@id\":\"https:\\\/\\\/www.horendgoed.nl\\\/tr\\\/#website\",\"url\":\"https:\\\/\\\/www.horendgoed.nl\\\/tr\\\/\",\"name\":\"Horend Goed Audiciens\",\"description\":\"Luistert Beter\",\"publisher\":{\"@id\":\"https:\\\/\\\/www.horendgoed.nl\\\/tr\\\/#organization\"},\"potentialAction\":[{\"@type\":\"SearchAction\",\"target\":{\"@type\":\"EntryPoint\",\"urlTemplate\":\"https:\\\/\\\/www.horendgoed.nl\\\/tr\\\/?s={search_term_string}\"},\"query-input\":{\"@type\":\"PropertyValueSpecification\",\"valueRequired\":true,\"valueName\":\"search_term_string\"}}],\"inLanguage\":\"tr\"},{\"@type\":\"Organization\",\"@id\":\"https:\\\/\\\/www.horendgoed.nl\\\/tr\\\/#organization\",\"name\":\"Horend Goed\",\"url\":\"https:\\\/\\\/www.horendgoed.nl\\\/tr\\\/\",\"logo\":{\"@type\":\"ImageObject\",\"inLanguage\":\"tr\",\"@id\":\"https:\\\/\\\/www.horendgoed.nl\\\/tr\\\/#\\\/schema\\\/logo\\\/image\\\/\",\"url\":\"https:\\\/\\\/www.horendgoed.nl\\\/wp-content\\\/uploads\\\/2021\\\/05\\\/Logo-groot-e1621862526979.png\",\"contentUrl\":\"https:\\\/\\\/www.horendgoed.nl\\\/wp-content\\\/uploads\\\/2021\\\/05\\\/Logo-groot-e1621862526979.png\",\"width\":509,\"height\":100,\"caption\":\"Horend Goed\"},\"image\":{\"@id\":\"https:\\\/\\\/www.horendgoed.nl\\\/tr\\\/#\\\/schema\\\/logo\\\/image\\\/\"},\"sameAs\":[\"https:\\\/\\\/www.facebook.com\\\/horendgoed\",\"https:\\\/\\\/www.instagram.com\\\/horendgoed\\\/\",\"https:\\\/\\\/www.linkedin.com\\\/company\\\/horend-goed\\\/\",\"https:\\\/\\\/www.youtube.com\\\/@horendgoed\"],\"email\":\"info@horendgoed.nl\",\"telephone\":\"075 20 25 203\",\"vatID\":\"NL 853 756 193 B01\"}]}<\/script>\n<!-- \/ Yoast SEO Premium plugin. -->","yoast_head_json":{"title":"Flare Audio Calmer mini Gri | Horend Goed Audiciens","robots":{"index":"index","follow":"follow","max-snippet":"max-snippet:-1","max-image-preview":"max-image-preview:large","max-video-preview":"max-video-preview:-1"},"canonical":"https:\/\/www.horendgoed.nl\/tr\/shop\/sakinlestiriciler\/daha-sakin\/flare-audio-calmer-mini-gri\/","og_locale":"tr_TR","og_type":"article","og_title":"Flare Audio Calmer mini Gri","og_description":"Flare Audio Calmer\u00ae Mini Grey - B\u00fcy\u00fck Ses Problemleri i\u00e7in K\u00fc\u00e7\u00fck \u00c7\u00f6z\u00fcm G\u00fcnl\u00fck olarak stresli seslere maruz kalan insanlar i\u00e7in Flare Audio Calmer\u00ae Mini Grey yenilik\u00e7i bir \u00e7\u00f6z\u00fcm sunuyor. Bu k\u00fc\u00e7\u00fck ama g\u00fc\u00e7l\u00fc cihaz, sesi tamamen kapatmadan rahats\u0131z edici frekanslar\u0131n neden oldu\u011fu stresi azalt\u0131r. Otizm, hiperakuzi, misofoni ve g\u00fcr\u00fclt\u00fc stresi olanlar gibi hassas i\u015fitmeye sahip &hellip;","og_url":"https:\/\/www.horendgoed.nl\/tr\/shop\/sakinlestiriciler\/daha-sakin\/flare-audio-calmer-mini-gri\/","og_site_name":"Horend Goed Audiciens","article_publisher":"https:\/\/www.facebook.com\/horendgoed","og_image":[{"width":2000,"height":2000,"url":"https:\/\/www.horendgoed.nl\/wp-content\/uploads\/2022\/12\/cal-mini-si-gry-photoroom.jpg","type":"image\/jpeg"}],"schema":{"@context":"https:\/\/schema.org","@graph":[{"@type":"WebPage","@id":"https:\/\/www.horendgoed.nl\/tr\/shop\/sakinlestiriciler\/daha-sakin\/flare-audio-calmer-mini-gri\/","url":"https:\/\/www.horendgoed.nl\/tr\/shop\/sakinlestiriciler\/daha-sakin\/flare-audio-calmer-mini-gri\/","name":"Flare Audio Calmer mini Gri | Horend Goed Audiciens","isPartOf":{"@id":"https:\/\/www.horendgoed.nl\/tr\/#website"},"primaryImageOfPage":{"@id":"https:\/\/www.horendgoed.nl\/tr\/shop\/sakinlestiriciler\/daha-sakin\/flare-audio-calmer-mini-gri\/#primaryimage"},"image":{"@id":"https:\/\/www.horendgoed.nl\/tr\/shop\/sakinlestiriciler\/daha-sakin\/flare-audio-calmer-mini-gri\/#primaryimage"},"thumbnailUrl":"https:\/\/www.horendgoed.nl\/wp-content\/uploads\/2022\/12\/cal-mini-si-gry-photoroom.jpg","datePublished":"2022-12-13T11:04:53+00:00","breadcrumb":{"@id":"https:\/\/www.horendgoed.nl\/tr\/shop\/sakinlestiriciler\/daha-sakin\/flare-audio-calmer-mini-gri\/#breadcrumb"},"inLanguage":"tr","potentialAction":[{"@type":"ReadAction","target":["https:\/\/www.horendgoed.nl\/tr\/shop\/sakinlestiriciler\/daha-sakin\/flare-audio-calmer-mini-gri\/"]}]},{"@type":"ImageObject","inLanguage":"tr","@id":"https:\/\/www.horendgoed.nl\/tr\/shop\/sakinlestiriciler\/daha-sakin\/flare-audio-calmer-mini-gri\/#primaryimage","url":"https:\/\/www.horendgoed.nl\/wp-content\/uploads\/2022\/12\/cal-mini-si-gry-photoroom.jpg","contentUrl":"https:\/\/www.horendgoed.nl\/wp-content\/uploads\/2022\/12\/cal-mini-si-gry-photoroom.jpg","width":2000,"height":2000,"caption":"flare audio calmer mini grijs"},{"@type":"BreadcrumbList","@id":"https:\/\/www.horendgoed.nl\/tr\/shop\/sakinlestiriciler\/daha-sakin\/flare-audio-calmer-mini-gri\/#breadcrumb","itemListElement":[{"@type":"ListItem","position":1,"name":"Ev","item":"https:\/\/www.horendgoed.nl\/tr\/horend-goed-isitme-cihazlari-ve-isitme-korumasi-uzmani\/"},{"@type":"ListItem","position":2,"name":"\u00dcr\u00fcnler","item":"https:\/\/www.horendgoed.nl\/tr\/magaza\/urunler\/"},{"@type":"ListItem","position":3,"name":"Flare Audio Calmer mini Gri"}]},{"@type":"WebSite","@id":"https:\/\/www.horendgoed.nl\/tr\/#website","url":"https:\/\/www.horendgoed.nl\/tr\/","name":"Horend Goed Audiciens","description":"Luistert Beter","publisher":{"@id":"https:\/\/www.horendgoed.nl\/tr\/#organization"},"potentialAction":[{"@type":"SearchAction","target":{"@type":"EntryPoint","urlTemplate":"https:\/\/www.horendgoed.nl\/tr\/?s={search_term_string}"},"query-input":{"@type":"PropertyValueSpecification","valueRequired":true,"valueName":"search_term_string"}}],"inLanguage":"tr"},{"@type":"Organization","@id":"https:\/\/www.horendgoed.nl\/tr\/#organization","name":"Horend Goed","url":"https:\/\/www.horendgoed.nl\/tr\/","logo":{"@type":"ImageObject","inLanguage":"tr","@id":"https:\/\/www.horendgoed.nl\/tr\/#\/schema\/logo\/image\/","url":"https:\/\/www.horendgoed.nl\/wp-content\/uploads\/2021\/05\/Logo-groot-e1621862526979.png","contentUrl":"https:\/\/www.horendgoed.nl\/wp-content\/uploads\/2021\/05\/Logo-groot-e1621862526979.png","width":509,"height":100,"caption":"Horend Goed"},"image":{"@id":"https:\/\/www.horendgoed.nl\/tr\/#\/schema\/logo\/image\/"},"sameAs":["https:\/\/www.facebook.com\/horendgoed","https:\/\/www.instagram.com\/horendgoed\/","https:\/\/www.linkedin.com\/company\/horend-goed\/","https:\/\/www.youtube.com\/@horendgoed"],"email":"info@horendgoed.nl","telephone":"075 20 25 203","vatID":"NL 853 756 193 B01"}]}},"jetpack_sharing_enabled":true,"_links":{"self":[{"href":"https:\/\/www.horendgoed.nl\/tr\/wp-json\/wp\/v2\/product\/236701","targetHints":{"allow":["GET"]}}],"collection":[{"href":"https:\/\/www.horendgoed.nl\/tr\/wp-json\/wp\/v2\/product"}],"about":[{"href":"https:\/\/www.horendgoed.nl\/tr\/wp-json\/wp\/v2\/types\/product"}],"wp:featuredmedia":[{"embeddable":true,"href":"https:\/\/www.horendgoed.nl\/tr\/wp-json\/wp\/v2\/media\/236708"}],"wp:attachment":[{"href":"https:\/\/www.horendgoed.nl\/tr\/wp-json\/wp\/v2\/media?parent=236701"}],"wp:term":[{"taxonomy":"product_brand","embeddable":true,"href":"https:\/\/www.horendgoed.nl\/tr\/wp-json\/wp\/v2\/product_brand?post=236701"},{"taxonomy":"product_cat","embeddable":true,"href":"https:\/\/www.horendgoed.nl\/tr\/wp-json\/wp\/v2\/product_cat?post=236701"},{"taxonomy":"product_tag","embeddable":true,"href":"https:\/\/www.horendgoed.nl\/tr\/wp-json\/wp\/v2\/product_tag?post=236701"}],"curies":[{"name":"wp","href":"https:\/\/api.w.org\/{rel}","templated":true}]}}