{"id":238513,"date":"2023-10-20T16:47:27","date_gmt":"2023-10-20T16:47:27","guid":{"rendered":"https:\/\/www.horendgoed.nl\/shop\/uncategorized\/flare-audio-calmer-pro-mini-ice\/"},"modified":"2023-10-20T16:47:27","modified_gmt":"2023-10-20T14:47:27","slug":"flare-audio-calmer-pro-mini-ice","status":"publish","type":"product","link":"https:\/\/www.horendgoed.nl\/tr\/shop\/sakinlestiriciler\/daha-sakin\/flare-audio-calmer-pro-mini-ice\/","title":{"rendered":"Flare Audio Calmer Pro mini ICE"},"content":{"rendered":"<h3>Flare Audio Calmer\u00ae Pro Mini ICE ile Tan\u0131\u015f\u0131n: G\u00fcr\u00fclt\u00fc Hassasiyeti i\u00e7in Kompakt \u00c7\u00f6z\u00fcm<\/h3>\n<p>Trafik, \u00e7i\u011fneme veya elektronik cihazlar\u0131n s\u00fcrekli u\u011fultusu gibi seslere kar\u015f\u0131 hassas olan herkes i\u00e7in <strong>Flare Audio Calmer\u00ae Pro Mini<\/strong> devrim niteli\u011finde bir \u00e7\u00f6z\u00fcm sunuyor. Bu kompakt kulak i\u00e7i \u00fcr\u00fcn, sizi \u00e7evrenizden tamamen koparmadan sesi alg\u0131lama \u015feklinizi iyile\u015ftirmek i\u00e7in \u00f6zel olarak tasarlanm\u0131\u015ft\u0131r. Geleneksel i\u015fitme korumas\u0131n\u0131n aksine, Calmer\u00ae Pro Mini rahats\u0131z edici ve tahri\u015f edici frekanslar\u0131 azaltarak ses kalitesini optimize etmeye odaklan\u0131r. Sonu\u00e7, daha dengeli ve rahatlat\u0131c\u0131 bir dinleme deneyimidir.   <\/p>\n<h4>Flare Audio Calmer\u00ae Pro Mini nedir?<\/h4>\n<p><strong>Calmer\u00ae Pro Mini<\/strong>, pop\u00fcler <strong>Calmer\u00ae Pro<\/strong>&#8216;nun daha k\u00fc\u00e7\u00fck ve dikkat \u00e7ekmeyecek \u015fekilde tasarlanm\u0131\u015f bir versiyonudur. Ayn\u0131 \u00e7\u0131\u011f\u0131r a\u00e7an teknolojiyi daha kompakt bir bi\u00e7imde sunar. Mini versiyon, tak\u0131ld\u0131\u011f\u0131nda neredeyse hi\u00e7 fark edilmeyen daha k\u00fc\u00e7\u00fck bir tasar\u0131m\u0131 tercih eden ki\u015filer i\u00e7in m\u00fckemmeldir. Cihaz, sizi \u00e7evrenizden tamamen koparmadan rahats\u0131z edici sesleri bo\u011fan i\u00e7i bo\u015f, akustik bir teknoloji kullan\u0131r. Bu da daha sessiz, daha kontroll\u00fc bir ses ortam\u0131 yarat\u0131r ve baz\u0131 g\u00fcnl\u00fck seslere kar\u015f\u0131 hassas olan ki\u015filer i\u00e7in idealdir.    <\/p>\n<h4>Rakipsiz ses hassasiyeti<\/h4>\n<p><strong>Flare Audio Calmer\u00ae Pro Mini<\/strong>, benzersiz bir ses deneyimi sa\u011flamak i\u00e7in tasarlanm\u0131\u015ft\u0131r. Calmer\u00ae Pro Mini, geleneksel kulak t\u0131ka\u00e7lar\u0131n\u0131n yapt\u0131\u011f\u0131 gibi sadece sesi engellemek yerine, ses dalgalar\u0131n\u0131n kula\u011f\u0131n\u0131za giri\u015f \u015feklini iyile\u015ftirmeye odaklan\u0131r. Bu benzersiz i\u00e7b\u00fckey tasar\u0131m, do\u011fal ortam seslerini tamamen bo\u011fmadan trafik g\u00fcr\u00fclt\u00fcs\u00fc gibi rahats\u0131z edici ve keskin sesleri azalt\u0131r. Bu, kalabal\u0131k ve g\u00fcr\u00fclt\u00fcl\u00fc ortamlarda bile rahatlaman\u0131z\u0131 ve daha sessiz bir ses ortam\u0131n\u0131n keyfini \u00e7\u0131karman\u0131z\u0131 sa\u011flar.   <\/p>\n<h4>G\u00fcr\u00fclt\u00fc Hassasiyeti i\u00e7in Bir \u00c7\u00f6z\u00fcm<\/h4>\n<p><strong>Calmer\u00ae Pro Mini<\/strong>, g\u00fcr\u00fclt\u00fcye kar\u015f\u0131 a\u015f\u0131r\u0131 duyarl\u0131l\u0131\u011f\u0131 olan ki\u015filer i\u00e7in \u00f6zel olarak tasarlanm\u0131\u015ft\u0131r. \u0130ster kalabal\u0131k kamusal alanlardaki keskin seslerden muzdarip olun, ister sosyal ortamlarda a\u015f\u0131r\u0131 duyusal y\u00fcklenme ya\u015fay\u0131n ya da \u00e7i\u011fneme veya t\u0131klama gibi g\u00fcnl\u00fck sesleri tolere etmekte zorluk \u00e7ekiyor olun, Calmer\u00ae Pro Mini rahatlama sa\u011flar. Teknoloji bu seslerin keskinli\u011fini azaltarak daha iyi odaklanman\u0131z\u0131, rahatlaman\u0131z\u0131 ve etraf\u0131n\u0131zdaki d\u00fcnyan\u0131n tad\u0131n\u0131 \u00e7\u0131karman\u0131z\u0131 sa\u011flar.  <\/p>\n<h4>Calmer\u00ae Pro Mini&#8217;nin temel \u00f6zellikleri<\/h4>\n<ol>\n<li><strong>Kompakt \u0130\u00e7i Bo\u015f Tasar\u0131m<\/strong><br \/>\n<strong>Calmer\u00ae Pro Mini<\/strong>, sesi do\u011fal bir \u015fekilde kulaklar\u0131n\u0131za y\u00f6nlendiren kompakt, i\u00e7i bo\u015f bir tasar\u0131m kullan\u0131r. Bu benzersiz tasar\u0131m, ortam g\u00fcr\u00fclt\u00fcs\u00fcn\u00fc tamamen engellemeden rahats\u0131z edici sesleri azaltmaya yard\u0131mc\u0131 olur. Sonu\u00e7, daha do\u011fal ve rahatlat\u0131c\u0131 bir dinleme deneyimidir ve y\u00fcksek seslere veya a\u015f\u0131r\u0131 uyar\u0131lmaya kar\u015f\u0131 hassas olan ki\u015filer i\u00e7in m\u00fckemmeldir.  <\/li>\n<li><strong>Geli\u015ftirilmi\u015f Konfor<\/strong><br \/>\n<strong>Flare Audio Calmer\u00ae Pro Mini<\/strong>, konfor d\u00fc\u015f\u00fcn\u00fclerek tasarlanm\u0131\u015ft\u0131r. Yumu\u015fak silikondan yap\u0131lm\u0131\u015f ve havac\u0131l\u0131k al\u00fcminyumu ses dalga k\u0131lavuzuna sahip mini versiyon, hem hassasiyet hem de uzun s\u00fcreli konfor sunar. \u0130ster evde, ister yo\u011fun bir \u015fehirde veya i\u015fe giderken olun, Calmer\u00ae Pro Mini uzun s\u00fcreli kullan\u0131mda bile rahatl\u0131\u011f\u0131n\u0131 korur.  <\/li>\n<li><strong>\u00c7ok Y\u00f6nl\u00fc Kullan\u0131m<\/strong><br \/>\nCalmer\u00ae Pro Mini, ofisteki dikkat da\u011f\u0131t\u0131c\u0131 g\u00fcr\u00fclt\u00fcy\u00fc azaltmaktan yo\u011fun kamusal alanlarda konfor sa\u011flamaya kadar \u00e7e\u015fitli durumlar i\u00e7in uygundur. Kompakt boyutu ve g\u00f6ze \u00e7arpmayan tasar\u0131m\u0131, etraf\u0131n\u0131zdaki d\u00fcnyadan tamamen izole edilmi\u015f hissetmeden g\u00fcnl\u00fck kullan\u0131m i\u00e7in idealdir. <\/li>\n<li><strong>T\u00fcm Aile \u0130\u00e7in Uygun<\/strong><br \/>\nDaha b\u00fcy\u00fck Calmer\u00ae Pro versiyonu gibi, <strong>Calmer\u00ae Pro Mini<\/strong> de \u00e7e\u015fitli kullan\u0131c\u0131lar i\u00e7in mevcuttur. Kompakt boyutu, gizli bir g\u00fcr\u00fclt\u00fc hassasiyeti \u00e7\u00f6z\u00fcm\u00fc arayan ki\u015filer i\u00e7in m\u00fckemmeldir. \u0130ster d\u00fczenli olarak g\u00fcr\u00fclt\u00fcye maruz kalan bir yeti\u015fkin ister duyusal hassasiyetleri olan bir \u00e7ocuk olun, Calmer\u00ae Pro Mini her durumda rahatl\u0131k ve huzur sunar.  <\/li>\n<li><strong>Eller Serbest Ses \u00c7\u00f6z\u00fcm\u00fc<\/strong><br \/>\nCalmer\u00ae Pro Mini tamamen eller serbest ses kontrol\u00fc sunar. Sesi bo\u011fan veya engelleyen i\u015fitme koruyucular\u0131 veya geleneksel kulak t\u0131ka\u00e7lar\u0131n\u0131n aksine, Calmer\u00ae Pro Mini etraf\u0131n\u0131zdaki sesleri ustaca ayarlar. Bu, i\u015fitsel alg\u0131dan \u00f6d\u00fcn vermeden g\u00fcn boyu rahat\u00e7a dinlemeye devam edebilece\u011finiz anlam\u0131na gelir.  <\/li>\n<\/ol>\n<h4>Calmer\u00ae Pro Mini kimler i\u00e7in uygundur?<\/h4>\n<p><strong>Flare Audio Calmer\u00ae Pro Mini<\/strong>, ortam g\u00fcr\u00fclt\u00fcs\u00fcne kar\u015f\u0131 hassas olan veya dikkat da\u011f\u0131t\u0131c\u0131 sesleri kontrol etmenin bir yolunu arayan herkes i\u00e7in m\u00fckemmeldir. Mini versiyon, orijinal Calmer\u00ae Pro ile ayn\u0131 geli\u015fmi\u015f teknolojiyi sunar, ancak daha k\u00fc\u00e7\u00fck ve daha gizli bir tasar\u0131ma sahiptir. \u015eunlar i\u00e7in idealdir:  <\/p>\n<ul>\n<li><strong>G\u00fcr\u00fclt\u00fc hassasiyeti<\/strong> veya <strong>duyusal a\u015f\u0131r\u0131 uyar\u0131lma<\/strong> olan ki\u015filer.<\/li>\n<li>\u0130\u015fitsel konfor i\u00e7in daha kompakt bir \u00e7\u00f6z\u00fcm arayanlar.<\/li>\n<li>G\u00fcr\u00fclt\u00fcl\u00fc ortamlarda \u00e7al\u0131\u015fan veya ya\u015fayan ve geli\u015fmi\u015f bir dinleme deneyimine ihtiya\u00e7 duyan herkes.<\/li>\n<\/ul>\n<h4>Sonu\u00e7<\/h4>\n<p><strong>Flare Audio Calmer\u00ae Pro Mini<\/strong>, seslerin nas\u0131l alg\u0131land\u0131\u011f\u0131 \u00fczerinde daha fazla kontrol sahibi olmak isteyen herkes i\u00e7in kompakt ve etkili bir \u00e7\u00f6z\u00fcm sunar. E\u015fsiz tasar\u0131m\u0131 ve \u00e7\u0131\u011f\u0131r a\u00e7an teknolojisi ile Calmer\u00ae Pro Mini, sizi etraf\u0131n\u0131zdaki d\u00fcnyadan koparmadan rahats\u0131z edici sesleri azalt\u0131r. Seslere kar\u015f\u0131 hassas olan veya g\u00fcnl\u00fck ya\u015fam\u0131nda daha fazla huzur ve sessizlik isteyen herkes i\u00e7in m\u00fckemmel bir se\u00e7imdir.  <\/p>\n<p><strong>Flare Audio Calmer\u00ae Pro Mini<\/strong> &#8216;nin i\u015fitsel konforunuzu nas\u0131l art\u0131rabilece\u011fini bug\u00fcn deneyimleyin. Net ve konforlu i\u015fitmenin gelece\u011fi burada ba\u015fl\u0131yor! <\/p>\n","protected":false},"excerpt":{"rendered":"<p>Flare Audio Calmer\u00ae Pro Mini ICE ile Tan\u0131\u015f\u0131n: G\u00fcr\u00fclt\u00fc Hassasiyeti i\u00e7in Kompakt \u00c7\u00f6z\u00fcm Trafik, \u00e7i\u011fneme veya elektronik cihazlar\u0131n s\u00fcrekli u\u011fultusu gibi seslere kar\u015f\u0131 hassas olan herkes i\u00e7in Flare Audio Calmer\u00ae Pro Mini devrim niteli\u011finde bir \u00e7\u00f6z\u00fcm sunuyor. Bu kompakt kulak i\u00e7i \u00fcr\u00fcn, sizi \u00e7evrenizden tamamen koparmadan sesi alg\u0131lama \u015feklinizi iyile\u015ftirmek i\u00e7in \u00f6zel olarak tasarlanm\u0131\u015ft\u0131r. Geleneksel &hellip; <\/p>\n","protected":false},"featured_media":238526,"template":"","meta":{"_acf_changed":false},"product_brand":[],"product_cat":[16207],"product_tag":[],"class_list":["post-238513","product","type-product","status-publish","has-post-thumbnail","product_cat-daha-sakin","grid-sizer","latest_post","first","instock","taxable","shipping-taxable","purchasable","product-type-simple"],"acf":[],"yoast_head":"<!-- This site is optimized with the Yoast SEO Premium plugin v27.4 (Yoast SEO v28.3) - https:\/\/yoast.com\/product\/yoast-seo-premium-wordpress\/ -->\n<title>Flare Audio Calmer Pro mini ICE | Horend Goed Audiciens<\/title>\n<meta name=\"robots\" content=\"index, follow, max-snippet:-1, max-image-preview:large, max-video-preview:-1\" \/>\n<link rel=\"canonical\" href=\"https:\/\/www.horendgoed.nl\/tr\/shop\/sakinlestiriciler\/daha-sakin\/flare-audio-calmer-pro-mini-ice\/\" \/>\n<meta property=\"og:locale\" content=\"tr_TR\" \/>\n<meta property=\"og:type\" content=\"article\" \/>\n<meta property=\"og:title\" content=\"Flare Audio Calmer Pro mini ICE\" \/>\n<meta property=\"og:description\" content=\"Flare Audio Calmer\u00ae Pro Mini ICE ile Tan\u0131\u015f\u0131n: G\u00fcr\u00fclt\u00fc Hassasiyeti i\u00e7in Kompakt \u00c7\u00f6z\u00fcm Trafik, \u00e7i\u011fneme veya elektronik cihazlar\u0131n s\u00fcrekli u\u011fultusu gibi seslere kar\u015f\u0131 hassas olan herkes i\u00e7in Flare Audio Calmer\u00ae Pro Mini devrim niteli\u011finde bir \u00e7\u00f6z\u00fcm sunuyor. Bu kompakt kulak i\u00e7i \u00fcr\u00fcn, sizi \u00e7evrenizden tamamen koparmadan sesi alg\u0131lama \u015feklinizi iyile\u015ftirmek i\u00e7in \u00f6zel olarak tasarlanm\u0131\u015ft\u0131r. Geleneksel &hellip;\" \/>\n<meta property=\"og:url\" content=\"https:\/\/www.horendgoed.nl\/tr\/shop\/sakinlestiriciler\/daha-sakin\/flare-audio-calmer-pro-mini-ice\/\" \/>\n<meta property=\"og:site_name\" content=\"Horend Goed Audiciens\" \/>\n<meta property=\"article:publisher\" content=\"https:\/\/www.facebook.com\/horendgoed\" \/>\n<meta property=\"og:image\" content=\"https:\/\/www.horendgoed.nl\/wp-content\/uploads\/2023\/10\/246f-4b69-4815-8ed2-66c22a296f6d-1-photoroom.jpg\" \/>\n\t<meta property=\"og:image:width\" content=\"2000\" \/>\n\t<meta property=\"og:image:height\" content=\"2000\" \/>\n\t<meta property=\"og:image:type\" content=\"image\/jpeg\" \/>\n<script type=\"application\/ld+json\" class=\"yoast-schema-graph\">{\"@context\":\"https:\\\/\\\/schema.org\",\"@graph\":[{\"@type\":\"WebPage\",\"@id\":\"https:\\\/\\\/www.horendgoed.nl\\\/tr\\\/shop\\\/sakinlestiriciler\\\/daha-sakin\\\/flare-audio-calmer-pro-mini-ice\\\/\",\"url\":\"https:\\\/\\\/www.horendgoed.nl\\\/tr\\\/shop\\\/sakinlestiriciler\\\/daha-sakin\\\/flare-audio-calmer-pro-mini-ice\\\/\",\"name\":\"Flare Audio Calmer Pro mini ICE | Horend Goed Audiciens\",\"isPartOf\":{\"@id\":\"https:\\\/\\\/www.horendgoed.nl\\\/tr\\\/#website\"},\"primaryImageOfPage\":{\"@id\":\"https:\\\/\\\/www.horendgoed.nl\\\/tr\\\/shop\\\/sakinlestiriciler\\\/daha-sakin\\\/flare-audio-calmer-pro-mini-ice\\\/#primaryimage\"},\"image\":{\"@id\":\"https:\\\/\\\/www.horendgoed.nl\\\/tr\\\/shop\\\/sakinlestiriciler\\\/daha-sakin\\\/flare-audio-calmer-pro-mini-ice\\\/#primaryimage\"},\"thumbnailUrl\":\"https:\\\/\\\/www.horendgoed.nl\\\/wp-content\\\/uploads\\\/2023\\\/10\\\/246f-4b69-4815-8ed2-66c22a296f6d-1-photoroom.jpg\",\"datePublished\":\"2023-10-20T16:47:27+00:00\",\"breadcrumb\":{\"@id\":\"https:\\\/\\\/www.horendgoed.nl\\\/tr\\\/shop\\\/sakinlestiriciler\\\/daha-sakin\\\/flare-audio-calmer-pro-mini-ice\\\/#breadcrumb\"},\"inLanguage\":\"tr\",\"potentialAction\":[{\"@type\":\"ReadAction\",\"target\":[\"https:\\\/\\\/www.horendgoed.nl\\\/tr\\\/shop\\\/sakinlestiriciler\\\/daha-sakin\\\/flare-audio-calmer-pro-mini-ice\\\/\"]}]},{\"@type\":\"ImageObject\",\"inLanguage\":\"tr\",\"@id\":\"https:\\\/\\\/www.horendgoed.nl\\\/tr\\\/shop\\\/sakinlestiriciler\\\/daha-sakin\\\/flare-audio-calmer-pro-mini-ice\\\/#primaryimage\",\"url\":\"https:\\\/\\\/www.horendgoed.nl\\\/wp-content\\\/uploads\\\/2023\\\/10\\\/246f-4b69-4815-8ed2-66c22a296f6d-1-photoroom.jpg\",\"contentUrl\":\"https:\\\/\\\/www.horendgoed.nl\\\/wp-content\\\/uploads\\\/2023\\\/10\\\/246f-4b69-4815-8ed2-66c22a296f6d-1-photoroom.jpg\",\"width\":2000,\"height\":2000,\"caption\":\"flare audio calmer pro mini ice\"},{\"@type\":\"BreadcrumbList\",\"@id\":\"https:\\\/\\\/www.horendgoed.nl\\\/tr\\\/shop\\\/sakinlestiriciler\\\/daha-sakin\\\/flare-audio-calmer-pro-mini-ice\\\/#breadcrumb\",\"itemListElement\":[{\"@type\":\"ListItem\",\"position\":1,\"name\":\"Ev\",\"item\":\"https:\\\/\\\/www.horendgoed.nl\\\/tr\\\/horend-goed-isitme-cihazlari-ve-isitme-korumasi-uzmani\\\/\"},{\"@type\":\"ListItem\",\"position\":2,\"name\":\"\u00dcr\u00fcnler\",\"item\":\"https:\\\/\\\/www.horendgoed.nl\\\/tr\\\/magaza\\\/urunler\\\/\"},{\"@type\":\"ListItem\",\"position\":3,\"name\":\"Flare Audio Calmer Pro mini ICE\"}]},{\"@type\":\"WebSite\",\"@id\":\"https:\\\/\\\/www.horendgoed.nl\\\/tr\\\/#website\",\"url\":\"https:\\\/\\\/www.horendgoed.nl\\\/tr\\\/\",\"name\":\"Horend Goed Audiciens\",\"description\":\"Luistert Beter\",\"publisher\":{\"@id\":\"https:\\\/\\\/www.horendgoed.nl\\\/tr\\\/#organization\"},\"potentialAction\":[{\"@type\":\"SearchAction\",\"target\":{\"@type\":\"EntryPoint\",\"urlTemplate\":\"https:\\\/\\\/www.horendgoed.nl\\\/tr\\\/?s={search_term_string}\"},\"query-input\":{\"@type\":\"PropertyValueSpecification\",\"valueRequired\":true,\"valueName\":\"search_term_string\"}}],\"inLanguage\":\"tr\"},{\"@type\":\"Organization\",\"@id\":\"https:\\\/\\\/www.horendgoed.nl\\\/tr\\\/#organization\",\"name\":\"Horend Goed\",\"url\":\"https:\\\/\\\/www.horendgoed.nl\\\/tr\\\/\",\"logo\":{\"@type\":\"ImageObject\",\"inLanguage\":\"tr\",\"@id\":\"https:\\\/\\\/www.horendgoed.nl\\\/tr\\\/#\\\/schema\\\/logo\\\/image\\\/\",\"url\":\"https:\\\/\\\/www.horendgoed.nl\\\/wp-content\\\/uploads\\\/2021\\\/05\\\/Logo-groot-e1621862526979.png\",\"contentUrl\":\"https:\\\/\\\/www.horendgoed.nl\\\/wp-content\\\/uploads\\\/2021\\\/05\\\/Logo-groot-e1621862526979.png\",\"width\":509,\"height\":100,\"caption\":\"Horend Goed\"},\"image\":{\"@id\":\"https:\\\/\\\/www.horendgoed.nl\\\/tr\\\/#\\\/schema\\\/logo\\\/image\\\/\"},\"sameAs\":[\"https:\\\/\\\/www.facebook.com\\\/horendgoed\",\"https:\\\/\\\/www.instagram.com\\\/horendgoed\\\/\",\"https:\\\/\\\/www.linkedin.com\\\/company\\\/horend-goed\\\/\",\"https:\\\/\\\/www.youtube.com\\\/@horendgoed\"],\"email\":\"info@horendgoed.nl\",\"telephone\":\"075 20 25 203\",\"vatID\":\"NL 853 756 193 B01\"}]}<\/script>\n<!-- \/ Yoast SEO Premium plugin. -->","yoast_head_json":{"title":"Flare Audio Calmer Pro mini ICE | Horend Goed Audiciens","robots":{"index":"index","follow":"follow","max-snippet":"max-snippet:-1","max-image-preview":"max-image-preview:large","max-video-preview":"max-video-preview:-1"},"canonical":"https:\/\/www.horendgoed.nl\/tr\/shop\/sakinlestiriciler\/daha-sakin\/flare-audio-calmer-pro-mini-ice\/","og_locale":"tr_TR","og_type":"article","og_title":"Flare Audio Calmer Pro mini ICE","og_description":"Flare Audio Calmer\u00ae Pro Mini ICE ile Tan\u0131\u015f\u0131n: G\u00fcr\u00fclt\u00fc Hassasiyeti i\u00e7in Kompakt \u00c7\u00f6z\u00fcm Trafik, \u00e7i\u011fneme veya elektronik cihazlar\u0131n s\u00fcrekli u\u011fultusu gibi seslere kar\u015f\u0131 hassas olan herkes i\u00e7in Flare Audio Calmer\u00ae Pro Mini devrim niteli\u011finde bir \u00e7\u00f6z\u00fcm sunuyor. Bu kompakt kulak i\u00e7i \u00fcr\u00fcn, sizi \u00e7evrenizden tamamen koparmadan sesi alg\u0131lama \u015feklinizi iyile\u015ftirmek i\u00e7in \u00f6zel olarak tasarlanm\u0131\u015ft\u0131r. Geleneksel &hellip;","og_url":"https:\/\/www.horendgoed.nl\/tr\/shop\/sakinlestiriciler\/daha-sakin\/flare-audio-calmer-pro-mini-ice\/","og_site_name":"Horend Goed Audiciens","article_publisher":"https:\/\/www.facebook.com\/horendgoed","og_image":[{"width":2000,"height":2000,"url":"https:\/\/www.horendgoed.nl\/wp-content\/uploads\/2023\/10\/246f-4b69-4815-8ed2-66c22a296f6d-1-photoroom.jpg","type":"image\/jpeg"}],"schema":{"@context":"https:\/\/schema.org","@graph":[{"@type":"WebPage","@id":"https:\/\/www.horendgoed.nl\/tr\/shop\/sakinlestiriciler\/daha-sakin\/flare-audio-calmer-pro-mini-ice\/","url":"https:\/\/www.horendgoed.nl\/tr\/shop\/sakinlestiriciler\/daha-sakin\/flare-audio-calmer-pro-mini-ice\/","name":"Flare Audio Calmer Pro mini ICE | Horend Goed Audiciens","isPartOf":{"@id":"https:\/\/www.horendgoed.nl\/tr\/#website"},"primaryImageOfPage":{"@id":"https:\/\/www.horendgoed.nl\/tr\/shop\/sakinlestiriciler\/daha-sakin\/flare-audio-calmer-pro-mini-ice\/#primaryimage"},"image":{"@id":"https:\/\/www.horendgoed.nl\/tr\/shop\/sakinlestiriciler\/daha-sakin\/flare-audio-calmer-pro-mini-ice\/#primaryimage"},"thumbnailUrl":"https:\/\/www.horendgoed.nl\/wp-content\/uploads\/2023\/10\/246f-4b69-4815-8ed2-66c22a296f6d-1-photoroom.jpg","datePublished":"2023-10-20T16:47:27+00:00","breadcrumb":{"@id":"https:\/\/www.horendgoed.nl\/tr\/shop\/sakinlestiriciler\/daha-sakin\/flare-audio-calmer-pro-mini-ice\/#breadcrumb"},"inLanguage":"tr","potentialAction":[{"@type":"ReadAction","target":["https:\/\/www.horendgoed.nl\/tr\/shop\/sakinlestiriciler\/daha-sakin\/flare-audio-calmer-pro-mini-ice\/"]}]},{"@type":"ImageObject","inLanguage":"tr","@id":"https:\/\/www.horendgoed.nl\/tr\/shop\/sakinlestiriciler\/daha-sakin\/flare-audio-calmer-pro-mini-ice\/#primaryimage","url":"https:\/\/www.horendgoed.nl\/wp-content\/uploads\/2023\/10\/246f-4b69-4815-8ed2-66c22a296f6d-1-photoroom.jpg","contentUrl":"https:\/\/www.horendgoed.nl\/wp-content\/uploads\/2023\/10\/246f-4b69-4815-8ed2-66c22a296f6d-1-photoroom.jpg","width":2000,"height":2000,"caption":"flare audio calmer pro mini ice"},{"@type":"BreadcrumbList","@id":"https:\/\/www.horendgoed.nl\/tr\/shop\/sakinlestiriciler\/daha-sakin\/flare-audio-calmer-pro-mini-ice\/#breadcrumb","itemListElement":[{"@type":"ListItem","position":1,"name":"Ev","item":"https:\/\/www.horendgoed.nl\/tr\/horend-goed-isitme-cihazlari-ve-isitme-korumasi-uzmani\/"},{"@type":"ListItem","position":2,"name":"\u00dcr\u00fcnler","item":"https:\/\/www.horendgoed.nl\/tr\/magaza\/urunler\/"},{"@type":"ListItem","position":3,"name":"Flare Audio Calmer Pro mini ICE"}]},{"@type":"WebSite","@id":"https:\/\/www.horendgoed.nl\/tr\/#website","url":"https:\/\/www.horendgoed.nl\/tr\/","name":"Horend Goed Audiciens","description":"Luistert Beter","publisher":{"@id":"https:\/\/www.horendgoed.nl\/tr\/#organization"},"potentialAction":[{"@type":"SearchAction","target":{"@type":"EntryPoint","urlTemplate":"https:\/\/www.horendgoed.nl\/tr\/?s={search_term_string}"},"query-input":{"@type":"PropertyValueSpecification","valueRequired":true,"valueName":"search_term_string"}}],"inLanguage":"tr"},{"@type":"Organization","@id":"https:\/\/www.horendgoed.nl\/tr\/#organization","name":"Horend Goed","url":"https:\/\/www.horendgoed.nl\/tr\/","logo":{"@type":"ImageObject","inLanguage":"tr","@id":"https:\/\/www.horendgoed.nl\/tr\/#\/schema\/logo\/image\/","url":"https:\/\/www.horendgoed.nl\/wp-content\/uploads\/2021\/05\/Logo-groot-e1621862526979.png","contentUrl":"https:\/\/www.horendgoed.nl\/wp-content\/uploads\/2021\/05\/Logo-groot-e1621862526979.png","width":509,"height":100,"caption":"Horend Goed"},"image":{"@id":"https:\/\/www.horendgoed.nl\/tr\/#\/schema\/logo\/image\/"},"sameAs":["https:\/\/www.facebook.com\/horendgoed","https:\/\/www.instagram.com\/horendgoed\/","https:\/\/www.linkedin.com\/company\/horend-goed\/","https:\/\/www.youtube.com\/@horendgoed"],"email":"info@horendgoed.nl","telephone":"075 20 25 203","vatID":"NL 853 756 193 B01"}]}},"jetpack_sharing_enabled":true,"_links":{"self":[{"href":"https:\/\/www.horendgoed.nl\/tr\/wp-json\/wp\/v2\/product\/238513","targetHints":{"allow":["GET"]}}],"collection":[{"href":"https:\/\/www.horendgoed.nl\/tr\/wp-json\/wp\/v2\/product"}],"about":[{"href":"https:\/\/www.horendgoed.nl\/tr\/wp-json\/wp\/v2\/types\/product"}],"wp:featuredmedia":[{"embeddable":true,"href":"https:\/\/www.horendgoed.nl\/tr\/wp-json\/wp\/v2\/media\/238526"}],"wp:attachment":[{"href":"https:\/\/www.horendgoed.nl\/tr\/wp-json\/wp\/v2\/media?parent=238513"}],"wp:term":[{"taxonomy":"product_brand","embeddable":true,"href":"https:\/\/www.horendgoed.nl\/tr\/wp-json\/wp\/v2\/product_brand?post=238513"},{"taxonomy":"product_cat","embeddable":true,"href":"https:\/\/www.horendgoed.nl\/tr\/wp-json\/wp\/v2\/product_cat?post=238513"},{"taxonomy":"product_tag","embeddable":true,"href":"https:\/\/www.horendgoed.nl\/tr\/wp-json\/wp\/v2\/product_tag?post=238513"}],"curies":[{"name":"wp","href":"https:\/\/api.w.org\/{rel}","templated":true}]}}