{"id":239091,"date":"2023-06-20T14:33:50","date_gmt":"2023-06-20T14:33:50","guid":{"rendered":"https:\/\/www.horendgoed.nl\/shop\/uncategorized\/horend-goed-kedi-kulakli-siyah-yuzme-kafa-bandi-58-cm\/"},"modified":"2023-06-20T14:33:50","modified_gmt":"2023-06-20T12:33:50","slug":"horend-goed-kedi-kulakli-siyah-yuzme-kafa-bandi-58-cm","status":"publish","type":"product","link":"https:\/\/www.horendgoed.nl\/tr\/shop\/isitme-korumasi\/yuzme-sac-bantlari\/horend-goed-kedi-kulakli-siyah-yuzme-kafa-bandi-58-cm\/","title":{"rendered":"Horend Goed kedi kulakl\u0131 siyah y\u00fczme kafa band\u0131 - 58 cm"},"content":{"rendered":"<div>\u00c7ocuklar ve gen\u00e7 yeti\u015fkinler i\u00e7in benzersiz y\u00fczme ba\u015f band\u0131m\u0131z\u0131 ke\u015ffedin! Uzunlu\u011fu 58 cm olan bu y\u00fczme band\u0131, Velcro kapamas\u0131 sayesinde farkl\u0131 kafa boyutlar\u0131na m\u00fckemmel \u015fekilde uyarlanabilir. Y\u00fczme kafa band\u0131 haval\u0131 siyah renktedir ve pembe detaylara sahip sevimli kedi kulaklar\u0131yla ekstra sevimli g\u00f6r\u00fcnmesini sa\u011flar!  <\/div>\n<div><\/div>\n<div>Bu y\u00fczme ba\u015f band\u0131n\u0131 ger\u00e7ekten \u00f6zel k\u0131lan \u015fey, ekstra bir takviyenin eklenmesidir. \u00c7ene alt\u0131nda bir kay\u0131\u015f\u0131 bulunan bu takviye, aktif hareketler veya su sporlar\u0131 aktiviteleri s\u0131ras\u0131nda bile kafa band\u0131n\u0131n s\u0131k\u0131ca yerinde kalmas\u0131n\u0131 sa\u011flar. Hepsinden iyisi, kullan\u0131\u015fl\u0131 \u00e7\u0131t\u00e7\u0131tlar sayesinde takviye kolayca \u00e7\u0131kar\u0131labilir.  <\/div>\n<div><\/div>\n<div>\u0130ster s\u00f6rf\u00e7\u00fcler ister \u00e7ok hareket etmeyi seven \u00e7ocuklar i\u00e7in olsun, bu y\u00fczme kafa band\u0131 gerekli koruma ve konforu sa\u011flar. Hemen sipari\u015f verin ve \u00e7ocuklar\u0131n\u0131za su aktivitelerinin g\u00fcvenli ve tam anlam\u0131yla tad\u0131n\u0131 \u00e7\u0131karma \u00f6zg\u00fcrl\u00fc\u011f\u00fc verin! <\/div>\n","protected":false},"excerpt":{"rendered":"<p>\u00c7ocuklar ve gen\u00e7 yeti\u015fkinler i\u00e7in benzersiz y\u00fczme ba\u015f band\u0131m\u0131z\u0131 ke\u015ffedin! Uzunlu\u011fu 58 cm olan bu y\u00fczme band\u0131, Velcro kapamas\u0131 sayesinde farkl\u0131 kafa boyutlar\u0131na m\u00fckemmel \u015fekilde uyarlanabilir. Y\u00fczme kafa band\u0131 haval\u0131 siyah renktedir ve pembe detaylara sahip sevimli kedi kulaklar\u0131yla ekstra sevimli g\u00f6r\u00fcnmesini sa\u011flar! Bu y\u00fczme ba\u015f band\u0131n\u0131 ger\u00e7ekten \u00f6zel k\u0131lan \u015fey, ekstra bir takviyenin eklenmesidir. &hellip; <\/p>\n","protected":false},"featured_media":239097,"template":"","meta":{"_acf_changed":false},"product_brand":[],"product_cat":[16232,16385],"product_tag":[],"class_list":["post-239091","product","type-product","status-publish","has-post-thumbnail","product_cat-isitme-korumasi","product_cat-yuzme-sac-bantlari","grid-sizer","latest_post","first","instock","taxable","shipping-taxable","purchasable","product-type-simple"],"acf":[],"yoast_head":"<!-- This site is optimized with the Yoast SEO Premium plugin v27.4 (Yoast SEO v28.3) - https:\/\/yoast.com\/product\/yoast-seo-premium-wordpress\/ -->\n<title>Horend Goed kedi kulakl\u0131 siyah y\u00fczme kafa band\u0131 - 58 cm | Horend Goed Audiciens<\/title>\n<meta name=\"robots\" content=\"index, follow, max-snippet:-1, max-image-preview:large, max-video-preview:-1\" \/>\n<link rel=\"canonical\" href=\"https:\/\/www.horendgoed.nl\/tr\/shop\/isitme-korumasi\/yuzme-sac-bantlari\/horend-goed-kedi-kulakli-siyah-yuzme-kafa-bandi-58-cm\/\" \/>\n<meta property=\"og:locale\" content=\"tr_TR\" \/>\n<meta property=\"og:type\" content=\"article\" \/>\n<meta property=\"og:title\" content=\"Horend Goed kedi kulakl\u0131 siyah y\u00fczme kafa band\u0131 - 58 cm\" \/>\n<meta property=\"og:description\" content=\"\u00c7ocuklar ve gen\u00e7 yeti\u015fkinler i\u00e7in benzersiz y\u00fczme ba\u015f band\u0131m\u0131z\u0131 ke\u015ffedin! Uzunlu\u011fu 58 cm olan bu y\u00fczme band\u0131, Velcro kapamas\u0131 sayesinde farkl\u0131 kafa boyutlar\u0131na m\u00fckemmel \u015fekilde uyarlanabilir. Y\u00fczme kafa band\u0131 haval\u0131 siyah renktedir ve pembe detaylara sahip sevimli kedi kulaklar\u0131yla ekstra sevimli g\u00f6r\u00fcnmesini sa\u011flar! Bu y\u00fczme ba\u015f band\u0131n\u0131 ger\u00e7ekten \u00f6zel k\u0131lan \u015fey, ekstra bir takviyenin eklenmesidir. &hellip;\" \/>\n<meta property=\"og:url\" content=\"https:\/\/www.horendgoed.nl\/tr\/shop\/isitme-korumasi\/yuzme-sac-bantlari\/horend-goed-kedi-kulakli-siyah-yuzme-kafa-bandi-58-cm\/\" \/>\n<meta property=\"og:site_name\" content=\"Horend Goed Audiciens\" \/>\n<meta property=\"article:publisher\" content=\"https:\/\/www.facebook.com\/horendgoed\" \/>\n<meta property=\"og:image\" content=\"https:\/\/www.horendgoed.nl\/wp-content\/uploads\/2023\/06\/Afbeelding-van-WhatsApp-op-2023-06-20-om-16.10.12.jpg\" \/>\n\t<meta property=\"og:image:width\" content=\"2000\" \/>\n\t<meta property=\"og:image:height\" content=\"2000\" \/>\n\t<meta property=\"og:image:type\" content=\"image\/jpeg\" \/>\n<script type=\"application\/ld+json\" class=\"yoast-schema-graph\">{\"@context\":\"https:\\\/\\\/schema.org\",\"@graph\":[{\"@type\":\"WebPage\",\"@id\":\"https:\\\/\\\/www.horendgoed.nl\\\/tr\\\/shop\\\/isitme-korumasi\\\/yuzme-sac-bantlari\\\/horend-goed-kedi-kulakli-siyah-yuzme-kafa-bandi-58-cm\\\/\",\"url\":\"https:\\\/\\\/www.horendgoed.nl\\\/tr\\\/shop\\\/isitme-korumasi\\\/yuzme-sac-bantlari\\\/horend-goed-kedi-kulakli-siyah-yuzme-kafa-bandi-58-cm\\\/\",\"name\":\"Horend Goed kedi kulakl\u0131 siyah y\u00fczme kafa band\u0131 - 58 cm | Horend Goed Audiciens\",\"isPartOf\":{\"@id\":\"https:\\\/\\\/www.horendgoed.nl\\\/tr\\\/#website\"},\"primaryImageOfPage\":{\"@id\":\"https:\\\/\\\/www.horendgoed.nl\\\/tr\\\/shop\\\/isitme-korumasi\\\/yuzme-sac-bantlari\\\/horend-goed-kedi-kulakli-siyah-yuzme-kafa-bandi-58-cm\\\/#primaryimage\"},\"image\":{\"@id\":\"https:\\\/\\\/www.horendgoed.nl\\\/tr\\\/shop\\\/isitme-korumasi\\\/yuzme-sac-bantlari\\\/horend-goed-kedi-kulakli-siyah-yuzme-kafa-bandi-58-cm\\\/#primaryimage\"},\"thumbnailUrl\":\"https:\\\/\\\/www.horendgoed.nl\\\/wp-content\\\/uploads\\\/2023\\\/06\\\/Afbeelding-van-WhatsApp-op-2023-06-20-om-16.10.12.jpg\",\"datePublished\":\"2023-06-20T14:33:50+00:00\",\"breadcrumb\":{\"@id\":\"https:\\\/\\\/www.horendgoed.nl\\\/tr\\\/shop\\\/isitme-korumasi\\\/yuzme-sac-bantlari\\\/horend-goed-kedi-kulakli-siyah-yuzme-kafa-bandi-58-cm\\\/#breadcrumb\"},\"inLanguage\":\"tr\",\"potentialAction\":[{\"@type\":\"ReadAction\",\"target\":[\"https:\\\/\\\/www.horendgoed.nl\\\/tr\\\/shop\\\/isitme-korumasi\\\/yuzme-sac-bantlari\\\/horend-goed-kedi-kulakli-siyah-yuzme-kafa-bandi-58-cm\\\/\"]}]},{\"@type\":\"ImageObject\",\"inLanguage\":\"tr\",\"@id\":\"https:\\\/\\\/www.horendgoed.nl\\\/tr\\\/shop\\\/isitme-korumasi\\\/yuzme-sac-bantlari\\\/horend-goed-kedi-kulakli-siyah-yuzme-kafa-bandi-58-cm\\\/#primaryimage\",\"url\":\"https:\\\/\\\/www.horendgoed.nl\\\/wp-content\\\/uploads\\\/2023\\\/06\\\/Afbeelding-van-WhatsApp-op-2023-06-20-om-16.10.12.jpg\",\"contentUrl\":\"https:\\\/\\\/www.horendgoed.nl\\\/wp-content\\\/uploads\\\/2023\\\/06\\\/Afbeelding-van-WhatsApp-op-2023-06-20-om-16.10.12.jpg\",\"width\":2000,\"height\":2000},{\"@type\":\"BreadcrumbList\",\"@id\":\"https:\\\/\\\/www.horendgoed.nl\\\/tr\\\/shop\\\/isitme-korumasi\\\/yuzme-sac-bantlari\\\/horend-goed-kedi-kulakli-siyah-yuzme-kafa-bandi-58-cm\\\/#breadcrumb\",\"itemListElement\":[{\"@type\":\"ListItem\",\"position\":1,\"name\":\"Ev\",\"item\":\"https:\\\/\\\/www.horendgoed.nl\\\/tr\\\/horend-goed-isitme-cihazlari-ve-isitme-korumasi-uzmani\\\/\"},{\"@type\":\"ListItem\",\"position\":2,\"name\":\"\u00dcr\u00fcnler\",\"item\":\"https:\\\/\\\/www.horendgoed.nl\\\/tr\\\/magaza\\\/urunler\\\/\"},{\"@type\":\"ListItem\",\"position\":3,\"name\":\"Horend Goed kedi kulakl\u0131 siyah y\u00fczme kafa band\u0131 - 58 cm\"}]},{\"@type\":\"WebSite\",\"@id\":\"https:\\\/\\\/www.horendgoed.nl\\\/tr\\\/#website\",\"url\":\"https:\\\/\\\/www.horendgoed.nl\\\/tr\\\/\",\"name\":\"Horend Goed Audiciens\",\"description\":\"Luistert Beter\",\"publisher\":{\"@id\":\"https:\\\/\\\/www.horendgoed.nl\\\/tr\\\/#organization\"},\"potentialAction\":[{\"@type\":\"SearchAction\",\"target\":{\"@type\":\"EntryPoint\",\"urlTemplate\":\"https:\\\/\\\/www.horendgoed.nl\\\/tr\\\/?s={search_term_string}\"},\"query-input\":{\"@type\":\"PropertyValueSpecification\",\"valueRequired\":true,\"valueName\":\"search_term_string\"}}],\"inLanguage\":\"tr\"},{\"@type\":\"Organization\",\"@id\":\"https:\\\/\\\/www.horendgoed.nl\\\/tr\\\/#organization\",\"name\":\"Horend Goed\",\"url\":\"https:\\\/\\\/www.horendgoed.nl\\\/tr\\\/\",\"logo\":{\"@type\":\"ImageObject\",\"inLanguage\":\"tr\",\"@id\":\"https:\\\/\\\/www.horendgoed.nl\\\/tr\\\/#\\\/schema\\\/logo\\\/image\\\/\",\"url\":\"https:\\\/\\\/www.horendgoed.nl\\\/wp-content\\\/uploads\\\/2021\\\/05\\\/Logo-groot-e1621862526979.png\",\"contentUrl\":\"https:\\\/\\\/www.horendgoed.nl\\\/wp-content\\\/uploads\\\/2021\\\/05\\\/Logo-groot-e1621862526979.png\",\"width\":509,\"height\":100,\"caption\":\"Horend Goed\"},\"image\":{\"@id\":\"https:\\\/\\\/www.horendgoed.nl\\\/tr\\\/#\\\/schema\\\/logo\\\/image\\\/\"},\"sameAs\":[\"https:\\\/\\\/www.facebook.com\\\/horendgoed\",\"https:\\\/\\\/www.instagram.com\\\/horendgoed\\\/\",\"https:\\\/\\\/www.linkedin.com\\\/company\\\/horend-goed\\\/\",\"https:\\\/\\\/www.youtube.com\\\/@horendgoed\"],\"email\":\"info@horendgoed.nl\",\"telephone\":\"075 20 25 203\",\"vatID\":\"NL 853 756 193 B01\"}]}<\/script>\n<!-- \/ Yoast SEO Premium plugin. -->","yoast_head_json":{"title":"Horend Goed kedi kulakl\u0131 siyah y\u00fczme kafa band\u0131 - 58 cm | Horend Goed Audiciens","robots":{"index":"index","follow":"follow","max-snippet":"max-snippet:-1","max-image-preview":"max-image-preview:large","max-video-preview":"max-video-preview:-1"},"canonical":"https:\/\/www.horendgoed.nl\/tr\/shop\/isitme-korumasi\/yuzme-sac-bantlari\/horend-goed-kedi-kulakli-siyah-yuzme-kafa-bandi-58-cm\/","og_locale":"tr_TR","og_type":"article","og_title":"Horend Goed kedi kulakl\u0131 siyah y\u00fczme kafa band\u0131 - 58 cm","og_description":"\u00c7ocuklar ve gen\u00e7 yeti\u015fkinler i\u00e7in benzersiz y\u00fczme ba\u015f band\u0131m\u0131z\u0131 ke\u015ffedin! Uzunlu\u011fu 58 cm olan bu y\u00fczme band\u0131, Velcro kapamas\u0131 sayesinde farkl\u0131 kafa boyutlar\u0131na m\u00fckemmel \u015fekilde uyarlanabilir. Y\u00fczme kafa band\u0131 haval\u0131 siyah renktedir ve pembe detaylara sahip sevimli kedi kulaklar\u0131yla ekstra sevimli g\u00f6r\u00fcnmesini sa\u011flar! Bu y\u00fczme ba\u015f band\u0131n\u0131 ger\u00e7ekten \u00f6zel k\u0131lan \u015fey, ekstra bir takviyenin eklenmesidir. &hellip;","og_url":"https:\/\/www.horendgoed.nl\/tr\/shop\/isitme-korumasi\/yuzme-sac-bantlari\/horend-goed-kedi-kulakli-siyah-yuzme-kafa-bandi-58-cm\/","og_site_name":"Horend Goed Audiciens","article_publisher":"https:\/\/www.facebook.com\/horendgoed","og_image":[{"width":2000,"height":2000,"url":"https:\/\/www.horendgoed.nl\/wp-content\/uploads\/2023\/06\/Afbeelding-van-WhatsApp-op-2023-06-20-om-16.10.12.jpg","type":"image\/jpeg"}],"schema":{"@context":"https:\/\/schema.org","@graph":[{"@type":"WebPage","@id":"https:\/\/www.horendgoed.nl\/tr\/shop\/isitme-korumasi\/yuzme-sac-bantlari\/horend-goed-kedi-kulakli-siyah-yuzme-kafa-bandi-58-cm\/","url":"https:\/\/www.horendgoed.nl\/tr\/shop\/isitme-korumasi\/yuzme-sac-bantlari\/horend-goed-kedi-kulakli-siyah-yuzme-kafa-bandi-58-cm\/","name":"Horend Goed kedi kulakl\u0131 siyah y\u00fczme kafa band\u0131 - 58 cm | Horend Goed Audiciens","isPartOf":{"@id":"https:\/\/www.horendgoed.nl\/tr\/#website"},"primaryImageOfPage":{"@id":"https:\/\/www.horendgoed.nl\/tr\/shop\/isitme-korumasi\/yuzme-sac-bantlari\/horend-goed-kedi-kulakli-siyah-yuzme-kafa-bandi-58-cm\/#primaryimage"},"image":{"@id":"https:\/\/www.horendgoed.nl\/tr\/shop\/isitme-korumasi\/yuzme-sac-bantlari\/horend-goed-kedi-kulakli-siyah-yuzme-kafa-bandi-58-cm\/#primaryimage"},"thumbnailUrl":"https:\/\/www.horendgoed.nl\/wp-content\/uploads\/2023\/06\/Afbeelding-van-WhatsApp-op-2023-06-20-om-16.10.12.jpg","datePublished":"2023-06-20T14:33:50+00:00","breadcrumb":{"@id":"https:\/\/www.horendgoed.nl\/tr\/shop\/isitme-korumasi\/yuzme-sac-bantlari\/horend-goed-kedi-kulakli-siyah-yuzme-kafa-bandi-58-cm\/#breadcrumb"},"inLanguage":"tr","potentialAction":[{"@type":"ReadAction","target":["https:\/\/www.horendgoed.nl\/tr\/shop\/isitme-korumasi\/yuzme-sac-bantlari\/horend-goed-kedi-kulakli-siyah-yuzme-kafa-bandi-58-cm\/"]}]},{"@type":"ImageObject","inLanguage":"tr","@id":"https:\/\/www.horendgoed.nl\/tr\/shop\/isitme-korumasi\/yuzme-sac-bantlari\/horend-goed-kedi-kulakli-siyah-yuzme-kafa-bandi-58-cm\/#primaryimage","url":"https:\/\/www.horendgoed.nl\/wp-content\/uploads\/2023\/06\/Afbeelding-van-WhatsApp-op-2023-06-20-om-16.10.12.jpg","contentUrl":"https:\/\/www.horendgoed.nl\/wp-content\/uploads\/2023\/06\/Afbeelding-van-WhatsApp-op-2023-06-20-om-16.10.12.jpg","width":2000,"height":2000},{"@type":"BreadcrumbList","@id":"https:\/\/www.horendgoed.nl\/tr\/shop\/isitme-korumasi\/yuzme-sac-bantlari\/horend-goed-kedi-kulakli-siyah-yuzme-kafa-bandi-58-cm\/#breadcrumb","itemListElement":[{"@type":"ListItem","position":1,"name":"Ev","item":"https:\/\/www.horendgoed.nl\/tr\/horend-goed-isitme-cihazlari-ve-isitme-korumasi-uzmani\/"},{"@type":"ListItem","position":2,"name":"\u00dcr\u00fcnler","item":"https:\/\/www.horendgoed.nl\/tr\/magaza\/urunler\/"},{"@type":"ListItem","position":3,"name":"Horend Goed kedi kulakl\u0131 siyah y\u00fczme kafa band\u0131 - 58 cm"}]},{"@type":"WebSite","@id":"https:\/\/www.horendgoed.nl\/tr\/#website","url":"https:\/\/www.horendgoed.nl\/tr\/","name":"Horend Goed Audiciens","description":"Luistert Beter","publisher":{"@id":"https:\/\/www.horendgoed.nl\/tr\/#organization"},"potentialAction":[{"@type":"SearchAction","target":{"@type":"EntryPoint","urlTemplate":"https:\/\/www.horendgoed.nl\/tr\/?s={search_term_string}"},"query-input":{"@type":"PropertyValueSpecification","valueRequired":true,"valueName":"search_term_string"}}],"inLanguage":"tr"},{"@type":"Organization","@id":"https:\/\/www.horendgoed.nl\/tr\/#organization","name":"Horend Goed","url":"https:\/\/www.horendgoed.nl\/tr\/","logo":{"@type":"ImageObject","inLanguage":"tr","@id":"https:\/\/www.horendgoed.nl\/tr\/#\/schema\/logo\/image\/","url":"https:\/\/www.horendgoed.nl\/wp-content\/uploads\/2021\/05\/Logo-groot-e1621862526979.png","contentUrl":"https:\/\/www.horendgoed.nl\/wp-content\/uploads\/2021\/05\/Logo-groot-e1621862526979.png","width":509,"height":100,"caption":"Horend Goed"},"image":{"@id":"https:\/\/www.horendgoed.nl\/tr\/#\/schema\/logo\/image\/"},"sameAs":["https:\/\/www.facebook.com\/horendgoed","https:\/\/www.instagram.com\/horendgoed\/","https:\/\/www.linkedin.com\/company\/horend-goed\/","https:\/\/www.youtube.com\/@horendgoed"],"email":"info@horendgoed.nl","telephone":"075 20 25 203","vatID":"NL 853 756 193 B01"}]}},"jetpack_sharing_enabled":true,"_links":{"self":[{"href":"https:\/\/www.horendgoed.nl\/tr\/wp-json\/wp\/v2\/product\/239091","targetHints":{"allow":["GET"]}}],"collection":[{"href":"https:\/\/www.horendgoed.nl\/tr\/wp-json\/wp\/v2\/product"}],"about":[{"href":"https:\/\/www.horendgoed.nl\/tr\/wp-json\/wp\/v2\/types\/product"}],"wp:featuredmedia":[{"embeddable":true,"href":"https:\/\/www.horendgoed.nl\/tr\/wp-json\/wp\/v2\/media\/239097"}],"wp:attachment":[{"href":"https:\/\/www.horendgoed.nl\/tr\/wp-json\/wp\/v2\/media?parent=239091"}],"wp:term":[{"taxonomy":"product_brand","embeddable":true,"href":"https:\/\/www.horendgoed.nl\/tr\/wp-json\/wp\/v2\/product_brand?post=239091"},{"taxonomy":"product_cat","embeddable":true,"href":"https:\/\/www.horendgoed.nl\/tr\/wp-json\/wp\/v2\/product_cat?post=239091"},{"taxonomy":"product_tag","embeddable":true,"href":"https:\/\/www.horendgoed.nl\/tr\/wp-json\/wp\/v2\/product_tag?post=239091"}],"curies":[{"name":"wp","href":"https:\/\/api.w.org\/{rel}","templated":true}]}}