{"id":239371,"date":"2023-05-10T11:47:23","date_gmt":"2023-05-10T09:47:23","guid":{"rendered":"https:\/\/www.horendgoed.nl\/shop\/uncategorized\/alecto-baby-bv-72-kulakliklar\/"},"modified":"2025-10-31T17:35:35","modified_gmt":"2025-10-31T16:35:35","slug":"alecto-baby-bv-72-kulakliklar","status":"publish","type":"product","link":"https:\/\/www.horendgoed.nl\/tr\/shop\/isitme-korumasi\/kulakliklar-tr\/alecto-baby-bv-72-kulakliklar\/","title":{"rendered":"Alecto baby BV-72 Kulakl\u0131klar"},"content":{"rendered":"<p><strong>Alecto BV-72 <\/strong><strong>bebekler ve k\u00fc\u00e7\u00fck \u00e7ocuklar i\u00e7in kulakl\u0131klar<\/strong><\/p>\n<p>Bebekler s\u0131kl\u0131kla \u00e7ok fazla ve \u00e7ok y\u00fcksek sese maruz kal\u0131rlar ve bu durum i\u015fitme duyusuna san\u0131ld\u0131\u011f\u0131ndan daha h\u0131zl\u0131 zarar verir. G\u00fcr\u00fclt\u00fc, di\u011fer \u015feylerin yan\u0131 s\u0131ra bebekleri a\u015f\u0131r\u0131 uyararak uyku sorunlar\u0131na da neden olabilir. Bir bebe\u011fin\/\u00e7ocu\u011fun de\u011ferli i\u015fitme duyusu, Alecto&#8217;nun konforlu kulakl\u0131klar\u0131 ile korunabilir.<\/p>\n<p><strong>\u00d6zellikler<\/strong><\/p>\n<ul>\n<li>Zararl\u0131 ve y\u00fcksek seslerin maksimum 26 dB&#8217;ye kadar azalt\u0131lmas\u0131<\/li>\n<li>Kulakl\u0131klar bebe\u011fi\/\u00e7ocu\u011fu ortam g\u00fcr\u00fclt\u00fcs\u00fcnden korumaz<\/li>\n<li>Elastik ayarlanabilir kafa band\u0131 hassas kafa \u00fczerindeki bask\u0131y\u0131 \u00f6nler<\/li>\n<li>\u00c7ok hafif ve rahat, 126 gram<\/li>\n<li>Yumu\u015fak, hafif kulak yast\u0131klar\u0131 sayesinde rahat kullan\u0131m<\/li>\n<li>\u0130ki boyutta gelen elastik ayarlanabilir kafa band\u0131 ile evrensel uyum<\/li>\n<li>Ba\u015f kay\u0131\u015flar\u0131 y\u0131kanabilir ve de\u011fi\u015ftirilmesi veya ayarlanmas\u0131 \u00e7ok kolayd\u0131r<\/li>\n<li>Alecto BV-72 i\u015fitme koruyucusu CE sertifikas\u0131na sahiptir<\/li>\n<\/ul>\n","protected":false},"excerpt":{"rendered":"<p>Alecto BV-72 bebekler ve k\u00fc\u00e7\u00fck \u00e7ocuklar i\u00e7in kulakl\u0131klar Bebekler s\u0131kl\u0131kla \u00e7ok fazla ve \u00e7ok y\u00fcksek sese maruz kal\u0131rlar ve bu durum i\u015fitme duyusuna san\u0131ld\u0131\u011f\u0131ndan daha h\u0131zl\u0131 zarar verir. G\u00fcr\u00fclt\u00fc, di\u011fer \u015feylerin yan\u0131 s\u0131ra bebekleri a\u015f\u0131r\u0131 uyararak uyku sorunlar\u0131na da neden olabilir. Bir bebe\u011fin\/\u00e7ocu\u011fun de\u011ferli i\u015fitme duyusu, Alecto&#8217;nun konforlu kulakl\u0131klar\u0131 ile korunabilir. \u00d6zellikler Zararl\u0131 ve y\u00fcksek &hellip; <\/p>\n","protected":false},"featured_media":239374,"template":"","meta":{"_acf_changed":false},"product_brand":[],"product_cat":[16410,16232,16404,16215],"product_tag":[],"class_list":["post-239371","product","type-product","status-publish","has-post-thumbnail","product_cat-cocuklar-icin-isitme-korumasi","product_cat-isitme-korumasi","product_cat-kulakliklar-tr","product_cat-satis","grid-sizer","latest_post","first","outofstock","sale","taxable","shipping-taxable","purchasable","product-type-simple"],"acf":[],"yoast_head":"<!-- This site is optimized with the Yoast SEO Premium plugin v27.4 (Yoast SEO v28.3) - https:\/\/yoast.com\/product\/yoast-seo-premium-wordpress\/ -->\n<title>Alecto baby BV-72 Kulakl\u0131klar | Horend Goed Audiciens<\/title>\n<meta name=\"robots\" content=\"index, follow, max-snippet:-1, max-image-preview:large, max-video-preview:-1\" \/>\n<link rel=\"canonical\" href=\"https:\/\/www.horendgoed.nl\/tr\/shop\/isitme-korumasi\/kulakliklar-tr\/alecto-baby-bv-72-kulakliklar\/\" \/>\n<meta property=\"og:locale\" content=\"tr_TR\" \/>\n<meta property=\"og:type\" content=\"article\" \/>\n<meta property=\"og:title\" content=\"Alecto baby BV-72 Kulakl\u0131klar\" \/>\n<meta property=\"og:description\" content=\"Alecto BV-72 bebekler ve k\u00fc\u00e7\u00fck \u00e7ocuklar i\u00e7in kulakl\u0131klar Bebekler s\u0131kl\u0131kla \u00e7ok fazla ve \u00e7ok y\u00fcksek sese maruz kal\u0131rlar ve bu durum i\u015fitme duyusuna san\u0131ld\u0131\u011f\u0131ndan daha h\u0131zl\u0131 zarar verir. G\u00fcr\u00fclt\u00fc, di\u011fer \u015feylerin yan\u0131 s\u0131ra bebekleri a\u015f\u0131r\u0131 uyararak uyku sorunlar\u0131na da neden olabilir. Bir bebe\u011fin\/\u00e7ocu\u011fun de\u011ferli i\u015fitme duyusu, Alecto&#8217;nun konforlu kulakl\u0131klar\u0131 ile korunabilir. \u00d6zellikler Zararl\u0131 ve y\u00fcksek &hellip;\" \/>\n<meta property=\"og:url\" content=\"https:\/\/www.horendgoed.nl\/tr\/shop\/isitme-korumasi\/kulakliklar-tr\/alecto-baby-bv-72-kulakliklar\/\" \/>\n<meta property=\"og:site_name\" content=\"Horend Goed Audiciens\" \/>\n<meta property=\"article:publisher\" content=\"https:\/\/www.facebook.com\/horendgoed\" \/>\n<meta property=\"article:modified_time\" content=\"2025-10-31T16:35:35+00:00\" \/>\n<meta property=\"og:image\" content=\"https:\/\/www.horendgoed.nl\/wp-content\/uploads\/2023\/05\/08d1-2958-4492-878d-d5e61bf220ca.png\" \/>\n\t<meta property=\"og:image:width\" content=\"1200\" \/>\n\t<meta property=\"og:image:height\" content=\"1200\" \/>\n\t<meta property=\"og:image:type\" content=\"image\/png\" \/>\n<script type=\"application\/ld+json\" class=\"yoast-schema-graph\">{\"@context\":\"https:\\\/\\\/schema.org\",\"@graph\":[{\"@type\":\"WebPage\",\"@id\":\"https:\\\/\\\/www.horendgoed.nl\\\/tr\\\/shop\\\/isitme-korumasi\\\/kulakliklar-tr\\\/alecto-baby-bv-72-kulakliklar\\\/\",\"url\":\"https:\\\/\\\/www.horendgoed.nl\\\/tr\\\/shop\\\/isitme-korumasi\\\/kulakliklar-tr\\\/alecto-baby-bv-72-kulakliklar\\\/\",\"name\":\"Alecto baby BV-72 Kulakl\u0131klar | Horend Goed Audiciens\",\"isPartOf\":{\"@id\":\"https:\\\/\\\/www.horendgoed.nl\\\/tr\\\/#website\"},\"primaryImageOfPage\":{\"@id\":\"https:\\\/\\\/www.horendgoed.nl\\\/tr\\\/shop\\\/isitme-korumasi\\\/kulakliklar-tr\\\/alecto-baby-bv-72-kulakliklar\\\/#primaryimage\"},\"image\":{\"@id\":\"https:\\\/\\\/www.horendgoed.nl\\\/tr\\\/shop\\\/isitme-korumasi\\\/kulakliklar-tr\\\/alecto-baby-bv-72-kulakliklar\\\/#primaryimage\"},\"thumbnailUrl\":\"https:\\\/\\\/www.horendgoed.nl\\\/wp-content\\\/uploads\\\/2023\\\/05\\\/08d1-2958-4492-878d-d5e61bf220ca.png\",\"datePublished\":\"2023-05-10T09:47:23+00:00\",\"dateModified\":\"2025-10-31T16:35:35+00:00\",\"breadcrumb\":{\"@id\":\"https:\\\/\\\/www.horendgoed.nl\\\/tr\\\/shop\\\/isitme-korumasi\\\/kulakliklar-tr\\\/alecto-baby-bv-72-kulakliklar\\\/#breadcrumb\"},\"inLanguage\":\"tr\",\"potentialAction\":[{\"@type\":\"ReadAction\",\"target\":[\"https:\\\/\\\/www.horendgoed.nl\\\/tr\\\/shop\\\/isitme-korumasi\\\/kulakliklar-tr\\\/alecto-baby-bv-72-kulakliklar\\\/\"]}]},{\"@type\":\"ImageObject\",\"inLanguage\":\"tr\",\"@id\":\"https:\\\/\\\/www.horendgoed.nl\\\/tr\\\/shop\\\/isitme-korumasi\\\/kulakliklar-tr\\\/alecto-baby-bv-72-kulakliklar\\\/#primaryimage\",\"url\":\"https:\\\/\\\/www.horendgoed.nl\\\/wp-content\\\/uploads\\\/2023\\\/05\\\/08d1-2958-4492-878d-d5e61bf220ca.png\",\"contentUrl\":\"https:\\\/\\\/www.horendgoed.nl\\\/wp-content\\\/uploads\\\/2023\\\/05\\\/08d1-2958-4492-878d-d5e61bf220ca.png\",\"width\":1200,\"height\":1200},{\"@type\":\"BreadcrumbList\",\"@id\":\"https:\\\/\\\/www.horendgoed.nl\\\/tr\\\/shop\\\/isitme-korumasi\\\/kulakliklar-tr\\\/alecto-baby-bv-72-kulakliklar\\\/#breadcrumb\",\"itemListElement\":[{\"@type\":\"ListItem\",\"position\":1,\"name\":\"Ev\",\"item\":\"https:\\\/\\\/www.horendgoed.nl\\\/tr\\\/horend-goed-isitme-cihazlari-ve-isitme-korumasi-uzmani\\\/\"},{\"@type\":\"ListItem\",\"position\":2,\"name\":\"\u00dcr\u00fcnler\",\"item\":\"https:\\\/\\\/www.horendgoed.nl\\\/tr\\\/magaza\\\/urunler\\\/\"},{\"@type\":\"ListItem\",\"position\":3,\"name\":\"Alecto baby BV-72 Kulakl\u0131klar\"}]},{\"@type\":\"WebSite\",\"@id\":\"https:\\\/\\\/www.horendgoed.nl\\\/tr\\\/#website\",\"url\":\"https:\\\/\\\/www.horendgoed.nl\\\/tr\\\/\",\"name\":\"Horend Goed Audiciens\",\"description\":\"Luistert Beter\",\"publisher\":{\"@id\":\"https:\\\/\\\/www.horendgoed.nl\\\/tr\\\/#organization\"},\"potentialAction\":[{\"@type\":\"SearchAction\",\"target\":{\"@type\":\"EntryPoint\",\"urlTemplate\":\"https:\\\/\\\/www.horendgoed.nl\\\/tr\\\/?s={search_term_string}\"},\"query-input\":{\"@type\":\"PropertyValueSpecification\",\"valueRequired\":true,\"valueName\":\"search_term_string\"}}],\"inLanguage\":\"tr\"},{\"@type\":\"Organization\",\"@id\":\"https:\\\/\\\/www.horendgoed.nl\\\/tr\\\/#organization\",\"name\":\"Horend Goed\",\"url\":\"https:\\\/\\\/www.horendgoed.nl\\\/tr\\\/\",\"logo\":{\"@type\":\"ImageObject\",\"inLanguage\":\"tr\",\"@id\":\"https:\\\/\\\/www.horendgoed.nl\\\/tr\\\/#\\\/schema\\\/logo\\\/image\\\/\",\"url\":\"https:\\\/\\\/www.horendgoed.nl\\\/wp-content\\\/uploads\\\/2021\\\/05\\\/Logo-groot-e1621862526979.png\",\"contentUrl\":\"https:\\\/\\\/www.horendgoed.nl\\\/wp-content\\\/uploads\\\/2021\\\/05\\\/Logo-groot-e1621862526979.png\",\"width\":509,\"height\":100,\"caption\":\"Horend Goed\"},\"image\":{\"@id\":\"https:\\\/\\\/www.horendgoed.nl\\\/tr\\\/#\\\/schema\\\/logo\\\/image\\\/\"},\"sameAs\":[\"https:\\\/\\\/www.facebook.com\\\/horendgoed\",\"https:\\\/\\\/www.instagram.com\\\/horendgoed\\\/\",\"https:\\\/\\\/www.linkedin.com\\\/company\\\/horend-goed\\\/\",\"https:\\\/\\\/www.youtube.com\\\/@horendgoed\"],\"email\":\"info@horendgoed.nl\",\"telephone\":\"075 20 25 203\",\"vatID\":\"NL 853 756 193 B01\"}]}<\/script>\n<!-- \/ Yoast SEO Premium plugin. -->","yoast_head_json":{"title":"Alecto baby BV-72 Kulakl\u0131klar | Horend Goed Audiciens","robots":{"index":"index","follow":"follow","max-snippet":"max-snippet:-1","max-image-preview":"max-image-preview:large","max-video-preview":"max-video-preview:-1"},"canonical":"https:\/\/www.horendgoed.nl\/tr\/shop\/isitme-korumasi\/kulakliklar-tr\/alecto-baby-bv-72-kulakliklar\/","og_locale":"tr_TR","og_type":"article","og_title":"Alecto baby BV-72 Kulakl\u0131klar","og_description":"Alecto BV-72 bebekler ve k\u00fc\u00e7\u00fck \u00e7ocuklar i\u00e7in kulakl\u0131klar Bebekler s\u0131kl\u0131kla \u00e7ok fazla ve \u00e7ok y\u00fcksek sese maruz kal\u0131rlar ve bu durum i\u015fitme duyusuna san\u0131ld\u0131\u011f\u0131ndan daha h\u0131zl\u0131 zarar verir. G\u00fcr\u00fclt\u00fc, di\u011fer \u015feylerin yan\u0131 s\u0131ra bebekleri a\u015f\u0131r\u0131 uyararak uyku sorunlar\u0131na da neden olabilir. Bir bebe\u011fin\/\u00e7ocu\u011fun de\u011ferli i\u015fitme duyusu, Alecto&#8217;nun konforlu kulakl\u0131klar\u0131 ile korunabilir. \u00d6zellikler Zararl\u0131 ve y\u00fcksek &hellip;","og_url":"https:\/\/www.horendgoed.nl\/tr\/shop\/isitme-korumasi\/kulakliklar-tr\/alecto-baby-bv-72-kulakliklar\/","og_site_name":"Horend Goed Audiciens","article_publisher":"https:\/\/www.facebook.com\/horendgoed","article_modified_time":"2025-10-31T16:35:35+00:00","og_image":[{"width":1200,"height":1200,"url":"https:\/\/www.horendgoed.nl\/wp-content\/uploads\/2023\/05\/08d1-2958-4492-878d-d5e61bf220ca.png","type":"image\/png"}],"schema":{"@context":"https:\/\/schema.org","@graph":[{"@type":"WebPage","@id":"https:\/\/www.horendgoed.nl\/tr\/shop\/isitme-korumasi\/kulakliklar-tr\/alecto-baby-bv-72-kulakliklar\/","url":"https:\/\/www.horendgoed.nl\/tr\/shop\/isitme-korumasi\/kulakliklar-tr\/alecto-baby-bv-72-kulakliklar\/","name":"Alecto baby BV-72 Kulakl\u0131klar | Horend Goed Audiciens","isPartOf":{"@id":"https:\/\/www.horendgoed.nl\/tr\/#website"},"primaryImageOfPage":{"@id":"https:\/\/www.horendgoed.nl\/tr\/shop\/isitme-korumasi\/kulakliklar-tr\/alecto-baby-bv-72-kulakliklar\/#primaryimage"},"image":{"@id":"https:\/\/www.horendgoed.nl\/tr\/shop\/isitme-korumasi\/kulakliklar-tr\/alecto-baby-bv-72-kulakliklar\/#primaryimage"},"thumbnailUrl":"https:\/\/www.horendgoed.nl\/wp-content\/uploads\/2023\/05\/08d1-2958-4492-878d-d5e61bf220ca.png","datePublished":"2023-05-10T09:47:23+00:00","dateModified":"2025-10-31T16:35:35+00:00","breadcrumb":{"@id":"https:\/\/www.horendgoed.nl\/tr\/shop\/isitme-korumasi\/kulakliklar-tr\/alecto-baby-bv-72-kulakliklar\/#breadcrumb"},"inLanguage":"tr","potentialAction":[{"@type":"ReadAction","target":["https:\/\/www.horendgoed.nl\/tr\/shop\/isitme-korumasi\/kulakliklar-tr\/alecto-baby-bv-72-kulakliklar\/"]}]},{"@type":"ImageObject","inLanguage":"tr","@id":"https:\/\/www.horendgoed.nl\/tr\/shop\/isitme-korumasi\/kulakliklar-tr\/alecto-baby-bv-72-kulakliklar\/#primaryimage","url":"https:\/\/www.horendgoed.nl\/wp-content\/uploads\/2023\/05\/08d1-2958-4492-878d-d5e61bf220ca.png","contentUrl":"https:\/\/www.horendgoed.nl\/wp-content\/uploads\/2023\/05\/08d1-2958-4492-878d-d5e61bf220ca.png","width":1200,"height":1200},{"@type":"BreadcrumbList","@id":"https:\/\/www.horendgoed.nl\/tr\/shop\/isitme-korumasi\/kulakliklar-tr\/alecto-baby-bv-72-kulakliklar\/#breadcrumb","itemListElement":[{"@type":"ListItem","position":1,"name":"Ev","item":"https:\/\/www.horendgoed.nl\/tr\/horend-goed-isitme-cihazlari-ve-isitme-korumasi-uzmani\/"},{"@type":"ListItem","position":2,"name":"\u00dcr\u00fcnler","item":"https:\/\/www.horendgoed.nl\/tr\/magaza\/urunler\/"},{"@type":"ListItem","position":3,"name":"Alecto baby BV-72 Kulakl\u0131klar"}]},{"@type":"WebSite","@id":"https:\/\/www.horendgoed.nl\/tr\/#website","url":"https:\/\/www.horendgoed.nl\/tr\/","name":"Horend Goed Audiciens","description":"Luistert Beter","publisher":{"@id":"https:\/\/www.horendgoed.nl\/tr\/#organization"},"potentialAction":[{"@type":"SearchAction","target":{"@type":"EntryPoint","urlTemplate":"https:\/\/www.horendgoed.nl\/tr\/?s={search_term_string}"},"query-input":{"@type":"PropertyValueSpecification","valueRequired":true,"valueName":"search_term_string"}}],"inLanguage":"tr"},{"@type":"Organization","@id":"https:\/\/www.horendgoed.nl\/tr\/#organization","name":"Horend Goed","url":"https:\/\/www.horendgoed.nl\/tr\/","logo":{"@type":"ImageObject","inLanguage":"tr","@id":"https:\/\/www.horendgoed.nl\/tr\/#\/schema\/logo\/image\/","url":"https:\/\/www.horendgoed.nl\/wp-content\/uploads\/2021\/05\/Logo-groot-e1621862526979.png","contentUrl":"https:\/\/www.horendgoed.nl\/wp-content\/uploads\/2021\/05\/Logo-groot-e1621862526979.png","width":509,"height":100,"caption":"Horend Goed"},"image":{"@id":"https:\/\/www.horendgoed.nl\/tr\/#\/schema\/logo\/image\/"},"sameAs":["https:\/\/www.facebook.com\/horendgoed","https:\/\/www.instagram.com\/horendgoed\/","https:\/\/www.linkedin.com\/company\/horend-goed\/","https:\/\/www.youtube.com\/@horendgoed"],"email":"info@horendgoed.nl","telephone":"075 20 25 203","vatID":"NL 853 756 193 B01"}]}},"jetpack_sharing_enabled":true,"_links":{"self":[{"href":"https:\/\/www.horendgoed.nl\/tr\/wp-json\/wp\/v2\/product\/239371","targetHints":{"allow":["GET"]}}],"collection":[{"href":"https:\/\/www.horendgoed.nl\/tr\/wp-json\/wp\/v2\/product"}],"about":[{"href":"https:\/\/www.horendgoed.nl\/tr\/wp-json\/wp\/v2\/types\/product"}],"wp:featuredmedia":[{"embeddable":true,"href":"https:\/\/www.horendgoed.nl\/tr\/wp-json\/wp\/v2\/media\/239374"}],"wp:attachment":[{"href":"https:\/\/www.horendgoed.nl\/tr\/wp-json\/wp\/v2\/media?parent=239371"}],"wp:term":[{"taxonomy":"product_brand","embeddable":true,"href":"https:\/\/www.horendgoed.nl\/tr\/wp-json\/wp\/v2\/product_brand?post=239371"},{"taxonomy":"product_cat","embeddable":true,"href":"https:\/\/www.horendgoed.nl\/tr\/wp-json\/wp\/v2\/product_cat?post=239371"},{"taxonomy":"product_tag","embeddable":true,"href":"https:\/\/www.horendgoed.nl\/tr\/wp-json\/wp\/v2\/product_tag?post=239371"}],"curies":[{"name":"wp","href":"https:\/\/api.w.org\/{rel}","templated":true}]}}