{"id":239442,"date":"2023-03-30T14:50:38","date_gmt":"2023-03-30T12:50:38","guid":{"rendered":"https:\/\/www.horendgoed.nl\/shop\/uncategorized\/alecto-kulakliklar-cocuk-yesil\/"},"modified":"2025-10-31T17:37:02","modified_gmt":"2025-10-31T16:37:02","slug":"alecto-kulakliklar-cocuk-yesil","status":"publish","type":"product","link":"https:\/\/www.horendgoed.nl\/tr\/shop\/isitme-korumasi\/kulakliklar-tr\/alecto-kulakliklar-cocuk-yesil\/","title":{"rendered":"Alecto kulakl\u0131klar \u00e7ocuk ye\u015fil"},"content":{"rendered":"<h3>Alecto BV-71 18 Ay ve \u00dczeri \u00c7ocuklar i\u00e7in Kulakl\u0131klar<\/h3>\n<h4>\u00c7ocu\u011funuzun \u0130\u015fitme Duyusunu Zararl\u0131 Seslerden Koruyun<\/h4>\n<p>K\u00fc\u00e7\u00fck \u00e7ocuklar g\u00fcnl\u00fck olarak \u00e7e\u015fitli y\u00fcksek seslere maruz kalmaktad\u0131r. Okul bah\u00e7esinde di\u011fer \u00e7ocuklarla oynad\u0131\u011f\u0131n\u0131z\u0131, kalabal\u0131k bir s\u0131n\u0131ftaki g\u00fcr\u00fclt\u00fcy\u00fc, trafikte korna \u00e7alan arabalar\u0131 veya g\u00fcr\u00fclt\u00fc yapan oyuncaklar\u0131 d\u00fc\u015f\u00fcn\u00fcn. Yo\u011fun bir okul bah\u00e7esindeki g\u00fcr\u00fclt\u00fcn\u00fcn genellikle 85 desibel veya daha y\u00fcksek bir de\u011fere ula\u015fabildi\u011fini biliyor muydunuz? 80 desibel ve \u00fczerindeki sesler, \u00f6zellikle k\u00fc\u00e7\u00fck \u00e7ocuklarda i\u015fitme i\u00e7in zararl\u0131 olabilir.<\/p>\n<p>K\u00fc\u00e7\u00fck \u00e7ocuklarda i\u015fitme duyusu hala geli\u015fmekte oldu\u011fundan, \u00f6zellikle savunmas\u0131zd\u0131r. Bir \u00e7ocu\u011fun kula\u011f\u0131 yeti\u015fkin bir kula\u011fa g\u00f6re daha az g\u00fcr\u00fclt\u00fcy\u00fc tolere edebilir, bu nedenle y\u00fcksek sesler daha \u00e7abuk hasara neden olabilir. Asl\u0131nda ara\u015ft\u0131rmalar, her 8 \u00e7ocuktan 1&#8217;inin kal\u0131c\u0131 i\u015fitme hasar\u0131na maruz kald\u0131\u011f\u0131n\u0131 g\u00f6stermektedir. Bu durum konsantrasyon bozukluklar\u0131, uyku sorunlar\u0131, stres ve hatta dil geli\u015fiminde gecikmeler gibi uzun vadeli sorunlara yol a\u00e7abilir. Bir ebeveyn olarak, do\u011fal olarak bu hasar\u0131 \u00f6nlemek ve \u00e7ocu\u011funuzun i\u015fitme duyusunu korumak i\u00e7in elinizden gelen her \u015feyi yapmak istersiniz.<\/p>\n<h4>Alecto BV-71 Kulakl\u0131klar: \u00c7ocuklar \u0130\u00e7in \u0130deal \u0130\u015fitme Korumas\u0131<\/h4>\n<p><strong>Alecto BV-71 Kulakl\u0131klar<\/strong>, 18 ayl\u0131k ve daha b\u00fcy\u00fck \u00e7ocuklar\u0131n i\u015fitme duyusunu zararl\u0131 seslerden korumak i\u00e7in \u00f6zel olarak <strong>tasarlanm\u0131\u015ft\u0131r<\/strong>. Bu kulakl\u0131klar partiler, ge\u00e7it t\u00f6renleri, havai fi\u015fek g\u00f6sterileri, konserler ve araba ve motosiklet yar\u0131\u015flar\u0131 gibi g\u00fcr\u00fclt\u00fcl\u00fc ortamlarda kullan\u0131m i\u00e7in idealdir. Alecto i\u015fitme koruyucusu, \u00e7ocuk \u00e7evreyle temas halinde kalmaya devam ederken 29 desibele kadar zararl\u0131 ve y\u00fcksek sesleri azaltabilir. Bu, \u00e7ocu\u011funuzun d\u0131\u015f d\u00fcnyadan tamamen kopmadan g\u00fcvende oldu\u011fu anlam\u0131na gelir.<\/p>\n<p>Bu kulakl\u0131klar\u0131 \u00e7ocuklar i\u00e7in bu kadar uygun k\u0131lan \u015fey sadece g\u00fcr\u00fclt\u00fcy\u00fc etkili bir \u015fekilde azaltmas\u0131 de\u011fil, ayn\u0131 zamanda rahatl\u0131\u011f\u0131 ve kullan\u0131m kolayl\u0131\u011f\u0131d\u0131r. Alecto BV-71 Kulakl\u0131klar, \u00e7ocuklar\u0131n takmas\u0131n\u0131 cazip hale getiren \u00e7e\u015fitli moda renklerde mevcuttur. \u00dcstelik katlanabilir olmalar\u0131 sayesinde \u00e7antada kolayca ta\u015f\u0131yabilirsiniz, seyahatler veya tatiller i\u00e7in idealdir.<\/p>\n<h4>Konfor ve Dayan\u0131kl\u0131l\u0131k Tek \u00dcr\u00fcnde<\/h4>\n<p><strong>Alecto BV-71 Kulakl\u0131klar<\/strong> sadece pratik de\u011fil, ayn\u0131 zamanda \u00e7ok rahatt\u0131r. Ayarlanabilir kafa band\u0131, kulakl\u0131klar\u0131n \u00e7ocu\u011funuzla birlikte b\u00fcy\u00fcmesini sa\u011flar, yani y\u0131llarca kullan\u0131labilirler. Kafa band\u0131n\u0131n yumu\u015fak bir astara sahip olmas\u0131, kulakl\u0131klar\u0131n uzun s\u00fcreli kullan\u0131mda bile rahat\u00e7a tak\u0131lmas\u0131n\u0131 sa\u011flar. Bu \u00f6zellikle, daha az iyi tasarlanm\u0131\u015f kulakl\u0131klar takt\u0131klar\u0131nda h\u0131zla rahats\u0131zl\u0131k hissedebilen k\u00fc\u00e7\u00fck \u00e7ocuklar i\u00e7in \u00f6nemlidir.   <\/p>\n<p>Ayarlanabilir kafa band\u0131 ve kulakl\u0131klar\u0131n hafifli\u011fi sayesinde \u00e7ocu\u011funuz kulakl\u0131klar\u0131n kafas\u0131nda oldu\u011funu neredeyse hi\u00e7 fark etmeyecektir. Bu sayede i\u015fitme korumas\u0131n\u0131n gerekli oldu\u011fu durumlarda uzun s\u00fcreli kullan\u0131m i\u00e7in idealdir. <\/p>\n<h4>Konsantrasyon sorunlar\u0131na yard\u0131mc\u0131 olur<\/h4>\n<p><strong>Alecto BV-71 Kulakl\u0131klar<\/strong>, y\u00fcksek seslere kar\u015f\u0131 koruman\u0131n yan\u0131 s\u0131ra konsantrasyon sorunlar\u0131na da yard\u0131mc\u0131 olabilir. S\u0131n\u0131f veya kalabal\u0131k bir oda gibi g\u00fcr\u00fclt\u00fcl\u00fc bir ortamda, \u00e7ocuklar ortam g\u00fcr\u00fclt\u00fcs\u00fcnden h\u0131zl\u0131 bir \u015fekilde a\u015f\u0131r\u0131 etkilenebilir. Bu da okul \u00f6devlerine veya kitap okumaya konsantre olmalar\u0131n\u0131 zorla\u015ft\u0131rabilir.  <\/p>\n<p>Alecto kulakl\u0131klar, \u00e7ocu\u011funuzun \u00e7evresiyle ba\u011flant\u0131s\u0131n\u0131 tamamen kesmeden dikkat da\u011f\u0131t\u0131c\u0131 sesleri bo\u011farak odaklanmas\u0131na yard\u0131mc\u0131 olur. Bu, g\u00f6revlerine konsantre olmalar\u0131n\u0131 kolayla\u015ft\u0131r\u0131r ve daha iyi \u00f6\u011frenme performans\u0131na katk\u0131da bulunabilir. <\/p>\n<h4>Sonu\u00e7: G\u00fcvenilir \u0130\u015fitme Korumas\u0131 Se\u00e7in<\/h4>\n<p>Bir ebeveyn olarak \u00e7ocu\u011funuz i\u00e7in en iyisini istersiniz ve buna i\u015fitme duyusunu zararl\u0131 etkilerden korumak da dahildir. <strong>Alecto BV-71 Kulakl\u0131klar<\/strong>, 18 ay ve \u00fczeri \u00e7ocuklar i\u00e7in etkili ve konforlu bir \u00e7\u00f6z\u00fcm <strong>sunar<\/strong>. \u0130ster bir etkinlik s\u0131ras\u0131nda ister \u00e7ocu\u011funuzun daha iyi konsantre olmas\u0131na yard\u0131mc\u0131 olmak i\u00e7in i\u015fitme korumas\u0131 ar\u0131yor olun, Alecto BV-71 g\u00fcvenilir bir se\u00e7imdir. Alecto BV-71 Kulakl\u0131klar ile \u00e7ocu\u011funuzun i\u015fitme duyusunu bug\u00fcn koruyun ve uzun vadeli i\u015fitme hasar\u0131n\u0131 \u00f6nleyin.<\/p>\n","protected":false},"excerpt":{"rendered":"<p>Alecto BV-71 18 Ay ve \u00dczeri \u00c7ocuklar i\u00e7in Kulakl\u0131klar \u00c7ocu\u011funuzun \u0130\u015fitme Duyusunu Zararl\u0131 Seslerden Koruyun K\u00fc\u00e7\u00fck \u00e7ocuklar g\u00fcnl\u00fck olarak \u00e7e\u015fitli y\u00fcksek seslere maruz kalmaktad\u0131r. Okul bah\u00e7esinde di\u011fer \u00e7ocuklarla oynad\u0131\u011f\u0131n\u0131z\u0131, kalabal\u0131k bir s\u0131n\u0131ftaki g\u00fcr\u00fclt\u00fcy\u00fc, trafikte korna \u00e7alan arabalar\u0131 veya g\u00fcr\u00fclt\u00fc yapan oyuncaklar\u0131 d\u00fc\u015f\u00fcn\u00fcn. Yo\u011fun bir okul bah\u00e7esindeki g\u00fcr\u00fclt\u00fcn\u00fcn genellikle 85 desibel veya daha y\u00fcksek bir de\u011fere &hellip; <\/p>\n","protected":false},"featured_media":239445,"template":"","meta":{"_acf_changed":false},"product_brand":[],"product_cat":[16410,16232,16404,16215],"product_tag":[],"class_list":["post-239442","product","type-product","status-publish","has-post-thumbnail","product_cat-cocuklar-icin-isitme-korumasi","product_cat-isitme-korumasi","product_cat-kulakliklar-tr","product_cat-satis","grid-sizer","latest_post","first","outofstock","sale","taxable","shipping-taxable","purchasable","product-type-simple"],"acf":[],"yoast_head":"<!-- This site is optimized with the Yoast SEO Premium plugin v27.4 (Yoast SEO v28.3) - https:\/\/yoast.com\/product\/yoast-seo-premium-wordpress\/ -->\n<title>Alecto kulakl\u0131klar \u00e7ocuk ye\u015fil | Horend Goed Audiciens<\/title>\n<meta name=\"robots\" content=\"index, follow, max-snippet:-1, max-image-preview:large, max-video-preview:-1\" \/>\n<link rel=\"canonical\" href=\"https:\/\/www.horendgoed.nl\/tr\/shop\/isitme-korumasi\/kulakliklar-tr\/alecto-kulakliklar-cocuk-yesil\/\" \/>\n<meta property=\"og:locale\" content=\"tr_TR\" \/>\n<meta property=\"og:type\" content=\"article\" \/>\n<meta property=\"og:title\" content=\"Alecto kulakl\u0131klar \u00e7ocuk ye\u015fil\" \/>\n<meta property=\"og:description\" content=\"Alecto BV-71 18 Ay ve \u00dczeri \u00c7ocuklar i\u00e7in Kulakl\u0131klar \u00c7ocu\u011funuzun \u0130\u015fitme Duyusunu Zararl\u0131 Seslerden Koruyun K\u00fc\u00e7\u00fck \u00e7ocuklar g\u00fcnl\u00fck olarak \u00e7e\u015fitli y\u00fcksek seslere maruz kalmaktad\u0131r. Okul bah\u00e7esinde di\u011fer \u00e7ocuklarla oynad\u0131\u011f\u0131n\u0131z\u0131, kalabal\u0131k bir s\u0131n\u0131ftaki g\u00fcr\u00fclt\u00fcy\u00fc, trafikte korna \u00e7alan arabalar\u0131 veya g\u00fcr\u00fclt\u00fc yapan oyuncaklar\u0131 d\u00fc\u015f\u00fcn\u00fcn. Yo\u011fun bir okul bah\u00e7esindeki g\u00fcr\u00fclt\u00fcn\u00fcn genellikle 85 desibel veya daha y\u00fcksek bir de\u011fere &hellip;\" \/>\n<meta property=\"og:url\" content=\"https:\/\/www.horendgoed.nl\/tr\/shop\/isitme-korumasi\/kulakliklar-tr\/alecto-kulakliklar-cocuk-yesil\/\" \/>\n<meta property=\"og:site_name\" content=\"Horend Goed Audiciens\" \/>\n<meta property=\"article:publisher\" content=\"https:\/\/www.facebook.com\/horendgoed\" \/>\n<meta property=\"article:modified_time\" content=\"2025-10-31T16:37:02+00:00\" \/>\n<meta property=\"og:image\" content=\"https:\/\/www.horendgoed.nl\/wp-content\/uploads\/2023\/03\/b4d2-0f06-4d73-82a2-800d6b53f8f3.png\" \/>\n\t<meta property=\"og:image:width\" content=\"1200\" \/>\n\t<meta property=\"og:image:height\" content=\"1200\" \/>\n\t<meta property=\"og:image:type\" content=\"image\/png\" \/>\n<script type=\"application\/ld+json\" class=\"yoast-schema-graph\">{\"@context\":\"https:\\\/\\\/schema.org\",\"@graph\":[{\"@type\":\"WebPage\",\"@id\":\"https:\\\/\\\/www.horendgoed.nl\\\/tr\\\/shop\\\/isitme-korumasi\\\/kulakliklar-tr\\\/alecto-kulakliklar-cocuk-yesil\\\/\",\"url\":\"https:\\\/\\\/www.horendgoed.nl\\\/tr\\\/shop\\\/isitme-korumasi\\\/kulakliklar-tr\\\/alecto-kulakliklar-cocuk-yesil\\\/\",\"name\":\"Alecto kulakl\u0131klar \u00e7ocuk ye\u015fil | Horend Goed Audiciens\",\"isPartOf\":{\"@id\":\"https:\\\/\\\/www.horendgoed.nl\\\/tr\\\/#website\"},\"primaryImageOfPage\":{\"@id\":\"https:\\\/\\\/www.horendgoed.nl\\\/tr\\\/shop\\\/isitme-korumasi\\\/kulakliklar-tr\\\/alecto-kulakliklar-cocuk-yesil\\\/#primaryimage\"},\"image\":{\"@id\":\"https:\\\/\\\/www.horendgoed.nl\\\/tr\\\/shop\\\/isitme-korumasi\\\/kulakliklar-tr\\\/alecto-kulakliklar-cocuk-yesil\\\/#primaryimage\"},\"thumbnailUrl\":\"https:\\\/\\\/www.horendgoed.nl\\\/wp-content\\\/uploads\\\/2023\\\/03\\\/b4d2-0f06-4d73-82a2-800d6b53f8f3.png\",\"datePublished\":\"2023-03-30T12:50:38+00:00\",\"dateModified\":\"2025-10-31T16:37:02+00:00\",\"breadcrumb\":{\"@id\":\"https:\\\/\\\/www.horendgoed.nl\\\/tr\\\/shop\\\/isitme-korumasi\\\/kulakliklar-tr\\\/alecto-kulakliklar-cocuk-yesil\\\/#breadcrumb\"},\"inLanguage\":\"tr\",\"potentialAction\":[{\"@type\":\"ReadAction\",\"target\":[\"https:\\\/\\\/www.horendgoed.nl\\\/tr\\\/shop\\\/isitme-korumasi\\\/kulakliklar-tr\\\/alecto-kulakliklar-cocuk-yesil\\\/\"]}]},{\"@type\":\"ImageObject\",\"inLanguage\":\"tr\",\"@id\":\"https:\\\/\\\/www.horendgoed.nl\\\/tr\\\/shop\\\/isitme-korumasi\\\/kulakliklar-tr\\\/alecto-kulakliklar-cocuk-yesil\\\/#primaryimage\",\"url\":\"https:\\\/\\\/www.horendgoed.nl\\\/wp-content\\\/uploads\\\/2023\\\/03\\\/b4d2-0f06-4d73-82a2-800d6b53f8f3.png\",\"contentUrl\":\"https:\\\/\\\/www.horendgoed.nl\\\/wp-content\\\/uploads\\\/2023\\\/03\\\/b4d2-0f06-4d73-82a2-800d6b53f8f3.png\",\"width\":1200,\"height\":1200},{\"@type\":\"BreadcrumbList\",\"@id\":\"https:\\\/\\\/www.horendgoed.nl\\\/tr\\\/shop\\\/isitme-korumasi\\\/kulakliklar-tr\\\/alecto-kulakliklar-cocuk-yesil\\\/#breadcrumb\",\"itemListElement\":[{\"@type\":\"ListItem\",\"position\":1,\"name\":\"Ev\",\"item\":\"https:\\\/\\\/www.horendgoed.nl\\\/tr\\\/horend-goed-isitme-cihazlari-ve-isitme-korumasi-uzmani\\\/\"},{\"@type\":\"ListItem\",\"position\":2,\"name\":\"\u00dcr\u00fcnler\",\"item\":\"https:\\\/\\\/www.horendgoed.nl\\\/tr\\\/magaza\\\/urunler\\\/\"},{\"@type\":\"ListItem\",\"position\":3,\"name\":\"Alecto kulakl\u0131klar \u00e7ocuk ye\u015fil\"}]},{\"@type\":\"WebSite\",\"@id\":\"https:\\\/\\\/www.horendgoed.nl\\\/tr\\\/#website\",\"url\":\"https:\\\/\\\/www.horendgoed.nl\\\/tr\\\/\",\"name\":\"Horend Goed Audiciens\",\"description\":\"Luistert Beter\",\"publisher\":{\"@id\":\"https:\\\/\\\/www.horendgoed.nl\\\/tr\\\/#organization\"},\"potentialAction\":[{\"@type\":\"SearchAction\",\"target\":{\"@type\":\"EntryPoint\",\"urlTemplate\":\"https:\\\/\\\/www.horendgoed.nl\\\/tr\\\/?s={search_term_string}\"},\"query-input\":{\"@type\":\"PropertyValueSpecification\",\"valueRequired\":true,\"valueName\":\"search_term_string\"}}],\"inLanguage\":\"tr\"},{\"@type\":\"Organization\",\"@id\":\"https:\\\/\\\/www.horendgoed.nl\\\/tr\\\/#organization\",\"name\":\"Horend Goed\",\"url\":\"https:\\\/\\\/www.horendgoed.nl\\\/tr\\\/\",\"logo\":{\"@type\":\"ImageObject\",\"inLanguage\":\"tr\",\"@id\":\"https:\\\/\\\/www.horendgoed.nl\\\/tr\\\/#\\\/schema\\\/logo\\\/image\\\/\",\"url\":\"https:\\\/\\\/www.horendgoed.nl\\\/wp-content\\\/uploads\\\/2021\\\/05\\\/Logo-groot-e1621862526979.png\",\"contentUrl\":\"https:\\\/\\\/www.horendgoed.nl\\\/wp-content\\\/uploads\\\/2021\\\/05\\\/Logo-groot-e1621862526979.png\",\"width\":509,\"height\":100,\"caption\":\"Horend Goed\"},\"image\":{\"@id\":\"https:\\\/\\\/www.horendgoed.nl\\\/tr\\\/#\\\/schema\\\/logo\\\/image\\\/\"},\"sameAs\":[\"https:\\\/\\\/www.facebook.com\\\/horendgoed\",\"https:\\\/\\\/www.instagram.com\\\/horendgoed\\\/\",\"https:\\\/\\\/www.linkedin.com\\\/company\\\/horend-goed\\\/\",\"https:\\\/\\\/www.youtube.com\\\/@horendgoed\"],\"email\":\"info@horendgoed.nl\",\"telephone\":\"075 20 25 203\",\"vatID\":\"NL 853 756 193 B01\"}]}<\/script>\n<!-- \/ Yoast SEO Premium plugin. -->","yoast_head_json":{"title":"Alecto kulakl\u0131klar \u00e7ocuk ye\u015fil | Horend Goed Audiciens","robots":{"index":"index","follow":"follow","max-snippet":"max-snippet:-1","max-image-preview":"max-image-preview:large","max-video-preview":"max-video-preview:-1"},"canonical":"https:\/\/www.horendgoed.nl\/tr\/shop\/isitme-korumasi\/kulakliklar-tr\/alecto-kulakliklar-cocuk-yesil\/","og_locale":"tr_TR","og_type":"article","og_title":"Alecto kulakl\u0131klar \u00e7ocuk ye\u015fil","og_description":"Alecto BV-71 18 Ay ve \u00dczeri \u00c7ocuklar i\u00e7in Kulakl\u0131klar \u00c7ocu\u011funuzun \u0130\u015fitme Duyusunu Zararl\u0131 Seslerden Koruyun K\u00fc\u00e7\u00fck \u00e7ocuklar g\u00fcnl\u00fck olarak \u00e7e\u015fitli y\u00fcksek seslere maruz kalmaktad\u0131r. Okul bah\u00e7esinde di\u011fer \u00e7ocuklarla oynad\u0131\u011f\u0131n\u0131z\u0131, kalabal\u0131k bir s\u0131n\u0131ftaki g\u00fcr\u00fclt\u00fcy\u00fc, trafikte korna \u00e7alan arabalar\u0131 veya g\u00fcr\u00fclt\u00fc yapan oyuncaklar\u0131 d\u00fc\u015f\u00fcn\u00fcn. Yo\u011fun bir okul bah\u00e7esindeki g\u00fcr\u00fclt\u00fcn\u00fcn genellikle 85 desibel veya daha y\u00fcksek bir de\u011fere &hellip;","og_url":"https:\/\/www.horendgoed.nl\/tr\/shop\/isitme-korumasi\/kulakliklar-tr\/alecto-kulakliklar-cocuk-yesil\/","og_site_name":"Horend Goed Audiciens","article_publisher":"https:\/\/www.facebook.com\/horendgoed","article_modified_time":"2025-10-31T16:37:02+00:00","og_image":[{"width":1200,"height":1200,"url":"https:\/\/www.horendgoed.nl\/wp-content\/uploads\/2023\/03\/b4d2-0f06-4d73-82a2-800d6b53f8f3.png","type":"image\/png"}],"schema":{"@context":"https:\/\/schema.org","@graph":[{"@type":"WebPage","@id":"https:\/\/www.horendgoed.nl\/tr\/shop\/isitme-korumasi\/kulakliklar-tr\/alecto-kulakliklar-cocuk-yesil\/","url":"https:\/\/www.horendgoed.nl\/tr\/shop\/isitme-korumasi\/kulakliklar-tr\/alecto-kulakliklar-cocuk-yesil\/","name":"Alecto kulakl\u0131klar \u00e7ocuk ye\u015fil | Horend Goed Audiciens","isPartOf":{"@id":"https:\/\/www.horendgoed.nl\/tr\/#website"},"primaryImageOfPage":{"@id":"https:\/\/www.horendgoed.nl\/tr\/shop\/isitme-korumasi\/kulakliklar-tr\/alecto-kulakliklar-cocuk-yesil\/#primaryimage"},"image":{"@id":"https:\/\/www.horendgoed.nl\/tr\/shop\/isitme-korumasi\/kulakliklar-tr\/alecto-kulakliklar-cocuk-yesil\/#primaryimage"},"thumbnailUrl":"https:\/\/www.horendgoed.nl\/wp-content\/uploads\/2023\/03\/b4d2-0f06-4d73-82a2-800d6b53f8f3.png","datePublished":"2023-03-30T12:50:38+00:00","dateModified":"2025-10-31T16:37:02+00:00","breadcrumb":{"@id":"https:\/\/www.horendgoed.nl\/tr\/shop\/isitme-korumasi\/kulakliklar-tr\/alecto-kulakliklar-cocuk-yesil\/#breadcrumb"},"inLanguage":"tr","potentialAction":[{"@type":"ReadAction","target":["https:\/\/www.horendgoed.nl\/tr\/shop\/isitme-korumasi\/kulakliklar-tr\/alecto-kulakliklar-cocuk-yesil\/"]}]},{"@type":"ImageObject","inLanguage":"tr","@id":"https:\/\/www.horendgoed.nl\/tr\/shop\/isitme-korumasi\/kulakliklar-tr\/alecto-kulakliklar-cocuk-yesil\/#primaryimage","url":"https:\/\/www.horendgoed.nl\/wp-content\/uploads\/2023\/03\/b4d2-0f06-4d73-82a2-800d6b53f8f3.png","contentUrl":"https:\/\/www.horendgoed.nl\/wp-content\/uploads\/2023\/03\/b4d2-0f06-4d73-82a2-800d6b53f8f3.png","width":1200,"height":1200},{"@type":"BreadcrumbList","@id":"https:\/\/www.horendgoed.nl\/tr\/shop\/isitme-korumasi\/kulakliklar-tr\/alecto-kulakliklar-cocuk-yesil\/#breadcrumb","itemListElement":[{"@type":"ListItem","position":1,"name":"Ev","item":"https:\/\/www.horendgoed.nl\/tr\/horend-goed-isitme-cihazlari-ve-isitme-korumasi-uzmani\/"},{"@type":"ListItem","position":2,"name":"\u00dcr\u00fcnler","item":"https:\/\/www.horendgoed.nl\/tr\/magaza\/urunler\/"},{"@type":"ListItem","position":3,"name":"Alecto kulakl\u0131klar \u00e7ocuk ye\u015fil"}]},{"@type":"WebSite","@id":"https:\/\/www.horendgoed.nl\/tr\/#website","url":"https:\/\/www.horendgoed.nl\/tr\/","name":"Horend Goed Audiciens","description":"Luistert Beter","publisher":{"@id":"https:\/\/www.horendgoed.nl\/tr\/#organization"},"potentialAction":[{"@type":"SearchAction","target":{"@type":"EntryPoint","urlTemplate":"https:\/\/www.horendgoed.nl\/tr\/?s={search_term_string}"},"query-input":{"@type":"PropertyValueSpecification","valueRequired":true,"valueName":"search_term_string"}}],"inLanguage":"tr"},{"@type":"Organization","@id":"https:\/\/www.horendgoed.nl\/tr\/#organization","name":"Horend Goed","url":"https:\/\/www.horendgoed.nl\/tr\/","logo":{"@type":"ImageObject","inLanguage":"tr","@id":"https:\/\/www.horendgoed.nl\/tr\/#\/schema\/logo\/image\/","url":"https:\/\/www.horendgoed.nl\/wp-content\/uploads\/2021\/05\/Logo-groot-e1621862526979.png","contentUrl":"https:\/\/www.horendgoed.nl\/wp-content\/uploads\/2021\/05\/Logo-groot-e1621862526979.png","width":509,"height":100,"caption":"Horend Goed"},"image":{"@id":"https:\/\/www.horendgoed.nl\/tr\/#\/schema\/logo\/image\/"},"sameAs":["https:\/\/www.facebook.com\/horendgoed","https:\/\/www.instagram.com\/horendgoed\/","https:\/\/www.linkedin.com\/company\/horend-goed\/","https:\/\/www.youtube.com\/@horendgoed"],"email":"info@horendgoed.nl","telephone":"075 20 25 203","vatID":"NL 853 756 193 B01"}]}},"jetpack_sharing_enabled":true,"_links":{"self":[{"href":"https:\/\/www.horendgoed.nl\/tr\/wp-json\/wp\/v2\/product\/239442","targetHints":{"allow":["GET"]}}],"collection":[{"href":"https:\/\/www.horendgoed.nl\/tr\/wp-json\/wp\/v2\/product"}],"about":[{"href":"https:\/\/www.horendgoed.nl\/tr\/wp-json\/wp\/v2\/types\/product"}],"wp:featuredmedia":[{"embeddable":true,"href":"https:\/\/www.horendgoed.nl\/tr\/wp-json\/wp\/v2\/media\/239445"}],"wp:attachment":[{"href":"https:\/\/www.horendgoed.nl\/tr\/wp-json\/wp\/v2\/media?parent=239442"}],"wp:term":[{"taxonomy":"product_brand","embeddable":true,"href":"https:\/\/www.horendgoed.nl\/tr\/wp-json\/wp\/v2\/product_brand?post=239442"},{"taxonomy":"product_cat","embeddable":true,"href":"https:\/\/www.horendgoed.nl\/tr\/wp-json\/wp\/v2\/product_cat?post=239442"},{"taxonomy":"product_tag","embeddable":true,"href":"https:\/\/www.horendgoed.nl\/tr\/wp-json\/wp\/v2\/product_tag?post=239442"}],"curies":[{"name":"wp","href":"https:\/\/api.w.org\/{rel}","templated":true}]}}