{"id":243011,"date":"2024-11-05T15:54:49","date_gmt":"2024-11-05T14:54:49","guid":{"rendered":"https:\/\/www.horendgoed.nl\/shop\/uncategorized\/alpine-defender-isitme-korumasi\/"},"modified":"2024-11-05T15:54:49","modified_gmt":"2024-11-05T14:54:49","slug":"alpine-defender-isitme-korumasi","status":"publish","type":"product","link":"https:\/\/www.horendgoed.nl\/tr\/shop\/isitme-korumasi\/kulakliklar-tr\/alpine-defender-isitme-korumasi\/","title":{"rendered":"Alpine Defender \u0130\u015fitme Korumas\u0131"},"content":{"rendered":"<p><strong>Alpine Defender - Konfor ve Kalite ile Optimal \u0130\u015fitme Korumas\u0131<\/strong><\/p>\n<p>Alpine Defender, konfor ve kaliteden \u00f6d\u00fcn vermeden i\u015fitme korumas\u0131 arayan herkes i\u00e7in bir se\u00e7imdir. Bu kulakl\u0131klar, in\u015faat, end\u00fcstri veya motor sporlar\u0131 gibi g\u00fcr\u00fclt\u00fcl\u00fc ortamlarda \u00e7al\u0131\u015fan veya bulunan ki\u015filer i\u00e7in \u00f6zel olarak tasarlanm\u0131\u015ft\u0131r, ancak a\u015f\u0131r\u0131 g\u00fcr\u00fclt\u00fcden korunmak isteyen ki\u015filer i\u00e7in de uygundur. Alpine Defender y\u00fcksek kaliteli koruma, kullan\u0131m kolayl\u0131\u011f\u0131 ve dayan\u0131kl\u0131l\u0131\u011f\u0131 tek bir pakette sunar, b\u00f6ylece i\u015finizi g\u00fcvenli ve rahat bir \u015fekilde yapabilir veya hobinizin tad\u0131n\u0131 \u00e7\u0131karabilirsiniz.  <\/p>\n<h3>Alpine Defender ile ki\u015fiselle\u015ftirilmi\u015f i\u015fitme korumas\u0131<\/h3>\n<p>Ortalama 26 dB ses azaltma seviyesi (SNR) ile Alpine Defender zararl\u0131 seslere kar\u015f\u0131 m\u00fckemmel koruma sa\u011flar. Sadece ge\u00e7ici i\u015fitme hasar\u0131n\u0131 \u00f6nlemekle kalmaz, ayn\u0131 zamanda kal\u0131c\u0131 i\u015fitme sorunlar\u0131 riskini de azalt\u0131r, bu da bu kulakl\u0131klar\u0131 de\u011ferli bir uzun vadeli yat\u0131r\u0131m haline getirir. Bu y\u00fcksek koruma seviyesi, Alpine Defender kulakl\u0131klar\u0131 uzun s\u00fcre g\u00fcr\u00fclt\u00fcl\u00fc ortamlarda \u00e7al\u0131\u015fanlar veya g\u00fcvenilir i\u015fitme korumas\u0131 arayanlar i\u00e7in ideal hale getirir.  <\/p>\n<h3>Konfor ve uzun s\u00fcreli kullan\u0131m keyfi<\/h3>\n<p>Alpine Defender&#8217;\u0131n en b\u00fcy\u00fck avantajlar\u0131ndan biri, uzun s\u00fcreli kullan\u0131mda bile rahat olmas\u0131d\u0131r. Kulakl\u0131klar, ba\u015f\u0131n\u0131z\u0131n \u015fekline uyum sa\u011flayarak kulaklar\u0131n\u0131z \u00fczerindeki bask\u0131y\u0131 azaltan yumu\u015fak, ayarlanabilir kulak pedleri ile donat\u0131lm\u0131\u015ft\u0131r. Rahat oturu\u015fu sayesinde Alpine Defender&#8217;\u0131 rahats\u0131z olmadan saatlerce takabilirsiniz. \u0130ster y\u00fcksek g\u00fcr\u00fclt\u00fc seviyelerinin oldu\u011fu bir ortamda \u00e7al\u0131\u015f\u0131yor, ders \u00e7al\u0131\u015f\u0131yor veya dinleniyor olun, Alpine Defender istenmeyen g\u00fcr\u00fclt\u00fclerden rahats\u0131z olmadan sizi g\u00fcvende ve rahat tutacakt\u0131r.   <\/p>\n<h3>Ayarlanabilir ve Dayan\u0131kl\u0131 Yap\u0131<\/h3>\n<p>Alpine Defender kulakl\u0131klar, g\u00fcnl\u00fck kullan\u0131ma ve y\u0131pranmaya kar\u015f\u0131 dayan\u0131kl\u0131 olmas\u0131n\u0131 sa\u011flayan sa\u011flam ve dayan\u0131kl\u0131 bir yap\u0131 ile tasarlanm\u0131\u015ft\u0131r. Ayarlanabilir kafa band\u0131, farkl\u0131 kafa boyutlar\u0131 ve \u015fekilleri i\u00e7in m\u00fckemmel bir uyum sa\u011flar ve sa\u011flam malzemeler, kulakl\u0131klar\u0131n darbelere, d\u00fc\u015fmelere ve \u00e7al\u0131\u015fma ortam\u0131nda meydana gelebilecek di\u011fer zorluklara dayanabilmesini garanti eder. Alpine Defender bu nedenle sadece optimum koruma sa\u011flamakla kalmaz, ayn\u0131 zamanda uzun s\u00fcre dayan\u0131r.  <\/p>\n<h3>Hafif Tasar\u0131m ve Kolay Saklama<\/h3>\n<p>Alpine Defender kulakl\u0131klar hafiftir, bu da onlar\u0131 a\u011f\u0131r veya rahats\u0131z hissetmeden g\u00fcnl\u00fck kullan\u0131m i\u00e7in ideal hale getirir. Hafif tasar\u0131m\u0131 sayesinde kolayca ta\u015f\u0131nabilir ve kullan\u0131lmad\u0131\u011f\u0131 zamanlarda kolayca saklanabilir. Ayr\u0131ca, kulakl\u0131klar katlanabilir oldu\u011fundan seyahat ederken veya saklamak istedi\u011finizde ekstra kolayl\u0131k sa\u011flar. Bu da Alpine Defender&#8217;\u0131 s\u0131k s\u0131k yer de\u011fi\u015ftiren veya kulakl\u0131klar\u0131 bir \u00e7anta veya s\u0131rt \u00e7antas\u0131nda ta\u015f\u0131mak isteyen profesyoneller i\u00e7in m\u00fckemmel hale getirir.   <\/p>\n<h3>\u00c7e\u015fitli uygulamalar i\u00e7in uygundur<\/h3>\n<p>Alpine Defender kulakl\u0131klar \u00e7ok y\u00f6nl\u00fcd\u00fcr ve \u00e7e\u015fitli durumlar i\u00e7in uygundur. \u0130n\u015faat, end\u00fcstri veya b\u00fcy\u00fck etkinlikler gibi g\u00fcr\u00fclt\u00fcl\u00fc ortamlarda \u00e7al\u0131\u015fan ki\u015filer i\u00e7in idealdir. Ayr\u0131ca motor sporlar\u0131nda, festivallerde veya tuhaf i\u015fler yaparken i\u015fitme duyusunu korumak isteyen ki\u015filer i\u00e7in de m\u00fckemmel bir se\u00e7imdir. Alpine Defender, ortam\u0131 tamamen kapatmadan etkili bir koruma sa\u011flayarak i\u015fitme g\u00fcvenli\u011finizden \u00f6d\u00fcn vermeden tetikte kalman\u0131za olanak tan\u0131r.   <\/p>\n<h3>Y\u00fcksek kaliteli ses yal\u0131t\u0131m\u0131 ve net ileti\u015fim<\/h3>\n<p>Alpine Defender&#8217;\u0131n bir di\u011fer \u00f6zelli\u011fi de genel fark\u0131ndal\u0131\u011f\u0131 azaltmadan istenmeyen g\u00fcr\u00fclt\u00fcy\u00fc etkili bir \u015fekilde azaltmas\u0131d\u0131r. Bu, ileti\u015fimin \u00f6nemli oldu\u011fu durumlar i\u00e7in gerekli olan ortam seslerini alg\u0131lamaya devam edebilece\u011finiz anlam\u0131na gelir. B\u00f6ylece i\u015fitme korumas\u0131 takabilir ve \u00f6nemli talimatlar\u0131 veya uyar\u0131lar\u0131 duymaya devam edebilirsiniz. Koruma ve ses fark\u0131ndal\u0131\u011f\u0131 aras\u0131ndaki bu denge, Alpine Defender&#8217;\u0131 uyan\u0131k kal\u0131rken g\u00fcvenli i\u015fitme korumas\u0131na ihtiya\u00e7 duyan profesyoneller i\u00e7in ideal hale getirir.   <\/p>\n<h3>Neden Alpine Defender&#8217;\u0131 se\u00e7melisiniz?<\/h3>\n<p>\u0130\u015fitme korumas\u0131 \u00e7\u00f6z\u00fcm\u00fcn\u00fcz olarak Alpine Defender kulakl\u0131klar\u0131 se\u00e7meniz i\u00e7in bir\u00e7ok neden var:<\/p>\n<ul>\n<li><strong>Etkili g\u00fcr\u00fclt\u00fc azaltma:<\/strong> 29 dB SNR de\u011feri ile i\u015fitme duyusunu korur ve zararl\u0131 seslerin \u00f6nemli \u00f6l\u00e7\u00fcde azalt\u0131lmas\u0131n\u0131 sa\u011flar.<\/li>\n<li><strong>Rahat tasar\u0131m:<\/strong> Yumu\u015fak kulak yast\u0131klar\u0131 ve ayarlanabilir kafa band\u0131 uzun s\u00fcreli kullan\u0131m\u0131 rahat ve keyifli hale getirir.<\/li>\n<li><strong>Dayan\u0131kl\u0131 ve sa\u011flam:<\/strong> \u00c7e\u015fitli ortamlarda yo\u011fun kullan\u0131ma dayanabilecek y\u00fcksek kaliteli malzemelerden \u00fcretilmi\u015ftir.<\/li>\n<li><strong>Hafif ve ta\u015f\u0131nabilir:<\/strong> Katlanabilir ve saklamas\u0131 kolayd\u0131r, g\u00fcnl\u00fck kullan\u0131m i\u00e7in veya seyahat ederken yan\u0131n\u0131za almak i\u00e7in m\u00fckemmeldir.<\/li>\n<li><strong>G\u00fcvenli ve fark\u0131nda:<\/strong> Tam yal\u0131t\u0131m olmadan korur, b\u00f6ylece \u00f6nemli ortam sesleri duyulabilir kal\u0131r.<\/li>\n<\/ul>\n<h3>\u00d6nce G\u00fcvenlik: \u0130yi Bir \u0130\u015fitme Korumas\u0131n\u0131n Faydalar\u0131<\/h3>\n<p>\u00d6zellikle d\u00fczenli olarak y\u00fcksek sesli ortamlarda bulunuyorsan\u0131z, i\u015fitme duyunuzu uygun \u015fekilde korumak \u00e7ok \u00f6nemlidir. Y\u00fcksek sese maruz kalmak sonunda i\u015fitme kayb\u0131na, kulak \u00e7\u0131nlamas\u0131na ve di\u011fer rahats\u0131zl\u0131klara yol a\u00e7abilir. Alpine Defender bu risklere kar\u015f\u0131 koruma sa\u011flar ve i\u015fitme duyunuzun sa\u011fl\u0131kl\u0131 kalmas\u0131na yard\u0131mc\u0131 olur. Alpine Defender gibi g\u00fcvenilir bir i\u015fitme korumas\u0131 se\u00e7erek, i\u015fitme duyunuzu korumak i\u00e7in proaktif bir ad\u0131m att\u0131\u011f\u0131n\u0131zdan emin olabilirsiniz.   <\/p>\n<h3>Alpine Defender - \u0130\u015fitme korumas\u0131nda orta\u011f\u0131n\u0131z<\/h3>\n<p>K\u0131sacas\u0131, Alpine Defender g\u00fcvenilir, rahat ve dayan\u0131kl\u0131 i\u015fitme korumas\u0131 arayan herkes i\u00e7in m\u00fckemmel bir se\u00e7imdir. Etkili g\u00fcr\u00fclt\u00fc azaltma, ayarlanabilir ve rahat uyum ve ta\u015f\u0131nabilir tasar\u0131m\u0131 ile Alpine Defender, g\u00fcr\u00fclt\u00fcl\u00fc ortamlarda g\u00fcvende kalmak ve korunmak i\u00e7in ihtiyac\u0131n\u0131z olan her \u015feyi sa\u011flar. <\/p>\n<p>\u0130ster g\u00fcnl\u00fck i\u015fitme korumas\u0131na ihtiya\u00e7 duyan bir profesyonel olun, ister sadece g\u00fcr\u00fclt\u00fcl\u00fc aktiviteler s\u0131ras\u0131nda i\u015fitme duyunuzu koruman\u0131n bir yolunu ar\u0131yor olun, Alpine Defender \u00e7ok y\u00f6nl\u00fc bir \u00e7\u00f6z\u00fcm sunar.<\/p>\n","protected":false},"excerpt":{"rendered":"<p>Alpine Defender - Konfor ve Kalite ile Optimal \u0130\u015fitme Korumas\u0131 Alpine Defender, konfor ve kaliteden \u00f6d\u00fcn vermeden i\u015fitme korumas\u0131 arayan herkes i\u00e7in bir se\u00e7imdir. Bu kulakl\u0131klar, in\u015faat, end\u00fcstri veya motor sporlar\u0131 gibi g\u00fcr\u00fclt\u00fcl\u00fc ortamlarda \u00e7al\u0131\u015fan veya bulunan ki\u015filer i\u00e7in \u00f6zel olarak tasarlanm\u0131\u015ft\u0131r, ancak a\u015f\u0131r\u0131 g\u00fcr\u00fclt\u00fcden korunmak isteyen ki\u015filer i\u00e7in de uygundur. Alpine Defender y\u00fcksek kaliteli &hellip; <\/p>\n","protected":false},"featured_media":243013,"template":"","meta":{"_acf_changed":false},"product_brand":[],"product_cat":[16404],"product_tag":[],"class_list":["post-243011","product","type-product","status-publish","has-post-thumbnail","product_cat-kulakliklar-tr","grid-sizer","latest_post","first","outofstock","taxable","shipping-taxable","purchasable","product-type-simple"],"acf":[],"yoast_head":"<!-- This site is optimized with the Yoast SEO Premium plugin v27.4 (Yoast SEO v28.3) - https:\/\/yoast.com\/product\/yoast-seo-premium-wordpress\/ -->\n<title>Alpine Defender \u0130\u015fitme Korumas\u0131 | Horend Goed Audiciens<\/title>\n<meta name=\"robots\" content=\"index, follow, max-snippet:-1, max-image-preview:large, max-video-preview:-1\" \/>\n<link rel=\"canonical\" href=\"https:\/\/www.horendgoed.nl\/tr\/shop\/isitme-korumasi\/kulakliklar-tr\/alpine-defender-isitme-korumasi\/\" \/>\n<meta property=\"og:locale\" content=\"tr_TR\" \/>\n<meta property=\"og:type\" content=\"article\" \/>\n<meta property=\"og:title\" content=\"Alpine Defender \u0130\u015fitme Korumas\u0131\" \/>\n<meta property=\"og:description\" content=\"Alpine Defender - Konfor ve Kalite ile Optimal \u0130\u015fitme Korumas\u0131 Alpine Defender, konfor ve kaliteden \u00f6d\u00fcn vermeden i\u015fitme korumas\u0131 arayan herkes i\u00e7in bir se\u00e7imdir. Bu kulakl\u0131klar, in\u015faat, end\u00fcstri veya motor sporlar\u0131 gibi g\u00fcr\u00fclt\u00fcl\u00fc ortamlarda \u00e7al\u0131\u015fan veya bulunan ki\u015filer i\u00e7in \u00f6zel olarak tasarlanm\u0131\u015ft\u0131r, ancak a\u015f\u0131r\u0131 g\u00fcr\u00fclt\u00fcden korunmak isteyen ki\u015filer i\u00e7in de uygundur. Alpine Defender y\u00fcksek kaliteli &hellip;\" \/>\n<meta property=\"og:url\" content=\"https:\/\/www.horendgoed.nl\/tr\/shop\/isitme-korumasi\/kulakliklar-tr\/alpine-defender-isitme-korumasi\/\" \/>\n<meta property=\"og:site_name\" content=\"Horend Goed Audiciens\" \/>\n<meta property=\"article:publisher\" content=\"https:\/\/www.facebook.com\/horendgoed\" \/>\n<meta property=\"og:image\" content=\"https:\/\/www.horendgoed.nl\/wp-content\/uploads\/2023\/10\/Horend-Goed-Yoast.jpg\" \/>\n\t<meta property=\"og:image:width\" content=\"1200\" \/>\n\t<meta property=\"og:image:height\" content=\"675\" \/>\n\t<meta property=\"og:image:type\" content=\"image\/jpeg\" \/>\n<script type=\"application\/ld+json\" class=\"yoast-schema-graph\">{\"@context\":\"https:\\\/\\\/schema.org\",\"@graph\":[{\"@type\":\"WebPage\",\"@id\":\"https:\\\/\\\/www.horendgoed.nl\\\/tr\\\/shop\\\/isitme-korumasi\\\/kulakliklar-tr\\\/alpine-defender-isitme-korumasi\\\/\",\"url\":\"https:\\\/\\\/www.horendgoed.nl\\\/tr\\\/shop\\\/isitme-korumasi\\\/kulakliklar-tr\\\/alpine-defender-isitme-korumasi\\\/\",\"name\":\"Alpine Defender \u0130\u015fitme Korumas\u0131 | Horend Goed Audiciens\",\"isPartOf\":{\"@id\":\"https:\\\/\\\/www.horendgoed.nl\\\/tr\\\/#website\"},\"primaryImageOfPage\":{\"@id\":\"https:\\\/\\\/www.horendgoed.nl\\\/tr\\\/shop\\\/isitme-korumasi\\\/kulakliklar-tr\\\/alpine-defender-isitme-korumasi\\\/#primaryimage\"},\"image\":{\"@id\":\"https:\\\/\\\/www.horendgoed.nl\\\/tr\\\/shop\\\/isitme-korumasi\\\/kulakliklar-tr\\\/alpine-defender-isitme-korumasi\\\/#primaryimage\"},\"thumbnailUrl\":\"https:\\\/\\\/www.horendgoed.nl\\\/wp-content\\\/uploads\\\/2024\\\/11\\\/alpine-defender-earmuffs-photoroom.jpg\",\"datePublished\":\"2024-11-05T14:54:49+00:00\",\"breadcrumb\":{\"@id\":\"https:\\\/\\\/www.horendgoed.nl\\\/tr\\\/shop\\\/isitme-korumasi\\\/kulakliklar-tr\\\/alpine-defender-isitme-korumasi\\\/#breadcrumb\"},\"inLanguage\":\"tr\",\"potentialAction\":[{\"@type\":\"ReadAction\",\"target\":[\"https:\\\/\\\/www.horendgoed.nl\\\/tr\\\/shop\\\/isitme-korumasi\\\/kulakliklar-tr\\\/alpine-defender-isitme-korumasi\\\/\"]}]},{\"@type\":\"ImageObject\",\"inLanguage\":\"tr\",\"@id\":\"https:\\\/\\\/www.horendgoed.nl\\\/tr\\\/shop\\\/isitme-korumasi\\\/kulakliklar-tr\\\/alpine-defender-isitme-korumasi\\\/#primaryimage\",\"url\":\"https:\\\/\\\/www.horendgoed.nl\\\/wp-content\\\/uploads\\\/2024\\\/11\\\/alpine-defender-earmuffs-photoroom.jpg\",\"contentUrl\":\"https:\\\/\\\/www.horendgoed.nl\\\/wp-content\\\/uploads\\\/2024\\\/11\\\/alpine-defender-earmuffs-photoroom.jpg\",\"width\":2000,\"height\":2000,\"caption\":\"auto draft\"},{\"@type\":\"BreadcrumbList\",\"@id\":\"https:\\\/\\\/www.horendgoed.nl\\\/tr\\\/shop\\\/isitme-korumasi\\\/kulakliklar-tr\\\/alpine-defender-isitme-korumasi\\\/#breadcrumb\",\"itemListElement\":[{\"@type\":\"ListItem\",\"position\":1,\"name\":\"Ev\",\"item\":\"https:\\\/\\\/www.horendgoed.nl\\\/tr\\\/horend-goed-isitme-cihazlari-ve-isitme-korumasi-uzmani\\\/\"},{\"@type\":\"ListItem\",\"position\":2,\"name\":\"\u00dcr\u00fcnler\",\"item\":\"https:\\\/\\\/www.horendgoed.nl\\\/tr\\\/magaza\\\/urunler\\\/\"},{\"@type\":\"ListItem\",\"position\":3,\"name\":\"Alpine Defender \u0130\u015fitme Korumas\u0131\"}]},{\"@type\":\"WebSite\",\"@id\":\"https:\\\/\\\/www.horendgoed.nl\\\/tr\\\/#website\",\"url\":\"https:\\\/\\\/www.horendgoed.nl\\\/tr\\\/\",\"name\":\"Horend Goed Audiciens\",\"description\":\"Luistert Beter\",\"publisher\":{\"@id\":\"https:\\\/\\\/www.horendgoed.nl\\\/tr\\\/#organization\"},\"potentialAction\":[{\"@type\":\"SearchAction\",\"target\":{\"@type\":\"EntryPoint\",\"urlTemplate\":\"https:\\\/\\\/www.horendgoed.nl\\\/tr\\\/?s={search_term_string}\"},\"query-input\":{\"@type\":\"PropertyValueSpecification\",\"valueRequired\":true,\"valueName\":\"search_term_string\"}}],\"inLanguage\":\"tr\"},{\"@type\":\"Organization\",\"@id\":\"https:\\\/\\\/www.horendgoed.nl\\\/tr\\\/#organization\",\"name\":\"Horend Goed\",\"url\":\"https:\\\/\\\/www.horendgoed.nl\\\/tr\\\/\",\"logo\":{\"@type\":\"ImageObject\",\"inLanguage\":\"tr\",\"@id\":\"https:\\\/\\\/www.horendgoed.nl\\\/tr\\\/#\\\/schema\\\/logo\\\/image\\\/\",\"url\":\"https:\\\/\\\/www.horendgoed.nl\\\/wp-content\\\/uploads\\\/2021\\\/05\\\/Logo-groot-e1621862526979.png\",\"contentUrl\":\"https:\\\/\\\/www.horendgoed.nl\\\/wp-content\\\/uploads\\\/2021\\\/05\\\/Logo-groot-e1621862526979.png\",\"width\":509,\"height\":100,\"caption\":\"Horend Goed\"},\"image\":{\"@id\":\"https:\\\/\\\/www.horendgoed.nl\\\/tr\\\/#\\\/schema\\\/logo\\\/image\\\/\"},\"sameAs\":[\"https:\\\/\\\/www.facebook.com\\\/horendgoed\",\"https:\\\/\\\/www.instagram.com\\\/horendgoed\\\/\",\"https:\\\/\\\/www.linkedin.com\\\/company\\\/horend-goed\\\/\",\"https:\\\/\\\/www.youtube.com\\\/@horendgoed\"],\"email\":\"info@horendgoed.nl\",\"telephone\":\"075 20 25 203\",\"vatID\":\"NL 853 756 193 B01\"}]}<\/script>\n<!-- \/ Yoast SEO Premium plugin. -->","yoast_head_json":{"title":"Alpine Defender \u0130\u015fitme Korumas\u0131 | Horend Goed Audiciens","robots":{"index":"index","follow":"follow","max-snippet":"max-snippet:-1","max-image-preview":"max-image-preview:large","max-video-preview":"max-video-preview:-1"},"canonical":"https:\/\/www.horendgoed.nl\/tr\/shop\/isitme-korumasi\/kulakliklar-tr\/alpine-defender-isitme-korumasi\/","og_locale":"tr_TR","og_type":"article","og_title":"Alpine Defender \u0130\u015fitme Korumas\u0131","og_description":"Alpine Defender - Konfor ve Kalite ile Optimal \u0130\u015fitme Korumas\u0131 Alpine Defender, konfor ve kaliteden \u00f6d\u00fcn vermeden i\u015fitme korumas\u0131 arayan herkes i\u00e7in bir se\u00e7imdir. Bu kulakl\u0131klar, in\u015faat, end\u00fcstri veya motor sporlar\u0131 gibi g\u00fcr\u00fclt\u00fcl\u00fc ortamlarda \u00e7al\u0131\u015fan veya bulunan ki\u015filer i\u00e7in \u00f6zel olarak tasarlanm\u0131\u015ft\u0131r, ancak a\u015f\u0131r\u0131 g\u00fcr\u00fclt\u00fcden korunmak isteyen ki\u015filer i\u00e7in de uygundur. Alpine Defender y\u00fcksek kaliteli &hellip;","og_url":"https:\/\/www.horendgoed.nl\/tr\/shop\/isitme-korumasi\/kulakliklar-tr\/alpine-defender-isitme-korumasi\/","og_site_name":"Horend Goed Audiciens","article_publisher":"https:\/\/www.facebook.com\/horendgoed","og_image":[{"width":1200,"height":675,"url":"https:\/\/www.horendgoed.nl\/wp-content\/uploads\/2023\/10\/Horend-Goed-Yoast.jpg","type":"image\/jpeg"}],"schema":{"@context":"https:\/\/schema.org","@graph":[{"@type":"WebPage","@id":"https:\/\/www.horendgoed.nl\/tr\/shop\/isitme-korumasi\/kulakliklar-tr\/alpine-defender-isitme-korumasi\/","url":"https:\/\/www.horendgoed.nl\/tr\/shop\/isitme-korumasi\/kulakliklar-tr\/alpine-defender-isitme-korumasi\/","name":"Alpine Defender \u0130\u015fitme Korumas\u0131 | Horend Goed Audiciens","isPartOf":{"@id":"https:\/\/www.horendgoed.nl\/tr\/#website"},"primaryImageOfPage":{"@id":"https:\/\/www.horendgoed.nl\/tr\/shop\/isitme-korumasi\/kulakliklar-tr\/alpine-defender-isitme-korumasi\/#primaryimage"},"image":{"@id":"https:\/\/www.horendgoed.nl\/tr\/shop\/isitme-korumasi\/kulakliklar-tr\/alpine-defender-isitme-korumasi\/#primaryimage"},"thumbnailUrl":"https:\/\/www.horendgoed.nl\/wp-content\/uploads\/2024\/11\/alpine-defender-earmuffs-photoroom.jpg","datePublished":"2024-11-05T14:54:49+00:00","breadcrumb":{"@id":"https:\/\/www.horendgoed.nl\/tr\/shop\/isitme-korumasi\/kulakliklar-tr\/alpine-defender-isitme-korumasi\/#breadcrumb"},"inLanguage":"tr","potentialAction":[{"@type":"ReadAction","target":["https:\/\/www.horendgoed.nl\/tr\/shop\/isitme-korumasi\/kulakliklar-tr\/alpine-defender-isitme-korumasi\/"]}]},{"@type":"ImageObject","inLanguage":"tr","@id":"https:\/\/www.horendgoed.nl\/tr\/shop\/isitme-korumasi\/kulakliklar-tr\/alpine-defender-isitme-korumasi\/#primaryimage","url":"https:\/\/www.horendgoed.nl\/wp-content\/uploads\/2024\/11\/alpine-defender-earmuffs-photoroom.jpg","contentUrl":"https:\/\/www.horendgoed.nl\/wp-content\/uploads\/2024\/11\/alpine-defender-earmuffs-photoroom.jpg","width":2000,"height":2000,"caption":"auto draft"},{"@type":"BreadcrumbList","@id":"https:\/\/www.horendgoed.nl\/tr\/shop\/isitme-korumasi\/kulakliklar-tr\/alpine-defender-isitme-korumasi\/#breadcrumb","itemListElement":[{"@type":"ListItem","position":1,"name":"Ev","item":"https:\/\/www.horendgoed.nl\/tr\/horend-goed-isitme-cihazlari-ve-isitme-korumasi-uzmani\/"},{"@type":"ListItem","position":2,"name":"\u00dcr\u00fcnler","item":"https:\/\/www.horendgoed.nl\/tr\/magaza\/urunler\/"},{"@type":"ListItem","position":3,"name":"Alpine Defender \u0130\u015fitme Korumas\u0131"}]},{"@type":"WebSite","@id":"https:\/\/www.horendgoed.nl\/tr\/#website","url":"https:\/\/www.horendgoed.nl\/tr\/","name":"Horend Goed Audiciens","description":"Luistert Beter","publisher":{"@id":"https:\/\/www.horendgoed.nl\/tr\/#organization"},"potentialAction":[{"@type":"SearchAction","target":{"@type":"EntryPoint","urlTemplate":"https:\/\/www.horendgoed.nl\/tr\/?s={search_term_string}"},"query-input":{"@type":"PropertyValueSpecification","valueRequired":true,"valueName":"search_term_string"}}],"inLanguage":"tr"},{"@type":"Organization","@id":"https:\/\/www.horendgoed.nl\/tr\/#organization","name":"Horend Goed","url":"https:\/\/www.horendgoed.nl\/tr\/","logo":{"@type":"ImageObject","inLanguage":"tr","@id":"https:\/\/www.horendgoed.nl\/tr\/#\/schema\/logo\/image\/","url":"https:\/\/www.horendgoed.nl\/wp-content\/uploads\/2021\/05\/Logo-groot-e1621862526979.png","contentUrl":"https:\/\/www.horendgoed.nl\/wp-content\/uploads\/2021\/05\/Logo-groot-e1621862526979.png","width":509,"height":100,"caption":"Horend Goed"},"image":{"@id":"https:\/\/www.horendgoed.nl\/tr\/#\/schema\/logo\/image\/"},"sameAs":["https:\/\/www.facebook.com\/horendgoed","https:\/\/www.instagram.com\/horendgoed\/","https:\/\/www.linkedin.com\/company\/horend-goed\/","https:\/\/www.youtube.com\/@horendgoed"],"email":"info@horendgoed.nl","telephone":"075 20 25 203","vatID":"NL 853 756 193 B01"}]}},"jetpack_sharing_enabled":true,"_links":{"self":[{"href":"https:\/\/www.horendgoed.nl\/tr\/wp-json\/wp\/v2\/product\/243011","targetHints":{"allow":["GET"]}}],"collection":[{"href":"https:\/\/www.horendgoed.nl\/tr\/wp-json\/wp\/v2\/product"}],"about":[{"href":"https:\/\/www.horendgoed.nl\/tr\/wp-json\/wp\/v2\/types\/product"}],"wp:featuredmedia":[{"embeddable":true,"href":"https:\/\/www.horendgoed.nl\/tr\/wp-json\/wp\/v2\/media\/243013"}],"wp:attachment":[{"href":"https:\/\/www.horendgoed.nl\/tr\/wp-json\/wp\/v2\/media?parent=243011"}],"wp:term":[{"taxonomy":"product_brand","embeddable":true,"href":"https:\/\/www.horendgoed.nl\/tr\/wp-json\/wp\/v2\/product_brand?post=243011"},{"taxonomy":"product_cat","embeddable":true,"href":"https:\/\/www.horendgoed.nl\/tr\/wp-json\/wp\/v2\/product_cat?post=243011"},{"taxonomy":"product_tag","embeddable":true,"href":"https:\/\/www.horendgoed.nl\/tr\/wp-json\/wp\/v2\/product_tag?post=243011"}],"curies":[{"name":"wp","href":"https:\/\/api.w.org\/{rel}","templated":true}]}}