{"id":247119,"date":"2025-07-11T15:47:10","date_gmt":"2025-07-11T13:47:10","guid":{"rendered":"https:\/\/www.horendgoed.nl\/shop\/kategorilenmemis\/doro-20-w-usb-c-duvar-adaptoru\/"},"modified":"2025-07-11T15:47:10","modified_gmt":"2025-07-11T13:47:10","slug":"doro-20-w-usb-c-duvar-adaptoru","status":"publish","type":"product","link":"https:\/\/www.horendgoed.nl\/tr\/shop\/elektronik-tr\/kablolar\/doro-20-w-usb-c-duvar-adaptoru\/","title":{"rendered":"Doro 20 W USB-C Duvar Adapt\u00f6r\u00fc"},"content":{"rendered":"<h2 data-start=\"200\" data-end=\"263\">Doro 20 W USB-C Duvar Adapt\u00f6r\u00fc (AB) - ideal g\u00fc\u00e7 \u00e7\u00f6z\u00fcm\u00fc<\/h2>\n<p data-start=\"265\" data-end=\"606\">USB-C ba\u011flant\u0131 noktas\u0131na sahip bir telefonunuz, tabletiniz, i\u015fitme cihaz\u0131 amplifikat\u00f6r\u00fcn\u00fcz veya ba\u015fka bir cihaz\u0131n\u0131z m\u0131 var? <strong data-start=\"359\" data-end=\"390\">Doro 20 W USB-C duvar adapt\u00f6r\u00fc<\/strong>, \u015farj konusunda g\u00fcven, h\u0131z ve rahatl\u0131k arayan herkes i\u00e7in m\u00fckemmel bir se\u00e7imdir. Kalite ve kullan\u0131m kolayl\u0131\u011f\u0131 g\u00f6z \u00f6n\u00fcnde bulundurularak geli\u015ftirilen bu adapt\u00f6r, g\u00fcnl\u00fck kullan\u0131m i\u00e7in g\u00fcvenilir bir \u00e7\u00f6z\u00fcm sunar.  <\/p>\n<h3 data-start=\"608\" data-end=\"648\">\ud83d\udd0c 1. H\u0131zl\u0131 ve g\u00fcvenli y\u00fckleme h\u0131z\u0131 <\/h3>\n<p data-start=\"650\" data-end=\"1044\">Bu adapt\u00f6r, <strong data-start=\"671\" data-end=\"682\">20 watt<\/strong> &#8216;l\u0131k \u00e7\u0131k\u0131\u015f\u0131yla h\u0131zl\u0131 \u015farj teknolojisini destekleyen modern cihazlar i\u00e7in ideal olan g\u00fc\u00e7l\u00fc \u015farj h\u0131z\u0131 sunar. Ak\u0131ll\u0131 telefonunuzu, tabletinizi veya al\u0131c\u0131n\u0131z\u0131 USB-C ile \u00e7ok verimli bir \u015fekilde \u015farj edebilirsiniz. Ak\u0131ll\u0131 devre sayesinde adapt\u00f6r a\u015f\u0131r\u0131 \u0131s\u0131nmaya, a\u015f\u0131r\u0131 gerilime, a\u015f\u0131r\u0131 y\u00fcklenmeye ve k\u0131sa devrelere kar\u015f\u0131 koruma sa\u011flar. Sonu\u00e7 olarak, her g\u00fcn g\u00fcvenli \u015farj\u0131n keyfini \u00e7\u0131kar\u0131rs\u0131n\u0131z.   <\/p>\n<h3 data-start=\"1046\" data-end=\"1089\">\u2699\ufe0f 2. USB-C cihazlar\u0131n\u0131zla uyumludur <\/h3>\n<p data-start=\"1091\" data-end=\"1421\">Doro adapt\u00f6r, telefonlar, tabletler, e-okuyucular, ak\u0131ll\u0131 saatler, powerbank&#8217;ler ve \u00e7e\u015fitli yard\u0131mc\u0131 cihazlar dahil olmak \u00fczere USB-C ba\u011flant\u0131s\u0131 olan neredeyse t\u00fcm cihazlar\u0131 destekler. \u0130ster bir Doro ak\u0131ll\u0131 telefon, ister bir i\u015fitme cihaz\u0131 aksesuar\u0131 veya USB-C&#8217;li bir tamirci aleti kullan\u0131yor olun, bu adapt\u00f6r AB fi\u015fli herhangi bir prize tak\u0131labilir. <\/p>\n<h3 data-start=\"1423\" data-end=\"1471\">\ud83d\udca1 3. Kompakt ve kullan\u0131c\u0131 dostu tasar\u0131m<\/h3>\n<p data-start=\"1473\" data-end=\"1847\">Kompakt ve hafif tasar\u0131m\u0131 bu adapt\u00f6r\u00fcn kullan\u0131m\u0131n\u0131 kolayla\u015ft\u0131r\u0131r ve seyahatler i\u00e7in idealdir. Entegre AB fi\u015fi, ekstra kablolara ihtiya\u00e7 duymayaca\u011f\u0131n\u0131z ve do\u011frudan duvar prizine takabilece\u011finiz anlam\u0131na gelir. Sa\u011flam plastik g\u00f6vdesi elinize rahat\u00e7a oturur, ta\u015f\u0131mas\u0131 kolayd\u0131r ve hasar g\u00f6rme riski olmadan tam bagaj veya \u00e7antaya bile s\u0131\u011far.  <\/p>\n<h3 data-start=\"1849\" data-end=\"1901\">\ud83e\uddf3 4. Ev, ofis veya hareket halindeyken kullan\u0131m i\u00e7in m\u00fckemmel <\/h3>\n<ul data-start=\"1903\" data-end=\"2261\">\n<li data-start=\"1903\" data-end=\"2056\">\n<p data-start=\"1905\" data-end=\"2056\"><strong data-start=\"1905\" data-end=\"1921\">Evde kullan\u0131m<\/strong>: oturma odas\u0131nda, mutfakta, yatak odas\u0131nda veya ofis alan\u0131nda bir tane bulundurun, b\u00f6ylece cihaz\u0131n\u0131z\u0131 istedi\u011finiz zaman, istedi\u011finiz yerde h\u0131zl\u0131 ve g\u00fcvenli bir \u015fekilde \u015farj edebilirsiniz.<\/p>\n<\/li>\n<li data-start=\"2057\" data-end=\"2156\">\n<p data-start=\"2059\" data-end=\"2156\"><strong data-start=\"2059\" data-end=\"2071\">Yolda<\/strong>: seyahat i\u00e7in, invert\u00f6rl\u00fc bir arabada veya bir yolculuk s\u0131ras\u0131nda bagajda idealdir.<\/p>\n<\/li>\n<li data-start=\"2157\" data-end=\"2261\">\n<p data-start=\"2159\" data-end=\"2261\"><strong data-start=\"2159\" data-end=\"2182\">\u0130\u015f seyahatinde<\/strong> olanlar: yerinde, otellerde veya AB prizli konferans salonlar\u0131nda kullan\u0131m i\u00e7in uygundur.<\/p>\n<\/li>\n<\/ul>\n<h3 data-start=\"2263\" data-end=\"2296\">\ud83c\udf0d 5. Dayan\u0131kl\u0131 ve g\u00fcvenilir<\/h3>\n<p data-start=\"2298\" data-end=\"2592\">Doro duvar adapt\u00f6r\u00fc y\u00fcksek kaliteli malzemelerden \u00fcretilmi\u015ftir ve uzun \u00f6m\u00fcrl\u00fc olacak \u015fekilde tasarlanm\u0131\u015ft\u0131r. Uluslararas\u0131 kalite y\u00f6netimi sayesinde, adapt\u00f6r kapsaml\u0131 bir \u015fekilde test edilmi\u015f ve en kat\u0131 standartlara g\u00f6re onaylanm\u0131\u015ft\u0131r. Sonu\u00e7 olarak, y\u0131llarca s\u00fcrecek g\u00fcvenilir performans i\u00e7in \u00f6deme yapars\u0131n\u0131z.  <\/p>\n<h3 data-start=\"2594\" data-end=\"2640\">\ud83d\udee1\ufe0f 6. Ek g\u00fcvenlik ve g\u00fcvenilirlik <\/h3>\n<p data-start=\"2642\" data-end=\"2957\">\u0130\u00e7inizin daha da rahat etmesi i\u00e7in bu adapt\u00f6r k\u0131sa devre, a\u015f\u0131r\u0131 gerilim, a\u015f\u0131r\u0131 y\u00fck ve a\u015f\u0131r\u0131 \u0131s\u0131nmaya kar\u015f\u0131 koruma \u00f6zelliklerine sahiptir. T\u00fcm dahili bile\u015fenler uluslararas\u0131 g\u00fcvenlik gereksinimlerini kar\u015f\u0131lamak i\u00e7in kapsaml\u0131 bir \u015fekilde test edilmi\u015ftir. Cihaz\u0131n\u0131z\u0131 istikrarl\u0131 ve g\u00fcvenli bir g\u00fc\u00e7 kayna\u011f\u0131 garantisiyle \u015farj edebilirsiniz.  <\/p>\n<hr data-start=\"2959\" data-end=\"2962\">\n<h3 data-start=\"2964\" data-end=\"3018\">Neden Doro 20 W USB-C Duvar Adapt\u00f6r\u00fcn\u00fc se\u00e7melisiniz?<\/h3>\n<ul data-start=\"3020\" data-end=\"3435\">\n<li data-start=\"3020\" data-end=\"3104\">\n<p data-start=\"3022\" data-end=\"3104\"><strong data-start=\"3022\" data-end=\"3047\">Optimum \u015farj h\u0131z\u0131<\/strong>: 20 watt, h\u0131zl\u0131 ve verimli \u015farj i\u00e7in idealdir.<\/p>\n<\/li>\n<li data-start=\"3105\" data-end=\"3182\">\n<p data-start=\"3107\" data-end=\"3182\"><strong data-start=\"3107\" data-end=\"3127\">Yayg\u0131n olarak uygulanabilir<\/strong>: USB-C ba\u011flant\u0131l\u0131 t\u00fcm cihazlar i\u00e7in uygundur.<\/p>\n<\/li>\n<li data-start=\"3183\" data-end=\"3247\">\n<p data-start=\"3185\" data-end=\"3247\"><strong data-start=\"3185\" data-end=\"3204\">Kompakt boyut<\/strong>: ta\u015f\u0131mas\u0131 ve saklamas\u0131 kolay.<\/p>\n<\/li>\n<li data-start=\"3248\" data-end=\"3338\">\n<p data-start=\"3250\" data-end=\"3338\"><strong data-start=\"3250\" data-end=\"3271\">G\u00fcvenli kullan\u0131m<\/strong>: yerle\u015fik g\u00fcvenlik mekanizmalar\u0131 endi\u015fesiz \u015farj sa\u011flar.<\/p>\n<\/li>\n<li data-start=\"3339\" data-end=\"3435\">\n<p data-start=\"3341\" data-end=\"3435\"><strong data-start=\"3341\" data-end=\"3368\">Dayan\u0131kl\u0131 ve g\u00fcvenilir<\/strong>: y\u00fcksek kaliteli malzemeler, s\u0131k\u0131 kalite standartlar\u0131na g\u00f6re test edilmi\u015ftir.<\/p>\n<\/li>\n<\/ul>\n<hr data-start=\"3437\" data-end=\"3440\">\n<h3 data-start=\"3442\" data-end=\"3458\">Kullan\u0131m ipu\u00e7lar\u0131<\/h3>\n<ol data-start=\"3460\" data-end=\"3771\">\n<li data-start=\"3460\" data-end=\"3566\">\n<p data-start=\"3463\" data-end=\"3566\">Adapt\u00f6r\u00fc bir AB prizine tak\u0131n ve USB-C cihaz\u0131n\u0131z\u0131 do\u011frudan veya k\u0131sa bir kabloyla ba\u011flay\u0131n.<\/p>\n<\/li>\n<li data-start=\"3567\" data-end=\"3669\">\n<p data-start=\"3570\" data-end=\"3669\">Cihaz\u0131n bir s\u00fcre \u015farj olmas\u0131na izin verin - 20W \u00e7\u0131k\u0131\u015f bir\u00e7ok USB-C cihaz\u0131n\u0131 h\u0131zl\u0131 ve verimli bir \u015fekilde \u015farj eder.<\/p>\n<\/li>\n<li data-start=\"3670\" data-end=\"3771\">\n<p data-start=\"3673\" data-end=\"3771\">G\u00fc\u00e7 kayb\u0131n\u0131 \u00f6nlemek i\u00e7in \u015farj ettikten sonra cihaz\u0131n ve adapt\u00f6r\u00fcn fi\u015fini prizden \u00e7ekin.<\/p>\n<\/li>\n<\/ol>\n<hr data-start=\"3773\" data-end=\"3776\">\n<h3 data-start=\"3778\" data-end=\"3816\">Bu adapt\u00f6r kimler i\u00e7in uygundur?<\/h3>\n<ul data-start=\"3818\" data-end=\"4161\">\n<li data-start=\"3818\" data-end=\"3886\">\n<p data-start=\"3820\" data-end=\"3886\">Doro ve di\u011fer ak\u0131ll\u0131 telefon, tablet ve e-okuyucu kullan\u0131c\u0131lar\u0131.<\/p>\n<\/li>\n<li data-start=\"3887\" data-end=\"3986\">\n<p data-start=\"3889\" data-end=\"3986\">\u0130\u015fitme cihaz\u0131 amplifikat\u00f6rleri, fitness bantlar\u0131 ve ak\u0131ll\u0131 saatler gibi giyilebilir cihazlara sahip ki\u015filer.<\/p>\n<\/li>\n<li data-start=\"3987\" data-end=\"4075\">\n<p data-start=\"3989\" data-end=\"4075\">Hareket halindeyken kompakt ve g\u00fcvenilir \u015farj isteyen gezginler ve mobil profesyoneller.<\/p>\n<\/li>\n<li data-start=\"4076\" data-end=\"4161\">\n<p data-start=\"4078\" data-end=\"4161\">OEM USB-C \u015farj cihazlar\u0131 i\u00e7in ak\u0131ll\u0131 ve g\u00fcvenli bir yedek arayan herkes.<\/p>\n<\/li>\n<\/ul>\n<hr data-start=\"4163\" data-end=\"4166\">\n<h3 data-start=\"4168\" data-end=\"4221\">\u00d6zet - g\u00fcvenilir USB-C \u015farj \u00e7\u00f6z\u00fcm\u00fcn\u00fcz<\/h3>\n<p data-start=\"4223\" data-end=\"4565\"><strong data-start=\"4226\" data-end=\"4262\">Doro 20 W USB-C duvar adapt\u00f6r\u00fc (AB)<\/strong>, g\u00fc\u00e7l\u00fc performans\u0131 kompakt tasar\u0131m ve g\u00fcvenlikle birle\u015ftirir. \u0130ster evde, ister ofiste \u00e7al\u0131\u015f\u0131yor veya seyahat ediyor olun, bu adapt\u00f6r her zaman g\u00fcvenilir ve h\u0131zl\u0131 bir \u015farj seans\u0131 sunar. Geni\u015f uyumlulu\u011fu ve g\u00fcvenli \u00f6zellikleri, onu g\u00fcnl\u00fck teknoloji donan\u0131m\u0131n\u0131za m\u00fckemmel bir katk\u0131 haline getirir.  <\/p>\n<p data-start=\"4567\" data-end=\"4700\">Bug\u00fcn Doro USB-C adapt\u00f6r\u00fcn\u00fc se\u00e7in ve etkili ve g\u00fcvenli \u015farj\u0131n rahatl\u0131\u011f\u0131n\u0131 ya\u015fay\u0131n - her zaman ve her yerde parmaklar\u0131n\u0131z\u0131n ucunda!<\/p>\n","protected":false},"excerpt":{"rendered":"<p>Doro 20 W USB-C Duvar Adapt\u00f6r\u00fc (AB) - ideal g\u00fc\u00e7 \u00e7\u00f6z\u00fcm\u00fc USB-C ba\u011flant\u0131 noktas\u0131na sahip bir telefonunuz, tabletiniz, i\u015fitme cihaz\u0131 amplifikat\u00f6r\u00fcn\u00fcz veya ba\u015fka bir cihaz\u0131n\u0131z m\u0131 var? Doro 20 W USB-C duvar adapt\u00f6r\u00fc, \u015farj konusunda g\u00fcven, h\u0131z ve rahatl\u0131k arayan herkes i\u00e7in m\u00fckemmel bir se\u00e7imdir. Kalite ve kullan\u0131m kolayl\u0131\u011f\u0131 g\u00f6z \u00f6n\u00fcnde bulundurularak geli\u015ftirilen bu adapt\u00f6r, &hellip; <\/p>\n","protected":false},"featured_media":247105,"template":"","meta":{"_acf_changed":false},"product_brand":[],"product_cat":[16222,16467],"product_tag":[],"class_list":["post-247119","product","type-product","status-publish","has-post-thumbnail","product_cat-elektronik-tr","product_cat-kablolar","grid-sizer","latest_post","first","outofstock","taxable","shipping-taxable","purchasable","product-type-simple"],"acf":[],"yoast_head":"<!-- This site is optimized with the Yoast SEO Premium plugin v27.4 (Yoast SEO v28.3) - https:\/\/yoast.com\/product\/yoast-seo-premium-wordpress\/ -->\n<title>Doro 20 W USB-C Duvar Adapt\u00f6r\u00fc | Horend Goed Audiciens<\/title>\n<meta name=\"description\" content=\"Doro 20 W USB-C duvar adapt\u00f6r\u00fc (EU), g\u00fc\u00e7l\u00fc performans\u0131 kompakt tasar\u0131m ve g\u00fcvenlik ile birle\u015ftirir. \u0130ster evde, ister ofiste \u00e7al\u0131\u015f\u0131yor veya seyahat ediyor olun.\" \/>\n<meta name=\"robots\" content=\"index, follow, max-snippet:-1, max-image-preview:large, max-video-preview:-1\" \/>\n<link rel=\"canonical\" href=\"https:\/\/www.horendgoed.nl\/tr\/shop\/elektronik-tr\/kablolar\/doro-20-w-usb-c-duvar-adaptoru\/\" \/>\n<meta property=\"og:locale\" content=\"tr_TR\" \/>\n<meta property=\"og:type\" content=\"article\" \/>\n<meta property=\"og:title\" content=\"Doro 20 W USB-C Duvar Adapt\u00f6r\u00fc\" \/>\n<meta property=\"og:description\" content=\"Doro 20 W USB-C duvar adapt\u00f6r\u00fc (EU), g\u00fc\u00e7l\u00fc performans\u0131 kompakt tasar\u0131m ve g\u00fcvenlik ile birle\u015ftirir. \u0130ster evde, ister ofiste \u00e7al\u0131\u015f\u0131yor veya seyahat ediyor olun.\" \/>\n<meta property=\"og:url\" content=\"https:\/\/www.horendgoed.nl\/tr\/shop\/elektronik-tr\/kablolar\/doro-20-w-usb-c-duvar-adaptoru\/\" \/>\n<meta property=\"og:site_name\" content=\"Horend Goed Audiciens\" \/>\n<meta property=\"article:publisher\" content=\"https:\/\/www.facebook.com\/horendgoed\" \/>\n<meta property=\"og:image\" content=\"https:\/\/www.horendgoed.nl\/wp-content\/uploads\/2025\/07\/sku8834-eu-adaptor-plug-with-usb-c-jack_4-Photoroom.jpg\" \/>\n\t<meta property=\"og:image:width\" content=\"2000\" \/>\n\t<meta property=\"og:image:height\" content=\"2000\" \/>\n\t<meta property=\"og:image:type\" content=\"image\/jpeg\" \/>\n<script type=\"application\/ld+json\" class=\"yoast-schema-graph\">{\"@context\":\"https:\\\/\\\/schema.org\",\"@graph\":[{\"@type\":\"WebPage\",\"@id\":\"https:\\\/\\\/www.horendgoed.nl\\\/tr\\\/shop\\\/elektronik-tr\\\/kablolar\\\/doro-20-w-usb-c-duvar-adaptoru\\\/\",\"url\":\"https:\\\/\\\/www.horendgoed.nl\\\/tr\\\/shop\\\/elektronik-tr\\\/kablolar\\\/doro-20-w-usb-c-duvar-adaptoru\\\/\",\"name\":\"Doro 20 W USB-C Duvar Adapt\u00f6r\u00fc | Horend Goed Audiciens\",\"isPartOf\":{\"@id\":\"https:\\\/\\\/www.horendgoed.nl\\\/tr\\\/#website\"},\"primaryImageOfPage\":{\"@id\":\"https:\\\/\\\/www.horendgoed.nl\\\/tr\\\/shop\\\/elektronik-tr\\\/kablolar\\\/doro-20-w-usb-c-duvar-adaptoru\\\/#primaryimage\"},\"image\":{\"@id\":\"https:\\\/\\\/www.horendgoed.nl\\\/tr\\\/shop\\\/elektronik-tr\\\/kablolar\\\/doro-20-w-usb-c-duvar-adaptoru\\\/#primaryimage\"},\"thumbnailUrl\":\"https:\\\/\\\/www.horendgoed.nl\\\/wp-content\\\/uploads\\\/2025\\\/07\\\/sku8834-eu-adaptor-plug-with-usb-c-jack_4-Photoroom.jpg\",\"datePublished\":\"2025-07-11T13:47:10+00:00\",\"description\":\"Doro 20 W USB-C duvar adapt\u00f6r\u00fc (EU), g\u00fc\u00e7l\u00fc performans\u0131 kompakt tasar\u0131m ve g\u00fcvenlik ile birle\u015ftirir. \u0130ster evde, ister ofiste \u00e7al\u0131\u015f\u0131yor veya seyahat ediyor olun.\",\"breadcrumb\":{\"@id\":\"https:\\\/\\\/www.horendgoed.nl\\\/tr\\\/shop\\\/elektronik-tr\\\/kablolar\\\/doro-20-w-usb-c-duvar-adaptoru\\\/#breadcrumb\"},\"inLanguage\":\"tr\",\"potentialAction\":[{\"@type\":\"ReadAction\",\"target\":[\"https:\\\/\\\/www.horendgoed.nl\\\/tr\\\/shop\\\/elektronik-tr\\\/kablolar\\\/doro-20-w-usb-c-duvar-adaptoru\\\/\"]}]},{\"@type\":\"ImageObject\",\"inLanguage\":\"tr\",\"@id\":\"https:\\\/\\\/www.horendgoed.nl\\\/tr\\\/shop\\\/elektronik-tr\\\/kablolar\\\/doro-20-w-usb-c-duvar-adaptoru\\\/#primaryimage\",\"url\":\"https:\\\/\\\/www.horendgoed.nl\\\/wp-content\\\/uploads\\\/2025\\\/07\\\/sku8834-eu-adaptor-plug-with-usb-c-jack_4-Photoroom.jpg\",\"contentUrl\":\"https:\\\/\\\/www.horendgoed.nl\\\/wp-content\\\/uploads\\\/2025\\\/07\\\/sku8834-eu-adaptor-plug-with-usb-c-jack_4-Photoroom.jpg\",\"width\":2000,\"height\":2000},{\"@type\":\"BreadcrumbList\",\"@id\":\"https:\\\/\\\/www.horendgoed.nl\\\/tr\\\/shop\\\/elektronik-tr\\\/kablolar\\\/doro-20-w-usb-c-duvar-adaptoru\\\/#breadcrumb\",\"itemListElement\":[{\"@type\":\"ListItem\",\"position\":1,\"name\":\"Ev\",\"item\":\"https:\\\/\\\/www.horendgoed.nl\\\/tr\\\/horend-goed-isitme-cihazlari-ve-isitme-korumasi-uzmani\\\/\"},{\"@type\":\"ListItem\",\"position\":2,\"name\":\"\u00dcr\u00fcnler\",\"item\":\"https:\\\/\\\/www.horendgoed.nl\\\/tr\\\/magaza\\\/urunler\\\/\"},{\"@type\":\"ListItem\",\"position\":3,\"name\":\"Doro 20 W USB-C Duvar Adapt\u00f6r\u00fc\"}]},{\"@type\":\"WebSite\",\"@id\":\"https:\\\/\\\/www.horendgoed.nl\\\/tr\\\/#website\",\"url\":\"https:\\\/\\\/www.horendgoed.nl\\\/tr\\\/\",\"name\":\"Horend Goed Audiciens\",\"description\":\"Luistert Beter\",\"publisher\":{\"@id\":\"https:\\\/\\\/www.horendgoed.nl\\\/tr\\\/#organization\"},\"potentialAction\":[{\"@type\":\"SearchAction\",\"target\":{\"@type\":\"EntryPoint\",\"urlTemplate\":\"https:\\\/\\\/www.horendgoed.nl\\\/tr\\\/?s={search_term_string}\"},\"query-input\":{\"@type\":\"PropertyValueSpecification\",\"valueRequired\":true,\"valueName\":\"search_term_string\"}}],\"inLanguage\":\"tr\"},{\"@type\":\"Organization\",\"@id\":\"https:\\\/\\\/www.horendgoed.nl\\\/tr\\\/#organization\",\"name\":\"Horend Goed\",\"url\":\"https:\\\/\\\/www.horendgoed.nl\\\/tr\\\/\",\"logo\":{\"@type\":\"ImageObject\",\"inLanguage\":\"tr\",\"@id\":\"https:\\\/\\\/www.horendgoed.nl\\\/tr\\\/#\\\/schema\\\/logo\\\/image\\\/\",\"url\":\"https:\\\/\\\/www.horendgoed.nl\\\/wp-content\\\/uploads\\\/2021\\\/05\\\/Logo-groot-e1621862526979.png\",\"contentUrl\":\"https:\\\/\\\/www.horendgoed.nl\\\/wp-content\\\/uploads\\\/2021\\\/05\\\/Logo-groot-e1621862526979.png\",\"width\":509,\"height\":100,\"caption\":\"Horend Goed\"},\"image\":{\"@id\":\"https:\\\/\\\/www.horendgoed.nl\\\/tr\\\/#\\\/schema\\\/logo\\\/image\\\/\"},\"sameAs\":[\"https:\\\/\\\/www.facebook.com\\\/horendgoed\",\"https:\\\/\\\/www.instagram.com\\\/horendgoed\\\/\",\"https:\\\/\\\/www.linkedin.com\\\/company\\\/horend-goed\\\/\",\"https:\\\/\\\/www.youtube.com\\\/@horendgoed\"],\"email\":\"info@horendgoed.nl\",\"telephone\":\"075 20 25 203\",\"vatID\":\"NL 853 756 193 B01\"}]}<\/script>\n<!-- \/ Yoast SEO Premium plugin. -->","yoast_head_json":{"title":"Doro 20 W USB-C Duvar Adapt\u00f6r\u00fc | Horend Goed Audiciens","description":"Doro 20 W USB-C duvar adapt\u00f6r\u00fc (EU), g\u00fc\u00e7l\u00fc performans\u0131 kompakt tasar\u0131m ve g\u00fcvenlik ile birle\u015ftirir. \u0130ster evde, ister ofiste \u00e7al\u0131\u015f\u0131yor veya seyahat ediyor olun.","robots":{"index":"index","follow":"follow","max-snippet":"max-snippet:-1","max-image-preview":"max-image-preview:large","max-video-preview":"max-video-preview:-1"},"canonical":"https:\/\/www.horendgoed.nl\/tr\/shop\/elektronik-tr\/kablolar\/doro-20-w-usb-c-duvar-adaptoru\/","og_locale":"tr_TR","og_type":"article","og_title":"Doro 20 W USB-C Duvar Adapt\u00f6r\u00fc","og_description":"Doro 20 W USB-C duvar adapt\u00f6r\u00fc (EU), g\u00fc\u00e7l\u00fc performans\u0131 kompakt tasar\u0131m ve g\u00fcvenlik ile birle\u015ftirir. \u0130ster evde, ister ofiste \u00e7al\u0131\u015f\u0131yor veya seyahat ediyor olun.","og_url":"https:\/\/www.horendgoed.nl\/tr\/shop\/elektronik-tr\/kablolar\/doro-20-w-usb-c-duvar-adaptoru\/","og_site_name":"Horend Goed Audiciens","article_publisher":"https:\/\/www.facebook.com\/horendgoed","og_image":[{"width":2000,"height":2000,"url":"https:\/\/www.horendgoed.nl\/wp-content\/uploads\/2025\/07\/sku8834-eu-adaptor-plug-with-usb-c-jack_4-Photoroom.jpg","type":"image\/jpeg"}],"schema":{"@context":"https:\/\/schema.org","@graph":[{"@type":"WebPage","@id":"https:\/\/www.horendgoed.nl\/tr\/shop\/elektronik-tr\/kablolar\/doro-20-w-usb-c-duvar-adaptoru\/","url":"https:\/\/www.horendgoed.nl\/tr\/shop\/elektronik-tr\/kablolar\/doro-20-w-usb-c-duvar-adaptoru\/","name":"Doro 20 W USB-C Duvar Adapt\u00f6r\u00fc | Horend Goed Audiciens","isPartOf":{"@id":"https:\/\/www.horendgoed.nl\/tr\/#website"},"primaryImageOfPage":{"@id":"https:\/\/www.horendgoed.nl\/tr\/shop\/elektronik-tr\/kablolar\/doro-20-w-usb-c-duvar-adaptoru\/#primaryimage"},"image":{"@id":"https:\/\/www.horendgoed.nl\/tr\/shop\/elektronik-tr\/kablolar\/doro-20-w-usb-c-duvar-adaptoru\/#primaryimage"},"thumbnailUrl":"https:\/\/www.horendgoed.nl\/wp-content\/uploads\/2025\/07\/sku8834-eu-adaptor-plug-with-usb-c-jack_4-Photoroom.jpg","datePublished":"2025-07-11T13:47:10+00:00","description":"Doro 20 W USB-C duvar adapt\u00f6r\u00fc (EU), g\u00fc\u00e7l\u00fc performans\u0131 kompakt tasar\u0131m ve g\u00fcvenlik ile birle\u015ftirir. \u0130ster evde, ister ofiste \u00e7al\u0131\u015f\u0131yor veya seyahat ediyor olun.","breadcrumb":{"@id":"https:\/\/www.horendgoed.nl\/tr\/shop\/elektronik-tr\/kablolar\/doro-20-w-usb-c-duvar-adaptoru\/#breadcrumb"},"inLanguage":"tr","potentialAction":[{"@type":"ReadAction","target":["https:\/\/www.horendgoed.nl\/tr\/shop\/elektronik-tr\/kablolar\/doro-20-w-usb-c-duvar-adaptoru\/"]}]},{"@type":"ImageObject","inLanguage":"tr","@id":"https:\/\/www.horendgoed.nl\/tr\/shop\/elektronik-tr\/kablolar\/doro-20-w-usb-c-duvar-adaptoru\/#primaryimage","url":"https:\/\/www.horendgoed.nl\/wp-content\/uploads\/2025\/07\/sku8834-eu-adaptor-plug-with-usb-c-jack_4-Photoroom.jpg","contentUrl":"https:\/\/www.horendgoed.nl\/wp-content\/uploads\/2025\/07\/sku8834-eu-adaptor-plug-with-usb-c-jack_4-Photoroom.jpg","width":2000,"height":2000},{"@type":"BreadcrumbList","@id":"https:\/\/www.horendgoed.nl\/tr\/shop\/elektronik-tr\/kablolar\/doro-20-w-usb-c-duvar-adaptoru\/#breadcrumb","itemListElement":[{"@type":"ListItem","position":1,"name":"Ev","item":"https:\/\/www.horendgoed.nl\/tr\/horend-goed-isitme-cihazlari-ve-isitme-korumasi-uzmani\/"},{"@type":"ListItem","position":2,"name":"\u00dcr\u00fcnler","item":"https:\/\/www.horendgoed.nl\/tr\/magaza\/urunler\/"},{"@type":"ListItem","position":3,"name":"Doro 20 W USB-C Duvar Adapt\u00f6r\u00fc"}]},{"@type":"WebSite","@id":"https:\/\/www.horendgoed.nl\/tr\/#website","url":"https:\/\/www.horendgoed.nl\/tr\/","name":"Horend Goed Audiciens","description":"Luistert Beter","publisher":{"@id":"https:\/\/www.horendgoed.nl\/tr\/#organization"},"potentialAction":[{"@type":"SearchAction","target":{"@type":"EntryPoint","urlTemplate":"https:\/\/www.horendgoed.nl\/tr\/?s={search_term_string}"},"query-input":{"@type":"PropertyValueSpecification","valueRequired":true,"valueName":"search_term_string"}}],"inLanguage":"tr"},{"@type":"Organization","@id":"https:\/\/www.horendgoed.nl\/tr\/#organization","name":"Horend Goed","url":"https:\/\/www.horendgoed.nl\/tr\/","logo":{"@type":"ImageObject","inLanguage":"tr","@id":"https:\/\/www.horendgoed.nl\/tr\/#\/schema\/logo\/image\/","url":"https:\/\/www.horendgoed.nl\/wp-content\/uploads\/2021\/05\/Logo-groot-e1621862526979.png","contentUrl":"https:\/\/www.horendgoed.nl\/wp-content\/uploads\/2021\/05\/Logo-groot-e1621862526979.png","width":509,"height":100,"caption":"Horend Goed"},"image":{"@id":"https:\/\/www.horendgoed.nl\/tr\/#\/schema\/logo\/image\/"},"sameAs":["https:\/\/www.facebook.com\/horendgoed","https:\/\/www.instagram.com\/horendgoed\/","https:\/\/www.linkedin.com\/company\/horend-goed\/","https:\/\/www.youtube.com\/@horendgoed"],"email":"info@horendgoed.nl","telephone":"075 20 25 203","vatID":"NL 853 756 193 B01"}]}},"jetpack_sharing_enabled":true,"_links":{"self":[{"href":"https:\/\/www.horendgoed.nl\/tr\/wp-json\/wp\/v2\/product\/247119","targetHints":{"allow":["GET"]}}],"collection":[{"href":"https:\/\/www.horendgoed.nl\/tr\/wp-json\/wp\/v2\/product"}],"about":[{"href":"https:\/\/www.horendgoed.nl\/tr\/wp-json\/wp\/v2\/types\/product"}],"wp:featuredmedia":[{"embeddable":true,"href":"https:\/\/www.horendgoed.nl\/tr\/wp-json\/wp\/v2\/media\/247105"}],"wp:attachment":[{"href":"https:\/\/www.horendgoed.nl\/tr\/wp-json\/wp\/v2\/media?parent=247119"}],"wp:term":[{"taxonomy":"product_brand","embeddable":true,"href":"https:\/\/www.horendgoed.nl\/tr\/wp-json\/wp\/v2\/product_brand?post=247119"},{"taxonomy":"product_cat","embeddable":true,"href":"https:\/\/www.horendgoed.nl\/tr\/wp-json\/wp\/v2\/product_cat?post=247119"},{"taxonomy":"product_tag","embeddable":true,"href":"https:\/\/www.horendgoed.nl\/tr\/wp-json\/wp\/v2\/product_tag?post=247119"}],"curies":[{"name":"wp","href":"https:\/\/api.w.org\/{rel}","templated":true}]}}